{"id":117,"date":"2015-07-30T16:30:35","date_gmt":"2015-07-30T16:30:35","guid":{"rendered":"https:\/\/alpimages.ch\/?post_type=jetpack-portfolio&#038;p=117"},"modified":"2021-03-12T13:51:36","modified_gmt":"2021-03-12T13:51:36","slug":"services","status":"publish","type":"jetpack-portfolio","link":"https:\/\/alpimages.ch\/en\/portfolio\/services\/","title":{"rendered":"Portraits"},"content":{"rendered":"<div class=\"tiled-gallery type-rectangular tiled-gallery-unresized\" data-original-width=\"680\" data-carousel-extra='{&quot;blog_id&quot;:1,&quot;permalink&quot;:&quot;https:\\\/\\\/alpimages.ch\\\/en\\\/portfolio\\\/services\\\/&quot;,&quot;likes_blog_id&quot;:83808203}' itemscope itemtype=\"http:\/\/schema.org\/ImageGallery\" > <div class=\"gallery-row\" style=\"width: 680px; height: 314px;\" data-original-width=\"680\" data-original-height=\"314\" > <div class=\"gallery-group images-1\" style=\"width: 469px; height: 314px;\" data-original-width=\"469\" data-original-height=\"314\" > <div class=\"tiled-gallery-item tiled-gallery-item-large\" itemprop=\"associatedMedia\" itemscope itemtype=\"http:\/\/schema.org\/ImageObject\"> <a href=\"https:\/\/alpimages.ch\/en\/portfolio\/services\/alpimagesthomas-roulin-8193\/\" border=\"0\" itemprop=\"url\"> <meta itemprop=\"width\" content=\"465\"> <meta itemprop=\"height\" content=\"310\"> <img decoding=\"async\" class=\"\" data-attachment-id=\"774\" data-orig-file=\"https:\/\/alpimages.ch\/wp-content\/uploads\/2015\/07\/alpimagesc2a9thomas-roulin-8193.jpg\" data-orig-size=\"9000,5990\" data-comments-opened=\"\" data-image-meta=\"{&quot;aperture&quot;:&quot;3.5&quot;,&quot;credit&quot;:&quot;&quot;,&quot;camera&quot;:&quot;NIKON D4&quot;,&quot;caption&quot;:&quot;&quot;,&quot;created_timestamp&quot;:&quot;1463563740&quot;,&quot;copyright&quot;:&quot;&quot;,&quot;focal_length&quot;:&quot;300&quot;,&quot;iso&quot;:&quot;400&quot;,&quot;shutter_speed&quot;:&quot;0.00125&quot;,&quot;title&quot;:&quot;&quot;,&quot;orientation&quot;:&quot;0&quot;}\" data-image-title=\"Alpimages\u00a9Thomas Roulin-8193\" data-image-description=\"\" data-medium-file=\"https:\/\/i0.wp.com\/alpimages.ch\/wp-content\/uploads\/2015\/07\/alpimagesc2a9thomas-roulin-8193.jpg?fit=300%2C200&#038;ssl=1\" data-large-file=\"https:\/\/i0.wp.com\/alpimages.ch\/wp-content\/uploads\/2015\/07\/alpimagesc2a9thomas-roulin-8193.jpg?fit=680%2C453&#038;ssl=1\" src=\"https:\/\/i0.wp.com\/alpimages.ch\/wp-content\/uploads\/2015\/07\/alpimagesc2a9thomas-roulin-8193.jpg?w=465&#038;h=310&#038;ssl=1\" width=\"465\" height=\"310\" loading=\"lazy\" data-original-width=\"465\" data-original-height=\"310\" itemprop=\"http:\/\/schema.org\/image\" title=\"Alpimages\u00a9Thomas Roulin-8193\" alt=\"Alpimages\u00a9Thomas Roulin-8193\" style=\"width: 465px; height: 310px;\" \/> <\/a> <\/div> <\/div> <!-- close group --> <div class=\"gallery-group images-1\" style=\"width: 211px; height: 314px;\" data-original-width=\"211\" data-original-height=\"314\" > <div class=\"tiled-gallery-item tiled-gallery-item-small\" itemprop=\"associatedMedia\" itemscope itemtype=\"http:\/\/schema.org\/ImageObject\"> <a href=\"https:\/\/alpimages.ch\/en\/portfolio\/services\/alpimages-tom-6180\/\" border=\"0\" itemprop=\"url\"> <meta itemprop=\"width\" content=\"207\"> <meta itemprop=\"height\" content=\"310\"> <img decoding=\"async\" class=\"\" data-attachment-id=\"7732\" data-orig-file=\"https:\/\/alpimages.ch\/wp-content\/uploads\/2015\/07\/Alpimages-Tom-6180.jpg\" data-orig-size=\"2365,3543\" data-comments-opened=\"\" data-image-meta=\"{&quot;aperture&quot;:&quot;0&quot;,&quot;credit&quot;:&quot;&quot;,&quot;camera&quot;:&quot;&quot;,&quot;caption&quot;:&quot;&quot;,&quot;created_timestamp&quot;:&quot;0&quot;,&quot;copyright&quot;:&quot;by#cups&quot;,&quot;focal_length&quot;:&quot;0&quot;,&quot;iso&quot;:&quot;0&quot;,&quot;shutter_speed&quot;:&quot;0&quot;,&quot;title&quot;:&quot;&quot;,&quot;orientation&quot;:&quot;0&quot;}\" data-image-title=\"Alpimages-Tom-6180\" data-image-description=\"\" data-medium-file=\"https:\/\/i0.wp.com\/alpimages.ch\/wp-content\/uploads\/2015\/07\/Alpimages-Tom-6180.jpg?fit=200%2C300&#038;ssl=1\" data-large-file=\"https:\/\/i0.wp.com\/alpimages.ch\/wp-content\/uploads\/2015\/07\/Alpimages-Tom-6180.jpg?fit=680%2C1018&#038;ssl=1\" src=\"https:\/\/i0.wp.com\/alpimages.ch\/wp-content\/uploads\/2015\/07\/Alpimages-Tom-6180.jpg?w=207&#038;h=310&#038;ssl=1\" srcset=\"https:\/\/i0.wp.com\/alpimages.ch\/wp-content\/uploads\/2015\/07\/Alpimages-Tom-6180.jpg?w=2365&amp;ssl=1 2365w, https:\/\/i0.wp.com\/alpimages.ch\/wp-content\/uploads\/2015\/07\/Alpimages-Tom-6180.jpg?resize=200%2C300&amp;ssl=1 200w, https:\/\/i0.wp.com\/alpimages.ch\/wp-content\/uploads\/2015\/07\/Alpimages-Tom-6180.jpg?resize=684%2C1024&amp;ssl=1 684w, https:\/\/i0.wp.com\/alpimages.ch\/wp-content\/uploads\/2015\/07\/Alpimages-Tom-6180.jpg?resize=100%2C150&amp;ssl=1 100w, https:\/\/i0.wp.com\/alpimages.ch\/wp-content\/uploads\/2015\/07\/Alpimages-Tom-6180.jpg?resize=768%2C1151&amp;ssl=1 768w, https:\/\/i0.wp.com\/alpimages.ch\/wp-content\/uploads\/2015\/07\/Alpimages-Tom-6180.jpg?resize=1025%2C1536&amp;ssl=1 1025w, https:\/\/i0.wp.com\/alpimages.ch\/wp-content\/uploads\/2015\/07\/Alpimages-Tom-6180.jpg?resize=1367%2C2048&amp;ssl=1 1367w, https:\/\/i0.wp.com\/alpimages.ch\/wp-content\/uploads\/2015\/07\/Alpimages-Tom-6180.jpg?resize=317%2C475&amp;ssl=1 317w, https:\/\/i0.wp.com\/alpimages.ch\/wp-content\/uploads\/2015\/07\/Alpimages-Tom-6180.jpg?w=2040&amp;ssl=1 2040w\" width=\"207\" height=\"310\" loading=\"lazy\" data-original-width=\"207\" data-original-height=\"310\" itemprop=\"http:\/\/schema.org\/image\" title=\"Alpimages-Tom-6180\" alt=\"Alpimages-Tom-6180\" style=\"width: 207px; height: 310px;\" \/> <\/a> <\/div> <\/div> <!-- close group --> <\/div> <!-- close row --> <div class=\"gallery-row\" style=\"width: 680px; height: 304px;\" data-original-width=\"680\" data-original-height=\"304\" > <div class=\"gallery-group images-1\" style=\"width: 204px; height: 304px;\" data-original-width=\"204\" data-original-height=\"304\" > <div class=\"tiled-gallery-item tiled-gallery-item-small\" itemprop=\"associatedMedia\" itemscope itemtype=\"http:\/\/schema.org\/ImageObject\"> <a href=\"https:\/\/alpimages.ch\/en\/portfolio\/services\/alpimages-thomas-roulin-9463\/\" border=\"0\" itemprop=\"url\"> <meta itemprop=\"width\" content=\"200\"> <meta itemprop=\"height\" content=\"300\"> <img decoding=\"async\" class=\"\" data-attachment-id=\"775\" data-orig-file=\"https:\/\/alpimages.ch\/wp-content\/uploads\/2015\/07\/c2a9alpimages-thomas-roulin-9463.jpg\" data-orig-size=\"788,1181\" data-comments-opened=\"\" data-image-meta=\"{&quot;aperture&quot;:&quot;4.5&quot;,&quot;credit&quot;:&quot;&quot;,&quot;camera&quot;:&quot;NIKON D800&quot;,&quot;caption&quot;:&quot;&quot;,&quot;created_timestamp&quot;:&quot;1451494651&quot;,&quot;copyright&quot;:&quot;&quot;,&quot;focal_length&quot;:&quot;24&quot;,&quot;iso&quot;:&quot;200&quot;,&quot;shutter_speed&quot;:&quot;0.025&quot;,&quot;title&quot;:&quot;&quot;,&quot;orientation&quot;:&quot;1&quot;}\" data-image-title=\"\u00a9Alpimages-Thomas Roulin-9463\" data-image-description=\"\" data-medium-file=\"https:\/\/i0.wp.com\/alpimages.ch\/wp-content\/uploads\/2015\/07\/c2a9alpimages-thomas-roulin-9463.jpg?fit=200%2C300&#038;ssl=1\" data-large-file=\"https:\/\/i0.wp.com\/alpimages.ch\/wp-content\/uploads\/2015\/07\/c2a9alpimages-thomas-roulin-9463.jpg?fit=680%2C1019&#038;ssl=1\" src=\"https:\/\/i0.wp.com\/alpimages.ch\/wp-content\/uploads\/2015\/07\/c2a9alpimages-thomas-roulin-9463.jpg?w=200&#038;h=300&#038;ssl=1\" width=\"200\" height=\"300\" loading=\"lazy\" data-original-width=\"200\" data-original-height=\"300\" itemprop=\"http:\/\/schema.org\/image\" title=\"\u00a9Alpimages-Thomas Roulin-9463\" alt=\"\u00a9Alpimages-Thomas Roulin-9463\" style=\"width: 200px; height: 300px;\" \/> <\/a> <\/div> <\/div> <!-- close group --> <div class=\"gallery-group images-1\" style=\"width: 476px; height: 304px;\" data-original-width=\"476\" data-original-height=\"304\" > <div class=\"tiled-gallery-item tiled-gallery-item-large\" itemprop=\"associatedMedia\" itemscope itemtype=\"http:\/\/schema.org\/ImageObject\"> <a href=\"https:\/\/alpimages.ch\/en\/portfolio\/services\/michaud-alpimagesthomas-roulin-8400-2\/\" border=\"0\" itemprop=\"url\"> <meta itemprop=\"width\" content=\"472\"> <meta itemprop=\"height\" content=\"300\"> <img decoding=\"async\" class=\"\" data-attachment-id=\"776\" data-orig-file=\"https:\/\/alpimages.ch\/wp-content\/uploads\/2015\/07\/michaud-alpimagesc2a9thomas-roulin-8400-2.jpg\" data-orig-size=\"9000,5714\" data-comments-opened=\"\" data-image-meta=\"{&quot;aperture&quot;:&quot;8&quot;,&quot;credit&quot;:&quot;&quot;,&quot;camera&quot;:&quot;NIKON D800&quot;,&quot;caption&quot;:&quot;&quot;,&quot;created_timestamp&quot;:&quot;1460293946&quot;,&quot;copyright&quot;:&quot;&quot;,&quot;focal_length&quot;:&quot;28&quot;,&quot;iso&quot;:&quot;160&quot;,&quot;shutter_speed&quot;:&quot;0.0015625&quot;,&quot;title&quot;:&quot;&quot;,&quot;orientation&quot;:&quot;0&quot;}\" data-image-title=\"Michaud-Alpimages\u00a9Thomas Roulin-8400-2\" data-image-description=\"\" data-medium-file=\"https:\/\/i0.wp.com\/alpimages.ch\/wp-content\/uploads\/2015\/07\/michaud-alpimagesc2a9thomas-roulin-8400-2.jpg?fit=300%2C190&#038;ssl=1\" data-large-file=\"https:\/\/i0.wp.com\/alpimages.ch\/wp-content\/uploads\/2015\/07\/michaud-alpimagesc2a9thomas-roulin-8400-2.jpg?fit=680%2C432&#038;ssl=1\" src=\"https:\/\/i0.wp.com\/alpimages.ch\/wp-content\/uploads\/2015\/07\/michaud-alpimagesc2a9thomas-roulin-8400-2.jpg?w=472&#038;h=300&#038;ssl=1\" width=\"472\" height=\"300\" loading=\"lazy\" data-original-width=\"472\" data-original-height=\"300\" itemprop=\"http:\/\/schema.org\/image\" title=\"Michaud-Alpimages\u00a9Thomas Roulin-8400-2\" alt=\"Michaud-Alpimages\u00a9Thomas Roulin-8400-2\" style=\"width: 472px; height: 300px;\" \/> <\/a> <\/div> <\/div> <!-- close group --> <\/div> <!-- close row --> <div class=\"gallery-row\" style=\"width: 680px; height: 583px;\" data-original-width=\"680\" data-original-height=\"583\" > <div class=\"gallery-group images-1\" style=\"width: 391px; height: 583px;\" data-original-width=\"391\" data-original-height=\"583\" > <div class=\"tiled-gallery-item tiled-gallery-item-large\" itemprop=\"associatedMedia\" itemscope itemtype=\"http:\/\/schema.org\/ImageObject\"> <a href=\"https:\/\/alpimages.ch\/en\/portfolio\/services\/alpimagesthomas-roulin-3\/\" border=\"0\" itemprop=\"url\"> <meta itemprop=\"width\" content=\"387\"> <meta itemprop=\"height\" content=\"579\"> <img decoding=\"async\" class=\"\" data-attachment-id=\"777\" data-orig-file=\"https:\/\/alpimages.ch\/wp-content\/uploads\/2015\/07\/alpimagesc2a9thomas-roulin-3.jpg\" data-orig-size=\"4912,7360\" data-comments-opened=\"\" data-image-meta=\"{&quot;aperture&quot;:&quot;2.8&quot;,&quot;credit&quot;:&quot;&quot;,&quot;camera&quot;:&quot;NIKON D800&quot;,&quot;caption&quot;:&quot;&quot;,&quot;created_timestamp&quot;:&quot;1458767515&quot;,&quot;copyright&quot;:&quot;&quot;,&quot;focal_length&quot;:&quot;50&quot;,&quot;iso&quot;:&quot;800&quot;,&quot;shutter_speed&quot;:&quot;0.02&quot;,&quot;title&quot;:&quot;&quot;,&quot;orientation&quot;:&quot;0&quot;}\" data-image-title=\"Alpimages\u00a9Thomas Roulin&amp;#8211;3\" data-image-description=\"\" data-medium-file=\"https:\/\/i0.wp.com\/alpimages.ch\/wp-content\/uploads\/2015\/07\/alpimagesc2a9thomas-roulin-3.jpg?fit=200%2C300&#038;ssl=1\" data-large-file=\"https:\/\/i0.wp.com\/alpimages.ch\/wp-content\/uploads\/2015\/07\/alpimagesc2a9thomas-roulin-3.jpg?fit=680%2C1019&#038;ssl=1\" src=\"https:\/\/i0.wp.com\/alpimages.ch\/wp-content\/uploads\/2015\/07\/alpimagesc2a9thomas-roulin-3.jpg?w=387&#038;h=579&#038;ssl=1\" width=\"387\" height=\"579\" loading=\"lazy\" data-original-width=\"387\" data-original-height=\"579\" itemprop=\"http:\/\/schema.org\/image\" title=\"Alpimages\u00a9Thomas Roulin--3\" alt=\"Alpimages\u00a9Thomas Roulin--3\" style=\"width: 387px; height: 579px;\" \/> <\/a> <\/div> <\/div> <!-- close group --> <div class=\"gallery-group images-3\" style=\"width: 289px; height: 583px;\" data-original-width=\"289\" data-original-height=\"583\" > <div class=\"tiled-gallery-item tiled-gallery-item-large\" itemprop=\"associatedMedia\" itemscope itemtype=\"http:\/\/schema.org\/ImageObject\"> <a href=\"https:\/\/alpimages.ch\/en\/portfolio\/services\/kandoalpimages-87\/\" border=\"0\" itemprop=\"url\"> <meta itemprop=\"width\" content=\"285\"> <meta itemprop=\"height\" content=\"190\"> <img decoding=\"async\" class=\"\" data-attachment-id=\"778\" data-orig-file=\"https:\/\/alpimages.ch\/wp-content\/uploads\/2015\/07\/kandoc2a9alpimages-87.jpg\" data-orig-size=\"9000,6007\" data-comments-opened=\"\" data-image-meta=\"{&quot;aperture&quot;:&quot;2.8&quot;,&quot;credit&quot;:&quot;&quot;,&quot;camera&quot;:&quot;NIKON D800&quot;,&quot;caption&quot;:&quot;&quot;,&quot;created_timestamp&quot;:&quot;1457705513&quot;,&quot;copyright&quot;:&quot;&quot;,&quot;focal_length&quot;:&quot;31&quot;,&quot;iso&quot;:&quot;160&quot;,&quot;shutter_speed&quot;:&quot;0.0003125&quot;,&quot;title&quot;:&quot;&quot;,&quot;orientation&quot;:&quot;0&quot;}\" data-image-title=\"Kando\u00a9alpimages-87\" data-image-description=\"\" data-medium-file=\"https:\/\/i0.wp.com\/alpimages.ch\/wp-content\/uploads\/2015\/07\/kandoc2a9alpimages-87.jpg?fit=300%2C200&#038;ssl=1\" data-large-file=\"https:\/\/i0.wp.com\/alpimages.ch\/wp-content\/uploads\/2015\/07\/kandoc2a9alpimages-87.jpg?fit=680%2C454&#038;ssl=1\" src=\"https:\/\/i0.wp.com\/alpimages.ch\/wp-content\/uploads\/2015\/07\/kandoc2a9alpimages-87.jpg?w=285&#038;h=190&#038;ssl=1\" width=\"285\" height=\"190\" loading=\"lazy\" data-original-width=\"285\" data-original-height=\"190\" itemprop=\"http:\/\/schema.org\/image\" title=\"Kando\u00a9alpimages-87\" alt=\"Kando\u00a9alpimages-87\" style=\"width: 285px; height: 190px;\" \/> <\/a> <\/div> <div class=\"tiled-gallery-item tiled-gallery-item-large\" itemprop=\"associatedMedia\" itemscope itemtype=\"http:\/\/schema.org\/ImageObject\"> <a href=\"https:\/\/alpimages.ch\/en\/portfolio\/services\/michaud-alpimagesthomasroulin-134-1\/\" border=\"0\" itemprop=\"url\"> <meta itemprop=\"width\" content=\"285\"> <meta itemprop=\"height\" content=\"191\"> <img decoding=\"async\" class=\"\" data-attachment-id=\"779\" data-orig-file=\"https:\/\/alpimages.ch\/wp-content\/uploads\/2015\/07\/michaud-alpimagesc2a9thomasroulin-134-1.jpg\" data-orig-size=\"3543,2365\" data-comments-opened=\"\" data-image-meta=\"{&quot;aperture&quot;:&quot;5&quot;,&quot;credit&quot;:&quot;&quot;,&quot;camera&quot;:&quot;NIKON D800&quot;,&quot;caption&quot;:&quot;&quot;,&quot;created_timestamp&quot;:&quot;1451494421&quot;,&quot;copyright&quot;:&quot;&quot;,&quot;focal_length&quot;:&quot;24&quot;,&quot;iso&quot;:&quot;200&quot;,&quot;shutter_speed&quot;:&quot;0.025&quot;,&quot;title&quot;:&quot;&quot;,&quot;orientation&quot;:&quot;0&quot;}\" data-image-title=\"Michaud-Alpimages\u00a9ThomasRoulin-134-1\" data-image-description=\"\" data-medium-file=\"https:\/\/i0.wp.com\/alpimages.ch\/wp-content\/uploads\/2015\/07\/michaud-alpimagesc2a9thomasroulin-134-1.jpg?fit=300%2C200&#038;ssl=1\" data-large-file=\"https:\/\/i0.wp.com\/alpimages.ch\/wp-content\/uploads\/2015\/07\/michaud-alpimagesc2a9thomasroulin-134-1.jpg?fit=680%2C454&#038;ssl=1\" src=\"https:\/\/i0.wp.com\/alpimages.ch\/wp-content\/uploads\/2015\/07\/michaud-alpimagesc2a9thomasroulin-134-1.jpg?w=285&#038;h=191&#038;ssl=1\" width=\"285\" height=\"191\" loading=\"lazy\" data-original-width=\"285\" data-original-height=\"191\" itemprop=\"http:\/\/schema.org\/image\" title=\"Michaud-Alpimages\u00a9ThomasRoulin-134-1\" alt=\"Michaud-Alpimages\u00a9ThomasRoulin-134-1\" style=\"width: 285px; height: 191px;\" \/> <\/a> <\/div> <div class=\"tiled-gallery-item tiled-gallery-item-large\" itemprop=\"associatedMedia\" itemscope itemtype=\"http:\/\/schema.org\/ImageObject\"> <a href=\"https:\/\/alpimages.ch\/en\/portfolio\/services\/tom_4598\/\" border=\"0\" itemprop=\"url\"> <meta itemprop=\"width\" content=\"285\"> <meta itemprop=\"height\" content=\"190\"> <img decoding=\"async\" class=\"\" data-attachment-id=\"780\" data-orig-file=\"https:\/\/alpimages.ch\/wp-content\/uploads\/2015\/07\/tom_4598.jpg\" data-orig-size=\"3543,2365\" data-comments-opened=\"\" data-image-meta=\"{&quot;aperture&quot;:&quot;4&quot;,&quot;credit&quot;:&quot;&quot;,&quot;camera&quot;:&quot;NIKON D800&quot;,&quot;caption&quot;:&quot;&quot;,&quot;created_timestamp&quot;:&quot;1433348363&quot;,&quot;copyright&quot;:&quot;&quot;,&quot;focal_length&quot;:&quot;120&quot;,&quot;iso&quot;:&quot;400&quot;,&quot;shutter_speed&quot;:&quot;0.0025&quot;,&quot;title&quot;:&quot;&quot;,&quot;orientation&quot;:&quot;0&quot;}\" data-image-title=\"TOM_4598\" data-image-description=\"\" data-medium-file=\"https:\/\/i0.wp.com\/alpimages.ch\/wp-content\/uploads\/2015\/07\/tom_4598.jpg?fit=300%2C200&#038;ssl=1\" data-large-file=\"https:\/\/i0.wp.com\/alpimages.ch\/wp-content\/uploads\/2015\/07\/tom_4598.jpg?fit=680%2C454&#038;ssl=1\" src=\"https:\/\/i0.wp.com\/alpimages.ch\/wp-content\/uploads\/2015\/07\/tom_4598.jpg?w=285&#038;h=190&#038;ssl=1\" width=\"285\" height=\"190\" loading=\"lazy\" data-original-width=\"285\" data-original-height=\"190\" itemprop=\"http:\/\/schema.org\/image\" title=\"TOM_4598\" alt=\"TOM_4598\" style=\"width: 285px; height: 190px;\" \/> <\/a> <\/div> <\/div> <!-- close group --> <\/div> <!-- close row --> <div class=\"gallery-row\" style=\"width: 680px; height: 304px;\" data-original-width=\"680\" data-original-height=\"304\" > <div class=\"gallery-group images-1\" style=\"width: 454px; height: 304px;\" data-original-width=\"454\" data-original-height=\"304\" > <div class=\"tiled-gallery-item tiled-gallery-item-large\" itemprop=\"associatedMedia\" itemscope itemtype=\"http:\/\/schema.org\/ImageObject\"> <a href=\"https:\/\/alpimages.ch\/en\/portfolio\/services\/tom_4593\/\" border=\"0\" itemprop=\"url\"> <meta itemprop=\"width\" content=\"450\"> <meta itemprop=\"height\" content=\"300\"> <img decoding=\"async\" class=\"\" data-attachment-id=\"781\" data-orig-file=\"https:\/\/alpimages.ch\/wp-content\/uploads\/2015\/07\/tom_4593.jpg\" data-orig-size=\"3543,2365\" data-comments-opened=\"\" data-image-meta=\"{&quot;aperture&quot;:&quot;4&quot;,&quot;credit&quot;:&quot;&quot;,&quot;camera&quot;:&quot;NIKON D800&quot;,&quot;caption&quot;:&quot;&quot;,&quot;created_timestamp&quot;:&quot;1433348355&quot;,&quot;copyright&quot;:&quot;&quot;,&quot;focal_length&quot;:&quot;180&quot;,&quot;iso&quot;:&quot;400&quot;,&quot;shutter_speed&quot;:&quot;0.002&quot;,&quot;title&quot;:&quot;&quot;,&quot;orientation&quot;:&quot;0&quot;}\" data-image-title=\"TOM_4593\" data-image-description=\"\" data-medium-file=\"https:\/\/i0.wp.com\/alpimages.ch\/wp-content\/uploads\/2015\/07\/tom_4593.jpg?fit=300%2C200&#038;ssl=1\" data-large-file=\"https:\/\/i0.wp.com\/alpimages.ch\/wp-content\/uploads\/2015\/07\/tom_4593.jpg?fit=680%2C454&#038;ssl=1\" src=\"https:\/\/i0.wp.com\/alpimages.ch\/wp-content\/uploads\/2015\/07\/tom_4593.jpg?w=450&#038;h=300&#038;ssl=1\" width=\"450\" height=\"300\" loading=\"lazy\" data-original-width=\"450\" data-original-height=\"300\" itemprop=\"http:\/\/schema.org\/image\" title=\"TOM_4593\" alt=\"TOM_4593\" style=\"width: 450px; height: 300px;\" \/> <\/a> <\/div> <\/div> <!-- close group --> <div class=\"gallery-group images-2\" style=\"width: 226px; height: 304px;\" data-original-width=\"226\" data-original-height=\"304\" > <div class=\"tiled-gallery-item tiled-gallery-item-small\" itemprop=\"associatedMedia\" itemscope itemtype=\"http:\/\/schema.org\/ImageObject\"> <a href=\"https:\/\/alpimages.ch\/en\/portfolio\/services\/thomas-roulin-alpimagesverbier-ch-0554\/\" border=\"0\" itemprop=\"url\"> <meta itemprop=\"width\" content=\"222\"> <meta itemprop=\"height\" content=\"148\"> <img decoding=\"async\" class=\"\" data-attachment-id=\"782\" data-orig-file=\"https:\/\/alpimages.ch\/wp-content\/uploads\/2015\/07\/thomas-roulin-alpimagesverbier-ch-0554.jpg\" data-orig-size=\"4780,3190\" data-comments-opened=\"\" data-image-meta=\"{&quot;aperture&quot;:&quot;0&quot;,&quot;credit&quot;:&quot;&quot;,&quot;camera&quot;:&quot;&quot;,&quot;caption&quot;:&quot;&quot;,&quot;created_timestamp&quot;:&quot;0&quot;,&quot;copyright&quot;:&quot;&quot;,&quot;focal_length&quot;:&quot;0&quot;,&quot;iso&quot;:&quot;0&quot;,&quot;shutter_speed&quot;:&quot;0&quot;,&quot;title&quot;:&quot;&quot;,&quot;orientation&quot;:&quot;0&quot;}\" data-image-title=\"Thomas Roulin-alpimages@verbier.ch-0554\" data-image-description=\"\" data-medium-file=\"https:\/\/i0.wp.com\/alpimages.ch\/wp-content\/uploads\/2015\/07\/thomas-roulin-alpimagesverbier-ch-0554.jpg?fit=300%2C200&#038;ssl=1\" data-large-file=\"https:\/\/i0.wp.com\/alpimages.ch\/wp-content\/uploads\/2015\/07\/thomas-roulin-alpimagesverbier-ch-0554.jpg?fit=680%2C454&#038;ssl=1\" src=\"https:\/\/i0.wp.com\/alpimages.ch\/wp-content\/uploads\/2015\/07\/thomas-roulin-alpimagesverbier-ch-0554.jpg?w=222&#038;h=148&#038;ssl=1\" width=\"222\" height=\"148\" loading=\"lazy\" data-original-width=\"222\" data-original-height=\"148\" itemprop=\"http:\/\/schema.org\/image\" title=\"Thomas Roulin-alpimages@verbier.ch-0554\" alt=\"Thomas Roulin-alpimages@verbier.ch-0554\" style=\"width: 222px; height: 148px;\" \/> <\/a> <\/div> <div class=\"tiled-gallery-item tiled-gallery-item-small\" itemprop=\"associatedMedia\" itemscope itemtype=\"http:\/\/schema.org\/ImageObject\"> <a href=\"https:\/\/alpimages.ch\/en\/portfolio\/sports-extreme\/capture-decran-2019-02-24-a-11-58-31\/\" border=\"0\" itemprop=\"url\"> <meta itemprop=\"width\" content=\"222\"> <meta itemprop=\"height\" content=\"148\"> <img decoding=\"async\" class=\"\" data-attachment-id=\"2590\" data-orig-file=\"https:\/\/alpimages.ch\/wp-content\/uploads\/2015\/11\/Capture-d\u2019\u00e9cran-2019-02-24-\u00e0-11.58.31.png\" data-orig-size=\"1052,700\" data-comments-opened=\"\" data-image-meta=\"{&quot;aperture&quot;:&quot;0&quot;,&quot;credit&quot;:&quot;&quot;,&quot;camera&quot;:&quot;&quot;,&quot;caption&quot;:&quot;&quot;,&quot;created_timestamp&quot;:&quot;0&quot;,&quot;copyright&quot;:&quot;&quot;,&quot;focal_length&quot;:&quot;0&quot;,&quot;iso&quot;:&quot;0&quot;,&quot;shutter_speed&quot;:&quot;0&quot;,&quot;title&quot;:&quot;&quot;,&quot;orientation&quot;:&quot;0&quot;}\" data-image-title=\"Capture d\u2019\u00e9cran 2019-02-24 \u00e0 11.58.31\" data-image-description=\"\" data-medium-file=\"https:\/\/i0.wp.com\/alpimages.ch\/wp-content\/uploads\/2015\/11\/Capture-d%E2%80%99%C3%A9cran-2019-02-24-%C3%A0-11.58.31.png?fit=300%2C200&#038;ssl=1\" data-large-file=\"https:\/\/i0.wp.com\/alpimages.ch\/wp-content\/uploads\/2015\/11\/Capture-d%E2%80%99%C3%A9cran-2019-02-24-%C3%A0-11.58.31.png?fit=680%2C452&#038;ssl=1\" src=\"https:\/\/i0.wp.com\/alpimages.ch\/wp-content\/uploads\/2015\/11\/Capture-d%E2%80%99%C3%A9cran-2019-02-24-%C3%A0-11.58.31.png?w=222&#038;h=148&#038;ssl=1\" width=\"222\" height=\"148\" loading=\"lazy\" data-original-width=\"222\" data-original-height=\"148\" itemprop=\"http:\/\/schema.org\/image\" title=\"Capture d\u2019\u00e9cran 2019-02-24 \u00e0 11.58.31\" alt=\"Capture d\u2019\u00e9cran 2019-02-24 \u00e0 11.58.31\" style=\"width: 222px; height: 148px;\" \/> <\/a> <\/div> <\/div> <!-- close group --> <\/div> <!-- close row --> <div class=\"gallery-row\" style=\"width: 680px; height: 314px;\" data-original-width=\"680\" data-original-height=\"314\" > <div class=\"gallery-group images-1\" style=\"width: 469px; height: 314px;\" data-original-width=\"469\" data-original-height=\"314\" > <div class=\"tiled-gallery-item tiled-gallery-item-large\" itemprop=\"associatedMedia\" itemscope itemtype=\"http:\/\/schema.org\/ImageObject\"> <a href=\"https:\/\/alpimages.ch\/en\/portfolio\/services\/fab_0909\/\" border=\"0\" itemprop=\"url\"> <meta itemprop=\"width\" content=\"465\"> <meta itemprop=\"height\" content=\"310\"> <img decoding=\"async\" class=\"\" data-attachment-id=\"783\" data-orig-file=\"https:\/\/alpimages.ch\/wp-content\/uploads\/2015\/07\/fab_0909.jpg\" data-orig-size=\"7360,4912\" data-comments-opened=\"\" data-image-meta=\"{&quot;aperture&quot;:&quot;13&quot;,&quot;credit&quot;:&quot;FABIEN-GIORDANO&quot;,&quot;camera&quot;:&quot;NIKON D800&quot;,&quot;caption&quot;:&quot;&quot;,&quot;created_timestamp&quot;:&quot;1408272980&quot;,&quot;copyright&quot;:&quot;F_G&quot;,&quot;focal_length&quot;:&quot;82&quot;,&quot;iso&quot;:&quot;200&quot;,&quot;shutter_speed&quot;:&quot;0.004&quot;,&quot;title&quot;:&quot;&quot;,&quot;orientation&quot;:&quot;1&quot;}\" data-image-title=\"FAB_0909\" data-image-description=\"\" data-medium-file=\"https:\/\/i0.wp.com\/alpimages.ch\/wp-content\/uploads\/2015\/07\/fab_0909.jpg?fit=300%2C200&#038;ssl=1\" data-large-file=\"https:\/\/i0.wp.com\/alpimages.ch\/wp-content\/uploads\/2015\/07\/fab_0909.jpg?fit=680%2C454&#038;ssl=1\" src=\"https:\/\/i0.wp.com\/alpimages.ch\/wp-content\/uploads\/2015\/07\/fab_0909.jpg?w=465&#038;h=310&#038;ssl=1\" width=\"465\" height=\"310\" loading=\"lazy\" data-original-width=\"465\" data-original-height=\"310\" itemprop=\"http:\/\/schema.org\/image\" title=\"FAB_0909\" alt=\"FAB_0909\" style=\"width: 465px; height: 310px;\" \/> <\/a> <\/div> <\/div> <!-- close group --> <div class=\"gallery-group images-1\" style=\"width: 211px; height: 314px;\" data-original-width=\"211\" data-original-height=\"314\" > <div class=\"tiled-gallery-item tiled-gallery-item-small\" itemprop=\"associatedMedia\" itemscope itemtype=\"http:\/\/schema.org\/ImageObject\"> <a href=\"https:\/\/alpimages.ch\/en\/portfolio\/sports-extreme\/capture-decran-2019-02-24-a-11-57-50\/\" border=\"0\" itemprop=\"url\"> <meta itemprop=\"width\" content=\"207\"> <meta itemprop=\"height\" content=\"310\"> <img decoding=\"async\" class=\"\" data-attachment-id=\"2588\" data-orig-file=\"https:\/\/alpimages.ch\/wp-content\/uploads\/2015\/11\/Capture-d\u2019\u00e9cran-2019-02-24-\u00e0-11.57.50.png\" data-orig-size=\"467,701\" data-comments-opened=\"\" data-image-meta=\"{&quot;aperture&quot;:&quot;0&quot;,&quot;credit&quot;:&quot;&quot;,&quot;camera&quot;:&quot;&quot;,&quot;caption&quot;:&quot;&quot;,&quot;created_timestamp&quot;:&quot;0&quot;,&quot;copyright&quot;:&quot;&quot;,&quot;focal_length&quot;:&quot;0&quot;,&quot;iso&quot;:&quot;0&quot;,&quot;shutter_speed&quot;:&quot;0&quot;,&quot;title&quot;:&quot;&quot;,&quot;orientation&quot;:&quot;0&quot;}\" data-image-title=\"Capture d\u2019\u00e9cran 2019-02-24 \u00e0 11.57.50\" data-image-description=\"\" data-medium-file=\"https:\/\/i0.wp.com\/alpimages.ch\/wp-content\/uploads\/2015\/11\/Capture-d%E2%80%99%C3%A9cran-2019-02-24-%C3%A0-11.57.50.png?fit=200%2C300&#038;ssl=1\" data-large-file=\"https:\/\/i0.wp.com\/alpimages.ch\/wp-content\/uploads\/2015\/11\/Capture-d%E2%80%99%C3%A9cran-2019-02-24-%C3%A0-11.57.50.png?fit=467%2C701&#038;ssl=1\" src=\"https:\/\/i0.wp.com\/alpimages.ch\/wp-content\/uploads\/2015\/11\/Capture-d%E2%80%99%C3%A9cran-2019-02-24-%C3%A0-11.57.50.png?w=207&#038;h=310&#038;ssl=1\" width=\"207\" height=\"310\" loading=\"lazy\" data-original-width=\"207\" data-original-height=\"310\" itemprop=\"http:\/\/schema.org\/image\" title=\"Capture d\u2019\u00e9cran 2019-02-24 \u00e0 11.57.50\" alt=\"Capture d\u2019\u00e9cran 2019-02-24 \u00e0 11.57.50\" style=\"width: 207px; height: 310px;\" \/> <\/a> <\/div> <\/div> <!-- close group --> <\/div> <!-- close row --> <div class=\"gallery-row\" style=\"width: 680px; height: 314px;\" data-original-width=\"680\" data-original-height=\"314\" > <div class=\"gallery-group images-1\" style=\"width: 211px; height: 314px;\" data-original-width=\"211\" data-original-height=\"314\" > <div class=\"tiled-gallery-item tiled-gallery-item-small\" itemprop=\"associatedMedia\" itemscope itemtype=\"http:\/\/schema.org\/ImageObject\"> <a href=\"https:\/\/alpimages.ch\/en\/portfolio\/services\/tom_0311-2\/\" border=\"0\" itemprop=\"url\"> <meta itemprop=\"width\" content=\"207\"> <meta itemprop=\"height\" content=\"310\"> <img decoding=\"async\" class=\"\" data-attachment-id=\"784\" data-orig-file=\"https:\/\/alpimages.ch\/wp-content\/uploads\/2015\/07\/tom_0311-2.jpg\" data-orig-size=\"2365,3543\" data-comments-opened=\"\" data-image-meta=\"{&quot;aperture&quot;:&quot;8&quot;,&quot;credit&quot;:&quot;&quot;,&quot;camera&quot;:&quot;NIKON D800&quot;,&quot;caption&quot;:&quot;&quot;,&quot;created_timestamp&quot;:&quot;1365084651&quot;,&quot;copyright&quot;:&quot;&quot;,&quot;focal_length&quot;:&quot;85&quot;,&quot;iso&quot;:&quot;80&quot;,&quot;shutter_speed&quot;:&quot;0.00625&quot;,&quot;title&quot;:&quot;&quot;,&quot;orientation&quot;:&quot;0&quot;}\" data-image-title=\"TOM_0311-2\" data-image-description=\"\" data-medium-file=\"https:\/\/i0.wp.com\/alpimages.ch\/wp-content\/uploads\/2015\/07\/tom_0311-2.jpg?fit=200%2C300&#038;ssl=1\" data-large-file=\"https:\/\/i0.wp.com\/alpimages.ch\/wp-content\/uploads\/2015\/07\/tom_0311-2.jpg?fit=680%2C1019&#038;ssl=1\" src=\"https:\/\/i0.wp.com\/alpimages.ch\/wp-content\/uploads\/2015\/07\/tom_0311-2.jpg?w=207&#038;h=310&#038;ssl=1\" width=\"207\" height=\"310\" loading=\"lazy\" data-original-width=\"207\" data-original-height=\"310\" itemprop=\"http:\/\/schema.org\/image\" title=\"TOM_0311-2\" alt=\"TOM_0311-2\" style=\"width: 207px; height: 310px;\" \/> <\/a> <\/div> <\/div> <!-- close group --> <div class=\"gallery-group images-1\" style=\"width: 469px; height: 314px;\" data-original-width=\"469\" data-original-height=\"314\" > <div class=\"tiled-gallery-item tiled-gallery-item-large\" itemprop=\"associatedMedia\" itemscope itemtype=\"http:\/\/schema.org\/ImageObject\"> <a href=\"https:\/\/alpimages.ch\/en\/portfolio\/corporate\/alpimagesverbier-ch-8823\/\" border=\"0\" itemprop=\"url\"> <meta itemprop=\"width\" content=\"465\"> <meta itemprop=\"height\" content=\"310\"> <img decoding=\"async\" class=\"\" data-attachment-id=\"2550\" data-orig-file=\"https:\/\/alpimages.ch\/wp-content\/uploads\/2015\/11\/Alpimages@verbier.ch-8823.jpg\" data-orig-size=\"1181,788\" data-comments-opened=\"\" data-image-meta=\"{&quot;aperture&quot;:&quot;4&quot;,&quot;credit&quot;:&quot;&quot;,&quot;camera&quot;:&quot;NIKON D810&quot;,&quot;caption&quot;:&quot;&quot;,&quot;created_timestamp&quot;:&quot;1550150690&quot;,&quot;copyright&quot;:&quot;&quot;,&quot;focal_length&quot;:&quot;86&quot;,&quot;iso&quot;:&quot;400&quot;,&quot;shutter_speed&quot;:&quot;0.005&quot;,&quot;title&quot;:&quot;&quot;,&quot;orientation&quot;:&quot;0&quot;}\" data-image-title=\"Alpimages@verbier.ch-8823\" data-image-description=\"\" data-medium-file=\"https:\/\/i0.wp.com\/alpimages.ch\/wp-content\/uploads\/2015\/11\/Alpimages%40verbier.ch-8823.jpg?fit=300%2C200&#038;ssl=1\" data-large-file=\"https:\/\/i0.wp.com\/alpimages.ch\/wp-content\/uploads\/2015\/11\/Alpimages%40verbier.ch-8823.jpg?fit=680%2C454&#038;ssl=1\" src=\"https:\/\/i0.wp.com\/alpimages.ch\/wp-content\/uploads\/2015\/11\/Alpimages%40verbier.ch-8823.jpg?w=465&#038;h=310&#038;ssl=1\" width=\"465\" height=\"310\" loading=\"lazy\" data-original-width=\"465\" data-original-height=\"310\" itemprop=\"http:\/\/schema.org\/image\" title=\"Alpimages@verbier.ch-8823\" alt=\"Alpimages@verbier.ch-8823\" style=\"width: 465px; height: 310px;\" \/> <\/a> <\/div> <\/div> <!-- close group --> <\/div> <!-- close row --> <div class=\"gallery-row\" style=\"width: 680px; height: 304px;\" data-original-width=\"680\" data-original-height=\"304\" > <div class=\"gallery-group images-2\" style=\"width: 226px; height: 304px;\" data-original-width=\"226\" data-original-height=\"304\" > <div class=\"tiled-gallery-item tiled-gallery-item-small\" itemprop=\"associatedMedia\" itemscope itemtype=\"http:\/\/schema.org\/ImageObject\"> <a href=\"https:\/\/alpimages.ch\/en\/portfolio\/corporate\/tina-roy-alpimagesverbier-ch-1784\/\" border=\"0\" itemprop=\"url\"> <meta itemprop=\"width\" content=\"222\"> <meta itemprop=\"height\" content=\"148\"> <img decoding=\"async\" class=\"\" data-attachment-id=\"2575\" data-orig-file=\"https:\/\/alpimages.ch\/wp-content\/uploads\/2015\/11\/Tina-Roy-Alpimages@verbier.ch-1784.jpg\" data-orig-size=\"3543,2365\" data-comments-opened=\"\" data-image-meta=\"{&quot;aperture&quot;:&quot;8&quot;,&quot;credit&quot;:&quot;&quot;,&quot;camera&quot;:&quot;NIKON D810&quot;,&quot;caption&quot;:&quot;&quot;,&quot;created_timestamp&quot;:&quot;1550675551&quot;,&quot;copyright&quot;:&quot;&quot;,&quot;focal_length&quot;:&quot;85&quot;,&quot;iso&quot;:&quot;400&quot;,&quot;shutter_speed&quot;:&quot;0.0025&quot;,&quot;title&quot;:&quot;&quot;,&quot;orientation&quot;:&quot;0&quot;}\" data-image-title=\"Tina-Roy-Alpimages@verbier.ch-1784\" data-image-description=\"\" data-medium-file=\"https:\/\/i0.wp.com\/alpimages.ch\/wp-content\/uploads\/2015\/11\/Tina-Roy-Alpimages%40verbier.ch-1784.jpg?fit=300%2C200&#038;ssl=1\" data-large-file=\"https:\/\/i0.wp.com\/alpimages.ch\/wp-content\/uploads\/2015\/11\/Tina-Roy-Alpimages%40verbier.ch-1784.jpg?fit=680%2C454&#038;ssl=1\" src=\"https:\/\/i0.wp.com\/alpimages.ch\/wp-content\/uploads\/2015\/11\/Tina-Roy-Alpimages%40verbier.ch-1784.jpg?w=222&#038;h=148&#038;ssl=1\" width=\"222\" height=\"148\" loading=\"lazy\" data-original-width=\"222\" data-original-height=\"148\" itemprop=\"http:\/\/schema.org\/image\" title=\"Tina-Roy-Alpimages@verbier.ch-1784\" alt=\"Tina-Roy-Alpimages@verbier.ch-1784\" style=\"width: 222px; height: 148px;\" \/> <\/a> <\/div> <div class=\"tiled-gallery-item tiled-gallery-item-small\" itemprop=\"associatedMedia\" itemscope itemtype=\"http:\/\/schema.org\/ImageObject\"> <a href=\"https:\/\/alpimages.ch\/en\/portfolio\/corporate\/js0_0751-2\/\" border=\"0\" itemprop=\"url\"> <meta itemprop=\"width\" content=\"222\"> <meta itemprop=\"height\" content=\"148\"> <img decoding=\"async\" class=\"\" data-attachment-id=\"2568\" data-orig-file=\"https:\/\/alpimages.ch\/wp-content\/uploads\/2015\/11\/JS0_0751.jpg\" data-orig-size=\"5199,3471\" data-comments-opened=\"\" data-image-meta=\"{&quot;aperture&quot;:&quot;7.1&quot;,&quot;credit&quot;:&quot;&quot;,&quot;camera&quot;:&quot;NIKON D600&quot;,&quot;caption&quot;:&quot;&quot;,&quot;created_timestamp&quot;:&quot;1521941360&quot;,&quot;copyright&quot;:&quot;&quot;,&quot;focal_length&quot;:&quot;31&quot;,&quot;iso&quot;:&quot;500&quot;,&quot;shutter_speed&quot;:&quot;0.005&quot;,&quot;title&quot;:&quot;&quot;,&quot;orientation&quot;:&quot;1&quot;}\" data-image-title=\"JS0_0751\" data-image-description=\"\" data-medium-file=\"https:\/\/i0.wp.com\/alpimages.ch\/wp-content\/uploads\/2015\/11\/JS0_0751.jpg?fit=300%2C200&#038;ssl=1\" data-large-file=\"https:\/\/i0.wp.com\/alpimages.ch\/wp-content\/uploads\/2015\/11\/JS0_0751.jpg?fit=680%2C454&#038;ssl=1\" src=\"https:\/\/i0.wp.com\/alpimages.ch\/wp-content\/uploads\/2015\/11\/JS0_0751.jpg?w=222&#038;h=148&#038;ssl=1\" srcset=\"https:\/\/i0.wp.com\/alpimages.ch\/wp-content\/uploads\/2015\/11\/JS0_0751.jpg?w=5199&amp;ssl=1 5199w, https:\/\/i0.wp.com\/alpimages.ch\/wp-content\/uploads\/2015\/11\/JS0_0751.jpg?resize=150%2C100&amp;ssl=1 150w, https:\/\/i0.wp.com\/alpimages.ch\/wp-content\/uploads\/2015\/11\/JS0_0751.jpg?resize=300%2C200&amp;ssl=1 300w, https:\/\/i0.wp.com\/alpimages.ch\/wp-content\/uploads\/2015\/11\/JS0_0751.jpg?resize=768%2C513&amp;ssl=1 768w, https:\/\/i0.wp.com\/alpimages.ch\/wp-content\/uploads\/2015\/11\/JS0_0751.jpg?resize=1024%2C684&amp;ssl=1 1024w, https:\/\/i0.wp.com\/alpimages.ch\/wp-content\/uploads\/2015\/11\/JS0_0751.jpg?resize=317%2C212&amp;ssl=1 317w, https:\/\/i0.wp.com\/alpimages.ch\/wp-content\/uploads\/2015\/11\/JS0_0751.jpg?w=1360&amp;ssl=1 1360w, https:\/\/i0.wp.com\/alpimages.ch\/wp-content\/uploads\/2015\/11\/JS0_0751.jpg?w=2040&amp;ssl=1 2040w\" width=\"222\" height=\"148\" loading=\"lazy\" data-original-width=\"222\" data-original-height=\"148\" itemprop=\"http:\/\/schema.org\/image\" title=\"JS0_0751\" alt=\"JS0_0751\" style=\"width: 222px; height: 148px;\" \/> <\/a> <\/div> <\/div> <!-- close group --> <div class=\"gallery-group images-1\" style=\"width: 454px; height: 304px;\" data-original-width=\"454\" data-original-height=\"304\" > <div class=\"tiled-gallery-item tiled-gallery-item-large\" itemprop=\"associatedMedia\" itemscope itemtype=\"http:\/\/schema.org\/ImageObject\"> <a href=\"https:\/\/alpimages.ch\/en\/portfolio\/corporate\/alpimages-thomas-roulin-6617-3\/\" border=\"0\" itemprop=\"url\"> <meta itemprop=\"width\" content=\"450\"> <meta itemprop=\"height\" content=\"300\"> <img decoding=\"async\" class=\"\" data-attachment-id=\"2540\" data-orig-file=\"https:\/\/alpimages.ch\/wp-content\/uploads\/2015\/11\/\u00a9Alpimages-Thomas-Roulin-6617.jpg\" data-orig-size=\"9000,6007\" data-comments-opened=\"\" data-image-meta=\"{&quot;aperture&quot;:&quot;9&quot;,&quot;credit&quot;:&quot;&quot;,&quot;camera&quot;:&quot;NIKON D800&quot;,&quot;caption&quot;:&quot;&quot;,&quot;created_timestamp&quot;:&quot;1521817982&quot;,&quot;copyright&quot;:&quot;&quot;,&quot;focal_length&quot;:&quot;85&quot;,&quot;iso&quot;:&quot;200&quot;,&quot;shutter_speed&quot;:&quot;0.003125&quot;,&quot;title&quot;:&quot;&quot;,&quot;orientation&quot;:&quot;0&quot;}\" data-image-title=\"\u00a9Alpimages-Thomas Roulin-6617\" data-image-description=\"\" data-medium-file=\"https:\/\/i0.wp.com\/alpimages.ch\/wp-content\/uploads\/2015\/11\/%C2%A9Alpimages-Thomas-Roulin-6617.jpg?fit=300%2C200&#038;ssl=1\" data-large-file=\"https:\/\/i0.wp.com\/alpimages.ch\/wp-content\/uploads\/2015\/11\/%C2%A9Alpimages-Thomas-Roulin-6617.jpg?fit=680%2C454&#038;ssl=1\" src=\"https:\/\/i0.wp.com\/alpimages.ch\/wp-content\/uploads\/2015\/11\/%C2%A9Alpimages-Thomas-Roulin-6617.jpg?w=450&#038;h=300&#038;ssl=1\" width=\"450\" height=\"300\" loading=\"lazy\" data-original-width=\"450\" data-original-height=\"300\" itemprop=\"http:\/\/schema.org\/image\" title=\"\u00a9Alpimages-Thomas Roulin-6617\" alt=\"\u00a9Alpimages-Thomas Roulin-6617\" style=\"width: 450px; height: 300px;\" \/> <\/a> <\/div> <\/div> <!-- close group --> <\/div> <!-- close row --> <div class=\"gallery-row\" style=\"width: 680px; height: 304px;\" data-original-width=\"680\" data-original-height=\"304\" > <div class=\"gallery-group images-1\" style=\"width: 454px; height: 304px;\" data-original-width=\"454\" data-original-height=\"304\" > <div class=\"tiled-gallery-item tiled-gallery-item-large\" itemprop=\"associatedMedia\" itemscope itemtype=\"http:\/\/schema.org\/ImageObject\"> <a href=\"https:\/\/alpimages.ch\/en\/portfolio\/corporate\/alpimages-50\/\" border=\"0\" itemprop=\"url\"> <meta itemprop=\"width\" content=\"450\"> <meta itemprop=\"height\" content=\"300\"> <img decoding=\"async\" class=\"\" data-attachment-id=\"2544\" data-orig-file=\"https:\/\/alpimages.ch\/wp-content\/uploads\/2015\/11\/ALPIMAGES-50.jpg\" data-orig-size=\"7200,4805\" data-comments-opened=\"\" data-image-meta=\"{&quot;aperture&quot;:&quot;8&quot;,&quot;credit&quot;:&quot;&quot;,&quot;camera&quot;:&quot;NIKON D810&quot;,&quot;caption&quot;:&quot;&quot;,&quot;created_timestamp&quot;:&quot;1523087371&quot;,&quot;copyright&quot;:&quot;&quot;,&quot;focal_length&quot;:&quot;66&quot;,&quot;iso&quot;:&quot;250&quot;,&quot;shutter_speed&quot;:&quot;0.001&quot;,&quot;title&quot;:&quot;&quot;,&quot;orientation&quot;:&quot;1&quot;}\" data-image-title=\"ALPIMAGES-50\" data-image-description=\"\" data-medium-file=\"https:\/\/i0.wp.com\/alpimages.ch\/wp-content\/uploads\/2015\/11\/ALPIMAGES-50.jpg?fit=300%2C200&#038;ssl=1\" data-large-file=\"https:\/\/i0.wp.com\/alpimages.ch\/wp-content\/uploads\/2015\/11\/ALPIMAGES-50.jpg?fit=680%2C454&#038;ssl=1\" src=\"https:\/\/i0.wp.com\/alpimages.ch\/wp-content\/uploads\/2015\/11\/ALPIMAGES-50.jpg?w=450&#038;h=300&#038;ssl=1\" srcset=\"https:\/\/i0.wp.com\/alpimages.ch\/wp-content\/uploads\/2015\/11\/ALPIMAGES-50.jpg?w=7200&amp;ssl=1 7200w, https:\/\/i0.wp.com\/alpimages.ch\/wp-content\/uploads\/2015\/11\/ALPIMAGES-50.jpg?resize=150%2C100&amp;ssl=1 150w, https:\/\/i0.wp.com\/alpimages.ch\/wp-content\/uploads\/2015\/11\/ALPIMAGES-50.jpg?resize=300%2C200&amp;ssl=1 300w, https:\/\/i0.wp.com\/alpimages.ch\/wp-content\/uploads\/2015\/11\/ALPIMAGES-50.jpg?resize=768%2C513&amp;ssl=1 768w, https:\/\/i0.wp.com\/alpimages.ch\/wp-content\/uploads\/2015\/11\/ALPIMAGES-50.jpg?resize=1024%2C683&amp;ssl=1 1024w, https:\/\/i0.wp.com\/alpimages.ch\/wp-content\/uploads\/2015\/11\/ALPIMAGES-50.jpg?resize=317%2C212&amp;ssl=1 317w, https:\/\/i0.wp.com\/alpimages.ch\/wp-content\/uploads\/2015\/11\/ALPIMAGES-50.jpg?w=1360&amp;ssl=1 1360w, https:\/\/i0.wp.com\/alpimages.ch\/wp-content\/uploads\/2015\/11\/ALPIMAGES-50.jpg?w=2040&amp;ssl=1 2040w\" width=\"450\" height=\"300\" loading=\"lazy\" data-original-width=\"450\" data-original-height=\"300\" itemprop=\"http:\/\/schema.org\/image\" title=\"ALPIMAGES-50\" alt=\"ALPIMAGES-50\" style=\"width: 450px; height: 300px;\" \/> <\/a> <\/div> <\/div> <!-- close group --> <div class=\"gallery-group images-2\" style=\"width: 226px; height: 304px;\" data-original-width=\"226\" data-original-height=\"304\" > <div class=\"tiled-gallery-item tiled-gallery-item-small\" itemprop=\"associatedMedia\" itemscope itemtype=\"http:\/\/schema.org\/ImageObject\"> <a href=\"https:\/\/alpimages.ch\/en\/portfolio\/corporate\/alpimages-33\/\" border=\"0\" itemprop=\"url\"> <meta itemprop=\"width\" content=\"222\"> <meta itemprop=\"height\" content=\"148\"> <img decoding=\"async\" class=\"\" data-attachment-id=\"2543\" data-orig-file=\"https:\/\/alpimages.ch\/wp-content\/uploads\/2015\/11\/ALPIMAGES-33.jpg\" data-orig-size=\"7200,4805\" data-comments-opened=\"\" data-image-meta=\"{&quot;aperture&quot;:&quot;9&quot;,&quot;credit&quot;:&quot;&quot;,&quot;camera&quot;:&quot;NIKON D810&quot;,&quot;caption&quot;:&quot;&quot;,&quot;created_timestamp&quot;:&quot;1523086940&quot;,&quot;copyright&quot;:&quot;&quot;,&quot;focal_length&quot;:&quot;58&quot;,&quot;iso&quot;:&quot;250&quot;,&quot;shutter_speed&quot;:&quot;0.002&quot;,&quot;title&quot;:&quot;&quot;,&quot;orientation&quot;:&quot;1&quot;}\" data-image-title=\"ALPIMAGES-33\" data-image-description=\"\" data-medium-file=\"https:\/\/i0.wp.com\/alpimages.ch\/wp-content\/uploads\/2015\/11\/ALPIMAGES-33.jpg?fit=300%2C200&#038;ssl=1\" data-large-file=\"https:\/\/i0.wp.com\/alpimages.ch\/wp-content\/uploads\/2015\/11\/ALPIMAGES-33.jpg?fit=680%2C454&#038;ssl=1\" src=\"https:\/\/i0.wp.com\/alpimages.ch\/wp-content\/uploads\/2015\/11\/ALPIMAGES-33.jpg?w=222&#038;h=148&#038;ssl=1\" srcset=\"https:\/\/i0.wp.com\/alpimages.ch\/wp-content\/uploads\/2015\/11\/ALPIMAGES-33.jpg?w=7200&amp;ssl=1 7200w, https:\/\/i0.wp.com\/alpimages.ch\/wp-content\/uploads\/2015\/11\/ALPIMAGES-33.jpg?resize=150%2C100&amp;ssl=1 150w, https:\/\/i0.wp.com\/alpimages.ch\/wp-content\/uploads\/2015\/11\/ALPIMAGES-33.jpg?resize=300%2C200&amp;ssl=1 300w, https:\/\/i0.wp.com\/alpimages.ch\/wp-content\/uploads\/2015\/11\/ALPIMAGES-33.jpg?resize=768%2C513&amp;ssl=1 768w, https:\/\/i0.wp.com\/alpimages.ch\/wp-content\/uploads\/2015\/11\/ALPIMAGES-33.jpg?resize=1024%2C683&amp;ssl=1 1024w, https:\/\/i0.wp.com\/alpimages.ch\/wp-content\/uploads\/2015\/11\/ALPIMAGES-33.jpg?resize=317%2C212&amp;ssl=1 317w, https:\/\/i0.wp.com\/alpimages.ch\/wp-content\/uploads\/2015\/11\/ALPIMAGES-33.jpg?w=1360&amp;ssl=1 1360w, https:\/\/i0.wp.com\/alpimages.ch\/wp-content\/uploads\/2015\/11\/ALPIMAGES-33.jpg?w=2040&amp;ssl=1 2040w\" width=\"222\" height=\"148\" loading=\"lazy\" data-original-width=\"222\" data-original-height=\"148\" itemprop=\"http:\/\/schema.org\/image\" title=\"ALPIMAGES-33\" alt=\"ALPIMAGES-33\" style=\"width: 222px; height: 148px;\" \/> <\/a> <\/div> <div class=\"tiled-gallery-item tiled-gallery-item-small\" itemprop=\"associatedMedia\" itemscope itemtype=\"http:\/\/schema.org\/ImageObject\"> <a href=\"https:\/\/alpimages.ch\/en\/portfolio\/corporate\/alpimages_thomas-roulin-027-2\/\" border=\"0\" itemprop=\"url\"> <meta itemprop=\"width\" content=\"222\"> <meta itemprop=\"height\" content=\"148\"> <img decoding=\"async\" class=\"\" data-attachment-id=\"2536\" data-orig-file=\"https:\/\/alpimages.ch\/wp-content\/uploads\/2015\/11\/\u00a9Alpimages_Thomas-Roulin-027.jpg\" data-orig-size=\"3531,2357\" data-comments-opened=\"\" data-image-meta=\"{&quot;aperture&quot;:&quot;7.1&quot;,&quot;credit&quot;:&quot;&quot;,&quot;camera&quot;:&quot;NIKON D810&quot;,&quot;caption&quot;:&quot;&quot;,&quot;created_timestamp&quot;:&quot;1482765536&quot;,&quot;copyright&quot;:&quot;&quot;,&quot;focal_length&quot;:&quot;55&quot;,&quot;iso&quot;:&quot;160&quot;,&quot;shutter_speed&quot;:&quot;0.003125&quot;,&quot;title&quot;:&quot;&quot;,&quot;orientation&quot;:&quot;0&quot;}\" data-image-title=\"\u00a9Alpimages_Thomas Roulin&amp;#8211;027\" data-image-description=\"\" data-medium-file=\"https:\/\/i0.wp.com\/alpimages.ch\/wp-content\/uploads\/2015\/11\/%C2%A9Alpimages_Thomas-Roulin-027.jpg?fit=300%2C200&#038;ssl=1\" data-large-file=\"https:\/\/i0.wp.com\/alpimages.ch\/wp-content\/uploads\/2015\/11\/%C2%A9Alpimages_Thomas-Roulin-027.jpg?fit=680%2C454&#038;ssl=1\" src=\"https:\/\/i0.wp.com\/alpimages.ch\/wp-content\/uploads\/2015\/11\/%C2%A9Alpimages_Thomas-Roulin-027.jpg?w=222&#038;h=148&#038;ssl=1\" width=\"222\" height=\"148\" loading=\"lazy\" data-original-width=\"222\" data-original-height=\"148\" itemprop=\"http:\/\/schema.org\/image\" title=\"\u00a9Alpimages_Thomas Roulin--027\" alt=\"\u00a9Alpimages_Thomas Roulin--027\" style=\"width: 222px; height: 148px;\" \/> <\/a> <\/div> <\/div> <!-- close group --> <\/div> <!-- close row --> <div class=\"gallery-row\" style=\"width: 680px; height: 577px;\" data-original-width=\"680\" data-original-height=\"577\" > <div class=\"gallery-group images-3\" style=\"width: 286px; height: 577px;\" data-original-width=\"286\" data-original-height=\"577\" > <div class=\"tiled-gallery-item tiled-gallery-item-large\" itemprop=\"associatedMedia\" itemscope itemtype=\"http:\/\/schema.org\/ImageObject\"> <a href=\"https:\/\/alpimages.ch\/en\/portfolio\/corporate\/tom_0466\/\" border=\"0\" itemprop=\"url\"> <meta itemprop=\"width\" content=\"282\"> <meta itemprop=\"height\" content=\"188\"> <img decoding=\"async\" class=\"\" data-attachment-id=\"2576\" data-orig-file=\"https:\/\/alpimages.ch\/wp-content\/uploads\/2015\/11\/TOM_0466.jpg\" data-orig-size=\"7360,4912\" data-comments-opened=\"\" data-image-meta=\"{&quot;aperture&quot;:&quot;8&quot;,&quot;credit&quot;:&quot;&quot;,&quot;camera&quot;:&quot;NIKON D810&quot;,&quot;caption&quot;:&quot;&quot;,&quot;created_timestamp&quot;:&quot;1492085012&quot;,&quot;copyright&quot;:&quot;&quot;,&quot;focal_length&quot;:&quot;58&quot;,&quot;iso&quot;:&quot;100&quot;,&quot;shutter_speed&quot;:&quot;0.005&quot;,&quot;title&quot;:&quot;&quot;,&quot;orientation&quot;:&quot;1&quot;}\" data-image-title=\"TOM_0466\" data-image-description=\"\" data-medium-file=\"https:\/\/i0.wp.com\/alpimages.ch\/wp-content\/uploads\/2015\/11\/TOM_0466.jpg?fit=300%2C200&#038;ssl=1\" data-large-file=\"https:\/\/i0.wp.com\/alpimages.ch\/wp-content\/uploads\/2015\/11\/TOM_0466.jpg?fit=680%2C454&#038;ssl=1\" src=\"https:\/\/i0.wp.com\/alpimages.ch\/wp-content\/uploads\/2015\/11\/TOM_0466.jpg?w=282&#038;h=188&#038;ssl=1\" srcset=\"https:\/\/i0.wp.com\/alpimages.ch\/wp-content\/uploads\/2015\/11\/TOM_0466.jpg?w=7360&amp;ssl=1 7360w, https:\/\/i0.wp.com\/alpimages.ch\/wp-content\/uploads\/2015\/11\/TOM_0466.jpg?resize=150%2C100&amp;ssl=1 150w, https:\/\/i0.wp.com\/alpimages.ch\/wp-content\/uploads\/2015\/11\/TOM_0466.jpg?resize=300%2C200&amp;ssl=1 300w, https:\/\/i0.wp.com\/alpimages.ch\/wp-content\/uploads\/2015\/11\/TOM_0466.jpg?resize=768%2C513&amp;ssl=1 768w, https:\/\/i0.wp.com\/alpimages.ch\/wp-content\/uploads\/2015\/11\/TOM_0466.jpg?resize=1024%2C683&amp;ssl=1 1024w, https:\/\/i0.wp.com\/alpimages.ch\/wp-content\/uploads\/2015\/11\/TOM_0466.jpg?resize=317%2C212&amp;ssl=1 317w, https:\/\/i0.wp.com\/alpimages.ch\/wp-content\/uploads\/2015\/11\/TOM_0466.jpg?w=1360&amp;ssl=1 1360w, https:\/\/i0.wp.com\/alpimages.ch\/wp-content\/uploads\/2015\/11\/TOM_0466.jpg?w=2040&amp;ssl=1 2040w\" width=\"282\" height=\"188\" loading=\"lazy\" data-original-width=\"282\" data-original-height=\"188\" itemprop=\"http:\/\/schema.org\/image\" title=\"TOM_0466\" alt=\"TOM_0466\" style=\"width: 282px; height: 188px;\" \/> <\/a> <\/div> <div class=\"tiled-gallery-item tiled-gallery-item-large\" itemprop=\"associatedMedia\" itemscope itemtype=\"http:\/\/schema.org\/ImageObject\"> <a href=\"https:\/\/alpimages.ch\/en\/portfolio\/corporate\/alpimages-thomas-9153-2\/\" border=\"0\" itemprop=\"url\"> <meta itemprop=\"width\" content=\"282\"> <meta itemprop=\"height\" content=\"189\"> <img decoding=\"async\" class=\"\" data-attachment-id=\"2548\" data-orig-file=\"https:\/\/alpimages.ch\/wp-content\/uploads\/2015\/11\/ALPIMAGES-Thomas-\u00a9-9153.jpg\" data-orig-size=\"9000,6007\" data-comments-opened=\"\" data-image-meta=\"{&quot;aperture&quot;:&quot;2.8&quot;,&quot;credit&quot;:&quot;&quot;,&quot;camera&quot;:&quot;NIKON D810&quot;,&quot;caption&quot;:&quot;&quot;,&quot;created_timestamp&quot;:&quot;1514304425&quot;,&quot;copyright&quot;:&quot;&quot;,&quot;focal_length&quot;:&quot;105&quot;,&quot;iso&quot;:&quot;500&quot;,&quot;shutter_speed&quot;:&quot;0.004&quot;,&quot;title&quot;:&quot;&quot;,&quot;orientation&quot;:&quot;1&quot;}\" data-image-title=\"ALPIMAGES-Thomas-\u00a9-9153\" data-image-description=\"\" data-medium-file=\"https:\/\/i0.wp.com\/alpimages.ch\/wp-content\/uploads\/2015\/11\/ALPIMAGES-Thomas-%C2%A9-9153.jpg?fit=300%2C200&#038;ssl=1\" data-large-file=\"https:\/\/i0.wp.com\/alpimages.ch\/wp-content\/uploads\/2015\/11\/ALPIMAGES-Thomas-%C2%A9-9153.jpg?fit=680%2C454&#038;ssl=1\" src=\"https:\/\/i0.wp.com\/alpimages.ch\/wp-content\/uploads\/2015\/11\/ALPIMAGES-Thomas-%C2%A9-9153.jpg?w=282&#038;h=189&#038;ssl=1\" width=\"282\" height=\"189\" loading=\"lazy\" data-original-width=\"282\" data-original-height=\"189\" itemprop=\"http:\/\/schema.org\/image\" title=\"ALPIMAGES-Thomas-\u00a9-9153\" alt=\"ALPIMAGES-Thomas-\u00a9-9153\" style=\"width: 282px; height: 189px;\" \/> <\/a> <\/div> <div class=\"tiled-gallery-item tiled-gallery-item-large\" itemprop=\"associatedMedia\" itemscope itemtype=\"http:\/\/schema.org\/ImageObject\"> <a href=\"https:\/\/alpimages.ch\/en\/portfolio\/corporate\/alpimages-thomas-8566\/\" border=\"0\" itemprop=\"url\"> <meta itemprop=\"width\" content=\"282\"> <meta itemprop=\"height\" content=\"188\"> <img decoding=\"async\" class=\"\" data-attachment-id=\"2547\" data-orig-file=\"https:\/\/alpimages.ch\/wp-content\/uploads\/2015\/11\/ALPIMAGES-Thomas-\u00a9-8566.jpg\" data-orig-size=\"4500,3003\" data-comments-opened=\"\" data-image-meta=\"{&quot;aperture&quot;:&quot;7.1&quot;,&quot;credit&quot;:&quot;&quot;,&quot;camera&quot;:&quot;NIKON D810&quot;,&quot;caption&quot;:&quot;&quot;,&quot;created_timestamp&quot;:&quot;1514216274&quot;,&quot;copyright&quot;:&quot;&quot;,&quot;focal_length&quot;:&quot;66&quot;,&quot;iso&quot;:&quot;250&quot;,&quot;shutter_speed&quot;:&quot;0.0125&quot;,&quot;title&quot;:&quot;&quot;,&quot;orientation&quot;:&quot;0&quot;}\" data-image-title=\"ALPIMAGES-Thomas-\u00a9-8566\" data-image-description=\"\" data-medium-file=\"https:\/\/i0.wp.com\/alpimages.ch\/wp-content\/uploads\/2015\/11\/ALPIMAGES-Thomas-%C2%A9-8566.jpg?fit=300%2C200&#038;ssl=1\" data-large-file=\"https:\/\/i0.wp.com\/alpimages.ch\/wp-content\/uploads\/2015\/11\/ALPIMAGES-Thomas-%C2%A9-8566.jpg?fit=680%2C454&#038;ssl=1\" src=\"https:\/\/i0.wp.com\/alpimages.ch\/wp-content\/uploads\/2015\/11\/ALPIMAGES-Thomas-%C2%A9-8566.jpg?w=282&#038;h=188&#038;ssl=1\" width=\"282\" height=\"188\" loading=\"lazy\" data-original-width=\"282\" data-original-height=\"188\" itemprop=\"http:\/\/schema.org\/image\" title=\"ALPIMAGES-Thomas-\u00a9-8566\" alt=\"ALPIMAGES-Thomas-\u00a9-8566\" style=\"width: 282px; height: 188px;\" \/> <\/a> <\/div> <\/div> <!-- close group --> <div class=\"gallery-group images-1\" style=\"width: 394px; height: 577px;\" data-original-width=\"394\" data-original-height=\"577\" > <div class=\"tiled-gallery-item tiled-gallery-item-large\" itemprop=\"associatedMedia\" itemscope itemtype=\"http:\/\/schema.org\/ImageObject\"> <a href=\"https:\/\/alpimages.ch\/en\/portfolio\/corporate\/tom_5234nettete-optimiseefiltre\/\" border=\"0\" itemprop=\"url\"> <meta itemprop=\"width\" content=\"390\"> <meta itemprop=\"height\" content=\"573\"> <img decoding=\"async\" class=\"\" data-attachment-id=\"2578\" data-orig-file=\"https:\/\/alpimages.ch\/wp-content\/uploads\/2015\/11\/TOM_5234Nettete-OptimiseeFiltre.jpg\" data-orig-size=\"4403,6475\" data-comments-opened=\"\" data-image-meta=\"{&quot;aperture&quot;:&quot;3.2&quot;,&quot;credit&quot;:&quot;&quot;,&quot;camera&quot;:&quot;NIKON D800&quot;,&quot;caption&quot;:&quot;&quot;,&quot;created_timestamp&quot;:&quot;1369180403&quot;,&quot;copyright&quot;:&quot;&quot;,&quot;focal_length&quot;:&quot;85&quot;,&quot;iso&quot;:&quot;2000&quot;,&quot;shutter_speed&quot;:&quot;0.002&quot;,&quot;title&quot;:&quot;&quot;,&quot;orientation&quot;:&quot;1&quot;}\" data-image-title=\"TOM_5234Nettete OptimiseeFiltre\" data-image-description=\"\" data-medium-file=\"https:\/\/i0.wp.com\/alpimages.ch\/wp-content\/uploads\/2015\/11\/TOM_5234Nettete-OptimiseeFiltre.jpg?fit=204%2C300&#038;ssl=1\" data-large-file=\"https:\/\/i0.wp.com\/alpimages.ch\/wp-content\/uploads\/2015\/11\/TOM_5234Nettete-OptimiseeFiltre.jpg?fit=680%2C1000&#038;ssl=1\" src=\"https:\/\/i0.wp.com\/alpimages.ch\/wp-content\/uploads\/2015\/11\/TOM_5234Nettete-OptimiseeFiltre.jpg?w=390&#038;h=573&#038;ssl=1\" srcset=\"https:\/\/i0.wp.com\/alpimages.ch\/wp-content\/uploads\/2015\/11\/TOM_5234Nettete-OptimiseeFiltre.jpg?w=4403&amp;ssl=1 4403w, https:\/\/i0.wp.com\/alpimages.ch\/wp-content\/uploads\/2015\/11\/TOM_5234Nettete-OptimiseeFiltre.jpg?resize=102%2C150&amp;ssl=1 102w, https:\/\/i0.wp.com\/alpimages.ch\/wp-content\/uploads\/2015\/11\/TOM_5234Nettete-OptimiseeFiltre.jpg?resize=204%2C300&amp;ssl=1 204w, https:\/\/i0.wp.com\/alpimages.ch\/wp-content\/uploads\/2015\/11\/TOM_5234Nettete-OptimiseeFiltre.jpg?resize=768%2C1129&amp;ssl=1 768w, https:\/\/i0.wp.com\/alpimages.ch\/wp-content\/uploads\/2015\/11\/TOM_5234Nettete-OptimiseeFiltre.jpg?resize=696%2C1024&amp;ssl=1 696w, https:\/\/i0.wp.com\/alpimages.ch\/wp-content\/uploads\/2015\/11\/TOM_5234Nettete-OptimiseeFiltre.jpg?resize=317%2C466&amp;ssl=1 317w, https:\/\/i0.wp.com\/alpimages.ch\/wp-content\/uploads\/2015\/11\/TOM_5234Nettete-OptimiseeFiltre.jpg?w=1360&amp;ssl=1 1360w, https:\/\/i0.wp.com\/alpimages.ch\/wp-content\/uploads\/2015\/11\/TOM_5234Nettete-OptimiseeFiltre.jpg?w=2040&amp;ssl=1 2040w\" width=\"390\" height=\"573\" loading=\"lazy\" data-original-width=\"390\" data-original-height=\"573\" itemprop=\"http:\/\/schema.org\/image\" title=\"TOM_5234Nettete OptimiseeFiltre\" alt=\"TOM_5234Nettete OptimiseeFiltre\" style=\"width: 390px; height: 573px;\" \/> <\/a> <\/div> <\/div> <!-- close group --> <\/div> <!-- close row --> <div class=\"gallery-row\" style=\"width: 680px; height: 529px;\" data-original-width=\"680\" data-original-height=\"529\" > <div class=\"gallery-group images-1\" style=\"width: 353px; height: 529px;\" data-original-width=\"353\" data-original-height=\"529\" > <div class=\"tiled-gallery-item tiled-gallery-item-large\" itemprop=\"associatedMedia\" itemscope itemtype=\"http:\/\/schema.org\/ImageObject\"> <a href=\"https:\/\/alpimages.ch\/en\/portfolio\/corporate\/20101229-tom_0053-2-2\/\" border=\"0\" itemprop=\"url\"> <meta itemprop=\"width\" content=\"349\"> <meta itemprop=\"height\" content=\"525\"> <img decoding=\"async\" class=\"\" data-attachment-id=\"2542\" data-orig-file=\"https:\/\/alpimages.ch\/wp-content\/uploads\/2015\/11\/20101229-TOM_0053-2.jpg\" data-orig-size=\"1572,2362\" data-comments-opened=\"\" data-image-meta=\"{&quot;aperture&quot;:&quot;4.2&quot;,&quot;credit&quot;:&quot;THOMAS ROULIN&quot;,&quot;camera&quot;:&quot;NIKON D3&quot;,&quot;caption&quot;:&quot;&quot;,&quot;created_timestamp&quot;:&quot;1293646005&quot;,&quot;copyright&quot;:&quot;ALL RESERVEDD@D&quot;,&quot;focal_length&quot;:&quot;48&quot;,&quot;iso&quot;:&quot;1000&quot;,&quot;shutter_speed&quot;:&quot;0.016666666666667&quot;,&quot;title&quot;:&quot;&quot;,&quot;orientation&quot;:&quot;0&quot;}\" data-image-title=\"20101229-TOM_0053-2\" data-image-description=\"\" data-medium-file=\"https:\/\/i0.wp.com\/alpimages.ch\/wp-content\/uploads\/2015\/11\/20101229-TOM_0053-2.jpg?fit=200%2C300&#038;ssl=1\" data-large-file=\"https:\/\/i0.wp.com\/alpimages.ch\/wp-content\/uploads\/2015\/11\/20101229-TOM_0053-2.jpg?fit=680%2C1021&#038;ssl=1\" src=\"https:\/\/i0.wp.com\/alpimages.ch\/wp-content\/uploads\/2015\/11\/20101229-TOM_0053-2.jpg?w=349&#038;h=525&#038;ssl=1\" srcset=\"https:\/\/i0.wp.com\/alpimages.ch\/wp-content\/uploads\/2015\/11\/20101229-TOM_0053-2.jpg?w=1572&amp;ssl=1 1572w, https:\/\/i0.wp.com\/alpimages.ch\/wp-content\/uploads\/2015\/11\/20101229-TOM_0053-2.jpg?resize=100%2C150&amp;ssl=1 100w, https:\/\/i0.wp.com\/alpimages.ch\/wp-content\/uploads\/2015\/11\/20101229-TOM_0053-2.jpg?resize=200%2C300&amp;ssl=1 200w, https:\/\/i0.wp.com\/alpimages.ch\/wp-content\/uploads\/2015\/11\/20101229-TOM_0053-2.jpg?resize=768%2C1154&amp;ssl=1 768w, https:\/\/i0.wp.com\/alpimages.ch\/wp-content\/uploads\/2015\/11\/20101229-TOM_0053-2.jpg?resize=682%2C1024&amp;ssl=1 682w, https:\/\/i0.wp.com\/alpimages.ch\/wp-content\/uploads\/2015\/11\/20101229-TOM_0053-2.jpg?resize=317%2C476&amp;ssl=1 317w, https:\/\/i0.wp.com\/alpimages.ch\/wp-content\/uploads\/2015\/11\/20101229-TOM_0053-2.jpg?w=1360&amp;ssl=1 1360w\" width=\"349\" height=\"525\" loading=\"lazy\" data-original-width=\"349\" data-original-height=\"525\" itemprop=\"http:\/\/schema.org\/image\" title=\"20101229-TOM_0053-2\" alt=\"20101229-TOM_0053-2\" style=\"width: 349px; height: 525px;\" \/> <\/a> <\/div> <\/div> <!-- close group --> <div class=\"gallery-group images-1\" style=\"width: 327px; height: 529px;\" data-original-width=\"327\" data-original-height=\"529\" > <div class=\"tiled-gallery-item tiled-gallery-item-large\" itemprop=\"associatedMedia\" itemscope itemtype=\"http:\/\/schema.org\/ImageObject\"> <a href=\"https:\/\/alpimages.ch\/en\/portfolio\/services\/tom-43-1\/\" border=\"0\" itemprop=\"url\"> <meta itemprop=\"width\" content=\"323\"> <meta itemprop=\"height\" content=\"525\"> <img decoding=\"async\" class=\"\" data-attachment-id=\"785\" data-orig-file=\"https:\/\/alpimages.ch\/wp-content\/uploads\/2015\/07\/tom-43-1.jpg\" data-orig-size=\"2177,3543\" data-comments-opened=\"\" data-image-meta=\"{&quot;aperture&quot;:&quot;4&quot;,&quot;credit&quot;:&quot;MAJID\\\/BOUKAMEL&quot;,&quot;camera&quot;:&quot;NIKON D700&quot;,&quot;caption&quot;:&quot;&quot;,&quot;created_timestamp&quot;:&quot;1328286985&quot;,&quot;copyright&quot;:&quot;ALPIMAGES-VERBIER&quot;,&quot;focal_length&quot;:&quot;85&quot;,&quot;iso&quot;:&quot;160&quot;,&quot;shutter_speed&quot;:&quot;0.0025&quot;,&quot;title&quot;:&quot;&quot;,&quot;orientation&quot;:&quot;1&quot;}\" data-image-title=\"TOM-43-1\" data-image-description=\"\" data-medium-file=\"https:\/\/i0.wp.com\/alpimages.ch\/wp-content\/uploads\/2015\/07\/tom-43-1.jpg?fit=184%2C300&#038;ssl=1\" data-large-file=\"https:\/\/i0.wp.com\/alpimages.ch\/wp-content\/uploads\/2015\/07\/tom-43-1.jpg?fit=629%2C1024&#038;ssl=1\" src=\"https:\/\/i0.wp.com\/alpimages.ch\/wp-content\/uploads\/2015\/07\/tom-43-1.jpg?w=323&#038;h=525&#038;ssl=1\" width=\"323\" height=\"525\" loading=\"lazy\" data-original-width=\"323\" data-original-height=\"525\" itemprop=\"http:\/\/schema.org\/image\" title=\"TOM-43-1\" alt=\"TOM-43-1\" style=\"width: 323px; height: 525px;\" \/> <\/a> <\/div> <\/div> <!-- close group --> <\/div> <!-- close row --> <div class=\"gallery-row\" style=\"width: 680px; height: 304px;\" data-original-width=\"680\" data-original-height=\"304\" > <div class=\"gallery-group images-2\" style=\"width: 226px; height: 304px;\" data-original-width=\"226\" data-original-height=\"304\" > <div class=\"tiled-gallery-item tiled-gallery-item-small\" itemprop=\"associatedMedia\" itemscope itemtype=\"http:\/\/schema.org\/ImageObject\"> <a href=\"https:\/\/alpimages.ch\/en\/portfolio\/services\/alpimagesverbier-ch-7199-copie\/\" border=\"0\" itemprop=\"url\"> <meta itemprop=\"width\" content=\"222\"> <meta itemprop=\"height\" content=\"148\"> <img decoding=\"async\" class=\"\" data-attachment-id=\"6395\" data-orig-file=\"https:\/\/alpimages.ch\/wp-content\/uploads\/2015\/07\/alpimages@verbier.ch-7199-copie.jpg\" data-orig-size=\"6000,4005\" data-comments-opened=\"\" data-image-meta=\"{&quot;aperture&quot;:&quot;5.6&quot;,&quot;credit&quot;:&quot;CEDRIC DEBRAIS CD PHT}&quot;,&quot;camera&quot;:&quot;NIKON D750&quot;,&quot;caption&quot;:&quot;&quot;,&quot;created_timestamp&quot;:&quot;1546172266&quot;,&quot;copyright&quot;:&quot;C.D PHTO _ _99&quot;,&quot;focal_length&quot;:&quot;85&quot;,&quot;iso&quot;:&quot;200&quot;,&quot;shutter_speed&quot;:&quot;0.0005&quot;,&quot;title&quot;:&quot;&quot;,&quot;orientation&quot;:&quot;1&quot;}\" data-image-title=\"alpimages@verbier.ch-7199 copie\" data-image-description=\"\" data-medium-file=\"https:\/\/i0.wp.com\/alpimages.ch\/wp-content\/uploads\/2015\/07\/alpimages%40verbier.ch-7199-copie.jpg?fit=300%2C200&#038;ssl=1\" data-large-file=\"https:\/\/i0.wp.com\/alpimages.ch\/wp-content\/uploads\/2015\/07\/alpimages%40verbier.ch-7199-copie.jpg?fit=680%2C454&#038;ssl=1\" src=\"https:\/\/i0.wp.com\/alpimages.ch\/wp-content\/uploads\/2015\/07\/alpimages%40verbier.ch-7199-copie.jpg?w=222&#038;h=148&#038;ssl=1\" width=\"222\" height=\"148\" loading=\"lazy\" data-original-width=\"222\" data-original-height=\"148\" itemprop=\"http:\/\/schema.org\/image\" title=\"alpimages@verbier.ch-7199 copie\" alt=\"alpimages@verbier.ch-7199 copie\" style=\"width: 222px; height: 148px;\" \/> <\/a> <\/div> <div class=\"tiled-gallery-item tiled-gallery-item-small\" itemprop=\"associatedMedia\" itemscope itemtype=\"http:\/\/schema.org\/ImageObject\"> <a href=\"https:\/\/alpimages.ch\/en\/portfolio\/services\/alpimagesverbier-ch-8823-2\/\" border=\"0\" itemprop=\"url\"> <meta itemprop=\"width\" content=\"222\"> <meta itemprop=\"height\" content=\"148\"> <img decoding=\"async\" class=\"\" data-attachment-id=\"6396\" data-orig-file=\"https:\/\/alpimages.ch\/wp-content\/uploads\/2015\/07\/Alpimages@verbier.ch-8823.jpg\" data-orig-size=\"1181,788\" data-comments-opened=\"\" data-image-meta=\"{&quot;aperture&quot;:&quot;4&quot;,&quot;credit&quot;:&quot;&quot;,&quot;camera&quot;:&quot;NIKON D810&quot;,&quot;caption&quot;:&quot;&quot;,&quot;created_timestamp&quot;:&quot;1550150690&quot;,&quot;copyright&quot;:&quot;&quot;,&quot;focal_length&quot;:&quot;86&quot;,&quot;iso&quot;:&quot;400&quot;,&quot;shutter_speed&quot;:&quot;0.005&quot;,&quot;title&quot;:&quot;&quot;,&quot;orientation&quot;:&quot;0&quot;}\" data-image-title=\"Alpimages@verbier.ch-8823\" data-image-description=\"\" data-medium-file=\"https:\/\/i0.wp.com\/alpimages.ch\/wp-content\/uploads\/2015\/07\/Alpimages%40verbier.ch-8823.jpg?fit=300%2C200&#038;ssl=1\" data-large-file=\"https:\/\/i0.wp.com\/alpimages.ch\/wp-content\/uploads\/2015\/07\/Alpimages%40verbier.ch-8823.jpg?fit=680%2C454&#038;ssl=1\" src=\"https:\/\/i0.wp.com\/alpimages.ch\/wp-content\/uploads\/2015\/07\/Alpimages%40verbier.ch-8823.jpg?w=222&#038;h=148&#038;ssl=1\" width=\"222\" height=\"148\" loading=\"lazy\" data-original-width=\"222\" data-original-height=\"148\" itemprop=\"http:\/\/schema.org\/image\" title=\"Alpimages@verbier.ch-8823\" alt=\"Alpimages@verbier.ch-8823\" style=\"width: 222px; height: 148px;\" \/> <\/a> <\/div> <\/div> <!-- close group --> <div class=\"gallery-group images-1\" style=\"width: 454px; height: 304px;\" data-original-width=\"454\" data-original-height=\"304\" > <div class=\"tiled-gallery-item tiled-gallery-item-large\" itemprop=\"associatedMedia\" itemscope itemtype=\"http:\/\/schema.org\/ImageObject\"> <a href=\"https:\/\/alpimages.ch\/en\/portfolio\/services\/alpimagesverbier-ch-8976\/\" border=\"0\" itemprop=\"url\"> <meta itemprop=\"width\" content=\"450\"> <meta itemprop=\"height\" content=\"300\"> <img decoding=\"async\" class=\"\" data-attachment-id=\"6397\" data-orig-file=\"https:\/\/alpimages.ch\/wp-content\/uploads\/2015\/07\/Alpimages@verbier.ch-8976.jpg\" data-orig-size=\"2362,1576\" data-comments-opened=\"\" data-image-meta=\"{&quot;aperture&quot;:&quot;5.6&quot;,&quot;credit&quot;:&quot;&quot;,&quot;camera&quot;:&quot;NIKON D810&quot;,&quot;caption&quot;:&quot;&quot;,&quot;created_timestamp&quot;:&quot;1550230986&quot;,&quot;copyright&quot;:&quot;&quot;,&quot;focal_length&quot;:&quot;65&quot;,&quot;iso&quot;:&quot;200&quot;,&quot;shutter_speed&quot;:&quot;0.005&quot;,&quot;title&quot;:&quot;&quot;,&quot;orientation&quot;:&quot;1&quot;}\" data-image-title=\"Alpimages@verbier.ch-8976\" data-image-description=\"\" data-medium-file=\"https:\/\/i0.wp.com\/alpimages.ch\/wp-content\/uploads\/2015\/07\/Alpimages%40verbier.ch-8976.jpg?fit=300%2C200&#038;ssl=1\" data-large-file=\"https:\/\/i0.wp.com\/alpimages.ch\/wp-content\/uploads\/2015\/07\/Alpimages%40verbier.ch-8976.jpg?fit=680%2C454&#038;ssl=1\" src=\"https:\/\/i0.wp.com\/alpimages.ch\/wp-content\/uploads\/2015\/07\/Alpimages%40verbier.ch-8976.jpg?w=450&#038;h=300&#038;ssl=1\" width=\"450\" height=\"300\" loading=\"lazy\" data-original-width=\"450\" data-original-height=\"300\" itemprop=\"http:\/\/schema.org\/image\" title=\"Alpimages@verbier.ch-8976\" alt=\"Alpimages@verbier.ch-8976\" style=\"width: 450px; height: 300px;\" \/> <\/a> <\/div> <\/div> <!-- close group --> <\/div> <!-- close row --> <div class=\"gallery-row\" style=\"width: 680px; height: 507px;\" data-original-width=\"680\" data-original-height=\"507\" > <div class=\"gallery-group images-1\" style=\"width: 340px; height: 507px;\" data-original-width=\"340\" data-original-height=\"507\" > <div class=\"tiled-gallery-item tiled-gallery-item-large\" itemprop=\"associatedMedia\" itemscope itemtype=\"http:\/\/schema.org\/ImageObject\"> <a href=\"https:\/\/alpimages.ch\/en\/portfolio\/services\/tom_0383\/\" border=\"0\" itemprop=\"url\"> <meta itemprop=\"width\" content=\"336\"> <meta itemprop=\"height\" content=\"503\"> <img decoding=\"async\" class=\"\" data-attachment-id=\"7773\" data-orig-file=\"https:\/\/alpimages.ch\/wp-content\/uploads\/2015\/07\/TOM_0383.jpg\" data-orig-size=\"1183,1772\" data-comments-opened=\"\" data-image-meta=\"{&quot;aperture&quot;:&quot;0&quot;,&quot;credit&quot;:&quot;&quot;,&quot;camera&quot;:&quot;&quot;,&quot;caption&quot;:&quot;&quot;,&quot;created_timestamp&quot;:&quot;0&quot;,&quot;copyright&quot;:&quot;&quot;,&quot;focal_length&quot;:&quot;0&quot;,&quot;iso&quot;:&quot;0&quot;,&quot;shutter_speed&quot;:&quot;0&quot;,&quot;title&quot;:&quot;&quot;,&quot;orientation&quot;:&quot;0&quot;}\" data-image-title=\"TOM_0383\" data-image-description=\"\" data-medium-file=\"https:\/\/i0.wp.com\/alpimages.ch\/wp-content\/uploads\/2015\/07\/TOM_0383.jpg?fit=200%2C300&#038;ssl=1\" data-large-file=\"https:\/\/i0.wp.com\/alpimages.ch\/wp-content\/uploads\/2015\/07\/TOM_0383.jpg?fit=680%2C1018&#038;ssl=1\" src=\"https:\/\/i0.wp.com\/alpimages.ch\/wp-content\/uploads\/2015\/07\/TOM_0383.jpg?w=336&#038;h=503&#038;ssl=1\" srcset=\"https:\/\/i0.wp.com\/alpimages.ch\/wp-content\/uploads\/2015\/07\/TOM_0383.jpg?w=1183&amp;ssl=1 1183w, https:\/\/i0.wp.com\/alpimages.ch\/wp-content\/uploads\/2015\/07\/TOM_0383.jpg?resize=200%2C300&amp;ssl=1 200w, https:\/\/i0.wp.com\/alpimages.ch\/wp-content\/uploads\/2015\/07\/TOM_0383.jpg?resize=684%2C1024&amp;ssl=1 684w, https:\/\/i0.wp.com\/alpimages.ch\/wp-content\/uploads\/2015\/07\/TOM_0383.jpg?resize=100%2C150&amp;ssl=1 100w, https:\/\/i0.wp.com\/alpimages.ch\/wp-content\/uploads\/2015\/07\/TOM_0383.jpg?resize=768%2C1150&amp;ssl=1 768w, https:\/\/i0.wp.com\/alpimages.ch\/wp-content\/uploads\/2015\/07\/TOM_0383.jpg?resize=1025%2C1536&amp;ssl=1 1025w, https:\/\/i0.wp.com\/alpimages.ch\/wp-content\/uploads\/2015\/07\/TOM_0383.jpg?resize=317%2C475&amp;ssl=1 317w\" width=\"336\" height=\"503\" loading=\"lazy\" data-original-width=\"336\" data-original-height=\"503\" itemprop=\"http:\/\/schema.org\/image\" title=\"TOM_0383\" alt=\"TOM_0383\" style=\"width: 336px; height: 503px;\" \/> <\/a> <\/div> <\/div> <!-- close group --> <div class=\"gallery-group images-1\" style=\"width: 340px; height: 507px;\" data-original-width=\"340\" data-original-height=\"507\" > <div class=\"tiled-gallery-item tiled-gallery-item-large\" itemprop=\"associatedMedia\" itemscope itemtype=\"http:\/\/schema.org\/ImageObject\"> <a href=\"https:\/\/alpimages.ch\/en\/portfolio\/services\/alpimages-fleurgerritsen-76-2\/\" border=\"0\" itemprop=\"url\"> <meta itemprop=\"width\" content=\"336\"> <meta itemprop=\"height\" content=\"503\"> <img decoding=\"async\" class=\"\" data-attachment-id=\"7774\" data-orig-file=\"https:\/\/alpimages.ch\/wp-content\/uploads\/2015\/07\/\u00a9ALPIMAGES-FleurGerritsen-76-1.jpg\" data-orig-size=\"3003,4500\" data-comments-opened=\"\" data-image-meta=\"{&quot;aperture&quot;:&quot;0&quot;,&quot;credit&quot;:&quot;&quot;,&quot;camera&quot;:&quot;&quot;,&quot;caption&quot;:&quot;&quot;,&quot;created_timestamp&quot;:&quot;0&quot;,&quot;copyright&quot;:&quot;&quot;,&quot;focal_length&quot;:&quot;0&quot;,&quot;iso&quot;:&quot;0&quot;,&quot;shutter_speed&quot;:&quot;0&quot;,&quot;title&quot;:&quot;&quot;,&quot;orientation&quot;:&quot;0&quot;}\" data-image-title=\"\u00a9ALPIMAGES-FleurGerritsen-76\" data-image-description=\"\" data-medium-file=\"https:\/\/i0.wp.com\/alpimages.ch\/wp-content\/uploads\/2015\/07\/%C2%A9ALPIMAGES-FleurGerritsen-76-1.jpg?fit=200%2C300&#038;ssl=1\" data-large-file=\"https:\/\/i0.wp.com\/alpimages.ch\/wp-content\/uploads\/2015\/07\/%C2%A9ALPIMAGES-FleurGerritsen-76-1.jpg?fit=680%2C1020&#038;ssl=1\" src=\"https:\/\/i0.wp.com\/alpimages.ch\/wp-content\/uploads\/2015\/07\/%C2%A9ALPIMAGES-FleurGerritsen-76-1.jpg?w=336&#038;h=503&#038;ssl=1\" width=\"336\" height=\"503\" loading=\"lazy\" data-original-width=\"336\" data-original-height=\"503\" itemprop=\"http:\/\/schema.org\/image\" title=\"\u00a9ALPIMAGES-FleurGerritsen-76\" alt=\"\u00a9ALPIMAGES-FleurGerritsen-76\" style=\"width: 336px; height: 503px;\" \/> <\/a> <\/div> <\/div> <!-- close group --> <\/div> <!-- close row --> <div class=\"gallery-row\" style=\"width: 680px; height: 304px;\" data-original-width=\"680\" data-original-height=\"304\" > <div class=\"gallery-group images-1\" style=\"width: 454px; height: 304px;\" data-original-width=\"454\" data-original-height=\"304\" > <div class=\"tiled-gallery-item tiled-gallery-item-large\" itemprop=\"associatedMedia\" itemscope itemtype=\"http:\/\/schema.org\/ImageObject\"> <a href=\"https:\/\/alpimages.ch\/en\/portfolio\/services\/margoagnesfleurgerritsen-alpimages-18-2-2\/\" border=\"0\" itemprop=\"url\"> <meta itemprop=\"width\" content=\"450\"> <meta itemprop=\"height\" content=\"300\"> <img decoding=\"async\" class=\"\" data-attachment-id=\"7775\" data-orig-file=\"https:\/\/alpimages.ch\/wp-content\/uploads\/2015\/07\/MargoAgnes\u00a9FleurGerritsen-Alpimages-18-2-1.jpg\" data-orig-size=\"1500,1001\" data-comments-opened=\"\" data-image-meta=\"{&quot;aperture&quot;:&quot;0&quot;,&quot;credit&quot;:&quot;&quot;,&quot;camera&quot;:&quot;&quot;,&quot;caption&quot;:&quot;&quot;,&quot;created_timestamp&quot;:&quot;0&quot;,&quot;copyright&quot;:&quot;&quot;,&quot;focal_length&quot;:&quot;0&quot;,&quot;iso&quot;:&quot;0&quot;,&quot;shutter_speed&quot;:&quot;0&quot;,&quot;title&quot;:&quot;&quot;,&quot;orientation&quot;:&quot;0&quot;}\" data-image-title=\"Margo&amp;#038;Agnes\u00a9FleurGerritsen-Alpimages-18-2\" data-image-description=\"\" data-medium-file=\"https:\/\/i0.wp.com\/alpimages.ch\/wp-content\/uploads\/2015\/07\/MargoAgnes%C2%A9FleurGerritsen-Alpimages-18-2-1.jpg?fit=300%2C200&#038;ssl=1\" data-large-file=\"https:\/\/i0.wp.com\/alpimages.ch\/wp-content\/uploads\/2015\/07\/MargoAgnes%C2%A9FleurGerritsen-Alpimages-18-2-1.jpg?fit=680%2C454&#038;ssl=1\" src=\"https:\/\/i0.wp.com\/alpimages.ch\/wp-content\/uploads\/2015\/07\/MargoAgnes%C2%A9FleurGerritsen-Alpimages-18-2-1.jpg?w=450&#038;h=300&#038;ssl=1\" width=\"450\" height=\"300\" loading=\"lazy\" data-original-width=\"450\" data-original-height=\"300\" itemprop=\"http:\/\/schema.org\/image\" title=\"Margo&amp;Agnes\u00a9FleurGerritsen-Alpimages-18-2\" alt=\"Margo&amp;Agnes\u00a9FleurGerritsen-Alpimages-18-2\" style=\"width: 450px; height: 300px;\" \/> <\/a> <\/div> <\/div> <!-- close group --> <div class=\"gallery-group images-2\" style=\"width: 226px; height: 304px;\" data-original-width=\"226\" data-original-height=\"304\" > <div class=\"tiled-gallery-item tiled-gallery-item-small\" itemprop=\"associatedMedia\" itemscope itemtype=\"http:\/\/schema.org\/ImageObject\"> <a href=\"https:\/\/alpimages.ch\/en\/portfolio\/services\/margoagnesfleurgerritsen-alpimages-23-2\/\" border=\"0\" itemprop=\"url\"> <meta itemprop=\"width\" content=\"222\"> <meta itemprop=\"height\" content=\"148\"> <img decoding=\"async\" class=\"\" data-attachment-id=\"7776\" data-orig-file=\"https:\/\/alpimages.ch\/wp-content\/uploads\/2015\/07\/MargoAgnes\u00a9FleurGerritsen-Alpimages-23-1.jpg\" data-orig-size=\"1500,1001\" data-comments-opened=\"\" data-image-meta=\"{&quot;aperture&quot;:&quot;0&quot;,&quot;credit&quot;:&quot;&quot;,&quot;camera&quot;:&quot;&quot;,&quot;caption&quot;:&quot;&quot;,&quot;created_timestamp&quot;:&quot;0&quot;,&quot;copyright&quot;:&quot;&quot;,&quot;focal_length&quot;:&quot;0&quot;,&quot;iso&quot;:&quot;0&quot;,&quot;shutter_speed&quot;:&quot;0&quot;,&quot;title&quot;:&quot;&quot;,&quot;orientation&quot;:&quot;0&quot;}\" data-image-title=\"Margo&amp;#038;Agnes\u00a9FleurGerritsen-Alpimages-23\" data-image-description=\"\" data-medium-file=\"https:\/\/i0.wp.com\/alpimages.ch\/wp-content\/uploads\/2015\/07\/MargoAgnes%C2%A9FleurGerritsen-Alpimages-23-1.jpg?fit=300%2C200&#038;ssl=1\" data-large-file=\"https:\/\/i0.wp.com\/alpimages.ch\/wp-content\/uploads\/2015\/07\/MargoAgnes%C2%A9FleurGerritsen-Alpimages-23-1.jpg?fit=680%2C454&#038;ssl=1\" src=\"https:\/\/i0.wp.com\/alpimages.ch\/wp-content\/uploads\/2015\/07\/MargoAgnes%C2%A9FleurGerritsen-Alpimages-23-1.jpg?w=222&#038;h=148&#038;ssl=1\" width=\"222\" height=\"148\" loading=\"lazy\" data-original-width=\"222\" data-original-height=\"148\" itemprop=\"http:\/\/schema.org\/image\" title=\"Margo&amp;Agnes\u00a9FleurGerritsen-Alpimages-23\" alt=\"Margo&amp;Agnes\u00a9FleurGerritsen-Alpimages-23\" style=\"width: 222px; height: 148px;\" \/> <\/a> <\/div> <div class=\"tiled-gallery-item tiled-gallery-item-small\" itemprop=\"associatedMedia\" itemscope itemtype=\"http:\/\/schema.org\/ImageObject\"> <a href=\"https:\/\/alpimages.ch\/en\/portfolio\/services\/margoagnesfleurgerritsen-alpimages-71-2-2\/\" border=\"0\" itemprop=\"url\"> <meta itemprop=\"width\" content=\"222\"> <meta itemprop=\"height\" content=\"148\"> <img decoding=\"async\" class=\"\" data-attachment-id=\"7777\" data-orig-file=\"https:\/\/alpimages.ch\/wp-content\/uploads\/2015\/07\/MargoAgnes\u00a9FleurGerritsen-Alpimages-71-2-1.jpg\" data-orig-size=\"1500,1001\" data-comments-opened=\"\" data-image-meta=\"{&quot;aperture&quot;:&quot;0&quot;,&quot;credit&quot;:&quot;&quot;,&quot;camera&quot;:&quot;&quot;,&quot;caption&quot;:&quot;&quot;,&quot;created_timestamp&quot;:&quot;0&quot;,&quot;copyright&quot;:&quot;&quot;,&quot;focal_length&quot;:&quot;0&quot;,&quot;iso&quot;:&quot;0&quot;,&quot;shutter_speed&quot;:&quot;0&quot;,&quot;title&quot;:&quot;&quot;,&quot;orientation&quot;:&quot;0&quot;}\" data-image-title=\"Margo&amp;#038;Agnes\u00a9FleurGerritsen-Alpimages-71-2\" data-image-description=\"\" data-medium-file=\"https:\/\/i0.wp.com\/alpimages.ch\/wp-content\/uploads\/2015\/07\/MargoAgnes%C2%A9FleurGerritsen-Alpimages-71-2-1.jpg?fit=300%2C200&#038;ssl=1\" data-large-file=\"https:\/\/i0.wp.com\/alpimages.ch\/wp-content\/uploads\/2015\/07\/MargoAgnes%C2%A9FleurGerritsen-Alpimages-71-2-1.jpg?fit=680%2C454&#038;ssl=1\" src=\"https:\/\/i0.wp.com\/alpimages.ch\/wp-content\/uploads\/2015\/07\/MargoAgnes%C2%A9FleurGerritsen-Alpimages-71-2-1.jpg?w=222&#038;h=148&#038;ssl=1\" width=\"222\" height=\"148\" loading=\"lazy\" data-original-width=\"222\" data-original-height=\"148\" itemprop=\"http:\/\/schema.org\/image\" title=\"Margo&amp;Agnes\u00a9FleurGerritsen-Alpimages-71-2\" alt=\"Margo&amp;Agnes\u00a9FleurGerritsen-Alpimages-71-2\" style=\"width: 222px; height: 148px;\" \/> <\/a> <\/div> <\/div> <!-- close group --> <\/div> <!-- close row --> <\/div>\n<p>Des anniversaires au c\u00e9r\u00e9monies en passant par votre&nbsp;premi\u00e8re fois sur les pistes, les moments en famille sont pr\u00e9cieux et m\u00e9ritent&nbsp;que l&rsquo;on s&rsquo;en souvienne.<\/p>\n<p>Combien de fois vous \u00eates-vous d\u00e9j\u00e0 dit: \u00ab\u00a0si j&rsquo;avais su, j&rsquo;aurai pris des photos de telle ou telle&nbsp;occasion!\u00a0\u00bb<\/p>\n<p>Contrary to photos on an iPhone, iPad or other new technologies, our editions photos on paper respect the principles of edition of formerly (edition to the chemistry not in the ink) and protect you from memories for life that your rear grandchildren will be lucky enough to certainly still share!<\/p>\n<p>Find us fast on ski runs, in family, all the summer and winter season, or to our store for more information.<\/p>\n<p>Pour organiser une s\u00e9ance photo gratuite, vous pouvez nous contacter&nbsp;+41 27 771 7722 ou envoyez un email \u00e0&nbsp;<a href=\"mailto:alpimages@verbier.ch\" target=\"_blank\" rel=\"noopener noreferrer\">alpimages@verbier.ch<\/a>.<\/p>","protected":false},"excerpt":{"rendered":"<p>Des anniversaires au c\u00e9r\u00e9monies en passant par votre&nbsp;premi\u00e8re fois sur les pistes, les moments en famille sont pr\u00e9cieux et m\u00e9ritent&nbsp;que l&rsquo;on s&rsquo;en souvienne. Combien de fois vous \u00eates-vous d\u00e9j\u00e0 dit: \u00ab\u00a0si j&rsquo;avais su, j&rsquo;aurai pris des photos de telle ou telle&nbsp;occasion!\u00a0\u00bb Contrairement \u00e0 des photos sur un iPhone, iPad ou autres nouvelles technologies, nos tirages [&hellip;]<\/p>\n","protected":false},"author":1,"featured_media":777,"comment_status":"closed","ping_status":"open","template":"","format":"standard","meta":{"ngg_post_thumbnail":0,"footnotes":"","jetpack_publicize_message":"","jetpack_publicize_feature_enabled":true,"jetpack_social_post_already_shared":false,"jetpack_social_options":{"image_generator_settings":{"template":"highway","default_image_id":0,"font":"","enabled":false},"version":2},"_wpas_customize_per_network":false},"jetpack-portfolio-type":[],"jetpack-portfolio-tag":[],"class_list":["post-117","jetpack-portfolio","type-jetpack-portfolio","status-publish","format-standard","has-post-thumbnail","hentry"],"yoast_head":"<!-- This site is optimized with the Yoast SEO plugin v27.4 - https:\/\/yoast.com\/product\/yoast-seo-wordpress\/ -->\n<title>Portraits - Photographes professionnels - Galerie photos &amp; affiches - Verbier<\/title>\n<meta name=\"robots\" content=\"index, follow, max-snippet:-1, max-image-preview:large, max-video-preview:-1\" \/>\n<link rel=\"canonical\" href=\"https:\/\/alpimages.ch\/en\/portfolio\/services\/\" \/>\n<meta property=\"og:locale\" content=\"en_US\" \/>\n<meta property=\"og:type\" content=\"article\" \/>\n<meta property=\"og:title\" content=\"Portraits - Photographes professionnels - Galerie photos &amp; affiches - Verbier\" \/>\n<meta property=\"og:description\" content=\"Des anniversaires au c\u00e9r\u00e9monies en passant par votre&nbsp;premi\u00e8re fois sur les pistes, les moments en famille sont pr\u00e9cieux et m\u00e9ritent&nbsp;que l&rsquo;on s&rsquo;en souvienne. Combien de fois vous \u00eates-vous d\u00e9j\u00e0 dit: \u00ab\u00a0si j&rsquo;avais su, j&rsquo;aurai pris des photos de telle ou telle&nbsp;occasion!\u00a0\u00bb Contrairement \u00e0 des photos sur un iPhone, iPad ou autres nouvelles technologies, nos tirages [&hellip;]\" \/>\n<meta property=\"og:url\" content=\"https:\/\/alpimages.ch\/en\/portfolio\/services\/\" \/>\n<meta property=\"og:site_name\" content=\"Photographes professionnels - Galerie photos &amp; affiches - Verbier\" \/>\n<meta property=\"article:modified_time\" content=\"2021-03-12T13:51:36+00:00\" \/>\n<meta property=\"og:image\" content=\"https:\/\/i0.wp.com\/alpimages.ch\/wp-content\/uploads\/2015\/07\/alpimagesc2a9thomas-roulin-3.jpg?fit=680%2C1019&ssl=1\" \/>\n\t<meta property=\"og:image:width\" content=\"680\" \/>\n\t<meta property=\"og:image:height\" content=\"1019\" \/>\n\t<meta property=\"og:image:type\" content=\"image\/jpeg\" \/>\n<meta name=\"twitter:card\" content=\"summary_large_image\" \/>\n<meta name=\"twitter:label1\" content=\"Est. reading time\" \/>\n\t<meta name=\"twitter:data1\" content=\"1 minute\" \/>\n<script type=\"application\/ld+json\" class=\"yoast-schema-graph\">{\"@context\":\"https:\\\/\\\/schema.org\",\"@graph\":[{\"@type\":\"WebPage\",\"@id\":\"https:\\\/\\\/alpimages.ch\\\/portfolio\\\/services\\\/\",\"url\":\"https:\\\/\\\/alpimages.ch\\\/portfolio\\\/services\\\/\",\"name\":\"Portraits - Photographes professionnels - Galerie photos &amp; affiches - Verbier\",\"isPartOf\":{\"@id\":\"https:\\\/\\\/alpimages.ch\\\/#website\"},\"primaryImageOfPage\":{\"@id\":\"https:\\\/\\\/alpimages.ch\\\/portfolio\\\/services\\\/#primaryimage\"},\"image\":{\"@id\":\"https:\\\/\\\/alpimages.ch\\\/portfolio\\\/services\\\/#primaryimage\"},\"thumbnailUrl\":\"https:\\\/\\\/i0.wp.com\\\/alpimages.ch\\\/wp-content\\\/uploads\\\/2015\\\/07\\\/alpimagesc2a9thomas-roulin-3.jpg?fit=4912%2C7360&ssl=1\",\"datePublished\":\"2015-07-30T16:30:35+00:00\",\"dateModified\":\"2021-03-12T13:51:36+00:00\",\"breadcrumb\":{\"@id\":\"https:\\\/\\\/alpimages.ch\\\/portfolio\\\/services\\\/#breadcrumb\"},\"inLanguage\":\"en-US\",\"potentialAction\":[{\"@type\":\"ReadAction\",\"target\":[\"https:\\\/\\\/alpimages.ch\\\/portfolio\\\/services\\\/\"]}]},{\"@type\":\"ImageObject\",\"inLanguage\":\"en-US\",\"@id\":\"https:\\\/\\\/alpimages.ch\\\/portfolio\\\/services\\\/#primaryimage\",\"url\":\"https:\\\/\\\/i0.wp.com\\\/alpimages.ch\\\/wp-content\\\/uploads\\\/2015\\\/07\\\/alpimagesc2a9thomas-roulin-3.jpg?fit=4912%2C7360&ssl=1\",\"contentUrl\":\"https:\\\/\\\/i0.wp.com\\\/alpimages.ch\\\/wp-content\\\/uploads\\\/2015\\\/07\\\/alpimagesc2a9thomas-roulin-3.jpg?fit=4912%2C7360&ssl=1\",\"width\":\"4912\",\"height\":\"7360\"},{\"@type\":\"BreadcrumbList\",\"@id\":\"https:\\\/\\\/alpimages.ch\\\/portfolio\\\/services\\\/#breadcrumb\",\"itemListElement\":[{\"@type\":\"ListItem\",\"position\":1,\"name\":\"Accueil\",\"item\":\"https:\\\/\\\/alpimages.ch\\\/\"},{\"@type\":\"ListItem\",\"position\":2,\"name\":\"Projets\",\"item\":\"https:\\\/\\\/alpimages.ch\\\/portfolio\\\/\"},{\"@type\":\"ListItem\",\"position\":3,\"name\":\"Portraits\"}]},{\"@type\":\"WebSite\",\"@id\":\"https:\\\/\\\/alpimages.ch\\\/#website\",\"url\":\"https:\\\/\\\/alpimages.ch\\\/\",\"name\":\"Photographes professionnels - Galerie photos &amp; affiches - Verbier\",\"description\":\"Photographes professionnels bas\u00e9s \u00e0 Verbier, nous offrons diff\u00e9rents services comme l&#039;impression photo, l&#039;encadrement, la vente d&#039;affiches et de posters et l&#039;organisation d&#039;\u00e9v\u00e8nements priv\u00e9s.\",\"potentialAction\":[{\"@type\":\"SearchAction\",\"target\":{\"@type\":\"EntryPoint\",\"urlTemplate\":\"https:\\\/\\\/alpimages.ch\\\/?s={search_term_string}\"},\"query-input\":{\"@type\":\"PropertyValueSpecification\",\"valueRequired\":true,\"valueName\":\"search_term_string\"}}],\"inLanguage\":\"en-US\"}]}<\/script>\n<!-- \/ Yoast SEO plugin. -->","yoast_head_json":{"title":"Portraits - Photographes professionnels - Galerie photos &amp; affiches - Verbier","robots":{"index":"index","follow":"follow","max-snippet":"max-snippet:-1","max-image-preview":"max-image-preview:large","max-video-preview":"max-video-preview:-1"},"canonical":"https:\/\/alpimages.ch\/en\/portfolio\/services\/","og_locale":"en_US","og_type":"article","og_title":"Portraits - Photographes professionnels - Galerie photos &amp; affiches - Verbier","og_description":"Des anniversaires au c\u00e9r\u00e9monies en passant par votre&nbsp;premi\u00e8re fois sur les pistes, les moments en famille sont pr\u00e9cieux et m\u00e9ritent&nbsp;que l&rsquo;on s&rsquo;en souvienne. Combien de fois vous \u00eates-vous d\u00e9j\u00e0 dit: \u00ab\u00a0si j&rsquo;avais su, j&rsquo;aurai pris des photos de telle ou telle&nbsp;occasion!\u00a0\u00bb Contrairement \u00e0 des photos sur un iPhone, iPad ou autres nouvelles technologies, nos tirages [&hellip;]","og_url":"https:\/\/alpimages.ch\/en\/portfolio\/services\/","og_site_name":"Photographes professionnels - Galerie photos &amp; affiches - Verbier","article_modified_time":"2021-03-12T13:51:36+00:00","og_image":[{"url":"https:\/\/i0.wp.com\/alpimages.ch\/wp-content\/uploads\/2015\/07\/alpimagesc2a9thomas-roulin-3.jpg?fit=680%2C1019&ssl=1","width":680,"height":1019,"type":"image\/jpeg"}],"twitter_card":"summary_large_image","twitter_misc":{"Est. reading time":"1 minute"},"schema":{"@context":"https:\/\/schema.org","@graph":[{"@type":"WebPage","@id":"https:\/\/alpimages.ch\/portfolio\/services\/","url":"https:\/\/alpimages.ch\/portfolio\/services\/","name":"Portraits - Photographes professionnels - Galerie photos &amp; affiches - Verbier","isPartOf":{"@id":"https:\/\/alpimages.ch\/#website"},"primaryImageOfPage":{"@id":"https:\/\/alpimages.ch\/portfolio\/services\/#primaryimage"},"image":{"@id":"https:\/\/alpimages.ch\/portfolio\/services\/#primaryimage"},"thumbnailUrl":"https:\/\/i0.wp.com\/alpimages.ch\/wp-content\/uploads\/2015\/07\/alpimagesc2a9thomas-roulin-3.jpg?fit=4912%2C7360&ssl=1","datePublished":"2015-07-30T16:30:35+00:00","dateModified":"2021-03-12T13:51:36+00:00","breadcrumb":{"@id":"https:\/\/alpimages.ch\/portfolio\/services\/#breadcrumb"},"inLanguage":"en-US","potentialAction":[{"@type":"ReadAction","target":["https:\/\/alpimages.ch\/portfolio\/services\/"]}]},{"@type":"ImageObject","inLanguage":"en-US","@id":"https:\/\/alpimages.ch\/portfolio\/services\/#primaryimage","url":"https:\/\/i0.wp.com\/alpimages.ch\/wp-content\/uploads\/2015\/07\/alpimagesc2a9thomas-roulin-3.jpg?fit=4912%2C7360&ssl=1","contentUrl":"https:\/\/i0.wp.com\/alpimages.ch\/wp-content\/uploads\/2015\/07\/alpimagesc2a9thomas-roulin-3.jpg?fit=4912%2C7360&ssl=1","width":"4912","height":"7360"},{"@type":"BreadcrumbList","@id":"https:\/\/alpimages.ch\/portfolio\/services\/#breadcrumb","itemListElement":[{"@type":"ListItem","position":1,"name":"Accueil","item":"https:\/\/alpimages.ch\/"},{"@type":"ListItem","position":2,"name":"Projets","item":"https:\/\/alpimages.ch\/portfolio\/"},{"@type":"ListItem","position":3,"name":"Portraits"}]},{"@type":"WebSite","@id":"https:\/\/alpimages.ch\/#website","url":"https:\/\/alpimages.ch\/","name":"Photographes professionnels - Galerie photos &amp; affiches - Verbier","description":"Photographes professionnels bas\u00e9s \u00e0 Verbier, nous offrons diff\u00e9rents services comme l&#039;impression photo, l&#039;encadrement, la vente d&#039;affiches et de posters et l&#039;organisation d&#039;\u00e9v\u00e8nements priv\u00e9s.","potentialAction":[{"@type":"SearchAction","target":{"@type":"EntryPoint","urlTemplate":"https:\/\/alpimages.ch\/?s={search_term_string}"},"query-input":{"@type":"PropertyValueSpecification","valueRequired":true,"valueName":"search_term_string"}}],"inLanguage":"en-US"}]}},"jetpack_publicize_connections":[],"jetpack_sharing_enabled":true,"jetpack_likes_enabled":true,"_links":{"self":[{"href":"https:\/\/alpimages.ch\/en\/wp-json\/wp\/v2\/jetpack-portfolio\/117","targetHints":{"allow":["GET"]}}],"collection":[{"href":"https:\/\/alpimages.ch\/en\/wp-json\/wp\/v2\/jetpack-portfolio"}],"about":[{"href":"https:\/\/alpimages.ch\/en\/wp-json\/wp\/v2\/types\/jetpack-portfolio"}],"author":[{"embeddable":true,"href":"https:\/\/alpimages.ch\/en\/wp-json\/wp\/v2\/users\/1"}],"replies":[{"embeddable":true,"href":"https:\/\/alpimages.ch\/en\/wp-json\/wp\/v2\/comments?post=117"}],"version-history":[{"count":11,"href":"https:\/\/alpimages.ch\/en\/wp-json\/wp\/v2\/jetpack-portfolio\/117\/revisions"}],"predecessor-version":[{"id":9384,"href":"https:\/\/alpimages.ch\/en\/wp-json\/wp\/v2\/jetpack-portfolio\/117\/revisions\/9384"}],"wp:featuredmedia":[{"embeddable":true,"href":"https:\/\/alpimages.ch\/en\/wp-json\/wp\/v2\/media\/777"}],"wp:attachment":[{"href":"https:\/\/alpimages.ch\/en\/wp-json\/wp\/v2\/media?parent=117"}],"wp:term":[{"taxonomy":"jetpack-portfolio-type","embeddable":true,"href":"https:\/\/alpimages.ch\/en\/wp-json\/wp\/v2\/jetpack-portfolio-type?post=117"},{"taxonomy":"jetpack-portfolio-tag","embeddable":true,"href":"https:\/\/alpimages.ch\/en\/wp-json\/wp\/v2\/jetpack-portfolio-tag?post=117"}],"curies":[{"name":"wp","href":"https:\/\/api.w.org\/{rel}","templated":true}]}}