{"id":246,"date":"2015-11-05T13:32:24","date_gmt":"2015-11-05T13:32:24","guid":{"rendered":"https:\/\/alpimages.ch\/?post_type=jetpack-portfolio&#038;p=246"},"modified":"2021-03-12T13:42:00","modified_gmt":"2021-03-12T13:42:00","slug":"mariage","status":"publish","type":"jetpack-portfolio","link":"https:\/\/alpimages.ch\/en\/portfolio\/mariage\/","title":{"rendered":"Wedding"},"content":{"rendered":"<p>Meet us to the store for more information or call +41 27 771 7722<\/p>\n<p>You can also send an email to <a href=\"mailto:alpimages@verbier.ch\" target=\"_blank\" rel=\"noopener noreferrer\">alpimages@verbier.ch<\/a><\/p>\n<div class=\"tiled-gallery type-rectangular tiled-gallery-unresized\" data-original-width=\"680\" data-carousel-extra='{&quot;blog_id&quot;:1,&quot;permalink&quot;:&quot;https:\\\/\\\/alpimages.ch\\\/en\\\/portfolio\\\/mariage\\\/&quot;,&quot;likes_blog_id&quot;:83808203}' itemscope itemtype=\"http:\/\/schema.org\/ImageGallery\" > <div class=\"gallery-row\" style=\"width: 680px; height: 304px;\" data-original-width=\"680\" data-original-height=\"304\" > <div class=\"gallery-group images-1\" style=\"width: 454px; height: 304px;\" data-original-width=\"454\" data-original-height=\"304\" > <div class=\"tiled-gallery-item tiled-gallery-item-large\" itemprop=\"associatedMedia\" itemscope itemtype=\"http:\/\/schema.org\/ImageObject\"> <a href=\"https:\/\/alpimages.ch\/en\/portfolio\/mariage\/pontusmariaalpimages-fg-252\/\" border=\"0\" itemprop=\"url\"> <meta itemprop=\"width\" content=\"450\"> <meta itemprop=\"height\" content=\"300\"> <img decoding=\"async\" class=\"\" data-attachment-id=\"7462\" data-orig-file=\"https:\/\/alpimages.ch\/wp-content\/uploads\/2015\/11\/PontusMaria\u00a9Alpimages-FG-252.jpg\" data-orig-size=\"7087,4730\" data-comments-opened=\"\" data-image-meta=\"{&quot;aperture&quot;:&quot;0&quot;,&quot;credit&quot;:&quot;&quot;,&quot;camera&quot;:&quot;&quot;,&quot;caption&quot;:&quot;&quot;,&quot;created_timestamp&quot;:&quot;0&quot;,&quot;copyright&quot;:&quot;&quot;,&quot;focal_length&quot;:&quot;0&quot;,&quot;iso&quot;:&quot;0&quot;,&quot;shutter_speed&quot;:&quot;0&quot;,&quot;title&quot;:&quot;&quot;,&quot;orientation&quot;:&quot;0&quot;}\" data-image-title=\"Pontus&amp;#038;Maria\u00a9Alpimages-FG-252\" data-image-description=\"\" data-medium-file=\"https:\/\/i0.wp.com\/alpimages.ch\/wp-content\/uploads\/2015\/11\/PontusMaria%C2%A9Alpimages-FG-252.jpg?fit=300%2C200&#038;ssl=1\" data-large-file=\"https:\/\/i0.wp.com\/alpimages.ch\/wp-content\/uploads\/2015\/11\/PontusMaria%C2%A9Alpimages-FG-252.jpg?fit=680%2C454&#038;ssl=1\" src=\"https:\/\/i0.wp.com\/alpimages.ch\/wp-content\/uploads\/2015\/11\/PontusMaria%C2%A9Alpimages-FG-252.jpg?w=450&#038;h=300&#038;ssl=1\" width=\"450\" height=\"300\" loading=\"lazy\" data-original-width=\"450\" data-original-height=\"300\" itemprop=\"http:\/\/schema.org\/image\" title=\"Pontus&amp;Maria\u00a9Alpimages-FG-252\" alt=\"Pontus&amp;Maria\u00a9Alpimages-FG-252\" style=\"width: 450px; height: 300px;\" \/> <\/a> <\/div> <\/div> <!-- close group --> <div class=\"gallery-group images-2\" style=\"width: 226px; height: 304px;\" data-original-width=\"226\" data-original-height=\"304\" > <div class=\"tiled-gallery-item tiled-gallery-item-small\" itemprop=\"associatedMedia\" itemscope itemtype=\"http:\/\/schema.org\/ImageObject\"> <a href=\"https:\/\/alpimages.ch\/en\/portfolio\/mariage\/weddingsalpimages-17\/\" border=\"0\" itemprop=\"url\"> <meta itemprop=\"width\" content=\"222\"> <meta itemprop=\"height\" content=\"148\"> <img decoding=\"async\" class=\"\" data-attachment-id=\"7464\" data-orig-file=\"https:\/\/alpimages.ch\/wp-content\/uploads\/2015\/11\/weddings@alpimages-17.jpg\" data-orig-size=\"1772,1181\" data-comments-opened=\"\" data-image-meta=\"{&quot;aperture&quot;:&quot;8&quot;,&quot;credit&quot;:&quot;&quot;,&quot;camera&quot;:&quot;Canon EOS 5D Mark II&quot;,&quot;caption&quot;:&quot;&quot;,&quot;created_timestamp&quot;:&quot;1338653435&quot;,&quot;copyright&quot;:&quot;&quot;,&quot;focal_length&quot;:&quot;55&quot;,&quot;iso&quot;:&quot;400&quot;,&quot;shutter_speed&quot;:&quot;0.002&quot;,&quot;title&quot;:&quot;&quot;,&quot;orientation&quot;:&quot;0&quot;}\" data-image-title=\"weddings@alpimages-17\" data-image-description=\"\" data-medium-file=\"https:\/\/i0.wp.com\/alpimages.ch\/wp-content\/uploads\/2015\/11\/weddings%40alpimages-17.jpg?fit=300%2C200&#038;ssl=1\" data-large-file=\"https:\/\/i0.wp.com\/alpimages.ch\/wp-content\/uploads\/2015\/11\/weddings%40alpimages-17.jpg?fit=680%2C453&#038;ssl=1\" src=\"https:\/\/i0.wp.com\/alpimages.ch\/wp-content\/uploads\/2015\/11\/weddings%40alpimages-17.jpg?w=222&#038;h=148&#038;ssl=1\" width=\"222\" height=\"148\" loading=\"lazy\" data-original-width=\"222\" data-original-height=\"148\" itemprop=\"http:\/\/schema.org\/image\" title=\"weddings@alpimages-17\" alt=\"weddings@alpimages-17\" style=\"width: 222px; height: 148px;\" \/> <\/a> <\/div> <div class=\"tiled-gallery-item tiled-gallery-item-small\" itemprop=\"associatedMedia\" itemscope itemtype=\"http:\/\/schema.org\/ImageObject\"> <a href=\"https:\/\/alpimages.ch\/en\/portfolio\/mariage\/pontusmariaalpimages-fg-123-2\/\" border=\"0\" itemprop=\"url\"> <meta itemprop=\"width\" content=\"222\"> <meta itemprop=\"height\" content=\"148\"> <img decoding=\"async\" class=\"\" data-attachment-id=\"7461\" data-orig-file=\"https:\/\/alpimages.ch\/wp-content\/uploads\/2015\/11\/PontusMaria\u00a9Alpimages-FG-123-2.jpg\" data-orig-size=\"1770,1181\" data-comments-opened=\"\" data-image-meta=\"{&quot;aperture&quot;:&quot;0&quot;,&quot;credit&quot;:&quot;&quot;,&quot;camera&quot;:&quot;&quot;,&quot;caption&quot;:&quot;&quot;,&quot;created_timestamp&quot;:&quot;0&quot;,&quot;copyright&quot;:&quot;&quot;,&quot;focal_length&quot;:&quot;0&quot;,&quot;iso&quot;:&quot;0&quot;,&quot;shutter_speed&quot;:&quot;0&quot;,&quot;title&quot;:&quot;&quot;,&quot;orientation&quot;:&quot;0&quot;}\" data-image-title=\"Pontus&amp;#038;Maria\u00a9Alpimages-FG-123-2\" data-image-description=\"\" data-medium-file=\"https:\/\/i0.wp.com\/alpimages.ch\/wp-content\/uploads\/2015\/11\/PontusMaria%C2%A9Alpimages-FG-123-2.jpg?fit=300%2C200&#038;ssl=1\" data-large-file=\"https:\/\/i0.wp.com\/alpimages.ch\/wp-content\/uploads\/2015\/11\/PontusMaria%C2%A9Alpimages-FG-123-2.jpg?fit=680%2C454&#038;ssl=1\" src=\"https:\/\/i0.wp.com\/alpimages.ch\/wp-content\/uploads\/2015\/11\/PontusMaria%C2%A9Alpimages-FG-123-2.jpg?w=222&#038;h=148&#038;ssl=1\" width=\"222\" height=\"148\" loading=\"lazy\" data-original-width=\"222\" data-original-height=\"148\" itemprop=\"http:\/\/schema.org\/image\" title=\"Pontus&amp;Maria\u00a9Alpimages-FG-123-2\" alt=\"Pontus&amp;Maria\u00a9Alpimages-FG-123-2\" style=\"width: 222px; height: 148px;\" \/> <\/a> <\/div> <\/div> <!-- close group --> <\/div> <!-- close row --> <div class=\"gallery-row\" style=\"width: 680px; height: 324px;\" data-original-width=\"680\" data-original-height=\"324\" > <div class=\"gallery-group images-1\" style=\"width: 680px; height: 324px;\" data-original-width=\"680\" data-original-height=\"324\" > <div class=\"tiled-gallery-item tiled-gallery-item-large\" itemprop=\"associatedMedia\" itemscope itemtype=\"http:\/\/schema.org\/ImageObject\"> <a href=\"https:\/\/alpimages.ch\/en\/mariage\/alpimages-thomas-roulin-6-copie\/\" border=\"0\" itemprop=\"url\"> <meta itemprop=\"width\" content=\"676\"> <meta itemprop=\"height\" content=\"320\"> <img decoding=\"async\" class=\"\" data-attachment-id=\"224\" data-orig-file=\"https:\/\/alpimages.ch\/wp-content\/uploads\/2015\/10\/alpimages-thomas-roulin-6-copie.jpg\" data-orig-size=\"2061,975\" data-comments-opened=\"\" data-image-meta=\"{&quot;aperture&quot;:&quot;0&quot;,&quot;credit&quot;:&quot;&quot;,&quot;camera&quot;:&quot;&quot;,&quot;caption&quot;:&quot;&quot;,&quot;created_timestamp&quot;:&quot;0&quot;,&quot;copyright&quot;:&quot;&quot;,&quot;focal_length&quot;:&quot;0&quot;,&quot;iso&quot;:&quot;0&quot;,&quot;shutter_speed&quot;:&quot;0&quot;,&quot;title&quot;:&quot;&quot;,&quot;orientation&quot;:&quot;1&quot;}\" data-image-title=\"\" data-image-description=\"\" data-medium-file=\"https:\/\/i0.wp.com\/alpimages.ch\/wp-content\/uploads\/2015\/10\/alpimages-thomas-roulin-6-copie.jpg?fit=300%2C142&#038;ssl=1\" data-large-file=\"https:\/\/i0.wp.com\/alpimages.ch\/wp-content\/uploads\/2015\/10\/alpimages-thomas-roulin-6-copie.jpg?fit=680%2C322&#038;ssl=1\" src=\"https:\/\/i0.wp.com\/alpimages.ch\/wp-content\/uploads\/2015\/10\/alpimages-thomas-roulin-6-copie.jpg?w=676&#038;h=320&#038;ssl=1\" width=\"676\" height=\"320\" loading=\"lazy\" data-original-width=\"676\" data-original-height=\"320\" itemprop=\"http:\/\/schema.org\/image\" title=\"\" alt=\"\" style=\"width: 676px; height: 320px;\" \/> <\/a> <\/div> <\/div> <!-- close group --> <\/div> <!-- close row --> <div class=\"gallery-row\" style=\"width: 680px; height: 311px;\" data-original-width=\"680\" data-original-height=\"311\" > <div class=\"gallery-group images-2\" style=\"width: 234px; height: 311px;\" data-original-width=\"234\" data-original-height=\"311\" > <div class=\"tiled-gallery-item tiled-gallery-item-small\" itemprop=\"associatedMedia\" itemscope itemtype=\"http:\/\/schema.org\/ImageObject\"> <a href=\"https:\/\/alpimages.ch\/en\/portfolio\/mariage\/weddingsalpimages-2-2\/\" border=\"0\" itemprop=\"url\"> <meta itemprop=\"width\" content=\"230\"> <meta itemprop=\"height\" content=\"153\"> <img decoding=\"async\" class=\"\" data-attachment-id=\"7463\" data-orig-file=\"https:\/\/alpimages.ch\/wp-content\/uploads\/2015\/11\/weddings@alpimages-2.jpg\" data-orig-size=\"1772,1181\" data-comments-opened=\"\" data-image-meta=\"{&quot;aperture&quot;:&quot;4.5&quot;,&quot;credit&quot;:&quot;&quot;,&quot;camera&quot;:&quot;Canon EOS 5D Mark II&quot;,&quot;caption&quot;:&quot;&quot;,&quot;created_timestamp&quot;:&quot;1316958575&quot;,&quot;copyright&quot;:&quot;&quot;,&quot;focal_length&quot;:&quot;60&quot;,&quot;iso&quot;:&quot;200&quot;,&quot;shutter_speed&quot;:&quot;0.000625&quot;,&quot;title&quot;:&quot;&quot;,&quot;orientation&quot;:&quot;0&quot;}\" data-image-title=\"weddings@alpimages-2\" data-image-description=\"\" data-medium-file=\"https:\/\/i0.wp.com\/alpimages.ch\/wp-content\/uploads\/2015\/11\/weddings%40alpimages-2.jpg?fit=300%2C200&#038;ssl=1\" data-large-file=\"https:\/\/i0.wp.com\/alpimages.ch\/wp-content\/uploads\/2015\/11\/weddings%40alpimages-2.jpg?fit=680%2C453&#038;ssl=1\" src=\"https:\/\/i0.wp.com\/alpimages.ch\/wp-content\/uploads\/2015\/11\/weddings%40alpimages-2.jpg?w=230&#038;h=153&#038;ssl=1\" width=\"230\" height=\"153\" loading=\"lazy\" data-original-width=\"230\" data-original-height=\"153\" itemprop=\"http:\/\/schema.org\/image\" title=\"weddings@alpimages-2\" alt=\"weddings@alpimages-2\" style=\"width: 230px; height: 153px;\" \/> <\/a> <\/div> <div class=\"tiled-gallery-item tiled-gallery-item-small\" itemprop=\"associatedMedia\" itemscope itemtype=\"http:\/\/schema.org\/ImageObject\"> <a href=\"https:\/\/alpimages.ch\/en\/mariage\/alpimages-thomas-roulin-6949\/\" border=\"0\" itemprop=\"url\"> <meta itemprop=\"width\" content=\"230\"> <meta itemprop=\"height\" content=\"150\"> <img decoding=\"async\" class=\"\" data-attachment-id=\"226\" data-orig-file=\"https:\/\/alpimages.ch\/wp-content\/uploads\/2015\/10\/alpimages-thomas-roulin-6949.jpg\" data-orig-size=\"6794,4450\" data-comments-opened=\"\" data-image-meta=\"{&quot;aperture&quot;:&quot;0&quot;,&quot;credit&quot;:&quot;&quot;,&quot;camera&quot;:&quot;&quot;,&quot;caption&quot;:&quot;&quot;,&quot;created_timestamp&quot;:&quot;0&quot;,&quot;copyright&quot;:&quot;&quot;,&quot;focal_length&quot;:&quot;0&quot;,&quot;iso&quot;:&quot;0&quot;,&quot;shutter_speed&quot;:&quot;0&quot;,&quot;title&quot;:&quot;&quot;,&quot;orientation&quot;:&quot;0&quot;}\" data-image-title=\"\" data-image-description=\"\" data-medium-file=\"https:\/\/i0.wp.com\/alpimages.ch\/wp-content\/uploads\/2015\/10\/alpimages-thomas-roulin-6949.jpg?fit=300%2C196&#038;ssl=1\" data-large-file=\"https:\/\/i0.wp.com\/alpimages.ch\/wp-content\/uploads\/2015\/10\/alpimages-thomas-roulin-6949.jpg?fit=680%2C445&#038;ssl=1\" src=\"https:\/\/i0.wp.com\/alpimages.ch\/wp-content\/uploads\/2015\/10\/alpimages-thomas-roulin-6949.jpg?w=230&#038;h=150&#038;ssl=1\" width=\"230\" height=\"150\" loading=\"lazy\" data-original-width=\"230\" data-original-height=\"150\" itemprop=\"http:\/\/schema.org\/image\" title=\"\" alt=\"Soyez libre de vivre!\" style=\"width: 230px; height: 150px;\" \/> <\/a> <\/div> <\/div> <!-- close group --> <div class=\"gallery-group images-1\" style=\"width: 446px; height: 311px;\" data-original-width=\"446\" data-original-height=\"311\" > <div class=\"tiled-gallery-item tiled-gallery-item-large\" itemprop=\"associatedMedia\" itemscope itemtype=\"http:\/\/schema.org\/ImageObject\"> <a href=\"https:\/\/alpimages.ch\/en\/mariage\/alpimages-thomas-roulin-6860\/\" border=\"0\" itemprop=\"url\"> <meta itemprop=\"width\" content=\"442\"> <meta itemprop=\"height\" content=\"307\"> <img decoding=\"async\" class=\"\" data-attachment-id=\"225\" data-orig-file=\"https:\/\/alpimages.ch\/wp-content\/uploads\/2015\/10\/alpimages-thomas-roulin-6860.jpg\" data-orig-size=\"6617,4597\" data-comments-opened=\"\" data-image-meta=\"{&quot;aperture&quot;:&quot;0&quot;,&quot;credit&quot;:&quot;&quot;,&quot;camera&quot;:&quot;&quot;,&quot;caption&quot;:&quot;&quot;,&quot;created_timestamp&quot;:&quot;0&quot;,&quot;copyright&quot;:&quot;&quot;,&quot;focal_length&quot;:&quot;0&quot;,&quot;iso&quot;:&quot;0&quot;,&quot;shutter_speed&quot;:&quot;0&quot;,&quot;title&quot;:&quot;&quot;,&quot;orientation&quot;:&quot;0&quot;}\" data-image-title=\"\" data-image-description=\"\" data-medium-file=\"https:\/\/i0.wp.com\/alpimages.ch\/wp-content\/uploads\/2015\/10\/alpimages-thomas-roulin-6860.jpg?fit=300%2C208&#038;ssl=1\" data-large-file=\"https:\/\/i0.wp.com\/alpimages.ch\/wp-content\/uploads\/2015\/10\/alpimages-thomas-roulin-6860.jpg?fit=680%2C472&#038;ssl=1\" src=\"https:\/\/i0.wp.com\/alpimages.ch\/wp-content\/uploads\/2015\/10\/alpimages-thomas-roulin-6860.jpg?w=442&#038;h=307&#038;ssl=1\" width=\"442\" height=\"307\" loading=\"lazy\" data-original-width=\"442\" data-original-height=\"307\" itemprop=\"http:\/\/schema.org\/image\" title=\"\" alt=\"\" style=\"width: 442px; height: 307px;\" \/> <\/a> <\/div> <\/div> <!-- close group --> <\/div> <!-- close row --> <div class=\"gallery-row\" style=\"width: 680px; height: 342px;\" data-original-width=\"680\" data-original-height=\"342\" > <div class=\"gallery-group images-1\" style=\"width: 680px; height: 342px;\" data-original-width=\"680\" data-original-height=\"342\" > <div class=\"tiled-gallery-item tiled-gallery-item-large\" itemprop=\"associatedMedia\" itemscope itemtype=\"http:\/\/schema.org\/ImageObject\"> <a href=\"https:\/\/alpimages.ch\/en\/mariage\/marcusannelie-portret163\/\" border=\"0\" itemprop=\"url\"> <meta itemprop=\"width\" content=\"676\"> <meta itemprop=\"height\" content=\"338\"> <img decoding=\"async\" class=\"\" data-attachment-id=\"230\" data-orig-file=\"https:\/\/alpimages.ch\/wp-content\/uploads\/2015\/10\/marcusannelie-portret163.jpg\" data-orig-size=\"7087,3543\" data-comments-opened=\"\" data-image-meta=\"{&quot;aperture&quot;:&quot;6.3&quot;,&quot;credit&quot;:&quot;&quot;,&quot;camera&quot;:&quot;Canon EOS 5D Mark II&quot;,&quot;caption&quot;:&quot;&quot;,&quot;created_timestamp&quot;:&quot;1365880071&quot;,&quot;copyright&quot;:&quot;&quot;,&quot;focal_length&quot;:&quot;145&quot;,&quot;iso&quot;:&quot;640&quot;,&quot;shutter_speed&quot;:&quot;0.00025&quot;,&quot;title&quot;:&quot;&quot;,&quot;orientation&quot;:&quot;1&quot;}\" data-image-title=\"\" data-image-description=\"\" data-medium-file=\"https:\/\/i0.wp.com\/alpimages.ch\/wp-content\/uploads\/2015\/10\/marcusannelie-portret163.jpg?fit=300%2C150&#038;ssl=1\" data-large-file=\"https:\/\/i0.wp.com\/alpimages.ch\/wp-content\/uploads\/2015\/10\/marcusannelie-portret163.jpg?fit=680%2C340&#038;ssl=1\" src=\"https:\/\/i0.wp.com\/alpimages.ch\/wp-content\/uploads\/2015\/10\/marcusannelie-portret163.jpg?w=676&#038;h=338&#038;ssl=1\" width=\"676\" height=\"338\" loading=\"lazy\" data-original-width=\"676\" data-original-height=\"338\" itemprop=\"http:\/\/schema.org\/image\" title=\"\" alt=\"\" style=\"width: 676px; height: 338px;\" \/> <\/a> <\/div> <\/div> <!-- close group --> <\/div> <!-- close row --> <div class=\"gallery-row\" style=\"width: 680px; height: 481px;\" data-original-width=\"680\" data-original-height=\"481\" > <div class=\"gallery-group images-1\" style=\"width: 322px; height: 481px;\" data-original-width=\"322\" data-original-height=\"481\" > <div class=\"tiled-gallery-item tiled-gallery-item-large\" itemprop=\"associatedMedia\" itemscope itemtype=\"http:\/\/schema.org\/ImageObject\"> <a href=\"https:\/\/alpimages.ch\/en\/mariage\/esmeemattijs-381\/\" border=\"0\" itemprop=\"url\"> <meta itemprop=\"width\" content=\"318\"> <meta itemprop=\"height\" content=\"477\"> <img decoding=\"async\" class=\"\" data-attachment-id=\"228\" data-orig-file=\"https:\/\/alpimages.ch\/wp-content\/uploads\/2015\/10\/esmeemattijs-381.jpg\" data-orig-size=\"4724,7087\" data-comments-opened=\"\" data-image-meta=\"{&quot;aperture&quot;:&quot;4&quot;,&quot;credit&quot;:&quot;&quot;,&quot;camera&quot;:&quot;Canon EOS 5D Mark II&quot;,&quot;caption&quot;:&quot;&quot;,&quot;created_timestamp&quot;:&quot;1373117988&quot;,&quot;copyright&quot;:&quot;&quot;,&quot;focal_length&quot;:&quot;122&quot;,&quot;iso&quot;:&quot;400&quot;,&quot;shutter_speed&quot;:&quot;0.000625&quot;,&quot;title&quot;:&quot;&quot;,&quot;orientation&quot;:&quot;0&quot;}\" data-image-title=\"\" data-image-description=\"\" data-medium-file=\"https:\/\/i0.wp.com\/alpimages.ch\/wp-content\/uploads\/2015\/10\/esmeemattijs-381.jpg?fit=200%2C300&#038;ssl=1\" data-large-file=\"https:\/\/i0.wp.com\/alpimages.ch\/wp-content\/uploads\/2015\/10\/esmeemattijs-381.jpg?fit=680%2C1020&#038;ssl=1\" src=\"https:\/\/i0.wp.com\/alpimages.ch\/wp-content\/uploads\/2015\/10\/esmeemattijs-381.jpg?w=318&#038;h=477&#038;ssl=1\" width=\"318\" height=\"477\" loading=\"lazy\" data-original-width=\"318\" data-original-height=\"477\" itemprop=\"http:\/\/schema.org\/image\" title=\"\" alt=\"\" style=\"width: 318px; height: 477px;\" \/> <\/a> <\/div> <\/div> <!-- close group --> <div class=\"gallery-group images-2\" style=\"width: 358px; height: 481px;\" data-original-width=\"358\" data-original-height=\"481\" > <div class=\"tiled-gallery-item tiled-gallery-item-large\" itemprop=\"associatedMedia\" itemscope itemtype=\"http:\/\/schema.org\/ImageObject\"> <a href=\"https:\/\/alpimages.ch\/en\/mariage\/marcusannelie-portret094\/\" border=\"0\" itemprop=\"url\"> <meta itemprop=\"width\" content=\"354\"> <meta itemprop=\"height\" content=\"236\"> <img decoding=\"async\" class=\"\" data-attachment-id=\"229\" data-orig-file=\"https:\/\/alpimages.ch\/wp-content\/uploads\/2015\/10\/marcusannelie-portret094.jpg\" data-orig-size=\"7087,4730\" data-comments-opened=\"\" data-image-meta=\"{&quot;aperture&quot;:&quot;5&quot;,&quot;credit&quot;:&quot;&quot;,&quot;camera&quot;:&quot;NIKON D800&quot;,&quot;caption&quot;:&quot;&quot;,&quot;created_timestamp&quot;:&quot;1365874814&quot;,&quot;copyright&quot;:&quot;&quot;,&quot;focal_length&quot;:&quot;85&quot;,&quot;iso&quot;:&quot;500&quot;,&quot;shutter_speed&quot;:&quot;0.0004&quot;,&quot;title&quot;:&quot;&quot;,&quot;orientation&quot;:&quot;0&quot;}\" data-image-title=\"\" data-image-description=\"\" data-medium-file=\"https:\/\/i0.wp.com\/alpimages.ch\/wp-content\/uploads\/2015\/10\/marcusannelie-portret094.jpg?fit=300%2C200&#038;ssl=1\" data-large-file=\"https:\/\/i0.wp.com\/alpimages.ch\/wp-content\/uploads\/2015\/10\/marcusannelie-portret094.jpg?fit=680%2C454&#038;ssl=1\" src=\"https:\/\/i0.wp.com\/alpimages.ch\/wp-content\/uploads\/2015\/10\/marcusannelie-portret094.jpg?w=354&#038;h=236&#038;ssl=1\" width=\"354\" height=\"236\" loading=\"lazy\" data-original-width=\"354\" data-original-height=\"236\" itemprop=\"http:\/\/schema.org\/image\" title=\"\" alt=\"\" style=\"width: 354px; height: 236px;\" \/> <\/a> <\/div> <div class=\"tiled-gallery-item tiled-gallery-item-large\" itemprop=\"associatedMedia\" itemscope itemtype=\"http:\/\/schema.org\/ImageObject\"> <a href=\"https:\/\/alpimages.ch\/en\/mariage\/wedding-ebbaeldalpimages-245-2\/\" border=\"0\" itemprop=\"url\"> <meta itemprop=\"width\" content=\"354\"> <meta itemprop=\"height\" content=\"237\"> <img decoding=\"async\" class=\"\" data-attachment-id=\"439\" data-orig-file=\"https:\/\/alpimages.ch\/wp-content\/uploads\/2015\/03\/wedding-ebbaeldc2a9alpimages-245-2.jpg\" data-orig-size=\"3543,2365\" data-comments-opened=\"\" data-image-meta=\"{&quot;aperture&quot;:&quot;3.2&quot;,&quot;credit&quot;:&quot;&quot;,&quot;camera&quot;:&quot;NIKON D800&quot;,&quot;caption&quot;:&quot;&quot;,&quot;created_timestamp&quot;:&quot;1428767997&quot;,&quot;copyright&quot;:&quot;&quot;,&quot;focal_length&quot;:&quot;24&quot;,&quot;iso&quot;:&quot;400&quot;,&quot;shutter_speed&quot;:&quot;0.0008&quot;,&quot;title&quot;:&quot;&quot;,&quot;orientation&quot;:&quot;0&quot;}\" data-image-title=\"Wedding-ebba&amp;amp;eld\u00a9Alpimages-245-2\" data-image-description=\"\" data-medium-file=\"https:\/\/i0.wp.com\/alpimages.ch\/wp-content\/uploads\/2015\/03\/wedding-ebbaeldc2a9alpimages-245-2.jpg?fit=300%2C200&#038;ssl=1\" data-large-file=\"https:\/\/i0.wp.com\/alpimages.ch\/wp-content\/uploads\/2015\/03\/wedding-ebbaeldc2a9alpimages-245-2.jpg?fit=680%2C454&#038;ssl=1\" src=\"https:\/\/i0.wp.com\/alpimages.ch\/wp-content\/uploads\/2015\/03\/wedding-ebbaeldc2a9alpimages-245-2.jpg?w=354&#038;h=237&#038;ssl=1\" width=\"354\" height=\"237\" loading=\"lazy\" data-original-width=\"354\" data-original-height=\"237\" itemprop=\"http:\/\/schema.org\/image\" title=\"Wedding-ebba&amp;eld\u00a9Alpimages-245-2\" alt=\"Wedding-ebba&amp;eld\u00a9Alpimages-245-2\" style=\"width: 354px; height: 237px;\" \/> <\/a> <\/div> <\/div> <!-- close group --> <\/div> <!-- close row --> <div class=\"gallery-row\" style=\"width: 680px; height: 262px;\" data-original-width=\"680\" data-original-height=\"262\" > <div class=\"gallery-group images-1\" style=\"width: 680px; height: 262px;\" data-original-width=\"680\" data-original-height=\"262\" > <div class=\"tiled-gallery-item tiled-gallery-item-large\" itemprop=\"associatedMedia\" itemscope itemtype=\"http:\/\/schema.org\/ImageObject\"> <a href=\"https:\/\/alpimages.ch\/en\/mariage\/wedding-ebbaeldalpimages-267-2\/\" border=\"0\" itemprop=\"url\"> <meta itemprop=\"width\" content=\"676\"> <meta itemprop=\"height\" content=\"258\"> <img decoding=\"async\" class=\"\" data-attachment-id=\"440\" data-orig-file=\"https:\/\/alpimages.ch\/wp-content\/uploads\/2015\/03\/wedding-ebbaeldc2a9alpimages-267-2.jpg\" data-orig-size=\"3543,1354\" data-comments-opened=\"\" data-image-meta=\"{&quot;aperture&quot;:&quot;11&quot;,&quot;credit&quot;:&quot;&quot;,&quot;camera&quot;:&quot;NIKON D800&quot;,&quot;caption&quot;:&quot;&quot;,&quot;created_timestamp&quot;:&quot;1428768678&quot;,&quot;copyright&quot;:&quot;&quot;,&quot;focal_length&quot;:&quot;70&quot;,&quot;iso&quot;:&quot;400&quot;,&quot;shutter_speed&quot;:&quot;0.00125&quot;,&quot;title&quot;:&quot;&quot;,&quot;orientation&quot;:&quot;0&quot;}\" data-image-title=\"Wedding-ebba&amp;amp;eld\u00a9Alpimages-267-2\" data-image-description=\"\" data-medium-file=\"https:\/\/i0.wp.com\/alpimages.ch\/wp-content\/uploads\/2015\/03\/wedding-ebbaeldc2a9alpimages-267-2.jpg?fit=300%2C115&#038;ssl=1\" data-large-file=\"https:\/\/i0.wp.com\/alpimages.ch\/wp-content\/uploads\/2015\/03\/wedding-ebbaeldc2a9alpimages-267-2.jpg?fit=680%2C260&#038;ssl=1\" src=\"https:\/\/i0.wp.com\/alpimages.ch\/wp-content\/uploads\/2015\/03\/wedding-ebbaeldc2a9alpimages-267-2.jpg?w=676&#038;h=258&#038;ssl=1\" width=\"676\" height=\"258\" loading=\"lazy\" data-original-width=\"676\" data-original-height=\"258\" itemprop=\"http:\/\/schema.org\/image\" title=\"Wedding-ebba&amp;eld\u00a9Alpimages-267-2\" alt=\"Wedding-ebba&amp;eld\u00a9Alpimages-267-2\" style=\"width: 676px; height: 258px;\" \/> <\/a> <\/div> <\/div> <!-- close group --> <\/div> <!-- close row --> <div class=\"gallery-row\" style=\"width: 680px; height: 314px;\" data-original-width=\"680\" data-original-height=\"314\" > <div class=\"gallery-group images-1\" style=\"width: 211px; height: 314px;\" data-original-width=\"211\" data-original-height=\"314\" > <div class=\"tiled-gallery-item tiled-gallery-item-small\" itemprop=\"associatedMedia\" itemscope itemtype=\"http:\/\/schema.org\/ImageObject\"> <a href=\"https:\/\/alpimages.ch\/en\/portfolio\/mariage\/alpimages-thomas-roulin-13\/\" border=\"0\" itemprop=\"url\"> <meta itemprop=\"width\" content=\"207\"> <meta itemprop=\"height\" content=\"310\"> <img decoding=\"async\" class=\"\" data-attachment-id=\"718\" data-orig-file=\"https:\/\/alpimages.ch\/wp-content\/uploads\/2015\/11\/c2a9alpimages-thomas-roulin-13.jpg\" data-orig-size=\"4912,7360\" data-comments-opened=\"\" data-image-meta=\"{&quot;aperture&quot;:&quot;0&quot;,&quot;credit&quot;:&quot;&quot;,&quot;camera&quot;:&quot;&quot;,&quot;caption&quot;:&quot;&quot;,&quot;created_timestamp&quot;:&quot;0&quot;,&quot;copyright&quot;:&quot;&quot;,&quot;focal_length&quot;:&quot;0&quot;,&quot;iso&quot;:&quot;0&quot;,&quot;shutter_speed&quot;:&quot;0&quot;,&quot;title&quot;:&quot;&quot;,&quot;orientation&quot;:&quot;0&quot;}\" data-image-title=\"\u00a9Alpimages-Thomas Roulin-13\" data-image-description=\"\" data-medium-file=\"https:\/\/i0.wp.com\/alpimages.ch\/wp-content\/uploads\/2015\/11\/c2a9alpimages-thomas-roulin-13.jpg?fit=200%2C300&#038;ssl=1\" data-large-file=\"https:\/\/i0.wp.com\/alpimages.ch\/wp-content\/uploads\/2015\/11\/c2a9alpimages-thomas-roulin-13.jpg?fit=680%2C1019&#038;ssl=1\" src=\"https:\/\/i0.wp.com\/alpimages.ch\/wp-content\/uploads\/2015\/11\/c2a9alpimages-thomas-roulin-13.jpg?w=207&#038;h=310&#038;ssl=1\" width=\"207\" height=\"310\" loading=\"lazy\" data-original-width=\"207\" data-original-height=\"310\" itemprop=\"http:\/\/schema.org\/image\" title=\"\u00a9Alpimages-Thomas Roulin-13\" alt=\"\u00a9Alpimages-Thomas Roulin-13\" style=\"width: 207px; height: 310px;\" \/> <\/a> <\/div> <\/div> <!-- close group --> <div class=\"gallery-group images-1\" style=\"width: 469px; height: 314px;\" data-original-width=\"469\" data-original-height=\"314\" > <div class=\"tiled-gallery-item tiled-gallery-item-large\" itemprop=\"associatedMedia\" itemscope itemtype=\"http:\/\/schema.org\/ImageObject\"> <a href=\"https:\/\/alpimages.ch\/en\/portfolio\/mariage\/alpimages-thomas-roulin-71\/\" border=\"0\" itemprop=\"url\"> <meta itemprop=\"width\" content=\"465\"> <meta itemprop=\"height\" content=\"310\"> <img decoding=\"async\" class=\"\" data-attachment-id=\"719\" data-orig-file=\"https:\/\/alpimages.ch\/wp-content\/uploads\/2015\/11\/c2a9alpimages-thomas-roulin-71.jpg\" data-orig-size=\"7360,4912\" data-comments-opened=\"\" data-image-meta=\"{&quot;aperture&quot;:&quot;0&quot;,&quot;credit&quot;:&quot;&quot;,&quot;camera&quot;:&quot;&quot;,&quot;caption&quot;:&quot;&quot;,&quot;created_timestamp&quot;:&quot;0&quot;,&quot;copyright&quot;:&quot;&quot;,&quot;focal_length&quot;:&quot;0&quot;,&quot;iso&quot;:&quot;0&quot;,&quot;shutter_speed&quot;:&quot;0&quot;,&quot;title&quot;:&quot;&quot;,&quot;orientation&quot;:&quot;0&quot;}\" data-image-title=\"\u00a9Alpimages-Thomas Roulin-71\" data-image-description=\"\" data-medium-file=\"https:\/\/i0.wp.com\/alpimages.ch\/wp-content\/uploads\/2015\/11\/c2a9alpimages-thomas-roulin-71.jpg?fit=300%2C200&#038;ssl=1\" data-large-file=\"https:\/\/i0.wp.com\/alpimages.ch\/wp-content\/uploads\/2015\/11\/c2a9alpimages-thomas-roulin-71.jpg?fit=680%2C454&#038;ssl=1\" src=\"https:\/\/i0.wp.com\/alpimages.ch\/wp-content\/uploads\/2015\/11\/c2a9alpimages-thomas-roulin-71.jpg?w=465&#038;h=310&#038;ssl=1\" width=\"465\" height=\"310\" loading=\"lazy\" data-original-width=\"465\" data-original-height=\"310\" itemprop=\"http:\/\/schema.org\/image\" title=\"\u00a9Alpimages-Thomas Roulin-71\" alt=\"\u00a9Alpimages-Thomas Roulin-71\" style=\"width: 465px; height: 310px;\" \/> <\/a> <\/div> <\/div> <!-- close group --> <\/div> <!-- close row --> <div class=\"gallery-row\" style=\"width: 680px; height: 194px;\" data-original-width=\"680\" data-original-height=\"194\" > <div class=\"gallery-group images-1\" style=\"width: 131px; height: 194px;\" data-original-width=\"131\" data-original-height=\"194\" > <div class=\"tiled-gallery-item tiled-gallery-item-small\" itemprop=\"associatedMedia\" itemscope itemtype=\"http:\/\/schema.org\/ImageObject\"> <a href=\"https:\/\/alpimages.ch\/en\/portfolio\/mariage\/audeboris-463-2\/\" border=\"0\" itemprop=\"url\"> <meta itemprop=\"width\" content=\"127\"> <meta itemprop=\"height\" content=\"190\"> <img decoding=\"async\" class=\"\" data-attachment-id=\"720\" data-orig-file=\"https:\/\/alpimages.ch\/wp-content\/uploads\/2015\/11\/audeboris-463-2.jpg\" data-orig-size=\"3744,5616\" data-comments-opened=\"\" data-image-meta=\"{&quot;aperture&quot;:&quot;0&quot;,&quot;credit&quot;:&quot;&quot;,&quot;camera&quot;:&quot;&quot;,&quot;caption&quot;:&quot;&quot;,&quot;created_timestamp&quot;:&quot;0&quot;,&quot;copyright&quot;:&quot;&quot;,&quot;focal_length&quot;:&quot;0&quot;,&quot;iso&quot;:&quot;0&quot;,&quot;shutter_speed&quot;:&quot;0&quot;,&quot;title&quot;:&quot;&quot;,&quot;orientation&quot;:&quot;0&quot;}\" data-image-title=\"AUDE&amp;amp;BORIS-463-2\" data-image-description=\"\" data-medium-file=\"https:\/\/i0.wp.com\/alpimages.ch\/wp-content\/uploads\/2015\/11\/audeboris-463-2.jpg?fit=200%2C300&#038;ssl=1\" data-large-file=\"https:\/\/i0.wp.com\/alpimages.ch\/wp-content\/uploads\/2015\/11\/audeboris-463-2.jpg?fit=680%2C1020&#038;ssl=1\" src=\"https:\/\/i0.wp.com\/alpimages.ch\/wp-content\/uploads\/2015\/11\/audeboris-463-2.jpg?w=127&#038;h=190&#038;ssl=1\" width=\"127\" height=\"190\" loading=\"lazy\" data-original-width=\"127\" data-original-height=\"190\" itemprop=\"http:\/\/schema.org\/image\" title=\"AUDE&amp;BORIS-463-2\" alt=\"AUDE&amp;BORIS-463-2\" style=\"width: 127px; height: 190px;\" \/> <\/a> <\/div> <\/div> <!-- close group --> <div class=\"gallery-group images-1\" style=\"width: 288px; height: 194px;\" data-original-width=\"288\" data-original-height=\"194\" > <div class=\"tiled-gallery-item tiled-gallery-item-large\" itemprop=\"associatedMedia\" itemscope itemtype=\"http:\/\/schema.org\/ImageObject\"> <a href=\"https:\/\/alpimages.ch\/en\/mariage\/mariagedianaolivieralpimages-355-2-2\/\" border=\"0\" itemprop=\"url\"> <meta itemprop=\"width\" content=\"284\"> <meta itemprop=\"height\" content=\"190\"> <img decoding=\"async\" class=\"\" data-attachment-id=\"7613\" data-orig-file=\"https:\/\/alpimages.ch\/wp-content\/uploads\/2020\/04\/MariageDianaOlivier\u00a9ALPIMAGES-355-2.jpg\" data-orig-size=\"3000,2002\" data-comments-opened=\"\" data-image-meta=\"{&quot;aperture&quot;:&quot;0&quot;,&quot;credit&quot;:&quot;&quot;,&quot;camera&quot;:&quot;&quot;,&quot;caption&quot;:&quot;&quot;,&quot;created_timestamp&quot;:&quot;1537976467&quot;,&quot;copyright&quot;:&quot;&quot;,&quot;focal_length&quot;:&quot;0&quot;,&quot;iso&quot;:&quot;0&quot;,&quot;shutter_speed&quot;:&quot;0&quot;,&quot;title&quot;:&quot;&quot;,&quot;orientation&quot;:&quot;0&quot;}\" data-image-title=\"MariageDiana&amp;#038;Olivier\u00a9ALPIMAGES-355-2\" data-image-description=\"\" data-medium-file=\"https:\/\/i0.wp.com\/alpimages.ch\/wp-content\/uploads\/2020\/04\/MariageDianaOlivier%C2%A9ALPIMAGES-355-2.jpg?fit=300%2C200&#038;ssl=1\" data-large-file=\"https:\/\/i0.wp.com\/alpimages.ch\/wp-content\/uploads\/2020\/04\/MariageDianaOlivier%C2%A9ALPIMAGES-355-2.jpg?fit=680%2C454&#038;ssl=1\" src=\"https:\/\/i0.wp.com\/alpimages.ch\/wp-content\/uploads\/2020\/04\/MariageDianaOlivier%C2%A9ALPIMAGES-355-2.jpg?w=284&#038;h=190&#038;ssl=1\" width=\"284\" height=\"190\" loading=\"lazy\" data-original-width=\"284\" data-original-height=\"190\" itemprop=\"http:\/\/schema.org\/image\" title=\"MariageDiana&amp;Olivier\u00a9ALPIMAGES-355-2\" alt=\"MariageDiana&amp;Olivier\u00a9ALPIMAGES-355-2\" style=\"width: 284px; height: 190px;\" \/> <\/a> <\/div> <\/div> <!-- close group --> <div class=\"gallery-group images-1\" style=\"width: 131px; height: 194px;\" data-original-width=\"131\" data-original-height=\"194\" > <div class=\"tiled-gallery-item tiled-gallery-item-small\" itemprop=\"associatedMedia\" itemscope itemtype=\"http:\/\/schema.org\/ImageObject\"> <a href=\"https:\/\/alpimages.ch\/en\/portfolio\/mariage\/danielaeric-76\/\" border=\"0\" itemprop=\"url\"> <meta itemprop=\"width\" content=\"127\"> <meta itemprop=\"height\" content=\"190\"> <img decoding=\"async\" class=\"\" data-attachment-id=\"721\" data-orig-file=\"https:\/\/alpimages.ch\/wp-content\/uploads\/2015\/11\/danielaeric-76.jpg\" data-orig-size=\"2362,3543\" data-comments-opened=\"\" data-image-meta=\"{&quot;aperture&quot;:&quot;0&quot;,&quot;credit&quot;:&quot;&quot;,&quot;camera&quot;:&quot;&quot;,&quot;caption&quot;:&quot;&quot;,&quot;created_timestamp&quot;:&quot;0&quot;,&quot;copyright&quot;:&quot;&quot;,&quot;focal_length&quot;:&quot;0&quot;,&quot;iso&quot;:&quot;0&quot;,&quot;shutter_speed&quot;:&quot;0&quot;,&quot;title&quot;:&quot;&quot;,&quot;orientation&quot;:&quot;0&quot;}\" data-image-title=\"Daniela&amp;amp;Eric-76\" data-image-description=\"\" data-medium-file=\"https:\/\/i0.wp.com\/alpimages.ch\/wp-content\/uploads\/2015\/11\/danielaeric-76.jpg?fit=200%2C300&#038;ssl=1\" data-large-file=\"https:\/\/i0.wp.com\/alpimages.ch\/wp-content\/uploads\/2015\/11\/danielaeric-76.jpg?fit=680%2C1020&#038;ssl=1\" src=\"https:\/\/i0.wp.com\/alpimages.ch\/wp-content\/uploads\/2015\/11\/danielaeric-76.jpg?w=127&#038;h=190&#038;ssl=1\" width=\"127\" height=\"190\" loading=\"lazy\" data-original-width=\"127\" data-original-height=\"190\" itemprop=\"http:\/\/schema.org\/image\" title=\"Daniela&amp;Eric-76\" alt=\"Daniela&amp;Eric-76\" style=\"width: 127px; height: 190px;\" \/> <\/a> <\/div> <\/div> <!-- close group --> <div class=\"gallery-group images-1\" style=\"width: 130px; height: 194px;\" data-original-width=\"130\" data-original-height=\"194\" > <div class=\"tiled-gallery-item tiled-gallery-item-small\" itemprop=\"associatedMedia\" itemscope itemtype=\"http:\/\/schema.org\/ImageObject\"> <a href=\"https:\/\/alpimages.ch\/en\/portfolio\/mariage\/danielaeric-152-2-2\/\" border=\"0\" itemprop=\"url\"> <meta itemprop=\"width\" content=\"126\"> <meta itemprop=\"height\" content=\"190\"> <img decoding=\"async\" class=\"\" data-attachment-id=\"722\" data-orig-file=\"https:\/\/alpimages.ch\/wp-content\/uploads\/2015\/11\/danielaeric-152-2.jpg\" data-orig-size=\"2362,3543\" data-comments-opened=\"\" data-image-meta=\"{&quot;aperture&quot;:&quot;0&quot;,&quot;credit&quot;:&quot;&quot;,&quot;camera&quot;:&quot;&quot;,&quot;caption&quot;:&quot;&quot;,&quot;created_timestamp&quot;:&quot;0&quot;,&quot;copyright&quot;:&quot;&quot;,&quot;focal_length&quot;:&quot;0&quot;,&quot;iso&quot;:&quot;0&quot;,&quot;shutter_speed&quot;:&quot;0&quot;,&quot;title&quot;:&quot;&quot;,&quot;orientation&quot;:&quot;0&quot;}\" data-image-title=\"Daniela&amp;amp;Eric-152-2\" data-image-description=\"\" data-medium-file=\"https:\/\/i0.wp.com\/alpimages.ch\/wp-content\/uploads\/2015\/11\/danielaeric-152-2.jpg?fit=200%2C300&#038;ssl=1\" data-large-file=\"https:\/\/i0.wp.com\/alpimages.ch\/wp-content\/uploads\/2015\/11\/danielaeric-152-2.jpg?fit=680%2C1020&#038;ssl=1\" src=\"https:\/\/i0.wp.com\/alpimages.ch\/wp-content\/uploads\/2015\/11\/danielaeric-152-2.jpg?w=126&#038;h=190&#038;ssl=1\" width=\"126\" height=\"190\" loading=\"lazy\" data-original-width=\"126\" data-original-height=\"190\" itemprop=\"http:\/\/schema.org\/image\" title=\"Daniela&amp;Eric-152-2\" alt=\"Daniela&amp;Eric-152-2\" style=\"width: 126px; height: 190px;\" \/> <\/a> <\/div> <\/div> <!-- close group --> <\/div> <!-- close row --> <div class=\"gallery-row\" style=\"width: 680px; height: 326px;\" data-original-width=\"680\" data-original-height=\"326\" > <div class=\"gallery-group images-1\" style=\"width: 219px; height: 326px;\" data-original-width=\"219\" data-original-height=\"326\" > <div class=\"tiled-gallery-item tiled-gallery-item-small\" itemprop=\"associatedMedia\" itemscope itemtype=\"http:\/\/schema.org\/ImageObject\"> <a href=\"https:\/\/alpimages.ch\/en\/portfolio\/mariage\/freddynaomi-334-2\/\" border=\"0\" itemprop=\"url\"> <meta itemprop=\"width\" content=\"215\"> <meta itemprop=\"height\" content=\"322\"> <img decoding=\"async\" class=\"\" data-attachment-id=\"723\" data-orig-file=\"https:\/\/alpimages.ch\/wp-content\/uploads\/2015\/11\/freddynaomi-334-2.jpg\" data-orig-size=\"2362,3543\" data-comments-opened=\"\" data-image-meta=\"{&quot;aperture&quot;:&quot;0&quot;,&quot;credit&quot;:&quot;&quot;,&quot;camera&quot;:&quot;&quot;,&quot;caption&quot;:&quot;&quot;,&quot;created_timestamp&quot;:&quot;0&quot;,&quot;copyright&quot;:&quot;&quot;,&quot;focal_length&quot;:&quot;0&quot;,&quot;iso&quot;:&quot;0&quot;,&quot;shutter_speed&quot;:&quot;0&quot;,&quot;title&quot;:&quot;&quot;,&quot;orientation&quot;:&quot;0&quot;}\" data-image-title=\"FREDDY&amp;amp;NAOMI-334-2\" data-image-description=\"\" data-medium-file=\"https:\/\/i0.wp.com\/alpimages.ch\/wp-content\/uploads\/2015\/11\/freddynaomi-334-2.jpg?fit=200%2C300&#038;ssl=1\" data-large-file=\"https:\/\/i0.wp.com\/alpimages.ch\/wp-content\/uploads\/2015\/11\/freddynaomi-334-2.jpg?fit=680%2C1020&#038;ssl=1\" src=\"https:\/\/i0.wp.com\/alpimages.ch\/wp-content\/uploads\/2015\/11\/freddynaomi-334-2.jpg?w=215&#038;h=322&#038;ssl=1\" width=\"215\" height=\"322\" loading=\"lazy\" data-original-width=\"215\" data-original-height=\"322\" itemprop=\"http:\/\/schema.org\/image\" title=\"FREDDY&amp;NAOMI-334-2\" alt=\"FREDDY&amp;NAOMI-334-2\" style=\"width: 215px; height: 322px;\" \/> <\/a> <\/div> <\/div> <!-- close group --> <div class=\"gallery-group images-2\" style=\"width: 242px; height: 326px;\" data-original-width=\"242\" data-original-height=\"326\" > <div class=\"tiled-gallery-item tiled-gallery-item-small\" itemprop=\"associatedMedia\" itemscope itemtype=\"http:\/\/schema.org\/ImageObject\"> <a href=\"https:\/\/alpimages.ch\/en\/portfolio\/mariage\/freddynaomi-387\/\" border=\"0\" itemprop=\"url\"> <meta itemprop=\"width\" content=\"238\"> <meta itemprop=\"height\" content=\"159\"> <img decoding=\"async\" class=\"\" data-attachment-id=\"724\" data-orig-file=\"https:\/\/alpimages.ch\/wp-content\/uploads\/2015\/11\/freddynaomi-387.jpg\" data-orig-size=\"3543,2362\" data-comments-opened=\"\" data-image-meta=\"{&quot;aperture&quot;:&quot;0&quot;,&quot;credit&quot;:&quot;&quot;,&quot;camera&quot;:&quot;&quot;,&quot;caption&quot;:&quot;&quot;,&quot;created_timestamp&quot;:&quot;0&quot;,&quot;copyright&quot;:&quot;&quot;,&quot;focal_length&quot;:&quot;0&quot;,&quot;iso&quot;:&quot;0&quot;,&quot;shutter_speed&quot;:&quot;0&quot;,&quot;title&quot;:&quot;&quot;,&quot;orientation&quot;:&quot;0&quot;}\" data-image-title=\"FREDDY&amp;amp;NAOMI-387\" data-image-description=\"\" data-medium-file=\"https:\/\/i0.wp.com\/alpimages.ch\/wp-content\/uploads\/2015\/11\/freddynaomi-387.jpg?fit=300%2C200&#038;ssl=1\" data-large-file=\"https:\/\/i0.wp.com\/alpimages.ch\/wp-content\/uploads\/2015\/11\/freddynaomi-387.jpg?fit=680%2C453&#038;ssl=1\" src=\"https:\/\/i0.wp.com\/alpimages.ch\/wp-content\/uploads\/2015\/11\/freddynaomi-387.jpg?w=238&#038;h=159&#038;ssl=1\" width=\"238\" height=\"159\" loading=\"lazy\" data-original-width=\"238\" data-original-height=\"159\" itemprop=\"http:\/\/schema.org\/image\" title=\"FREDDY&amp;NAOMI-387\" alt=\"FREDDY&amp;NAOMI-387\" style=\"width: 238px; height: 159px;\" \/> <\/a> <\/div> <div class=\"tiled-gallery-item tiled-gallery-item-small\" itemprop=\"associatedMedia\" itemscope itemtype=\"http:\/\/schema.org\/ImageObject\"> <a href=\"https:\/\/alpimages.ch\/en\/portfolio\/mariage\/michellefindlay-366\/\" border=\"0\" itemprop=\"url\"> <meta itemprop=\"width\" content=\"238\"> <meta itemprop=\"height\" content=\"159\"> <img decoding=\"async\" class=\"\" data-attachment-id=\"725\" data-orig-file=\"https:\/\/alpimages.ch\/wp-content\/uploads\/2015\/11\/michellefindlay-366.jpg\" data-orig-size=\"3543,2362\" data-comments-opened=\"\" data-image-meta=\"{&quot;aperture&quot;:&quot;0&quot;,&quot;credit&quot;:&quot;&quot;,&quot;camera&quot;:&quot;&quot;,&quot;caption&quot;:&quot;&quot;,&quot;created_timestamp&quot;:&quot;0&quot;,&quot;copyright&quot;:&quot;&quot;,&quot;focal_length&quot;:&quot;0&quot;,&quot;iso&quot;:&quot;0&quot;,&quot;shutter_speed&quot;:&quot;0&quot;,&quot;title&quot;:&quot;&quot;,&quot;orientation&quot;:&quot;0&quot;}\" data-image-title=\"MICHELLE&amp;amp;FINDLAY-366\" data-image-description=\"\" data-medium-file=\"https:\/\/i0.wp.com\/alpimages.ch\/wp-content\/uploads\/2015\/11\/michellefindlay-366.jpg?fit=300%2C200&#038;ssl=1\" data-large-file=\"https:\/\/i0.wp.com\/alpimages.ch\/wp-content\/uploads\/2015\/11\/michellefindlay-366.jpg?fit=680%2C453&#038;ssl=1\" src=\"https:\/\/i0.wp.com\/alpimages.ch\/wp-content\/uploads\/2015\/11\/michellefindlay-366.jpg?w=238&#038;h=159&#038;ssl=1\" width=\"238\" height=\"159\" loading=\"lazy\" data-original-width=\"238\" data-original-height=\"159\" itemprop=\"http:\/\/schema.org\/image\" title=\"MICHELLE&amp;FINDLAY-366\" alt=\"MICHELLE&amp;FINDLAY-366\" style=\"width: 238px; height: 159px;\" \/> <\/a> <\/div> <\/div> <!-- close group --> <div class=\"gallery-group images-1\" style=\"width: 219px; height: 326px;\" data-original-width=\"219\" data-original-height=\"326\" > <div class=\"tiled-gallery-item tiled-gallery-item-small\" itemprop=\"associatedMedia\" itemscope itemtype=\"http:\/\/schema.org\/ImageObject\"> <a href=\"https:\/\/alpimages.ch\/en\/portfolio\/mariage\/naamloos-1\/\" border=\"0\" itemprop=\"url\"> <meta itemprop=\"width\" content=\"215\"> <meta itemprop=\"height\" content=\"322\"> <img decoding=\"async\" class=\"\" data-attachment-id=\"726\" data-orig-file=\"https:\/\/alpimages.ch\/wp-content\/uploads\/2015\/11\/naamloos-1.jpg\" data-orig-size=\"4500,6750\" data-comments-opened=\"\" data-image-meta=\"{&quot;aperture&quot;:&quot;0&quot;,&quot;credit&quot;:&quot;&quot;,&quot;camera&quot;:&quot;&quot;,&quot;caption&quot;:&quot;&quot;,&quot;created_timestamp&quot;:&quot;0&quot;,&quot;copyright&quot;:&quot;&quot;,&quot;focal_length&quot;:&quot;0&quot;,&quot;iso&quot;:&quot;0&quot;,&quot;shutter_speed&quot;:&quot;0&quot;,&quot;title&quot;:&quot;&quot;,&quot;orientation&quot;:&quot;0&quot;}\" data-image-title=\"Naamloos-1\" data-image-description=\"\" data-medium-file=\"https:\/\/i0.wp.com\/alpimages.ch\/wp-content\/uploads\/2015\/11\/naamloos-1.jpg?fit=200%2C300&#038;ssl=1\" data-large-file=\"https:\/\/i0.wp.com\/alpimages.ch\/wp-content\/uploads\/2015\/11\/naamloos-1.jpg?fit=680%2C1020&#038;ssl=1\" src=\"https:\/\/i0.wp.com\/alpimages.ch\/wp-content\/uploads\/2015\/11\/naamloos-1.jpg?w=215&#038;h=322&#038;ssl=1\" width=\"215\" height=\"322\" loading=\"lazy\" data-original-width=\"215\" data-original-height=\"322\" itemprop=\"http:\/\/schema.org\/image\" title=\"Naamloos-1\" alt=\"Naamloos-1\" style=\"width: 215px; height: 322px;\" \/> <\/a> <\/div> <\/div> <!-- close group --> <\/div> <!-- close row --> <div class=\"gallery-row\" style=\"width: 680px; height: 583px;\" data-original-width=\"680\" data-original-height=\"583\" > <div class=\"gallery-group images-3\" style=\"width: 290px; height: 583px;\" data-original-width=\"290\" data-original-height=\"583\" > <div class=\"tiled-gallery-item tiled-gallery-item-large\" itemprop=\"associatedMedia\" itemscope itemtype=\"http:\/\/schema.org\/ImageObject\"> <a href=\"https:\/\/alpimages.ch\/en\/portfolio\/mariage\/natraph-alpimages-188\/\" border=\"0\" itemprop=\"url\"> <meta itemprop=\"width\" content=\"286\"> <meta itemprop=\"height\" content=\"191\"> <img decoding=\"async\" class=\"\" data-attachment-id=\"727\" data-orig-file=\"https:\/\/alpimages.ch\/wp-content\/uploads\/2015\/11\/natraph-alpimages-188.jpg\" data-orig-size=\"3543,2362\" data-comments-opened=\"\" data-image-meta=\"{&quot;aperture&quot;:&quot;0&quot;,&quot;credit&quot;:&quot;&quot;,&quot;camera&quot;:&quot;&quot;,&quot;caption&quot;:&quot;&quot;,&quot;created_timestamp&quot;:&quot;0&quot;,&quot;copyright&quot;:&quot;&quot;,&quot;focal_length&quot;:&quot;0&quot;,&quot;iso&quot;:&quot;0&quot;,&quot;shutter_speed&quot;:&quot;0&quot;,&quot;title&quot;:&quot;&quot;,&quot;orientation&quot;:&quot;0&quot;}\" data-image-title=\"Nat&amp;amp;Raph-Alpimages-188\" data-image-description=\"\" data-medium-file=\"https:\/\/i0.wp.com\/alpimages.ch\/wp-content\/uploads\/2015\/11\/natraph-alpimages-188.jpg?fit=300%2C200&#038;ssl=1\" data-large-file=\"https:\/\/i0.wp.com\/alpimages.ch\/wp-content\/uploads\/2015\/11\/natraph-alpimages-188.jpg?fit=680%2C453&#038;ssl=1\" src=\"https:\/\/i0.wp.com\/alpimages.ch\/wp-content\/uploads\/2015\/11\/natraph-alpimages-188.jpg?w=286&#038;h=191&#038;ssl=1\" width=\"286\" height=\"191\" loading=\"lazy\" data-original-width=\"286\" data-original-height=\"191\" itemprop=\"http:\/\/schema.org\/image\" title=\"Nat&amp;Raph-Alpimages-188\" alt=\"Nat&amp;Raph-Alpimages-188\" style=\"width: 286px; height: 191px;\" \/> <\/a> <\/div> <div class=\"tiled-gallery-item tiled-gallery-item-large\" itemprop=\"associatedMedia\" itemscope itemtype=\"http:\/\/schema.org\/ImageObject\"> <a href=\"https:\/\/alpimages.ch\/en\/portfolio\/mariage\/natraph-alpimages-269\/\" border=\"0\" itemprop=\"url\"> <meta itemprop=\"width\" content=\"286\"> <meta itemprop=\"height\" content=\"190\"> <img decoding=\"async\" class=\"\" data-attachment-id=\"728\" data-orig-file=\"https:\/\/alpimages.ch\/wp-content\/uploads\/2015\/11\/natraph-alpimages-269.jpg\" data-orig-size=\"3543,2362\" data-comments-opened=\"\" data-image-meta=\"{&quot;aperture&quot;:&quot;0&quot;,&quot;credit&quot;:&quot;&quot;,&quot;camera&quot;:&quot;&quot;,&quot;caption&quot;:&quot;&quot;,&quot;created_timestamp&quot;:&quot;0&quot;,&quot;copyright&quot;:&quot;&quot;,&quot;focal_length&quot;:&quot;0&quot;,&quot;iso&quot;:&quot;0&quot;,&quot;shutter_speed&quot;:&quot;0&quot;,&quot;title&quot;:&quot;&quot;,&quot;orientation&quot;:&quot;0&quot;}\" data-image-title=\"Nat&amp;amp;Raph-Alpimages-269\" data-image-description=\"\" data-medium-file=\"https:\/\/i0.wp.com\/alpimages.ch\/wp-content\/uploads\/2015\/11\/natraph-alpimages-269.jpg?fit=300%2C200&#038;ssl=1\" data-large-file=\"https:\/\/i0.wp.com\/alpimages.ch\/wp-content\/uploads\/2015\/11\/natraph-alpimages-269.jpg?fit=680%2C453&#038;ssl=1\" src=\"https:\/\/i0.wp.com\/alpimages.ch\/wp-content\/uploads\/2015\/11\/natraph-alpimages-269.jpg?w=286&#038;h=190&#038;ssl=1\" width=\"286\" height=\"190\" loading=\"lazy\" data-original-width=\"286\" data-original-height=\"190\" itemprop=\"http:\/\/schema.org\/image\" title=\"Nat&amp;Raph-Alpimages-269\" alt=\"Nat&amp;Raph-Alpimages-269\" style=\"width: 286px; height: 190px;\" \/> <\/a> <\/div> <div class=\"tiled-gallery-item tiled-gallery-item-large\" itemprop=\"associatedMedia\" itemscope itemtype=\"http:\/\/schema.org\/ImageObject\"> <a href=\"https:\/\/alpimages.ch\/en\/portfolio\/mariage\/natraph-alpimages-282-2\/\" border=\"0\" itemprop=\"url\"> <meta itemprop=\"width\" content=\"286\"> <meta itemprop=\"height\" content=\"190\"> <img decoding=\"async\" class=\"\" data-attachment-id=\"729\" data-orig-file=\"https:\/\/alpimages.ch\/wp-content\/uploads\/2015\/11\/natraph-alpimages-282-2.jpg\" data-orig-size=\"3543,2362\" data-comments-opened=\"\" data-image-meta=\"{&quot;aperture&quot;:&quot;0&quot;,&quot;credit&quot;:&quot;&quot;,&quot;camera&quot;:&quot;&quot;,&quot;caption&quot;:&quot;&quot;,&quot;created_timestamp&quot;:&quot;0&quot;,&quot;copyright&quot;:&quot;&quot;,&quot;focal_length&quot;:&quot;0&quot;,&quot;iso&quot;:&quot;0&quot;,&quot;shutter_speed&quot;:&quot;0&quot;,&quot;title&quot;:&quot;&quot;,&quot;orientation&quot;:&quot;0&quot;}\" data-image-title=\"Nat&amp;amp;Raph-Alpimages-282-2\" data-image-description=\"\" data-medium-file=\"https:\/\/i0.wp.com\/alpimages.ch\/wp-content\/uploads\/2015\/11\/natraph-alpimages-282-2.jpg?fit=300%2C200&#038;ssl=1\" data-large-file=\"https:\/\/i0.wp.com\/alpimages.ch\/wp-content\/uploads\/2015\/11\/natraph-alpimages-282-2.jpg?fit=680%2C453&#038;ssl=1\" src=\"https:\/\/i0.wp.com\/alpimages.ch\/wp-content\/uploads\/2015\/11\/natraph-alpimages-282-2.jpg?w=286&#038;h=190&#038;ssl=1\" width=\"286\" height=\"190\" loading=\"lazy\" data-original-width=\"286\" data-original-height=\"190\" itemprop=\"http:\/\/schema.org\/image\" title=\"Nat&amp;Raph-Alpimages-282-2\" alt=\"Nat&amp;Raph-Alpimages-282-2\" style=\"width: 286px; height: 190px;\" \/> <\/a> <\/div> <\/div> <!-- close group --> <div class=\"gallery-group images-1\" style=\"width: 390px; height: 583px;\" data-original-width=\"390\" data-original-height=\"583\" > <div class=\"tiled-gallery-item tiled-gallery-item-large\" itemprop=\"associatedMedia\" itemscope itemtype=\"http:\/\/schema.org\/ImageObject\"> <a href=\"https:\/\/alpimages.ch\/en\/portfolio\/mariage\/natraph-alpimages-313-2\/\" border=\"0\" itemprop=\"url\"> <meta itemprop=\"width\" content=\"386\"> <meta itemprop=\"height\" content=\"579\"> <img decoding=\"async\" class=\"\" data-attachment-id=\"730\" data-orig-file=\"https:\/\/alpimages.ch\/wp-content\/uploads\/2015\/11\/natraph-alpimages-313-2.jpg\" data-orig-size=\"2362,3543\" data-comments-opened=\"\" data-image-meta=\"{&quot;aperture&quot;:&quot;0&quot;,&quot;credit&quot;:&quot;&quot;,&quot;camera&quot;:&quot;&quot;,&quot;caption&quot;:&quot;&quot;,&quot;created_timestamp&quot;:&quot;0&quot;,&quot;copyright&quot;:&quot;&quot;,&quot;focal_length&quot;:&quot;0&quot;,&quot;iso&quot;:&quot;0&quot;,&quot;shutter_speed&quot;:&quot;0&quot;,&quot;title&quot;:&quot;&quot;,&quot;orientation&quot;:&quot;0&quot;}\" data-image-title=\"Nat&amp;amp;Raph-Alpimages-313-2\" data-image-description=\"\" data-medium-file=\"https:\/\/i0.wp.com\/alpimages.ch\/wp-content\/uploads\/2015\/11\/natraph-alpimages-313-2.jpg?fit=200%2C300&#038;ssl=1\" data-large-file=\"https:\/\/i0.wp.com\/alpimages.ch\/wp-content\/uploads\/2015\/11\/natraph-alpimages-313-2.jpg?fit=680%2C1020&#038;ssl=1\" src=\"https:\/\/i0.wp.com\/alpimages.ch\/wp-content\/uploads\/2015\/11\/natraph-alpimages-313-2.jpg?w=386&#038;h=579&#038;ssl=1\" width=\"386\" height=\"579\" loading=\"lazy\" data-original-width=\"386\" data-original-height=\"579\" itemprop=\"http:\/\/schema.org\/image\" title=\"Nat&amp;Raph-Alpimages-313-2\" alt=\"Nat&amp;Raph-Alpimages-313-2\" style=\"width: 386px; height: 579px;\" \/> <\/a> <\/div> <\/div> <!-- close group --> <\/div> <!-- close row --> <div class=\"gallery-row\" style=\"width: 680px; height: 189px;\" data-original-width=\"680\" data-original-height=\"189\" > <div class=\"gallery-group images-1\" style=\"width: 281px; height: 189px;\" data-original-width=\"281\" data-original-height=\"189\" > <div class=\"tiled-gallery-item tiled-gallery-item-large\" itemprop=\"associatedMedia\" itemscope itemtype=\"http:\/\/schema.org\/ImageObject\"> <a href=\"https:\/\/alpimages.ch\/en\/portfolio\/mariage\/natraph-alpimages-320\/\" border=\"0\" itemprop=\"url\"> <meta itemprop=\"width\" content=\"277\"> <meta itemprop=\"height\" content=\"185\"> <img decoding=\"async\" class=\"\" data-attachment-id=\"731\" data-orig-file=\"https:\/\/alpimages.ch\/wp-content\/uploads\/2015\/11\/natraph-alpimages-320.jpg\" data-orig-size=\"3543,2362\" data-comments-opened=\"\" data-image-meta=\"{&quot;aperture&quot;:&quot;0&quot;,&quot;credit&quot;:&quot;&quot;,&quot;camera&quot;:&quot;&quot;,&quot;caption&quot;:&quot;&quot;,&quot;created_timestamp&quot;:&quot;0&quot;,&quot;copyright&quot;:&quot;&quot;,&quot;focal_length&quot;:&quot;0&quot;,&quot;iso&quot;:&quot;0&quot;,&quot;shutter_speed&quot;:&quot;0&quot;,&quot;title&quot;:&quot;&quot;,&quot;orientation&quot;:&quot;0&quot;}\" data-image-title=\"Nat&amp;amp;Raph-Alpimages-320\" data-image-description=\"\" data-medium-file=\"https:\/\/i0.wp.com\/alpimages.ch\/wp-content\/uploads\/2015\/11\/natraph-alpimages-320.jpg?fit=300%2C200&#038;ssl=1\" data-large-file=\"https:\/\/i0.wp.com\/alpimages.ch\/wp-content\/uploads\/2015\/11\/natraph-alpimages-320.jpg?fit=680%2C453&#038;ssl=1\" src=\"https:\/\/i0.wp.com\/alpimages.ch\/wp-content\/uploads\/2015\/11\/natraph-alpimages-320.jpg?w=277&#038;h=185&#038;ssl=1\" width=\"277\" height=\"185\" loading=\"lazy\" data-original-width=\"277\" data-original-height=\"185\" itemprop=\"http:\/\/schema.org\/image\" title=\"Nat&amp;Raph-Alpimages-320\" alt=\"Nat&amp;Raph-Alpimages-320\" style=\"width: 277px; height: 185px;\" \/> <\/a> <\/div> <\/div> <!-- close group --> <div class=\"gallery-group images-1\" style=\"width: 399px; height: 189px;\" data-original-width=\"399\" data-original-height=\"189\" > <div class=\"tiled-gallery-item tiled-gallery-item-large\" itemprop=\"associatedMedia\" itemscope itemtype=\"http:\/\/schema.org\/ImageObject\"> <a href=\"https:\/\/alpimages.ch\/en\/portfolio\/mariage\/natraph-alpimages-325-2\/\" border=\"0\" itemprop=\"url\"> <meta itemprop=\"width\" content=\"395\"> <meta itemprop=\"height\" content=\"185\"> <img decoding=\"async\" class=\"\" data-attachment-id=\"732\" data-orig-file=\"https:\/\/alpimages.ch\/wp-content\/uploads\/2015\/11\/natraph-alpimages-325-2.jpg\" data-orig-size=\"3543,1655\" data-comments-opened=\"\" data-image-meta=\"{&quot;aperture&quot;:&quot;0&quot;,&quot;credit&quot;:&quot;&quot;,&quot;camera&quot;:&quot;&quot;,&quot;caption&quot;:&quot;&quot;,&quot;created_timestamp&quot;:&quot;0&quot;,&quot;copyright&quot;:&quot;&quot;,&quot;focal_length&quot;:&quot;0&quot;,&quot;iso&quot;:&quot;0&quot;,&quot;shutter_speed&quot;:&quot;0&quot;,&quot;title&quot;:&quot;&quot;,&quot;orientation&quot;:&quot;0&quot;}\" data-image-title=\"Nat&amp;amp;Raph-Alpimages-325-2\" data-image-description=\"\" data-medium-file=\"https:\/\/i0.wp.com\/alpimages.ch\/wp-content\/uploads\/2015\/11\/natraph-alpimages-325-2.jpg?fit=300%2C140&#038;ssl=1\" data-large-file=\"https:\/\/i0.wp.com\/alpimages.ch\/wp-content\/uploads\/2015\/11\/natraph-alpimages-325-2.jpg?fit=680%2C318&#038;ssl=1\" src=\"https:\/\/i0.wp.com\/alpimages.ch\/wp-content\/uploads\/2015\/11\/natraph-alpimages-325-2.jpg?w=395&#038;h=185&#038;ssl=1\" width=\"395\" height=\"185\" loading=\"lazy\" data-original-width=\"395\" data-original-height=\"185\" itemprop=\"http:\/\/schema.org\/image\" title=\"Nat&amp;Raph-Alpimages-325-2\" alt=\"Nat&amp;Raph-Alpimages-325-2\" style=\"width: 395px; height: 185px;\" \/> <\/a> <\/div> <\/div> <!-- close group --> <\/div> <!-- close row --> <div class=\"gallery-row\" style=\"width: 680px; height: 186px;\" data-original-width=\"680\" data-original-height=\"186\" > <div class=\"gallery-group images-1\" style=\"width: 277px; height: 186px;\" data-original-width=\"277\" data-original-height=\"186\" > <div class=\"tiled-gallery-item tiled-gallery-item-large\" itemprop=\"associatedMedia\" itemscope itemtype=\"http:\/\/schema.org\/ImageObject\"> <a href=\"https:\/\/alpimages.ch\/en\/portfolio\/mariage\/natraph-alpimages-594\/\" border=\"0\" itemprop=\"url\"> <meta itemprop=\"width\" content=\"273\"> <meta itemprop=\"height\" content=\"182\"> <img decoding=\"async\" class=\"\" data-attachment-id=\"733\" data-orig-file=\"https:\/\/alpimages.ch\/wp-content\/uploads\/2015\/11\/natraph-alpimages-594.jpg\" data-orig-size=\"3543,2362\" data-comments-opened=\"\" data-image-meta=\"{&quot;aperture&quot;:&quot;0&quot;,&quot;credit&quot;:&quot;&quot;,&quot;camera&quot;:&quot;&quot;,&quot;caption&quot;:&quot;&quot;,&quot;created_timestamp&quot;:&quot;0&quot;,&quot;copyright&quot;:&quot;&quot;,&quot;focal_length&quot;:&quot;0&quot;,&quot;iso&quot;:&quot;0&quot;,&quot;shutter_speed&quot;:&quot;0&quot;,&quot;title&quot;:&quot;&quot;,&quot;orientation&quot;:&quot;0&quot;}\" data-image-title=\"Nat&amp;amp;Raph-Alpimages-594\" data-image-description=\"\" data-medium-file=\"https:\/\/i0.wp.com\/alpimages.ch\/wp-content\/uploads\/2015\/11\/natraph-alpimages-594.jpg?fit=300%2C200&#038;ssl=1\" data-large-file=\"https:\/\/i0.wp.com\/alpimages.ch\/wp-content\/uploads\/2015\/11\/natraph-alpimages-594.jpg?fit=680%2C453&#038;ssl=1\" src=\"https:\/\/i0.wp.com\/alpimages.ch\/wp-content\/uploads\/2015\/11\/natraph-alpimages-594.jpg?w=273&#038;h=182&#038;ssl=1\" width=\"273\" height=\"182\" loading=\"lazy\" data-original-width=\"273\" data-original-height=\"182\" itemprop=\"http:\/\/schema.org\/image\" title=\"Nat&amp;Raph-Alpimages-594\" alt=\"Nat&amp;Raph-Alpimages-594\" style=\"width: 273px; height: 182px;\" \/> <\/a> <\/div> <\/div> <!-- close group --> <div class=\"gallery-group images-1\" style=\"width: 126px; height: 186px;\" data-original-width=\"126\" data-original-height=\"186\" > <div class=\"tiled-gallery-item tiled-gallery-item-small\" itemprop=\"associatedMedia\" itemscope itemtype=\"http:\/\/schema.org\/ImageObject\"> <a href=\"https:\/\/alpimages.ch\/en\/portfolio\/corporate\/weddingonskialpimages-52\/\" border=\"0\" itemprop=\"url\"> <meta itemprop=\"width\" content=\"122\"> <meta itemprop=\"height\" content=\"182\"> <img decoding=\"async\" class=\"\" data-attachment-id=\"2580\" data-orig-file=\"https:\/\/alpimages.ch\/wp-content\/uploads\/2015\/11\/WEDDINGONSKI\u00a9ALPIMAGES-52.jpg\" data-orig-size=\"1969,2953\" data-comments-opened=\"\" data-image-meta=\"{&quot;aperture&quot;:&quot;5.6&quot;,&quot;credit&quot;:&quot;&quot;,&quot;camera&quot;:&quot;NIKON D850&quot;,&quot;caption&quot;:&quot;&quot;,&quot;created_timestamp&quot;:&quot;1548520644&quot;,&quot;copyright&quot;:&quot;&quot;,&quot;focal_length&quot;:&quot;90&quot;,&quot;iso&quot;:&quot;160&quot;,&quot;shutter_speed&quot;:&quot;0.00125&quot;,&quot;title&quot;:&quot;&quot;,&quot;orientation&quot;:&quot;0&quot;}\" data-image-title=\"WEDDINGONSKI\u00a9ALPIMAGES-52\" data-image-description=\"\" data-medium-file=\"https:\/\/i0.wp.com\/alpimages.ch\/wp-content\/uploads\/2015\/11\/WEDDINGONSKI%C2%A9ALPIMAGES-52.jpg?fit=200%2C300&#038;ssl=1\" data-large-file=\"https:\/\/i0.wp.com\/alpimages.ch\/wp-content\/uploads\/2015\/11\/WEDDINGONSKI%C2%A9ALPIMAGES-52.jpg?fit=680%2C1020&#038;ssl=1\" src=\"https:\/\/i0.wp.com\/alpimages.ch\/wp-content\/uploads\/2015\/11\/WEDDINGONSKI%C2%A9ALPIMAGES-52.jpg?w=122&#038;h=182&#038;ssl=1\" width=\"122\" height=\"182\" loading=\"lazy\" data-original-width=\"122\" data-original-height=\"182\" itemprop=\"http:\/\/schema.org\/image\" title=\"WEDDINGONSKI\u00a9ALPIMAGES-52\" alt=\"WEDDINGONSKI\u00a9ALPIMAGES-52\" style=\"width: 122px; height: 182px;\" \/> <\/a> <\/div> <\/div> <!-- close group --> <div class=\"gallery-group images-1\" style=\"width: 277px; height: 186px;\" data-original-width=\"277\" data-original-height=\"186\" > <div class=\"tiled-gallery-item tiled-gallery-item-large\" itemprop=\"associatedMedia\" itemscope itemtype=\"http:\/\/schema.org\/ImageObject\"> <a href=\"https:\/\/alpimages.ch\/en\/portfolio\/mariage\/nicorebeccaverbier-256-2\/\" border=\"0\" itemprop=\"url\"> <meta itemprop=\"width\" content=\"273\"> <meta itemprop=\"height\" content=\"182\"> <img decoding=\"async\" class=\"\" data-attachment-id=\"734\" data-orig-file=\"https:\/\/alpimages.ch\/wp-content\/uploads\/2015\/11\/nicorebeccaverbier-256-2.jpg\" data-orig-size=\"9000,6000\" data-comments-opened=\"\" data-image-meta=\"{&quot;aperture&quot;:&quot;0&quot;,&quot;credit&quot;:&quot;&quot;,&quot;camera&quot;:&quot;&quot;,&quot;caption&quot;:&quot;&quot;,&quot;created_timestamp&quot;:&quot;0&quot;,&quot;copyright&quot;:&quot;&quot;,&quot;focal_length&quot;:&quot;0&quot;,&quot;iso&quot;:&quot;0&quot;,&quot;shutter_speed&quot;:&quot;0&quot;,&quot;title&quot;:&quot;&quot;,&quot;orientation&quot;:&quot;0&quot;}\" data-image-title=\"Nico&amp;amp;RebeccaVerbier-256-2\" data-image-description=\"\" data-medium-file=\"https:\/\/i0.wp.com\/alpimages.ch\/wp-content\/uploads\/2015\/11\/nicorebeccaverbier-256-2.jpg?fit=300%2C200&#038;ssl=1\" data-large-file=\"https:\/\/i0.wp.com\/alpimages.ch\/wp-content\/uploads\/2015\/11\/nicorebeccaverbier-256-2.jpg?fit=680%2C453&#038;ssl=1\" src=\"https:\/\/i0.wp.com\/alpimages.ch\/wp-content\/uploads\/2015\/11\/nicorebeccaverbier-256-2.jpg?w=273&#038;h=182&#038;ssl=1\" width=\"273\" height=\"182\" loading=\"lazy\" data-original-width=\"273\" data-original-height=\"182\" itemprop=\"http:\/\/schema.org\/image\" title=\"Nico&amp;RebeccaVerbier-256-2\" alt=\"Nico&amp;RebeccaVerbier-256-2\" style=\"width: 273px; height: 182px;\" \/> <\/a> <\/div> <\/div> <!-- close group --> <\/div> <!-- close row --> <div class=\"gallery-row\" style=\"width: 680px; height: 314px;\" data-original-width=\"680\" data-original-height=\"314\" > <div class=\"gallery-group images-1\" style=\"width: 469px; height: 314px;\" data-original-width=\"469\" data-original-height=\"314\" > <div class=\"tiled-gallery-item tiled-gallery-item-large\" itemprop=\"associatedMedia\" itemscope itemtype=\"http:\/\/schema.org\/ImageObject\"> <a href=\"https:\/\/alpimages.ch\/en\/portfolio\/mariage\/nicorebeccaverbier-296\/\" border=\"0\" itemprop=\"url\"> <meta itemprop=\"width\" content=\"465\"> <meta itemprop=\"height\" content=\"310\"> <img decoding=\"async\" class=\"\" data-attachment-id=\"736\" data-orig-file=\"https:\/\/alpimages.ch\/wp-content\/uploads\/2015\/11\/nicorebeccaverbier-296.jpg\" data-orig-size=\"9000,6000\" data-comments-opened=\"\" data-image-meta=\"{&quot;aperture&quot;:&quot;0&quot;,&quot;credit&quot;:&quot;&quot;,&quot;camera&quot;:&quot;&quot;,&quot;caption&quot;:&quot;&quot;,&quot;created_timestamp&quot;:&quot;0&quot;,&quot;copyright&quot;:&quot;&quot;,&quot;focal_length&quot;:&quot;0&quot;,&quot;iso&quot;:&quot;0&quot;,&quot;shutter_speed&quot;:&quot;0&quot;,&quot;title&quot;:&quot;&quot;,&quot;orientation&quot;:&quot;0&quot;}\" data-image-title=\"Nico&amp;amp;RebeccaVerbier-296\" data-image-description=\"\" data-medium-file=\"https:\/\/i0.wp.com\/alpimages.ch\/wp-content\/uploads\/2015\/11\/nicorebeccaverbier-296.jpg?fit=300%2C200&#038;ssl=1\" data-large-file=\"https:\/\/i0.wp.com\/alpimages.ch\/wp-content\/uploads\/2015\/11\/nicorebeccaverbier-296.jpg?fit=680%2C453&#038;ssl=1\" src=\"https:\/\/i0.wp.com\/alpimages.ch\/wp-content\/uploads\/2015\/11\/nicorebeccaverbier-296.jpg?w=465&#038;h=310&#038;ssl=1\" width=\"465\" height=\"310\" loading=\"lazy\" data-original-width=\"465\" data-original-height=\"310\" itemprop=\"http:\/\/schema.org\/image\" title=\"Nico&amp;RebeccaVerbier-296\" alt=\"Nico&amp;RebeccaVerbier-296\" style=\"width: 465px; height: 310px;\" \/> <\/a> <\/div> <\/div> <!-- close group --> <div class=\"gallery-group images-1\" style=\"width: 211px; height: 314px;\" data-original-width=\"211\" data-original-height=\"314\" > <div class=\"tiled-gallery-item tiled-gallery-item-small\" itemprop=\"associatedMedia\" itemscope itemtype=\"http:\/\/schema.org\/ImageObject\"> <a href=\"https:\/\/alpimages.ch\/en\/portfolio\/corporate\/dsc_0918\/\" border=\"0\" itemprop=\"url\"> <meta itemprop=\"width\" content=\"207\"> <meta itemprop=\"height\" content=\"310\"> <img decoding=\"async\" class=\"\" data-attachment-id=\"2564\" data-orig-file=\"https:\/\/alpimages.ch\/wp-content\/uploads\/2015\/11\/DSC_0918.jpg\" data-orig-size=\"4004,6000\" data-comments-opened=\"\" data-image-meta=\"{&quot;aperture&quot;:&quot;0&quot;,&quot;credit&quot;:&quot;&quot;,&quot;camera&quot;:&quot;&quot;,&quot;caption&quot;:&quot;&quot;,&quot;created_timestamp&quot;:&quot;0&quot;,&quot;copyright&quot;:&quot;&quot;,&quot;focal_length&quot;:&quot;0&quot;,&quot;iso&quot;:&quot;0&quot;,&quot;shutter_speed&quot;:&quot;0&quot;,&quot;title&quot;:&quot;&quot;,&quot;orientation&quot;:&quot;0&quot;}\" data-image-title=\"DSC_0918\" data-image-description=\"\" data-medium-file=\"https:\/\/i0.wp.com\/alpimages.ch\/wp-content\/uploads\/2015\/11\/DSC_0918.jpg?fit=200%2C300&#038;ssl=1\" data-large-file=\"https:\/\/i0.wp.com\/alpimages.ch\/wp-content\/uploads\/2015\/11\/DSC_0918.jpg?fit=680%2C1020&#038;ssl=1\" src=\"https:\/\/i0.wp.com\/alpimages.ch\/wp-content\/uploads\/2015\/11\/DSC_0918.jpg?w=207&#038;h=310&#038;ssl=1\" srcset=\"https:\/\/i0.wp.com\/alpimages.ch\/wp-content\/uploads\/2015\/11\/DSC_0918.jpg?w=4004&amp;ssl=1 4004w, https:\/\/i0.wp.com\/alpimages.ch\/wp-content\/uploads\/2015\/11\/DSC_0918.jpg?resize=100%2C150&amp;ssl=1 100w, https:\/\/i0.wp.com\/alpimages.ch\/wp-content\/uploads\/2015\/11\/DSC_0918.jpg?resize=200%2C300&amp;ssl=1 200w, https:\/\/i0.wp.com\/alpimages.ch\/wp-content\/uploads\/2015\/11\/DSC_0918.jpg?resize=768%2C1151&amp;ssl=1 768w, https:\/\/i0.wp.com\/alpimages.ch\/wp-content\/uploads\/2015\/11\/DSC_0918.jpg?resize=683%2C1024&amp;ssl=1 683w, https:\/\/i0.wp.com\/alpimages.ch\/wp-content\/uploads\/2015\/11\/DSC_0918.jpg?resize=317%2C475&amp;ssl=1 317w, https:\/\/i0.wp.com\/alpimages.ch\/wp-content\/uploads\/2015\/11\/DSC_0918.jpg?w=1360&amp;ssl=1 1360w, https:\/\/i0.wp.com\/alpimages.ch\/wp-content\/uploads\/2015\/11\/DSC_0918.jpg?w=2040&amp;ssl=1 2040w\" width=\"207\" height=\"310\" loading=\"lazy\" data-original-width=\"207\" data-original-height=\"310\" itemprop=\"http:\/\/schema.org\/image\" title=\"DSC_0918\" alt=\"DSC_0918\" style=\"width: 207px; height: 310px;\" \/> <\/a> <\/div> <\/div> <!-- close group --> <\/div> <!-- close row --> <div class=\"gallery-row\" style=\"width: 680px; height: 304px;\" data-original-width=\"680\" data-original-height=\"304\" > <div class=\"gallery-group images-1\" style=\"width: 454px; height: 304px;\" data-original-width=\"454\" data-original-height=\"304\" > <div class=\"tiled-gallery-item tiled-gallery-item-large\" itemprop=\"associatedMedia\" itemscope itemtype=\"http:\/\/schema.org\/ImageObject\"> <a href=\"https:\/\/alpimages.ch\/en\/portfolio\/mariage\/manonjeremyalpimages-81-2\/\" border=\"0\" itemprop=\"url\"> <meta itemprop=\"width\" content=\"450\"> <meta itemprop=\"height\" content=\"300\"> <img decoding=\"async\" class=\"\" data-attachment-id=\"7459\" data-orig-file=\"https:\/\/alpimages.ch\/wp-content\/uploads\/2015\/11\/MANONJEREMY\u00a9alpimages-81-2.jpg\" data-orig-size=\"1770,1181\" data-comments-opened=\"\" data-image-meta=\"{&quot;aperture&quot;:&quot;0&quot;,&quot;credit&quot;:&quot;&quot;,&quot;camera&quot;:&quot;&quot;,&quot;caption&quot;:&quot;&quot;,&quot;created_timestamp&quot;:&quot;0&quot;,&quot;copyright&quot;:&quot;&quot;,&quot;focal_length&quot;:&quot;0&quot;,&quot;iso&quot;:&quot;0&quot;,&quot;shutter_speed&quot;:&quot;0&quot;,&quot;title&quot;:&quot;&quot;,&quot;orientation&quot;:&quot;0&quot;}\" data-image-title=\"MANON&amp;#038;JEREMY\u00a9alpimages-81-2\" data-image-description=\"\" data-medium-file=\"https:\/\/i0.wp.com\/alpimages.ch\/wp-content\/uploads\/2015\/11\/MANONJEREMY%C2%A9alpimages-81-2.jpg?fit=300%2C200&#038;ssl=1\" data-large-file=\"https:\/\/i0.wp.com\/alpimages.ch\/wp-content\/uploads\/2015\/11\/MANONJEREMY%C2%A9alpimages-81-2.jpg?fit=680%2C454&#038;ssl=1\" src=\"https:\/\/i0.wp.com\/alpimages.ch\/wp-content\/uploads\/2015\/11\/MANONJEREMY%C2%A9alpimages-81-2.jpg?w=450&#038;h=300&#038;ssl=1\" width=\"450\" height=\"300\" loading=\"lazy\" data-original-width=\"450\" data-original-height=\"300\" itemprop=\"http:\/\/schema.org\/image\" title=\"MANON&amp;JEREMY\u00a9alpimages-81-2\" alt=\"MANON&amp;JEREMY\u00a9alpimages-81-2\" style=\"width: 450px; height: 300px;\" \/> <\/a> <\/div> <\/div> <!-- close group --> <div class=\"gallery-group images-2\" style=\"width: 226px; height: 304px;\" data-original-width=\"226\" data-original-height=\"304\" > <div class=\"tiled-gallery-item tiled-gallery-item-small\" itemprop=\"associatedMedia\" itemscope itemtype=\"http:\/\/schema.org\/ImageObject\"> <a href=\"https:\/\/alpimages.ch\/en\/portfolio\/sports-extreme\/capture-decran-2019-02-24-a-11-58-45\/\" border=\"0\" itemprop=\"url\"> <meta itemprop=\"width\" content=\"222\"> <meta itemprop=\"height\" content=\"148\"> <img decoding=\"async\" class=\"\" data-attachment-id=\"2591\" data-orig-file=\"https:\/\/alpimages.ch\/wp-content\/uploads\/2015\/11\/Capture-d\u2019\u00e9cran-2019-02-24-\u00e0-11.58.45.png\" data-orig-size=\"1055,701\" data-comments-opened=\"\" data-image-meta=\"{&quot;aperture&quot;:&quot;0&quot;,&quot;credit&quot;:&quot;&quot;,&quot;camera&quot;:&quot;&quot;,&quot;caption&quot;:&quot;&quot;,&quot;created_timestamp&quot;:&quot;0&quot;,&quot;copyright&quot;:&quot;&quot;,&quot;focal_length&quot;:&quot;0&quot;,&quot;iso&quot;:&quot;0&quot;,&quot;shutter_speed&quot;:&quot;0&quot;,&quot;title&quot;:&quot;&quot;,&quot;orientation&quot;:&quot;0&quot;}\" data-image-title=\"Capture d\u2019\u00e9cran 2019-02-24 \u00e0 11.58.45\" data-image-description=\"\" data-medium-file=\"https:\/\/i0.wp.com\/alpimages.ch\/wp-content\/uploads\/2015\/11\/Capture-d%E2%80%99%C3%A9cran-2019-02-24-%C3%A0-11.58.45.png?fit=300%2C199&#038;ssl=1\" data-large-file=\"https:\/\/i0.wp.com\/alpimages.ch\/wp-content\/uploads\/2015\/11\/Capture-d%E2%80%99%C3%A9cran-2019-02-24-%C3%A0-11.58.45.png?fit=680%2C452&#038;ssl=1\" src=\"https:\/\/i0.wp.com\/alpimages.ch\/wp-content\/uploads\/2015\/11\/Capture-d%E2%80%99%C3%A9cran-2019-02-24-%C3%A0-11.58.45.png?w=222&#038;h=148&#038;ssl=1\" width=\"222\" height=\"148\" loading=\"lazy\" data-original-width=\"222\" data-original-height=\"148\" itemprop=\"http:\/\/schema.org\/image\" title=\"Capture d\u2019\u00e9cran 2019-02-24 \u00e0 11.58.45\" alt=\"Capture d\u2019\u00e9cran 2019-02-24 \u00e0 11.58.45\" style=\"width: 222px; height: 148px;\" \/> <\/a> <\/div> <div class=\"tiled-gallery-item tiled-gallery-item-small\" itemprop=\"associatedMedia\" itemscope itemtype=\"http:\/\/schema.org\/ImageObject\"> <a href=\"https:\/\/alpimages.ch\/en\/portfolio\/corporate\/mariagemelinacorentinalpimages-99-2-2\/\" border=\"0\" itemprop=\"url\"> <meta itemprop=\"width\" content=\"222\"> <meta itemprop=\"height\" content=\"148\"> <img decoding=\"async\" class=\"\" data-attachment-id=\"2570\" data-orig-file=\"https:\/\/alpimages.ch\/wp-content\/uploads\/2015\/11\/MariageMelinaCorentin\u00a9ALPIMAGES-99-2.jpg\" data-orig-size=\"6000,4004\" data-comments-opened=\"\" data-image-meta=\"{&quot;aperture&quot;:&quot;4&quot;,&quot;credit&quot;:&quot;&quot;,&quot;camera&quot;:&quot;NIKON D810&quot;,&quot;caption&quot;:&quot;&quot;,&quot;created_timestamp&quot;:&quot;1532172666&quot;,&quot;copyright&quot;:&quot;&quot;,&quot;focal_length&quot;:&quot;105&quot;,&quot;iso&quot;:&quot;160&quot;,&quot;shutter_speed&quot;:&quot;0.0005&quot;,&quot;title&quot;:&quot;&quot;,&quot;orientation&quot;:&quot;0&quot;}\" data-image-title=\"MariageMelina&amp;#038;Corentin\u00a9ALPIMAGES-99-2\" data-image-description=\"\" data-medium-file=\"https:\/\/i0.wp.com\/alpimages.ch\/wp-content\/uploads\/2015\/11\/MariageMelinaCorentin%C2%A9ALPIMAGES-99-2.jpg?fit=300%2C200&#038;ssl=1\" data-large-file=\"https:\/\/i0.wp.com\/alpimages.ch\/wp-content\/uploads\/2015\/11\/MariageMelinaCorentin%C2%A9ALPIMAGES-99-2.jpg?fit=680%2C454&#038;ssl=1\" src=\"https:\/\/i0.wp.com\/alpimages.ch\/wp-content\/uploads\/2015\/11\/MariageMelinaCorentin%C2%A9ALPIMAGES-99-2.jpg?w=222&#038;h=148&#038;ssl=1\" width=\"222\" height=\"148\" loading=\"lazy\" data-original-width=\"222\" data-original-height=\"148\" itemprop=\"http:\/\/schema.org\/image\" title=\"MariageMelina&amp;Corentin\u00a9ALPIMAGES-99-2\" alt=\"MariageMelina&amp;Corentin\u00a9ALPIMAGES-99-2\" style=\"width: 222px; height: 148px;\" \/> <\/a> <\/div> <\/div> <!-- close group --> <\/div> <!-- close row --> <div class=\"gallery-row\" style=\"width: 680px; height: 410px;\" data-original-width=\"680\" data-original-height=\"410\" > <div class=\"gallery-group images-3\" style=\"width: 203px; height: 410px;\" data-original-width=\"203\" data-original-height=\"410\" > <div class=\"tiled-gallery-item tiled-gallery-item-small\" itemprop=\"associatedMedia\" itemscope itemtype=\"http:\/\/schema.org\/ImageObject\"> <a href=\"https:\/\/alpimages.ch\/en\/portfolio\/corporate\/mariagedianaolivieralpimages-355-2\/\" border=\"0\" itemprop=\"url\"> <meta itemprop=\"width\" content=\"199\"> <meta itemprop=\"height\" content=\"133\"> <img decoding=\"async\" class=\"\" data-attachment-id=\"2569\" data-orig-file=\"https:\/\/alpimages.ch\/wp-content\/uploads\/2015\/11\/MariageDianaOlivier\u00a9ALPIMAGES-355-2.jpg\" data-orig-size=\"3000,2002\" data-comments-opened=\"\" data-image-meta=\"{&quot;aperture&quot;:&quot;0&quot;,&quot;credit&quot;:&quot;&quot;,&quot;camera&quot;:&quot;&quot;,&quot;caption&quot;:&quot;&quot;,&quot;created_timestamp&quot;:&quot;1537976467&quot;,&quot;copyright&quot;:&quot;&quot;,&quot;focal_length&quot;:&quot;0&quot;,&quot;iso&quot;:&quot;0&quot;,&quot;shutter_speed&quot;:&quot;0&quot;,&quot;title&quot;:&quot;&quot;,&quot;orientation&quot;:&quot;0&quot;}\" data-image-title=\"MariageDiana&amp;#038;Olivier\u00a9ALPIMAGES-355-2\" data-image-description=\"\" data-medium-file=\"https:\/\/i0.wp.com\/alpimages.ch\/wp-content\/uploads\/2015\/11\/MariageDianaOlivier%C2%A9ALPIMAGES-355-2.jpg?fit=300%2C200&#038;ssl=1\" data-large-file=\"https:\/\/i0.wp.com\/alpimages.ch\/wp-content\/uploads\/2015\/11\/MariageDianaOlivier%C2%A9ALPIMAGES-355-2.jpg?fit=680%2C454&#038;ssl=1\" src=\"https:\/\/i0.wp.com\/alpimages.ch\/wp-content\/uploads\/2015\/11\/MariageDianaOlivier%C2%A9ALPIMAGES-355-2.jpg?w=199&#038;h=133&#038;ssl=1\" width=\"199\" height=\"133\" loading=\"lazy\" data-original-width=\"199\" data-original-height=\"133\" itemprop=\"http:\/\/schema.org\/image\" title=\"MariageDiana&amp;Olivier\u00a9ALPIMAGES-355-2\" alt=\"MariageDiana&amp;Olivier\u00a9ALPIMAGES-355-2\" style=\"width: 199px; height: 133px;\" \/> <\/a> <\/div> <div class=\"tiled-gallery-item tiled-gallery-item-small\" itemprop=\"associatedMedia\" itemscope itemtype=\"http:\/\/schema.org\/ImageObject\"> <a href=\"https:\/\/alpimages.ch\/en\/mariage\/alpimagesverbier-ch_thomas-roulin-109\/\" border=\"0\" itemprop=\"url\"> <meta itemprop=\"width\" content=\"199\"> <meta itemprop=\"height\" content=\"132\"> <img decoding=\"async\" class=\"\" data-attachment-id=\"7610\" data-orig-file=\"https:\/\/alpimages.ch\/wp-content\/uploads\/2020\/04\/alpimages@Verbier.ch_Thomas-Roulin-109.jpg\" data-orig-size=\"1772,1181\" data-comments-opened=\"\" data-image-meta=\"{&quot;aperture&quot;:&quot;5&quot;,&quot;credit&quot;:&quot;&quot;,&quot;camera&quot;:&quot;NIKON D850&quot;,&quot;caption&quot;:&quot;&quot;,&quot;created_timestamp&quot;:&quot;1548522758&quot;,&quot;copyright&quot;:&quot;&quot;,&quot;focal_length&quot;:&quot;70&quot;,&quot;iso&quot;:&quot;200&quot;,&quot;shutter_speed&quot;:&quot;0.0005&quot;,&quot;title&quot;:&quot;&quot;,&quot;orientation&quot;:&quot;0&quot;}\" data-image-title=\"alpimages@Verbier.ch_Thomas Roulin-109\" data-image-description=\"\" data-medium-file=\"https:\/\/i0.wp.com\/alpimages.ch\/wp-content\/uploads\/2020\/04\/alpimages%40Verbier.ch_Thomas-Roulin-109.jpg?fit=300%2C200&#038;ssl=1\" data-large-file=\"https:\/\/i0.wp.com\/alpimages.ch\/wp-content\/uploads\/2020\/04\/alpimages%40Verbier.ch_Thomas-Roulin-109.jpg?fit=680%2C453&#038;ssl=1\" src=\"https:\/\/i0.wp.com\/alpimages.ch\/wp-content\/uploads\/2020\/04\/alpimages%40Verbier.ch_Thomas-Roulin-109.jpg?w=199&#038;h=132&#038;ssl=1\" width=\"199\" height=\"132\" loading=\"lazy\" data-original-width=\"199\" data-original-height=\"132\" itemprop=\"http:\/\/schema.org\/image\" title=\"alpimages@Verbier.ch_Thomas Roulin-109\" alt=\"alpimages@Verbier.ch_Thomas Roulin-109\" style=\"width: 199px; height: 132px;\" \/> <\/a> <\/div> <div class=\"tiled-gallery-item tiled-gallery-item-small\" itemprop=\"associatedMedia\" itemscope itemtype=\"http:\/\/schema.org\/ImageObject\"> <a href=\"https:\/\/alpimages.ch\/en\/portfolio\/corporate\/weddingonskialpimages-63-2\/\" border=\"0\" itemprop=\"url\"> <meta itemprop=\"width\" content=\"199\"> <meta itemprop=\"height\" content=\"133\"> <img decoding=\"async\" class=\"\" data-attachment-id=\"2581\" data-orig-file=\"https:\/\/alpimages.ch\/wp-content\/uploads\/2015\/11\/WEDDINGONSKI\u00a9ALPIMAGES-63-2.jpg\" data-orig-size=\"2953,1971\" data-comments-opened=\"\" data-image-meta=\"{&quot;aperture&quot;:&quot;8&quot;,&quot;credit&quot;:&quot;&quot;,&quot;camera&quot;:&quot;NIKON D810&quot;,&quot;caption&quot;:&quot;&quot;,&quot;created_timestamp&quot;:&quot;1548520775&quot;,&quot;copyright&quot;:&quot;&quot;,&quot;focal_length&quot;:&quot;27&quot;,&quot;iso&quot;:&quot;400&quot;,&quot;shutter_speed&quot;:&quot;0.0004&quot;,&quot;title&quot;:&quot;&quot;,&quot;orientation&quot;:&quot;1&quot;}\" data-image-title=\"WEDDINGONSKI\u00a9ALPIMAGES-63-2\" data-image-description=\"\" data-medium-file=\"https:\/\/i0.wp.com\/alpimages.ch\/wp-content\/uploads\/2015\/11\/WEDDINGONSKI%C2%A9ALPIMAGES-63-2.jpg?fit=300%2C200&#038;ssl=1\" data-large-file=\"https:\/\/i0.wp.com\/alpimages.ch\/wp-content\/uploads\/2015\/11\/WEDDINGONSKI%C2%A9ALPIMAGES-63-2.jpg?fit=680%2C454&#038;ssl=1\" src=\"https:\/\/i0.wp.com\/alpimages.ch\/wp-content\/uploads\/2015\/11\/WEDDINGONSKI%C2%A9ALPIMAGES-63-2.jpg?w=199&#038;h=133&#038;ssl=1\" width=\"199\" height=\"133\" loading=\"lazy\" data-original-width=\"199\" data-original-height=\"133\" itemprop=\"http:\/\/schema.org\/image\" title=\"WEDDINGONSKI\u00a9ALPIMAGES-63-2\" alt=\"WEDDINGONSKI\u00a9ALPIMAGES-63-2\" style=\"width: 199px; height: 133px;\" \/> <\/a> <\/div> <\/div> <!-- close group --> <div class=\"gallery-group images-1\" style=\"width: 274px; height: 410px;\" data-original-width=\"274\" data-original-height=\"410\" > <div class=\"tiled-gallery-item tiled-gallery-item-large\" itemprop=\"associatedMedia\" itemscope itemtype=\"http:\/\/schema.org\/ImageObject\"> <a href=\"https:\/\/alpimages.ch\/en\/portfolio\/corporate\/alpimages_fg-2-2\/\" border=\"0\" itemprop=\"url\"> <meta itemprop=\"width\" content=\"270\"> <meta itemprop=\"height\" content=\"406\"> <img decoding=\"async\" class=\"\" data-attachment-id=\"2535\" data-orig-file=\"https:\/\/alpimages.ch\/wp-content\/uploads\/2015\/11\/\u00a9Alpimages_FG-2.jpg\" data-orig-size=\"3003,4500\" data-comments-opened=\"\" data-image-meta=\"{&quot;aperture&quot;:&quot;4.5&quot;,&quot;credit&quot;:&quot;&quot;,&quot;camera&quot;:&quot;NIKON D810&quot;,&quot;caption&quot;:&quot;&quot;,&quot;created_timestamp&quot;:&quot;1521903429&quot;,&quot;copyright&quot;:&quot;&quot;,&quot;focal_length&quot;:&quot;35&quot;,&quot;iso&quot;:&quot;100&quot;,&quot;shutter_speed&quot;:&quot;0.0003125&quot;,&quot;title&quot;:&quot;&quot;,&quot;orientation&quot;:&quot;0&quot;}\" data-image-title=\"\u00a9Alpimages_FG-2\" data-image-description=\"\" data-medium-file=\"https:\/\/i0.wp.com\/alpimages.ch\/wp-content\/uploads\/2015\/11\/%C2%A9Alpimages_FG-2.jpg?fit=200%2C300&#038;ssl=1\" data-large-file=\"https:\/\/i0.wp.com\/alpimages.ch\/wp-content\/uploads\/2015\/11\/%C2%A9Alpimages_FG-2.jpg?fit=680%2C1020&#038;ssl=1\" src=\"https:\/\/i0.wp.com\/alpimages.ch\/wp-content\/uploads\/2015\/11\/%C2%A9Alpimages_FG-2.jpg?w=270&#038;h=406&#038;ssl=1\" width=\"270\" height=\"406\" loading=\"lazy\" data-original-width=\"270\" data-original-height=\"406\" itemprop=\"http:\/\/schema.org\/image\" title=\"\u00a9Alpimages_FG-2\" alt=\"\u00a9Alpimages_FG-2\" style=\"width: 270px; height: 406px;\" \/> <\/a> <\/div> <\/div> <!-- close group --> <div class=\"gallery-group images-3\" style=\"width: 203px; height: 410px;\" data-original-width=\"203\" data-original-height=\"410\" > <div class=\"tiled-gallery-item tiled-gallery-item-small\" itemprop=\"associatedMedia\" itemscope itemtype=\"http:\/\/schema.org\/ImageObject\"> <a href=\"https:\/\/alpimages.ch\/en\/portfolio\/mariage\/manonjeremyalpimages-580-2\/\" border=\"0\" itemprop=\"url\"> <meta itemprop=\"width\" content=\"199\"> <meta itemprop=\"height\" content=\"133\"> <img decoding=\"async\" class=\"\" data-attachment-id=\"7460\" data-orig-file=\"https:\/\/alpimages.ch\/wp-content\/uploads\/2015\/11\/MANONJEREMY\u00a9alpimages-580-2.jpg\" data-orig-size=\"1770,1181\" data-comments-opened=\"\" data-image-meta=\"{&quot;aperture&quot;:&quot;0&quot;,&quot;credit&quot;:&quot;&quot;,&quot;camera&quot;:&quot;&quot;,&quot;caption&quot;:&quot;&quot;,&quot;created_timestamp&quot;:&quot;0&quot;,&quot;copyright&quot;:&quot;&quot;,&quot;focal_length&quot;:&quot;0&quot;,&quot;iso&quot;:&quot;0&quot;,&quot;shutter_speed&quot;:&quot;0&quot;,&quot;title&quot;:&quot;&quot;,&quot;orientation&quot;:&quot;0&quot;}\" data-image-title=\"MANON&amp;#038;JEREMY\u00a9alpimages-580-2\" data-image-description=\"\" data-medium-file=\"https:\/\/i0.wp.com\/alpimages.ch\/wp-content\/uploads\/2015\/11\/MANONJEREMY%C2%A9alpimages-580-2.jpg?fit=300%2C200&#038;ssl=1\" data-large-file=\"https:\/\/i0.wp.com\/alpimages.ch\/wp-content\/uploads\/2015\/11\/MANONJEREMY%C2%A9alpimages-580-2.jpg?fit=680%2C454&#038;ssl=1\" src=\"https:\/\/i0.wp.com\/alpimages.ch\/wp-content\/uploads\/2015\/11\/MANONJEREMY%C2%A9alpimages-580-2.jpg?w=199&#038;h=133&#038;ssl=1\" width=\"199\" height=\"133\" loading=\"lazy\" data-original-width=\"199\" data-original-height=\"133\" itemprop=\"http:\/\/schema.org\/image\" title=\"MANON&amp;JEREMY\u00a9alpimages-580-2\" alt=\"MANON&amp;JEREMY\u00a9alpimages-580-2\" style=\"width: 199px; height: 133px;\" \/> <\/a> <\/div> <div class=\"tiled-gallery-item tiled-gallery-item-small\" itemprop=\"associatedMedia\" itemscope itemtype=\"http:\/\/schema.org\/ImageObject\"> <a href=\"https:\/\/alpimages.ch\/en\/mariage\/weddingsalpimages-12\/\" border=\"0\" itemprop=\"url\"> <meta itemprop=\"width\" content=\"199\"> <meta itemprop=\"height\" content=\"132\"> <img decoding=\"async\" class=\"\" data-attachment-id=\"7614\" data-orig-file=\"https:\/\/alpimages.ch\/wp-content\/uploads\/2020\/04\/weddings@alpimages-12.jpg\" data-orig-size=\"3543,2362\" data-comments-opened=\"\" data-image-meta=\"{&quot;aperture&quot;:&quot;8&quot;,&quot;credit&quot;:&quot;&quot;,&quot;camera&quot;:&quot;Canon EOS 5D Mark II&quot;,&quot;caption&quot;:&quot;&quot;,&quot;created_timestamp&quot;:&quot;1338649845&quot;,&quot;copyright&quot;:&quot;&quot;,&quot;focal_length&quot;:&quot;145&quot;,&quot;iso&quot;:&quot;320&quot;,&quot;shutter_speed&quot;:&quot;0.001&quot;,&quot;title&quot;:&quot;&quot;,&quot;orientation&quot;:&quot;0&quot;}\" data-image-title=\"weddings@alpimages-12\" data-image-description=\"\" data-medium-file=\"https:\/\/i0.wp.com\/alpimages.ch\/wp-content\/uploads\/2020\/04\/weddings%40alpimages-12.jpg?fit=300%2C200&#038;ssl=1\" data-large-file=\"https:\/\/i0.wp.com\/alpimages.ch\/wp-content\/uploads\/2020\/04\/weddings%40alpimages-12.jpg?fit=680%2C454&#038;ssl=1\" src=\"https:\/\/i0.wp.com\/alpimages.ch\/wp-content\/uploads\/2020\/04\/weddings%40alpimages-12.jpg?w=199&#038;h=132&#038;ssl=1\" width=\"199\" height=\"132\" loading=\"lazy\" data-original-width=\"199\" data-original-height=\"132\" itemprop=\"http:\/\/schema.org\/image\" title=\"weddings@alpimages-12\" alt=\"weddings@alpimages-12\" style=\"width: 199px; height: 132px;\" \/> <\/a> <\/div> <div class=\"tiled-gallery-item tiled-gallery-item-small\" itemprop=\"associatedMedia\" itemscope itemtype=\"http:\/\/schema.org\/ImageObject\"> <a href=\"https:\/\/alpimages.ch\/en\/mariage\/dsc_0172\/\" border=\"0\" itemprop=\"url\"> <meta itemprop=\"width\" content=\"199\"> <meta itemprop=\"height\" content=\"133\"> <img decoding=\"async\" class=\"\" data-attachment-id=\"7612\" data-orig-file=\"https:\/\/alpimages.ch\/wp-content\/uploads\/2020\/04\/DSC_0172.jpg\" data-orig-size=\"6000,4004\" data-comments-opened=\"\" data-image-meta=\"{&quot;aperture&quot;:&quot;0&quot;,&quot;credit&quot;:&quot;&quot;,&quot;camera&quot;:&quot;&quot;,&quot;caption&quot;:&quot;&quot;,&quot;created_timestamp&quot;:&quot;0&quot;,&quot;copyright&quot;:&quot;&quot;,&quot;focal_length&quot;:&quot;0&quot;,&quot;iso&quot;:&quot;0&quot;,&quot;shutter_speed&quot;:&quot;0&quot;,&quot;title&quot;:&quot;&quot;,&quot;orientation&quot;:&quot;0&quot;}\" data-image-title=\"DSC_0172\" data-image-description=\"\" data-medium-file=\"https:\/\/i0.wp.com\/alpimages.ch\/wp-content\/uploads\/2020\/04\/DSC_0172.jpg?fit=300%2C200&#038;ssl=1\" data-large-file=\"https:\/\/i0.wp.com\/alpimages.ch\/wp-content\/uploads\/2020\/04\/DSC_0172.jpg?fit=680%2C454&#038;ssl=1\" src=\"https:\/\/i0.wp.com\/alpimages.ch\/wp-content\/uploads\/2020\/04\/DSC_0172.jpg?w=199&#038;h=133&#038;ssl=1\" srcset=\"https:\/\/i0.wp.com\/alpimages.ch\/wp-content\/uploads\/2020\/04\/DSC_0172.jpg?w=6000&amp;ssl=1 6000w, https:\/\/i0.wp.com\/alpimages.ch\/wp-content\/uploads\/2020\/04\/DSC_0172.jpg?resize=300%2C200&amp;ssl=1 300w, https:\/\/i0.wp.com\/alpimages.ch\/wp-content\/uploads\/2020\/04\/DSC_0172.jpg?resize=1024%2C683&amp;ssl=1 1024w, https:\/\/i0.wp.com\/alpimages.ch\/wp-content\/uploads\/2020\/04\/DSC_0172.jpg?resize=150%2C100&amp;ssl=1 150w, https:\/\/i0.wp.com\/alpimages.ch\/wp-content\/uploads\/2020\/04\/DSC_0172.jpg?resize=768%2C513&amp;ssl=1 768w, https:\/\/i0.wp.com\/alpimages.ch\/wp-content\/uploads\/2020\/04\/DSC_0172.jpg?resize=1536%2C1025&amp;ssl=1 1536w, https:\/\/i0.wp.com\/alpimages.ch\/wp-content\/uploads\/2020\/04\/DSC_0172.jpg?resize=2048%2C1367&amp;ssl=1 2048w, https:\/\/i0.wp.com\/alpimages.ch\/wp-content\/uploads\/2020\/04\/DSC_0172.jpg?resize=317%2C212&amp;ssl=1 317w, https:\/\/i0.wp.com\/alpimages.ch\/wp-content\/uploads\/2020\/04\/DSC_0172.jpg?w=1360&amp;ssl=1 1360w\" width=\"199\" height=\"133\" loading=\"lazy\" data-original-width=\"199\" data-original-height=\"133\" itemprop=\"http:\/\/schema.org\/image\" title=\"DSC_0172\" alt=\"DSC_0172\" style=\"width: 199px; height: 133px;\" \/> <\/a> <\/div> <\/div> <!-- close group --> <\/div> <!-- close row --> <div class=\"gallery-row\" style=\"width: 680px; height: 314px;\" data-original-width=\"680\" data-original-height=\"314\" > <div class=\"gallery-group images-1\" style=\"width: 211px; height: 314px;\" data-original-width=\"211\" data-original-height=\"314\" > <div class=\"tiled-gallery-item tiled-gallery-item-small\" itemprop=\"associatedMedia\" itemscope itemtype=\"http:\/\/schema.org\/ImageObject\"> <a href=\"https:\/\/alpimages.ch\/en\/mariage\/alpimagesverbier-ch_thomas-roulin-111\/\" border=\"0\" itemprop=\"url\"> <meta itemprop=\"width\" content=\"207\"> <meta itemprop=\"height\" content=\"310\"> <img decoding=\"async\" class=\"\" data-attachment-id=\"7611\" data-orig-file=\"https:\/\/alpimages.ch\/wp-content\/uploads\/2020\/04\/alpimages@Verbier.ch_Thomas-Roulin-111.jpg\" data-orig-size=\"1181,1772\" data-comments-opened=\"\" data-image-meta=\"{&quot;aperture&quot;:&quot;5&quot;,&quot;credit&quot;:&quot;&quot;,&quot;camera&quot;:&quot;NIKON D850&quot;,&quot;caption&quot;:&quot;&quot;,&quot;created_timestamp&quot;:&quot;1548522761&quot;,&quot;copyright&quot;:&quot;&quot;,&quot;focal_length&quot;:&quot;140&quot;,&quot;iso&quot;:&quot;200&quot;,&quot;shutter_speed&quot;:&quot;0.000625&quot;,&quot;title&quot;:&quot;&quot;,&quot;orientation&quot;:&quot;0&quot;}\" data-image-title=\"alpimages@Verbier.ch_Thomas Roulin-111\" data-image-description=\"\" data-medium-file=\"https:\/\/i0.wp.com\/alpimages.ch\/wp-content\/uploads\/2020\/04\/alpimages%40Verbier.ch_Thomas-Roulin-111.jpg?fit=200%2C300&#038;ssl=1\" data-large-file=\"https:\/\/i0.wp.com\/alpimages.ch\/wp-content\/uploads\/2020\/04\/alpimages%40Verbier.ch_Thomas-Roulin-111.jpg?fit=680%2C1021&#038;ssl=1\" src=\"https:\/\/i0.wp.com\/alpimages.ch\/wp-content\/uploads\/2020\/04\/alpimages%40Verbier.ch_Thomas-Roulin-111.jpg?w=207&#038;h=310&#038;ssl=1\" width=\"207\" height=\"310\" loading=\"lazy\" data-original-width=\"207\" data-original-height=\"310\" itemprop=\"http:\/\/schema.org\/image\" title=\"alpimages@Verbier.ch_Thomas Roulin-111\" alt=\"alpimages@Verbier.ch_Thomas Roulin-111\" style=\"width: 207px; height: 310px;\" \/> <\/a> <\/div> <\/div> <!-- close group --> <div class=\"gallery-group images-1\" style=\"width: 469px; height: 314px;\" data-original-width=\"469\" data-original-height=\"314\" > <div class=\"tiled-gallery-item tiled-gallery-item-large\" itemprop=\"associatedMedia\" itemscope itemtype=\"http:\/\/schema.org\/ImageObject\"> <a href=\"https:\/\/alpimages.ch\/en\/portfolio\/mariage\/alpimages-weddings-8\/\" border=\"0\" itemprop=\"url\"> <meta itemprop=\"width\" content=\"465\"> <meta itemprop=\"height\" content=\"310\"> <img decoding=\"async\" class=\"\" data-attachment-id=\"7738\" data-orig-file=\"https:\/\/alpimages.ch\/wp-content\/uploads\/2015\/11\/ALPIMAGES-WEDDINGS-8.jpg\" data-orig-size=\"7200,4805\" data-comments-opened=\"\" data-image-meta=\"{&quot;aperture&quot;:&quot;0&quot;,&quot;credit&quot;:&quot;&quot;,&quot;camera&quot;:&quot;&quot;,&quot;caption&quot;:&quot;&quot;,&quot;created_timestamp&quot;:&quot;0&quot;,&quot;copyright&quot;:&quot;&quot;,&quot;focal_length&quot;:&quot;0&quot;,&quot;iso&quot;:&quot;0&quot;,&quot;shutter_speed&quot;:&quot;0&quot;,&quot;title&quot;:&quot;&quot;,&quot;orientation&quot;:&quot;0&quot;}\" data-image-title=\"ALPIMAGES-WEDDINGS-8\" data-image-description=\"\" data-medium-file=\"https:\/\/i0.wp.com\/alpimages.ch\/wp-content\/uploads\/2015\/11\/ALPIMAGES-WEDDINGS-8.jpg?fit=300%2C200&#038;ssl=1\" data-large-file=\"https:\/\/i0.wp.com\/alpimages.ch\/wp-content\/uploads\/2015\/11\/ALPIMAGES-WEDDINGS-8.jpg?fit=680%2C454&#038;ssl=1\" src=\"https:\/\/i0.wp.com\/alpimages.ch\/wp-content\/uploads\/2015\/11\/ALPIMAGES-WEDDINGS-8.jpg?w=465&#038;h=310&#038;ssl=1\" srcset=\"https:\/\/i0.wp.com\/alpimages.ch\/wp-content\/uploads\/2015\/11\/ALPIMAGES-WEDDINGS-8.jpg?w=7200&amp;ssl=1 7200w, https:\/\/i0.wp.com\/alpimages.ch\/wp-content\/uploads\/2015\/11\/ALPIMAGES-WEDDINGS-8.jpg?resize=300%2C200&amp;ssl=1 300w, https:\/\/i0.wp.com\/alpimages.ch\/wp-content\/uploads\/2015\/11\/ALPIMAGES-WEDDINGS-8.jpg?resize=1024%2C683&amp;ssl=1 1024w, https:\/\/i0.wp.com\/alpimages.ch\/wp-content\/uploads\/2015\/11\/ALPIMAGES-WEDDINGS-8.jpg?resize=150%2C100&amp;ssl=1 150w, https:\/\/i0.wp.com\/alpimages.ch\/wp-content\/uploads\/2015\/11\/ALPIMAGES-WEDDINGS-8.jpg?resize=768%2C513&amp;ssl=1 768w, https:\/\/i0.wp.com\/alpimages.ch\/wp-content\/uploads\/2015\/11\/ALPIMAGES-WEDDINGS-8.jpg?resize=1536%2C1025&amp;ssl=1 1536w, https:\/\/i0.wp.com\/alpimages.ch\/wp-content\/uploads\/2015\/11\/ALPIMAGES-WEDDINGS-8.jpg?resize=2048%2C1367&amp;ssl=1 2048w, https:\/\/i0.wp.com\/alpimages.ch\/wp-content\/uploads\/2015\/11\/ALPIMAGES-WEDDINGS-8.jpg?resize=317%2C212&amp;ssl=1 317w, https:\/\/i0.wp.com\/alpimages.ch\/wp-content\/uploads\/2015\/11\/ALPIMAGES-WEDDINGS-8.jpg?w=1360&amp;ssl=1 1360w\" width=\"465\" height=\"310\" loading=\"lazy\" data-original-width=\"465\" data-original-height=\"310\" itemprop=\"http:\/\/schema.org\/image\" title=\"ALPIMAGES-WEDDINGS-8\" alt=\"ALPIMAGES-WEDDINGS-8\" style=\"width: 465px; height: 310px;\" \/> <\/a> <\/div> <\/div> <!-- close group --> <\/div> <!-- close row --> <div class=\"gallery-row\" style=\"width: 680px; height: 583px;\" data-original-width=\"680\" data-original-height=\"583\" > <div class=\"gallery-group images-1\" style=\"width: 391px; height: 583px;\" data-original-width=\"391\" data-original-height=\"583\" > <div class=\"tiled-gallery-item tiled-gallery-item-large\" itemprop=\"associatedMedia\" itemscope itemtype=\"http:\/\/schema.org\/ImageObject\"> <a href=\"https:\/\/alpimages.ch\/en\/portfolio\/mariage\/alpimages-weddings-9\/\" border=\"0\" itemprop=\"url\"> <meta itemprop=\"width\" content=\"387\"> <meta itemprop=\"height\" content=\"579\"> <img decoding=\"async\" class=\"\" data-attachment-id=\"7739\" data-orig-file=\"https:\/\/alpimages.ch\/wp-content\/uploads\/2015\/11\/ALPIMAGES-WEDDINGS-9.jpg\" data-orig-size=\"4805,7200\" data-comments-opened=\"\" data-image-meta=\"{&quot;aperture&quot;:&quot;0&quot;,&quot;credit&quot;:&quot;&quot;,&quot;camera&quot;:&quot;&quot;,&quot;caption&quot;:&quot;&quot;,&quot;created_timestamp&quot;:&quot;0&quot;,&quot;copyright&quot;:&quot;&quot;,&quot;focal_length&quot;:&quot;0&quot;,&quot;iso&quot;:&quot;0&quot;,&quot;shutter_speed&quot;:&quot;0&quot;,&quot;title&quot;:&quot;&quot;,&quot;orientation&quot;:&quot;0&quot;}\" data-image-title=\"ALPIMAGES-WEDDINGS-9\" data-image-description=\"\" data-medium-file=\"https:\/\/i0.wp.com\/alpimages.ch\/wp-content\/uploads\/2015\/11\/ALPIMAGES-WEDDINGS-9.jpg?fit=200%2C300&#038;ssl=1\" data-large-file=\"https:\/\/i0.wp.com\/alpimages.ch\/wp-content\/uploads\/2015\/11\/ALPIMAGES-WEDDINGS-9.jpg?fit=680%2C1020&#038;ssl=1\" src=\"https:\/\/i0.wp.com\/alpimages.ch\/wp-content\/uploads\/2015\/11\/ALPIMAGES-WEDDINGS-9.jpg?w=387&#038;h=579&#038;ssl=1\" srcset=\"https:\/\/i0.wp.com\/alpimages.ch\/wp-content\/uploads\/2015\/11\/ALPIMAGES-WEDDINGS-9.jpg?w=4805&amp;ssl=1 4805w, https:\/\/i0.wp.com\/alpimages.ch\/wp-content\/uploads\/2015\/11\/ALPIMAGES-WEDDINGS-9.jpg?resize=200%2C300&amp;ssl=1 200w, https:\/\/i0.wp.com\/alpimages.ch\/wp-content\/uploads\/2015\/11\/ALPIMAGES-WEDDINGS-9.jpg?resize=683%2C1024&amp;ssl=1 683w, https:\/\/i0.wp.com\/alpimages.ch\/wp-content\/uploads\/2015\/11\/ALPIMAGES-WEDDINGS-9.jpg?resize=100%2C150&amp;ssl=1 100w, https:\/\/i0.wp.com\/alpimages.ch\/wp-content\/uploads\/2015\/11\/ALPIMAGES-WEDDINGS-9.jpg?resize=768%2C1151&amp;ssl=1 768w, https:\/\/i0.wp.com\/alpimages.ch\/wp-content\/uploads\/2015\/11\/ALPIMAGES-WEDDINGS-9.jpg?resize=1025%2C1536&amp;ssl=1 1025w, https:\/\/i0.wp.com\/alpimages.ch\/wp-content\/uploads\/2015\/11\/ALPIMAGES-WEDDINGS-9.jpg?resize=1367%2C2048&amp;ssl=1 1367w, https:\/\/i0.wp.com\/alpimages.ch\/wp-content\/uploads\/2015\/11\/ALPIMAGES-WEDDINGS-9.jpg?resize=317%2C475&amp;ssl=1 317w, https:\/\/i0.wp.com\/alpimages.ch\/wp-content\/uploads\/2015\/11\/ALPIMAGES-WEDDINGS-9.jpg?w=2040&amp;ssl=1 2040w\" width=\"387\" height=\"579\" loading=\"lazy\" data-original-width=\"387\" data-original-height=\"579\" itemprop=\"http:\/\/schema.org\/image\" title=\"ALPIMAGES-WEDDINGS-9\" alt=\"ALPIMAGES-WEDDINGS-9\" style=\"width: 387px; height: 579px;\" \/> <\/a> <\/div> <\/div> <!-- close group --> <div class=\"gallery-group images-3\" style=\"width: 289px; height: 583px;\" data-original-width=\"289\" data-original-height=\"583\" > <div class=\"tiled-gallery-item tiled-gallery-item-large\" itemprop=\"associatedMedia\" itemscope itemtype=\"http:\/\/schema.org\/ImageObject\"> <a href=\"https:\/\/alpimages.ch\/en\/portfolio\/mariage\/alpimages-weddings-11\/\" border=\"0\" itemprop=\"url\"> <meta itemprop=\"width\" content=\"285\"> <meta itemprop=\"height\" content=\"190\"> <img decoding=\"async\" class=\"\" data-attachment-id=\"7740\" data-orig-file=\"https:\/\/alpimages.ch\/wp-content\/uploads\/2015\/11\/ALPIMAGES-WEDDINGS-11.jpg\" data-orig-size=\"7200,4805\" data-comments-opened=\"\" data-image-meta=\"{&quot;aperture&quot;:&quot;0&quot;,&quot;credit&quot;:&quot;&quot;,&quot;camera&quot;:&quot;&quot;,&quot;caption&quot;:&quot;&quot;,&quot;created_timestamp&quot;:&quot;0&quot;,&quot;copyright&quot;:&quot;&quot;,&quot;focal_length&quot;:&quot;0&quot;,&quot;iso&quot;:&quot;0&quot;,&quot;shutter_speed&quot;:&quot;0&quot;,&quot;title&quot;:&quot;&quot;,&quot;orientation&quot;:&quot;0&quot;}\" data-image-title=\"ALPIMAGES-WEDDINGS-11\" data-image-description=\"\" data-medium-file=\"https:\/\/i0.wp.com\/alpimages.ch\/wp-content\/uploads\/2015\/11\/ALPIMAGES-WEDDINGS-11.jpg?fit=300%2C200&#038;ssl=1\" data-large-file=\"https:\/\/i0.wp.com\/alpimages.ch\/wp-content\/uploads\/2015\/11\/ALPIMAGES-WEDDINGS-11.jpg?fit=680%2C454&#038;ssl=1\" src=\"https:\/\/i0.wp.com\/alpimages.ch\/wp-content\/uploads\/2015\/11\/ALPIMAGES-WEDDINGS-11.jpg?w=285&#038;h=190&#038;ssl=1\" srcset=\"https:\/\/i0.wp.com\/alpimages.ch\/wp-content\/uploads\/2015\/11\/ALPIMAGES-WEDDINGS-11.jpg?w=7200&amp;ssl=1 7200w, https:\/\/i0.wp.com\/alpimages.ch\/wp-content\/uploads\/2015\/11\/ALPIMAGES-WEDDINGS-11.jpg?resize=300%2C200&amp;ssl=1 300w, https:\/\/i0.wp.com\/alpimages.ch\/wp-content\/uploads\/2015\/11\/ALPIMAGES-WEDDINGS-11.jpg?resize=1024%2C683&amp;ssl=1 1024w, https:\/\/i0.wp.com\/alpimages.ch\/wp-content\/uploads\/2015\/11\/ALPIMAGES-WEDDINGS-11.jpg?resize=150%2C100&amp;ssl=1 150w, https:\/\/i0.wp.com\/alpimages.ch\/wp-content\/uploads\/2015\/11\/ALPIMAGES-WEDDINGS-11.jpg?resize=768%2C513&amp;ssl=1 768w, https:\/\/i0.wp.com\/alpimages.ch\/wp-content\/uploads\/2015\/11\/ALPIMAGES-WEDDINGS-11.jpg?resize=1536%2C1025&amp;ssl=1 1536w, https:\/\/i0.wp.com\/alpimages.ch\/wp-content\/uploads\/2015\/11\/ALPIMAGES-WEDDINGS-11.jpg?resize=2048%2C1367&amp;ssl=1 2048w, https:\/\/i0.wp.com\/alpimages.ch\/wp-content\/uploads\/2015\/11\/ALPIMAGES-WEDDINGS-11.jpg?resize=317%2C212&amp;ssl=1 317w, https:\/\/i0.wp.com\/alpimages.ch\/wp-content\/uploads\/2015\/11\/ALPIMAGES-WEDDINGS-11.jpg?w=1360&amp;ssl=1 1360w\" width=\"285\" height=\"190\" loading=\"lazy\" data-original-width=\"285\" data-original-height=\"190\" itemprop=\"http:\/\/schema.org\/image\" title=\"ALPIMAGES-WEDDINGS-11\" alt=\"ALPIMAGES-WEDDINGS-11\" style=\"width: 285px; height: 190px;\" \/> <\/a> <\/div> <div class=\"tiled-gallery-item tiled-gallery-item-large\" itemprop=\"associatedMedia\" itemscope itemtype=\"http:\/\/schema.org\/ImageObject\"> <a href=\"https:\/\/alpimages.ch\/en\/portfolio\/mariage\/alpimages-weddings-47\/\" border=\"0\" itemprop=\"url\"> <meta itemprop=\"width\" content=\"285\"> <meta itemprop=\"height\" content=\"190\"> <img decoding=\"async\" class=\"\" data-attachment-id=\"7741\" data-orig-file=\"https:\/\/alpimages.ch\/wp-content\/uploads\/2015\/11\/ALPIMAGES-WEDDINGS-47.jpg\" data-orig-size=\"7200,4805\" data-comments-opened=\"\" data-image-meta=\"{&quot;aperture&quot;:&quot;0&quot;,&quot;credit&quot;:&quot;&quot;,&quot;camera&quot;:&quot;&quot;,&quot;caption&quot;:&quot;&quot;,&quot;created_timestamp&quot;:&quot;0&quot;,&quot;copyright&quot;:&quot;&quot;,&quot;focal_length&quot;:&quot;0&quot;,&quot;iso&quot;:&quot;0&quot;,&quot;shutter_speed&quot;:&quot;0&quot;,&quot;title&quot;:&quot;&quot;,&quot;orientation&quot;:&quot;1&quot;}\" data-image-title=\"ALPIMAGES-WEDDINGS-47\" data-image-description=\"\" data-medium-file=\"https:\/\/i0.wp.com\/alpimages.ch\/wp-content\/uploads\/2015\/11\/ALPIMAGES-WEDDINGS-47.jpg?fit=300%2C200&#038;ssl=1\" data-large-file=\"https:\/\/i0.wp.com\/alpimages.ch\/wp-content\/uploads\/2015\/11\/ALPIMAGES-WEDDINGS-47.jpg?fit=680%2C454&#038;ssl=1\" src=\"https:\/\/i0.wp.com\/alpimages.ch\/wp-content\/uploads\/2015\/11\/ALPIMAGES-WEDDINGS-47.jpg?w=285&#038;h=190&#038;ssl=1\" srcset=\"https:\/\/i0.wp.com\/alpimages.ch\/wp-content\/uploads\/2015\/11\/ALPIMAGES-WEDDINGS-47.jpg?w=7200&amp;ssl=1 7200w, https:\/\/i0.wp.com\/alpimages.ch\/wp-content\/uploads\/2015\/11\/ALPIMAGES-WEDDINGS-47.jpg?resize=300%2C200&amp;ssl=1 300w, https:\/\/i0.wp.com\/alpimages.ch\/wp-content\/uploads\/2015\/11\/ALPIMAGES-WEDDINGS-47.jpg?resize=1024%2C683&amp;ssl=1 1024w, https:\/\/i0.wp.com\/alpimages.ch\/wp-content\/uploads\/2015\/11\/ALPIMAGES-WEDDINGS-47.jpg?resize=150%2C100&amp;ssl=1 150w, https:\/\/i0.wp.com\/alpimages.ch\/wp-content\/uploads\/2015\/11\/ALPIMAGES-WEDDINGS-47.jpg?resize=768%2C513&amp;ssl=1 768w, https:\/\/i0.wp.com\/alpimages.ch\/wp-content\/uploads\/2015\/11\/ALPIMAGES-WEDDINGS-47.jpg?resize=1536%2C1025&amp;ssl=1 1536w, https:\/\/i0.wp.com\/alpimages.ch\/wp-content\/uploads\/2015\/11\/ALPIMAGES-WEDDINGS-47.jpg?resize=2048%2C1367&amp;ssl=1 2048w, https:\/\/i0.wp.com\/alpimages.ch\/wp-content\/uploads\/2015\/11\/ALPIMAGES-WEDDINGS-47.jpg?resize=317%2C212&amp;ssl=1 317w, https:\/\/i0.wp.com\/alpimages.ch\/wp-content\/uploads\/2015\/11\/ALPIMAGES-WEDDINGS-47.jpg?w=1360&amp;ssl=1 1360w\" width=\"285\" height=\"190\" loading=\"lazy\" data-original-width=\"285\" data-original-height=\"190\" itemprop=\"http:\/\/schema.org\/image\" title=\"ALPIMAGES-WEDDINGS-47\" alt=\"ALPIMAGES-WEDDINGS-47\" style=\"width: 285px; height: 190px;\" \/> <\/a> <\/div> <div class=\"tiled-gallery-item tiled-gallery-item-large\" itemprop=\"associatedMedia\" itemscope itemtype=\"http:\/\/schema.org\/ImageObject\"> <a href=\"https:\/\/alpimages.ch\/en\/portfolio\/mariage\/alpimages-weddings-73\/\" border=\"0\" itemprop=\"url\"> <meta itemprop=\"width\" content=\"285\"> <meta itemprop=\"height\" content=\"191\"> <img decoding=\"async\" class=\"\" data-attachment-id=\"7742\" data-orig-file=\"https:\/\/alpimages.ch\/wp-content\/uploads\/2015\/11\/ALPIMAGES-WEDDINGS-73.jpg\" data-orig-size=\"2835,1892\" data-comments-opened=\"\" data-image-meta=\"{&quot;aperture&quot;:&quot;6.3&quot;,&quot;credit&quot;:&quot;&quot;,&quot;camera&quot;:&quot;NIKON D810&quot;,&quot;caption&quot;:&quot;&quot;,&quot;created_timestamp&quot;:&quot;1530355036&quot;,&quot;copyright&quot;:&quot;&quot;,&quot;focal_length&quot;:&quot;50&quot;,&quot;iso&quot;:&quot;200&quot;,&quot;shutter_speed&quot;:&quot;0.003125&quot;,&quot;title&quot;:&quot;&quot;,&quot;orientation&quot;:&quot;0&quot;}\" data-image-title=\"ALPIMAGES-WEDDINGS-73\" data-image-description=\"\" data-medium-file=\"https:\/\/i0.wp.com\/alpimages.ch\/wp-content\/uploads\/2015\/11\/ALPIMAGES-WEDDINGS-73.jpg?fit=300%2C200&#038;ssl=1\" data-large-file=\"https:\/\/i0.wp.com\/alpimages.ch\/wp-content\/uploads\/2015\/11\/ALPIMAGES-WEDDINGS-73.jpg?fit=680%2C454&#038;ssl=1\" src=\"https:\/\/i0.wp.com\/alpimages.ch\/wp-content\/uploads\/2015\/11\/ALPIMAGES-WEDDINGS-73.jpg?w=285&#038;h=191&#038;ssl=1\" srcset=\"https:\/\/i0.wp.com\/alpimages.ch\/wp-content\/uploads\/2015\/11\/ALPIMAGES-WEDDINGS-73.jpg?w=2835&amp;ssl=1 2835w, https:\/\/i0.wp.com\/alpimages.ch\/wp-content\/uploads\/2015\/11\/ALPIMAGES-WEDDINGS-73.jpg?resize=300%2C200&amp;ssl=1 300w, https:\/\/i0.wp.com\/alpimages.ch\/wp-content\/uploads\/2015\/11\/ALPIMAGES-WEDDINGS-73.jpg?resize=1024%2C683&amp;ssl=1 1024w, https:\/\/i0.wp.com\/alpimages.ch\/wp-content\/uploads\/2015\/11\/ALPIMAGES-WEDDINGS-73.jpg?resize=150%2C100&amp;ssl=1 150w, https:\/\/i0.wp.com\/alpimages.ch\/wp-content\/uploads\/2015\/11\/ALPIMAGES-WEDDINGS-73.jpg?resize=768%2C513&amp;ssl=1 768w, https:\/\/i0.wp.com\/alpimages.ch\/wp-content\/uploads\/2015\/11\/ALPIMAGES-WEDDINGS-73.jpg?resize=1536%2C1025&amp;ssl=1 1536w, https:\/\/i0.wp.com\/alpimages.ch\/wp-content\/uploads\/2015\/11\/ALPIMAGES-WEDDINGS-73.jpg?resize=2048%2C1367&amp;ssl=1 2048w, https:\/\/i0.wp.com\/alpimages.ch\/wp-content\/uploads\/2015\/11\/ALPIMAGES-WEDDINGS-73.jpg?resize=317%2C212&amp;ssl=1 317w, https:\/\/i0.wp.com\/alpimages.ch\/wp-content\/uploads\/2015\/11\/ALPIMAGES-WEDDINGS-73.jpg?w=1360&amp;ssl=1 1360w\" width=\"285\" height=\"191\" loading=\"lazy\" data-original-width=\"285\" data-original-height=\"191\" itemprop=\"http:\/\/schema.org\/image\" title=\"ALPIMAGES-WEDDINGS-73\" alt=\"ALPIMAGES-WEDDINGS-73\" style=\"width: 285px; height: 191px;\" \/> <\/a> <\/div> <\/div> <!-- close group --> <\/div> <!-- close row --> <div class=\"gallery-row\" style=\"width: 680px; height: 315px;\" data-original-width=\"680\" data-original-height=\"315\" > <div class=\"gallery-group images-2\" style=\"width: 234px; height: 315px;\" data-original-width=\"234\" data-original-height=\"315\" > <div class=\"tiled-gallery-item tiled-gallery-item-small\" itemprop=\"associatedMedia\" itemscope itemtype=\"http:\/\/schema.org\/ImageObject\"> <a href=\"https:\/\/alpimages.ch\/en\/portfolio\/mariage\/alpimages-weddings-133\/\" border=\"0\" itemprop=\"url\"> <meta itemprop=\"width\" content=\"230\"> <meta itemprop=\"height\" content=\"154\"> <img decoding=\"async\" class=\"\" data-attachment-id=\"7743\" data-orig-file=\"https:\/\/alpimages.ch\/wp-content\/uploads\/2015\/11\/ALPIMAGES-WEDDINGS-133.jpg\" data-orig-size=\"6000,4004\" data-comments-opened=\"\" data-image-meta=\"{&quot;aperture&quot;:&quot;2.8&quot;,&quot;credit&quot;:&quot;&quot;,&quot;camera&quot;:&quot;NIKON D800&quot;,&quot;caption&quot;:&quot;&quot;,&quot;created_timestamp&quot;:&quot;1532181341&quot;,&quot;copyright&quot;:&quot;&quot;,&quot;focal_length&quot;:&quot;50&quot;,&quot;iso&quot;:&quot;800&quot;,&quot;shutter_speed&quot;:&quot;0.02&quot;,&quot;title&quot;:&quot;&quot;,&quot;orientation&quot;:&quot;0&quot;}\" data-image-title=\"ALPIMAGES-WEDDINGS-133\" data-image-description=\"\" data-medium-file=\"https:\/\/i0.wp.com\/alpimages.ch\/wp-content\/uploads\/2015\/11\/ALPIMAGES-WEDDINGS-133.jpg?fit=300%2C200&#038;ssl=1\" data-large-file=\"https:\/\/i0.wp.com\/alpimages.ch\/wp-content\/uploads\/2015\/11\/ALPIMAGES-WEDDINGS-133.jpg?fit=680%2C454&#038;ssl=1\" src=\"https:\/\/i0.wp.com\/alpimages.ch\/wp-content\/uploads\/2015\/11\/ALPIMAGES-WEDDINGS-133.jpg?w=230&#038;h=154&#038;ssl=1\" srcset=\"https:\/\/i0.wp.com\/alpimages.ch\/wp-content\/uploads\/2015\/11\/ALPIMAGES-WEDDINGS-133.jpg?w=6000&amp;ssl=1 6000w, https:\/\/i0.wp.com\/alpimages.ch\/wp-content\/uploads\/2015\/11\/ALPIMAGES-WEDDINGS-133.jpg?resize=300%2C200&amp;ssl=1 300w, https:\/\/i0.wp.com\/alpimages.ch\/wp-content\/uploads\/2015\/11\/ALPIMAGES-WEDDINGS-133.jpg?resize=1024%2C683&amp;ssl=1 1024w, https:\/\/i0.wp.com\/alpimages.ch\/wp-content\/uploads\/2015\/11\/ALPIMAGES-WEDDINGS-133.jpg?resize=150%2C100&amp;ssl=1 150w, https:\/\/i0.wp.com\/alpimages.ch\/wp-content\/uploads\/2015\/11\/ALPIMAGES-WEDDINGS-133.jpg?resize=768%2C513&amp;ssl=1 768w, https:\/\/i0.wp.com\/alpimages.ch\/wp-content\/uploads\/2015\/11\/ALPIMAGES-WEDDINGS-133.jpg?resize=1536%2C1025&amp;ssl=1 1536w, https:\/\/i0.wp.com\/alpimages.ch\/wp-content\/uploads\/2015\/11\/ALPIMAGES-WEDDINGS-133.jpg?resize=2048%2C1367&amp;ssl=1 2048w, https:\/\/i0.wp.com\/alpimages.ch\/wp-content\/uploads\/2015\/11\/ALPIMAGES-WEDDINGS-133.jpg?resize=317%2C212&amp;ssl=1 317w, https:\/\/i0.wp.com\/alpimages.ch\/wp-content\/uploads\/2015\/11\/ALPIMAGES-WEDDINGS-133.jpg?w=1360&amp;ssl=1 1360w\" width=\"230\" height=\"154\" loading=\"lazy\" data-original-width=\"230\" data-original-height=\"154\" itemprop=\"http:\/\/schema.org\/image\" title=\"ALPIMAGES-WEDDINGS-133\" alt=\"ALPIMAGES-WEDDINGS-133\" style=\"width: 230px; height: 154px;\" \/> <\/a> <\/div> <div class=\"tiled-gallery-item tiled-gallery-item-small\" itemprop=\"associatedMedia\" itemscope itemtype=\"http:\/\/schema.org\/ImageObject\"> <a href=\"https:\/\/alpimages.ch\/en\/portfolio\/mariage\/alpimages-weddings-154\/\" border=\"0\" itemprop=\"url\"> <meta itemprop=\"width\" content=\"230\"> <meta itemprop=\"height\" content=\"153\"> <img decoding=\"async\" class=\"\" data-attachment-id=\"7744\" data-orig-file=\"https:\/\/alpimages.ch\/wp-content\/uploads\/2015\/11\/ALPIMAGES-WEDDINGS-154.jpg\" data-orig-size=\"6000,4004\" data-comments-opened=\"\" data-image-meta=\"{&quot;aperture&quot;:&quot;3.2&quot;,&quot;credit&quot;:&quot;&quot;,&quot;camera&quot;:&quot;NIKON D810&quot;,&quot;caption&quot;:&quot;&quot;,&quot;created_timestamp&quot;:&quot;1532200427&quot;,&quot;copyright&quot;:&quot;&quot;,&quot;focal_length&quot;:&quot;50&quot;,&quot;iso&quot;:&quot;800&quot;,&quot;shutter_speed&quot;:&quot;0.004&quot;,&quot;title&quot;:&quot;&quot;,&quot;orientation&quot;:&quot;0&quot;}\" data-image-title=\"ALPIMAGES-WEDDINGS-154\" data-image-description=\"\" data-medium-file=\"https:\/\/i0.wp.com\/alpimages.ch\/wp-content\/uploads\/2015\/11\/ALPIMAGES-WEDDINGS-154.jpg?fit=300%2C200&#038;ssl=1\" data-large-file=\"https:\/\/i0.wp.com\/alpimages.ch\/wp-content\/uploads\/2015\/11\/ALPIMAGES-WEDDINGS-154.jpg?fit=680%2C454&#038;ssl=1\" src=\"https:\/\/i0.wp.com\/alpimages.ch\/wp-content\/uploads\/2015\/11\/ALPIMAGES-WEDDINGS-154.jpg?w=230&#038;h=153&#038;ssl=1\" srcset=\"https:\/\/i0.wp.com\/alpimages.ch\/wp-content\/uploads\/2015\/11\/ALPIMAGES-WEDDINGS-154.jpg?w=6000&amp;ssl=1 6000w, https:\/\/i0.wp.com\/alpimages.ch\/wp-content\/uploads\/2015\/11\/ALPIMAGES-WEDDINGS-154.jpg?resize=300%2C200&amp;ssl=1 300w, https:\/\/i0.wp.com\/alpimages.ch\/wp-content\/uploads\/2015\/11\/ALPIMAGES-WEDDINGS-154.jpg?resize=1024%2C683&amp;ssl=1 1024w, https:\/\/i0.wp.com\/alpimages.ch\/wp-content\/uploads\/2015\/11\/ALPIMAGES-WEDDINGS-154.jpg?resize=150%2C100&amp;ssl=1 150w, https:\/\/i0.wp.com\/alpimages.ch\/wp-content\/uploads\/2015\/11\/ALPIMAGES-WEDDINGS-154.jpg?resize=768%2C513&amp;ssl=1 768w, https:\/\/i0.wp.com\/alpimages.ch\/wp-content\/uploads\/2015\/11\/ALPIMAGES-WEDDINGS-154.jpg?resize=1536%2C1025&amp;ssl=1 1536w, https:\/\/i0.wp.com\/alpimages.ch\/wp-content\/uploads\/2015\/11\/ALPIMAGES-WEDDINGS-154.jpg?resize=2048%2C1367&amp;ssl=1 2048w, https:\/\/i0.wp.com\/alpimages.ch\/wp-content\/uploads\/2015\/11\/ALPIMAGES-WEDDINGS-154.jpg?resize=317%2C212&amp;ssl=1 317w, https:\/\/i0.wp.com\/alpimages.ch\/wp-content\/uploads\/2015\/11\/ALPIMAGES-WEDDINGS-154.jpg?w=1360&amp;ssl=1 1360w\" width=\"230\" height=\"153\" loading=\"lazy\" data-original-width=\"230\" data-original-height=\"153\" itemprop=\"http:\/\/schema.org\/image\" title=\"ALPIMAGES-WEDDINGS-154\" alt=\"ALPIMAGES-WEDDINGS-154\" style=\"width: 230px; height: 153px;\" \/> <\/a> <\/div> <\/div> <!-- close group --> <div class=\"gallery-group images-1\" style=\"width: 212px; height: 315px;\" data-original-width=\"212\" data-original-height=\"315\" > <div class=\"tiled-gallery-item tiled-gallery-item-small\" itemprop=\"associatedMedia\" itemscope itemtype=\"http:\/\/schema.org\/ImageObject\"> <a href=\"https:\/\/alpimages.ch\/en\/portfolio\/mariage\/alpimages-weddings-260\/\" border=\"0\" itemprop=\"url\"> <meta itemprop=\"width\" content=\"208\"> <meta itemprop=\"height\" content=\"311\"> <img decoding=\"async\" class=\"\" data-attachment-id=\"7745\" data-orig-file=\"https:\/\/alpimages.ch\/wp-content\/uploads\/2015\/11\/ALPIMAGES-WEDDINGS-260.jpg\" data-orig-size=\"1200,1800\" data-comments-opened=\"\" data-image-meta=\"{&quot;aperture&quot;:&quot;0&quot;,&quot;credit&quot;:&quot;&quot;,&quot;camera&quot;:&quot;&quot;,&quot;caption&quot;:&quot;&quot;,&quot;created_timestamp&quot;:&quot;0&quot;,&quot;copyright&quot;:&quot;&quot;,&quot;focal_length&quot;:&quot;0&quot;,&quot;iso&quot;:&quot;0&quot;,&quot;shutter_speed&quot;:&quot;0&quot;,&quot;title&quot;:&quot;&quot;,&quot;orientation&quot;:&quot;0&quot;}\" data-image-title=\"ALPIMAGES-WEDDINGS-260\" data-image-description=\"\" data-medium-file=\"https:\/\/i0.wp.com\/alpimages.ch\/wp-content\/uploads\/2015\/11\/ALPIMAGES-WEDDINGS-260.jpg?fit=200%2C300&#038;ssl=1\" data-large-file=\"https:\/\/i0.wp.com\/alpimages.ch\/wp-content\/uploads\/2015\/11\/ALPIMAGES-WEDDINGS-260.jpg?fit=680%2C1020&#038;ssl=1\" src=\"https:\/\/i0.wp.com\/alpimages.ch\/wp-content\/uploads\/2015\/11\/ALPIMAGES-WEDDINGS-260.jpg?w=208&#038;h=311&#038;ssl=1\" srcset=\"https:\/\/i0.wp.com\/alpimages.ch\/wp-content\/uploads\/2015\/11\/ALPIMAGES-WEDDINGS-260.jpg?w=1200&amp;ssl=1 1200w, https:\/\/i0.wp.com\/alpimages.ch\/wp-content\/uploads\/2015\/11\/ALPIMAGES-WEDDINGS-260.jpg?resize=200%2C300&amp;ssl=1 200w, https:\/\/i0.wp.com\/alpimages.ch\/wp-content\/uploads\/2015\/11\/ALPIMAGES-WEDDINGS-260.jpg?resize=683%2C1024&amp;ssl=1 683w, https:\/\/i0.wp.com\/alpimages.ch\/wp-content\/uploads\/2015\/11\/ALPIMAGES-WEDDINGS-260.jpg?resize=100%2C150&amp;ssl=1 100w, https:\/\/i0.wp.com\/alpimages.ch\/wp-content\/uploads\/2015\/11\/ALPIMAGES-WEDDINGS-260.jpg?resize=768%2C1152&amp;ssl=1 768w, https:\/\/i0.wp.com\/alpimages.ch\/wp-content\/uploads\/2015\/11\/ALPIMAGES-WEDDINGS-260.jpg?resize=1024%2C1536&amp;ssl=1 1024w, https:\/\/i0.wp.com\/alpimages.ch\/wp-content\/uploads\/2015\/11\/ALPIMAGES-WEDDINGS-260.jpg?resize=317%2C476&amp;ssl=1 317w\" width=\"208\" height=\"311\" loading=\"lazy\" data-original-width=\"208\" data-original-height=\"311\" itemprop=\"http:\/\/schema.org\/image\" title=\"ALPIMAGES-WEDDINGS-260\" alt=\"ALPIMAGES-WEDDINGS-260\" style=\"width: 208px; height: 311px;\" \/> <\/a> <\/div> <\/div> <!-- close group --> <div class=\"gallery-group images-2\" style=\"width: 234px; height: 315px;\" data-original-width=\"234\" data-original-height=\"315\" > <div class=\"tiled-gallery-item tiled-gallery-item-small\" itemprop=\"associatedMedia\" itemscope itemtype=\"http:\/\/schema.org\/ImageObject\"> <a href=\"https:\/\/alpimages.ch\/en\/portfolio\/mariage\/alpimages-weddings-323\/\" border=\"0\" itemprop=\"url\"> <meta itemprop=\"width\" content=\"230\"> <meta itemprop=\"height\" content=\"153\"> <img decoding=\"async\" class=\"\" data-attachment-id=\"7746\" data-orig-file=\"https:\/\/alpimages.ch\/wp-content\/uploads\/2015\/11\/ALPIMAGES-WEDDINGS-323.jpg\" data-orig-size=\"7716,5144\" data-comments-opened=\"\" data-image-meta=\"{&quot;aperture&quot;:&quot;0&quot;,&quot;credit&quot;:&quot;&quot;,&quot;camera&quot;:&quot;&quot;,&quot;caption&quot;:&quot;&quot;,&quot;created_timestamp&quot;:&quot;0&quot;,&quot;copyright&quot;:&quot;&quot;,&quot;focal_length&quot;:&quot;0&quot;,&quot;iso&quot;:&quot;0&quot;,&quot;shutter_speed&quot;:&quot;0&quot;,&quot;title&quot;:&quot;&quot;,&quot;orientation&quot;:&quot;0&quot;}\" data-image-title=\"ALPIMAGES-WEDDINGS-323\" data-image-description=\"\" data-medium-file=\"https:\/\/i0.wp.com\/alpimages.ch\/wp-content\/uploads\/2015\/11\/ALPIMAGES-WEDDINGS-323.jpg?fit=300%2C200&#038;ssl=1\" data-large-file=\"https:\/\/i0.wp.com\/alpimages.ch\/wp-content\/uploads\/2015\/11\/ALPIMAGES-WEDDINGS-323.jpg?fit=680%2C454&#038;ssl=1\" src=\"https:\/\/i0.wp.com\/alpimages.ch\/wp-content\/uploads\/2015\/11\/ALPIMAGES-WEDDINGS-323.jpg?w=230&#038;h=153&#038;ssl=1\" srcset=\"https:\/\/i0.wp.com\/alpimages.ch\/wp-content\/uploads\/2015\/11\/ALPIMAGES-WEDDINGS-323.jpg?w=7716&amp;ssl=1 7716w, https:\/\/i0.wp.com\/alpimages.ch\/wp-content\/uploads\/2015\/11\/ALPIMAGES-WEDDINGS-323.jpg?resize=300%2C200&amp;ssl=1 300w, https:\/\/i0.wp.com\/alpimages.ch\/wp-content\/uploads\/2015\/11\/ALPIMAGES-WEDDINGS-323.jpg?resize=1024%2C683&amp;ssl=1 1024w, https:\/\/i0.wp.com\/alpimages.ch\/wp-content\/uploads\/2015\/11\/ALPIMAGES-WEDDINGS-323.jpg?resize=150%2C100&amp;ssl=1 150w, https:\/\/i0.wp.com\/alpimages.ch\/wp-content\/uploads\/2015\/11\/ALPIMAGES-WEDDINGS-323.jpg?resize=768%2C512&amp;ssl=1 768w, https:\/\/i0.wp.com\/alpimages.ch\/wp-content\/uploads\/2015\/11\/ALPIMAGES-WEDDINGS-323.jpg?resize=1536%2C1024&amp;ssl=1 1536w, https:\/\/i0.wp.com\/alpimages.ch\/wp-content\/uploads\/2015\/11\/ALPIMAGES-WEDDINGS-323.jpg?resize=2048%2C1365&amp;ssl=1 2048w, https:\/\/i0.wp.com\/alpimages.ch\/wp-content\/uploads\/2015\/11\/ALPIMAGES-WEDDINGS-323.jpg?resize=317%2C211&amp;ssl=1 317w, https:\/\/i0.wp.com\/alpimages.ch\/wp-content\/uploads\/2015\/11\/ALPIMAGES-WEDDINGS-323.jpg?w=1360&amp;ssl=1 1360w\" width=\"230\" height=\"153\" loading=\"lazy\" data-original-width=\"230\" data-original-height=\"153\" itemprop=\"http:\/\/schema.org\/image\" title=\"ALPIMAGES-WEDDINGS-323\" alt=\"ALPIMAGES-WEDDINGS-323\" style=\"width: 230px; height: 153px;\" \/> <\/a> <\/div> <div class=\"tiled-gallery-item tiled-gallery-item-small\" itemprop=\"associatedMedia\" itemscope itemtype=\"http:\/\/schema.org\/ImageObject\"> <a href=\"https:\/\/alpimages.ch\/en\/portfolio\/mariage\/alpimages-weddings-324\/\" border=\"0\" itemprop=\"url\"> <meta itemprop=\"width\" content=\"230\"> <meta itemprop=\"height\" content=\"154\"> <img decoding=\"async\" class=\"\" data-attachment-id=\"7747\" data-orig-file=\"https:\/\/alpimages.ch\/wp-content\/uploads\/2015\/11\/ALPIMAGES-WEDDINGS-324.jpg\" data-orig-size=\"7360,4912\" data-comments-opened=\"\" data-image-meta=\"{&quot;aperture&quot;:&quot;0&quot;,&quot;credit&quot;:&quot;&quot;,&quot;camera&quot;:&quot;&quot;,&quot;caption&quot;:&quot;&quot;,&quot;created_timestamp&quot;:&quot;0&quot;,&quot;copyright&quot;:&quot;&quot;,&quot;focal_length&quot;:&quot;0&quot;,&quot;iso&quot;:&quot;0&quot;,&quot;shutter_speed&quot;:&quot;0&quot;,&quot;title&quot;:&quot;&quot;,&quot;orientation&quot;:&quot;0&quot;}\" data-image-title=\"ALPIMAGES-WEDDINGS-324\" data-image-description=\"\" data-medium-file=\"https:\/\/i0.wp.com\/alpimages.ch\/wp-content\/uploads\/2015\/11\/ALPIMAGES-WEDDINGS-324.jpg?fit=300%2C200&#038;ssl=1\" data-large-file=\"https:\/\/i0.wp.com\/alpimages.ch\/wp-content\/uploads\/2015\/11\/ALPIMAGES-WEDDINGS-324.jpg?fit=680%2C454&#038;ssl=1\" src=\"https:\/\/i0.wp.com\/alpimages.ch\/wp-content\/uploads\/2015\/11\/ALPIMAGES-WEDDINGS-324.jpg?w=230&#038;h=154&#038;ssl=1\" srcset=\"https:\/\/i0.wp.com\/alpimages.ch\/wp-content\/uploads\/2015\/11\/ALPIMAGES-WEDDINGS-324.jpg?w=7360&amp;ssl=1 7360w, https:\/\/i0.wp.com\/alpimages.ch\/wp-content\/uploads\/2015\/11\/ALPIMAGES-WEDDINGS-324.jpg?resize=300%2C200&amp;ssl=1 300w, https:\/\/i0.wp.com\/alpimages.ch\/wp-content\/uploads\/2015\/11\/ALPIMAGES-WEDDINGS-324.jpg?resize=1024%2C683&amp;ssl=1 1024w, https:\/\/i0.wp.com\/alpimages.ch\/wp-content\/uploads\/2015\/11\/ALPIMAGES-WEDDINGS-324.jpg?resize=150%2C100&amp;ssl=1 150w, https:\/\/i0.wp.com\/alpimages.ch\/wp-content\/uploads\/2015\/11\/ALPIMAGES-WEDDINGS-324.jpg?resize=768%2C513&amp;ssl=1 768w, https:\/\/i0.wp.com\/alpimages.ch\/wp-content\/uploads\/2015\/11\/ALPIMAGES-WEDDINGS-324.jpg?resize=1536%2C1025&amp;ssl=1 1536w, https:\/\/i0.wp.com\/alpimages.ch\/wp-content\/uploads\/2015\/11\/ALPIMAGES-WEDDINGS-324.jpg?resize=2048%2C1367&amp;ssl=1 2048w, https:\/\/i0.wp.com\/alpimages.ch\/wp-content\/uploads\/2015\/11\/ALPIMAGES-WEDDINGS-324.jpg?resize=317%2C212&amp;ssl=1 317w, https:\/\/i0.wp.com\/alpimages.ch\/wp-content\/uploads\/2015\/11\/ALPIMAGES-WEDDINGS-324.jpg?w=1360&amp;ssl=1 1360w\" width=\"230\" height=\"154\" loading=\"lazy\" data-original-width=\"230\" data-original-height=\"154\" itemprop=\"http:\/\/schema.org\/image\" title=\"ALPIMAGES-WEDDINGS-324\" alt=\"ALPIMAGES-WEDDINGS-324\" style=\"width: 230px; height: 154px;\" \/> <\/a> <\/div> <\/div> <!-- close group --> <\/div> <!-- close row --> <div class=\"gallery-row\" style=\"width: 680px; height: 314px;\" data-original-width=\"680\" data-original-height=\"314\" > <div class=\"gallery-group images-1\" style=\"width: 469px; height: 314px;\" data-original-width=\"469\" data-original-height=\"314\" > <div class=\"tiled-gallery-item tiled-gallery-item-large\" itemprop=\"associatedMedia\" itemscope itemtype=\"http:\/\/schema.org\/ImageObject\"> <a href=\"https:\/\/alpimages.ch\/en\/portfolio\/mariage\/alpimages-weddings-332\/\" border=\"0\" itemprop=\"url\"> <meta itemprop=\"width\" content=\"465\"> <meta itemprop=\"height\" content=\"310\"> <img decoding=\"async\" class=\"\" data-attachment-id=\"7748\" data-orig-file=\"https:\/\/alpimages.ch\/wp-content\/uploads\/2015\/11\/ALPIMAGES-WEDDINGS-332.jpg\" data-orig-size=\"7360,4912\" data-comments-opened=\"\" data-image-meta=\"{&quot;aperture&quot;:&quot;0&quot;,&quot;credit&quot;:&quot;&quot;,&quot;camera&quot;:&quot;&quot;,&quot;caption&quot;:&quot;&quot;,&quot;created_timestamp&quot;:&quot;0&quot;,&quot;copyright&quot;:&quot;&quot;,&quot;focal_length&quot;:&quot;0&quot;,&quot;iso&quot;:&quot;0&quot;,&quot;shutter_speed&quot;:&quot;0&quot;,&quot;title&quot;:&quot;&quot;,&quot;orientation&quot;:&quot;0&quot;}\" data-image-title=\"ALPIMAGES-WEDDINGS-332\" data-image-description=\"\" data-medium-file=\"https:\/\/i0.wp.com\/alpimages.ch\/wp-content\/uploads\/2015\/11\/ALPIMAGES-WEDDINGS-332.jpg?fit=300%2C200&#038;ssl=1\" data-large-file=\"https:\/\/i0.wp.com\/alpimages.ch\/wp-content\/uploads\/2015\/11\/ALPIMAGES-WEDDINGS-332.jpg?fit=680%2C454&#038;ssl=1\" src=\"https:\/\/i0.wp.com\/alpimages.ch\/wp-content\/uploads\/2015\/11\/ALPIMAGES-WEDDINGS-332.jpg?w=465&#038;h=310&#038;ssl=1\" srcset=\"https:\/\/i0.wp.com\/alpimages.ch\/wp-content\/uploads\/2015\/11\/ALPIMAGES-WEDDINGS-332.jpg?w=7360&amp;ssl=1 7360w, https:\/\/i0.wp.com\/alpimages.ch\/wp-content\/uploads\/2015\/11\/ALPIMAGES-WEDDINGS-332.jpg?resize=300%2C200&amp;ssl=1 300w, https:\/\/i0.wp.com\/alpimages.ch\/wp-content\/uploads\/2015\/11\/ALPIMAGES-WEDDINGS-332.jpg?resize=1024%2C683&amp;ssl=1 1024w, https:\/\/i0.wp.com\/alpimages.ch\/wp-content\/uploads\/2015\/11\/ALPIMAGES-WEDDINGS-332.jpg?resize=150%2C100&amp;ssl=1 150w, https:\/\/i0.wp.com\/alpimages.ch\/wp-content\/uploads\/2015\/11\/ALPIMAGES-WEDDINGS-332.jpg?resize=768%2C513&amp;ssl=1 768w, https:\/\/i0.wp.com\/alpimages.ch\/wp-content\/uploads\/2015\/11\/ALPIMAGES-WEDDINGS-332.jpg?resize=1536%2C1025&amp;ssl=1 1536w, https:\/\/i0.wp.com\/alpimages.ch\/wp-content\/uploads\/2015\/11\/ALPIMAGES-WEDDINGS-332.jpg?resize=2048%2C1367&amp;ssl=1 2048w, https:\/\/i0.wp.com\/alpimages.ch\/wp-content\/uploads\/2015\/11\/ALPIMAGES-WEDDINGS-332.jpg?resize=317%2C212&amp;ssl=1 317w, https:\/\/i0.wp.com\/alpimages.ch\/wp-content\/uploads\/2015\/11\/ALPIMAGES-WEDDINGS-332.jpg?w=1360&amp;ssl=1 1360w\" width=\"465\" height=\"310\" loading=\"lazy\" data-original-width=\"465\" data-original-height=\"310\" itemprop=\"http:\/\/schema.org\/image\" title=\"ALPIMAGES-WEDDINGS-332\" alt=\"ALPIMAGES-WEDDINGS-332\" style=\"width: 465px; height: 310px;\" \/> <\/a> <\/div> <\/div> <!-- close group --> <div class=\"gallery-group images-1\" style=\"width: 211px; height: 314px;\" data-original-width=\"211\" data-original-height=\"314\" > <div class=\"tiled-gallery-item tiled-gallery-item-small\" itemprop=\"associatedMedia\" itemscope itemtype=\"http:\/\/schema.org\/ImageObject\"> <a href=\"https:\/\/alpimages.ch\/en\/portfolio\/mariage\/alpimages-weddings-359\/\" border=\"0\" itemprop=\"url\"> <meta itemprop=\"width\" content=\"207\"> <meta itemprop=\"height\" content=\"310\"> <img decoding=\"async\" class=\"\" data-attachment-id=\"7749\" data-orig-file=\"https:\/\/alpimages.ch\/wp-content\/uploads\/2015\/11\/ALPIMAGES-WEDDINGS-359.jpg\" data-orig-size=\"1602,2400\" data-comments-opened=\"\" data-image-meta=\"{&quot;aperture&quot;:&quot;5&quot;,&quot;credit&quot;:&quot;&quot;,&quot;camera&quot;:&quot;NIKON D810&quot;,&quot;caption&quot;:&quot;&quot;,&quot;created_timestamp&quot;:&quot;1554546666&quot;,&quot;copyright&quot;:&quot;&quot;,&quot;focal_length&quot;:&quot;35&quot;,&quot;iso&quot;:&quot;160&quot;,&quot;shutter_speed&quot;:&quot;0.0015625&quot;,&quot;title&quot;:&quot;&quot;,&quot;orientation&quot;:&quot;0&quot;}\" data-image-title=\"ALPIMAGES-WEDDINGS-359\" data-image-description=\"\" data-medium-file=\"https:\/\/i0.wp.com\/alpimages.ch\/wp-content\/uploads\/2015\/11\/ALPIMAGES-WEDDINGS-359.jpg?fit=200%2C300&#038;ssl=1\" data-large-file=\"https:\/\/i0.wp.com\/alpimages.ch\/wp-content\/uploads\/2015\/11\/ALPIMAGES-WEDDINGS-359.jpg?fit=680%2C1018&#038;ssl=1\" src=\"https:\/\/i0.wp.com\/alpimages.ch\/wp-content\/uploads\/2015\/11\/ALPIMAGES-WEDDINGS-359.jpg?w=207&#038;h=310&#038;ssl=1\" srcset=\"https:\/\/i0.wp.com\/alpimages.ch\/wp-content\/uploads\/2015\/11\/ALPIMAGES-WEDDINGS-359.jpg?w=1602&amp;ssl=1 1602w, https:\/\/i0.wp.com\/alpimages.ch\/wp-content\/uploads\/2015\/11\/ALPIMAGES-WEDDINGS-359.jpg?resize=200%2C300&amp;ssl=1 200w, https:\/\/i0.wp.com\/alpimages.ch\/wp-content\/uploads\/2015\/11\/ALPIMAGES-WEDDINGS-359.jpg?resize=684%2C1024&amp;ssl=1 684w, https:\/\/i0.wp.com\/alpimages.ch\/wp-content\/uploads\/2015\/11\/ALPIMAGES-WEDDINGS-359.jpg?resize=100%2C150&amp;ssl=1 100w, https:\/\/i0.wp.com\/alpimages.ch\/wp-content\/uploads\/2015\/11\/ALPIMAGES-WEDDINGS-359.jpg?resize=768%2C1151&amp;ssl=1 768w, https:\/\/i0.wp.com\/alpimages.ch\/wp-content\/uploads\/2015\/11\/ALPIMAGES-WEDDINGS-359.jpg?resize=1025%2C1536&amp;ssl=1 1025w, https:\/\/i0.wp.com\/alpimages.ch\/wp-content\/uploads\/2015\/11\/ALPIMAGES-WEDDINGS-359.jpg?resize=1367%2C2048&amp;ssl=1 1367w, https:\/\/i0.wp.com\/alpimages.ch\/wp-content\/uploads\/2015\/11\/ALPIMAGES-WEDDINGS-359.jpg?resize=317%2C475&amp;ssl=1 317w\" width=\"207\" height=\"310\" loading=\"lazy\" data-original-width=\"207\" data-original-height=\"310\" itemprop=\"http:\/\/schema.org\/image\" title=\"ALPIMAGES-WEDDINGS-359\" alt=\"ALPIMAGES-WEDDINGS-359\" style=\"width: 207px; height: 310px;\" \/> <\/a> <\/div> <\/div> <!-- close group --> <\/div> <!-- close row --> <div class=\"gallery-row\" style=\"width: 680px; height: 304px;\" data-original-width=\"680\" data-original-height=\"304\" > <div class=\"gallery-group images-1\" style=\"width: 454px; height: 304px;\" data-original-width=\"454\" data-original-height=\"304\" > <div class=\"tiled-gallery-item tiled-gallery-item-large\" itemprop=\"associatedMedia\" itemscope itemtype=\"http:\/\/schema.org\/ImageObject\"> <a href=\"https:\/\/alpimages.ch\/en\/portfolio\/mariage\/alpimages-weddings-370\/\" border=\"0\" itemprop=\"url\"> <meta itemprop=\"width\" content=\"450\"> <meta itemprop=\"height\" content=\"300\"> <img decoding=\"async\" class=\"\" data-attachment-id=\"7750\" data-orig-file=\"https:\/\/alpimages.ch\/wp-content\/uploads\/2015\/11\/ALPIMAGES-WEDDINGS-370.jpg\" data-orig-size=\"2400,1602\" data-comments-opened=\"\" data-image-meta=\"{&quot;aperture&quot;:&quot;2.8&quot;,&quot;credit&quot;:&quot;&quot;,&quot;camera&quot;:&quot;NIKON D810&quot;,&quot;caption&quot;:&quot;&quot;,&quot;created_timestamp&quot;:&quot;1554553426&quot;,&quot;copyright&quot;:&quot;&quot;,&quot;focal_length&quot;:&quot;35&quot;,&quot;iso&quot;:&quot;640&quot;,&quot;shutter_speed&quot;:&quot;0.005&quot;,&quot;title&quot;:&quot;&quot;,&quot;orientation&quot;:&quot;0&quot;}\" data-image-title=\"ALPIMAGES-WEDDINGS-370\" data-image-description=\"\" data-medium-file=\"https:\/\/i0.wp.com\/alpimages.ch\/wp-content\/uploads\/2015\/11\/ALPIMAGES-WEDDINGS-370.jpg?fit=300%2C200&#038;ssl=1\" data-large-file=\"https:\/\/i0.wp.com\/alpimages.ch\/wp-content\/uploads\/2015\/11\/ALPIMAGES-WEDDINGS-370.jpg?fit=680%2C454&#038;ssl=1\" src=\"https:\/\/i0.wp.com\/alpimages.ch\/wp-content\/uploads\/2015\/11\/ALPIMAGES-WEDDINGS-370.jpg?w=450&#038;h=300&#038;ssl=1\" srcset=\"https:\/\/i0.wp.com\/alpimages.ch\/wp-content\/uploads\/2015\/11\/ALPIMAGES-WEDDINGS-370.jpg?w=2400&amp;ssl=1 2400w, https:\/\/i0.wp.com\/alpimages.ch\/wp-content\/uploads\/2015\/11\/ALPIMAGES-WEDDINGS-370.jpg?resize=300%2C200&amp;ssl=1 300w, https:\/\/i0.wp.com\/alpimages.ch\/wp-content\/uploads\/2015\/11\/ALPIMAGES-WEDDINGS-370.jpg?resize=1024%2C684&amp;ssl=1 1024w, https:\/\/i0.wp.com\/alpimages.ch\/wp-content\/uploads\/2015\/11\/ALPIMAGES-WEDDINGS-370.jpg?resize=150%2C100&amp;ssl=1 150w, https:\/\/i0.wp.com\/alpimages.ch\/wp-content\/uploads\/2015\/11\/ALPIMAGES-WEDDINGS-370.jpg?resize=768%2C513&amp;ssl=1 768w, https:\/\/i0.wp.com\/alpimages.ch\/wp-content\/uploads\/2015\/11\/ALPIMAGES-WEDDINGS-370.jpg?resize=1536%2C1025&amp;ssl=1 1536w, https:\/\/i0.wp.com\/alpimages.ch\/wp-content\/uploads\/2015\/11\/ALPIMAGES-WEDDINGS-370.jpg?resize=2048%2C1367&amp;ssl=1 2048w, https:\/\/i0.wp.com\/alpimages.ch\/wp-content\/uploads\/2015\/11\/ALPIMAGES-WEDDINGS-370.jpg?resize=317%2C212&amp;ssl=1 317w, https:\/\/i0.wp.com\/alpimages.ch\/wp-content\/uploads\/2015\/11\/ALPIMAGES-WEDDINGS-370.jpg?w=1360&amp;ssl=1 1360w\" width=\"450\" height=\"300\" loading=\"lazy\" data-original-width=\"450\" data-original-height=\"300\" itemprop=\"http:\/\/schema.org\/image\" title=\"ALPIMAGES-WEDDINGS-370\" alt=\"ALPIMAGES-WEDDINGS-370\" style=\"width: 450px; height: 300px;\" \/> <\/a> <\/div> <\/div> <!-- close group --> <div class=\"gallery-group images-2\" style=\"width: 226px; height: 304px;\" data-original-width=\"226\" data-original-height=\"304\" > <div class=\"tiled-gallery-item tiled-gallery-item-small\" itemprop=\"associatedMedia\" itemscope itemtype=\"http:\/\/schema.org\/ImageObject\"> <a href=\"https:\/\/alpimages.ch\/en\/portfolio\/mariage\/alpimages-weddings-372\/\" border=\"0\" itemprop=\"url\"> <meta itemprop=\"width\" content=\"222\"> <meta itemprop=\"height\" content=\"148\"> <img decoding=\"async\" class=\"\" data-attachment-id=\"7751\" data-orig-file=\"https:\/\/alpimages.ch\/wp-content\/uploads\/2015\/11\/ALPIMAGES-WEDDINGS-372.jpg\" data-orig-size=\"2400,1602\" data-comments-opened=\"\" data-image-meta=\"{&quot;aperture&quot;:&quot;2.8&quot;,&quot;credit&quot;:&quot;&quot;,&quot;camera&quot;:&quot;NIKON D810&quot;,&quot;caption&quot;:&quot;&quot;,&quot;created_timestamp&quot;:&quot;1554553743&quot;,&quot;copyright&quot;:&quot;&quot;,&quot;focal_length&quot;:&quot;50&quot;,&quot;iso&quot;:&quot;500&quot;,&quot;shutter_speed&quot;:&quot;0.003125&quot;,&quot;title&quot;:&quot;&quot;,&quot;orientation&quot;:&quot;0&quot;}\" data-image-title=\"ALPIMAGES-WEDDINGS-372\" data-image-description=\"\" data-medium-file=\"https:\/\/i0.wp.com\/alpimages.ch\/wp-content\/uploads\/2015\/11\/ALPIMAGES-WEDDINGS-372.jpg?fit=300%2C200&#038;ssl=1\" data-large-file=\"https:\/\/i0.wp.com\/alpimages.ch\/wp-content\/uploads\/2015\/11\/ALPIMAGES-WEDDINGS-372.jpg?fit=680%2C454&#038;ssl=1\" src=\"https:\/\/i0.wp.com\/alpimages.ch\/wp-content\/uploads\/2015\/11\/ALPIMAGES-WEDDINGS-372.jpg?w=222&#038;h=148&#038;ssl=1\" srcset=\"https:\/\/i0.wp.com\/alpimages.ch\/wp-content\/uploads\/2015\/11\/ALPIMAGES-WEDDINGS-372.jpg?w=2400&amp;ssl=1 2400w, https:\/\/i0.wp.com\/alpimages.ch\/wp-content\/uploads\/2015\/11\/ALPIMAGES-WEDDINGS-372.jpg?resize=300%2C200&amp;ssl=1 300w, https:\/\/i0.wp.com\/alpimages.ch\/wp-content\/uploads\/2015\/11\/ALPIMAGES-WEDDINGS-372.jpg?resize=1024%2C684&amp;ssl=1 1024w, https:\/\/i0.wp.com\/alpimages.ch\/wp-content\/uploads\/2015\/11\/ALPIMAGES-WEDDINGS-372.jpg?resize=150%2C100&amp;ssl=1 150w, https:\/\/i0.wp.com\/alpimages.ch\/wp-content\/uploads\/2015\/11\/ALPIMAGES-WEDDINGS-372.jpg?resize=768%2C513&amp;ssl=1 768w, https:\/\/i0.wp.com\/alpimages.ch\/wp-content\/uploads\/2015\/11\/ALPIMAGES-WEDDINGS-372.jpg?resize=1536%2C1025&amp;ssl=1 1536w, https:\/\/i0.wp.com\/alpimages.ch\/wp-content\/uploads\/2015\/11\/ALPIMAGES-WEDDINGS-372.jpg?resize=2048%2C1367&amp;ssl=1 2048w, https:\/\/i0.wp.com\/alpimages.ch\/wp-content\/uploads\/2015\/11\/ALPIMAGES-WEDDINGS-372.jpg?resize=317%2C212&amp;ssl=1 317w, https:\/\/i0.wp.com\/alpimages.ch\/wp-content\/uploads\/2015\/11\/ALPIMAGES-WEDDINGS-372.jpg?w=1360&amp;ssl=1 1360w\" width=\"222\" height=\"148\" loading=\"lazy\" data-original-width=\"222\" data-original-height=\"148\" itemprop=\"http:\/\/schema.org\/image\" title=\"ALPIMAGES-WEDDINGS-372\" alt=\"ALPIMAGES-WEDDINGS-372\" style=\"width: 222px; height: 148px;\" \/> <\/a> <\/div> <div class=\"tiled-gallery-item tiled-gallery-item-small\" itemprop=\"associatedMedia\" itemscope itemtype=\"http:\/\/schema.org\/ImageObject\"> <a href=\"https:\/\/alpimages.ch\/en\/portfolio\/mariage\/alpimages-weddings-404\/\" border=\"0\" itemprop=\"url\"> <meta itemprop=\"width\" content=\"222\"> <meta itemprop=\"height\" content=\"148\"> <img decoding=\"async\" class=\"\" data-attachment-id=\"7752\" data-orig-file=\"https:\/\/alpimages.ch\/wp-content\/uploads\/2015\/11\/ALPIMAGES-WEDDINGS-404.jpg\" data-orig-size=\"2400,1602\" data-comments-opened=\"\" data-image-meta=\"{&quot;aperture&quot;:&quot;0&quot;,&quot;credit&quot;:&quot;&quot;,&quot;camera&quot;:&quot;&quot;,&quot;caption&quot;:&quot;&quot;,&quot;created_timestamp&quot;:&quot;0&quot;,&quot;copyright&quot;:&quot;&quot;,&quot;focal_length&quot;:&quot;0&quot;,&quot;iso&quot;:&quot;0&quot;,&quot;shutter_speed&quot;:&quot;0&quot;,&quot;title&quot;:&quot;&quot;,&quot;orientation&quot;:&quot;0&quot;}\" data-image-title=\"ALPIMAGES-WEDDINGS-404\" data-image-description=\"\" data-medium-file=\"https:\/\/i0.wp.com\/alpimages.ch\/wp-content\/uploads\/2015\/11\/ALPIMAGES-WEDDINGS-404.jpg?fit=300%2C200&#038;ssl=1\" data-large-file=\"https:\/\/i0.wp.com\/alpimages.ch\/wp-content\/uploads\/2015\/11\/ALPIMAGES-WEDDINGS-404.jpg?fit=680%2C454&#038;ssl=1\" src=\"https:\/\/i0.wp.com\/alpimages.ch\/wp-content\/uploads\/2015\/11\/ALPIMAGES-WEDDINGS-404.jpg?w=222&#038;h=148&#038;ssl=1\" srcset=\"https:\/\/i0.wp.com\/alpimages.ch\/wp-content\/uploads\/2015\/11\/ALPIMAGES-WEDDINGS-404.jpg?w=2400&amp;ssl=1 2400w, https:\/\/i0.wp.com\/alpimages.ch\/wp-content\/uploads\/2015\/11\/ALPIMAGES-WEDDINGS-404.jpg?resize=300%2C200&amp;ssl=1 300w, https:\/\/i0.wp.com\/alpimages.ch\/wp-content\/uploads\/2015\/11\/ALPIMAGES-WEDDINGS-404.jpg?resize=1024%2C684&amp;ssl=1 1024w, https:\/\/i0.wp.com\/alpimages.ch\/wp-content\/uploads\/2015\/11\/ALPIMAGES-WEDDINGS-404.jpg?resize=150%2C100&amp;ssl=1 150w, https:\/\/i0.wp.com\/alpimages.ch\/wp-content\/uploads\/2015\/11\/ALPIMAGES-WEDDINGS-404.jpg?resize=768%2C513&amp;ssl=1 768w, https:\/\/i0.wp.com\/alpimages.ch\/wp-content\/uploads\/2015\/11\/ALPIMAGES-WEDDINGS-404.jpg?resize=1536%2C1025&amp;ssl=1 1536w, https:\/\/i0.wp.com\/alpimages.ch\/wp-content\/uploads\/2015\/11\/ALPIMAGES-WEDDINGS-404.jpg?resize=2048%2C1367&amp;ssl=1 2048w, https:\/\/i0.wp.com\/alpimages.ch\/wp-content\/uploads\/2015\/11\/ALPIMAGES-WEDDINGS-404.jpg?resize=317%2C212&amp;ssl=1 317w, https:\/\/i0.wp.com\/alpimages.ch\/wp-content\/uploads\/2015\/11\/ALPIMAGES-WEDDINGS-404.jpg?w=1360&amp;ssl=1 1360w\" width=\"222\" height=\"148\" loading=\"lazy\" data-original-width=\"222\" data-original-height=\"148\" itemprop=\"http:\/\/schema.org\/image\" title=\"ALPIMAGES-WEDDINGS-404\" alt=\"ALPIMAGES-WEDDINGS-404\" style=\"width: 222px; height: 148px;\" \/> <\/a> <\/div> <\/div> <!-- close group --> <\/div> <!-- close row --> <div class=\"gallery-row\" style=\"width: 680px; height: 583px;\" data-original-width=\"680\" data-original-height=\"583\" > <div class=\"gallery-group images-3\" style=\"width: 289px; height: 583px;\" data-original-width=\"289\" data-original-height=\"583\" > <div class=\"tiled-gallery-item tiled-gallery-item-large\" itemprop=\"associatedMedia\" itemscope itemtype=\"http:\/\/schema.org\/ImageObject\"> <a href=\"https:\/\/alpimages.ch\/en\/portfolio\/mariage\/alpimages-weddings-423\/\" border=\"0\" itemprop=\"url\"> <meta itemprop=\"width\" content=\"285\"> <meta itemprop=\"height\" content=\"191\"> <img decoding=\"async\" class=\"\" data-attachment-id=\"7753\" data-orig-file=\"https:\/\/alpimages.ch\/wp-content\/uploads\/2015\/11\/ALPIMAGES-WEDDINGS-423.jpg\" data-orig-size=\"6600,4405\" data-comments-opened=\"\" data-image-meta=\"{&quot;aperture&quot;:&quot;5.6&quot;,&quot;credit&quot;:&quot;&quot;,&quot;camera&quot;:&quot;NIKON D810&quot;,&quot;caption&quot;:&quot;&quot;,&quot;created_timestamp&quot;:&quot;1559919398&quot;,&quot;copyright&quot;:&quot;&quot;,&quot;focal_length&quot;:&quot;105&quot;,&quot;iso&quot;:&quot;800&quot;,&quot;shutter_speed&quot;:&quot;0.005&quot;,&quot;title&quot;:&quot;&quot;,&quot;orientation&quot;:&quot;0&quot;}\" data-image-title=\"ALPIMAGES-WEDDINGS-423\" data-image-description=\"\" data-medium-file=\"https:\/\/i0.wp.com\/alpimages.ch\/wp-content\/uploads\/2015\/11\/ALPIMAGES-WEDDINGS-423.jpg?fit=300%2C200&#038;ssl=1\" data-large-file=\"https:\/\/i0.wp.com\/alpimages.ch\/wp-content\/uploads\/2015\/11\/ALPIMAGES-WEDDINGS-423.jpg?fit=680%2C454&#038;ssl=1\" src=\"https:\/\/i0.wp.com\/alpimages.ch\/wp-content\/uploads\/2015\/11\/ALPIMAGES-WEDDINGS-423.jpg?w=285&#038;h=191&#038;ssl=1\" srcset=\"https:\/\/i0.wp.com\/alpimages.ch\/wp-content\/uploads\/2015\/11\/ALPIMAGES-WEDDINGS-423.jpg?w=6600&amp;ssl=1 6600w, https:\/\/i0.wp.com\/alpimages.ch\/wp-content\/uploads\/2015\/11\/ALPIMAGES-WEDDINGS-423.jpg?resize=300%2C200&amp;ssl=1 300w, https:\/\/i0.wp.com\/alpimages.ch\/wp-content\/uploads\/2015\/11\/ALPIMAGES-WEDDINGS-423.jpg?resize=1024%2C683&amp;ssl=1 1024w, https:\/\/i0.wp.com\/alpimages.ch\/wp-content\/uploads\/2015\/11\/ALPIMAGES-WEDDINGS-423.jpg?resize=150%2C100&amp;ssl=1 150w, https:\/\/i0.wp.com\/alpimages.ch\/wp-content\/uploads\/2015\/11\/ALPIMAGES-WEDDINGS-423.jpg?resize=768%2C513&amp;ssl=1 768w, https:\/\/i0.wp.com\/alpimages.ch\/wp-content\/uploads\/2015\/11\/ALPIMAGES-WEDDINGS-423.jpg?resize=1536%2C1025&amp;ssl=1 1536w, https:\/\/i0.wp.com\/alpimages.ch\/wp-content\/uploads\/2015\/11\/ALPIMAGES-WEDDINGS-423.jpg?resize=2048%2C1367&amp;ssl=1 2048w, https:\/\/i0.wp.com\/alpimages.ch\/wp-content\/uploads\/2015\/11\/ALPIMAGES-WEDDINGS-423.jpg?resize=317%2C212&amp;ssl=1 317w, https:\/\/i0.wp.com\/alpimages.ch\/wp-content\/uploads\/2015\/11\/ALPIMAGES-WEDDINGS-423.jpg?w=1360&amp;ssl=1 1360w\" width=\"285\" height=\"191\" loading=\"lazy\" data-original-width=\"285\" data-original-height=\"191\" itemprop=\"http:\/\/schema.org\/image\" title=\"ALPIMAGES-WEDDINGS-423\" alt=\"ALPIMAGES-WEDDINGS-423\" style=\"width: 285px; height: 191px;\" \/> <\/a> <\/div> <div class=\"tiled-gallery-item tiled-gallery-item-large\" itemprop=\"associatedMedia\" itemscope itemtype=\"http:\/\/schema.org\/ImageObject\"> <a href=\"https:\/\/alpimages.ch\/en\/portfolio\/mariage\/alpimages-weddings-425\/\" border=\"0\" itemprop=\"url\"> <meta itemprop=\"width\" content=\"285\"> <meta itemprop=\"height\" content=\"190\"> <img decoding=\"async\" class=\"\" data-attachment-id=\"7754\" data-orig-file=\"https:\/\/alpimages.ch\/wp-content\/uploads\/2015\/11\/ALPIMAGES-WEDDINGS-425.jpg\" data-orig-size=\"6600,4405\" data-comments-opened=\"\" data-image-meta=\"{&quot;aperture&quot;:&quot;4.5&quot;,&quot;credit&quot;:&quot;&quot;,&quot;camera&quot;:&quot;NIKON D810&quot;,&quot;caption&quot;:&quot;&quot;,&quot;created_timestamp&quot;:&quot;1559920359&quot;,&quot;copyright&quot;:&quot;&quot;,&quot;focal_length&quot;:&quot;105&quot;,&quot;iso&quot;:&quot;800&quot;,&quot;shutter_speed&quot;:&quot;0.0025&quot;,&quot;title&quot;:&quot;&quot;,&quot;orientation&quot;:&quot;0&quot;}\" data-image-title=\"ALPIMAGES-WEDDINGS-425\" data-image-description=\"\" data-medium-file=\"https:\/\/i0.wp.com\/alpimages.ch\/wp-content\/uploads\/2015\/11\/ALPIMAGES-WEDDINGS-425.jpg?fit=300%2C200&#038;ssl=1\" data-large-file=\"https:\/\/i0.wp.com\/alpimages.ch\/wp-content\/uploads\/2015\/11\/ALPIMAGES-WEDDINGS-425.jpg?fit=680%2C454&#038;ssl=1\" src=\"https:\/\/i0.wp.com\/alpimages.ch\/wp-content\/uploads\/2015\/11\/ALPIMAGES-WEDDINGS-425.jpg?w=285&#038;h=190&#038;ssl=1\" srcset=\"https:\/\/i0.wp.com\/alpimages.ch\/wp-content\/uploads\/2015\/11\/ALPIMAGES-WEDDINGS-425.jpg?w=6600&amp;ssl=1 6600w, https:\/\/i0.wp.com\/alpimages.ch\/wp-content\/uploads\/2015\/11\/ALPIMAGES-WEDDINGS-425.jpg?resize=300%2C200&amp;ssl=1 300w, https:\/\/i0.wp.com\/alpimages.ch\/wp-content\/uploads\/2015\/11\/ALPIMAGES-WEDDINGS-425.jpg?resize=1024%2C683&amp;ssl=1 1024w, https:\/\/i0.wp.com\/alpimages.ch\/wp-content\/uploads\/2015\/11\/ALPIMAGES-WEDDINGS-425.jpg?resize=150%2C100&amp;ssl=1 150w, https:\/\/i0.wp.com\/alpimages.ch\/wp-content\/uploads\/2015\/11\/ALPIMAGES-WEDDINGS-425.jpg?resize=768%2C513&amp;ssl=1 768w, https:\/\/i0.wp.com\/alpimages.ch\/wp-content\/uploads\/2015\/11\/ALPIMAGES-WEDDINGS-425.jpg?resize=1536%2C1025&amp;ssl=1 1536w, https:\/\/i0.wp.com\/alpimages.ch\/wp-content\/uploads\/2015\/11\/ALPIMAGES-WEDDINGS-425.jpg?resize=2048%2C1367&amp;ssl=1 2048w, https:\/\/i0.wp.com\/alpimages.ch\/wp-content\/uploads\/2015\/11\/ALPIMAGES-WEDDINGS-425.jpg?resize=317%2C212&amp;ssl=1 317w, https:\/\/i0.wp.com\/alpimages.ch\/wp-content\/uploads\/2015\/11\/ALPIMAGES-WEDDINGS-425.jpg?w=1360&amp;ssl=1 1360w\" width=\"285\" height=\"190\" loading=\"lazy\" data-original-width=\"285\" data-original-height=\"190\" itemprop=\"http:\/\/schema.org\/image\" title=\"ALPIMAGES-WEDDINGS-425\" alt=\"ALPIMAGES-WEDDINGS-425\" style=\"width: 285px; height: 190px;\" \/> <\/a> <\/div> <div class=\"tiled-gallery-item tiled-gallery-item-large\" itemprop=\"associatedMedia\" itemscope itemtype=\"http:\/\/schema.org\/ImageObject\"> <a href=\"https:\/\/alpimages.ch\/en\/portfolio\/mariage\/alpimages-weddings-433\/\" border=\"0\" itemprop=\"url\"> <meta itemprop=\"width\" content=\"285\"> <meta itemprop=\"height\" content=\"190\"> <img decoding=\"async\" class=\"\" data-attachment-id=\"7755\" data-orig-file=\"https:\/\/alpimages.ch\/wp-content\/uploads\/2015\/11\/ALPIMAGES-WEDDINGS-433.jpg\" data-orig-size=\"6600,4405\" data-comments-opened=\"\" data-image-meta=\"{&quot;aperture&quot;:&quot;7.1&quot;,&quot;credit&quot;:&quot;&quot;,&quot;camera&quot;:&quot;NIKON D810&quot;,&quot;caption&quot;:&quot;&quot;,&quot;created_timestamp&quot;:&quot;1559929866&quot;,&quot;copyright&quot;:&quot;&quot;,&quot;focal_length&quot;:&quot;34&quot;,&quot;iso&quot;:&quot;250&quot;,&quot;shutter_speed&quot;:&quot;0.00125&quot;,&quot;title&quot;:&quot;&quot;,&quot;orientation&quot;:&quot;1&quot;}\" data-image-title=\"ALPIMAGES-WEDDINGS-433\" data-image-description=\"\" data-medium-file=\"https:\/\/i0.wp.com\/alpimages.ch\/wp-content\/uploads\/2015\/11\/ALPIMAGES-WEDDINGS-433.jpg?fit=300%2C200&#038;ssl=1\" data-large-file=\"https:\/\/i0.wp.com\/alpimages.ch\/wp-content\/uploads\/2015\/11\/ALPIMAGES-WEDDINGS-433.jpg?fit=680%2C454&#038;ssl=1\" src=\"https:\/\/i0.wp.com\/alpimages.ch\/wp-content\/uploads\/2015\/11\/ALPIMAGES-WEDDINGS-433.jpg?w=285&#038;h=190&#038;ssl=1\" srcset=\"https:\/\/i0.wp.com\/alpimages.ch\/wp-content\/uploads\/2015\/11\/ALPIMAGES-WEDDINGS-433.jpg?w=6600&amp;ssl=1 6600w, https:\/\/i0.wp.com\/alpimages.ch\/wp-content\/uploads\/2015\/11\/ALPIMAGES-WEDDINGS-433.jpg?resize=300%2C200&amp;ssl=1 300w, https:\/\/i0.wp.com\/alpimages.ch\/wp-content\/uploads\/2015\/11\/ALPIMAGES-WEDDINGS-433.jpg?resize=1024%2C683&amp;ssl=1 1024w, https:\/\/i0.wp.com\/alpimages.ch\/wp-content\/uploads\/2015\/11\/ALPIMAGES-WEDDINGS-433.jpg?resize=150%2C100&amp;ssl=1 150w, https:\/\/i0.wp.com\/alpimages.ch\/wp-content\/uploads\/2015\/11\/ALPIMAGES-WEDDINGS-433.jpg?resize=768%2C513&amp;ssl=1 768w, https:\/\/i0.wp.com\/alpimages.ch\/wp-content\/uploads\/2015\/11\/ALPIMAGES-WEDDINGS-433.jpg?resize=1536%2C1025&amp;ssl=1 1536w, https:\/\/i0.wp.com\/alpimages.ch\/wp-content\/uploads\/2015\/11\/ALPIMAGES-WEDDINGS-433.jpg?resize=2048%2C1367&amp;ssl=1 2048w, https:\/\/i0.wp.com\/alpimages.ch\/wp-content\/uploads\/2015\/11\/ALPIMAGES-WEDDINGS-433.jpg?resize=317%2C212&amp;ssl=1 317w, https:\/\/i0.wp.com\/alpimages.ch\/wp-content\/uploads\/2015\/11\/ALPIMAGES-WEDDINGS-433.jpg?w=1360&amp;ssl=1 1360w\" width=\"285\" height=\"190\" loading=\"lazy\" data-original-width=\"285\" data-original-height=\"190\" itemprop=\"http:\/\/schema.org\/image\" title=\"ALPIMAGES-WEDDINGS-433\" alt=\"ALPIMAGES-WEDDINGS-433\" style=\"width: 285px; height: 190px;\" \/> <\/a> <\/div> <\/div> <!-- close group --> <div class=\"gallery-group images-1\" style=\"width: 391px; height: 583px;\" data-original-width=\"391\" data-original-height=\"583\" > <div class=\"tiled-gallery-item tiled-gallery-item-large\" itemprop=\"associatedMedia\" itemscope itemtype=\"http:\/\/schema.org\/ImageObject\"> <a href=\"https:\/\/alpimages.ch\/en\/portfolio\/mariage\/alpimages-weddings-435\/\" border=\"0\" itemprop=\"url\"> <meta itemprop=\"width\" content=\"387\"> <meta itemprop=\"height\" content=\"579\"> <img decoding=\"async\" class=\"\" data-attachment-id=\"7756\" data-orig-file=\"https:\/\/alpimages.ch\/wp-content\/uploads\/2015\/11\/ALPIMAGES-WEDDINGS-435.jpg\" data-orig-size=\"4405,6600\" data-comments-opened=\"\" data-image-meta=\"{&quot;aperture&quot;:&quot;5&quot;,&quot;credit&quot;:&quot;&quot;,&quot;camera&quot;:&quot;NIKON D810&quot;,&quot;caption&quot;:&quot;&quot;,&quot;created_timestamp&quot;:&quot;1559930755&quot;,&quot;copyright&quot;:&quot;&quot;,&quot;focal_length&quot;:&quot;105&quot;,&quot;iso&quot;:&quot;250&quot;,&quot;shutter_speed&quot;:&quot;0.0005&quot;,&quot;title&quot;:&quot;&quot;,&quot;orientation&quot;:&quot;1&quot;}\" data-image-title=\"ALPIMAGES-WEDDINGS-435\" data-image-description=\"\" data-medium-file=\"https:\/\/i0.wp.com\/alpimages.ch\/wp-content\/uploads\/2015\/11\/ALPIMAGES-WEDDINGS-435.jpg?fit=200%2C300&#038;ssl=1\" data-large-file=\"https:\/\/i0.wp.com\/alpimages.ch\/wp-content\/uploads\/2015\/11\/ALPIMAGES-WEDDINGS-435.jpg?fit=680%2C1020&#038;ssl=1\" src=\"https:\/\/i0.wp.com\/alpimages.ch\/wp-content\/uploads\/2015\/11\/ALPIMAGES-WEDDINGS-435.jpg?w=387&#038;h=579&#038;ssl=1\" srcset=\"https:\/\/i0.wp.com\/alpimages.ch\/wp-content\/uploads\/2015\/11\/ALPIMAGES-WEDDINGS-435.jpg?w=4405&amp;ssl=1 4405w, https:\/\/i0.wp.com\/alpimages.ch\/wp-content\/uploads\/2015\/11\/ALPIMAGES-WEDDINGS-435.jpg?resize=200%2C300&amp;ssl=1 200w, https:\/\/i0.wp.com\/alpimages.ch\/wp-content\/uploads\/2015\/11\/ALPIMAGES-WEDDINGS-435.jpg?resize=683%2C1024&amp;ssl=1 683w, https:\/\/i0.wp.com\/alpimages.ch\/wp-content\/uploads\/2015\/11\/ALPIMAGES-WEDDINGS-435.jpg?resize=100%2C150&amp;ssl=1 100w, https:\/\/i0.wp.com\/alpimages.ch\/wp-content\/uploads\/2015\/11\/ALPIMAGES-WEDDINGS-435.jpg?resize=768%2C1151&amp;ssl=1 768w, https:\/\/i0.wp.com\/alpimages.ch\/wp-content\/uploads\/2015\/11\/ALPIMAGES-WEDDINGS-435.jpg?resize=1025%2C1536&amp;ssl=1 1025w, https:\/\/i0.wp.com\/alpimages.ch\/wp-content\/uploads\/2015\/11\/ALPIMAGES-WEDDINGS-435.jpg?resize=1367%2C2048&amp;ssl=1 1367w, https:\/\/i0.wp.com\/alpimages.ch\/wp-content\/uploads\/2015\/11\/ALPIMAGES-WEDDINGS-435.jpg?resize=317%2C475&amp;ssl=1 317w, https:\/\/i0.wp.com\/alpimages.ch\/wp-content\/uploads\/2015\/11\/ALPIMAGES-WEDDINGS-435.jpg?w=2040&amp;ssl=1 2040w\" width=\"387\" height=\"579\" loading=\"lazy\" data-original-width=\"387\" data-original-height=\"579\" itemprop=\"http:\/\/schema.org\/image\" title=\"ALPIMAGES-WEDDINGS-435\" alt=\"ALPIMAGES-WEDDINGS-435\" style=\"width: 387px; height: 579px;\" \/> <\/a> <\/div> <\/div> <!-- close group --> <\/div> <!-- close row --> <div class=\"gallery-row\" style=\"width: 680px; height: 304px;\" data-original-width=\"680\" data-original-height=\"304\" > <div class=\"gallery-group images-2\" style=\"width: 226px; height: 304px;\" data-original-width=\"226\" data-original-height=\"304\" > <div class=\"tiled-gallery-item tiled-gallery-item-small\" itemprop=\"associatedMedia\" itemscope itemtype=\"http:\/\/schema.org\/ImageObject\"> <a href=\"https:\/\/alpimages.ch\/en\/portfolio\/mariage\/rosinemarekalpimages-37-2\/\" border=\"0\" itemprop=\"url\"> <meta itemprop=\"width\" content=\"222\"> <meta itemprop=\"height\" content=\"148\"> <img decoding=\"async\" class=\"\" data-attachment-id=\"7757\" data-orig-file=\"https:\/\/alpimages.ch\/wp-content\/uploads\/2015\/11\/ROSINEMAREK\u00a9ALPIMAGES-37-2.jpg\" data-orig-size=\"8256,5504\" data-comments-opened=\"\" data-image-meta=\"{&quot;aperture&quot;:&quot;0&quot;,&quot;credit&quot;:&quot;&quot;,&quot;camera&quot;:&quot;&quot;,&quot;caption&quot;:&quot;&quot;,&quot;created_timestamp&quot;:&quot;0&quot;,&quot;copyright&quot;:&quot;&quot;,&quot;focal_length&quot;:&quot;0&quot;,&quot;iso&quot;:&quot;0&quot;,&quot;shutter_speed&quot;:&quot;0&quot;,&quot;title&quot;:&quot;&quot;,&quot;orientation&quot;:&quot;0&quot;}\" data-image-title=\"ROSINE&amp;#038;MAREK\u00a9ALPIMAGES-37-2\" data-image-description=\"\" data-medium-file=\"https:\/\/i0.wp.com\/alpimages.ch\/wp-content\/uploads\/2015\/11\/ROSINEMAREK%C2%A9ALPIMAGES-37-2.jpg?fit=300%2C200&#038;ssl=1\" data-large-file=\"https:\/\/i0.wp.com\/alpimages.ch\/wp-content\/uploads\/2015\/11\/ROSINEMAREK%C2%A9ALPIMAGES-37-2.jpg?fit=680%2C454&#038;ssl=1\" src=\"https:\/\/i0.wp.com\/alpimages.ch\/wp-content\/uploads\/2015\/11\/ROSINEMAREK%C2%A9ALPIMAGES-37-2.jpg?w=222&#038;h=148&#038;ssl=1\" width=\"222\" height=\"148\" loading=\"lazy\" data-original-width=\"222\" data-original-height=\"148\" itemprop=\"http:\/\/schema.org\/image\" title=\"ROSINE&amp;MAREK\u00a9ALPIMAGES-37-2\" alt=\"ROSINE&amp;MAREK\u00a9ALPIMAGES-37-2\" style=\"width: 222px; height: 148px;\" \/> <\/a> <\/div> <div class=\"tiled-gallery-item tiled-gallery-item-small\" itemprop=\"associatedMedia\" itemscope itemtype=\"http:\/\/schema.org\/ImageObject\"> <a href=\"https:\/\/alpimages.ch\/en\/portfolio\/mariage\/rosinemarekalpimages-74\/\" border=\"0\" itemprop=\"url\"> <meta itemprop=\"width\" content=\"222\"> <meta itemprop=\"height\" content=\"148\"> <img decoding=\"async\" class=\"\" data-attachment-id=\"7758\" data-orig-file=\"https:\/\/alpimages.ch\/wp-content\/uploads\/2015\/11\/ROSINEMAREK\u00a9ALPIMAGES-74.jpg\" data-orig-size=\"7360,4912\" data-comments-opened=\"\" data-image-meta=\"{&quot;aperture&quot;:&quot;0&quot;,&quot;credit&quot;:&quot;&quot;,&quot;camera&quot;:&quot;&quot;,&quot;caption&quot;:&quot;&quot;,&quot;created_timestamp&quot;:&quot;0&quot;,&quot;copyright&quot;:&quot;&quot;,&quot;focal_length&quot;:&quot;0&quot;,&quot;iso&quot;:&quot;0&quot;,&quot;shutter_speed&quot;:&quot;0&quot;,&quot;title&quot;:&quot;&quot;,&quot;orientation&quot;:&quot;0&quot;}\" data-image-title=\"ROSINE&amp;#038;MAREK\u00a9ALPIMAGES-74\" data-image-description=\"\" data-medium-file=\"https:\/\/i0.wp.com\/alpimages.ch\/wp-content\/uploads\/2015\/11\/ROSINEMAREK%C2%A9ALPIMAGES-74.jpg?fit=300%2C200&#038;ssl=1\" data-large-file=\"https:\/\/i0.wp.com\/alpimages.ch\/wp-content\/uploads\/2015\/11\/ROSINEMAREK%C2%A9ALPIMAGES-74.jpg?fit=680%2C454&#038;ssl=1\" src=\"https:\/\/i0.wp.com\/alpimages.ch\/wp-content\/uploads\/2015\/11\/ROSINEMAREK%C2%A9ALPIMAGES-74.jpg?w=222&#038;h=148&#038;ssl=1\" width=\"222\" height=\"148\" loading=\"lazy\" data-original-width=\"222\" data-original-height=\"148\" itemprop=\"http:\/\/schema.org\/image\" title=\"ROSINE&amp;MAREK\u00a9ALPIMAGES-74\" alt=\"ROSINE&amp;MAREK\u00a9ALPIMAGES-74\" style=\"width: 222px; height: 148px;\" \/> <\/a> <\/div> <\/div> <!-- close group --> <div class=\"gallery-group images-1\" style=\"width: 454px; height: 304px;\" data-original-width=\"454\" data-original-height=\"304\" > <div class=\"tiled-gallery-item tiled-gallery-item-large\" itemprop=\"associatedMedia\" itemscope itemtype=\"http:\/\/schema.org\/ImageObject\"> <a href=\"https:\/\/alpimages.ch\/en\/portfolio\/mariage\/samnicalpimages-286\/\" border=\"0\" itemprop=\"url\"> <meta itemprop=\"width\" content=\"450\"> <meta itemprop=\"height\" content=\"300\"> <img decoding=\"async\" class=\"\" data-attachment-id=\"7759\" data-orig-file=\"https:\/\/alpimages.ch\/wp-content\/uploads\/2015\/11\/SAMNIC\u00a9ALPIMAGES-286.jpg\" data-orig-size=\"6600,4405\" data-comments-opened=\"\" data-image-meta=\"{&quot;aperture&quot;:&quot;5.6&quot;,&quot;credit&quot;:&quot;&quot;,&quot;camera&quot;:&quot;NIKON D810&quot;,&quot;caption&quot;:&quot;&quot;,&quot;created_timestamp&quot;:&quot;1559934424&quot;,&quot;copyright&quot;:&quot;&quot;,&quot;focal_length&quot;:&quot;50&quot;,&quot;iso&quot;:&quot;320&quot;,&quot;shutter_speed&quot;:&quot;0.000625&quot;,&quot;title&quot;:&quot;&quot;,&quot;orientation&quot;:&quot;0&quot;}\" data-image-title=\"SAM&amp;#038;NIC\u00a9ALPIMAGES-286\" data-image-description=\"\" data-medium-file=\"https:\/\/i0.wp.com\/alpimages.ch\/wp-content\/uploads\/2015\/11\/SAMNIC%C2%A9ALPIMAGES-286.jpg?fit=300%2C200&#038;ssl=1\" data-large-file=\"https:\/\/i0.wp.com\/alpimages.ch\/wp-content\/uploads\/2015\/11\/SAMNIC%C2%A9ALPIMAGES-286.jpg?fit=680%2C454&#038;ssl=1\" src=\"https:\/\/i0.wp.com\/alpimages.ch\/wp-content\/uploads\/2015\/11\/SAMNIC%C2%A9ALPIMAGES-286.jpg?w=450&#038;h=300&#038;ssl=1\" width=\"450\" height=\"300\" loading=\"lazy\" data-original-width=\"450\" data-original-height=\"300\" itemprop=\"http:\/\/schema.org\/image\" title=\"SAM&amp;NIC\u00a9ALPIMAGES-286\" alt=\"SAM&amp;NIC\u00a9ALPIMAGES-286\" style=\"width: 450px; height: 300px;\" \/> <\/a> <\/div> <\/div> <!-- close group --> <\/div> <!-- close row --> <\/div>\n<h6><em>Toutes les images ici pr\u00e9sent\u00e9es sont la propri\u00e9t\u00e9 d&rsquo;Alpimages et prot\u00e9g\u00e9es par la loi n\u00b092-597 du 1er juillet 1992 sur le code de la propri\u00e9t\u00e9 intellectuelle.<\/em><\/h6>","protected":false},"excerpt":{"rendered":"<p>Rendez-vous au magasin pour plus d&rsquo;information ou appelez le +41 27 771 7722. Vous pouvez aussi nous envoyer un email \u00e0 alpimages@verbier.ch Toutes les images ici pr\u00e9sent\u00e9es sont la propri\u00e9t\u00e9 d&rsquo;Alpimages et prot\u00e9g\u00e9es par la loi n\u00b092-597 du 1er juillet 1992 sur le code de la propri\u00e9t\u00e9 intellectuelle.<\/p>","protected":false},"author":1,"featured_media":7461,"comment_status":"closed","ping_status":"closed","template":"","format":"standard","meta":{"ngg_post_thumbnail":0,"footnotes":"","jetpack_publicize_message":"","jetpack_publicize_feature_enabled":true,"jetpack_social_post_already_shared":false,"jetpack_social_options":{"image_generator_settings":{"template":"highway","default_image_id":0,"font":"","enabled":false},"version":2},"_wpas_customize_per_network":false},"jetpack-portfolio-type":[],"jetpack-portfolio-tag":[],"class_list":["post-246","jetpack-portfolio","type-jetpack-portfolio","status-publish","format-standard","has-post-thumbnail","hentry"],"yoast_head":"<!-- This site is optimized with the Yoast SEO plugin v27.4 - https:\/\/yoast.com\/product\/yoast-seo-wordpress\/ -->\n<title>Mariage - Photographes professionnels - Galerie photos &amp; affiches - Verbier<\/title>\n<meta name=\"robots\" content=\"index, follow, max-snippet:-1, max-image-preview:large, max-video-preview:-1\" \/>\n<link rel=\"canonical\" href=\"https:\/\/alpimages.ch\/en\/portfolio\/mariage\/\" \/>\n<meta property=\"og:locale\" content=\"en_US\" \/>\n<meta property=\"og:type\" content=\"article\" \/>\n<meta property=\"og:title\" content=\"Mariage - Photographes professionnels - Galerie photos &amp; affiches - Verbier\" \/>\n<meta property=\"og:description\" content=\"Rendez-vous au magasin pour plus d&rsquo;information ou appelez le +41 27 771 7722. Vous pouvez aussi nous envoyer un email \u00e0 alpimages@verbier.ch Toutes les images ici pr\u00e9sent\u00e9es sont la propri\u00e9t\u00e9 d&rsquo;Alpimages et prot\u00e9g\u00e9es par la loi n\u00b092-597 du 1er juillet 1992 sur le code de la propri\u00e9t\u00e9 intellectuelle.\" \/>\n<meta property=\"og:url\" content=\"https:\/\/alpimages.ch\/en\/portfolio\/mariage\/\" \/>\n<meta property=\"og:site_name\" content=\"Photographes professionnels - Galerie photos &amp; affiches - Verbier\" \/>\n<meta property=\"article:modified_time\" content=\"2021-03-12T13:42:00+00:00\" \/>\n<meta property=\"og:image\" content=\"https:\/\/i1.wp.com\/alpimages.ch\/wp-content\/uploads\/2015\/11\/PontusMaria\u00a9Alpimages-FG-123-2.jpg?fit=1770%2C1181&ssl=1\" \/>\n\t<meta property=\"og:image:width\" content=\"1770\" \/>\n\t<meta property=\"og:image:height\" content=\"1181\" \/>\n\t<meta property=\"og:image:type\" content=\"image\/jpeg\" \/>\n<meta name=\"twitter:card\" content=\"summary_large_image\" \/>\n<script type=\"application\/ld+json\" class=\"yoast-schema-graph\">{\"@context\":\"https:\\\/\\\/schema.org\",\"@graph\":[{\"@type\":\"WebPage\",\"@id\":\"https:\\\/\\\/alpimages.ch\\\/portfolio\\\/mariage\\\/\",\"url\":\"https:\\\/\\\/alpimages.ch\\\/portfolio\\\/mariage\\\/\",\"name\":\"Mariage - Photographes professionnels - Galerie photos &amp; affiches - Verbier\",\"isPartOf\":{\"@id\":\"https:\\\/\\\/alpimages.ch\\\/#website\"},\"primaryImageOfPage\":{\"@id\":\"https:\\\/\\\/alpimages.ch\\\/portfolio\\\/mariage\\\/#primaryimage\"},\"image\":{\"@id\":\"https:\\\/\\\/alpimages.ch\\\/portfolio\\\/mariage\\\/#primaryimage\"},\"thumbnailUrl\":\"https:\\\/\\\/i0.wp.com\\\/alpimages.ch\\\/wp-content\\\/uploads\\\/2015\\\/11\\\/PontusMaria%C2%A9Alpimages-FG-123-2.jpg?fit=1770%2C1181&ssl=1\",\"datePublished\":\"2015-11-05T13:32:24+00:00\",\"dateModified\":\"2021-03-12T13:42:00+00:00\",\"breadcrumb\":{\"@id\":\"https:\\\/\\\/alpimages.ch\\\/portfolio\\\/mariage\\\/#breadcrumb\"},\"inLanguage\":\"en-US\",\"potentialAction\":[{\"@type\":\"ReadAction\",\"target\":[\"https:\\\/\\\/alpimages.ch\\\/portfolio\\\/mariage\\\/\"]}]},{\"@type\":\"ImageObject\",\"inLanguage\":\"en-US\",\"@id\":\"https:\\\/\\\/alpimages.ch\\\/portfolio\\\/mariage\\\/#primaryimage\",\"url\":\"https:\\\/\\\/i0.wp.com\\\/alpimages.ch\\\/wp-content\\\/uploads\\\/2015\\\/11\\\/PontusMaria%C2%A9Alpimages-FG-123-2.jpg?fit=1770%2C1181&ssl=1\",\"contentUrl\":\"https:\\\/\\\/i0.wp.com\\\/alpimages.ch\\\/wp-content\\\/uploads\\\/2015\\\/11\\\/PontusMaria%C2%A9Alpimages-FG-123-2.jpg?fit=1770%2C1181&ssl=1\",\"width\":1770,\"height\":1181},{\"@type\":\"BreadcrumbList\",\"@id\":\"https:\\\/\\\/alpimages.ch\\\/portfolio\\\/mariage\\\/#breadcrumb\",\"itemListElement\":[{\"@type\":\"ListItem\",\"position\":1,\"name\":\"Accueil\",\"item\":\"https:\\\/\\\/alpimages.ch\\\/\"},{\"@type\":\"ListItem\",\"position\":2,\"name\":\"Projets\",\"item\":\"https:\\\/\\\/alpimages.ch\\\/portfolio\\\/\"},{\"@type\":\"ListItem\",\"position\":3,\"name\":\"Mariage\"}]},{\"@type\":\"WebSite\",\"@id\":\"https:\\\/\\\/alpimages.ch\\\/#website\",\"url\":\"https:\\\/\\\/alpimages.ch\\\/\",\"name\":\"Photographes professionnels - Galerie photos &amp; affiches - Verbier\",\"description\":\"Photographes professionnels bas\u00e9s \u00e0 Verbier, nous offrons diff\u00e9rents services comme l&#039;impression photo, l&#039;encadrement, la vente d&#039;affiches et de posters et l&#039;organisation d&#039;\u00e9v\u00e8nements priv\u00e9s.\",\"potentialAction\":[{\"@type\":\"SearchAction\",\"target\":{\"@type\":\"EntryPoint\",\"urlTemplate\":\"https:\\\/\\\/alpimages.ch\\\/?s={search_term_string}\"},\"query-input\":{\"@type\":\"PropertyValueSpecification\",\"valueRequired\":true,\"valueName\":\"search_term_string\"}}],\"inLanguage\":\"en-US\"}]}<\/script>\n<!-- \/ Yoast SEO plugin. -->","yoast_head_json":{"title":"Mariage - Photographes professionnels - Galerie photos &amp; affiches - Verbier","robots":{"index":"index","follow":"follow","max-snippet":"max-snippet:-1","max-image-preview":"max-image-preview:large","max-video-preview":"max-video-preview:-1"},"canonical":"https:\/\/alpimages.ch\/en\/portfolio\/mariage\/","og_locale":"en_US","og_type":"article","og_title":"Mariage - Photographes professionnels - Galerie photos &amp; affiches - Verbier","og_description":"Rendez-vous au magasin pour plus d&rsquo;information ou appelez le +41 27 771 7722. Vous pouvez aussi nous envoyer un email \u00e0 alpimages@verbier.ch Toutes les images ici pr\u00e9sent\u00e9es sont la propri\u00e9t\u00e9 d&rsquo;Alpimages et prot\u00e9g\u00e9es par la loi n\u00b092-597 du 1er juillet 1992 sur le code de la propri\u00e9t\u00e9 intellectuelle.","og_url":"https:\/\/alpimages.ch\/en\/portfolio\/mariage\/","og_site_name":"Photographes professionnels - Galerie photos &amp; affiches - Verbier","article_modified_time":"2021-03-12T13:42:00+00:00","og_image":[{"width":1770,"height":1181,"url":"https:\/\/i1.wp.com\/alpimages.ch\/wp-content\/uploads\/2015\/11\/PontusMaria\u00a9Alpimages-FG-123-2.jpg?fit=1770%2C1181&ssl=1","type":"image\/jpeg"}],"twitter_card":"summary_large_image","schema":{"@context":"https:\/\/schema.org","@graph":[{"@type":"WebPage","@id":"https:\/\/alpimages.ch\/portfolio\/mariage\/","url":"https:\/\/alpimages.ch\/portfolio\/mariage\/","name":"Mariage - Photographes professionnels - Galerie photos &amp; affiches - Verbier","isPartOf":{"@id":"https:\/\/alpimages.ch\/#website"},"primaryImageOfPage":{"@id":"https:\/\/alpimages.ch\/portfolio\/mariage\/#primaryimage"},"image":{"@id":"https:\/\/alpimages.ch\/portfolio\/mariage\/#primaryimage"},"thumbnailUrl":"https:\/\/i0.wp.com\/alpimages.ch\/wp-content\/uploads\/2015\/11\/PontusMaria%C2%A9Alpimages-FG-123-2.jpg?fit=1770%2C1181&ssl=1","datePublished":"2015-11-05T13:32:24+00:00","dateModified":"2021-03-12T13:42:00+00:00","breadcrumb":{"@id":"https:\/\/alpimages.ch\/portfolio\/mariage\/#breadcrumb"},"inLanguage":"en-US","potentialAction":[{"@type":"ReadAction","target":["https:\/\/alpimages.ch\/portfolio\/mariage\/"]}]},{"@type":"ImageObject","inLanguage":"en-US","@id":"https:\/\/alpimages.ch\/portfolio\/mariage\/#primaryimage","url":"https:\/\/i0.wp.com\/alpimages.ch\/wp-content\/uploads\/2015\/11\/PontusMaria%C2%A9Alpimages-FG-123-2.jpg?fit=1770%2C1181&ssl=1","contentUrl":"https:\/\/i0.wp.com\/alpimages.ch\/wp-content\/uploads\/2015\/11\/PontusMaria%C2%A9Alpimages-FG-123-2.jpg?fit=1770%2C1181&ssl=1","width":1770,"height":1181},{"@type":"BreadcrumbList","@id":"https:\/\/alpimages.ch\/portfolio\/mariage\/#breadcrumb","itemListElement":[{"@type":"ListItem","position":1,"name":"Accueil","item":"https:\/\/alpimages.ch\/"},{"@type":"ListItem","position":2,"name":"Projets","item":"https:\/\/alpimages.ch\/portfolio\/"},{"@type":"ListItem","position":3,"name":"Mariage"}]},{"@type":"WebSite","@id":"https:\/\/alpimages.ch\/#website","url":"https:\/\/alpimages.ch\/","name":"Photographes professionnels - Galerie photos &amp; affiches - Verbier","description":"Photographes professionnels bas\u00e9s \u00e0 Verbier, nous offrons diff\u00e9rents services comme l&#039;impression photo, l&#039;encadrement, la vente d&#039;affiches et de posters et l&#039;organisation d&#039;\u00e9v\u00e8nements priv\u00e9s.","potentialAction":[{"@type":"SearchAction","target":{"@type":"EntryPoint","urlTemplate":"https:\/\/alpimages.ch\/?s={search_term_string}"},"query-input":{"@type":"PropertyValueSpecification","valueRequired":true,"valueName":"search_term_string"}}],"inLanguage":"en-US"}]}},"jetpack_publicize_connections":[],"jetpack_sharing_enabled":true,"jetpack_likes_enabled":true,"_links":{"self":[{"href":"https:\/\/alpimages.ch\/en\/wp-json\/wp\/v2\/jetpack-portfolio\/246","targetHints":{"allow":["GET"]}}],"collection":[{"href":"https:\/\/alpimages.ch\/en\/wp-json\/wp\/v2\/jetpack-portfolio"}],"about":[{"href":"https:\/\/alpimages.ch\/en\/wp-json\/wp\/v2\/types\/jetpack-portfolio"}],"author":[{"embeddable":true,"href":"https:\/\/alpimages.ch\/en\/wp-json\/wp\/v2\/users\/1"}],"replies":[{"embeddable":true,"href":"https:\/\/alpimages.ch\/en\/wp-json\/wp\/v2\/comments?post=246"}],"version-history":[{"count":14,"href":"https:\/\/alpimages.ch\/en\/wp-json\/wp\/v2\/jetpack-portfolio\/246\/revisions"}],"predecessor-version":[{"id":7760,"href":"https:\/\/alpimages.ch\/en\/wp-json\/wp\/v2\/jetpack-portfolio\/246\/revisions\/7760"}],"wp:featuredmedia":[{"embeddable":true,"href":"https:\/\/alpimages.ch\/en\/wp-json\/wp\/v2\/media\/7461"}],"wp:attachment":[{"href":"https:\/\/alpimages.ch\/en\/wp-json\/wp\/v2\/media?parent=246"}],"wp:term":[{"taxonomy":"jetpack-portfolio-type","embeddable":true,"href":"https:\/\/alpimages.ch\/en\/wp-json\/wp\/v2\/jetpack-portfolio-type?post=246"},{"taxonomy":"jetpack-portfolio-tag","embeddable":true,"href":"https:\/\/alpimages.ch\/en\/wp-json\/wp\/v2\/jetpack-portfolio-tag?post=246"}],"curies":[{"name":"wp","href":"https:\/\/api.w.org\/{rel}","templated":true}]}}