{"id":538,"date":"2015-11-05T13:35:44","date_gmt":"2015-11-05T13:35:44","guid":{"rendered":"https:\/\/alpimages.ch\/?post_type=jetpack-portfolio&#038;p=538"},"modified":"2026-02-14T16:57:13","modified_gmt":"2026-02-14T16:57:13","slug":"sports-extreme","status":"publish","type":"jetpack-portfolio","link":"https:\/\/alpimages.ch\/en\/portfolio\/sports-extreme\/","title":{"rendered":"Sports &amp; Extr\u00eame"},"content":{"rendered":"<div id=\"middle\" class=\"clearfix\">\n<div id=\"inner\">\n<div id=\"content\" class=\"clearfix full\">\n<p>\u00c0 Verbier, chaque descente, chaque virage, chaque saut raconte une aventure. Et si vous repartiez avec ce souvenir en image ?<\/p>\n<p>Alpimages vous offre une s\u00e9ance photo GRATUITE pour immortaliser vos plus beaux moments sur les pistes.<br \/>\nNotre \u00e9quipe conna\u00eet parfaitement Verbier et ses meilleurs spots pour sublimer vos performances.<\/p>\n<p>Passez nous voir \u00e0 la boutique pour plus d\u2019informations ou appelez-nous au +41 27 771 77 22 afin d\u2019organiser votre s\u00e9ance.<\/p>\n<div class=\"tiled-gallery type-rectangular tiled-gallery-unresized\" data-original-width=\"680\" data-carousel-extra='{&quot;blog_id&quot;:1,&quot;permalink&quot;:&quot;https:\\\/\\\/alpimages.ch\\\/en\\\/portfolio\\\/sports-extreme\\\/&quot;,&quot;likes_blog_id&quot;:83808203}' itemscope itemtype=\"http:\/\/schema.org\/ImageGallery\" > <div class=\"gallery-row\" style=\"width: 680px; height: 298px;\" data-original-width=\"680\" data-original-height=\"298\" > <div class=\"gallery-group images-1\" style=\"width: 444px; height: 298px;\" data-original-width=\"444\" data-original-height=\"298\" > <div class=\"tiled-gallery-item tiled-gallery-item-large\" itemprop=\"associatedMedia\" itemscope itemtype=\"http:\/\/schema.org\/ImageObject\"> <a href=\"https:\/\/alpimages.ch\/en\/portfolio\/sports-extreme\/mtb-verbier_alpimagesverbier-ch_thomas-roulin-8862\/\" border=\"0\" itemprop=\"url\"> <meta itemprop=\"width\" content=\"440\"> <meta itemprop=\"height\" content=\"294\"> <img decoding=\"async\" class=\"\" data-attachment-id=\"7397\" data-orig-file=\"https:\/\/alpimages.ch\/wp-content\/uploads\/2015\/11\/MTB-Verbier\u00a9_alpimages@Verbier.ch_Thomas-Roulin-8862.jpg\" data-orig-size=\"3000,2002\" data-comments-opened=\"\" data-image-meta=\"{&quot;aperture&quot;:&quot;7.1&quot;,&quot;credit&quot;:&quot;&quot;,&quot;camera&quot;:&quot;NIKON D810&quot;,&quot;caption&quot;:&quot;&quot;,&quot;created_timestamp&quot;:&quot;1569581717&quot;,&quot;copyright&quot;:&quot;&quot;,&quot;focal_length&quot;:&quot;55&quot;,&quot;iso&quot;:&quot;320&quot;,&quot;shutter_speed&quot;:&quot;0.0025&quot;,&quot;title&quot;:&quot;&quot;,&quot;orientation&quot;:&quot;0&quot;}\" data-image-title=\"MTB Verbier\u00a9_alpimages@Verbier.ch_Thomas Roulin-8862\" data-image-description=\"\" data-medium-file=\"https:\/\/i0.wp.com\/alpimages.ch\/wp-content\/uploads\/2015\/11\/MTB-Verbier%C2%A9_alpimages%40Verbier.ch_Thomas-Roulin-8862.jpg?fit=300%2C200&#038;ssl=1\" data-large-file=\"https:\/\/i0.wp.com\/alpimages.ch\/wp-content\/uploads\/2015\/11\/MTB-Verbier%C2%A9_alpimages%40Verbier.ch_Thomas-Roulin-8862.jpg?fit=680%2C454&#038;ssl=1\" src=\"https:\/\/i0.wp.com\/alpimages.ch\/wp-content\/uploads\/2015\/11\/MTB-Verbier%C2%A9_alpimages%40Verbier.ch_Thomas-Roulin-8862.jpg?w=440&#038;h=294&#038;ssl=1\" width=\"440\" height=\"294\" loading=\"lazy\" data-original-width=\"440\" data-original-height=\"294\" itemprop=\"http:\/\/schema.org\/image\" title=\"MTB Verbier\u00a9_alpimages@Verbier.ch_Thomas Roulin-8862\" alt=\"MTB Verbier\u00a9_alpimages@Verbier.ch_Thomas Roulin-8862\" style=\"width: 440px; height: 294px;\" \/> <\/a> <\/div> <\/div> <!-- close group --> <div class=\"gallery-group images-2\" style=\"width: 236px; height: 298px;\" data-original-width=\"236\" data-original-height=\"298\" > <div class=\"tiled-gallery-item tiled-gallery-item-small\" itemprop=\"associatedMedia\" itemscope itemtype=\"http:\/\/schema.org\/ImageObject\"> <a href=\"https:\/\/alpimages.ch\/en\/portfolio\/sports-extreme\/alpimages-4117-5\/\" border=\"0\" itemprop=\"url\"> <meta itemprop=\"width\" content=\"232\"> <meta itemprop=\"height\" content=\"135\"> <img decoding=\"async\" class=\"\" data-attachment-id=\"7399\" data-orig-file=\"https:\/\/alpimages.ch\/wp-content\/uploads\/2015\/11\/\u00a9Alpimages-4117-1.jpg\" data-orig-size=\"3543,2064\" data-comments-opened=\"\" data-image-meta=\"{&quot;aperture&quot;:&quot;0&quot;,&quot;credit&quot;:&quot;&quot;,&quot;camera&quot;:&quot;&quot;,&quot;caption&quot;:&quot;&quot;,&quot;created_timestamp&quot;:&quot;0&quot;,&quot;copyright&quot;:&quot;&quot;,&quot;focal_length&quot;:&quot;0&quot;,&quot;iso&quot;:&quot;0&quot;,&quot;shutter_speed&quot;:&quot;0&quot;,&quot;title&quot;:&quot;&quot;,&quot;orientation&quot;:&quot;1&quot;}\" data-image-title=\"\u00a9Alpimages-4117\" data-image-description=\"\" data-medium-file=\"https:\/\/i0.wp.com\/alpimages.ch\/wp-content\/uploads\/2015\/11\/%C2%A9Alpimages-4117-1.jpg?fit=300%2C175&#038;ssl=1\" data-large-file=\"https:\/\/i0.wp.com\/alpimages.ch\/wp-content\/uploads\/2015\/11\/%C2%A9Alpimages-4117-1.jpg?fit=680%2C396&#038;ssl=1\" src=\"https:\/\/i0.wp.com\/alpimages.ch\/wp-content\/uploads\/2015\/11\/%C2%A9Alpimages-4117-1.jpg?w=232&#038;h=135&#038;ssl=1\" width=\"232\" height=\"135\" loading=\"lazy\" data-original-width=\"232\" data-original-height=\"135\" itemprop=\"http:\/\/schema.org\/image\" title=\"\u00a9Alpimages-4117\" alt=\"\u00a9Alpimages-4117\" style=\"width: 232px; height: 135px;\" \/> <\/a> <\/div> <div class=\"tiled-gallery-item tiled-gallery-item-small\" itemprop=\"associatedMedia\" itemscope itemtype=\"http:\/\/schema.org\/ImageObject\"> <a href=\"https:\/\/alpimages.ch\/en\/portfolio\/sports-extreme\/copyright-alpimagesverbier-ch-2435\/\" border=\"0\" itemprop=\"url\"> <meta itemprop=\"width\" content=\"232\"> <meta itemprop=\"height\" content=\"155\"> <img decoding=\"async\" class=\"\" data-attachment-id=\"7396\" data-orig-file=\"https:\/\/alpimages.ch\/wp-content\/uploads\/2015\/11\/Copyright-Alpimages@verbier.ch-2435.jpg\" data-orig-size=\"6000,4000\" data-comments-opened=\"\" data-image-meta=\"{&quot;aperture&quot;:&quot;4&quot;,&quot;credit&quot;:&quot;&quot;,&quot;camera&quot;:&quot;NIKON D5&quot;,&quot;caption&quot;:&quot;&quot;,&quot;created_timestamp&quot;:&quot;1558807643&quot;,&quot;copyright&quot;:&quot;&quot;,&quot;focal_length&quot;:&quot;300&quot;,&quot;iso&quot;:&quot;1600&quot;,&quot;shutter_speed&quot;:&quot;0.000625&quot;,&quot;title&quot;:&quot;&quot;,&quot;orientation&quot;:&quot;0&quot;}\" data-image-title=\"Copyright-Alpimages@verbier.ch-2435\" data-image-description=\"\" data-medium-file=\"https:\/\/i0.wp.com\/alpimages.ch\/wp-content\/uploads\/2015\/11\/Copyright-Alpimages%40verbier.ch-2435.jpg?fit=300%2C200&#038;ssl=1\" data-large-file=\"https:\/\/i0.wp.com\/alpimages.ch\/wp-content\/uploads\/2015\/11\/Copyright-Alpimages%40verbier.ch-2435.jpg?fit=680%2C454&#038;ssl=1\" src=\"https:\/\/i0.wp.com\/alpimages.ch\/wp-content\/uploads\/2015\/11\/Copyright-Alpimages%40verbier.ch-2435.jpg?w=232&#038;h=155&#038;ssl=1\" width=\"232\" height=\"155\" loading=\"lazy\" data-original-width=\"232\" data-original-height=\"155\" itemprop=\"http:\/\/schema.org\/image\" title=\"Copyright-Alpimages@verbier.ch-2435\" alt=\"Copyright-Alpimages@verbier.ch-2435\" style=\"width: 232px; height: 155px;\" \/> <\/a> <\/div> <\/div> <!-- close group --> <\/div> <!-- close row --> <div class=\"gallery-row\" style=\"width: 680px; height: 315px;\" data-original-width=\"680\" data-original-height=\"315\" > <div class=\"gallery-group images-1\" style=\"width: 472px; height: 315px;\" data-original-width=\"472\" data-original-height=\"315\" > <div class=\"tiled-gallery-item tiled-gallery-item-large\" itemprop=\"associatedMedia\" itemscope itemtype=\"http:\/\/schema.org\/ImageObject\"> <a href=\"https:\/\/alpimages.ch\/en\/photographie-sport\/tom_0172-1-2\/\" border=\"0\" itemprop=\"url\"> <meta itemprop=\"width\" content=\"468\"> <meta itemprop=\"height\" content=\"311\"> <img decoding=\"async\" class=\"\" data-attachment-id=\"479\" data-orig-file=\"https:\/\/alpimages.ch\/wp-content\/uploads\/2015\/11\/tom_0172-1.jpg\" data-orig-size=\"1181,786\" data-comments-opened=\"\" data-image-meta=\"{&quot;aperture&quot;:&quot;8&quot;,&quot;credit&quot;:&quot;THOMAS ROULIN&quot;,&quot;camera&quot;:&quot;NIKON D3&quot;,&quot;caption&quot;:&quot;&quot;,&quot;created_timestamp&quot;:&quot;1268932379&quot;,&quot;copyright&quot;:&quot;ALL RESERVEDD@D&quot;,&quot;focal_length&quot;:&quot;16&quot;,&quot;iso&quot;:&quot;320&quot;,&quot;shutter_speed&quot;:&quot;0.0015625&quot;,&quot;title&quot;:&quot;&quot;,&quot;orientation&quot;:&quot;1&quot;}\" data-image-title=\"\" data-image-description=\"\" data-medium-file=\"https:\/\/i0.wp.com\/alpimages.ch\/wp-content\/uploads\/2015\/11\/tom_0172-1.jpg?fit=300%2C200&#038;ssl=1\" data-large-file=\"https:\/\/i0.wp.com\/alpimages.ch\/wp-content\/uploads\/2015\/11\/tom_0172-1.jpg?fit=680%2C453&#038;ssl=1\" src=\"https:\/\/i0.wp.com\/alpimages.ch\/wp-content\/uploads\/2015\/11\/tom_0172-1.jpg?w=468&#038;h=311&#038;ssl=1\" width=\"468\" height=\"311\" loading=\"lazy\" data-original-width=\"468\" data-original-height=\"311\" itemprop=\"http:\/\/schema.org\/image\" title=\"\" alt=\"\" style=\"width: 468px; height: 311px;\" \/> <\/a> <\/div> <\/div> <!-- close group --> <div class=\"gallery-group images-1\" style=\"width: 208px; height: 315px;\" data-original-width=\"208\" data-original-height=\"315\" > <div class=\"tiled-gallery-item tiled-gallery-item-small\" itemprop=\"associatedMedia\" itemscope itemtype=\"http:\/\/schema.org\/ImageObject\"> <a href=\"https:\/\/alpimages.ch\/en\/photographie-sport\/tom_0186-3-2\/\" border=\"0\" itemprop=\"url\"> <meta itemprop=\"width\" content=\"204\"> <meta itemprop=\"height\" content=\"311\"> <img decoding=\"async\" class=\"\" data-attachment-id=\"480\" data-orig-file=\"https:\/\/alpimages.ch\/wp-content\/uploads\/2015\/11\/tom_0186-3.jpg\" data-orig-size=\"1161,1772\" data-comments-opened=\"\" data-image-meta=\"{&quot;aperture&quot;:&quot;7.1&quot;,&quot;credit&quot;:&quot;&quot;,&quot;camera&quot;:&quot;NIKON D3&quot;,&quot;caption&quot;:&quot;&quot;,&quot;created_timestamp&quot;:&quot;1333200738&quot;,&quot;copyright&quot;:&quot;&quot;,&quot;focal_length&quot;:&quot;24&quot;,&quot;iso&quot;:&quot;250&quot;,&quot;shutter_speed&quot;:&quot;0.0008&quot;,&quot;title&quot;:&quot;&quot;,&quot;orientation&quot;:&quot;0&quot;}\" data-image-title=\"\" data-image-description=\"\" data-medium-file=\"https:\/\/i0.wp.com\/alpimages.ch\/wp-content\/uploads\/2015\/11\/tom_0186-3.jpg?fit=197%2C300&#038;ssl=1\" data-large-file=\"https:\/\/i0.wp.com\/alpimages.ch\/wp-content\/uploads\/2015\/11\/tom_0186-3.jpg?fit=671%2C1024&#038;ssl=1\" src=\"https:\/\/i0.wp.com\/alpimages.ch\/wp-content\/uploads\/2015\/11\/tom_0186-3.jpg?w=204&#038;h=311&#038;ssl=1\" width=\"204\" height=\"311\" loading=\"lazy\" data-original-width=\"204\" data-original-height=\"311\" itemprop=\"http:\/\/schema.org\/image\" title=\"\" alt=\"\" style=\"width: 204px; height: 311px;\" \/> <\/a> <\/div> <\/div> <!-- close group --> <\/div> <!-- close row --> <div class=\"gallery-row\" style=\"width: 680px; height: 314px;\" data-original-width=\"680\" data-original-height=\"314\" > <div class=\"gallery-group images-1\" style=\"width: 469px; height: 314px;\" data-original-width=\"469\" data-original-height=\"314\" > <div class=\"tiled-gallery-item tiled-gallery-item-large\" itemprop=\"associatedMedia\" itemscope itemtype=\"http:\/\/schema.org\/ImageObject\"> <a href=\"https:\/\/alpimages.ch\/en\/photographie-sport\/dsc_0097\/\" border=\"0\" itemprop=\"url\"> <meta itemprop=\"width\" content=\"465\"> <meta itemprop=\"height\" content=\"310\"> <img decoding=\"async\" class=\"\" data-attachment-id=\"476\" data-orig-file=\"https:\/\/alpimages.ch\/wp-content\/uploads\/2015\/11\/dsc_0097.jpg\" data-orig-size=\"4256,2832\" data-comments-opened=\"\" data-image-meta=\"{&quot;aperture&quot;:&quot;9&quot;,&quot;credit&quot;:&quot;MAJID\\\/BOUKAMEL&quot;,&quot;camera&quot;:&quot;NIKON D700&quot;,&quot;caption&quot;:&quot;&quot;,&quot;created_timestamp&quot;:&quot;1328699381&quot;,&quot;copyright&quot;:&quot;ALPIMAGES-VERBIER&quot;,&quot;focal_length&quot;:&quot;72&quot;,&quot;iso&quot;:&quot;640&quot;,&quot;shutter_speed&quot;:&quot;0.001&quot;,&quot;title&quot;:&quot;&quot;,&quot;orientation&quot;:&quot;0&quot;}\" data-image-title=\"\" data-image-description=\"\" data-medium-file=\"https:\/\/i0.wp.com\/alpimages.ch\/wp-content\/uploads\/2015\/11\/dsc_0097.jpg?fit=300%2C200&#038;ssl=1\" data-large-file=\"https:\/\/i0.wp.com\/alpimages.ch\/wp-content\/uploads\/2015\/11\/dsc_0097.jpg?fit=680%2C452&#038;ssl=1\" src=\"https:\/\/i0.wp.com\/alpimages.ch\/wp-content\/uploads\/2015\/11\/dsc_0097.jpg?w=465&#038;h=310&#038;ssl=1\" width=\"465\" height=\"310\" loading=\"lazy\" data-original-width=\"465\" data-original-height=\"310\" itemprop=\"http:\/\/schema.org\/image\" title=\"\" alt=\"\" style=\"width: 465px; height: 310px;\" \/> <\/a> <\/div> <\/div> <!-- close group --> <div class=\"gallery-group images-1\" style=\"width: 211px; height: 314px;\" data-original-width=\"211\" data-original-height=\"314\" > <div class=\"tiled-gallery-item tiled-gallery-item-small\" itemprop=\"associatedMedia\" itemscope itemtype=\"http:\/\/schema.org\/ImageObject\"> <a href=\"https:\/\/alpimages.ch\/en\/photographie-sport\/alpimages-2882\/\" border=\"0\" itemprop=\"url\"> <meta itemprop=\"width\" content=\"207\"> <meta itemprop=\"height\" content=\"310\"> <img decoding=\"async\" class=\"\" data-attachment-id=\"473\" data-orig-file=\"https:\/\/alpimages.ch\/wp-content\/uploads\/2015\/11\/c2a9alpimages-2882.jpg\" data-orig-size=\"2365,3543\" data-comments-opened=\"\" data-image-meta=\"{&quot;aperture&quot;:&quot;0&quot;,&quot;credit&quot;:&quot;&quot;,&quot;camera&quot;:&quot;&quot;,&quot;caption&quot;:&quot;&quot;,&quot;created_timestamp&quot;:&quot;0&quot;,&quot;copyright&quot;:&quot;&quot;,&quot;focal_length&quot;:&quot;0&quot;,&quot;iso&quot;:&quot;0&quot;,&quot;shutter_speed&quot;:&quot;0&quot;,&quot;title&quot;:&quot;&quot;,&quot;orientation&quot;:&quot;0&quot;}\" data-image-title=\"\" data-image-description=\"\" data-medium-file=\"https:\/\/i0.wp.com\/alpimages.ch\/wp-content\/uploads\/2015\/11\/c2a9alpimages-2882.jpg?fit=200%2C300&#038;ssl=1\" data-large-file=\"https:\/\/i0.wp.com\/alpimages.ch\/wp-content\/uploads\/2015\/11\/c2a9alpimages-2882.jpg?fit=680%2C1019&#038;ssl=1\" src=\"https:\/\/i0.wp.com\/alpimages.ch\/wp-content\/uploads\/2015\/11\/c2a9alpimages-2882.jpg?w=207&#038;h=310&#038;ssl=1\" width=\"207\" height=\"310\" loading=\"lazy\" data-original-width=\"207\" data-original-height=\"310\" itemprop=\"http:\/\/schema.org\/image\" title=\"\" alt=\"\" style=\"width: 207px; height: 310px;\" \/> <\/a> <\/div> <\/div> <!-- close group --> <\/div> <!-- close row --> <div class=\"gallery-row\" style=\"width: 680px; height: 410px;\" data-original-width=\"680\" data-original-height=\"410\" > <div class=\"gallery-group images-3\" style=\"width: 203px; height: 410px;\" data-original-width=\"203\" data-original-height=\"410\" > <div class=\"tiled-gallery-item tiled-gallery-item-small\" itemprop=\"associatedMedia\" itemscope itemtype=\"http:\/\/schema.org\/ImageObject\"> <a href=\"https:\/\/alpimages.ch\/en\/portfolio\/sports-extreme\/_tom2135-copie\/\" border=\"0\" itemprop=\"url\"> <meta itemprop=\"width\" content=\"199\"> <meta itemprop=\"height\" content=\"133\"> <img decoding=\"async\" class=\"\" data-attachment-id=\"7735\" data-orig-file=\"https:\/\/alpimages.ch\/wp-content\/uploads\/2015\/11\/TOM2135-copie.jpg\" data-orig-size=\"7360,4912\" data-comments-opened=\"\" data-image-meta=\"{&quot;aperture&quot;:&quot;8&quot;,&quot;credit&quot;:&quot;&quot;,&quot;camera&quot;:&quot;NIKON D810&quot;,&quot;caption&quot;:&quot;&quot;,&quot;created_timestamp&quot;:&quot;1567089274&quot;,&quot;copyright&quot;:&quot;&quot;,&quot;focal_length&quot;:&quot;35&quot;,&quot;iso&quot;:&quot;100&quot;,&quot;shutter_speed&quot;:&quot;0.004&quot;,&quot;title&quot;:&quot;&quot;,&quot;orientation&quot;:&quot;1&quot;}\" data-image-title=\"_TOM2135 copie\" data-image-description=\"\" data-medium-file=\"https:\/\/i0.wp.com\/alpimages.ch\/wp-content\/uploads\/2015\/11\/TOM2135-copie.jpg?fit=300%2C200&#038;ssl=1\" data-large-file=\"https:\/\/i0.wp.com\/alpimages.ch\/wp-content\/uploads\/2015\/11\/TOM2135-copie.jpg?fit=680%2C454&#038;ssl=1\" src=\"https:\/\/i0.wp.com\/alpimages.ch\/wp-content\/uploads\/2015\/11\/TOM2135-copie.jpg?w=199&#038;h=133&#038;ssl=1\" srcset=\"https:\/\/i0.wp.com\/alpimages.ch\/wp-content\/uploads\/2015\/11\/TOM2135-copie.jpg?w=7360&amp;ssl=1 7360w, https:\/\/i0.wp.com\/alpimages.ch\/wp-content\/uploads\/2015\/11\/TOM2135-copie.jpg?resize=300%2C200&amp;ssl=1 300w, https:\/\/i0.wp.com\/alpimages.ch\/wp-content\/uploads\/2015\/11\/TOM2135-copie.jpg?resize=1024%2C683&amp;ssl=1 1024w, https:\/\/i0.wp.com\/alpimages.ch\/wp-content\/uploads\/2015\/11\/TOM2135-copie.jpg?resize=150%2C100&amp;ssl=1 150w, https:\/\/i0.wp.com\/alpimages.ch\/wp-content\/uploads\/2015\/11\/TOM2135-copie.jpg?resize=768%2C513&amp;ssl=1 768w, https:\/\/i0.wp.com\/alpimages.ch\/wp-content\/uploads\/2015\/11\/TOM2135-copie.jpg?resize=1536%2C1025&amp;ssl=1 1536w, https:\/\/i0.wp.com\/alpimages.ch\/wp-content\/uploads\/2015\/11\/TOM2135-copie.jpg?resize=2048%2C1367&amp;ssl=1 2048w, https:\/\/i0.wp.com\/alpimages.ch\/wp-content\/uploads\/2015\/11\/TOM2135-copie.jpg?resize=317%2C212&amp;ssl=1 317w, https:\/\/i0.wp.com\/alpimages.ch\/wp-content\/uploads\/2015\/11\/TOM2135-copie.jpg?w=1360&amp;ssl=1 1360w\" width=\"199\" height=\"133\" loading=\"lazy\" data-original-width=\"199\" data-original-height=\"133\" itemprop=\"http:\/\/schema.org\/image\" title=\"_TOM2135 copie\" alt=\"_TOM2135 copie\" style=\"width: 199px; height: 133px;\" \/> <\/a> <\/div> <div class=\"tiled-gallery-item tiled-gallery-item-small\" itemprop=\"associatedMedia\" itemscope itemtype=\"http:\/\/schema.org\/ImageObject\"> <a href=\"https:\/\/alpimages.ch\/en\/photographie-sport\/tom_4836\/\" border=\"0\" itemprop=\"url\"> <meta itemprop=\"width\" content=\"199\"> <meta itemprop=\"height\" content=\"133\"> <img decoding=\"async\" class=\"\" data-attachment-id=\"483\" data-orig-file=\"https:\/\/alpimages.ch\/wp-content\/uploads\/2015\/11\/tom_4836.jpg\" data-orig-size=\"3543,2365\" data-comments-opened=\"\" data-image-meta=\"{&quot;aperture&quot;:&quot;8&quot;,&quot;credit&quot;:&quot;&quot;,&quot;camera&quot;:&quot;NIKON D800&quot;,&quot;caption&quot;:&quot;&quot;,&quot;created_timestamp&quot;:&quot;1437906333&quot;,&quot;copyright&quot;:&quot;&quot;,&quot;focal_length&quot;:&quot;116&quot;,&quot;iso&quot;:&quot;400&quot;,&quot;shutter_speed&quot;:&quot;0.00125&quot;,&quot;title&quot;:&quot;&quot;,&quot;orientation&quot;:&quot;0&quot;}\" data-image-title=\"\" data-image-description=\"\" data-medium-file=\"https:\/\/i0.wp.com\/alpimages.ch\/wp-content\/uploads\/2015\/11\/tom_4836.jpg?fit=300%2C200&#038;ssl=1\" data-large-file=\"https:\/\/i0.wp.com\/alpimages.ch\/wp-content\/uploads\/2015\/11\/tom_4836.jpg?fit=680%2C454&#038;ssl=1\" src=\"https:\/\/i0.wp.com\/alpimages.ch\/wp-content\/uploads\/2015\/11\/tom_4836.jpg?w=199&#038;h=133&#038;ssl=1\" width=\"199\" height=\"133\" loading=\"lazy\" data-original-width=\"199\" data-original-height=\"133\" itemprop=\"http:\/\/schema.org\/image\" title=\"\" alt=\"\" style=\"width: 199px; height: 133px;\" \/> <\/a> <\/div> <div class=\"tiled-gallery-item tiled-gallery-item-small\" itemprop=\"associatedMedia\" itemscope itemtype=\"http:\/\/schema.org\/ImageObject\"> <a href=\"https:\/\/alpimages.ch\/en\/photographie-sport\/alpimages-3\/\" border=\"0\" itemprop=\"url\"> <meta itemprop=\"width\" content=\"199\"> <meta itemprop=\"height\" content=\"132\"> <img decoding=\"async\" class=\"\" data-attachment-id=\"1831\" data-orig-file=\"https:\/\/alpimages.ch\/wp-content\/uploads\/2018\/11\/ALPIMAGES-3.jpg\" data-orig-size=\"7200,4805\" data-comments-opened=\"\" data-image-meta=\"{&quot;aperture&quot;:&quot;4&quot;,&quot;credit&quot;:&quot;&quot;,&quot;camera&quot;:&quot;NIKON D810&quot;,&quot;caption&quot;:&quot;&quot;,&quot;created_timestamp&quot;:&quot;1523085877&quot;,&quot;copyright&quot;:&quot;&quot;,&quot;focal_length&quot;:&quot;40&quot;,&quot;iso&quot;:&quot;200&quot;,&quot;shutter_speed&quot;:&quot;0.0015625&quot;,&quot;title&quot;:&quot;&quot;,&quot;orientation&quot;:&quot;1&quot;}\" data-image-title=\"ALPIMAGES-3\" data-image-description=\"\" data-medium-file=\"https:\/\/i0.wp.com\/alpimages.ch\/wp-content\/uploads\/2018\/11\/ALPIMAGES-3.jpg?fit=300%2C200&#038;ssl=1\" data-large-file=\"https:\/\/i0.wp.com\/alpimages.ch\/wp-content\/uploads\/2018\/11\/ALPIMAGES-3.jpg?fit=680%2C454&#038;ssl=1\" src=\"https:\/\/i0.wp.com\/alpimages.ch\/wp-content\/uploads\/2018\/11\/ALPIMAGES-3.jpg?w=199&#038;h=132&#038;ssl=1\" srcset=\"https:\/\/i0.wp.com\/alpimages.ch\/wp-content\/uploads\/2018\/11\/ALPIMAGES-3.jpg?w=7200&amp;ssl=1 7200w, https:\/\/i0.wp.com\/alpimages.ch\/wp-content\/uploads\/2018\/11\/ALPIMAGES-3.jpg?resize=150%2C100&amp;ssl=1 150w, https:\/\/i0.wp.com\/alpimages.ch\/wp-content\/uploads\/2018\/11\/ALPIMAGES-3.jpg?resize=300%2C200&amp;ssl=1 300w, https:\/\/i0.wp.com\/alpimages.ch\/wp-content\/uploads\/2018\/11\/ALPIMAGES-3.jpg?resize=768%2C513&amp;ssl=1 768w, https:\/\/i0.wp.com\/alpimages.ch\/wp-content\/uploads\/2018\/11\/ALPIMAGES-3.jpg?resize=1024%2C683&amp;ssl=1 1024w, https:\/\/i0.wp.com\/alpimages.ch\/wp-content\/uploads\/2018\/11\/ALPIMAGES-3.jpg?resize=317%2C212&amp;ssl=1 317w, https:\/\/i0.wp.com\/alpimages.ch\/wp-content\/uploads\/2018\/11\/ALPIMAGES-3.jpg?w=1360&amp;ssl=1 1360w, https:\/\/i0.wp.com\/alpimages.ch\/wp-content\/uploads\/2018\/11\/ALPIMAGES-3.jpg?w=2040&amp;ssl=1 2040w\" width=\"199\" height=\"132\" loading=\"lazy\" data-original-width=\"199\" data-original-height=\"132\" itemprop=\"http:\/\/schema.org\/image\" title=\"ALPIMAGES-3\" alt=\"ALPIMAGES-3\" style=\"width: 199px; height: 132px;\" \/> <\/a> <\/div> <\/div> <!-- close group --> <div class=\"gallery-group images-1\" style=\"width: 274px; height: 410px;\" data-original-width=\"274\" data-original-height=\"410\" > <div class=\"tiled-gallery-item tiled-gallery-item-large\" itemprop=\"associatedMedia\" itemscope itemtype=\"http:\/\/schema.org\/ImageObject\"> <a href=\"https:\/\/alpimages.ch\/en\/photographie-sport\/fab_0346\/\" border=\"0\" itemprop=\"url\"> <meta itemprop=\"width\" content=\"270\"> <meta itemprop=\"height\" content=\"406\"> <img decoding=\"async\" class=\"\" data-attachment-id=\"477\" data-orig-file=\"https:\/\/alpimages.ch\/wp-content\/uploads\/2015\/11\/fab_0346.jpg\" data-orig-size=\"2358,3543\" data-comments-opened=\"\" data-image-meta=\"{&quot;aperture&quot;:&quot;14&quot;,&quot;credit&quot;:&quot;MAJID\\\/BOUKAMEL&quot;,&quot;camera&quot;:&quot;NIKON D700&quot;,&quot;caption&quot;:&quot;&quot;,&quot;created_timestamp&quot;:&quot;1363697670&quot;,&quot;copyright&quot;:&quot;ALPIMAGES-VERBIER&quot;,&quot;focal_length&quot;:&quot;16&quot;,&quot;iso&quot;:&quot;500&quot;,&quot;shutter_speed&quot;:&quot;0.0015625&quot;,&quot;title&quot;:&quot;&quot;,&quot;orientation&quot;:&quot;0&quot;}\" data-image-title=\"\" data-image-description=\"\" data-medium-file=\"https:\/\/i0.wp.com\/alpimages.ch\/wp-content\/uploads\/2015\/11\/fab_0346.jpg?fit=200%2C300&#038;ssl=1\" data-large-file=\"https:\/\/i0.wp.com\/alpimages.ch\/wp-content\/uploads\/2015\/11\/fab_0346.jpg?fit=680%2C1022&#038;ssl=1\" src=\"https:\/\/i0.wp.com\/alpimages.ch\/wp-content\/uploads\/2015\/11\/fab_0346.jpg?w=270&#038;h=406&#038;ssl=1\" width=\"270\" height=\"406\" loading=\"lazy\" data-original-width=\"270\" data-original-height=\"406\" itemprop=\"http:\/\/schema.org\/image\" title=\"\" alt=\"\" style=\"width: 270px; height: 406px;\" \/> <\/a> <\/div> <\/div> <!-- close group --> <div class=\"gallery-group images-3\" style=\"width: 203px; height: 410px;\" data-original-width=\"203\" data-original-height=\"410\" > <div class=\"tiled-gallery-item tiled-gallery-item-small\" itemprop=\"associatedMedia\" itemscope itemtype=\"http:\/\/schema.org\/ImageObject\"> <a href=\"https:\/\/alpimages.ch\/en\/photographie-sport\/alpimages-2715\/\" border=\"0\" itemprop=\"url\"> <meta itemprop=\"width\" content=\"199\"> <meta itemprop=\"height\" content=\"133\"> <img decoding=\"async\" class=\"\" data-attachment-id=\"471\" data-orig-file=\"https:\/\/alpimages.ch\/wp-content\/uploads\/2015\/11\/c2a9alpimages-2715.jpg\" data-orig-size=\"3543,2365\" data-comments-opened=\"\" data-image-meta=\"{&quot;aperture&quot;:&quot;0&quot;,&quot;credit&quot;:&quot;&quot;,&quot;camera&quot;:&quot;&quot;,&quot;caption&quot;:&quot;&quot;,&quot;created_timestamp&quot;:&quot;0&quot;,&quot;copyright&quot;:&quot;&quot;,&quot;focal_length&quot;:&quot;0&quot;,&quot;iso&quot;:&quot;0&quot;,&quot;shutter_speed&quot;:&quot;0&quot;,&quot;title&quot;:&quot;&quot;,&quot;orientation&quot;:&quot;0&quot;}\" data-image-title=\"\u00a9Alpimages-2715\" data-image-description=\"\" data-medium-file=\"https:\/\/i0.wp.com\/alpimages.ch\/wp-content\/uploads\/2015\/11\/c2a9alpimages-2715.jpg?fit=300%2C200&#038;ssl=1\" data-large-file=\"https:\/\/i0.wp.com\/alpimages.ch\/wp-content\/uploads\/2015\/11\/c2a9alpimages-2715.jpg?fit=680%2C454&#038;ssl=1\" src=\"https:\/\/i0.wp.com\/alpimages.ch\/wp-content\/uploads\/2015\/11\/c2a9alpimages-2715.jpg?w=199&#038;h=133&#038;ssl=1\" width=\"199\" height=\"133\" loading=\"lazy\" data-original-width=\"199\" data-original-height=\"133\" itemprop=\"http:\/\/schema.org\/image\" title=\"\u00a9Alpimages-2715\" alt=\"\u00a9Alpimages-2715\" style=\"width: 199px; height: 133px;\" \/> <\/a> <\/div> <div class=\"tiled-gallery-item tiled-gallery-item-small\" itemprop=\"associatedMedia\" itemscope itemtype=\"http:\/\/schema.org\/ImageObject\"> <a href=\"https:\/\/alpimages.ch\/en\/portfolio\/sports-extreme\/tom_1567\/\" border=\"0\" itemprop=\"url\"> <meta itemprop=\"width\" content=\"199\"> <meta itemprop=\"height\" content=\"133\"> <img decoding=\"async\" class=\"\" data-attachment-id=\"750\" data-orig-file=\"https:\/\/alpimages.ch\/wp-content\/uploads\/2015\/11\/tom_1567.jpg\" data-orig-size=\"9000,6007\" data-comments-opened=\"\" data-image-meta=\"{&quot;aperture&quot;:&quot;0&quot;,&quot;credit&quot;:&quot;&quot;,&quot;camera&quot;:&quot;&quot;,&quot;caption&quot;:&quot;&quot;,&quot;created_timestamp&quot;:&quot;0&quot;,&quot;copyright&quot;:&quot;&quot;,&quot;focal_length&quot;:&quot;0&quot;,&quot;iso&quot;:&quot;0&quot;,&quot;shutter_speed&quot;:&quot;0&quot;,&quot;title&quot;:&quot;&quot;,&quot;orientation&quot;:&quot;0&quot;}\" data-image-title=\"TOM_1567\" data-image-description=\"\" data-medium-file=\"https:\/\/i0.wp.com\/alpimages.ch\/wp-content\/uploads\/2015\/11\/tom_1567.jpg?fit=300%2C200&#038;ssl=1\" data-large-file=\"https:\/\/i0.wp.com\/alpimages.ch\/wp-content\/uploads\/2015\/11\/tom_1567.jpg?fit=680%2C454&#038;ssl=1\" src=\"https:\/\/i0.wp.com\/alpimages.ch\/wp-content\/uploads\/2015\/11\/tom_1567.jpg?w=199&#038;h=133&#038;ssl=1\" width=\"199\" height=\"133\" loading=\"lazy\" data-original-width=\"199\" data-original-height=\"133\" itemprop=\"http:\/\/schema.org\/image\" title=\"TOM_1567\" alt=\"TOM_1567\" style=\"width: 199px; height: 133px;\" \/> <\/a> <\/div> <div class=\"tiled-gallery-item tiled-gallery-item-small\" itemprop=\"associatedMedia\" itemscope itemtype=\"http:\/\/schema.org\/ImageObject\"> <a href=\"https:\/\/alpimages.ch\/en\/portfolio\/sports-extreme\/alpimagesthomas-roulin-0056-2\/\" border=\"0\" itemprop=\"url\"> <meta itemprop=\"width\" content=\"199\"> <meta itemprop=\"height\" content=\"132\"> <img decoding=\"async\" class=\"\" data-attachment-id=\"754\" data-orig-file=\"https:\/\/alpimages.ch\/wp-content\/uploads\/2015\/11\/alpimagesc2a9thomas-roulin-0056-2.jpg\" data-orig-size=\"9000,6007\" data-comments-opened=\"\" data-image-meta=\"{&quot;aperture&quot;:&quot;0&quot;,&quot;credit&quot;:&quot;&quot;,&quot;camera&quot;:&quot;&quot;,&quot;caption&quot;:&quot;&quot;,&quot;created_timestamp&quot;:&quot;0&quot;,&quot;copyright&quot;:&quot;&quot;,&quot;focal_length&quot;:&quot;0&quot;,&quot;iso&quot;:&quot;0&quot;,&quot;shutter_speed&quot;:&quot;0&quot;,&quot;title&quot;:&quot;&quot;,&quot;orientation&quot;:&quot;0&quot;}\" data-image-title=\"Alpimages\u00a9Thomas Roulin-0056-2\" data-image-description=\"\" data-medium-file=\"https:\/\/i0.wp.com\/alpimages.ch\/wp-content\/uploads\/2015\/11\/alpimagesc2a9thomas-roulin-0056-2.jpg?fit=300%2C200&#038;ssl=1\" data-large-file=\"https:\/\/i0.wp.com\/alpimages.ch\/wp-content\/uploads\/2015\/11\/alpimagesc2a9thomas-roulin-0056-2.jpg?fit=680%2C454&#038;ssl=1\" src=\"https:\/\/i0.wp.com\/alpimages.ch\/wp-content\/uploads\/2015\/11\/alpimagesc2a9thomas-roulin-0056-2.jpg?w=199&#038;h=132&#038;ssl=1\" width=\"199\" height=\"132\" loading=\"lazy\" data-original-width=\"199\" data-original-height=\"132\" itemprop=\"http:\/\/schema.org\/image\" title=\"Alpimages\u00a9Thomas Roulin-0056-2\" alt=\"Alpimages\u00a9Thomas Roulin-0056-2\" style=\"width: 199px; height: 132px;\" \/> <\/a> <\/div> <\/div> <!-- close group --> <\/div> <!-- close row --> <div class=\"gallery-row\" style=\"width: 680px; height: 584px;\" data-original-width=\"680\" data-original-height=\"584\" > <div class=\"gallery-group images-1\" style=\"width: 390px; height: 584px;\" data-original-width=\"390\" data-original-height=\"584\" > <div class=\"tiled-gallery-item tiled-gallery-item-large\" itemprop=\"associatedMedia\" itemscope itemtype=\"http:\/\/schema.org\/ImageObject\"> <a href=\"https:\/\/alpimages.ch\/en\/portfolio\/sports-extreme\/_dsc5459\/\" border=\"0\" itemprop=\"url\"> <meta itemprop=\"width\" content=\"386\"> <meta itemprop=\"height\" content=\"580\"> <img decoding=\"async\" class=\"\" data-attachment-id=\"809\" data-orig-file=\"https:\/\/alpimages.ch\/wp-content\/uploads\/2015\/11\/dsc5459.jpg\" data-orig-size=\"2358,3543\" data-comments-opened=\"\" data-image-meta=\"{&quot;aperture&quot;:&quot;0&quot;,&quot;credit&quot;:&quot;&quot;,&quot;camera&quot;:&quot;&quot;,&quot;caption&quot;:&quot;&quot;,&quot;created_timestamp&quot;:&quot;0&quot;,&quot;copyright&quot;:&quot;&quot;,&quot;focal_length&quot;:&quot;0&quot;,&quot;iso&quot;:&quot;0&quot;,&quot;shutter_speed&quot;:&quot;0&quot;,&quot;title&quot;:&quot;&quot;,&quot;orientation&quot;:&quot;1&quot;}\" data-image-title=\"_DSC5459\" data-image-description=\"\" data-medium-file=\"https:\/\/i0.wp.com\/alpimages.ch\/wp-content\/uploads\/2015\/11\/dsc5459.jpg?fit=200%2C300&#038;ssl=1\" data-large-file=\"https:\/\/i0.wp.com\/alpimages.ch\/wp-content\/uploads\/2015\/11\/dsc5459.jpg?fit=680%2C1022&#038;ssl=1\" src=\"https:\/\/i0.wp.com\/alpimages.ch\/wp-content\/uploads\/2015\/11\/dsc5459.jpg?w=386&#038;h=580&#038;ssl=1\" width=\"386\" height=\"580\" loading=\"lazy\" data-original-width=\"386\" data-original-height=\"580\" itemprop=\"http:\/\/schema.org\/image\" title=\"_DSC5459\" alt=\"_DSC5459\" style=\"width: 386px; height: 580px;\" \/> <\/a> <\/div> <\/div> <!-- close group --> <div class=\"gallery-group images-3\" style=\"width: 290px; height: 584px;\" data-original-width=\"290\" data-original-height=\"584\" > <div class=\"tiled-gallery-item tiled-gallery-item-large\" itemprop=\"associatedMedia\" itemscope itemtype=\"http:\/\/schema.org\/ImageObject\"> <a href=\"https:\/\/alpimages.ch\/en\/photographie-sport\/alpimages-2983\/\" border=\"0\" itemprop=\"url\"> <meta itemprop=\"width\" content=\"286\"> <meta itemprop=\"height\" content=\"191\"> <img decoding=\"async\" class=\"\" data-attachment-id=\"475\" data-orig-file=\"https:\/\/alpimages.ch\/wp-content\/uploads\/2015\/11\/c2a9alpimages-2983.jpg\" data-orig-size=\"3543,2365\" data-comments-opened=\"\" data-image-meta=\"{&quot;aperture&quot;:&quot;0&quot;,&quot;credit&quot;:&quot;&quot;,&quot;camera&quot;:&quot;&quot;,&quot;caption&quot;:&quot;&quot;,&quot;created_timestamp&quot;:&quot;0&quot;,&quot;copyright&quot;:&quot;&quot;,&quot;focal_length&quot;:&quot;0&quot;,&quot;iso&quot;:&quot;0&quot;,&quot;shutter_speed&quot;:&quot;0&quot;,&quot;title&quot;:&quot;&quot;,&quot;orientation&quot;:&quot;0&quot;}\" data-image-title=\"\" data-image-description=\"\" data-medium-file=\"https:\/\/i0.wp.com\/alpimages.ch\/wp-content\/uploads\/2015\/11\/c2a9alpimages-2983.jpg?fit=300%2C200&#038;ssl=1\" data-large-file=\"https:\/\/i0.wp.com\/alpimages.ch\/wp-content\/uploads\/2015\/11\/c2a9alpimages-2983.jpg?fit=680%2C454&#038;ssl=1\" src=\"https:\/\/i0.wp.com\/alpimages.ch\/wp-content\/uploads\/2015\/11\/c2a9alpimages-2983.jpg?w=286&#038;h=191&#038;ssl=1\" width=\"286\" height=\"191\" loading=\"lazy\" data-original-width=\"286\" data-original-height=\"191\" itemprop=\"http:\/\/schema.org\/image\" title=\"\" alt=\"\" style=\"width: 286px; height: 191px;\" \/> <\/a> <\/div> <div class=\"tiled-gallery-item tiled-gallery-item-large\" itemprop=\"associatedMedia\" itemscope itemtype=\"http:\/\/schema.org\/ImageObject\"> <a href=\"https:\/\/alpimages.ch\/en\/portfolio\/sports-extreme\/tom_2090\/\" border=\"0\" itemprop=\"url\"> <meta itemprop=\"width\" content=\"286\"> <meta itemprop=\"height\" content=\"191\"> <img decoding=\"async\" class=\"\" data-attachment-id=\"810\" data-orig-file=\"https:\/\/alpimages.ch\/wp-content\/uploads\/2015\/11\/tom_2090.jpg\" data-orig-size=\"3543,2365\" data-comments-opened=\"\" data-image-meta=\"{&quot;aperture&quot;:&quot;7.1&quot;,&quot;credit&quot;:&quot;&quot;,&quot;camera&quot;:&quot;NIKON D800&quot;,&quot;caption&quot;:&quot;&quot;,&quot;created_timestamp&quot;:&quot;1408290373&quot;,&quot;copyright&quot;:&quot;&quot;,&quot;focal_length&quot;:&quot;34&quot;,&quot;iso&quot;:&quot;320&quot;,&quot;shutter_speed&quot;:&quot;0.0008&quot;,&quot;title&quot;:&quot;&quot;,&quot;orientation&quot;:&quot;1&quot;}\" data-image-title=\"TOM_2090\" data-image-description=\"\" data-medium-file=\"https:\/\/i0.wp.com\/alpimages.ch\/wp-content\/uploads\/2015\/11\/tom_2090.jpg?fit=300%2C200&#038;ssl=1\" data-large-file=\"https:\/\/i0.wp.com\/alpimages.ch\/wp-content\/uploads\/2015\/11\/tom_2090.jpg?fit=680%2C454&#038;ssl=1\" src=\"https:\/\/i0.wp.com\/alpimages.ch\/wp-content\/uploads\/2015\/11\/tom_2090.jpg?w=286&#038;h=191&#038;ssl=1\" width=\"286\" height=\"191\" loading=\"lazy\" data-original-width=\"286\" data-original-height=\"191\" itemprop=\"http:\/\/schema.org\/image\" title=\"TOM_2090\" alt=\"TOM_2090\" style=\"width: 286px; height: 191px;\" \/> <\/a> <\/div> <div class=\"tiled-gallery-item tiled-gallery-item-large\" itemprop=\"associatedMedia\" itemscope itemtype=\"http:\/\/schema.org\/ImageObject\"> <a href=\"https:\/\/alpimages.ch\/en\/portfolio\/sports-extreme\/alpimagesthomas-roulin-9027\/\" border=\"0\" itemprop=\"url\"> <meta itemprop=\"width\" content=\"286\"> <meta itemprop=\"height\" content=\"190\"> <img decoding=\"async\" class=\"\" data-attachment-id=\"811\" data-orig-file=\"https:\/\/alpimages.ch\/wp-content\/uploads\/2015\/11\/alpimagesc2a9thomas-roulin-9027.jpg\" data-orig-size=\"9000,5990\" data-comments-opened=\"\" data-image-meta=\"{&quot;aperture&quot;:&quot;3.5&quot;,&quot;credit&quot;:&quot;&quot;,&quot;camera&quot;:&quot;NIKON D4&quot;,&quot;caption&quot;:&quot;&quot;,&quot;created_timestamp&quot;:&quot;1463576279&quot;,&quot;copyright&quot;:&quot;&quot;,&quot;focal_length&quot;:&quot;300&quot;,&quot;iso&quot;:&quot;640&quot;,&quot;shutter_speed&quot;:&quot;0.0008&quot;,&quot;title&quot;:&quot;&quot;,&quot;orientation&quot;:&quot;0&quot;}\" data-image-title=\"Alpimages\u00a9Thomas Roulin-9027\" data-image-description=\"\" data-medium-file=\"https:\/\/i0.wp.com\/alpimages.ch\/wp-content\/uploads\/2015\/11\/alpimagesc2a9thomas-roulin-9027.jpg?fit=300%2C200&#038;ssl=1\" data-large-file=\"https:\/\/i0.wp.com\/alpimages.ch\/wp-content\/uploads\/2015\/11\/alpimagesc2a9thomas-roulin-9027.jpg?fit=680%2C453&#038;ssl=1\" src=\"https:\/\/i0.wp.com\/alpimages.ch\/wp-content\/uploads\/2015\/11\/alpimagesc2a9thomas-roulin-9027.jpg?w=286&#038;h=190&#038;ssl=1\" width=\"286\" height=\"190\" loading=\"lazy\" data-original-width=\"286\" data-original-height=\"190\" itemprop=\"http:\/\/schema.org\/image\" title=\"Alpimages\u00a9Thomas Roulin-9027\" alt=\"Alpimages\u00a9Thomas Roulin-9027\" style=\"width: 286px; height: 190px;\" \/> <\/a> <\/div> <\/div> <!-- close group --> <\/div> <!-- close row --> <div class=\"gallery-row\" style=\"width: 680px; height: 309px;\" data-original-width=\"680\" data-original-height=\"309\" > <div class=\"gallery-group images-1\" style=\"width: 461px; height: 309px;\" data-original-width=\"461\" data-original-height=\"309\" > <div class=\"tiled-gallery-item tiled-gallery-item-large\" itemprop=\"associatedMedia\" itemscope itemtype=\"http:\/\/schema.org\/ImageObject\"> <a href=\"https:\/\/alpimages.ch\/en\/portfolio\/sports-extreme\/alpimagesthomas-roulin-9049\/\" border=\"0\" itemprop=\"url\"> <meta itemprop=\"width\" content=\"457\"> <meta itemprop=\"height\" content=\"305\"> <img decoding=\"async\" class=\"\" data-attachment-id=\"813\" data-orig-file=\"https:\/\/alpimages.ch\/wp-content\/uploads\/2015\/11\/alpimagesc2a9thomas-roulin-9049.jpg\" data-orig-size=\"1772,1183\" data-comments-opened=\"\" data-image-meta=\"{&quot;aperture&quot;:&quot;4&quot;,&quot;credit&quot;:&quot;&quot;,&quot;camera&quot;:&quot;NIKON D800&quot;,&quot;caption&quot;:&quot;&quot;,&quot;created_timestamp&quot;:&quot;1449158180&quot;,&quot;copyright&quot;:&quot;&quot;,&quot;focal_length&quot;:&quot;100&quot;,&quot;iso&quot;:&quot;250&quot;,&quot;shutter_speed&quot;:&quot;0.000625&quot;,&quot;title&quot;:&quot;&quot;,&quot;orientation&quot;:&quot;0&quot;}\" data-image-title=\"Alpimages\u00a9Thomas Roulin-9049\" data-image-description=\"\" data-medium-file=\"https:\/\/i0.wp.com\/alpimages.ch\/wp-content\/uploads\/2015\/11\/alpimagesc2a9thomas-roulin-9049.jpg?fit=300%2C200&#038;ssl=1\" data-large-file=\"https:\/\/i0.wp.com\/alpimages.ch\/wp-content\/uploads\/2015\/11\/alpimagesc2a9thomas-roulin-9049.jpg?fit=680%2C454&#038;ssl=1\" src=\"https:\/\/i0.wp.com\/alpimages.ch\/wp-content\/uploads\/2015\/11\/alpimagesc2a9thomas-roulin-9049.jpg?w=457&#038;h=305&#038;ssl=1\" width=\"457\" height=\"305\" loading=\"lazy\" data-original-width=\"457\" data-original-height=\"305\" itemprop=\"http:\/\/schema.org\/image\" title=\"Alpimages\u00a9Thomas Roulin-9049\" alt=\"Alpimages\u00a9Thomas Roulin-9049\" style=\"width: 457px; height: 305px;\" \/> <\/a> <\/div> <\/div> <!-- close group --> <div class=\"gallery-group images-2\" style=\"width: 219px; height: 309px;\" data-original-width=\"219\" data-original-height=\"309\" > <div class=\"tiled-gallery-item tiled-gallery-item-small\" itemprop=\"associatedMedia\" itemscope itemtype=\"http:\/\/schema.org\/ImageObject\"> <a href=\"https:\/\/alpimages.ch\/en\/portfolio\/sports-extreme\/_tom5325\/\" border=\"0\" itemprop=\"url\"> <meta itemprop=\"width\" content=\"215\"> <meta itemprop=\"height\" content=\"143\"> <img decoding=\"async\" class=\"\" data-attachment-id=\"815\" data-orig-file=\"https:\/\/alpimages.ch\/wp-content\/uploads\/2015\/11\/tom5325.jpg\" data-orig-size=\"9000,5989\" data-comments-opened=\"\" data-image-meta=\"{&quot;aperture&quot;:&quot;10&quot;,&quot;credit&quot;:&quot;MAJID\\\/BOUKAMEL&quot;,&quot;camera&quot;:&quot;NIKON D700&quot;,&quot;caption&quot;:&quot;&quot;,&quot;created_timestamp&quot;:&quot;1461144784&quot;,&quot;copyright&quot;:&quot;ALPIMAGES-VERBIER&quot;,&quot;focal_length&quot;:&quot;98&quot;,&quot;iso&quot;:&quot;125&quot;,&quot;shutter_speed&quot;:&quot;0.0008&quot;,&quot;title&quot;:&quot;&quot;,&quot;orientation&quot;:&quot;0&quot;}\" data-image-title=\"_TOM5325\" data-image-description=\"\" data-medium-file=\"https:\/\/i0.wp.com\/alpimages.ch\/wp-content\/uploads\/2015\/11\/tom5325.jpg?fit=300%2C200&#038;ssl=1\" data-large-file=\"https:\/\/i0.wp.com\/alpimages.ch\/wp-content\/uploads\/2015\/11\/tom5325.jpg?fit=680%2C453&#038;ssl=1\" src=\"https:\/\/i0.wp.com\/alpimages.ch\/wp-content\/uploads\/2015\/11\/tom5325.jpg?w=215&#038;h=143&#038;ssl=1\" width=\"215\" height=\"143\" loading=\"lazy\" data-original-width=\"215\" data-original-height=\"143\" itemprop=\"http:\/\/schema.org\/image\" title=\"_TOM5325\" alt=\"_TOM5325\" style=\"width: 215px; height: 143px;\" \/> <\/a> <\/div> <div class=\"tiled-gallery-item tiled-gallery-item-small\" itemprop=\"associatedMedia\" itemscope itemtype=\"http:\/\/schema.org\/ImageObject\"> <a href=\"https:\/\/alpimages.ch\/en\/portfolio\/sports-extreme\/tom_1703\/\" border=\"0\" itemprop=\"url\"> <meta itemprop=\"width\" content=\"215\"> <meta itemprop=\"height\" content=\"158\"> <img decoding=\"async\" class=\"\" data-attachment-id=\"816\" data-orig-file=\"https:\/\/alpimages.ch\/wp-content\/uploads\/2015\/11\/tom_1703.jpg\" data-orig-size=\"7500,5546\" data-comments-opened=\"\" data-image-meta=\"{&quot;aperture&quot;:&quot;9&quot;,&quot;credit&quot;:&quot;&quot;,&quot;camera&quot;:&quot;NIKON D800&quot;,&quot;caption&quot;:&quot;&quot;,&quot;created_timestamp&quot;:&quot;1461146108&quot;,&quot;copyright&quot;:&quot;&quot;,&quot;focal_length&quot;:&quot;15&quot;,&quot;iso&quot;:&quot;400&quot;,&quot;shutter_speed&quot;:&quot;0.000625&quot;,&quot;title&quot;:&quot;&quot;,&quot;orientation&quot;:&quot;0&quot;}\" data-image-title=\"TOM_1703\" data-image-description=\"\" data-medium-file=\"https:\/\/i0.wp.com\/alpimages.ch\/wp-content\/uploads\/2015\/11\/tom_1703.jpg?fit=300%2C222&#038;ssl=1\" data-large-file=\"https:\/\/i0.wp.com\/alpimages.ch\/wp-content\/uploads\/2015\/11\/tom_1703.jpg?fit=680%2C503&#038;ssl=1\" src=\"https:\/\/i0.wp.com\/alpimages.ch\/wp-content\/uploads\/2015\/11\/tom_1703.jpg?w=215&#038;h=158&#038;ssl=1\" width=\"215\" height=\"158\" loading=\"lazy\" data-original-width=\"215\" data-original-height=\"158\" itemprop=\"http:\/\/schema.org\/image\" title=\"TOM_1703\" alt=\"TOM_1703\" style=\"width: 215px; height: 158px;\" \/> <\/a> <\/div> <\/div> <!-- close group --> <\/div> <!-- close row --> <div class=\"gallery-row\" style=\"width: 680px; height: 288px;\" data-original-width=\"680\" data-original-height=\"288\" > <div class=\"gallery-group images-1\" style=\"width: 487px; height: 288px;\" data-original-width=\"487\" data-original-height=\"288\" > <div class=\"tiled-gallery-item tiled-gallery-item-large\" itemprop=\"associatedMedia\" itemscope itemtype=\"http:\/\/schema.org\/ImageObject\"> <a href=\"https:\/\/alpimages.ch\/en\/portfolio\/sports-extreme\/thomas-roulin-alpimagesverbier-ch-0219-2\/\" border=\"0\" itemprop=\"url\"> <meta itemprop=\"width\" content=\"483\"> <meta itemprop=\"height\" content=\"284\"> <img decoding=\"async\" class=\"\" data-attachment-id=\"817\" data-orig-file=\"https:\/\/alpimages.ch\/wp-content\/uploads\/2015\/11\/thomas-roulin-alpimagesverbier-ch-02191.jpg\" data-orig-size=\"3854,2268\" data-comments-opened=\"\" data-image-meta=\"{&quot;aperture&quot;:&quot;0&quot;,&quot;credit&quot;:&quot;&quot;,&quot;camera&quot;:&quot;&quot;,&quot;caption&quot;:&quot;&quot;,&quot;created_timestamp&quot;:&quot;0&quot;,&quot;copyright&quot;:&quot;ALL RESERVEDD@D&quot;,&quot;focal_length&quot;:&quot;0&quot;,&quot;iso&quot;:&quot;0&quot;,&quot;shutter_speed&quot;:&quot;0&quot;,&quot;title&quot;:&quot;&quot;,&quot;orientation&quot;:&quot;1&quot;}\" data-image-title=\"Thomas Roulin-alpimages@verbier.ch-0219\" data-image-description=\"\" data-medium-file=\"https:\/\/i0.wp.com\/alpimages.ch\/wp-content\/uploads\/2015\/11\/thomas-roulin-alpimagesverbier-ch-02191.jpg?fit=300%2C177&#038;ssl=1\" data-large-file=\"https:\/\/i0.wp.com\/alpimages.ch\/wp-content\/uploads\/2015\/11\/thomas-roulin-alpimagesverbier-ch-02191.jpg?fit=680%2C400&#038;ssl=1\" src=\"https:\/\/i0.wp.com\/alpimages.ch\/wp-content\/uploads\/2015\/11\/thomas-roulin-alpimagesverbier-ch-02191.jpg?w=483&#038;h=284&#038;ssl=1\" width=\"483\" height=\"284\" loading=\"lazy\" data-original-width=\"483\" data-original-height=\"284\" itemprop=\"http:\/\/schema.org\/image\" title=\"Thomas Roulin-alpimages@verbier.ch-0219\" alt=\"Thomas Roulin-alpimages@verbier.ch-0219\" style=\"width: 483px; height: 284px;\" \/> <\/a> <\/div> <\/div> <!-- close group --> <div class=\"gallery-group images-1\" style=\"width: 193px; height: 288px;\" data-original-width=\"193\" data-original-height=\"288\" > <div class=\"tiled-gallery-item tiled-gallery-item-small\" itemprop=\"associatedMedia\" itemscope itemtype=\"http:\/\/schema.org\/ImageObject\"> <a href=\"https:\/\/alpimages.ch\/en\/portfolio\/sports-extreme\/thomas-roulin-alpimagesverbier-ch-5624\/\" border=\"0\" itemprop=\"url\"> <meta itemprop=\"width\" content=\"189\"> <meta itemprop=\"height\" content=\"284\"> <img decoding=\"async\" class=\"\" data-attachment-id=\"818\" data-orig-file=\"https:\/\/alpimages.ch\/wp-content\/uploads\/2015\/11\/thomas-roulin-alpimagesverbier-ch-5624.jpg\" data-orig-size=\"4912,7360\" data-comments-opened=\"\" data-image-meta=\"{&quot;aperture&quot;:&quot;0&quot;,&quot;credit&quot;:&quot;&quot;,&quot;camera&quot;:&quot;&quot;,&quot;caption&quot;:&quot;&quot;,&quot;created_timestamp&quot;:&quot;0&quot;,&quot;copyright&quot;:&quot;&quot;,&quot;focal_length&quot;:&quot;0&quot;,&quot;iso&quot;:&quot;0&quot;,&quot;shutter_speed&quot;:&quot;0&quot;,&quot;title&quot;:&quot;&quot;,&quot;orientation&quot;:&quot;0&quot;}\" data-image-title=\"Thomas Roulin-alpimages@verbier.ch-5624\" data-image-description=\"\" data-medium-file=\"https:\/\/i0.wp.com\/alpimages.ch\/wp-content\/uploads\/2015\/11\/thomas-roulin-alpimagesverbier-ch-5624.jpg?fit=200%2C300&#038;ssl=1\" data-large-file=\"https:\/\/i0.wp.com\/alpimages.ch\/wp-content\/uploads\/2015\/11\/thomas-roulin-alpimagesverbier-ch-5624.jpg?fit=680%2C1019&#038;ssl=1\" src=\"https:\/\/i0.wp.com\/alpimages.ch\/wp-content\/uploads\/2015\/11\/thomas-roulin-alpimagesverbier-ch-5624.jpg?w=189&#038;h=284&#038;ssl=1\" width=\"189\" height=\"284\" loading=\"lazy\" data-original-width=\"189\" data-original-height=\"284\" itemprop=\"http:\/\/schema.org\/image\" title=\"Thomas Roulin-alpimages@verbier.ch-5624\" alt=\"Thomas Roulin-alpimages@verbier.ch-5624\" style=\"width: 189px; height: 284px;\" \/> <\/a> <\/div> <\/div> <!-- close group --> <\/div> <!-- close row --> <div class=\"gallery-row\" style=\"width: 680px; height: 304px;\" data-original-width=\"680\" data-original-height=\"304\" > <div class=\"gallery-group images-2\" style=\"width: 226px; height: 304px;\" data-original-width=\"226\" data-original-height=\"304\" > <div class=\"tiled-gallery-item tiled-gallery-item-small\" itemprop=\"associatedMedia\" itemscope itemtype=\"http:\/\/schema.org\/ImageObject\"> <a href=\"https:\/\/alpimages.ch\/en\/portfolio\/sports-extreme\/tom_3706-1\/\" border=\"0\" itemprop=\"url\"> <meta itemprop=\"width\" content=\"222\"> <meta itemprop=\"height\" content=\"148\"> <img decoding=\"async\" class=\"\" data-attachment-id=\"819\" data-orig-file=\"https:\/\/alpimages.ch\/wp-content\/uploads\/2015\/11\/tom_3706-1.jpg\" data-orig-size=\"1772,1182\" data-comments-opened=\"\" data-image-meta=\"{&quot;aperture&quot;:&quot;2.8&quot;,&quot;credit&quot;:&quot;&quot;,&quot;camera&quot;:&quot;NIKON D800&quot;,&quot;caption&quot;:&quot;&quot;,&quot;created_timestamp&quot;:&quot;1338133258&quot;,&quot;copyright&quot;:&quot;&quot;,&quot;focal_length&quot;:&quot;400&quot;,&quot;iso&quot;:&quot;1250&quot;,&quot;shutter_speed&quot;:&quot;0.0004&quot;,&quot;title&quot;:&quot;&quot;,&quot;orientation&quot;:&quot;0&quot;}\" data-image-title=\"TOM_3706-1\" data-image-description=\"\" data-medium-file=\"https:\/\/i0.wp.com\/alpimages.ch\/wp-content\/uploads\/2015\/11\/tom_3706-1.jpg?fit=300%2C200&#038;ssl=1\" data-large-file=\"https:\/\/i0.wp.com\/alpimages.ch\/wp-content\/uploads\/2015\/11\/tom_3706-1.jpg?fit=680%2C454&#038;ssl=1\" src=\"https:\/\/i0.wp.com\/alpimages.ch\/wp-content\/uploads\/2015\/11\/tom_3706-1.jpg?w=222&#038;h=148&#038;ssl=1\" width=\"222\" height=\"148\" loading=\"lazy\" data-original-width=\"222\" data-original-height=\"148\" itemprop=\"http:\/\/schema.org\/image\" title=\"TOM_3706-1\" alt=\"TOM_3706-1\" style=\"width: 222px; height: 148px;\" \/> <\/a> <\/div> <div class=\"tiled-gallery-item tiled-gallery-item-small\" itemprop=\"associatedMedia\" itemscope itemtype=\"http:\/\/schema.org\/ImageObject\"> <a href=\"https:\/\/alpimages.ch\/en\/portfolio\/sports-extreme\/dsc_1377bis\/\" border=\"0\" itemprop=\"url\"> <meta itemprop=\"width\" content=\"222\"> <meta itemprop=\"height\" content=\"148\"> <img decoding=\"async\" class=\"\" data-attachment-id=\"824\" data-orig-file=\"https:\/\/alpimages.ch\/wp-content\/uploads\/2015\/11\/dsc_1377bis.jpg\" data-orig-size=\"4288,2848\" data-comments-opened=\"\" data-image-meta=\"{&quot;aperture&quot;:&quot;9.5&quot;,&quot;credit&quot;:&quot;&quot;,&quot;camera&quot;:&quot;NIKON D2X&quot;,&quot;caption&quot;:&quot;&quot;,&quot;created_timestamp&quot;:&quot;1148827626&quot;,&quot;copyright&quot;:&quot;&quot;,&quot;focal_length&quot;:&quot;70&quot;,&quot;iso&quot;:&quot;250&quot;,&quot;shutter_speed&quot;:&quot;0.005&quot;,&quot;title&quot;:&quot;&quot;,&quot;orientation&quot;:&quot;1&quot;}\" data-image-title=\"DSC_1377bis\" data-image-description=\"\" data-medium-file=\"https:\/\/i0.wp.com\/alpimages.ch\/wp-content\/uploads\/2015\/11\/dsc_1377bis.jpg?fit=300%2C199&#038;ssl=1\" data-large-file=\"https:\/\/i0.wp.com\/alpimages.ch\/wp-content\/uploads\/2015\/11\/dsc_1377bis.jpg?fit=680%2C452&#038;ssl=1\" src=\"https:\/\/i0.wp.com\/alpimages.ch\/wp-content\/uploads\/2015\/11\/dsc_1377bis.jpg?w=222&#038;h=148&#038;ssl=1\" width=\"222\" height=\"148\" loading=\"lazy\" data-original-width=\"222\" data-original-height=\"148\" itemprop=\"http:\/\/schema.org\/image\" title=\"DSC_1377bis\" alt=\"DSC_1377bis\" style=\"width: 222px; height: 148px;\" \/> <\/a> <\/div> <\/div> <!-- close group --> <div class=\"gallery-group images-1\" style=\"width: 454px; height: 304px;\" data-original-width=\"454\" data-original-height=\"304\" > <div class=\"tiled-gallery-item tiled-gallery-item-large\" itemprop=\"associatedMedia\" itemscope itemtype=\"http:\/\/schema.org\/ImageObject\"> <a href=\"https:\/\/alpimages.ch\/en\/portfolio\/sports-extreme\/tom_0034\/\" border=\"0\" itemprop=\"url\"> <meta itemprop=\"width\" content=\"450\"> <meta itemprop=\"height\" content=\"300\"> <img decoding=\"async\" class=\"\" data-attachment-id=\"820\" data-orig-file=\"https:\/\/alpimages.ch\/wp-content\/uploads\/2015\/11\/tom_0034.jpg\" data-orig-size=\"3543,2358\" data-comments-opened=\"\" data-image-meta=\"{&quot;aperture&quot;:&quot;10&quot;,&quot;credit&quot;:&quot;THOMAS ROULIN&quot;,&quot;camera&quot;:&quot;NIKON D3&quot;,&quot;caption&quot;:&quot;&quot;,&quot;created_timestamp&quot;:&quot;1300795405&quot;,&quot;copyright&quot;:&quot;ALL RESERVEDD@D&quot;,&quot;focal_length&quot;:&quot;110&quot;,&quot;iso&quot;:&quot;640&quot;,&quot;shutter_speed&quot;:&quot;0.0003125&quot;,&quot;title&quot;:&quot;&quot;,&quot;orientation&quot;:&quot;1&quot;}\" data-image-title=\"TOM_0034\" data-image-description=\"\" data-medium-file=\"https:\/\/i0.wp.com\/alpimages.ch\/wp-content\/uploads\/2015\/11\/tom_0034.jpg?fit=300%2C200&#038;ssl=1\" data-large-file=\"https:\/\/i0.wp.com\/alpimages.ch\/wp-content\/uploads\/2015\/11\/tom_0034.jpg?fit=680%2C453&#038;ssl=1\" src=\"https:\/\/i0.wp.com\/alpimages.ch\/wp-content\/uploads\/2015\/11\/tom_0034.jpg?w=450&#038;h=300&#038;ssl=1\" width=\"450\" height=\"300\" loading=\"lazy\" data-original-width=\"450\" data-original-height=\"300\" itemprop=\"http:\/\/schema.org\/image\" title=\"TOM_0034\" alt=\"TOM_0034\" style=\"width: 450px; height: 300px;\" \/> <\/a> <\/div> <\/div> <!-- close group --> <\/div> <!-- close row --> <div class=\"gallery-row\" style=\"width: 680px; height: 574px;\" data-original-width=\"680\" data-original-height=\"574\" > <div class=\"gallery-group images-3\" style=\"width: 296px; height: 574px;\" data-original-width=\"296\" data-original-height=\"574\" > <div class=\"tiled-gallery-item tiled-gallery-item-large\" itemprop=\"associatedMedia\" itemscope itemtype=\"http:\/\/schema.org\/ImageObject\"> <a href=\"https:\/\/alpimages.ch\/en\/portfolio\/corporate\/alpimages-thomas-roulin-4206\/\" border=\"0\" itemprop=\"url\"> <meta itemprop=\"width\" content=\"292\"> <meta itemprop=\"height\" content=\"195\"> <img decoding=\"async\" class=\"\" data-attachment-id=\"2537\" data-orig-file=\"https:\/\/alpimages.ch\/wp-content\/uploads\/2015\/11\/\u00a9Alpimages-Thomas-Roulin-4206.jpg\" data-orig-size=\"4724,3143\" data-comments-opened=\"\" data-image-meta=\"{&quot;aperture&quot;:&quot;4&quot;,&quot;credit&quot;:&quot;&quot;,&quot;camera&quot;:&quot;NIKON D3&quot;,&quot;caption&quot;:&quot;&quot;,&quot;created_timestamp&quot;:&quot;1547639605&quot;,&quot;copyright&quot;:&quot;&quot;,&quot;focal_length&quot;:&quot;24&quot;,&quot;iso&quot;:&quot;200&quot;,&quot;shutter_speed&quot;:&quot;0.0005&quot;,&quot;title&quot;:&quot;&quot;,&quot;orientation&quot;:&quot;0&quot;}\" data-image-title=\"\u00a9Alpimages-Thomas Roulin-4206\" data-image-description=\"\" data-medium-file=\"https:\/\/i0.wp.com\/alpimages.ch\/wp-content\/uploads\/2015\/11\/%C2%A9Alpimages-Thomas-Roulin-4206.jpg?fit=300%2C200&#038;ssl=1\" data-large-file=\"https:\/\/i0.wp.com\/alpimages.ch\/wp-content\/uploads\/2015\/11\/%C2%A9Alpimages-Thomas-Roulin-4206.jpg?fit=680%2C452&#038;ssl=1\" src=\"https:\/\/i0.wp.com\/alpimages.ch\/wp-content\/uploads\/2015\/11\/%C2%A9Alpimages-Thomas-Roulin-4206.jpg?w=292&#038;h=195&#038;ssl=1\" width=\"292\" height=\"195\" loading=\"lazy\" data-original-width=\"292\" data-original-height=\"195\" itemprop=\"http:\/\/schema.org\/image\" title=\"\u00a9Alpimages-Thomas Roulin-4206\" alt=\"\u00a9Alpimages-Thomas Roulin-4206\" style=\"width: 292px; height: 195px;\" \/> <\/a> <\/div> <div class=\"tiled-gallery-item tiled-gallery-item-large\" itemprop=\"associatedMedia\" itemscope itemtype=\"http:\/\/schema.org\/ImageObject\"> <a href=\"https:\/\/alpimages.ch\/en\/portfolio\/corporate\/tom_0808-4\/\" border=\"0\" itemprop=\"url\"> <meta itemprop=\"width\" content=\"292\"> <meta itemprop=\"height\" content=\"183\"> <img decoding=\"async\" class=\"\" data-attachment-id=\"2577\" data-orig-file=\"https:\/\/alpimages.ch\/wp-content\/uploads\/2015\/11\/TOM_0808.jpg\" data-orig-size=\"7159,4484\" data-comments-opened=\"\" data-image-meta=\"{&quot;aperture&quot;:&quot;0&quot;,&quot;credit&quot;:&quot;&quot;,&quot;camera&quot;:&quot;&quot;,&quot;caption&quot;:&quot;&quot;,&quot;created_timestamp&quot;:&quot;0&quot;,&quot;copyright&quot;:&quot;&quot;,&quot;focal_length&quot;:&quot;0&quot;,&quot;iso&quot;:&quot;0&quot;,&quot;shutter_speed&quot;:&quot;0&quot;,&quot;title&quot;:&quot;&quot;,&quot;orientation&quot;:&quot;0&quot;}\" data-image-title=\"TOM_0808\" data-image-description=\"\" data-medium-file=\"https:\/\/i0.wp.com\/alpimages.ch\/wp-content\/uploads\/2015\/11\/TOM_0808.jpg?fit=300%2C188&#038;ssl=1\" data-large-file=\"https:\/\/i0.wp.com\/alpimages.ch\/wp-content\/uploads\/2015\/11\/TOM_0808.jpg?fit=680%2C426&#038;ssl=1\" src=\"https:\/\/i0.wp.com\/alpimages.ch\/wp-content\/uploads\/2015\/11\/TOM_0808.jpg?w=292&#038;h=183&#038;ssl=1\" srcset=\"https:\/\/i0.wp.com\/alpimages.ch\/wp-content\/uploads\/2015\/11\/TOM_0808.jpg?w=7159&amp;ssl=1 7159w, https:\/\/i0.wp.com\/alpimages.ch\/wp-content\/uploads\/2015\/11\/TOM_0808.jpg?resize=150%2C94&amp;ssl=1 150w, https:\/\/i0.wp.com\/alpimages.ch\/wp-content\/uploads\/2015\/11\/TOM_0808.jpg?resize=300%2C188&amp;ssl=1 300w, https:\/\/i0.wp.com\/alpimages.ch\/wp-content\/uploads\/2015\/11\/TOM_0808.jpg?resize=768%2C481&amp;ssl=1 768w, https:\/\/i0.wp.com\/alpimages.ch\/wp-content\/uploads\/2015\/11\/TOM_0808.jpg?resize=1024%2C641&amp;ssl=1 1024w, https:\/\/i0.wp.com\/alpimages.ch\/wp-content\/uploads\/2015\/11\/TOM_0808.jpg?resize=317%2C199&amp;ssl=1 317w, https:\/\/i0.wp.com\/alpimages.ch\/wp-content\/uploads\/2015\/11\/TOM_0808.jpg?w=1360&amp;ssl=1 1360w, https:\/\/i0.wp.com\/alpimages.ch\/wp-content\/uploads\/2015\/11\/TOM_0808.jpg?w=2040&amp;ssl=1 2040w\" width=\"292\" height=\"183\" loading=\"lazy\" data-original-width=\"292\" data-original-height=\"183\" itemprop=\"http:\/\/schema.org\/image\" title=\"TOM_0808\" alt=\"TOM_0808\" style=\"width: 292px; height: 183px;\" \/> <\/a> <\/div> <div class=\"tiled-gallery-item tiled-gallery-item-large\" itemprop=\"associatedMedia\" itemscope itemtype=\"http:\/\/schema.org\/ImageObject\"> <a href=\"https:\/\/alpimages.ch\/en\/portfolio\/sports-extreme\/tom_0131\/\" border=\"0\" itemprop=\"url\"> <meta itemprop=\"width\" content=\"292\"> <meta itemprop=\"height\" content=\"184\"> <img decoding=\"async\" class=\"\" data-attachment-id=\"821\" data-orig-file=\"https:\/\/alpimages.ch\/wp-content\/uploads\/2015\/11\/tom_0131.jpg\" data-orig-size=\"3543,2233\" data-comments-opened=\"\" data-image-meta=\"{&quot;aperture&quot;:&quot;11&quot;,&quot;credit&quot;:&quot;THOMAS ROULIN&quot;,&quot;camera&quot;:&quot;NIKON D3&quot;,&quot;caption&quot;:&quot;&quot;,&quot;created_timestamp&quot;:&quot;1300808814&quot;,&quot;copyright&quot;:&quot;ALL RESERVEDD@D&quot;,&quot;focal_length&quot;:&quot;155&quot;,&quot;iso&quot;:&quot;640&quot;,&quot;shutter_speed&quot;:&quot;0.000625&quot;,&quot;title&quot;:&quot;&quot;,&quot;orientation&quot;:&quot;1&quot;}\" data-image-title=\"TOM_0131\" data-image-description=\"\" data-medium-file=\"https:\/\/i0.wp.com\/alpimages.ch\/wp-content\/uploads\/2015\/11\/tom_0131.jpg?fit=300%2C189&#038;ssl=1\" data-large-file=\"https:\/\/i0.wp.com\/alpimages.ch\/wp-content\/uploads\/2015\/11\/tom_0131.jpg?fit=680%2C429&#038;ssl=1\" src=\"https:\/\/i0.wp.com\/alpimages.ch\/wp-content\/uploads\/2015\/11\/tom_0131.jpg?w=292&#038;h=184&#038;ssl=1\" width=\"292\" height=\"184\" loading=\"lazy\" data-original-width=\"292\" data-original-height=\"184\" itemprop=\"http:\/\/schema.org\/image\" title=\"TOM_0131\" alt=\"TOM_0131\" style=\"width: 292px; height: 184px;\" \/> <\/a> <\/div> <\/div> <!-- close group --> <div class=\"gallery-group images-1\" style=\"width: 384px; height: 574px;\" data-original-width=\"384\" data-original-height=\"574\" > <div class=\"tiled-gallery-item tiled-gallery-item-large\" itemprop=\"associatedMedia\" itemscope itemtype=\"http:\/\/schema.org\/ImageObject\"> <a href=\"https:\/\/alpimages.ch\/en\/portfolio\/sports-extreme\/tom_0087bis1-2\/\" border=\"0\" itemprop=\"url\"> <meta itemprop=\"width\" content=\"380\"> <meta itemprop=\"height\" content=\"570\"> <img decoding=\"async\" class=\"\" data-attachment-id=\"822\" data-orig-file=\"https:\/\/alpimages.ch\/wp-content\/uploads\/2015\/11\/tom_0087bis11.jpg\" data-orig-size=\"2169,3254\" data-comments-opened=\"\" data-image-meta=\"{&quot;aperture&quot;:&quot;8&quot;,&quot;credit&quot;:&quot;THOMAS ROULIN&quot;,&quot;camera&quot;:&quot;NIKON D3&quot;,&quot;caption&quot;:&quot;&quot;,&quot;created_timestamp&quot;:&quot;1267806652&quot;,&quot;copyright&quot;:&quot;ALL RESERVEDD@D&quot;,&quot;focal_length&quot;:&quot;66&quot;,&quot;iso&quot;:&quot;200&quot;,&quot;shutter_speed&quot;:&quot;0.000625&quot;,&quot;title&quot;:&quot;&quot;,&quot;orientation&quot;:&quot;1&quot;}\" data-image-title=\"TOM_0087bis1\" data-image-description=\"\" data-medium-file=\"https:\/\/i0.wp.com\/alpimages.ch\/wp-content\/uploads\/2015\/11\/tom_0087bis11.jpg?fit=200%2C300&#038;ssl=1\" data-large-file=\"https:\/\/i0.wp.com\/alpimages.ch\/wp-content\/uploads\/2015\/11\/tom_0087bis11.jpg?fit=680%2C1020&#038;ssl=1\" src=\"https:\/\/i0.wp.com\/alpimages.ch\/wp-content\/uploads\/2015\/11\/tom_0087bis11.jpg?w=380&#038;h=570&#038;ssl=1\" width=\"380\" height=\"570\" loading=\"lazy\" data-original-width=\"380\" data-original-height=\"570\" itemprop=\"http:\/\/schema.org\/image\" title=\"TOM_0087bis1\" alt=\"TOM_0087bis1\" style=\"width: 380px; height: 570px;\" \/> <\/a> <\/div> <\/div> <!-- close group --> <\/div> <!-- close row --> <div class=\"gallery-row\" style=\"width: 680px; height: 584px;\" data-original-width=\"680\" data-original-height=\"584\" > <div class=\"gallery-group images-1\" style=\"width: 390px; height: 584px;\" data-original-width=\"390\" data-original-height=\"584\" > <div class=\"tiled-gallery-item tiled-gallery-item-large\" itemprop=\"associatedMedia\" itemscope itemtype=\"http:\/\/schema.org\/ImageObject\"> <a href=\"https:\/\/alpimages.ch\/en\/portfolio\/sports-extreme\/tom_0007bis\/\" border=\"0\" itemprop=\"url\"> <meta itemprop=\"width\" content=\"386\"> <meta itemprop=\"height\" content=\"580\"> <img decoding=\"async\" class=\"\" data-attachment-id=\"823\" data-orig-file=\"https:\/\/alpimages.ch\/wp-content\/uploads\/2015\/11\/tom_0007bis.jpg\" data-orig-size=\"2169,3254\" data-comments-opened=\"\" data-image-meta=\"{&quot;aperture&quot;:&quot;8&quot;,&quot;credit&quot;:&quot;THOMAS ROULIN&quot;,&quot;camera&quot;:&quot;NIKON D3&quot;,&quot;caption&quot;:&quot;&quot;,&quot;created_timestamp&quot;:&quot;1267797267&quot;,&quot;copyright&quot;:&quot;ALL RESERVEDD@D&quot;,&quot;focal_length&quot;:&quot;70&quot;,&quot;iso&quot;:&quot;640&quot;,&quot;shutter_speed&quot;:&quot;0.0005&quot;,&quot;title&quot;:&quot;&quot;,&quot;orientation&quot;:&quot;1&quot;}\" data-image-title=\"TOM_0007bis\" data-image-description=\"\" data-medium-file=\"https:\/\/i0.wp.com\/alpimages.ch\/wp-content\/uploads\/2015\/11\/tom_0007bis.jpg?fit=200%2C300&#038;ssl=1\" data-large-file=\"https:\/\/i0.wp.com\/alpimages.ch\/wp-content\/uploads\/2015\/11\/tom_0007bis.jpg?fit=680%2C1020&#038;ssl=1\" src=\"https:\/\/i0.wp.com\/alpimages.ch\/wp-content\/uploads\/2015\/11\/tom_0007bis.jpg?w=386&#038;h=580&#038;ssl=1\" width=\"386\" height=\"580\" loading=\"lazy\" data-original-width=\"386\" data-original-height=\"580\" itemprop=\"http:\/\/schema.org\/image\" title=\"TOM_0007bis\" alt=\"TOM_0007bis\" style=\"width: 386px; height: 580px;\" \/> <\/a> <\/div> <\/div> <!-- close group --> <div class=\"gallery-group images-3\" style=\"width: 290px; height: 584px;\" data-original-width=\"290\" data-original-height=\"584\" > <div class=\"tiled-gallery-item tiled-gallery-item-large\" itemprop=\"associatedMedia\" itemscope itemtype=\"http:\/\/schema.org\/ImageObject\"> <a href=\"https:\/\/alpimages.ch\/en\/portfolio\/sports-extreme\/tom_0017\/\" border=\"0\" itemprop=\"url\"> <meta itemprop=\"width\" content=\"286\"> <meta itemprop=\"height\" content=\"190\"> <img decoding=\"async\" class=\"\" data-attachment-id=\"825\" data-orig-file=\"https:\/\/alpimages.ch\/wp-content\/uploads\/2015\/11\/tom_0017.jpg\" data-orig-size=\"2026,1351\" data-comments-opened=\"\" data-image-meta=\"{&quot;aperture&quot;:&quot;8&quot;,&quot;credit&quot;:&quot;&quot;,&quot;camera&quot;:&quot;NIKON D3&quot;,&quot;caption&quot;:&quot;&quot;,&quot;created_timestamp&quot;:&quot;1232629361&quot;,&quot;copyright&quot;:&quot;&quot;,&quot;focal_length&quot;:&quot;200&quot;,&quot;iso&quot;:&quot;640&quot;,&quot;shutter_speed&quot;:&quot;0.0003125&quot;,&quot;title&quot;:&quot;&quot;,&quot;orientation&quot;:&quot;1&quot;}\" data-image-title=\"TOM_0017\" data-image-description=\"\" data-medium-file=\"https:\/\/i0.wp.com\/alpimages.ch\/wp-content\/uploads\/2015\/11\/tom_0017.jpg?fit=300%2C200&#038;ssl=1\" data-large-file=\"https:\/\/i0.wp.com\/alpimages.ch\/wp-content\/uploads\/2015\/11\/tom_0017.jpg?fit=680%2C453&#038;ssl=1\" src=\"https:\/\/i0.wp.com\/alpimages.ch\/wp-content\/uploads\/2015\/11\/tom_0017.jpg?w=286&#038;h=190&#038;ssl=1\" width=\"286\" height=\"190\" loading=\"lazy\" data-original-width=\"286\" data-original-height=\"190\" itemprop=\"http:\/\/schema.org\/image\" title=\"TOM_0017\" alt=\"TOM_0017\" style=\"width: 286px; height: 190px;\" \/> <\/a> <\/div> <div class=\"tiled-gallery-item tiled-gallery-item-large\" itemprop=\"associatedMedia\" itemscope itemtype=\"http:\/\/schema.org\/ImageObject\"> <a href=\"https:\/\/alpimages.ch\/en\/portfolio\/sports-extreme\/alpimages-23-2\/\" border=\"0\" itemprop=\"url\"> <meta itemprop=\"width\" content=\"286\"> <meta itemprop=\"height\" content=\"191\"> <img decoding=\"async\" class=\"\" data-attachment-id=\"5083\" data-orig-file=\"https:\/\/alpimages.ch\/wp-content\/uploads\/2015\/11\/ALPIMAGES-23.jpg\" data-orig-size=\"7200,4805\" data-comments-opened=\"\" data-image-meta=\"{&quot;aperture&quot;:&quot;7.1&quot;,&quot;credit&quot;:&quot;&quot;,&quot;camera&quot;:&quot;NIKON D810&quot;,&quot;caption&quot;:&quot;&quot;,&quot;created_timestamp&quot;:&quot;1523086572&quot;,&quot;copyright&quot;:&quot;&quot;,&quot;focal_length&quot;:&quot;24&quot;,&quot;iso&quot;:&quot;250&quot;,&quot;shutter_speed&quot;:&quot;0.000625&quot;,&quot;title&quot;:&quot;&quot;,&quot;orientation&quot;:&quot;1&quot;}\" data-image-title=\"ALPIMAGES-23\" data-image-description=\"\" data-medium-file=\"https:\/\/i0.wp.com\/alpimages.ch\/wp-content\/uploads\/2015\/11\/ALPIMAGES-23.jpg?fit=300%2C200&#038;ssl=1\" data-large-file=\"https:\/\/i0.wp.com\/alpimages.ch\/wp-content\/uploads\/2015\/11\/ALPIMAGES-23.jpg?fit=680%2C454&#038;ssl=1\" src=\"https:\/\/i0.wp.com\/alpimages.ch\/wp-content\/uploads\/2015\/11\/ALPIMAGES-23.jpg?w=286&#038;h=191&#038;ssl=1\" srcset=\"https:\/\/i0.wp.com\/alpimages.ch\/wp-content\/uploads\/2015\/11\/ALPIMAGES-23.jpg?w=7200&amp;ssl=1 7200w, https:\/\/i0.wp.com\/alpimages.ch\/wp-content\/uploads\/2015\/11\/ALPIMAGES-23.jpg?resize=150%2C100&amp;ssl=1 150w, https:\/\/i0.wp.com\/alpimages.ch\/wp-content\/uploads\/2015\/11\/ALPIMAGES-23.jpg?resize=300%2C200&amp;ssl=1 300w, https:\/\/i0.wp.com\/alpimages.ch\/wp-content\/uploads\/2015\/11\/ALPIMAGES-23.jpg?resize=768%2C513&amp;ssl=1 768w, https:\/\/i0.wp.com\/alpimages.ch\/wp-content\/uploads\/2015\/11\/ALPIMAGES-23.jpg?resize=1024%2C683&amp;ssl=1 1024w, https:\/\/i0.wp.com\/alpimages.ch\/wp-content\/uploads\/2015\/11\/ALPIMAGES-23.jpg?resize=317%2C212&amp;ssl=1 317w, https:\/\/i0.wp.com\/alpimages.ch\/wp-content\/uploads\/2015\/11\/ALPIMAGES-23.jpg?w=1360&amp;ssl=1 1360w, https:\/\/i0.wp.com\/alpimages.ch\/wp-content\/uploads\/2015\/11\/ALPIMAGES-23.jpg?w=2040&amp;ssl=1 2040w\" width=\"286\" height=\"191\" loading=\"lazy\" data-original-width=\"286\" data-original-height=\"191\" itemprop=\"http:\/\/schema.org\/image\" title=\"ALPIMAGES-23\" alt=\"ALPIMAGES-23\" style=\"width: 286px; height: 191px;\" \/> <\/a> <\/div> <div class=\"tiled-gallery-item tiled-gallery-item-large\" itemprop=\"associatedMedia\" itemscope itemtype=\"http:\/\/schema.org\/ImageObject\"> <a href=\"https:\/\/alpimages.ch\/en\/portfolio\/sports-extreme\/alpimages-thomas-roulin-9263\/\" border=\"0\" itemprop=\"url\"> <meta itemprop=\"width\" content=\"286\"> <meta itemprop=\"height\" content=\"191\"> <img decoding=\"async\" class=\"\" data-attachment-id=\"5081\" data-orig-file=\"https:\/\/alpimages.ch\/wp-content\/uploads\/2015\/11\/\u00a9Alpimages-Thomas-Roulin-9263.jpg\" data-orig-size=\"4724,3153\" data-comments-opened=\"\" data-image-meta=\"{&quot;aperture&quot;:&quot;5&quot;,&quot;credit&quot;:&quot;&quot;,&quot;camera&quot;:&quot;NIKON D810&quot;,&quot;caption&quot;:&quot;&quot;,&quot;created_timestamp&quot;:&quot;1547641196&quot;,&quot;copyright&quot;:&quot;&quot;,&quot;focal_length&quot;:&quot;66&quot;,&quot;iso&quot;:&quot;50&quot;,&quot;shutter_speed&quot;:&quot;0.0008&quot;,&quot;title&quot;:&quot;&quot;,&quot;orientation&quot;:&quot;0&quot;}\" data-image-title=\"\u00a9Alpimages-Thomas Roulin-9263\" data-image-description=\"\" data-medium-file=\"https:\/\/i0.wp.com\/alpimages.ch\/wp-content\/uploads\/2015\/11\/%C2%A9Alpimages-Thomas-Roulin-9263.jpg?fit=300%2C200&#038;ssl=1\" data-large-file=\"https:\/\/i0.wp.com\/alpimages.ch\/wp-content\/uploads\/2015\/11\/%C2%A9Alpimages-Thomas-Roulin-9263.jpg?fit=680%2C454&#038;ssl=1\" src=\"https:\/\/i0.wp.com\/alpimages.ch\/wp-content\/uploads\/2015\/11\/%C2%A9Alpimages-Thomas-Roulin-9263.jpg?w=286&#038;h=191&#038;ssl=1\" width=\"286\" height=\"191\" loading=\"lazy\" data-original-width=\"286\" data-original-height=\"191\" itemprop=\"http:\/\/schema.org\/image\" title=\"\u00a9Alpimages-Thomas Roulin-9263\" alt=\"\u00a9Alpimages-Thomas Roulin-9263\" style=\"width: 286px; height: 191px;\" \/> <\/a> <\/div> <\/div> <!-- close group --> <\/div> <!-- close row --> <div class=\"gallery-row\" style=\"width: 680px; height: 462px;\" data-original-width=\"680\" data-original-height=\"462\" > <div class=\"gallery-group images-1\" style=\"width: 309px; height: 462px;\" data-original-width=\"309\" data-original-height=\"462\" > <div class=\"tiled-gallery-item tiled-gallery-item-large\" itemprop=\"associatedMedia\" itemscope itemtype=\"http:\/\/schema.org\/ImageObject\"> <a href=\"https:\/\/alpimages.ch\/en\/photographie-sport\/copyright-alpimagesverbier-ch-0793\/\" border=\"0\" itemprop=\"url\"> <meta itemprop=\"width\" content=\"305\"> <meta itemprop=\"height\" content=\"458\"> <img decoding=\"async\" class=\"\" data-attachment-id=\"7609\" data-orig-file=\"https:\/\/alpimages.ch\/wp-content\/uploads\/2020\/04\/Copyright-Alpimages@verbier.ch-0793.jpg\" data-orig-size=\"3231,4847\" data-comments-opened=\"\" data-image-meta=\"{&quot;aperture&quot;:&quot;4&quot;,&quot;credit&quot;:&quot;&quot;,&quot;camera&quot;:&quot;NIKON D5&quot;,&quot;caption&quot;:&quot;&quot;,&quot;created_timestamp&quot;:&quot;1558637242&quot;,&quot;copyright&quot;:&quot;&quot;,&quot;focal_length&quot;:&quot;500&quot;,&quot;iso&quot;:&quot;400&quot;,&quot;shutter_speed&quot;:&quot;0.0004&quot;,&quot;title&quot;:&quot;&quot;,&quot;orientation&quot;:&quot;0&quot;}\" data-image-title=\"Copyright-Alpimages@verbier.ch-0793\" data-image-description=\"\" data-medium-file=\"https:\/\/i0.wp.com\/alpimages.ch\/wp-content\/uploads\/2020\/04\/Copyright-Alpimages%40verbier.ch-0793.jpg?fit=200%2C300&#038;ssl=1\" data-large-file=\"https:\/\/i0.wp.com\/alpimages.ch\/wp-content\/uploads\/2020\/04\/Copyright-Alpimages%40verbier.ch-0793.jpg?fit=680%2C1020&#038;ssl=1\" src=\"https:\/\/i0.wp.com\/alpimages.ch\/wp-content\/uploads\/2020\/04\/Copyright-Alpimages%40verbier.ch-0793.jpg?w=305&#038;h=458&#038;ssl=1\" width=\"305\" height=\"458\" loading=\"lazy\" data-original-width=\"305\" data-original-height=\"458\" itemprop=\"http:\/\/schema.org\/image\" title=\"Copyright-Alpimages@verbier.ch-0793\" alt=\"Copyright-Alpimages@verbier.ch-0793\" style=\"width: 305px; height: 458px;\" \/> <\/a> <\/div> <\/div> <!-- close group --> <div class=\"gallery-group images-2\" style=\"width: 371px; height: 462px;\" data-original-width=\"371\" data-original-height=\"462\" > <div class=\"tiled-gallery-item tiled-gallery-item-large\" itemprop=\"associatedMedia\" itemscope itemtype=\"http:\/\/schema.org\/ImageObject\"> <a href=\"https:\/\/alpimages.ch\/en\/photographie-sport\/tom_0317bis4\/\" border=\"0\" itemprop=\"url\"> <meta itemprop=\"width\" content=\"367\"> <meta itemprop=\"height\" content=\"244\"> <img decoding=\"async\" class=\"\" data-attachment-id=\"7602\" data-orig-file=\"https:\/\/alpimages.ch\/wp-content\/uploads\/2020\/04\/TOM_0317bis4.jpg\" data-orig-size=\"1950,1300\" data-comments-opened=\"\" data-image-meta=\"{&quot;aperture&quot;:&quot;9&quot;,&quot;credit&quot;:&quot;&quot;,&quot;camera&quot;:&quot;NIKON D3&quot;,&quot;caption&quot;:&quot;&quot;,&quot;created_timestamp&quot;:&quot;1236544873&quot;,&quot;copyright&quot;:&quot;&quot;,&quot;focal_length&quot;:&quot;500&quot;,&quot;iso&quot;:&quot;640&quot;,&quot;shutter_speed&quot;:&quot;0.0005&quot;,&quot;title&quot;:&quot;&quot;,&quot;orientation&quot;:&quot;1&quot;}\" data-image-title=\"TOM_0317bis4\" data-image-description=\"\" data-medium-file=\"https:\/\/i0.wp.com\/alpimages.ch\/wp-content\/uploads\/2020\/04\/TOM_0317bis4.jpg?fit=300%2C200&#038;ssl=1\" data-large-file=\"https:\/\/i0.wp.com\/alpimages.ch\/wp-content\/uploads\/2020\/04\/TOM_0317bis4.jpg?fit=680%2C454&#038;ssl=1\" src=\"https:\/\/i0.wp.com\/alpimages.ch\/wp-content\/uploads\/2020\/04\/TOM_0317bis4.jpg?w=367&#038;h=244&#038;ssl=1\" srcset=\"https:\/\/i0.wp.com\/alpimages.ch\/wp-content\/uploads\/2020\/04\/TOM_0317bis4.jpg?w=1950&amp;ssl=1 1950w, https:\/\/i0.wp.com\/alpimages.ch\/wp-content\/uploads\/2020\/04\/TOM_0317bis4.jpg?resize=300%2C200&amp;ssl=1 300w, https:\/\/i0.wp.com\/alpimages.ch\/wp-content\/uploads\/2020\/04\/TOM_0317bis4.jpg?resize=1024%2C683&amp;ssl=1 1024w, https:\/\/i0.wp.com\/alpimages.ch\/wp-content\/uploads\/2020\/04\/TOM_0317bis4.jpg?resize=150%2C100&amp;ssl=1 150w, https:\/\/i0.wp.com\/alpimages.ch\/wp-content\/uploads\/2020\/04\/TOM_0317bis4.jpg?resize=768%2C512&amp;ssl=1 768w, https:\/\/i0.wp.com\/alpimages.ch\/wp-content\/uploads\/2020\/04\/TOM_0317bis4.jpg?resize=1536%2C1024&amp;ssl=1 1536w, https:\/\/i0.wp.com\/alpimages.ch\/wp-content\/uploads\/2020\/04\/TOM_0317bis4.jpg?resize=317%2C211&amp;ssl=1 317w, https:\/\/i0.wp.com\/alpimages.ch\/wp-content\/uploads\/2020\/04\/TOM_0317bis4.jpg?w=1360&amp;ssl=1 1360w\" width=\"367\" height=\"244\" loading=\"lazy\" data-original-width=\"367\" data-original-height=\"244\" itemprop=\"http:\/\/schema.org\/image\" title=\"TOM_0317bis4\" alt=\"TOM_0317bis4\" style=\"width: 367px; height: 244px;\" \/> <\/a> <\/div> <div class=\"tiled-gallery-item tiled-gallery-item-large\" itemprop=\"associatedMedia\" itemscope itemtype=\"http:\/\/schema.org\/ImageObject\"> <a href=\"https:\/\/alpimages.ch\/en\/photographie-sport\/tom_0134bis\/\" border=\"0\" itemprop=\"url\"> <meta itemprop=\"width\" content=\"367\"> <meta itemprop=\"height\" content=\"210\"> <img decoding=\"async\" class=\"\" data-attachment-id=\"7601\" data-orig-file=\"https:\/\/alpimages.ch\/wp-content\/uploads\/2020\/04\/TOM_0134bis.jpg\" data-orig-size=\"3796,2169\" data-comments-opened=\"\" data-image-meta=\"{&quot;aperture&quot;:&quot;10&quot;,&quot;credit&quot;:&quot;THOMAS ROULIN&quot;,&quot;camera&quot;:&quot;NIKON D3&quot;,&quot;caption&quot;:&quot;&quot;,&quot;created_timestamp&quot;:&quot;1258921959&quot;,&quot;copyright&quot;:&quot;ALL RESERVEDD@D&quot;,&quot;focal_length&quot;:&quot;700&quot;,&quot;iso&quot;:&quot;640&quot;,&quot;shutter_speed&quot;:&quot;0.0005&quot;,&quot;title&quot;:&quot;&quot;,&quot;orientation&quot;:&quot;1&quot;}\" data-image-title=\"TOM_0134bis\" data-image-description=\"\" data-medium-file=\"https:\/\/i0.wp.com\/alpimages.ch\/wp-content\/uploads\/2020\/04\/TOM_0134bis.jpg?fit=300%2C171&#038;ssl=1\" data-large-file=\"https:\/\/i0.wp.com\/alpimages.ch\/wp-content\/uploads\/2020\/04\/TOM_0134bis.jpg?fit=680%2C388&#038;ssl=1\" src=\"https:\/\/i0.wp.com\/alpimages.ch\/wp-content\/uploads\/2020\/04\/TOM_0134bis.jpg?w=367&#038;h=210&#038;ssl=1\" srcset=\"https:\/\/i0.wp.com\/alpimages.ch\/wp-content\/uploads\/2020\/04\/TOM_0134bis.jpg?w=3796&amp;ssl=1 3796w, https:\/\/i0.wp.com\/alpimages.ch\/wp-content\/uploads\/2020\/04\/TOM_0134bis.jpg?resize=300%2C171&amp;ssl=1 300w, https:\/\/i0.wp.com\/alpimages.ch\/wp-content\/uploads\/2020\/04\/TOM_0134bis.jpg?resize=1024%2C585&amp;ssl=1 1024w, https:\/\/i0.wp.com\/alpimages.ch\/wp-content\/uploads\/2020\/04\/TOM_0134bis.jpg?resize=150%2C86&amp;ssl=1 150w, https:\/\/i0.wp.com\/alpimages.ch\/wp-content\/uploads\/2020\/04\/TOM_0134bis.jpg?resize=768%2C439&amp;ssl=1 768w, https:\/\/i0.wp.com\/alpimages.ch\/wp-content\/uploads\/2020\/04\/TOM_0134bis.jpg?resize=1536%2C878&amp;ssl=1 1536w, https:\/\/i0.wp.com\/alpimages.ch\/wp-content\/uploads\/2020\/04\/TOM_0134bis.jpg?resize=2048%2C1170&amp;ssl=1 2048w, https:\/\/i0.wp.com\/alpimages.ch\/wp-content\/uploads\/2020\/04\/TOM_0134bis.jpg?resize=317%2C181&amp;ssl=1 317w, https:\/\/i0.wp.com\/alpimages.ch\/wp-content\/uploads\/2020\/04\/TOM_0134bis.jpg?w=1360&amp;ssl=1 1360w\" width=\"367\" height=\"210\" loading=\"lazy\" data-original-width=\"367\" data-original-height=\"210\" itemprop=\"http:\/\/schema.org\/image\" title=\"TOM_0134bis\" alt=\"TOM_0134bis\" style=\"width: 367px; height: 210px;\" \/> <\/a> <\/div> <\/div> <!-- close group --> <\/div> <!-- close row --> <div class=\"gallery-row\" style=\"width: 680px; height: 332px;\" data-original-width=\"680\" data-original-height=\"332\" > <div class=\"gallery-group images-1\" style=\"width: 680px; height: 332px;\" data-original-width=\"680\" data-original-height=\"332\" > <div class=\"tiled-gallery-item tiled-gallery-item-large\" itemprop=\"associatedMedia\" itemscope itemtype=\"http:\/\/schema.org\/ImageObject\"> <a href=\"https:\/\/alpimages.ch\/en\/photographie-sport\/tom_0012-1-2\/\" border=\"0\" itemprop=\"url\"> <meta itemprop=\"width\" content=\"676\"> <meta itemprop=\"height\" content=\"328\"> <img decoding=\"async\" class=\"\" data-attachment-id=\"7600\" data-orig-file=\"https:\/\/alpimages.ch\/wp-content\/uploads\/2020\/04\/TOM_0012-1.jpg\" data-orig-size=\"1772,860\" data-comments-opened=\"\" data-image-meta=\"{&quot;aperture&quot;:&quot;7.1&quot;,&quot;credit&quot;:&quot;&quot;,&quot;camera&quot;:&quot;NIKON D3&quot;,&quot;caption&quot;:&quot;&quot;,&quot;created_timestamp&quot;:&quot;1319480030&quot;,&quot;copyright&quot;:&quot;&quot;,&quot;focal_length&quot;:&quot;500&quot;,&quot;iso&quot;:&quot;400&quot;,&quot;shutter_speed&quot;:&quot;0.000625&quot;,&quot;title&quot;:&quot;&quot;,&quot;orientation&quot;:&quot;0&quot;}\" data-image-title=\"TOM_0012-1\" data-image-description=\"\" data-medium-file=\"https:\/\/i0.wp.com\/alpimages.ch\/wp-content\/uploads\/2020\/04\/TOM_0012-1.jpg?fit=300%2C146&#038;ssl=1\" data-large-file=\"https:\/\/i0.wp.com\/alpimages.ch\/wp-content\/uploads\/2020\/04\/TOM_0012-1.jpg?fit=680%2C330&#038;ssl=1\" src=\"https:\/\/i0.wp.com\/alpimages.ch\/wp-content\/uploads\/2020\/04\/TOM_0012-1.jpg?w=676&#038;h=328&#038;ssl=1\" srcset=\"https:\/\/i0.wp.com\/alpimages.ch\/wp-content\/uploads\/2020\/04\/TOM_0012-1.jpg?w=1772&amp;ssl=1 1772w, https:\/\/i0.wp.com\/alpimages.ch\/wp-content\/uploads\/2020\/04\/TOM_0012-1.jpg?resize=300%2C146&amp;ssl=1 300w, https:\/\/i0.wp.com\/alpimages.ch\/wp-content\/uploads\/2020\/04\/TOM_0012-1.jpg?resize=1024%2C497&amp;ssl=1 1024w, https:\/\/i0.wp.com\/alpimages.ch\/wp-content\/uploads\/2020\/04\/TOM_0012-1.jpg?resize=150%2C73&amp;ssl=1 150w, https:\/\/i0.wp.com\/alpimages.ch\/wp-content\/uploads\/2020\/04\/TOM_0012-1.jpg?resize=768%2C373&amp;ssl=1 768w, https:\/\/i0.wp.com\/alpimages.ch\/wp-content\/uploads\/2020\/04\/TOM_0012-1.jpg?resize=1536%2C745&amp;ssl=1 1536w, https:\/\/i0.wp.com\/alpimages.ch\/wp-content\/uploads\/2020\/04\/TOM_0012-1.jpg?resize=317%2C154&amp;ssl=1 317w, https:\/\/i0.wp.com\/alpimages.ch\/wp-content\/uploads\/2020\/04\/TOM_0012-1.jpg?w=1360&amp;ssl=1 1360w\" width=\"676\" height=\"328\" loading=\"lazy\" data-original-width=\"676\" data-original-height=\"328\" itemprop=\"http:\/\/schema.org\/image\" title=\"TOM_0012-1\" alt=\"TOM_0012-1\" style=\"width: 676px; height: 328px;\" \/> <\/a> <\/div> <\/div> <!-- close group --> <\/div> <!-- close row --> <div class=\"gallery-row\" style=\"width: 680px; height: 291px;\" data-original-width=\"680\" data-original-height=\"291\" > <div class=\"gallery-group images-2\" style=\"width: 246px; height: 291px;\" data-original-width=\"246\" data-original-height=\"291\" > <div class=\"tiled-gallery-item tiled-gallery-item-small\" itemprop=\"associatedMedia\" itemscope itemtype=\"http:\/\/schema.org\/ImageObject\"> <a href=\"https:\/\/alpimages.ch\/en\/photographie-sport\/copyright-alpimagesverbier-ch-2984\/\" border=\"0\" itemprop=\"url\"> <meta itemprop=\"width\" content=\"242\"> <meta itemprop=\"height\" content=\"162\"> <img decoding=\"async\" class=\"\" data-attachment-id=\"7599\" data-orig-file=\"https:\/\/alpimages.ch\/wp-content\/uploads\/2020\/04\/Copyright-Alpimages@verbier.ch-2984.jpg\" data-orig-size=\"6000,4000\" data-comments-opened=\"\" data-image-meta=\"{&quot;aperture&quot;:&quot;5&quot;,&quot;credit&quot;:&quot;&quot;,&quot;camera&quot;:&quot;NIKON D5&quot;,&quot;caption&quot;:&quot;&quot;,&quot;created_timestamp&quot;:&quot;1558819942&quot;,&quot;copyright&quot;:&quot;&quot;,&quot;focal_length&quot;:&quot;24&quot;,&quot;iso&quot;:&quot;1250&quot;,&quot;shutter_speed&quot;:&quot;0.005&quot;,&quot;title&quot;:&quot;&quot;,&quot;orientation&quot;:&quot;0&quot;}\" data-image-title=\"Copyright-Alpimages@verbier.ch-2984\" data-image-description=\"\" data-medium-file=\"https:\/\/i0.wp.com\/alpimages.ch\/wp-content\/uploads\/2020\/04\/Copyright-Alpimages%40verbier.ch-2984.jpg?fit=300%2C200&#038;ssl=1\" data-large-file=\"https:\/\/i0.wp.com\/alpimages.ch\/wp-content\/uploads\/2020\/04\/Copyright-Alpimages%40verbier.ch-2984.jpg?fit=680%2C454&#038;ssl=1\" src=\"https:\/\/i0.wp.com\/alpimages.ch\/wp-content\/uploads\/2020\/04\/Copyright-Alpimages%40verbier.ch-2984.jpg?w=242&#038;h=162&#038;ssl=1\" width=\"242\" height=\"162\" loading=\"lazy\" data-original-width=\"242\" data-original-height=\"162\" itemprop=\"http:\/\/schema.org\/image\" title=\"Copyright-Alpimages@verbier.ch-2984\" alt=\"Copyright-Alpimages@verbier.ch-2984\" style=\"width: 242px; height: 162px;\" \/> <\/a> <\/div> <div class=\"tiled-gallery-item tiled-gallery-item-small\" itemprop=\"associatedMedia\" itemscope itemtype=\"http:\/\/schema.org\/ImageObject\"> <a href=\"https:\/\/alpimages.ch\/en\/photographie-sport\/compoflip\/\" border=\"0\" itemprop=\"url\"> <meta itemprop=\"width\" content=\"242\"> <meta itemprop=\"height\" content=\"121\"> <img decoding=\"async\" class=\"\" data-attachment-id=\"7598\" data-orig-file=\"https:\/\/alpimages.ch\/wp-content\/uploads\/2020\/04\/CompoFLIP.jpg\" data-orig-size=\"2833,1417\" data-comments-opened=\"\" data-image-meta=\"{&quot;aperture&quot;:&quot;0&quot;,&quot;credit&quot;:&quot;&quot;,&quot;camera&quot;:&quot;&quot;,&quot;caption&quot;:&quot;&quot;,&quot;created_timestamp&quot;:&quot;0&quot;,&quot;copyright&quot;:&quot;&quot;,&quot;focal_length&quot;:&quot;0&quot;,&quot;iso&quot;:&quot;0&quot;,&quot;shutter_speed&quot;:&quot;0&quot;,&quot;title&quot;:&quot;&quot;,&quot;orientation&quot;:&quot;1&quot;}\" data-image-title=\"CompoFLIP\" data-image-description=\"\" data-medium-file=\"https:\/\/i0.wp.com\/alpimages.ch\/wp-content\/uploads\/2020\/04\/CompoFLIP.jpg?fit=300%2C150&#038;ssl=1\" data-large-file=\"https:\/\/i0.wp.com\/alpimages.ch\/wp-content\/uploads\/2020\/04\/CompoFLIP.jpg?fit=680%2C340&#038;ssl=1\" src=\"https:\/\/i0.wp.com\/alpimages.ch\/wp-content\/uploads\/2020\/04\/CompoFLIP.jpg?w=242&#038;h=121&#038;ssl=1\" srcset=\"https:\/\/i0.wp.com\/alpimages.ch\/wp-content\/uploads\/2020\/04\/CompoFLIP.jpg?w=2833&amp;ssl=1 2833w, https:\/\/i0.wp.com\/alpimages.ch\/wp-content\/uploads\/2020\/04\/CompoFLIP.jpg?resize=300%2C150&amp;ssl=1 300w, https:\/\/i0.wp.com\/alpimages.ch\/wp-content\/uploads\/2020\/04\/CompoFLIP.jpg?resize=1024%2C512&amp;ssl=1 1024w, https:\/\/i0.wp.com\/alpimages.ch\/wp-content\/uploads\/2020\/04\/CompoFLIP.jpg?resize=150%2C75&amp;ssl=1 150w, https:\/\/i0.wp.com\/alpimages.ch\/wp-content\/uploads\/2020\/04\/CompoFLIP.jpg?resize=768%2C384&amp;ssl=1 768w, https:\/\/i0.wp.com\/alpimages.ch\/wp-content\/uploads\/2020\/04\/CompoFLIP.jpg?resize=1536%2C768&amp;ssl=1 1536w, https:\/\/i0.wp.com\/alpimages.ch\/wp-content\/uploads\/2020\/04\/CompoFLIP.jpg?resize=2048%2C1024&amp;ssl=1 2048w, https:\/\/i0.wp.com\/alpimages.ch\/wp-content\/uploads\/2020\/04\/CompoFLIP.jpg?resize=317%2C159&amp;ssl=1 317w, https:\/\/i0.wp.com\/alpimages.ch\/wp-content\/uploads\/2020\/04\/CompoFLIP.jpg?w=1360&amp;ssl=1 1360w\" width=\"242\" height=\"121\" loading=\"lazy\" data-original-width=\"242\" data-original-height=\"121\" itemprop=\"http:\/\/schema.org\/image\" title=\"CompoFLIP\" alt=\"CompoFLIP\" style=\"width: 242px; height: 121px;\" \/> <\/a> <\/div> <\/div> <!-- close group --> <div class=\"gallery-group images-1\" style=\"width: 434px; height: 291px;\" data-original-width=\"434\" data-original-height=\"291\" > <div class=\"tiled-gallery-item tiled-gallery-item-large\" itemprop=\"associatedMedia\" itemscope itemtype=\"http:\/\/schema.org\/ImageObject\"> <a href=\"https:\/\/alpimages.ch\/en\/photographie-sport\/alpimagesverbier-ch-7911\/\" border=\"0\" itemprop=\"url\"> <meta itemprop=\"width\" content=\"430\"> <meta itemprop=\"height\" content=\"287\"> <img decoding=\"async\" class=\"\" data-attachment-id=\"7596\" data-orig-file=\"https:\/\/alpimages.ch\/wp-content\/uploads\/2020\/04\/Alpimages@verbier.ch-7911.jpg\" data-orig-size=\"6491,4332\" data-comments-opened=\"\" data-image-meta=\"{&quot;aperture&quot;:&quot;4&quot;,&quot;credit&quot;:&quot;&quot;,&quot;camera&quot;:&quot;NIKON D810&quot;,&quot;caption&quot;:&quot;&quot;,&quot;created_timestamp&quot;:&quot;1527184036&quot;,&quot;copyright&quot;:&quot;&quot;,&quot;focal_length&quot;:&quot;500&quot;,&quot;iso&quot;:&quot;500&quot;,&quot;shutter_speed&quot;:&quot;0.000625&quot;,&quot;title&quot;:&quot;&quot;,&quot;orientation&quot;:&quot;0&quot;}\" data-image-title=\"Alpimages@verbier.ch-7911\" data-image-description=\"\" data-medium-file=\"https:\/\/i0.wp.com\/alpimages.ch\/wp-content\/uploads\/2020\/04\/Alpimages%40verbier.ch-7911.jpg?fit=300%2C200&#038;ssl=1\" data-large-file=\"https:\/\/i0.wp.com\/alpimages.ch\/wp-content\/uploads\/2020\/04\/Alpimages%40verbier.ch-7911.jpg?fit=680%2C454&#038;ssl=1\" src=\"https:\/\/i0.wp.com\/alpimages.ch\/wp-content\/uploads\/2020\/04\/Alpimages%40verbier.ch-7911.jpg?w=430&#038;h=287&#038;ssl=1\" width=\"430\" height=\"287\" loading=\"lazy\" data-original-width=\"430\" data-original-height=\"287\" itemprop=\"http:\/\/schema.org\/image\" title=\"Alpimages@verbier.ch-7911\" alt=\"Alpimages@verbier.ch-7911\" style=\"width: 430px; height: 287px;\" \/> <\/a> <\/div> <\/div> <!-- close group --> <\/div> <!-- close row --> <div class=\"gallery-row\" style=\"width: 680px; height: 228px;\" data-original-width=\"680\" data-original-height=\"228\" > <div class=\"gallery-group images-1\" style=\"width: 340px; height: 228px;\" data-original-width=\"340\" data-original-height=\"228\" > <div class=\"tiled-gallery-item tiled-gallery-item-large\" itemprop=\"associatedMedia\" itemscope itemtype=\"http:\/\/schema.org\/ImageObject\"> <a href=\"https:\/\/alpimages.ch\/en\/photographie-sport\/alpimagesthomas-roulin-6178-3\/\" border=\"0\" itemprop=\"url\"> <meta itemprop=\"width\" content=\"336\"> <meta itemprop=\"height\" content=\"224\"> <img decoding=\"async\" class=\"\" data-attachment-id=\"7597\" data-orig-file=\"https:\/\/alpimages.ch\/wp-content\/uploads\/2020\/04\/Alpimages\u00a9Thomas-Roulin-6178.jpg\" data-orig-size=\"9000,6007\" data-comments-opened=\"\" data-image-meta=\"{&quot;aperture&quot;:&quot;8&quot;,&quot;credit&quot;:&quot;&quot;,&quot;camera&quot;:&quot;NIKON D800&quot;,&quot;caption&quot;:&quot;&quot;,&quot;created_timestamp&quot;:&quot;1444988660&quot;,&quot;copyright&quot;:&quot;&quot;,&quot;focal_length&quot;:&quot;120&quot;,&quot;iso&quot;:&quot;160&quot;,&quot;shutter_speed&quot;:&quot;0.003125&quot;,&quot;title&quot;:&quot;&quot;,&quot;orientation&quot;:&quot;0&quot;}\" data-image-title=\"Alpimages\u00a9Thomas Roulin&amp;#8211;6178\" data-image-description=\"\" data-medium-file=\"https:\/\/i0.wp.com\/alpimages.ch\/wp-content\/uploads\/2020\/04\/Alpimages%C2%A9Thomas-Roulin-6178.jpg?fit=300%2C200&#038;ssl=1\" data-large-file=\"https:\/\/i0.wp.com\/alpimages.ch\/wp-content\/uploads\/2020\/04\/Alpimages%C2%A9Thomas-Roulin-6178.jpg?fit=680%2C454&#038;ssl=1\" src=\"https:\/\/i0.wp.com\/alpimages.ch\/wp-content\/uploads\/2020\/04\/Alpimages%C2%A9Thomas-Roulin-6178.jpg?w=336&#038;h=224&#038;ssl=1\" width=\"336\" height=\"224\" loading=\"lazy\" data-original-width=\"336\" data-original-height=\"224\" itemprop=\"http:\/\/schema.org\/image\" title=\"Alpimages\u00a9Thomas Roulin--6178\" alt=\"Alpimages\u00a9Thomas Roulin--6178\" style=\"width: 336px; height: 224px;\" \/> <\/a> <\/div> <\/div> <!-- close group --> <div class=\"gallery-group images-1\" style=\"width: 340px; height: 228px;\" data-original-width=\"340\" data-original-height=\"228\" > <div class=\"tiled-gallery-item tiled-gallery-item-large\" itemprop=\"associatedMedia\" itemscope itemtype=\"http:\/\/schema.org\/ImageObject\"> <a href=\"https:\/\/alpimages.ch\/en\/photographie-sport\/_dju2695-2\/\" border=\"0\" itemprop=\"url\"> <meta itemprop=\"width\" content=\"336\"> <meta itemprop=\"height\" content=\"224\"> <img decoding=\"async\" class=\"\" data-attachment-id=\"7592\" data-orig-file=\"https:\/\/alpimages.ch\/wp-content\/uploads\/2020\/04\/DJU2695-2.jpg\" data-orig-size=\"4455,2970\" data-comments-opened=\"\" data-image-meta=\"{&quot;aperture&quot;:&quot;4&quot;,&quot;credit&quot;:&quot;&quot;,&quot;camera&quot;:&quot;NIKON D800&quot;,&quot;caption&quot;:&quot;&quot;,&quot;created_timestamp&quot;:&quot;1578143255&quot;,&quot;copyright&quot;:&quot;&quot;,&quot;focal_length&quot;:&quot;200&quot;,&quot;iso&quot;:&quot;100&quot;,&quot;shutter_speed&quot;:&quot;0.000625&quot;,&quot;title&quot;:&quot;&quot;,&quot;orientation&quot;:&quot;0&quot;}\" data-image-title=\"_DJU2695-2\" data-image-description=\"\" data-medium-file=\"https:\/\/i0.wp.com\/alpimages.ch\/wp-content\/uploads\/2020\/04\/DJU2695-2.jpg?fit=300%2C200&#038;ssl=1\" data-large-file=\"https:\/\/i0.wp.com\/alpimages.ch\/wp-content\/uploads\/2020\/04\/DJU2695-2.jpg?fit=680%2C454&#038;ssl=1\" src=\"https:\/\/i0.wp.com\/alpimages.ch\/wp-content\/uploads\/2020\/04\/DJU2695-2.jpg?w=336&#038;h=224&#038;ssl=1\" srcset=\"https:\/\/i0.wp.com\/alpimages.ch\/wp-content\/uploads\/2020\/04\/DJU2695-2.jpg?w=4455&amp;ssl=1 4455w, https:\/\/i0.wp.com\/alpimages.ch\/wp-content\/uploads\/2020\/04\/DJU2695-2.jpg?resize=300%2C200&amp;ssl=1 300w, https:\/\/i0.wp.com\/alpimages.ch\/wp-content\/uploads\/2020\/04\/DJU2695-2.jpg?resize=1024%2C683&amp;ssl=1 1024w, https:\/\/i0.wp.com\/alpimages.ch\/wp-content\/uploads\/2020\/04\/DJU2695-2.jpg?resize=150%2C100&amp;ssl=1 150w, https:\/\/i0.wp.com\/alpimages.ch\/wp-content\/uploads\/2020\/04\/DJU2695-2.jpg?resize=768%2C512&amp;ssl=1 768w, https:\/\/i0.wp.com\/alpimages.ch\/wp-content\/uploads\/2020\/04\/DJU2695-2.jpg?resize=1536%2C1024&amp;ssl=1 1536w, https:\/\/i0.wp.com\/alpimages.ch\/wp-content\/uploads\/2020\/04\/DJU2695-2.jpg?resize=2048%2C1365&amp;ssl=1 2048w, https:\/\/i0.wp.com\/alpimages.ch\/wp-content\/uploads\/2020\/04\/DJU2695-2.jpg?resize=317%2C211&amp;ssl=1 317w, https:\/\/i0.wp.com\/alpimages.ch\/wp-content\/uploads\/2020\/04\/DJU2695-2.jpg?w=1360&amp;ssl=1 1360w\" width=\"336\" height=\"224\" loading=\"lazy\" data-original-width=\"336\" data-original-height=\"224\" itemprop=\"http:\/\/schema.org\/image\" title=\"_DJU2695-2\" alt=\"_DJU2695-2\" style=\"width: 336px; height: 224px;\" \/> <\/a> <\/div> <\/div> <!-- close group --> <\/div> <!-- close row --> <div class=\"gallery-row\" style=\"width: 680px; height: 216px;\" data-original-width=\"680\" data-original-height=\"216\" > <div class=\"gallery-group images-1\" style=\"width: 357px; height: 216px;\" data-original-width=\"357\" data-original-height=\"216\" > <div class=\"tiled-gallery-item tiled-gallery-item-large\" itemprop=\"associatedMedia\" itemscope itemtype=\"http:\/\/schema.org\/ImageObject\"> <a href=\"https:\/\/alpimages.ch\/en\/photographie-sport\/_mg_8491-3\/\" border=\"0\" itemprop=\"url\"> <meta itemprop=\"width\" content=\"353\"> <meta itemprop=\"height\" content=\"212\"> <img decoding=\"async\" class=\"\" data-attachment-id=\"7593\" data-orig-file=\"https:\/\/alpimages.ch\/wp-content\/uploads\/2020\/04\/MG_8491.jpg\" data-orig-size=\"3543,2129\" data-comments-opened=\"\" data-image-meta=\"{&quot;aperture&quot;:&quot;11&quot;,&quot;credit&quot;:&quot;&quot;,&quot;camera&quot;:&quot;Canon EOS 5D Mark II&quot;,&quot;caption&quot;:&quot;&quot;,&quot;created_timestamp&quot;:&quot;1319943596&quot;,&quot;copyright&quot;:&quot;&quot;,&quot;focal_length&quot;:&quot;25&quot;,&quot;iso&quot;:&quot;320&quot;,&quot;shutter_speed&quot;:&quot;0.00125&quot;,&quot;title&quot;:&quot;&quot;,&quot;orientation&quot;:&quot;0&quot;}\" data-image-title=\"_MG_8491\" data-image-description=\"\" data-medium-file=\"https:\/\/i0.wp.com\/alpimages.ch\/wp-content\/uploads\/2020\/04\/MG_8491.jpg?fit=300%2C180&#038;ssl=1\" data-large-file=\"https:\/\/i0.wp.com\/alpimages.ch\/wp-content\/uploads\/2020\/04\/MG_8491.jpg?fit=680%2C408&#038;ssl=1\" src=\"https:\/\/i0.wp.com\/alpimages.ch\/wp-content\/uploads\/2020\/04\/MG_8491.jpg?w=353&#038;h=212&#038;ssl=1\" srcset=\"https:\/\/i0.wp.com\/alpimages.ch\/wp-content\/uploads\/2020\/04\/MG_8491.jpg?w=3543&amp;ssl=1 3543w, https:\/\/i0.wp.com\/alpimages.ch\/wp-content\/uploads\/2020\/04\/MG_8491.jpg?resize=300%2C180&amp;ssl=1 300w, https:\/\/i0.wp.com\/alpimages.ch\/wp-content\/uploads\/2020\/04\/MG_8491.jpg?resize=1024%2C615&amp;ssl=1 1024w, https:\/\/i0.wp.com\/alpimages.ch\/wp-content\/uploads\/2020\/04\/MG_8491.jpg?resize=150%2C90&amp;ssl=1 150w, https:\/\/i0.wp.com\/alpimages.ch\/wp-content\/uploads\/2020\/04\/MG_8491.jpg?resize=768%2C461&amp;ssl=1 768w, https:\/\/i0.wp.com\/alpimages.ch\/wp-content\/uploads\/2020\/04\/MG_8491.jpg?resize=1536%2C923&amp;ssl=1 1536w, https:\/\/i0.wp.com\/alpimages.ch\/wp-content\/uploads\/2020\/04\/MG_8491.jpg?resize=2048%2C1231&amp;ssl=1 2048w, https:\/\/i0.wp.com\/alpimages.ch\/wp-content\/uploads\/2020\/04\/MG_8491.jpg?resize=317%2C190&amp;ssl=1 317w, https:\/\/i0.wp.com\/alpimages.ch\/wp-content\/uploads\/2020\/04\/MG_8491.jpg?w=1360&amp;ssl=1 1360w\" width=\"353\" height=\"212\" loading=\"lazy\" data-original-width=\"353\" data-original-height=\"212\" itemprop=\"http:\/\/schema.org\/image\" title=\"_MG_8491\" alt=\"_MG_8491\" style=\"width: 353px; height: 212px;\" \/> <\/a> <\/div> <\/div> <!-- close group --> <div class=\"gallery-group images-1\" style=\"width: 323px; height: 216px;\" data-original-width=\"323\" data-original-height=\"216\" > <div class=\"tiled-gallery-item tiled-gallery-item-large\" itemprop=\"associatedMedia\" itemscope itemtype=\"http:\/\/schema.org\/ImageObject\"> <a href=\"https:\/\/alpimages.ch\/en\/photographie-sport\/alpimagesverbier-ch-thomas-roulin-2669-2\/\" border=\"0\" itemprop=\"url\"> <meta itemprop=\"width\" content=\"319\"> <meta itemprop=\"height\" content=\"212\"> <img decoding=\"async\" class=\"\" data-attachment-id=\"7594\" data-orig-file=\"https:\/\/alpimages.ch\/wp-content\/uploads\/2020\/04\/alpimages@verbier.ch-Thomas-Roulin-2669.jpg\" data-orig-size=\"9000,6000\" data-comments-opened=\"\" data-image-meta=\"{&quot;aperture&quot;:&quot;4&quot;,&quot;credit&quot;:&quot;&quot;,&quot;camera&quot;:&quot;NIKON D5&quot;,&quot;caption&quot;:&quot;&quot;,&quot;created_timestamp&quot;:&quot;1495735762&quot;,&quot;copyright&quot;:&quot;&quot;,&quot;focal_length&quot;:&quot;300&quot;,&quot;iso&quot;:&quot;640&quot;,&quot;shutter_speed&quot;:&quot;0.000625&quot;,&quot;title&quot;:&quot;&quot;,&quot;orientation&quot;:&quot;0&quot;}\" data-image-title=\"alpimages@verbier.ch Thomas Roulin-2669\" data-image-description=\"\" data-medium-file=\"https:\/\/i0.wp.com\/alpimages.ch\/wp-content\/uploads\/2020\/04\/alpimages%40verbier.ch-Thomas-Roulin-2669.jpg?fit=300%2C200&#038;ssl=1\" data-large-file=\"https:\/\/i0.wp.com\/alpimages.ch\/wp-content\/uploads\/2020\/04\/alpimages%40verbier.ch-Thomas-Roulin-2669.jpg?fit=680%2C454&#038;ssl=1\" src=\"https:\/\/i0.wp.com\/alpimages.ch\/wp-content\/uploads\/2020\/04\/alpimages%40verbier.ch-Thomas-Roulin-2669.jpg?w=319&#038;h=212&#038;ssl=1\" width=\"319\" height=\"212\" loading=\"lazy\" data-original-width=\"319\" data-original-height=\"212\" itemprop=\"http:\/\/schema.org\/image\" title=\"alpimages@verbier.ch Thomas Roulin-2669\" alt=\"alpimages@verbier.ch Thomas Roulin-2669\" style=\"width: 319px; height: 212px;\" \/> <\/a> <\/div> <\/div> <!-- close group --> <\/div> <!-- close row --> <div class=\"gallery-row\" style=\"width: 680px; height: 228px;\" data-original-width=\"680\" data-original-height=\"228\" > <div class=\"gallery-group images-1\" style=\"width: 340px; height: 228px;\" data-original-width=\"340\" data-original-height=\"228\" > <div class=\"tiled-gallery-item tiled-gallery-item-large\" itemprop=\"associatedMedia\" itemscope itemtype=\"http:\/\/schema.org\/ImageObject\"> <a href=\"https:\/\/alpimages.ch\/en\/photographie-sport\/alpimagesverbier-ch-thomas-roulin-2177\/\" border=\"0\" itemprop=\"url\"> <meta itemprop=\"width\" content=\"336\"> <meta itemprop=\"height\" content=\"224\"> <img decoding=\"async\" class=\"\" data-attachment-id=\"1872\" data-orig-file=\"https:\/\/alpimages.ch\/wp-content\/uploads\/2018\/11\/alpimages@verbier.ch-Thomas-Roulin-2177.jpg\" data-orig-size=\"9000,6000\" data-comments-opened=\"\" data-image-meta=\"{&quot;aperture&quot;:&quot;2.8&quot;,&quot;credit&quot;:&quot;&quot;,&quot;camera&quot;:&quot;NIKON D5&quot;,&quot;caption&quot;:&quot;&quot;,&quot;created_timestamp&quot;:&quot;1495727368&quot;,&quot;copyright&quot;:&quot;&quot;,&quot;focal_length&quot;:&quot;300&quot;,&quot;iso&quot;:&quot;250&quot;,&quot;shutter_speed&quot;:&quot;0.00025&quot;,&quot;title&quot;:&quot;&quot;,&quot;orientation&quot;:&quot;0&quot;}\" data-image-title=\"alpimages@verbier.ch Thomas Roulin-2177\" data-image-description=\"\" data-medium-file=\"https:\/\/i0.wp.com\/alpimages.ch\/wp-content\/uploads\/2018\/11\/alpimages%40verbier.ch-Thomas-Roulin-2177.jpg?fit=300%2C200&#038;ssl=1\" data-large-file=\"https:\/\/i0.wp.com\/alpimages.ch\/wp-content\/uploads\/2018\/11\/alpimages%40verbier.ch-Thomas-Roulin-2177.jpg?fit=680%2C454&#038;ssl=1\" src=\"https:\/\/i0.wp.com\/alpimages.ch\/wp-content\/uploads\/2018\/11\/alpimages%40verbier.ch-Thomas-Roulin-2177.jpg?w=336&#038;h=224&#038;ssl=1\" width=\"336\" height=\"224\" loading=\"lazy\" data-original-width=\"336\" data-original-height=\"224\" itemprop=\"http:\/\/schema.org\/image\" title=\"alpimages@verbier.ch Thomas Roulin-2177\" alt=\"alpimages@verbier.ch Thomas Roulin-2177\" style=\"width: 336px; height: 224px;\" \/> <\/a> <\/div> <\/div> <!-- close group --> <div class=\"gallery-group images-1\" style=\"width: 340px; height: 228px;\" data-original-width=\"340\" data-original-height=\"228\" > <div class=\"tiled-gallery-item tiled-gallery-item-large\" itemprop=\"associatedMedia\" itemscope itemtype=\"http:\/\/schema.org\/ImageObject\"> <a href=\"https:\/\/alpimages.ch\/en\/photographie-sport\/alpimages-thomas-roulin-9831\/\" border=\"0\" itemprop=\"url\"> <meta itemprop=\"width\" content=\"336\"> <meta itemprop=\"height\" content=\"224\"> <img decoding=\"async\" class=\"\" data-attachment-id=\"1866\" data-orig-file=\"https:\/\/alpimages.ch\/wp-content\/uploads\/2018\/11\/Alpimages-Thomas-Roulin-9831.jpg\" data-orig-size=\"3543,2362\" data-comments-opened=\"\" data-image-meta=\"{&quot;aperture&quot;:&quot;4.5&quot;,&quot;credit&quot;:&quot;ALIA GACHASSIN&quot;,&quot;camera&quot;:&quot;NIKON D5&quot;,&quot;caption&quot;:&quot;&quot;,&quot;created_timestamp&quot;:&quot;1486920168&quot;,&quot;copyright&quot;:&quot;ALIA GACHASSIN&quot;,&quot;focal_length&quot;:&quot;300&quot;,&quot;iso&quot;:&quot;2000&quot;,&quot;shutter_speed&quot;:&quot;0.000625&quot;,&quot;title&quot;:&quot;&quot;,&quot;orientation&quot;:&quot;0&quot;}\" data-image-title=\"Alpimages Thomas Roulin-9831\" data-image-description=\"\" data-medium-file=\"https:\/\/i0.wp.com\/alpimages.ch\/wp-content\/uploads\/2018\/11\/Alpimages-Thomas-Roulin-9831.jpg?fit=300%2C200&#038;ssl=1\" data-large-file=\"https:\/\/i0.wp.com\/alpimages.ch\/wp-content\/uploads\/2018\/11\/Alpimages-Thomas-Roulin-9831.jpg?fit=680%2C454&#038;ssl=1\" src=\"https:\/\/i0.wp.com\/alpimages.ch\/wp-content\/uploads\/2018\/11\/Alpimages-Thomas-Roulin-9831.jpg?w=336&#038;h=224&#038;ssl=1\" srcset=\"https:\/\/i0.wp.com\/alpimages.ch\/wp-content\/uploads\/2018\/11\/Alpimages-Thomas-Roulin-9831.jpg?w=3543&amp;ssl=1 3543w, https:\/\/i0.wp.com\/alpimages.ch\/wp-content\/uploads\/2018\/11\/Alpimages-Thomas-Roulin-9831.jpg?resize=150%2C100&amp;ssl=1 150w, https:\/\/i0.wp.com\/alpimages.ch\/wp-content\/uploads\/2018\/11\/Alpimages-Thomas-Roulin-9831.jpg?resize=300%2C200&amp;ssl=1 300w, https:\/\/i0.wp.com\/alpimages.ch\/wp-content\/uploads\/2018\/11\/Alpimages-Thomas-Roulin-9831.jpg?resize=768%2C512&amp;ssl=1 768w, https:\/\/i0.wp.com\/alpimages.ch\/wp-content\/uploads\/2018\/11\/Alpimages-Thomas-Roulin-9831.jpg?resize=1024%2C683&amp;ssl=1 1024w, https:\/\/i0.wp.com\/alpimages.ch\/wp-content\/uploads\/2018\/11\/Alpimages-Thomas-Roulin-9831.jpg?resize=317%2C211&amp;ssl=1 317w, https:\/\/i0.wp.com\/alpimages.ch\/wp-content\/uploads\/2018\/11\/Alpimages-Thomas-Roulin-9831.jpg?w=1360&amp;ssl=1 1360w, https:\/\/i0.wp.com\/alpimages.ch\/wp-content\/uploads\/2018\/11\/Alpimages-Thomas-Roulin-9831.jpg?w=2040&amp;ssl=1 2040w\" width=\"336\" height=\"224\" loading=\"lazy\" data-original-width=\"336\" data-original-height=\"224\" itemprop=\"http:\/\/schema.org\/image\" title=\"Alpimages Thomas Roulin-9831\" alt=\"Alpimages Thomas Roulin-9831\" style=\"width: 336px; height: 224px;\" \/> <\/a> <\/div> <\/div> <!-- close group --> <\/div> <!-- close row --> <div class=\"gallery-row\" style=\"width: 680px; height: 583px;\" data-original-width=\"680\" data-original-height=\"583\" > <div class=\"gallery-group images-1\" style=\"width: 390px; height: 583px;\" data-original-width=\"390\" data-original-height=\"583\" > <div class=\"tiled-gallery-item tiled-gallery-item-large\" itemprop=\"associatedMedia\" itemscope itemtype=\"http:\/\/schema.org\/ImageObject\"> <a href=\"https:\/\/alpimages.ch\/en\/photographie-sport\/tom_0125bis\/\" border=\"0\" itemprop=\"url\"> <meta itemprop=\"width\" content=\"386\"> <meta itemprop=\"height\" content=\"579\"> <img decoding=\"async\" class=\"\" data-attachment-id=\"1837\" data-orig-file=\"https:\/\/alpimages.ch\/wp-content\/uploads\/2018\/11\/TOM_0125bis.jpg\" data-orig-size=\"2169,3254\" data-comments-opened=\"\" data-image-meta=\"{&quot;aperture&quot;:&quot;20&quot;,&quot;credit&quot;:&quot;THOMAS ROULIN&quot;,&quot;camera&quot;:&quot;NIKON D3&quot;,&quot;caption&quot;:&quot;&quot;,&quot;created_timestamp&quot;:&quot;1256182182&quot;,&quot;copyright&quot;:&quot;ALL RESERVEDD@D&quot;,&quot;focal_length&quot;:&quot;200&quot;,&quot;iso&quot;:&quot;640&quot;,&quot;shutter_speed&quot;:&quot;0.003125&quot;,&quot;title&quot;:&quot;&quot;,&quot;orientation&quot;:&quot;1&quot;}\" data-image-title=\"TOM_0125bis\" data-image-description=\"\" data-medium-file=\"https:\/\/i0.wp.com\/alpimages.ch\/wp-content\/uploads\/2018\/11\/TOM_0125bis.jpg?fit=200%2C300&#038;ssl=1\" data-large-file=\"https:\/\/i0.wp.com\/alpimages.ch\/wp-content\/uploads\/2018\/11\/TOM_0125bis.jpg?fit=680%2C1020&#038;ssl=1\" src=\"https:\/\/i0.wp.com\/alpimages.ch\/wp-content\/uploads\/2018\/11\/TOM_0125bis.jpg?w=386&#038;h=579&#038;ssl=1\" srcset=\"https:\/\/i0.wp.com\/alpimages.ch\/wp-content\/uploads\/2018\/11\/TOM_0125bis.jpg?w=2169&amp;ssl=1 2169w, https:\/\/i0.wp.com\/alpimages.ch\/wp-content\/uploads\/2018\/11\/TOM_0125bis.jpg?resize=100%2C150&amp;ssl=1 100w, https:\/\/i0.wp.com\/alpimages.ch\/wp-content\/uploads\/2018\/11\/TOM_0125bis.jpg?resize=200%2C300&amp;ssl=1 200w, https:\/\/i0.wp.com\/alpimages.ch\/wp-content\/uploads\/2018\/11\/TOM_0125bis.jpg?resize=768%2C1152&amp;ssl=1 768w, https:\/\/i0.wp.com\/alpimages.ch\/wp-content\/uploads\/2018\/11\/TOM_0125bis.jpg?resize=683%2C1024&amp;ssl=1 683w, https:\/\/i0.wp.com\/alpimages.ch\/wp-content\/uploads\/2018\/11\/TOM_0125bis.jpg?resize=317%2C476&amp;ssl=1 317w, https:\/\/i0.wp.com\/alpimages.ch\/wp-content\/uploads\/2018\/11\/TOM_0125bis.jpg?w=1360&amp;ssl=1 1360w, https:\/\/i0.wp.com\/alpimages.ch\/wp-content\/uploads\/2018\/11\/TOM_0125bis.jpg?w=2040&amp;ssl=1 2040w\" width=\"386\" height=\"579\" loading=\"lazy\" data-original-width=\"386\" data-original-height=\"579\" itemprop=\"http:\/\/schema.org\/image\" title=\"TOM_0125bis\" alt=\"TOM_0125bis\" style=\"width: 386px; height: 579px;\" \/> <\/a> <\/div> <\/div> <!-- close group --> <div class=\"gallery-group images-3\" style=\"width: 290px; height: 583px;\" data-original-width=\"290\" data-original-height=\"583\" > <div class=\"tiled-gallery-item tiled-gallery-item-large\" itemprop=\"associatedMedia\" itemscope itemtype=\"http:\/\/schema.org\/ImageObject\"> <a href=\"https:\/\/alpimages.ch\/en\/photographie-sport\/alpimages-thomas-roulin-1254-2\/\" border=\"0\" itemprop=\"url\"> <meta itemprop=\"width\" content=\"286\"> <meta itemprop=\"height\" content=\"190\"> <img decoding=\"async\" class=\"\" data-attachment-id=\"1829\" data-orig-file=\"https:\/\/alpimages.ch\/wp-content\/uploads\/2018\/11\/Alpimages-Thomas-Roulin-1254.jpg\" data-orig-size=\"3543,2362\" data-comments-opened=\"\" data-image-meta=\"{&quot;aperture&quot;:&quot;4&quot;,&quot;credit&quot;:&quot;ALIA GACHASSIN&quot;,&quot;camera&quot;:&quot;NIKON D5&quot;,&quot;caption&quot;:&quot;&quot;,&quot;created_timestamp&quot;:&quot;1486936120&quot;,&quot;copyright&quot;:&quot;ALIA GACHASSIN&quot;,&quot;focal_length&quot;:&quot;95&quot;,&quot;iso&quot;:&quot;1600&quot;,&quot;shutter_speed&quot;:&quot;0.002&quot;,&quot;title&quot;:&quot;&quot;,&quot;orientation&quot;:&quot;0&quot;}\" data-image-title=\"Alpimages Thomas Roulin-1254\" data-image-description=\"\" data-medium-file=\"https:\/\/i0.wp.com\/alpimages.ch\/wp-content\/uploads\/2018\/11\/Alpimages-Thomas-Roulin-1254.jpg?fit=300%2C200&#038;ssl=1\" data-large-file=\"https:\/\/i0.wp.com\/alpimages.ch\/wp-content\/uploads\/2018\/11\/Alpimages-Thomas-Roulin-1254.jpg?fit=680%2C454&#038;ssl=1\" src=\"https:\/\/i0.wp.com\/alpimages.ch\/wp-content\/uploads\/2018\/11\/Alpimages-Thomas-Roulin-1254.jpg?w=286&#038;h=190&#038;ssl=1\" srcset=\"https:\/\/i0.wp.com\/alpimages.ch\/wp-content\/uploads\/2018\/11\/Alpimages-Thomas-Roulin-1254.jpg?w=3543&amp;ssl=1 3543w, https:\/\/i0.wp.com\/alpimages.ch\/wp-content\/uploads\/2018\/11\/Alpimages-Thomas-Roulin-1254.jpg?resize=150%2C100&amp;ssl=1 150w, https:\/\/i0.wp.com\/alpimages.ch\/wp-content\/uploads\/2018\/11\/Alpimages-Thomas-Roulin-1254.jpg?resize=300%2C200&amp;ssl=1 300w, https:\/\/i0.wp.com\/alpimages.ch\/wp-content\/uploads\/2018\/11\/Alpimages-Thomas-Roulin-1254.jpg?resize=768%2C512&amp;ssl=1 768w, https:\/\/i0.wp.com\/alpimages.ch\/wp-content\/uploads\/2018\/11\/Alpimages-Thomas-Roulin-1254.jpg?resize=1024%2C683&amp;ssl=1 1024w, https:\/\/i0.wp.com\/alpimages.ch\/wp-content\/uploads\/2018\/11\/Alpimages-Thomas-Roulin-1254.jpg?resize=317%2C211&amp;ssl=1 317w, https:\/\/i0.wp.com\/alpimages.ch\/wp-content\/uploads\/2018\/11\/Alpimages-Thomas-Roulin-1254.jpg?w=1360&amp;ssl=1 1360w, https:\/\/i0.wp.com\/alpimages.ch\/wp-content\/uploads\/2018\/11\/Alpimages-Thomas-Roulin-1254.jpg?w=2040&amp;ssl=1 2040w\" width=\"286\" height=\"190\" loading=\"lazy\" data-original-width=\"286\" data-original-height=\"190\" itemprop=\"http:\/\/schema.org\/image\" title=\"Alpimages Thomas Roulin-1254\" alt=\"Alpimages Thomas Roulin-1254\" style=\"width: 286px; height: 190px;\" \/> <\/a> <\/div> <div class=\"tiled-gallery-item tiled-gallery-item-large\" itemprop=\"associatedMedia\" itemscope itemtype=\"http:\/\/schema.org\/ImageObject\"> <a href=\"https:\/\/alpimages.ch\/en\/portraits\/portraits-photo\/thomas-roulin-alpimages-4113\/\" border=\"0\" itemprop=\"url\"> <meta itemprop=\"width\" content=\"286\"> <meta itemprop=\"height\" content=\"190\"> <img decoding=\"async\" class=\"\" data-attachment-id=\"7829\" data-orig-file=\"https:\/\/alpimages.ch\/wp-content\/uploads\/2020\/05\/Thomas-Roulin-Alpimages-4113.jpg\" data-orig-size=\"4500,2994\" data-comments-opened=\"\" data-image-meta=\"{&quot;aperture&quot;:&quot;4&quot;,&quot;credit&quot;:&quot;&quot;,&quot;camera&quot;:&quot;NIKON D3&quot;,&quot;caption&quot;:&quot;&quot;,&quot;created_timestamp&quot;:&quot;1532687913&quot;,&quot;copyright&quot;:&quot;&quot;,&quot;focal_length&quot;:&quot;66&quot;,&quot;iso&quot;:&quot;500&quot;,&quot;shutter_speed&quot;:&quot;0.000625&quot;,&quot;title&quot;:&quot;&quot;,&quot;orientation&quot;:&quot;0&quot;}\" data-image-title=\"Thomas Roulin Alpimages-4113\" data-image-description=\"\" data-medium-file=\"https:\/\/i0.wp.com\/alpimages.ch\/wp-content\/uploads\/2020\/05\/Thomas-Roulin-Alpimages-4113.jpg?fit=300%2C200&#038;ssl=1\" data-large-file=\"https:\/\/i0.wp.com\/alpimages.ch\/wp-content\/uploads\/2020\/05\/Thomas-Roulin-Alpimages-4113.jpg?fit=680%2C452&#038;ssl=1\" src=\"https:\/\/i0.wp.com\/alpimages.ch\/wp-content\/uploads\/2020\/05\/Thomas-Roulin-Alpimages-4113.jpg?w=286&#038;h=190&#038;ssl=1\" srcset=\"https:\/\/i0.wp.com\/alpimages.ch\/wp-content\/uploads\/2020\/05\/Thomas-Roulin-Alpimages-4113.jpg?w=4500&amp;ssl=1 4500w, https:\/\/i0.wp.com\/alpimages.ch\/wp-content\/uploads\/2020\/05\/Thomas-Roulin-Alpimages-4113.jpg?resize=300%2C200&amp;ssl=1 300w, https:\/\/i0.wp.com\/alpimages.ch\/wp-content\/uploads\/2020\/05\/Thomas-Roulin-Alpimages-4113.jpg?resize=1024%2C681&amp;ssl=1 1024w, https:\/\/i0.wp.com\/alpimages.ch\/wp-content\/uploads\/2020\/05\/Thomas-Roulin-Alpimages-4113.jpg?resize=150%2C100&amp;ssl=1 150w, https:\/\/i0.wp.com\/alpimages.ch\/wp-content\/uploads\/2020\/05\/Thomas-Roulin-Alpimages-4113.jpg?resize=768%2C511&amp;ssl=1 768w, https:\/\/i0.wp.com\/alpimages.ch\/wp-content\/uploads\/2020\/05\/Thomas-Roulin-Alpimages-4113.jpg?resize=1536%2C1022&amp;ssl=1 1536w, https:\/\/i0.wp.com\/alpimages.ch\/wp-content\/uploads\/2020\/05\/Thomas-Roulin-Alpimages-4113.jpg?resize=2048%2C1363&amp;ssl=1 2048w, https:\/\/i0.wp.com\/alpimages.ch\/wp-content\/uploads\/2020\/05\/Thomas-Roulin-Alpimages-4113.jpg?resize=317%2C211&amp;ssl=1 317w, https:\/\/i0.wp.com\/alpimages.ch\/wp-content\/uploads\/2020\/05\/Thomas-Roulin-Alpimages-4113.jpg?w=1360&amp;ssl=1 1360w\" width=\"286\" height=\"190\" loading=\"lazy\" data-original-width=\"286\" data-original-height=\"190\" itemprop=\"http:\/\/schema.org\/image\" title=\"Thomas Roulin Alpimages-4113\" alt=\"Thomas Roulin Alpimages-4113\" style=\"width: 286px; height: 190px;\" \/> <\/a> <\/div> <div class=\"tiled-gallery-item tiled-gallery-item-large\" itemprop=\"associatedMedia\" itemscope itemtype=\"http:\/\/schema.org\/ImageObject\"> <a href=\"https:\/\/alpimages.ch\/en\/portraits\/portraits-photo\/mtb-verbier_alpimagesverbier-ch_thomas-roulin-9247\/\" border=\"0\" itemprop=\"url\"> <meta itemprop=\"width\" content=\"286\"> <meta itemprop=\"height\" content=\"191\"> <img decoding=\"async\" class=\"\" data-attachment-id=\"7828\" data-orig-file=\"https:\/\/alpimages.ch\/wp-content\/uploads\/2020\/05\/MTB-Verbier\u00a9_alpimages@Verbier.ch_Thomas-Roulin-9247.jpg\" data-orig-size=\"3000,2002\" data-comments-opened=\"\" data-image-meta=\"{&quot;aperture&quot;:&quot;7.1&quot;,&quot;credit&quot;:&quot;&quot;,&quot;camera&quot;:&quot;NIKON D810&quot;,&quot;caption&quot;:&quot;&quot;,&quot;created_timestamp&quot;:&quot;1569584560&quot;,&quot;copyright&quot;:&quot;&quot;,&quot;focal_length&quot;:&quot;70&quot;,&quot;iso&quot;:&quot;320&quot;,&quot;shutter_speed&quot;:&quot;0.0008&quot;,&quot;title&quot;:&quot;&quot;,&quot;orientation&quot;:&quot;0&quot;}\" data-image-title=\"MTB Verbier\u00a9_alpimages@Verbier.ch_Thomas Roulin-9247\" data-image-description=\"\" data-medium-file=\"https:\/\/i0.wp.com\/alpimages.ch\/wp-content\/uploads\/2020\/05\/MTB-Verbier%C2%A9_alpimages%40Verbier.ch_Thomas-Roulin-9247.jpg?fit=300%2C200&#038;ssl=1\" data-large-file=\"https:\/\/i0.wp.com\/alpimages.ch\/wp-content\/uploads\/2020\/05\/MTB-Verbier%C2%A9_alpimages%40Verbier.ch_Thomas-Roulin-9247.jpg?fit=680%2C454&#038;ssl=1\" src=\"https:\/\/i0.wp.com\/alpimages.ch\/wp-content\/uploads\/2020\/05\/MTB-Verbier%C2%A9_alpimages%40Verbier.ch_Thomas-Roulin-9247.jpg?w=286&#038;h=191&#038;ssl=1\" width=\"286\" height=\"191\" loading=\"lazy\" data-original-width=\"286\" data-original-height=\"191\" itemprop=\"http:\/\/schema.org\/image\" title=\"MTB Verbier\u00a9_alpimages@Verbier.ch_Thomas Roulin-9247\" alt=\"MTB Verbier\u00a9_alpimages@Verbier.ch_Thomas Roulin-9247\" style=\"width: 286px; height: 191px;\" \/> <\/a> <\/div> <\/div> <!-- close group --> <\/div> <!-- close row --> <\/div>\n<h6 class=\"clearfix post-40 page type-page status-publish hentry\"><em>\u00a0Toutes les images ici pr\u00e9sent\u00e9es sont la propri\u00e9t\u00e9 d\u2019Alpimages et prot\u00e9g\u00e9es par la loi n\u00b092-597 du 1er juillet 1992 sur le code de la propri\u00e9t\u00e9 intellectuelle.<\/em><\/h6>\n<\/div>\n<\/div>\n<\/div>\n<div id=\"footer\"><\/div>","protected":false},"excerpt":{"rendered":"<p>\u00c0 Verbier, chaque descente, chaque virage, chaque saut raconte une aventure. Et si vous repartiez avec ce souvenir en image ? Alpimages vous offre une s\u00e9ance photo GRATUITE pour immortaliser vos plus beaux moments sur les pistes. Notre \u00e9quipe conna\u00eet parfaitement Verbier et ses meilleurs spots pour sublimer vos performances. Passez nous voir \u00e0 la [&hellip;]<\/p>\n","protected":false},"author":1,"featured_media":750,"comment_status":"closed","ping_status":"closed","template":"","format":"standard","meta":{"ngg_post_thumbnail":0,"footnotes":"","jetpack_publicize_message":"","jetpack_publicize_feature_enabled":true,"jetpack_social_post_already_shared":false,"jetpack_social_options":{"image_generator_settings":{"template":"highway","default_image_id":0,"font":"","enabled":false},"version":2},"_wpas_customize_per_network":false},"jetpack-portfolio-type":[],"jetpack-portfolio-tag":[],"class_list":["post-538","jetpack-portfolio","type-jetpack-portfolio","status-publish","format-standard","has-post-thumbnail","hentry"],"yoast_head":"<!-- This site is optimized with the Yoast SEO plugin v27.4 - https:\/\/yoast.com\/product\/yoast-seo-wordpress\/ -->\n<title>Sports &amp; Extr\u00eame - Photographes professionnels - Galerie photos &amp; affiches - Verbier<\/title>\n<meta name=\"robots\" content=\"index, follow, max-snippet:-1, max-image-preview:large, max-video-preview:-1\" \/>\n<link rel=\"canonical\" href=\"https:\/\/alpimages.ch\/en\/portfolio\/sports-extreme\/\" \/>\n<meta property=\"og:locale\" content=\"en_US\" \/>\n<meta property=\"og:type\" content=\"article\" \/>\n<meta property=\"og:title\" content=\"Sports &amp; Extr\u00eame - Photographes professionnels - Galerie photos &amp; affiches - Verbier\" \/>\n<meta property=\"og:description\" content=\"\u00c0 Verbier, chaque descente, chaque virage, chaque saut raconte une aventure. Et si vous repartiez avec ce souvenir en image ? Alpimages vous offre une s\u00e9ance photo GRATUITE pour immortaliser vos plus beaux moments sur les pistes. Notre \u00e9quipe conna\u00eet parfaitement Verbier et ses meilleurs spots pour sublimer vos performances. Passez nous voir \u00e0 la [&hellip;]\" \/>\n<meta property=\"og:url\" content=\"https:\/\/alpimages.ch\/en\/portfolio\/sports-extreme\/\" \/>\n<meta property=\"og:site_name\" content=\"Photographes professionnels - Galerie photos &amp; affiches - Verbier\" \/>\n<meta property=\"article:modified_time\" content=\"2026-02-14T16:57:13+00:00\" \/>\n<meta property=\"og:image\" content=\"https:\/\/alpimages.ch\/wp-content\/uploads\/2015\/11\/tom_1567.jpg\" \/>\n\t<meta property=\"og:image:width\" content=\"680\" \/>\n\t<meta property=\"og:image:height\" content=\"454\" \/>\n\t<meta property=\"og:image:type\" content=\"image\/jpeg\" \/>\n<meta name=\"twitter:card\" content=\"summary_large_image\" \/>\n<meta name=\"twitter:label1\" content=\"Est. reading time\" \/>\n\t<meta name=\"twitter:data1\" content=\"1 minute\" \/>\n<script type=\"application\/ld+json\" class=\"yoast-schema-graph\">{\"@context\":\"https:\\\/\\\/schema.org\",\"@graph\":[{\"@type\":\"WebPage\",\"@id\":\"https:\\\/\\\/alpimages.ch\\\/portfolio\\\/sports-extreme\\\/\",\"url\":\"https:\\\/\\\/alpimages.ch\\\/portfolio\\\/sports-extreme\\\/\",\"name\":\"Sports &amp; Extr\u00eame - Photographes professionnels - Galerie photos &amp; affiches - Verbier\",\"isPartOf\":{\"@id\":\"https:\\\/\\\/alpimages.ch\\\/#website\"},\"primaryImageOfPage\":{\"@id\":\"https:\\\/\\\/alpimages.ch\\\/portfolio\\\/sports-extreme\\\/#primaryimage\"},\"image\":{\"@id\":\"https:\\\/\\\/alpimages.ch\\\/portfolio\\\/sports-extreme\\\/#primaryimage\"},\"thumbnailUrl\":\"https:\\\/\\\/i0.wp.com\\\/alpimages.ch\\\/wp-content\\\/uploads\\\/2015\\\/11\\\/tom_1567.jpg?fit=9000%2C6007&ssl=1\",\"datePublished\":\"2015-11-05T13:35:44+00:00\",\"dateModified\":\"2026-02-14T16:57:13+00:00\",\"breadcrumb\":{\"@id\":\"https:\\\/\\\/alpimages.ch\\\/portfolio\\\/sports-extreme\\\/#breadcrumb\"},\"inLanguage\":\"en-US\",\"potentialAction\":[{\"@type\":\"ReadAction\",\"target\":[\"https:\\\/\\\/alpimages.ch\\\/portfolio\\\/sports-extreme\\\/\"]}]},{\"@type\":\"ImageObject\",\"inLanguage\":\"en-US\",\"@id\":\"https:\\\/\\\/alpimages.ch\\\/portfolio\\\/sports-extreme\\\/#primaryimage\",\"url\":\"https:\\\/\\\/i0.wp.com\\\/alpimages.ch\\\/wp-content\\\/uploads\\\/2015\\\/11\\\/tom_1567.jpg?fit=9000%2C6007&ssl=1\",\"contentUrl\":\"https:\\\/\\\/i0.wp.com\\\/alpimages.ch\\\/wp-content\\\/uploads\\\/2015\\\/11\\\/tom_1567.jpg?fit=9000%2C6007&ssl=1\",\"width\":\"9000\",\"height\":\"6007\"},{\"@type\":\"BreadcrumbList\",\"@id\":\"https:\\\/\\\/alpimages.ch\\\/portfolio\\\/sports-extreme\\\/#breadcrumb\",\"itemListElement\":[{\"@type\":\"ListItem\",\"position\":1,\"name\":\"Accueil\",\"item\":\"https:\\\/\\\/alpimages.ch\\\/\"},{\"@type\":\"ListItem\",\"position\":2,\"name\":\"Projets\",\"item\":\"https:\\\/\\\/alpimages.ch\\\/portfolio\\\/\"},{\"@type\":\"ListItem\",\"position\":3,\"name\":\"Sports &amp; Extr\u00eame\"}]},{\"@type\":\"WebSite\",\"@id\":\"https:\\\/\\\/alpimages.ch\\\/#website\",\"url\":\"https:\\\/\\\/alpimages.ch\\\/\",\"name\":\"Photographes professionnels - Galerie photos &amp; affiches - Verbier\",\"description\":\"Photographes professionnels bas\u00e9s \u00e0 Verbier, nous offrons diff\u00e9rents services comme l&#039;impression photo, l&#039;encadrement, la vente d&#039;affiches et de posters et l&#039;organisation d&#039;\u00e9v\u00e8nements priv\u00e9s.\",\"potentialAction\":[{\"@type\":\"SearchAction\",\"target\":{\"@type\":\"EntryPoint\",\"urlTemplate\":\"https:\\\/\\\/alpimages.ch\\\/?s={search_term_string}\"},\"query-input\":{\"@type\":\"PropertyValueSpecification\",\"valueRequired\":true,\"valueName\":\"search_term_string\"}}],\"inLanguage\":\"en-US\"}]}<\/script>\n<!-- \/ Yoast SEO plugin. -->","yoast_head_json":{"title":"Sports &amp; Extr\u00eame - Photographes professionnels - Galerie photos &amp; affiches - Verbier","robots":{"index":"index","follow":"follow","max-snippet":"max-snippet:-1","max-image-preview":"max-image-preview:large","max-video-preview":"max-video-preview:-1"},"canonical":"https:\/\/alpimages.ch\/en\/portfolio\/sports-extreme\/","og_locale":"en_US","og_type":"article","og_title":"Sports &amp; Extr\u00eame - Photographes professionnels - Galerie photos &amp; affiches - Verbier","og_description":"\u00c0 Verbier, chaque descente, chaque virage, chaque saut raconte une aventure. Et si vous repartiez avec ce souvenir en image ? Alpimages vous offre une s\u00e9ance photo GRATUITE pour immortaliser vos plus beaux moments sur les pistes. Notre \u00e9quipe conna\u00eet parfaitement Verbier et ses meilleurs spots pour sublimer vos performances. Passez nous voir \u00e0 la [&hellip;]","og_url":"https:\/\/alpimages.ch\/en\/portfolio\/sports-extreme\/","og_site_name":"Photographes professionnels - Galerie photos &amp; affiches - Verbier","article_modified_time":"2026-02-14T16:57:13+00:00","og_image":[{"url":"https:\/\/alpimages.ch\/wp-content\/uploads\/2015\/11\/tom_1567.jpg","width":680,"height":454,"type":"image\/jpeg"}],"twitter_card":"summary_large_image","twitter_misc":{"Est. reading time":"1 minute"},"schema":{"@context":"https:\/\/schema.org","@graph":[{"@type":"WebPage","@id":"https:\/\/alpimages.ch\/portfolio\/sports-extreme\/","url":"https:\/\/alpimages.ch\/portfolio\/sports-extreme\/","name":"Sports &amp; Extr\u00eame - Photographes professionnels - Galerie photos &amp; affiches - Verbier","isPartOf":{"@id":"https:\/\/alpimages.ch\/#website"},"primaryImageOfPage":{"@id":"https:\/\/alpimages.ch\/portfolio\/sports-extreme\/#primaryimage"},"image":{"@id":"https:\/\/alpimages.ch\/portfolio\/sports-extreme\/#primaryimage"},"thumbnailUrl":"https:\/\/i0.wp.com\/alpimages.ch\/wp-content\/uploads\/2015\/11\/tom_1567.jpg?fit=9000%2C6007&ssl=1","datePublished":"2015-11-05T13:35:44+00:00","dateModified":"2026-02-14T16:57:13+00:00","breadcrumb":{"@id":"https:\/\/alpimages.ch\/portfolio\/sports-extreme\/#breadcrumb"},"inLanguage":"en-US","potentialAction":[{"@type":"ReadAction","target":["https:\/\/alpimages.ch\/portfolio\/sports-extreme\/"]}]},{"@type":"ImageObject","inLanguage":"en-US","@id":"https:\/\/alpimages.ch\/portfolio\/sports-extreme\/#primaryimage","url":"https:\/\/i0.wp.com\/alpimages.ch\/wp-content\/uploads\/2015\/11\/tom_1567.jpg?fit=9000%2C6007&ssl=1","contentUrl":"https:\/\/i0.wp.com\/alpimages.ch\/wp-content\/uploads\/2015\/11\/tom_1567.jpg?fit=9000%2C6007&ssl=1","width":"9000","height":"6007"},{"@type":"BreadcrumbList","@id":"https:\/\/alpimages.ch\/portfolio\/sports-extreme\/#breadcrumb","itemListElement":[{"@type":"ListItem","position":1,"name":"Accueil","item":"https:\/\/alpimages.ch\/"},{"@type":"ListItem","position":2,"name":"Projets","item":"https:\/\/alpimages.ch\/portfolio\/"},{"@type":"ListItem","position":3,"name":"Sports &amp; Extr\u00eame"}]},{"@type":"WebSite","@id":"https:\/\/alpimages.ch\/#website","url":"https:\/\/alpimages.ch\/","name":"Photographes professionnels - Galerie photos &amp; affiches - Verbier","description":"Photographes professionnels bas\u00e9s \u00e0 Verbier, nous offrons diff\u00e9rents services comme l&#039;impression photo, l&#039;encadrement, la vente d&#039;affiches et de posters et l&#039;organisation d&#039;\u00e9v\u00e8nements priv\u00e9s.","potentialAction":[{"@type":"SearchAction","target":{"@type":"EntryPoint","urlTemplate":"https:\/\/alpimages.ch\/?s={search_term_string}"},"query-input":{"@type":"PropertyValueSpecification","valueRequired":true,"valueName":"search_term_string"}}],"inLanguage":"en-US"}]}},"jetpack_publicize_connections":[],"jetpack_sharing_enabled":true,"jetpack_likes_enabled":true,"_links":{"self":[{"href":"https:\/\/alpimages.ch\/en\/wp-json\/wp\/v2\/jetpack-portfolio\/538","targetHints":{"allow":["GET"]}}],"collection":[{"href":"https:\/\/alpimages.ch\/en\/wp-json\/wp\/v2\/jetpack-portfolio"}],"about":[{"href":"https:\/\/alpimages.ch\/en\/wp-json\/wp\/v2\/types\/jetpack-portfolio"}],"author":[{"embeddable":true,"href":"https:\/\/alpimages.ch\/en\/wp-json\/wp\/v2\/users\/1"}],"replies":[{"embeddable":true,"href":"https:\/\/alpimages.ch\/en\/wp-json\/wp\/v2\/comments?post=538"}],"version-history":[{"count":22,"href":"https:\/\/alpimages.ch\/en\/wp-json\/wp\/v2\/jetpack-portfolio\/538\/revisions"}],"predecessor-version":[{"id":14850,"href":"https:\/\/alpimages.ch\/en\/wp-json\/wp\/v2\/jetpack-portfolio\/538\/revisions\/14850"}],"wp:featuredmedia":[{"embeddable":true,"href":"https:\/\/alpimages.ch\/en\/wp-json\/wp\/v2\/media\/750"}],"wp:attachment":[{"href":"https:\/\/alpimages.ch\/en\/wp-json\/wp\/v2\/media?parent=538"}],"wp:term":[{"taxonomy":"jetpack-portfolio-type","embeddable":true,"href":"https:\/\/alpimages.ch\/en\/wp-json\/wp\/v2\/jetpack-portfolio-type?post=538"},{"taxonomy":"jetpack-portfolio-tag","embeddable":true,"href":"https:\/\/alpimages.ch\/en\/wp-json\/wp\/v2\/jetpack-portfolio-tag?post=538"}],"curies":[{"name":"wp","href":"https:\/\/api.w.org\/{rel}","templated":true}]}}