{"id":212,"date":"2015-09-28T18:45:36","date_gmt":"2015-09-28T18:45:36","guid":{"rendered":"https:\/\/alpimages.ch\/?page_id=212"},"modified":"2023-12-12T19:24:43","modified_gmt":"2023-12-12T19:24:43","slug":"photo-interieur","status":"publish","type":"page","link":"https:\/\/alpimages.ch\/en\/corporate\/photo-interieur\/","title":{"rendered":"Photo int\u00e9rieur"},"content":{"rendered":"<p>Nous r\u00e9alisons vos photos d&rsquo;int\u00e9rieur que ce soit pour des espaces priv\u00e9s ou des lieux publics, des restaurants ou des h\u00f4tels. Pour tous vos projets, exigez l&rsquo;exp\u00e9rience et le savoir faire de photographes professionnels.<\/p>\n<div class=\"tiled-gallery type-rectangular tiled-gallery-unresized\" data-original-width=\"680\" data-carousel-extra='{&quot;blog_id&quot;:1,&quot;permalink&quot;:&quot;https:\\\/\\\/alpimages.ch\\\/en\\\/corporate\\\/photo-interieur\\\/&quot;,&quot;likes_blog_id&quot;:83808203}' itemscope itemtype=\"http:\/\/schema.org\/ImageGallery\" > <div class=\"gallery-row\" style=\"width: 680px; height: 302px;\" data-original-width=\"680\" data-original-height=\"302\" > <div class=\"gallery-group images-1\" style=\"width: 451px; height: 302px;\" data-original-width=\"451\" data-original-height=\"302\" > <div class=\"tiled-gallery-item tiled-gallery-item-large\" itemprop=\"associatedMedia\" itemscope itemtype=\"http:\/\/schema.org\/ImageObject\"> <a href=\"https:\/\/alpimages.ch\/en\/corporate\/photo-interieur\/chalet-bibi-alpimagesverbier-ch-5703\/\" border=\"0\" itemprop=\"url\"> <meta itemprop=\"width\" content=\"447\"> <meta itemprop=\"height\" content=\"298\"> <img decoding=\"async\" class=\"\" data-attachment-id=\"11388\" data-orig-file=\"https:\/\/alpimages.ch\/wp-content\/uploads\/2023\/12\/Chalet-Bibi-\u00a9-Alpimages@verbier.ch-5703.jpg\" data-orig-size=\"3543,2362\" data-comments-opened=\"\" data-image-meta=\"{&quot;aperture&quot;:&quot;10&quot;,&quot;credit&quot;:&quot;&quot;,&quot;camera&quot;:&quot;NIKON Z 9&quot;,&quot;caption&quot;:&quot;&quot;,&quot;created_timestamp&quot;:&quot;1700834288&quot;,&quot;copyright&quot;:&quot;&quot;,&quot;focal_length&quot;:&quot;17&quot;,&quot;iso&quot;:&quot;80&quot;,&quot;shutter_speed&quot;:&quot;0.066666666666667&quot;,&quot;title&quot;:&quot;&quot;,&quot;orientation&quot;:&quot;0&quot;}\" data-image-title=\"Chalet Bibi &amp;#8211; \u00a9 Alpimages@verbier.ch-5703\" data-image-description=\"&lt;p&gt;photo int\u00e9rieur chalet verbier&lt;\/p&gt; \" data-medium-file=\"https:\/\/i0.wp.com\/alpimages.ch\/wp-content\/uploads\/2023\/12\/Chalet-Bibi-%C2%A9-Alpimages%40verbier.ch-5703.jpg?fit=300%2C200&#038;ssl=1\" data-large-file=\"https:\/\/i0.wp.com\/alpimages.ch\/wp-content\/uploads\/2023\/12\/Chalet-Bibi-%C2%A9-Alpimages%40verbier.ch-5703.jpg?fit=680%2C454&#038;ssl=1\" src=\"https:\/\/i0.wp.com\/alpimages.ch\/wp-content\/uploads\/2023\/12\/Chalet-Bibi-%C2%A9-Alpimages%40verbier.ch-5703.jpg?w=447&#038;h=298&#038;ssl=1\" width=\"447\" height=\"298\" loading=\"lazy\" data-original-width=\"447\" data-original-height=\"298\" itemprop=\"http:\/\/schema.org\/image\" title=\"Chalet Bibi - \u00a9 Alpimages@verbier.ch-5703\" alt=\"int\u00e9rieur chalet de luxe verbier\" style=\"width: 447px; height: 298px;\" \/> <\/a> <\/div> <\/div> <!-- close group --> <div class=\"gallery-group images-2\" style=\"width: 229px; height: 302px;\" data-original-width=\"229\" data-original-height=\"302\" > <div class=\"tiled-gallery-item tiled-gallery-item-small\" itemprop=\"associatedMedia\" itemscope itemtype=\"http:\/\/schema.org\/ImageObject\"> <a href=\"https:\/\/alpimages.ch\/en\/corporate\/photo-interieur\/chaletspaalpimages-2-2\/\" border=\"0\" itemprop=\"url\"> <meta itemprop=\"width\" content=\"225\"> <meta itemprop=\"height\" content=\"144\"> <img decoding=\"async\" class=\"\" data-attachment-id=\"11481\" data-orig-file=\"https:\/\/alpimages.ch\/wp-content\/uploads\/2023\/12\/ChaletSpa\u00a9Alpimages-2.jpg\" data-orig-size=\"5315,3414\" data-comments-opened=\"\" data-image-meta=\"{&quot;aperture&quot;:&quot;9&quot;,&quot;credit&quot;:&quot;&quot;,&quot;camera&quot;:&quot;NIKON D810&quot;,&quot;caption&quot;:&quot;&quot;,&quot;created_timestamp&quot;:&quot;1579606697&quot;,&quot;copyright&quot;:&quot;&quot;,&quot;focal_length&quot;:&quot;24&quot;,&quot;iso&quot;:&quot;100&quot;,&quot;shutter_speed&quot;:&quot;0.25&quot;,&quot;title&quot;:&quot;&quot;,&quot;orientation&quot;:&quot;0&quot;}\" data-image-title=\"ChaletSpa\u00a9Alpimages&amp;#8211;2\" data-image-description=\"&lt;p&gt;int\u00e9rieur chalet de luxe Verbier par photographe Alpimages&lt;\/p&gt; \" data-medium-file=\"https:\/\/i0.wp.com\/alpimages.ch\/wp-content\/uploads\/2023\/12\/ChaletSpa%C2%A9Alpimages-2.jpg?fit=300%2C193&#038;ssl=1\" data-large-file=\"https:\/\/i0.wp.com\/alpimages.ch\/wp-content\/uploads\/2023\/12\/ChaletSpa%C2%A9Alpimages-2.jpg?fit=680%2C437&#038;ssl=1\" src=\"https:\/\/i0.wp.com\/alpimages.ch\/wp-content\/uploads\/2023\/12\/ChaletSpa%C2%A9Alpimages-2.jpg?w=225&#038;h=144&#038;ssl=1\" width=\"225\" height=\"144\" loading=\"lazy\" data-original-width=\"225\" data-original-height=\"144\" itemprop=\"http:\/\/schema.org\/image\" title=\"ChaletSpa\u00a9Alpimages--2\" alt=\"int\u00e9rieur chalet de luxe verbier\" style=\"width: 225px; height: 144px;\" \/> <\/a> <\/div> <div class=\"tiled-gallery-item tiled-gallery-item-small\" itemprop=\"associatedMedia\" itemscope itemtype=\"http:\/\/schema.org\/ImageObject\"> <a href=\"https:\/\/alpimages.ch\/en\/corporate\/photo-interieur\/alpimagesthomas-roulin-2-10\/\" border=\"0\" itemprop=\"url\"> <meta itemprop=\"width\" content=\"225\"> <meta itemprop=\"height\" content=\"150\"> <img decoding=\"async\" class=\"\" data-attachment-id=\"1085\" data-orig-file=\"https:\/\/alpimages.ch\/wp-content\/uploads\/2017\/12\/alpimagesc2a9thomas-roulin-22.jpg\" data-orig-size=\"9000,6006\" data-comments-opened=\"\" data-image-meta=\"{&quot;aperture&quot;:&quot;9&quot;,&quot;credit&quot;:&quot;&quot;,&quot;camera&quot;:&quot;NIKON D810&quot;,&quot;caption&quot;:&quot;&quot;,&quot;created_timestamp&quot;:&quot;1478082516&quot;,&quot;copyright&quot;:&quot;&quot;,&quot;focal_length&quot;:&quot;14&quot;,&quot;iso&quot;:&quot;125&quot;,&quot;shutter_speed&quot;:&quot;0.5&quot;,&quot;title&quot;:&quot;&quot;,&quot;orientation&quot;:&quot;0&quot;}\" data-image-title=\"Alpimages\u00a9Thomas Roulin&amp;#8211; 2\" data-image-description=\"&lt;p&gt;int\u00e9rieur chalet de luxe Verbier par photographe Alpimages&lt;\/p&gt; \" data-medium-file=\"https:\/\/i0.wp.com\/alpimages.ch\/wp-content\/uploads\/2017\/12\/alpimagesc2a9thomas-roulin-22.jpg?fit=300%2C200&#038;ssl=1\" data-large-file=\"https:\/\/i0.wp.com\/alpimages.ch\/wp-content\/uploads\/2017\/12\/alpimagesc2a9thomas-roulin-22.jpg?fit=680%2C454&#038;ssl=1\" src=\"https:\/\/i0.wp.com\/alpimages.ch\/wp-content\/uploads\/2017\/12\/alpimagesc2a9thomas-roulin-22.jpg?w=225&#038;h=150&#038;ssl=1\" width=\"225\" height=\"150\" loading=\"lazy\" data-original-width=\"225\" data-original-height=\"150\" itemprop=\"http:\/\/schema.org\/image\" title=\"Alpimages\u00a9Thomas Roulin-- 2\" alt=\"int\u00e9rieur chalet de luxe Verbier par photographe Alpimages\" style=\"width: 225px; height: 150px;\" \/> <\/a> <\/div> <\/div> <!-- close group --> <\/div> <!-- close row --> <div class=\"gallery-row\" style=\"width: 680px; height: 458px;\" data-original-width=\"680\" data-original-height=\"458\" > <div class=\"gallery-group images-2\" style=\"width: 341px; height: 458px;\" data-original-width=\"341\" data-original-height=\"458\" > <div class=\"tiled-gallery-item tiled-gallery-item-large\" itemprop=\"associatedMedia\" itemscope itemtype=\"http:\/\/schema.org\/ImageObject\"> <a href=\"https:\/\/alpimages.ch\/en\/fab_0013kopie\/\" border=\"0\" itemprop=\"url\"> <meta itemprop=\"width\" content=\"337\"> <meta itemprop=\"height\" content=\"225\"> <img decoding=\"async\" class=\"\" data-attachment-id=\"351\" data-orig-file=\"https:\/\/alpimages.ch\/wp-content\/uploads\/2015\/11\/fab_0013kopie.jpg\" data-orig-size=\"3543,2358\" data-comments-opened=\"\" data-image-meta=\"{&quot;aperture&quot;:&quot;10&quot;,&quot;credit&quot;:&quot;MAJID\\\/BOUKAMEL&quot;,&quot;camera&quot;:&quot;NIKON D700&quot;,&quot;caption&quot;:&quot;&quot;,&quot;created_timestamp&quot;:&quot;1367680865&quot;,&quot;copyright&quot;:&quot;ALPIMAGES-VERBIER&quot;,&quot;focal_length&quot;:&quot;35&quot;,&quot;iso&quot;:&quot;800&quot;,&quot;shutter_speed&quot;:&quot;0.16666666666667&quot;,&quot;title&quot;:&quot;&quot;,&quot;orientation&quot;:&quot;1&quot;}\" data-image-title=\"FAB_0013kopie\" data-image-description=\"&lt;p&gt;int\u00e9rieur chalet de luxe Verbier par photographe Alpimages&lt;\/p&gt; \" data-medium-file=\"https:\/\/i0.wp.com\/alpimages.ch\/wp-content\/uploads\/2015\/11\/fab_0013kopie.jpg?fit=300%2C200&#038;ssl=1\" data-large-file=\"https:\/\/i0.wp.com\/alpimages.ch\/wp-content\/uploads\/2015\/11\/fab_0013kopie.jpg?fit=680%2C453&#038;ssl=1\" src=\"https:\/\/i0.wp.com\/alpimages.ch\/wp-content\/uploads\/2015\/11\/fab_0013kopie.jpg?w=337&#038;h=225&#038;ssl=1\" width=\"337\" height=\"225\" loading=\"lazy\" data-original-width=\"337\" data-original-height=\"225\" itemprop=\"http:\/\/schema.org\/image\" title=\"FAB_0013kopie\" alt=\"int\u00e9rieur chalet de luxe Verbier par photographe Alpimages\" style=\"width: 337px; height: 225px;\" \/> <\/a> <\/div> <div class=\"tiled-gallery-item tiled-gallery-item-large\" itemprop=\"associatedMedia\" itemscope itemtype=\"http:\/\/schema.org\/ImageObject\"> <a href=\"https:\/\/alpimages.ch\/en\/corporate\/photo-interieur\/artdecoalpimagesverbier-ch-37\/\" border=\"0\" itemprop=\"url\"> <meta itemprop=\"width\" content=\"337\"> <meta itemprop=\"height\" content=\"225\"> <img decoding=\"async\" class=\"\" data-attachment-id=\"7628\" data-orig-file=\"https:\/\/alpimages.ch\/wp-content\/uploads\/2020\/04\/ARTDECO\u00a9alpimages@verbier.ch-37.jpg\" data-orig-size=\"5315,3547\" data-comments-opened=\"\" data-image-meta=\"{&quot;aperture&quot;:&quot;8&quot;,&quot;credit&quot;:&quot;&quot;,&quot;camera&quot;:&quot;NIKON D810&quot;,&quot;caption&quot;:&quot;&quot;,&quot;created_timestamp&quot;:&quot;1575558588&quot;,&quot;copyright&quot;:&quot;&quot;,&quot;focal_length&quot;:&quot;14&quot;,&quot;iso&quot;:&quot;64&quot;,&quot;shutter_speed&quot;:&quot;0.33333333333333&quot;,&quot;title&quot;:&quot;&quot;,&quot;orientation&quot;:&quot;0&quot;}\" data-image-title=\"ARTDECO\u00a9alpimages@verbier.ch-37\" data-image-description=\"\" data-medium-file=\"https:\/\/i0.wp.com\/alpimages.ch\/wp-content\/uploads\/2020\/04\/ARTDECO%C2%A9alpimages%40verbier.ch-37.jpg?fit=300%2C200&#038;ssl=1\" data-large-file=\"https:\/\/i0.wp.com\/alpimages.ch\/wp-content\/uploads\/2020\/04\/ARTDECO%C2%A9alpimages%40verbier.ch-37.jpg?fit=680%2C454&#038;ssl=1\" src=\"https:\/\/i0.wp.com\/alpimages.ch\/wp-content\/uploads\/2020\/04\/ARTDECO%C2%A9alpimages%40verbier.ch-37.jpg?w=337&#038;h=225&#038;ssl=1\" width=\"337\" height=\"225\" loading=\"lazy\" data-original-width=\"337\" data-original-height=\"225\" itemprop=\"http:\/\/schema.org\/image\" title=\"ARTDECO\u00a9alpimages@verbier.ch-37\" alt=\"ARTDECO\u00a9alpimages@verbier.ch-37\" style=\"width: 337px; height: 225px;\" \/> <\/a> <\/div> <\/div> <!-- close group --> <div class=\"gallery-group images-1\" style=\"width: 339px; height: 458px;\" data-original-width=\"339\" data-original-height=\"458\" > <div class=\"tiled-gallery-item tiled-gallery-item-large\" itemprop=\"associatedMedia\" itemscope itemtype=\"http:\/\/schema.org\/ImageObject\"> <a href=\"https:\/\/alpimages.ch\/en\/tom_9852-2\/\" border=\"0\" itemprop=\"url\"> <meta itemprop=\"width\" content=\"335\"> <meta itemprop=\"height\" content=\"454\"> <img decoding=\"async\" class=\"\" data-attachment-id=\"605\" data-orig-file=\"https:\/\/alpimages.ch\/wp-content\/uploads\/2015\/11\/tom_9852-2.jpg\" data-orig-size=\"1308,1772\" data-comments-opened=\"\" data-image-meta=\"{&quot;aperture&quot;:&quot;0&quot;,&quot;credit&quot;:&quot;&quot;,&quot;camera&quot;:&quot;&quot;,&quot;caption&quot;:&quot;&quot;,&quot;created_timestamp&quot;:&quot;0&quot;,&quot;copyright&quot;:&quot;&quot;,&quot;focal_length&quot;:&quot;0&quot;,&quot;iso&quot;:&quot;0&quot;,&quot;shutter_speed&quot;:&quot;0&quot;,&quot;title&quot;:&quot;&quot;,&quot;orientation&quot;:&quot;0&quot;}\" data-image-title=\"tom_9852-2\" data-image-description=\"\" data-medium-file=\"https:\/\/i0.wp.com\/alpimages.ch\/wp-content\/uploads\/2015\/11\/tom_9852-2.jpg?fit=221%2C300&#038;ssl=1\" data-large-file=\"https:\/\/i0.wp.com\/alpimages.ch\/wp-content\/uploads\/2015\/11\/tom_9852-2.jpg?fit=680%2C921&#038;ssl=1\" src=\"https:\/\/i0.wp.com\/alpimages.ch\/wp-content\/uploads\/2015\/11\/tom_9852-2.jpg?w=335&#038;h=454&#038;ssl=1\" width=\"335\" height=\"454\" loading=\"lazy\" data-original-width=\"335\" data-original-height=\"454\" itemprop=\"http:\/\/schema.org\/image\" title=\"tom_9852-2\" alt=\"tom_9852-2\" style=\"width: 335px; height: 454px;\" \/> <\/a> <\/div> <\/div> <!-- close group --> <\/div> <!-- close row --> <div class=\"gallery-row\" style=\"width: 680px; height: 583px;\" data-original-width=\"680\" data-original-height=\"583\" > <div class=\"gallery-group images-3\" style=\"width: 289px; height: 583px;\" data-original-width=\"289\" data-original-height=\"583\" > <div class=\"tiled-gallery-item tiled-gallery-item-large\" itemprop=\"associatedMedia\" itemscope itemtype=\"http:\/\/schema.org\/ImageObject\"> <a href=\"https:\/\/alpimages.ch\/en\/thomas-roulin-alpimages-4634\/\" border=\"0\" itemprop=\"url\"> <meta itemprop=\"width\" content=\"285\"> <meta itemprop=\"height\" content=\"191\"> <img decoding=\"async\" class=\"\" data-attachment-id=\"347\" data-orig-file=\"https:\/\/alpimages.ch\/wp-content\/uploads\/2015\/11\/c2a9thomas-roulin-alpimages-4634.jpg\" data-orig-size=\"3543,2365\" data-comments-opened=\"\" data-image-meta=\"{&quot;aperture&quot;:&quot;0&quot;,&quot;credit&quot;:&quot;&quot;,&quot;camera&quot;:&quot;&quot;,&quot;caption&quot;:&quot;&quot;,&quot;created_timestamp&quot;:&quot;0&quot;,&quot;copyright&quot;:&quot;&quot;,&quot;focal_length&quot;:&quot;0&quot;,&quot;iso&quot;:&quot;0&quot;,&quot;shutter_speed&quot;:&quot;0&quot;,&quot;title&quot;:&quot;&quot;,&quot;orientation&quot;:&quot;1&quot;}\" data-image-title=\"\u00a9Thomas Roulin-Alpimages-4634\" data-image-description=\"\" data-medium-file=\"https:\/\/i0.wp.com\/alpimages.ch\/wp-content\/uploads\/2015\/11\/c2a9thomas-roulin-alpimages-4634.jpg?fit=300%2C200&#038;ssl=1\" data-large-file=\"https:\/\/i0.wp.com\/alpimages.ch\/wp-content\/uploads\/2015\/11\/c2a9thomas-roulin-alpimages-4634.jpg?fit=680%2C454&#038;ssl=1\" src=\"https:\/\/i0.wp.com\/alpimages.ch\/wp-content\/uploads\/2015\/11\/c2a9thomas-roulin-alpimages-4634.jpg?w=285&#038;h=191&#038;ssl=1\" width=\"285\" height=\"191\" loading=\"lazy\" data-original-width=\"285\" data-original-height=\"191\" itemprop=\"http:\/\/schema.org\/image\" title=\"\u00a9Thomas Roulin-Alpimages-4634\" alt=\"\u00a9Thomas Roulin-Alpimages-4634\" style=\"width: 285px; height: 191px;\" \/> <\/a> <\/div> <div class=\"tiled-gallery-item tiled-gallery-item-large\" itemprop=\"associatedMedia\" itemscope itemtype=\"http:\/\/schema.org\/ImageObject\"> <a href=\"https:\/\/alpimages.ch\/en\/thomas-roulin-alpimages-4635-copie\/\" border=\"0\" itemprop=\"url\"> <meta itemprop=\"width\" content=\"285\"> <meta itemprop=\"height\" content=\"190\"> <img decoding=\"async\" class=\"\" data-attachment-id=\"348\" data-orig-file=\"https:\/\/alpimages.ch\/wp-content\/uploads\/2015\/11\/c2a9thomas-roulin-alpimages-4635-copie.jpg\" data-orig-size=\"3543,2365\" data-comments-opened=\"\" data-image-meta=\"{&quot;aperture&quot;:&quot;0&quot;,&quot;credit&quot;:&quot;&quot;,&quot;camera&quot;:&quot;&quot;,&quot;caption&quot;:&quot;&quot;,&quot;created_timestamp&quot;:&quot;0&quot;,&quot;copyright&quot;:&quot;&quot;,&quot;focal_length&quot;:&quot;0&quot;,&quot;iso&quot;:&quot;0&quot;,&quot;shutter_speed&quot;:&quot;0&quot;,&quot;title&quot;:&quot;&quot;,&quot;orientation&quot;:&quot;1&quot;}\" data-image-title=\"\u00a9Thomas Roulin-Alpimages-4635 copie\" data-image-description=\"\" data-medium-file=\"https:\/\/i0.wp.com\/alpimages.ch\/wp-content\/uploads\/2015\/11\/c2a9thomas-roulin-alpimages-4635-copie.jpg?fit=300%2C200&#038;ssl=1\" data-large-file=\"https:\/\/i0.wp.com\/alpimages.ch\/wp-content\/uploads\/2015\/11\/c2a9thomas-roulin-alpimages-4635-copie.jpg?fit=680%2C454&#038;ssl=1\" src=\"https:\/\/i0.wp.com\/alpimages.ch\/wp-content\/uploads\/2015\/11\/c2a9thomas-roulin-alpimages-4635-copie.jpg?w=285&#038;h=190&#038;ssl=1\" width=\"285\" height=\"190\" loading=\"lazy\" data-original-width=\"285\" data-original-height=\"190\" itemprop=\"http:\/\/schema.org\/image\" title=\"\u00a9Thomas Roulin-Alpimages-4635 copie\" alt=\"\u00a9Thomas Roulin-Alpimages-4635 copie\" style=\"width: 285px; height: 190px;\" \/> <\/a> <\/div> <div class=\"tiled-gallery-item tiled-gallery-item-large\" itemprop=\"associatedMedia\" itemscope itemtype=\"http:\/\/schema.org\/ImageObject\"> <a href=\"https:\/\/alpimages.ch\/en\/alpimages-thomas-roulin-7067\/\" border=\"0\" itemprop=\"url\"> <meta itemprop=\"width\" content=\"285\"> <meta itemprop=\"height\" content=\"190\"> <img decoding=\"async\" class=\"\" data-attachment-id=\"233\" data-orig-file=\"https:\/\/alpimages.ch\/wp-content\/uploads\/2015\/10\/alpimages-thomas-roulin-7067.jpg\" data-orig-size=\"7360,4912\" data-comments-opened=\"\" data-image-meta=\"{&quot;aperture&quot;:&quot;0&quot;,&quot;credit&quot;:&quot;&quot;,&quot;camera&quot;:&quot;&quot;,&quot;caption&quot;:&quot;&quot;,&quot;created_timestamp&quot;:&quot;0&quot;,&quot;copyright&quot;:&quot;&quot;,&quot;focal_length&quot;:&quot;0&quot;,&quot;iso&quot;:&quot;0&quot;,&quot;shutter_speed&quot;:&quot;0&quot;,&quot;title&quot;:&quot;&quot;,&quot;orientation&quot;:&quot;0&quot;}\" data-image-title=\"\" data-image-description=\"\" data-medium-file=\"https:\/\/i0.wp.com\/alpimages.ch\/wp-content\/uploads\/2015\/10\/alpimages-thomas-roulin-7067.jpg?fit=300%2C200&#038;ssl=1\" data-large-file=\"https:\/\/i0.wp.com\/alpimages.ch\/wp-content\/uploads\/2015\/10\/alpimages-thomas-roulin-7067.jpg?fit=680%2C454&#038;ssl=1\" src=\"https:\/\/i0.wp.com\/alpimages.ch\/wp-content\/uploads\/2015\/10\/alpimages-thomas-roulin-7067.jpg?w=285&#038;h=190&#038;ssl=1\" width=\"285\" height=\"190\" loading=\"lazy\" data-original-width=\"285\" data-original-height=\"190\" itemprop=\"http:\/\/schema.org\/image\" title=\"\" alt=\"\" style=\"width: 285px; height: 190px;\" \/> <\/a> <\/div> <\/div> <!-- close group --> <div class=\"gallery-group images-1\" style=\"width: 391px; height: 583px;\" data-original-width=\"391\" data-original-height=\"583\" > <div class=\"tiled-gallery-item tiled-gallery-item-large\" itemprop=\"associatedMedia\" itemscope itemtype=\"http:\/\/schema.org\/ImageObject\"> <a href=\"https:\/\/alpimages.ch\/en\/tom_0765\/\" border=\"0\" itemprop=\"url\"> <meta itemprop=\"width\" content=\"387\"> <meta itemprop=\"height\" content=\"579\"> <img decoding=\"async\" class=\"\" data-attachment-id=\"602\" data-orig-file=\"https:\/\/alpimages.ch\/wp-content\/uploads\/2015\/11\/tom_0765.jpg\" data-orig-size=\"2365,3543\" data-comments-opened=\"\" data-image-meta=\"{&quot;aperture&quot;:&quot;0&quot;,&quot;credit&quot;:&quot;&quot;,&quot;camera&quot;:&quot;&quot;,&quot;caption&quot;:&quot;&quot;,&quot;created_timestamp&quot;:&quot;0&quot;,&quot;copyright&quot;:&quot;&quot;,&quot;focal_length&quot;:&quot;0&quot;,&quot;iso&quot;:&quot;0&quot;,&quot;shutter_speed&quot;:&quot;0&quot;,&quot;title&quot;:&quot;&quot;,&quot;orientation&quot;:&quot;0&quot;}\" data-image-title=\"TOM_0765\" data-image-description=\"&lt;p&gt;int\u00e9rieur chalet de luxe Verbier par photographe Alpimages&lt;\/p&gt; \" data-medium-file=\"https:\/\/i0.wp.com\/alpimages.ch\/wp-content\/uploads\/2015\/11\/tom_0765.jpg?fit=200%2C300&#038;ssl=1\" data-large-file=\"https:\/\/i0.wp.com\/alpimages.ch\/wp-content\/uploads\/2015\/11\/tom_0765.jpg?fit=680%2C1019&#038;ssl=1\" src=\"https:\/\/i0.wp.com\/alpimages.ch\/wp-content\/uploads\/2015\/11\/tom_0765.jpg?w=387&#038;h=579&#038;ssl=1\" width=\"387\" height=\"579\" loading=\"lazy\" data-original-width=\"387\" data-original-height=\"579\" itemprop=\"http:\/\/schema.org\/image\" title=\"TOM_0765\" alt=\"int\u00e9rieur chalet de luxe Verbier par photographe Alpimages\" style=\"width: 387px; height: 579px;\" \/> <\/a> <\/div> <\/div> <!-- close group --> <\/div> <!-- close row --> <div class=\"gallery-row\" style=\"width: 680px; height: 228px;\" data-original-width=\"680\" data-original-height=\"228\" > <div class=\"gallery-group images-1\" style=\"width: 340px; height: 228px;\" data-original-width=\"340\" data-original-height=\"228\" > <div class=\"tiled-gallery-item tiled-gallery-item-large\" itemprop=\"associatedMedia\" itemscope itemtype=\"http:\/\/schema.org\/ImageObject\"> <a href=\"https:\/\/alpimages.ch\/en\/tom_0037\/\" border=\"0\" itemprop=\"url\"> <meta itemprop=\"width\" content=\"336\"> <meta itemprop=\"height\" content=\"224\"> <img decoding=\"async\" class=\"\" data-attachment-id=\"600\" data-orig-file=\"https:\/\/alpimages.ch\/wp-content\/uploads\/2015\/11\/tom_0037.jpg\" data-orig-size=\"3543,2365\" data-comments-opened=\"\" data-image-meta=\"{&quot;aperture&quot;:&quot;14&quot;,&quot;credit&quot;:&quot;&quot;,&quot;camera&quot;:&quot;NIKON D800&quot;,&quot;caption&quot;:&quot;&quot;,&quot;created_timestamp&quot;:&quot;1358180241&quot;,&quot;copyright&quot;:&quot;&quot;,&quot;focal_length&quot;:&quot;16&quot;,&quot;iso&quot;:&quot;160&quot;,&quot;shutter_speed&quot;:&quot;5&quot;,&quot;title&quot;:&quot;&quot;,&quot;orientation&quot;:&quot;1&quot;}\" data-image-title=\"TOM_0037\" data-image-description=\"\" data-medium-file=\"https:\/\/i0.wp.com\/alpimages.ch\/wp-content\/uploads\/2015\/11\/tom_0037.jpg?fit=300%2C200&#038;ssl=1\" data-large-file=\"https:\/\/i0.wp.com\/alpimages.ch\/wp-content\/uploads\/2015\/11\/tom_0037.jpg?fit=680%2C454&#038;ssl=1\" src=\"https:\/\/i0.wp.com\/alpimages.ch\/wp-content\/uploads\/2015\/11\/tom_0037.jpg?w=336&#038;h=224&#038;ssl=1\" width=\"336\" height=\"224\" loading=\"lazy\" data-original-width=\"336\" data-original-height=\"224\" itemprop=\"http:\/\/schema.org\/image\" title=\"TOM_0037\" alt=\"TOM_0037\" style=\"width: 336px; height: 224px;\" \/> <\/a> <\/div> <\/div> <!-- close group --> <div class=\"gallery-group images-1\" style=\"width: 340px; height: 228px;\" data-original-width=\"340\" data-original-height=\"228\" > <div class=\"tiled-gallery-item tiled-gallery-item-large\" itemprop=\"associatedMedia\" itemscope itemtype=\"http:\/\/schema.org\/ImageObject\"> <a href=\"https:\/\/alpimages.ch\/en\/tom_5272\/\" border=\"0\" itemprop=\"url\"> <meta itemprop=\"width\" content=\"336\"> <meta itemprop=\"height\" content=\"224\"> <img decoding=\"async\" class=\"\" data-attachment-id=\"604\" data-orig-file=\"https:\/\/alpimages.ch\/wp-content\/uploads\/2015\/11\/tom_5272.jpg\" data-orig-size=\"3543,2365\" data-comments-opened=\"\" data-image-meta=\"{&quot;aperture&quot;:&quot;0&quot;,&quot;credit&quot;:&quot;&quot;,&quot;camera&quot;:&quot;&quot;,&quot;caption&quot;:&quot;&quot;,&quot;created_timestamp&quot;:&quot;0&quot;,&quot;copyright&quot;:&quot;&quot;,&quot;focal_length&quot;:&quot;0&quot;,&quot;iso&quot;:&quot;0&quot;,&quot;shutter_speed&quot;:&quot;0&quot;,&quot;title&quot;:&quot;&quot;,&quot;orientation&quot;:&quot;0&quot;}\" data-image-title=\"TOM_5272\" data-image-description=\"\" data-medium-file=\"https:\/\/i0.wp.com\/alpimages.ch\/wp-content\/uploads\/2015\/11\/tom_5272.jpg?fit=300%2C200&#038;ssl=1\" data-large-file=\"https:\/\/i0.wp.com\/alpimages.ch\/wp-content\/uploads\/2015\/11\/tom_5272.jpg?fit=680%2C454&#038;ssl=1\" src=\"https:\/\/i0.wp.com\/alpimages.ch\/wp-content\/uploads\/2015\/11\/tom_5272.jpg?w=336&#038;h=224&#038;ssl=1\" width=\"336\" height=\"224\" loading=\"lazy\" data-original-width=\"336\" data-original-height=\"224\" itemprop=\"http:\/\/schema.org\/image\" title=\"TOM_5272\" alt=\"TOM_5272\" style=\"width: 336px; height: 224px;\" \/> <\/a> <\/div> <\/div> <!-- close group --> <\/div> <!-- close row --> <div class=\"gallery-row\" style=\"width: 680px; height: 590px;\" data-original-width=\"680\" data-original-height=\"590\" > <div class=\"gallery-group images-1\" style=\"width: 387px; height: 590px;\" data-original-width=\"387\" data-original-height=\"590\" > <div class=\"tiled-gallery-item tiled-gallery-item-large\" itemprop=\"associatedMedia\" itemscope itemtype=\"http:\/\/schema.org\/ImageObject\"> <a href=\"https:\/\/alpimages.ch\/en\/tom_0014\/\" border=\"0\" itemprop=\"url\"> <meta itemprop=\"width\" content=\"383\"> <meta itemprop=\"height\" content=\"586\"> <img decoding=\"async\" class=\"\" data-attachment-id=\"599\" data-orig-file=\"https:\/\/alpimages.ch\/wp-content\/uploads\/2015\/11\/tom_0014.jpg\" data-orig-size=\"2318,3543\" data-comments-opened=\"\" data-image-meta=\"{&quot;aperture&quot;:&quot;9&quot;,&quot;credit&quot;:&quot;&quot;,&quot;camera&quot;:&quot;NIKON D800&quot;,&quot;caption&quot;:&quot;&quot;,&quot;created_timestamp&quot;:&quot;1360174058&quot;,&quot;copyright&quot;:&quot;&quot;,&quot;focal_length&quot;:&quot;55&quot;,&quot;iso&quot;:&quot;200&quot;,&quot;shutter_speed&quot;:&quot;1.3&quot;,&quot;title&quot;:&quot;&quot;,&quot;orientation&quot;:&quot;0&quot;}\" data-image-title=\"TOM_0014\" data-image-description=\"\" data-medium-file=\"https:\/\/i0.wp.com\/alpimages.ch\/wp-content\/uploads\/2015\/11\/tom_0014.jpg?fit=196%2C300&#038;ssl=1\" data-large-file=\"https:\/\/i0.wp.com\/alpimages.ch\/wp-content\/uploads\/2015\/11\/tom_0014.jpg?fit=670%2C1024&#038;ssl=1\" src=\"https:\/\/i0.wp.com\/alpimages.ch\/wp-content\/uploads\/2015\/11\/tom_0014.jpg?w=383&#038;h=586&#038;ssl=1\" width=\"383\" height=\"586\" loading=\"lazy\" data-original-width=\"383\" data-original-height=\"586\" itemprop=\"http:\/\/schema.org\/image\" title=\"TOM_0014\" alt=\"TOM_0014\" style=\"width: 383px; height: 586px;\" \/> <\/a> <\/div> <\/div> <!-- close group --> <div class=\"gallery-group images-3\" style=\"width: 293px; height: 590px;\" data-original-width=\"293\" data-original-height=\"590\" > <div class=\"tiled-gallery-item tiled-gallery-item-large\" itemprop=\"associatedMedia\" itemscope itemtype=\"http:\/\/schema.org\/ImageObject\"> <a href=\"https:\/\/alpimages.ch\/en\/alpimages_davies-18\/\" border=\"0\" itemprop=\"url\"> <meta itemprop=\"width\" content=\"289\"> <meta itemprop=\"height\" content=\"193\"> <img decoding=\"async\" class=\"\" data-attachment-id=\"597\" data-orig-file=\"https:\/\/alpimages.ch\/wp-content\/uploads\/2015\/11\/alpimages_davies-18.jpg\" data-orig-size=\"5315,3547\" data-comments-opened=\"\" data-image-meta=\"{&quot;aperture&quot;:&quot;11&quot;,&quot;credit&quot;:&quot;&quot;,&quot;camera&quot;:&quot;NIKON D800&quot;,&quot;caption&quot;:&quot;&quot;,&quot;created_timestamp&quot;:&quot;1409824420&quot;,&quot;copyright&quot;:&quot;&quot;,&quot;focal_length&quot;:&quot;24&quot;,&quot;iso&quot;:&quot;200&quot;,&quot;shutter_speed&quot;:&quot;2&quot;,&quot;title&quot;:&quot;&quot;,&quot;orientation&quot;:&quot;1&quot;}\" data-image-title=\"Alpimages_Davies-18\" data-image-description=\"&lt;p&gt;int\u00e9rieur chalet de luxe Verbier par photographe Alpimages&lt;\/p&gt; \" data-medium-file=\"https:\/\/i0.wp.com\/alpimages.ch\/wp-content\/uploads\/2015\/11\/alpimages_davies-18.jpg?fit=300%2C200&#038;ssl=1\" data-large-file=\"https:\/\/i0.wp.com\/alpimages.ch\/wp-content\/uploads\/2015\/11\/alpimages_davies-18.jpg?fit=680%2C454&#038;ssl=1\" src=\"https:\/\/i0.wp.com\/alpimages.ch\/wp-content\/uploads\/2015\/11\/alpimages_davies-18.jpg?w=289&#038;h=193&#038;ssl=1\" width=\"289\" height=\"193\" loading=\"lazy\" data-original-width=\"289\" data-original-height=\"193\" itemprop=\"http:\/\/schema.org\/image\" title=\"Alpimages_Davies-18\" alt=\"int\u00e9rieur chalet de luxe Verbier par photographe Alpimages\" style=\"width: 289px; height: 193px;\" \/> <\/a> <\/div> <div class=\"tiled-gallery-item tiled-gallery-item-large\" itemprop=\"associatedMedia\" itemscope itemtype=\"http:\/\/schema.org\/ImageObject\"> <a href=\"https:\/\/alpimages.ch\/en\/corporate\/photo-interieur\/alpimagesthomas-roulin-2891-2\/\" border=\"0\" itemprop=\"url\"> <meta itemprop=\"width\" content=\"289\"> <meta itemprop=\"height\" content=\"193\"> <img decoding=\"async\" class=\"\" data-attachment-id=\"1082\" data-orig-file=\"https:\/\/alpimages.ch\/wp-content\/uploads\/2017\/12\/alpimagesc2a9thomas-roulin-28911.jpg\" data-orig-size=\"9000,6007\" data-comments-opened=\"\" data-image-meta=\"{&quot;aperture&quot;:&quot;9&quot;,&quot;credit&quot;:&quot;&quot;,&quot;camera&quot;:&quot;NIKON D810&quot;,&quot;caption&quot;:&quot;&quot;,&quot;created_timestamp&quot;:&quot;1477327836&quot;,&quot;copyright&quot;:&quot;&quot;,&quot;focal_length&quot;:&quot;14&quot;,&quot;iso&quot;:&quot;160&quot;,&quot;shutter_speed&quot;:&quot;1&quot;,&quot;title&quot;:&quot;&quot;,&quot;orientation&quot;:&quot;0&quot;}\" data-image-title=\"Alpimages\u00a9Thomas Roulin&amp;#8211;2891\" data-image-description=\"\" data-medium-file=\"https:\/\/i0.wp.com\/alpimages.ch\/wp-content\/uploads\/2017\/12\/alpimagesc2a9thomas-roulin-28911.jpg?fit=300%2C200&#038;ssl=1\" data-large-file=\"https:\/\/i0.wp.com\/alpimages.ch\/wp-content\/uploads\/2017\/12\/alpimagesc2a9thomas-roulin-28911.jpg?fit=680%2C454&#038;ssl=1\" src=\"https:\/\/i0.wp.com\/alpimages.ch\/wp-content\/uploads\/2017\/12\/alpimagesc2a9thomas-roulin-28911.jpg?w=289&#038;h=193&#038;ssl=1\" width=\"289\" height=\"193\" loading=\"lazy\" data-original-width=\"289\" data-original-height=\"193\" itemprop=\"http:\/\/schema.org\/image\" title=\"Alpimages\u00a9Thomas Roulin--2891\" alt=\"Alpimages\u00a9Thomas Roulin--2891\" style=\"width: 289px; height: 193px;\" \/> <\/a> <\/div> <div class=\"tiled-gallery-item tiled-gallery-item-large\" itemprop=\"associatedMedia\" itemscope itemtype=\"http:\/\/schema.org\/ImageObject\"> <a href=\"https:\/\/alpimages.ch\/en\/corporate\/photo-interieur\/alpimagesthomas-roulin-4255-2\/\" border=\"0\" itemprop=\"url\"> <meta itemprop=\"width\" content=\"289\"> <meta itemprop=\"height\" content=\"192\"> <img decoding=\"async\" class=\"\" data-attachment-id=\"1083\" data-orig-file=\"https:\/\/alpimages.ch\/wp-content\/uploads\/2017\/12\/alpimagesc2a9thomas-roulin-42551.jpg\" data-orig-size=\"6000,4004\" data-comments-opened=\"\" data-image-meta=\"{&quot;aperture&quot;:&quot;8&quot;,&quot;credit&quot;:&quot;&quot;,&quot;camera&quot;:&quot;NIKON D810&quot;,&quot;caption&quot;:&quot;&quot;,&quot;created_timestamp&quot;:&quot;1478193948&quot;,&quot;copyright&quot;:&quot;&quot;,&quot;focal_length&quot;:&quot;22&quot;,&quot;iso&quot;:&quot;250&quot;,&quot;shutter_speed&quot;:&quot;0.4&quot;,&quot;title&quot;:&quot;&quot;,&quot;orientation&quot;:&quot;0&quot;}\" data-image-title=\"Alpimages\u00a9Thomas Roulin&amp;#8211;4255\" data-image-description=\"\" data-medium-file=\"https:\/\/i0.wp.com\/alpimages.ch\/wp-content\/uploads\/2017\/12\/alpimagesc2a9thomas-roulin-42551.jpg?fit=300%2C200&#038;ssl=1\" data-large-file=\"https:\/\/i0.wp.com\/alpimages.ch\/wp-content\/uploads\/2017\/12\/alpimagesc2a9thomas-roulin-42551.jpg?fit=680%2C454&#038;ssl=1\" src=\"https:\/\/i0.wp.com\/alpimages.ch\/wp-content\/uploads\/2017\/12\/alpimagesc2a9thomas-roulin-42551.jpg?w=289&#038;h=192&#038;ssl=1\" width=\"289\" height=\"192\" loading=\"lazy\" data-original-width=\"289\" data-original-height=\"192\" itemprop=\"http:\/\/schema.org\/image\" title=\"Alpimages\u00a9Thomas Roulin--4255\" alt=\"Alpimages\u00a9Thomas Roulin--4255\" style=\"width: 289px; height: 192px;\" \/> <\/a> <\/div> <\/div> <!-- close group --> <\/div> <!-- close row --> <\/div>\n<h6>&nbsp;<\/h6>","protected":false},"excerpt":{"rendered":"<p>Nous r\u00e9alisons vos photos d&rsquo;int\u00e9rieur que ce soit pour des espaces priv\u00e9s ou des lieux publics, des restaurants ou des h\u00f4tels. Pour tous vos projets, exigez l&rsquo;exp\u00e9rience et le savoir faire de photographes professionnels. &nbsp;<\/p>","protected":false},"author":1,"featured_media":0,"parent":20,"menu_order":0,"comment_status":"closed","ping_status":"closed","template":"page-full-width.php","meta":{"ngg_post_thumbnail":0,"footnotes":""},"tags":[],"class_list":["post-212","page","type-page","status-publish","hentry"],"yoast_head":"<!-- This site is optimized with the Yoast SEO plugin v27.5 - https:\/\/yoast.com\/product\/yoast-seo-wordpress\/ -->\n<title>Photo int\u00e9rieur - Photographes professionnels - Galerie photos &amp; affiches - Verbier<\/title>\n<meta name=\"description\" content=\"Tous vos projets photographiques d&#039;int\u00e9rieur par le sp\u00e9cialiste de la photo \u00e0 Verbier. Chalets de luxe, restaurants ou h\u00f4tels.\" \/>\n<meta name=\"robots\" content=\"index, follow, max-snippet:-1, max-image-preview:large, max-video-preview:-1\" \/>\n<link rel=\"canonical\" href=\"https:\/\/alpimages.ch\/en\/corporate\/photo-interieur\/\" \/>\n<meta property=\"og:locale\" content=\"en_US\" \/>\n<meta property=\"og:type\" content=\"article\" \/>\n<meta property=\"og:title\" content=\"Photo int\u00e9rieur - Photographes professionnels - Galerie photos &amp; affiches - Verbier\" \/>\n<meta property=\"og:description\" content=\"Tous vos projets photographiques d&#039;int\u00e9rieur par le sp\u00e9cialiste de la photo \u00e0 Verbier. Chalets de luxe, restaurants ou h\u00f4tels.\" \/>\n<meta property=\"og:url\" content=\"https:\/\/alpimages.ch\/en\/corporate\/photo-interieur\/\" \/>\n<meta property=\"og:site_name\" content=\"Photographes professionnels - Galerie photos &amp; affiches - Verbier\" \/>\n<meta property=\"article:modified_time\" content=\"2023-12-12T19:24:43+00:00\" \/>\n<meta property=\"og:image\" content=\"https:\/\/i0.wp.com\/alpimages.ch\/wp-content\/uploads\/2023\/12\/Chalet-Bibi-\u00a9-Alpimages@verbier.ch-5703.jpg?w=447&#038;h=298&#038;ssl=1\" \/>\n<meta name=\"twitter:card\" content=\"summary_large_image\" \/>\n<meta name=\"twitter:label1\" content=\"Est. reading time\" \/>\n\t<meta name=\"twitter:data1\" content=\"1 minute\" \/>\n<script type=\"application\/ld+json\" class=\"yoast-schema-graph\">{\"@context\":\"https:\\\/\\\/schema.org\",\"@graph\":[{\"@type\":\"WebPage\",\"@id\":\"https:\\\/\\\/alpimages.ch\\\/corporate\\\/photo-interieur\\\/\",\"url\":\"https:\\\/\\\/alpimages.ch\\\/corporate\\\/photo-interieur\\\/\",\"name\":\"Photo int\u00e9rieur - Photographes professionnels - Galerie photos &amp; affiches - Verbier\",\"isPartOf\":{\"@id\":\"https:\\\/\\\/alpimages.ch\\\/#website\"},\"datePublished\":\"2015-09-28T18:45:36+00:00\",\"dateModified\":\"2023-12-12T19:24:43+00:00\",\"description\":\"Tous vos projets photographiques d'int\u00e9rieur par le sp\u00e9cialiste de la photo \u00e0 Verbier. Chalets de luxe, restaurants ou h\u00f4tels.\",\"breadcrumb\":{\"@id\":\"https:\\\/\\\/alpimages.ch\\\/corporate\\\/photo-interieur\\\/#breadcrumb\"},\"inLanguage\":\"en-US\",\"potentialAction\":[{\"@type\":\"ReadAction\",\"target\":[\"https:\\\/\\\/alpimages.ch\\\/corporate\\\/photo-interieur\\\/\"]}]},{\"@type\":\"BreadcrumbList\",\"@id\":\"https:\\\/\\\/alpimages.ch\\\/corporate\\\/photo-interieur\\\/#breadcrumb\",\"itemListElement\":[{\"@type\":\"ListItem\",\"position\":1,\"name\":\"Accueil\",\"item\":\"https:\\\/\\\/alpimages.ch\\\/\"},{\"@type\":\"ListItem\",\"position\":2,\"name\":\"Corporate\",\"item\":\"https:\\\/\\\/alpimages.ch\\\/corporate\\\/\"},{\"@type\":\"ListItem\",\"position\":3,\"name\":\"Photo int\u00e9rieur\"}]},{\"@type\":\"WebSite\",\"@id\":\"https:\\\/\\\/alpimages.ch\\\/#website\",\"url\":\"https:\\\/\\\/alpimages.ch\\\/\",\"name\":\"Photographes professionnels - Galerie photos &amp; affiches - Verbier\",\"description\":\"Photographes professionnels bas\u00e9s \u00e0 Verbier, nous offrons diff\u00e9rents services comme l&#039;impression photo, l&#039;encadrement, la vente d&#039;affiches et de posters et l&#039;organisation d&#039;\u00e9v\u00e8nements priv\u00e9s.\",\"potentialAction\":[{\"@type\":\"SearchAction\",\"target\":{\"@type\":\"EntryPoint\",\"urlTemplate\":\"https:\\\/\\\/alpimages.ch\\\/?s={search_term_string}\"},\"query-input\":{\"@type\":\"PropertyValueSpecification\",\"valueRequired\":true,\"valueName\":\"search_term_string\"}}],\"inLanguage\":\"en-US\"}]}<\/script>\n<!-- \/ Yoast SEO plugin. -->","yoast_head_json":{"title":"Photo int\u00e9rieur - Photographes professionnels - Galerie photos &amp; affiches - Verbier","description":"Tous vos projets photographiques d'int\u00e9rieur par le sp\u00e9cialiste de la photo \u00e0 Verbier. Chalets de luxe, restaurants ou h\u00f4tels.","robots":{"index":"index","follow":"follow","max-snippet":"max-snippet:-1","max-image-preview":"max-image-preview:large","max-video-preview":"max-video-preview:-1"},"canonical":"https:\/\/alpimages.ch\/en\/corporate\/photo-interieur\/","og_locale":"en_US","og_type":"article","og_title":"Photo int\u00e9rieur - Photographes professionnels - Galerie photos &amp; affiches - Verbier","og_description":"Tous vos projets photographiques d'int\u00e9rieur par le sp\u00e9cialiste de la photo \u00e0 Verbier. Chalets de luxe, restaurants ou h\u00f4tels.","og_url":"https:\/\/alpimages.ch\/en\/corporate\/photo-interieur\/","og_site_name":"Photographes professionnels - Galerie photos &amp; affiches - Verbier","article_modified_time":"2023-12-12T19:24:43+00:00","og_image":[{"url":"https:\/\/i0.wp.com\/alpimages.ch\/wp-content\/uploads\/2023\/12\/Chalet-Bibi-\u00a9-Alpimages@verbier.ch-5703.jpg?w=447&#038;h=298&#038;ssl=1","type":"","width":"","height":""}],"twitter_card":"summary_large_image","twitter_misc":{"Est. reading time":"1 minute"},"schema":{"@context":"https:\/\/schema.org","@graph":[{"@type":"WebPage","@id":"https:\/\/alpimages.ch\/corporate\/photo-interieur\/","url":"https:\/\/alpimages.ch\/corporate\/photo-interieur\/","name":"Photo int\u00e9rieur - Photographes professionnels - Galerie photos &amp; affiches - Verbier","isPartOf":{"@id":"https:\/\/alpimages.ch\/#website"},"datePublished":"2015-09-28T18:45:36+00:00","dateModified":"2023-12-12T19:24:43+00:00","description":"Tous vos projets photographiques d'int\u00e9rieur par le sp\u00e9cialiste de la photo \u00e0 Verbier. Chalets de luxe, restaurants ou h\u00f4tels.","breadcrumb":{"@id":"https:\/\/alpimages.ch\/corporate\/photo-interieur\/#breadcrumb"},"inLanguage":"en-US","potentialAction":[{"@type":"ReadAction","target":["https:\/\/alpimages.ch\/corporate\/photo-interieur\/"]}]},{"@type":"BreadcrumbList","@id":"https:\/\/alpimages.ch\/corporate\/photo-interieur\/#breadcrumb","itemListElement":[{"@type":"ListItem","position":1,"name":"Accueil","item":"https:\/\/alpimages.ch\/"},{"@type":"ListItem","position":2,"name":"Corporate","item":"https:\/\/alpimages.ch\/corporate\/"},{"@type":"ListItem","position":3,"name":"Photo int\u00e9rieur"}]},{"@type":"WebSite","@id":"https:\/\/alpimages.ch\/#website","url":"https:\/\/alpimages.ch\/","name":"Photographes professionnels - Galerie photos &amp; affiches - Verbier","description":"Photographes professionnels bas\u00e9s \u00e0 Verbier, nous offrons diff\u00e9rents services comme l&#039;impression photo, l&#039;encadrement, la vente d&#039;affiches et de posters et l&#039;organisation d&#039;\u00e9v\u00e8nements priv\u00e9s.","potentialAction":[{"@type":"SearchAction","target":{"@type":"EntryPoint","urlTemplate":"https:\/\/alpimages.ch\/?s={search_term_string}"},"query-input":{"@type":"PropertyValueSpecification","valueRequired":true,"valueName":"search_term_string"}}],"inLanguage":"en-US"}]}},"jetpack_sharing_enabled":true,"jetpack_shortlink":"https:\/\/wp.me\/P5FEld-3q","jetpack_likes_enabled":true,"_links":{"self":[{"href":"https:\/\/alpimages.ch\/en\/wp-json\/wp\/v2\/pages\/212","targetHints":{"allow":["GET"]}}],"collection":[{"href":"https:\/\/alpimages.ch\/en\/wp-json\/wp\/v2\/pages"}],"about":[{"href":"https:\/\/alpimages.ch\/en\/wp-json\/wp\/v2\/types\/page"}],"author":[{"embeddable":true,"href":"https:\/\/alpimages.ch\/en\/wp-json\/wp\/v2\/users\/1"}],"replies":[{"embeddable":true,"href":"https:\/\/alpimages.ch\/en\/wp-json\/wp\/v2\/comments?post=212"}],"version-history":[{"count":23,"href":"https:\/\/alpimages.ch\/en\/wp-json\/wp\/v2\/pages\/212\/revisions"}],"predecessor-version":[{"id":11482,"href":"https:\/\/alpimages.ch\/en\/wp-json\/wp\/v2\/pages\/212\/revisions\/11482"}],"up":[{"embeddable":true,"href":"https:\/\/alpimages.ch\/en\/wp-json\/wp\/v2\/pages\/20"}],"wp:attachment":[{"href":"https:\/\/alpimages.ch\/en\/wp-json\/wp\/v2\/media?parent=212"}],"wp:term":[{"taxonomy":"post_tag","embeddable":true,"href":"https:\/\/alpimages.ch\/en\/wp-json\/wp\/v2\/tags?post=212"}],"curies":[{"name":"wp","href":"https:\/\/api.w.org\/{rel}","templated":true}]}}