{"id":23,"date":"2015-03-10T11:15:52","date_gmt":"2015-03-10T11:15:52","guid":{"rendered":"https:\/\/alpimages.ch\/?page_id=23"},"modified":"2026-04-02T15:16:14","modified_gmt":"2026-04-02T15:16:14","slug":"paysages","status":"publish","type":"page","link":"https:\/\/alpimages.ch\/en\/paysages\/","title":{"rendered":"Paysages"},"content":{"rendered":"<p>Pour d\u00e9couvrir Verbier sous tous ses angles, venez nous rencontrer et admirer notre album des panorama de Verbier. Nous pouvons effectuer des tirages aux tailles de votre choix sur papier mat ou satin\u00e9. Nos panoramas sont \u00e9galement disponibles \u00e0 la vente, sur commande, par t\u00e9l\u00e9phone ou par email.<\/p>\n<p>Contactez-nous au +41 27 771 7722 ou via <a href=\"mailto:alpimages@verbier.ch\" target=\"_blank\" rel=\"noopener noreferrer\">alpimages@verbier.ch<\/a><\/p>\n<div class=\"tiled-gallery type-rectangular tiled-gallery-unresized\" data-original-width=\"680\" data-carousel-extra='{&quot;blog_id&quot;:1,&quot;permalink&quot;:&quot;https:\\\/\\\/alpimages.ch\\\/en\\\/paysages\\\/&quot;,&quot;likes_blog_id&quot;:83808203}' itemscope itemtype=\"http:\/\/schema.org\/ImageGallery\" > <div class=\"gallery-row\" style=\"width: 680px; height: 480px;\" data-original-width=\"680\" data-original-height=\"480\" > <div class=\"gallery-group images-2\" style=\"width: 358px; height: 480px;\" data-original-width=\"358\" data-original-height=\"480\" > <div class=\"tiled-gallery-item tiled-gallery-item-large\" itemprop=\"associatedMedia\" itemscope itemtype=\"http:\/\/schema.org\/ImageObject\"> <a href=\"https:\/\/alpimages.ch\/en\/paysages\/1-copie\/\" border=\"0\" itemprop=\"url\"> <meta itemprop=\"width\" content=\"354\"> <meta itemprop=\"height\" content=\"236\"> <img decoding=\"async\" class=\"\" data-attachment-id=\"15016\" data-orig-file=\"https:\/\/alpimages.ch\/wp-content\/uploads\/2026\/04\/1-copie.jpg\" data-orig-size=\"850,567\" data-comments-opened=\"\" data-image-meta=\"{&quot;aperture&quot;:&quot;8&quot;,&quot;credit&quot;:&quot;Gabriele LETO&quot;,&quot;camera&quot;:&quot;Canon EOS 7D&quot;,&quot;caption&quot;:&quot;&quot;,&quot;created_timestamp&quot;:&quot;1490531326&quot;,&quot;copyright&quot;:&quot;&quot;,&quot;focal_length&quot;:&quot;70&quot;,&quot;iso&quot;:&quot;160&quot;,&quot;shutter_speed&quot;:&quot;0.0004&quot;,&quot;title&quot;:&quot;&quot;,&quot;orientation&quot;:&quot;1&quot;}\" data-image-title=\"1 copie\" data-image-description=\"\" data-medium-file=\"https:\/\/i0.wp.com\/alpimages.ch\/wp-content\/uploads\/2026\/04\/1-copie.jpg?fit=300%2C200&#038;ssl=1\" data-large-file=\"https:\/\/i0.wp.com\/alpimages.ch\/wp-content\/uploads\/2026\/04\/1-copie.jpg?fit=680%2C454&#038;ssl=1\" src=\"https:\/\/i0.wp.com\/alpimages.ch\/wp-content\/uploads\/2026\/04\/1-copie.jpg?w=354&#038;h=236&#038;ssl=1\" srcset=\"https:\/\/i0.wp.com\/alpimages.ch\/wp-content\/uploads\/2026\/04\/1-copie.jpg?w=850&amp;ssl=1 850w, https:\/\/i0.wp.com\/alpimages.ch\/wp-content\/uploads\/2026\/04\/1-copie.jpg?resize=300%2C200&amp;ssl=1 300w, https:\/\/i0.wp.com\/alpimages.ch\/wp-content\/uploads\/2026\/04\/1-copie.jpg?resize=150%2C100&amp;ssl=1 150w, https:\/\/i0.wp.com\/alpimages.ch\/wp-content\/uploads\/2026\/04\/1-copie.jpg?resize=768%2C512&amp;ssl=1 768w, https:\/\/i0.wp.com\/alpimages.ch\/wp-content\/uploads\/2026\/04\/1-copie.jpg?resize=18%2C12&amp;ssl=1 18w, https:\/\/i0.wp.com\/alpimages.ch\/wp-content\/uploads\/2026\/04\/1-copie.jpg?resize=317%2C211&amp;ssl=1 317w\" width=\"354\" height=\"236\" loading=\"lazy\" data-original-width=\"354\" data-original-height=\"236\" itemprop=\"http:\/\/schema.org\/image\" title=\"1 copie\" alt=\"1 copie\" style=\"width: 354px; height: 236px;\" \/> <\/a> <\/div> <div class=\"tiled-gallery-item tiled-gallery-item-large\" itemprop=\"associatedMedia\" itemscope itemtype=\"http:\/\/schema.org\/ImageObject\"> <a href=\"https:\/\/alpimages.ch\/en\/paysages\/30-copie\/\" border=\"0\" itemprop=\"url\"> <meta itemprop=\"width\" content=\"354\"> <meta itemprop=\"height\" content=\"236\"> <img decoding=\"async\" class=\"\" data-attachment-id=\"15017\" data-orig-file=\"https:\/\/alpimages.ch\/wp-content\/uploads\/2026\/04\/30-copie.jpg\" data-orig-size=\"850,567\" data-comments-opened=\"\" data-image-meta=\"{&quot;aperture&quot;:&quot;13&quot;,&quot;credit&quot;:&quot;&quot;,&quot;camera&quot;:&quot;NIKON D5&quot;,&quot;caption&quot;:&quot;&quot;,&quot;created_timestamp&quot;:&quot;1680604195&quot;,&quot;copyright&quot;:&quot;&quot;,&quot;focal_length&quot;:&quot;38&quot;,&quot;iso&quot;:&quot;80&quot;,&quot;shutter_speed&quot;:&quot;0.004&quot;,&quot;title&quot;:&quot;&quot;,&quot;orientation&quot;:&quot;1&quot;}\" data-image-title=\"30 copie\" data-image-description=\"\" data-medium-file=\"https:\/\/i0.wp.com\/alpimages.ch\/wp-content\/uploads\/2026\/04\/30-copie.jpg?fit=300%2C200&#038;ssl=1\" data-large-file=\"https:\/\/i0.wp.com\/alpimages.ch\/wp-content\/uploads\/2026\/04\/30-copie.jpg?fit=680%2C454&#038;ssl=1\" src=\"https:\/\/i0.wp.com\/alpimages.ch\/wp-content\/uploads\/2026\/04\/30-copie.jpg?w=354&#038;h=236&#038;ssl=1\" srcset=\"https:\/\/i0.wp.com\/alpimages.ch\/wp-content\/uploads\/2026\/04\/30-copie.jpg?w=850&amp;ssl=1 850w, https:\/\/i0.wp.com\/alpimages.ch\/wp-content\/uploads\/2026\/04\/30-copie.jpg?resize=300%2C200&amp;ssl=1 300w, https:\/\/i0.wp.com\/alpimages.ch\/wp-content\/uploads\/2026\/04\/30-copie.jpg?resize=150%2C100&amp;ssl=1 150w, https:\/\/i0.wp.com\/alpimages.ch\/wp-content\/uploads\/2026\/04\/30-copie.jpg?resize=768%2C512&amp;ssl=1 768w, https:\/\/i0.wp.com\/alpimages.ch\/wp-content\/uploads\/2026\/04\/30-copie.jpg?resize=18%2C12&amp;ssl=1 18w, https:\/\/i0.wp.com\/alpimages.ch\/wp-content\/uploads\/2026\/04\/30-copie.jpg?resize=317%2C211&amp;ssl=1 317w\" width=\"354\" height=\"236\" loading=\"lazy\" data-original-width=\"354\" data-original-height=\"236\" itemprop=\"http:\/\/schema.org\/image\" title=\"30 copie\" alt=\"30 copie\" style=\"width: 354px; height: 236px;\" \/> <\/a> <\/div> <\/div> <!-- close group --> <div class=\"gallery-group images-1\" style=\"width: 322px; height: 480px;\" data-original-width=\"322\" data-original-height=\"480\" > <div class=\"tiled-gallery-item tiled-gallery-item-large\" itemprop=\"associatedMedia\" itemscope itemtype=\"http:\/\/schema.org\/ImageObject\"> <a href=\"https:\/\/alpimages.ch\/en\/paysages\/_tom0098-copie\/\" border=\"0\" itemprop=\"url\"> <meta itemprop=\"width\" content=\"318\"> <meta itemprop=\"height\" content=\"476\"> <img decoding=\"async\" class=\"\" data-attachment-id=\"15015\" data-orig-file=\"https:\/\/alpimages.ch\/wp-content\/uploads\/2026\/04\/TOM0098-copie.jpg\" data-orig-size=\"567,850\" data-comments-opened=\"\" data-image-meta=\"{&quot;aperture&quot;:&quot;5.6&quot;,&quot;credit&quot;:&quot;&quot;,&quot;camera&quot;:&quot;NIKON Z6_3&quot;,&quot;caption&quot;:&quot;&quot;,&quot;created_timestamp&quot;:&quot;1764236933&quot;,&quot;copyright&quot;:&quot;&quot;,&quot;focal_length&quot;:&quot;400&quot;,&quot;iso&quot;:&quot;100&quot;,&quot;shutter_speed&quot;:&quot;0.0008&quot;,&quot;title&quot;:&quot;&quot;,&quot;orientation&quot;:&quot;1&quot;}\" data-image-title=\"_TOM0098 copie\" data-image-description=\"\" data-medium-file=\"https:\/\/i0.wp.com\/alpimages.ch\/wp-content\/uploads\/2026\/04\/TOM0098-copie.jpg?fit=200%2C300&#038;ssl=1\" data-large-file=\"https:\/\/i0.wp.com\/alpimages.ch\/wp-content\/uploads\/2026\/04\/TOM0098-copie.jpg?fit=567%2C850&#038;ssl=1\" src=\"https:\/\/i0.wp.com\/alpimages.ch\/wp-content\/uploads\/2026\/04\/TOM0098-copie.jpg?w=318&#038;h=476&#038;ssl=1\" srcset=\"https:\/\/i0.wp.com\/alpimages.ch\/wp-content\/uploads\/2026\/04\/TOM0098-copie.jpg?w=567&amp;ssl=1 567w, https:\/\/i0.wp.com\/alpimages.ch\/wp-content\/uploads\/2026\/04\/TOM0098-copie.jpg?resize=200%2C300&amp;ssl=1 200w, https:\/\/i0.wp.com\/alpimages.ch\/wp-content\/uploads\/2026\/04\/TOM0098-copie.jpg?resize=100%2C150&amp;ssl=1 100w, https:\/\/i0.wp.com\/alpimages.ch\/wp-content\/uploads\/2026\/04\/TOM0098-copie.jpg?resize=8%2C12&amp;ssl=1 8w, https:\/\/i0.wp.com\/alpimages.ch\/wp-content\/uploads\/2026\/04\/TOM0098-copie.jpg?resize=317%2C475&amp;ssl=1 317w\" width=\"318\" height=\"476\" loading=\"lazy\" data-original-width=\"318\" data-original-height=\"476\" itemprop=\"http:\/\/schema.org\/image\" title=\"_TOM0098 copie\" alt=\"_TOM0098 copie\" style=\"width: 318px; height: 476px;\" \/> <\/a> <\/div> <\/div> <!-- close group --> <\/div> <!-- close row --> <div class=\"gallery-row\" style=\"width: 680px; height: 584px;\" data-original-width=\"680\" data-original-height=\"584\" > <div class=\"gallery-group images-1\" style=\"width: 390px; height: 584px;\" data-original-width=\"390\" data-original-height=\"584\" > <div class=\"tiled-gallery-item tiled-gallery-item-large\" itemprop=\"associatedMedia\" itemscope itemtype=\"http:\/\/schema.org\/ImageObject\"> <a href=\"https:\/\/alpimages.ch\/en\/paysages\/jev_4899-copie\/\" border=\"0\" itemprop=\"url\"> <meta itemprop=\"width\" content=\"386\"> <meta itemprop=\"height\" content=\"580\"> <img decoding=\"async\" class=\"\" data-attachment-id=\"15018\" data-orig-file=\"https:\/\/alpimages.ch\/wp-content\/uploads\/2026\/04\/JEV_4899-copie.jpg\" data-orig-size=\"876,1314\" data-comments-opened=\"\" data-image-meta=\"{&quot;aperture&quot;:&quot;0&quot;,&quot;credit&quot;:&quot;&quot;,&quot;camera&quot;:&quot;&quot;,&quot;caption&quot;:&quot;&quot;,&quot;created_timestamp&quot;:&quot;0&quot;,&quot;copyright&quot;:&quot;&quot;,&quot;focal_length&quot;:&quot;0&quot;,&quot;iso&quot;:&quot;0&quot;,&quot;shutter_speed&quot;:&quot;0&quot;,&quot;title&quot;:&quot;&quot;,&quot;orientation&quot;:&quot;1&quot;}\" data-image-title=\"JEV_4899 copie\" data-image-description=\"\" data-medium-file=\"https:\/\/i0.wp.com\/alpimages.ch\/wp-content\/uploads\/2026\/04\/JEV_4899-copie.jpg?fit=200%2C300&#038;ssl=1\" data-large-file=\"https:\/\/i0.wp.com\/alpimages.ch\/wp-content\/uploads\/2026\/04\/JEV_4899-copie.jpg?fit=680%2C1020&#038;ssl=1\" src=\"https:\/\/i0.wp.com\/alpimages.ch\/wp-content\/uploads\/2026\/04\/JEV_4899-copie.jpg?w=386&#038;h=580&#038;ssl=1\" srcset=\"https:\/\/i0.wp.com\/alpimages.ch\/wp-content\/uploads\/2026\/04\/JEV_4899-copie.jpg?w=876&amp;ssl=1 876w, https:\/\/i0.wp.com\/alpimages.ch\/wp-content\/uploads\/2026\/04\/JEV_4899-copie.jpg?resize=200%2C300&amp;ssl=1 200w, https:\/\/i0.wp.com\/alpimages.ch\/wp-content\/uploads\/2026\/04\/JEV_4899-copie.jpg?resize=683%2C1024&amp;ssl=1 683w, https:\/\/i0.wp.com\/alpimages.ch\/wp-content\/uploads\/2026\/04\/JEV_4899-copie.jpg?resize=100%2C150&amp;ssl=1 100w, https:\/\/i0.wp.com\/alpimages.ch\/wp-content\/uploads\/2026\/04\/JEV_4899-copie.jpg?resize=768%2C1152&amp;ssl=1 768w, https:\/\/i0.wp.com\/alpimages.ch\/wp-content\/uploads\/2026\/04\/JEV_4899-copie.jpg?resize=8%2C12&amp;ssl=1 8w, https:\/\/i0.wp.com\/alpimages.ch\/wp-content\/uploads\/2026\/04\/JEV_4899-copie.jpg?resize=317%2C476&amp;ssl=1 317w\" width=\"386\" height=\"580\" loading=\"lazy\" data-original-width=\"386\" data-original-height=\"580\" itemprop=\"http:\/\/schema.org\/image\" title=\"JEV_4899 copie\" alt=\"JEV_4899 copie\" style=\"width: 386px; height: 580px;\" \/> <\/a> <\/div> <\/div> <!-- close group --> <div class=\"gallery-group images-3\" style=\"width: 290px; height: 584px;\" data-original-width=\"290\" data-original-height=\"584\" > <div class=\"tiled-gallery-item tiled-gallery-item-large\" itemprop=\"associatedMedia\" itemscope itemtype=\"http:\/\/schema.org\/ImageObject\"> <a href=\"https:\/\/alpimages.ch\/en\/paysages\/10-copie\/\" border=\"0\" itemprop=\"url\"> <meta itemprop=\"width\" content=\"286\"> <meta itemprop=\"height\" content=\"190\"> <img decoding=\"async\" class=\"\" data-attachment-id=\"15021\" data-orig-file=\"https:\/\/alpimages.ch\/wp-content\/uploads\/2026\/04\/10-copie.jpg\" data-orig-size=\"850,567\" data-comments-opened=\"\" data-image-meta=\"{&quot;aperture&quot;:&quot;4&quot;,&quot;credit&quot;:&quot;&quot;,&quot;camera&quot;:&quot;NIKON D810&quot;,&quot;caption&quot;:&quot;&quot;,&quot;created_timestamp&quot;:&quot;1547299726&quot;,&quot;copyright&quot;:&quot;&quot;,&quot;focal_length&quot;:&quot;46&quot;,&quot;iso&quot;:&quot;31&quot;,&quot;shutter_speed&quot;:&quot;0.0015625&quot;,&quot;title&quot;:&quot;&quot;,&quot;orientation&quot;:&quot;1&quot;}\" data-image-title=\"10 copie\" data-image-description=\"\" data-medium-file=\"https:\/\/i0.wp.com\/alpimages.ch\/wp-content\/uploads\/2026\/04\/10-copie.jpg?fit=300%2C200&#038;ssl=1\" data-large-file=\"https:\/\/i0.wp.com\/alpimages.ch\/wp-content\/uploads\/2026\/04\/10-copie.jpg?fit=680%2C454&#038;ssl=1\" src=\"https:\/\/i0.wp.com\/alpimages.ch\/wp-content\/uploads\/2026\/04\/10-copie.jpg?w=286&#038;h=190&#038;ssl=1\" srcset=\"https:\/\/i0.wp.com\/alpimages.ch\/wp-content\/uploads\/2026\/04\/10-copie.jpg?w=850&amp;ssl=1 850w, https:\/\/i0.wp.com\/alpimages.ch\/wp-content\/uploads\/2026\/04\/10-copie.jpg?resize=300%2C200&amp;ssl=1 300w, https:\/\/i0.wp.com\/alpimages.ch\/wp-content\/uploads\/2026\/04\/10-copie.jpg?resize=150%2C100&amp;ssl=1 150w, https:\/\/i0.wp.com\/alpimages.ch\/wp-content\/uploads\/2026\/04\/10-copie.jpg?resize=768%2C512&amp;ssl=1 768w, https:\/\/i0.wp.com\/alpimages.ch\/wp-content\/uploads\/2026\/04\/10-copie.jpg?resize=18%2C12&amp;ssl=1 18w, https:\/\/i0.wp.com\/alpimages.ch\/wp-content\/uploads\/2026\/04\/10-copie.jpg?resize=317%2C211&amp;ssl=1 317w\" width=\"286\" height=\"190\" loading=\"lazy\" data-original-width=\"286\" data-original-height=\"190\" itemprop=\"http:\/\/schema.org\/image\" title=\"10 copie\" alt=\"10 copie\" style=\"width: 286px; height: 190px;\" \/> <\/a> <\/div> <div class=\"tiled-gallery-item tiled-gallery-item-large\" itemprop=\"associatedMedia\" itemscope itemtype=\"http:\/\/schema.org\/ImageObject\"> <a href=\"https:\/\/alpimages.ch\/en\/paysages\/alpimages-thomas-roulin-5148-2\/\" border=\"0\" itemprop=\"url\"> <meta itemprop=\"width\" content=\"286\"> <meta itemprop=\"height\" content=\"191\"> <img decoding=\"async\" class=\"\" data-attachment-id=\"1817\" data-orig-file=\"https:\/\/alpimages.ch\/wp-content\/uploads\/2018\/11\/ALPIMAGES-Thomas-Roulin-5148.jpg\" data-orig-size=\"7360,4912\" data-comments-opened=\"\" data-image-meta=\"{&quot;aperture&quot;:&quot;11&quot;,&quot;credit&quot;:&quot;&quot;,&quot;camera&quot;:&quot;NIKON D810&quot;,&quot;caption&quot;:&quot;&quot;,&quot;created_timestamp&quot;:&quot;1500309089&quot;,&quot;copyright&quot;:&quot;&quot;,&quot;focal_length&quot;:&quot;55&quot;,&quot;iso&quot;:&quot;100&quot;,&quot;shutter_speed&quot;:&quot;0.02&quot;,&quot;title&quot;:&quot;&quot;,&quot;orientation&quot;:&quot;0&quot;}\" data-image-title=\"ALPIMAGES-Thomas Roulin-5148\" data-image-description=\"\" data-medium-file=\"https:\/\/i0.wp.com\/alpimages.ch\/wp-content\/uploads\/2018\/11\/ALPIMAGES-Thomas-Roulin-5148.jpg?fit=300%2C200&#038;ssl=1\" data-large-file=\"https:\/\/i0.wp.com\/alpimages.ch\/wp-content\/uploads\/2018\/11\/ALPIMAGES-Thomas-Roulin-5148.jpg?fit=680%2C454&#038;ssl=1\" src=\"https:\/\/i0.wp.com\/alpimages.ch\/wp-content\/uploads\/2018\/11\/ALPIMAGES-Thomas-Roulin-5148.jpg?w=286&#038;h=191&#038;ssl=1\" srcset=\"https:\/\/i0.wp.com\/alpimages.ch\/wp-content\/uploads\/2018\/11\/ALPIMAGES-Thomas-Roulin-5148.jpg?w=7360&amp;ssl=1 7360w, https:\/\/i0.wp.com\/alpimages.ch\/wp-content\/uploads\/2018\/11\/ALPIMAGES-Thomas-Roulin-5148.jpg?resize=150%2C100&amp;ssl=1 150w, https:\/\/i0.wp.com\/alpimages.ch\/wp-content\/uploads\/2018\/11\/ALPIMAGES-Thomas-Roulin-5148.jpg?resize=300%2C200&amp;ssl=1 300w, https:\/\/i0.wp.com\/alpimages.ch\/wp-content\/uploads\/2018\/11\/ALPIMAGES-Thomas-Roulin-5148.jpg?resize=768%2C513&amp;ssl=1 768w, https:\/\/i0.wp.com\/alpimages.ch\/wp-content\/uploads\/2018\/11\/ALPIMAGES-Thomas-Roulin-5148.jpg?resize=1024%2C683&amp;ssl=1 1024w, https:\/\/i0.wp.com\/alpimages.ch\/wp-content\/uploads\/2018\/11\/ALPIMAGES-Thomas-Roulin-5148.jpg?resize=317%2C212&amp;ssl=1 317w, https:\/\/i0.wp.com\/alpimages.ch\/wp-content\/uploads\/2018\/11\/ALPIMAGES-Thomas-Roulin-5148.jpg?w=1360&amp;ssl=1 1360w, https:\/\/i0.wp.com\/alpimages.ch\/wp-content\/uploads\/2018\/11\/ALPIMAGES-Thomas-Roulin-5148.jpg?w=2040&amp;ssl=1 2040w\" width=\"286\" height=\"191\" loading=\"lazy\" data-original-width=\"286\" data-original-height=\"191\" itemprop=\"http:\/\/schema.org\/image\" title=\"ALPIMAGES-Thomas Roulin-5148\" alt=\"ALPIMAGES-Thomas Roulin-5148\" style=\"width: 286px; height: 191px;\" \/> <\/a> <\/div> <div class=\"tiled-gallery-item tiled-gallery-item-large\" itemprop=\"associatedMedia\" itemscope itemtype=\"http:\/\/schema.org\/ImageObject\"> <a href=\"https:\/\/alpimages.ch\/en\/paysages\/alpimages-thomas-roulin-42\/\" border=\"0\" itemprop=\"url\"> <meta itemprop=\"width\" content=\"286\"> <meta itemprop=\"height\" content=\"191\"> <img decoding=\"async\" class=\"\" data-attachment-id=\"457\" data-orig-file=\"https:\/\/alpimages.ch\/wp-content\/uploads\/2015\/03\/alpimages-thomas-roulin-42.jpg\" data-orig-size=\"7360,4912\" data-comments-opened=\"\" data-image-meta=\"{&quot;aperture&quot;:&quot;11&quot;,&quot;credit&quot;:&quot;&quot;,&quot;camera&quot;:&quot;NIKON D800&quot;,&quot;caption&quot;:&quot;&quot;,&quot;created_timestamp&quot;:&quot;1441610358&quot;,&quot;copyright&quot;:&quot;&quot;,&quot;focal_length&quot;:&quot;58&quot;,&quot;iso&quot;:&quot;125&quot;,&quot;shutter_speed&quot;:&quot;0.008&quot;,&quot;title&quot;:&quot;&quot;,&quot;orientation&quot;:&quot;0&quot;}\" data-image-title=\"Alpimages Thomas Roulin-42\" data-image-description=\"\" data-medium-file=\"https:\/\/i0.wp.com\/alpimages.ch\/wp-content\/uploads\/2015\/03\/alpimages-thomas-roulin-42.jpg?fit=300%2C200&#038;ssl=1\" data-large-file=\"https:\/\/i0.wp.com\/alpimages.ch\/wp-content\/uploads\/2015\/03\/alpimages-thomas-roulin-42.jpg?fit=680%2C454&#038;ssl=1\" src=\"https:\/\/i0.wp.com\/alpimages.ch\/wp-content\/uploads\/2015\/03\/alpimages-thomas-roulin-42.jpg?w=286&#038;h=191&#038;ssl=1\" width=\"286\" height=\"191\" loading=\"lazy\" data-original-width=\"286\" data-original-height=\"191\" itemprop=\"http:\/\/schema.org\/image\" title=\"Alpimages Thomas Roulin-42\" alt=\"Alpimages Thomas Roulin-42\" style=\"width: 286px; height: 191px;\" \/> <\/a> <\/div> <\/div> <!-- close group --> <\/div> <!-- close row --> <div class=\"gallery-row\" style=\"width: 680px; height: 304px;\" data-original-width=\"680\" data-original-height=\"304\" > <div class=\"gallery-group images-1\" style=\"width: 454px; height: 304px;\" data-original-width=\"454\" data-original-height=\"304\" > <div class=\"tiled-gallery-item tiled-gallery-item-large\" itemprop=\"associatedMedia\" itemscope itemtype=\"http:\/\/schema.org\/ImageObject\"> <a href=\"https:\/\/alpimages.ch\/en\/paysages\/attachment\/2\/\" border=\"0\" itemprop=\"url\"> <meta itemprop=\"width\" content=\"450\"> <meta itemprop=\"height\" content=\"300\"> <img decoding=\"async\" class=\"\" data-attachment-id=\"15019\" data-orig-file=\"https:\/\/alpimages.ch\/wp-content\/uploads\/2026\/04\/2.jpg\" data-orig-size=\"850,567\" data-comments-opened=\"\" data-image-meta=\"{&quot;aperture&quot;:&quot;11&quot;,&quot;credit&quot;:&quot;&quot;,&quot;camera&quot;:&quot;NIKON D850&quot;,&quot;caption&quot;:&quot;&quot;,&quot;created_timestamp&quot;:&quot;1674042495&quot;,&quot;copyright&quot;:&quot;&quot;,&quot;focal_length&quot;:&quot;55&quot;,&quot;iso&quot;:&quot;31&quot;,&quot;shutter_speed&quot;:&quot;0.00625&quot;,&quot;title&quot;:&quot;&quot;,&quot;orientation&quot;:&quot;1&quot;}\" data-image-title=\"2\" data-image-description=\"\" data-medium-file=\"https:\/\/i0.wp.com\/alpimages.ch\/wp-content\/uploads\/2026\/04\/2.jpg?fit=300%2C200&#038;ssl=1\" data-large-file=\"https:\/\/i0.wp.com\/alpimages.ch\/wp-content\/uploads\/2026\/04\/2.jpg?fit=680%2C454&#038;ssl=1\" src=\"https:\/\/i0.wp.com\/alpimages.ch\/wp-content\/uploads\/2026\/04\/2.jpg?w=450&#038;h=300&#038;ssl=1\" srcset=\"https:\/\/i0.wp.com\/alpimages.ch\/wp-content\/uploads\/2026\/04\/2.jpg?w=850&amp;ssl=1 850w, https:\/\/i0.wp.com\/alpimages.ch\/wp-content\/uploads\/2026\/04\/2.jpg?resize=300%2C200&amp;ssl=1 300w, https:\/\/i0.wp.com\/alpimages.ch\/wp-content\/uploads\/2026\/04\/2.jpg?resize=150%2C100&amp;ssl=1 150w, https:\/\/i0.wp.com\/alpimages.ch\/wp-content\/uploads\/2026\/04\/2.jpg?resize=768%2C512&amp;ssl=1 768w, https:\/\/i0.wp.com\/alpimages.ch\/wp-content\/uploads\/2026\/04\/2.jpg?resize=18%2C12&amp;ssl=1 18w, https:\/\/i0.wp.com\/alpimages.ch\/wp-content\/uploads\/2026\/04\/2.jpg?resize=317%2C211&amp;ssl=1 317w\" width=\"450\" height=\"300\" loading=\"lazy\" data-original-width=\"450\" data-original-height=\"300\" itemprop=\"http:\/\/schema.org\/image\" title=\"2\" alt=\"2\" style=\"width: 450px; height: 300px;\" \/> <\/a> <\/div> <\/div> <!-- close group --> <div class=\"gallery-group images-2\" style=\"width: 226px; height: 304px;\" data-original-width=\"226\" data-original-height=\"304\" > <div class=\"tiled-gallery-item tiled-gallery-item-small\" itemprop=\"associatedMedia\" itemscope itemtype=\"http:\/\/schema.org\/ImageObject\"> <a href=\"https:\/\/alpimages.ch\/en\/paysages\/jev_4231-copie\/\" border=\"0\" itemprop=\"url\"> <meta itemprop=\"width\" content=\"222\"> <meta itemprop=\"height\" content=\"148\"> <img decoding=\"async\" class=\"\" data-attachment-id=\"15020\" data-orig-file=\"https:\/\/alpimages.ch\/wp-content\/uploads\/2026\/04\/JEV_4231-copie.jpg\" data-orig-size=\"1314,876\" data-comments-opened=\"\" data-image-meta=\"{&quot;aperture&quot;:&quot;0&quot;,&quot;credit&quot;:&quot;&quot;,&quot;camera&quot;:&quot;&quot;,&quot;caption&quot;:&quot;&quot;,&quot;created_timestamp&quot;:&quot;0&quot;,&quot;copyright&quot;:&quot;&quot;,&quot;focal_length&quot;:&quot;0&quot;,&quot;iso&quot;:&quot;0&quot;,&quot;shutter_speed&quot;:&quot;0&quot;,&quot;title&quot;:&quot;&quot;,&quot;orientation&quot;:&quot;1&quot;}\" data-image-title=\"JEV_4231 copie\" data-image-description=\"\" data-medium-file=\"https:\/\/i0.wp.com\/alpimages.ch\/wp-content\/uploads\/2026\/04\/JEV_4231-copie.jpg?fit=300%2C200&#038;ssl=1\" data-large-file=\"https:\/\/i0.wp.com\/alpimages.ch\/wp-content\/uploads\/2026\/04\/JEV_4231-copie.jpg?fit=680%2C454&#038;ssl=1\" src=\"https:\/\/i0.wp.com\/alpimages.ch\/wp-content\/uploads\/2026\/04\/JEV_4231-copie.jpg?w=222&#038;h=148&#038;ssl=1\" srcset=\"https:\/\/i0.wp.com\/alpimages.ch\/wp-content\/uploads\/2026\/04\/JEV_4231-copie.jpg?w=1314&amp;ssl=1 1314w, https:\/\/i0.wp.com\/alpimages.ch\/wp-content\/uploads\/2026\/04\/JEV_4231-copie.jpg?resize=300%2C200&amp;ssl=1 300w, https:\/\/i0.wp.com\/alpimages.ch\/wp-content\/uploads\/2026\/04\/JEV_4231-copie.jpg?resize=1024%2C683&amp;ssl=1 1024w, https:\/\/i0.wp.com\/alpimages.ch\/wp-content\/uploads\/2026\/04\/JEV_4231-copie.jpg?resize=150%2C100&amp;ssl=1 150w, https:\/\/i0.wp.com\/alpimages.ch\/wp-content\/uploads\/2026\/04\/JEV_4231-copie.jpg?resize=768%2C512&amp;ssl=1 768w, https:\/\/i0.wp.com\/alpimages.ch\/wp-content\/uploads\/2026\/04\/JEV_4231-copie.jpg?resize=18%2C12&amp;ssl=1 18w, https:\/\/i0.wp.com\/alpimages.ch\/wp-content\/uploads\/2026\/04\/JEV_4231-copie.jpg?resize=317%2C211&amp;ssl=1 317w\" width=\"222\" height=\"148\" loading=\"lazy\" data-original-width=\"222\" data-original-height=\"148\" itemprop=\"http:\/\/schema.org\/image\" title=\"JEV_4231 copie\" alt=\"JEV_4231 copie\" style=\"width: 222px; height: 148px;\" \/> <\/a> <\/div> <div class=\"tiled-gallery-item tiled-gallery-item-small\" itemprop=\"associatedMedia\" itemscope itemtype=\"http:\/\/schema.org\/ImageObject\"> <a href=\"https:\/\/alpimages.ch\/en\/paysages\/tom_8697-11\/\" border=\"0\" itemprop=\"url\"> <meta itemprop=\"width\" content=\"222\"> <meta itemprop=\"height\" content=\"148\"> <img decoding=\"async\" class=\"\" data-attachment-id=\"1862\" data-orig-file=\"https:\/\/alpimages.ch\/wp-content\/uploads\/2018\/11\/TOM_8697-11.jpg\" data-orig-size=\"3543,2365\" data-comments-opened=\"\" data-image-meta=\"{&quot;aperture&quot;:&quot;10&quot;,&quot;credit&quot;:&quot;&quot;,&quot;camera&quot;:&quot;NIKON D800&quot;,&quot;caption&quot;:&quot;&quot;,&quot;created_timestamp&quot;:&quot;1354806861&quot;,&quot;copyright&quot;:&quot;&quot;,&quot;focal_length&quot;:&quot;14&quot;,&quot;iso&quot;:&quot;400&quot;,&quot;shutter_speed&quot;:&quot;0.00125&quot;,&quot;title&quot;:&quot;&quot;,&quot;orientation&quot;:&quot;0&quot;}\" data-image-title=\"TOM_8697-11\" data-image-description=\"\" data-medium-file=\"https:\/\/i0.wp.com\/alpimages.ch\/wp-content\/uploads\/2018\/11\/TOM_8697-11.jpg?fit=300%2C200&#038;ssl=1\" data-large-file=\"https:\/\/i0.wp.com\/alpimages.ch\/wp-content\/uploads\/2018\/11\/TOM_8697-11.jpg?fit=680%2C454&#038;ssl=1\" src=\"https:\/\/i0.wp.com\/alpimages.ch\/wp-content\/uploads\/2018\/11\/TOM_8697-11.jpg?w=222&#038;h=148&#038;ssl=1\" srcset=\"https:\/\/i0.wp.com\/alpimages.ch\/wp-content\/uploads\/2018\/11\/TOM_8697-11.jpg?w=3543&amp;ssl=1 3543w, https:\/\/i0.wp.com\/alpimages.ch\/wp-content\/uploads\/2018\/11\/TOM_8697-11.jpg?resize=150%2C100&amp;ssl=1 150w, https:\/\/i0.wp.com\/alpimages.ch\/wp-content\/uploads\/2018\/11\/TOM_8697-11.jpg?resize=300%2C200&amp;ssl=1 300w, https:\/\/i0.wp.com\/alpimages.ch\/wp-content\/uploads\/2018\/11\/TOM_8697-11.jpg?resize=768%2C513&amp;ssl=1 768w, https:\/\/i0.wp.com\/alpimages.ch\/wp-content\/uploads\/2018\/11\/TOM_8697-11.jpg?resize=1024%2C684&amp;ssl=1 1024w, https:\/\/i0.wp.com\/alpimages.ch\/wp-content\/uploads\/2018\/11\/TOM_8697-11.jpg?resize=317%2C212&amp;ssl=1 317w, https:\/\/i0.wp.com\/alpimages.ch\/wp-content\/uploads\/2018\/11\/TOM_8697-11.jpg?w=1360&amp;ssl=1 1360w, https:\/\/i0.wp.com\/alpimages.ch\/wp-content\/uploads\/2018\/11\/TOM_8697-11.jpg?w=2040&amp;ssl=1 2040w\" width=\"222\" height=\"148\" loading=\"lazy\" data-original-width=\"222\" data-original-height=\"148\" itemprop=\"http:\/\/schema.org\/image\" title=\"TOM_8697-11\" alt=\"TOM_8697-11\" style=\"width: 222px; height: 148px;\" \/> <\/a> <\/div> <\/div> <!-- close group --> <\/div> <!-- close row --> <div class=\"gallery-row\" style=\"width: 680px; height: 153px;\" data-original-width=\"680\" data-original-height=\"153\" > <div class=\"gallery-group images-1\" style=\"width: 228px; height: 153px;\" data-original-width=\"228\" data-original-height=\"153\" > <div class=\"tiled-gallery-item tiled-gallery-item-small\" itemprop=\"associatedMedia\" itemscope itemtype=\"http:\/\/schema.org\/ImageObject\"> <a href=\"https:\/\/alpimages.ch\/en\/paysages\/alpimagesthomas-roulin-6390\/\" border=\"0\" itemprop=\"url\"> <meta itemprop=\"width\" content=\"224\"> <meta itemprop=\"height\" content=\"149\"> <img decoding=\"async\" class=\"\" data-attachment-id=\"1822\" data-orig-file=\"https:\/\/alpimages.ch\/wp-content\/uploads\/2018\/11\/Alpimages\u00a9Thomas-Roulin-6390.jpg\" data-orig-size=\"7360,4912\" data-comments-opened=\"\" data-image-meta=\"{&quot;aperture&quot;:&quot;13&quot;,&quot;credit&quot;:&quot;&quot;,&quot;camera&quot;:&quot;NIKON D810&quot;,&quot;caption&quot;:&quot;&quot;,&quot;created_timestamp&quot;:&quot;1481043691&quot;,&quot;copyright&quot;:&quot;&quot;,&quot;focal_length&quot;:&quot;78&quot;,&quot;iso&quot;:&quot;64&quot;,&quot;shutter_speed&quot;:&quot;0.076923076923077&quot;,&quot;title&quot;:&quot;&quot;,&quot;orientation&quot;:&quot;0&quot;}\" data-image-title=\"Alpimages\u00a9Thomas Roulin&amp;#8211;6390\" data-image-description=\"\" data-medium-file=\"https:\/\/i0.wp.com\/alpimages.ch\/wp-content\/uploads\/2018\/11\/Alpimages%C2%A9Thomas-Roulin-6390.jpg?fit=300%2C200&#038;ssl=1\" data-large-file=\"https:\/\/i0.wp.com\/alpimages.ch\/wp-content\/uploads\/2018\/11\/Alpimages%C2%A9Thomas-Roulin-6390.jpg?fit=680%2C454&#038;ssl=1\" src=\"https:\/\/i0.wp.com\/alpimages.ch\/wp-content\/uploads\/2018\/11\/Alpimages%C2%A9Thomas-Roulin-6390.jpg?w=224&#038;h=149&#038;ssl=1\" width=\"224\" height=\"149\" loading=\"lazy\" data-original-width=\"224\" data-original-height=\"149\" itemprop=\"http:\/\/schema.org\/image\" title=\"Alpimages\u00a9Thomas Roulin--6390\" alt=\"Alpimages\u00a9Thomas Roulin--6390\" style=\"width: 224px; height: 149px;\" \/> <\/a> <\/div> <\/div> <!-- close group --> <div class=\"gallery-group images-1\" style=\"width: 452px; height: 153px;\" data-original-width=\"452\" data-original-height=\"153\" > <div class=\"tiled-gallery-item tiled-gallery-item-large\" itemprop=\"associatedMedia\" itemscope itemtype=\"http:\/\/schema.org\/ImageObject\"> <a href=\"https:\/\/alpimages.ch\/en\/home-alpimages\/monfortverbier\/\" border=\"0\" itemprop=\"url\"> <meta itemprop=\"width\" content=\"448\"> <meta itemprop=\"height\" content=\"149\"> <img decoding=\"async\" class=\"\" data-attachment-id=\"5\" data-orig-file=\"https:\/\/alpimages.ch\/wp-content\/uploads\/2015\/03\/tom_2345.jpg\" data-orig-size=\"3543,1181\" data-comments-opened=\"1\" data-image-meta=\"{&quot;aperture&quot;:&quot;0&quot;,&quot;credit&quot;:&quot;&quot;,&quot;camera&quot;:&quot;&quot;,&quot;caption&quot;:&quot;&quot;,&quot;created_timestamp&quot;:&quot;0&quot;,&quot;copyright&quot;:&quot;&quot;,&quot;focal_length&quot;:&quot;0&quot;,&quot;iso&quot;:&quot;0&quot;,&quot;shutter_speed&quot;:&quot;0&quot;,&quot;title&quot;:&quot;&quot;,&quot;orientation&quot;:&quot;0&quot;}\" data-image-title=\"Cabane Montfort &amp;#8211; Verbier\" data-image-description=\"&lt;p&gt;Cabane Montfort Verbier &lt;\/p&gt; \" data-medium-file=\"https:\/\/i0.wp.com\/alpimages.ch\/wp-content\/uploads\/2015\/03\/tom_2345.jpg?fit=300%2C100&#038;ssl=1\" data-large-file=\"https:\/\/i0.wp.com\/alpimages.ch\/wp-content\/uploads\/2015\/03\/tom_2345.jpg?fit=680%2C227&#038;ssl=1\" src=\"https:\/\/i0.wp.com\/alpimages.ch\/wp-content\/uploads\/2015\/03\/tom_2345.jpg?w=448&#038;h=149&#038;ssl=1\" width=\"448\" height=\"149\" loading=\"lazy\" data-original-width=\"448\" data-original-height=\"149\" itemprop=\"http:\/\/schema.org\/image\" title=\"Cabane Montfort - Verbier\" alt=\"Cabane Montfort - Verbier\" style=\"width: 448px; height: 149px;\" \/> <\/a> <\/div> <\/div> <!-- close group --> <\/div> <!-- close row --> <div class=\"gallery-row\" style=\"width: 680px; height: 304px;\" data-original-width=\"680\" data-original-height=\"304\" > <div class=\"gallery-group images-2\" style=\"width: 226px; height: 304px;\" data-original-width=\"226\" data-original-height=\"304\" > <div class=\"tiled-gallery-item tiled-gallery-item-small\" itemprop=\"associatedMedia\" itemscope itemtype=\"http:\/\/schema.org\/ImageObject\"> <a href=\"https:\/\/alpimages.ch\/en\/paysages\/tom_2350\/\" border=\"0\" itemprop=\"url\"> <meta itemprop=\"width\" content=\"222\"> <meta itemprop=\"height\" content=\"148\"> <img decoding=\"async\" class=\"\" data-attachment-id=\"14986\" data-orig-file=\"https:\/\/alpimages.ch\/wp-content\/uploads\/2026\/03\/TOM_2350.jpg\" data-orig-size=\"2787,1858\" data-comments-opened=\"\" data-image-meta=\"{&quot;aperture&quot;:&quot;8&quot;,&quot;credit&quot;:&quot;&quot;,&quot;camera&quot;:&quot;NIKON Z 9&quot;,&quot;caption&quot;:&quot;&quot;,&quot;created_timestamp&quot;:&quot;1735647602&quot;,&quot;copyright&quot;:&quot;&quot;,&quot;focal_length&quot;:&quot;37&quot;,&quot;iso&quot;:&quot;400&quot;,&quot;shutter_speed&quot;:&quot;0.002&quot;,&quot;title&quot;:&quot;&quot;,&quot;orientation&quot;:&quot;0&quot;}\" data-image-title=\"TOM_2350\" data-image-description=\"\" data-medium-file=\"https:\/\/i0.wp.com\/alpimages.ch\/wp-content\/uploads\/2026\/03\/TOM_2350.jpg?fit=300%2C200&#038;ssl=1\" data-large-file=\"https:\/\/i0.wp.com\/alpimages.ch\/wp-content\/uploads\/2026\/03\/TOM_2350.jpg?fit=680%2C454&#038;ssl=1\" src=\"https:\/\/i0.wp.com\/alpimages.ch\/wp-content\/uploads\/2026\/03\/TOM_2350.jpg?w=222&#038;h=148&#038;ssl=1\" srcset=\"https:\/\/i0.wp.com\/alpimages.ch\/wp-content\/uploads\/2026\/03\/TOM_2350.jpg?w=2787&amp;ssl=1 2787w, https:\/\/i0.wp.com\/alpimages.ch\/wp-content\/uploads\/2026\/03\/TOM_2350.jpg?resize=300%2C200&amp;ssl=1 300w, https:\/\/i0.wp.com\/alpimages.ch\/wp-content\/uploads\/2026\/03\/TOM_2350.jpg?resize=1024%2C683&amp;ssl=1 1024w, https:\/\/i0.wp.com\/alpimages.ch\/wp-content\/uploads\/2026\/03\/TOM_2350.jpg?resize=150%2C100&amp;ssl=1 150w, https:\/\/i0.wp.com\/alpimages.ch\/wp-content\/uploads\/2026\/03\/TOM_2350.jpg?resize=768%2C512&amp;ssl=1 768w, https:\/\/i0.wp.com\/alpimages.ch\/wp-content\/uploads\/2026\/03\/TOM_2350.jpg?resize=1536%2C1024&amp;ssl=1 1536w, https:\/\/i0.wp.com\/alpimages.ch\/wp-content\/uploads\/2026\/03\/TOM_2350.jpg?resize=2048%2C1365&amp;ssl=1 2048w, https:\/\/i0.wp.com\/alpimages.ch\/wp-content\/uploads\/2026\/03\/TOM_2350.jpg?resize=18%2C12&amp;ssl=1 18w, https:\/\/i0.wp.com\/alpimages.ch\/wp-content\/uploads\/2026\/03\/TOM_2350.jpg?resize=317%2C211&amp;ssl=1 317w, https:\/\/i0.wp.com\/alpimages.ch\/wp-content\/uploads\/2026\/03\/TOM_2350.jpg?w=1360&amp;ssl=1 1360w\" width=\"222\" height=\"148\" loading=\"lazy\" data-original-width=\"222\" data-original-height=\"148\" itemprop=\"http:\/\/schema.org\/image\" title=\"TOM_2350\" alt=\"TOM_2350\" style=\"width: 222px; height: 148px;\" \/> <\/a> <\/div> <div class=\"tiled-gallery-item tiled-gallery-item-small\" itemprop=\"associatedMedia\" itemscope itemtype=\"http:\/\/schema.org\/ImageObject\"> <a href=\"https:\/\/alpimages.ch\/en\/paysages\/tom_5032-2\/\" border=\"0\" itemprop=\"url\"> <meta itemprop=\"width\" content=\"222\"> <meta itemprop=\"height\" content=\"148\"> <img decoding=\"async\" class=\"\" data-attachment-id=\"460\" data-orig-file=\"https:\/\/alpimages.ch\/wp-content\/uploads\/2015\/03\/tom_5032-2.jpg\" data-orig-size=\"7360,4912\" data-comments-opened=\"\" data-image-meta=\"{&quot;aperture&quot;:&quot;4&quot;,&quot;credit&quot;:&quot;&quot;,&quot;camera&quot;:&quot;NIKON D800&quot;,&quot;caption&quot;:&quot;&quot;,&quot;created_timestamp&quot;:&quot;1437996008&quot;,&quot;copyright&quot;:&quot;&quot;,&quot;focal_length&quot;:&quot;120&quot;,&quot;iso&quot;:&quot;400&quot;,&quot;shutter_speed&quot;:&quot;0.0025&quot;,&quot;title&quot;:&quot;&quot;,&quot;orientation&quot;:&quot;0&quot;}\" data-image-title=\"TOM_5032-2\" data-image-description=\"\" data-medium-file=\"https:\/\/i0.wp.com\/alpimages.ch\/wp-content\/uploads\/2015\/03\/tom_5032-2.jpg?fit=300%2C200&#038;ssl=1\" data-large-file=\"https:\/\/i0.wp.com\/alpimages.ch\/wp-content\/uploads\/2015\/03\/tom_5032-2.jpg?fit=680%2C454&#038;ssl=1\" src=\"https:\/\/i0.wp.com\/alpimages.ch\/wp-content\/uploads\/2015\/03\/tom_5032-2.jpg?w=222&#038;h=148&#038;ssl=1\" width=\"222\" height=\"148\" loading=\"lazy\" data-original-width=\"222\" data-original-height=\"148\" itemprop=\"http:\/\/schema.org\/image\" title=\"TOM_5032-2\" alt=\"TOM_5032-2\" style=\"width: 222px; height: 148px;\" \/> <\/a> <\/div> <\/div> <!-- close group --> <div class=\"gallery-group images-1\" style=\"width: 454px; height: 304px;\" data-original-width=\"454\" data-original-height=\"304\" > <div class=\"tiled-gallery-item tiled-gallery-item-large\" itemprop=\"associatedMedia\" itemscope itemtype=\"http:\/\/schema.org\/ImageObject\"> <a href=\"https:\/\/alpimages.ch\/en\/paysages\/alpimages-thomas-roulin-41\/\" border=\"0\" itemprop=\"url\"> <meta itemprop=\"width\" content=\"450\"> <meta itemprop=\"height\" content=\"300\"> <img decoding=\"async\" class=\"\" data-attachment-id=\"455\" data-orig-file=\"https:\/\/alpimages.ch\/wp-content\/uploads\/2015\/03\/alpimages-thomas-roulin-41.jpg\" data-orig-size=\"7360,4912\" data-comments-opened=\"\" data-image-meta=\"{&quot;aperture&quot;:&quot;13&quot;,&quot;credit&quot;:&quot;&quot;,&quot;camera&quot;:&quot;NIKON D800&quot;,&quot;caption&quot;:&quot;&quot;,&quot;created_timestamp&quot;:&quot;1441610347&quot;,&quot;copyright&quot;:&quot;&quot;,&quot;focal_length&quot;:&quot;50&quot;,&quot;iso&quot;:&quot;125&quot;,&quot;shutter_speed&quot;:&quot;0.01&quot;,&quot;title&quot;:&quot;&quot;,&quot;orientation&quot;:&quot;0&quot;}\" data-image-title=\"Alpimages Thomas Roulin-41\" data-image-description=\"\" data-medium-file=\"https:\/\/i0.wp.com\/alpimages.ch\/wp-content\/uploads\/2015\/03\/alpimages-thomas-roulin-41.jpg?fit=300%2C200&#038;ssl=1\" data-large-file=\"https:\/\/i0.wp.com\/alpimages.ch\/wp-content\/uploads\/2015\/03\/alpimages-thomas-roulin-41.jpg?fit=680%2C454&#038;ssl=1\" src=\"https:\/\/i0.wp.com\/alpimages.ch\/wp-content\/uploads\/2015\/03\/alpimages-thomas-roulin-41.jpg?w=450&#038;h=300&#038;ssl=1\" width=\"450\" height=\"300\" loading=\"lazy\" data-original-width=\"450\" data-original-height=\"300\" itemprop=\"http:\/\/schema.org\/image\" title=\"Alpimages Thomas Roulin-41\" alt=\"Alpimages Thomas Roulin-41\" style=\"width: 450px; height: 300px;\" \/> <\/a> <\/div> <\/div> <!-- close group --> <\/div> <!-- close row --> <div class=\"gallery-row\" style=\"width: 680px; height: 228px;\" data-original-width=\"680\" data-original-height=\"228\" > <div class=\"gallery-group images-1\" style=\"width: 340px; height: 228px;\" data-original-width=\"340\" data-original-height=\"228\" > <div class=\"tiled-gallery-item tiled-gallery-item-large\" itemprop=\"associatedMedia\" itemscope itemtype=\"http:\/\/schema.org\/ImageObject\"> <a href=\"https:\/\/alpimages.ch\/en\/paysages\/tom_8924-2\/\" border=\"0\" itemprop=\"url\"> <meta itemprop=\"width\" content=\"336\"> <meta itemprop=\"height\" content=\"224\"> <img decoding=\"async\" class=\"\" data-attachment-id=\"1826\" data-orig-file=\"https:\/\/alpimages.ch\/wp-content\/uploads\/2018\/11\/TOM_8924-2.jpg\" data-orig-size=\"3543,2365\" data-comments-opened=\"\" data-image-meta=\"{&quot;aperture&quot;:&quot;11&quot;,&quot;credit&quot;:&quot;&quot;,&quot;camera&quot;:&quot;NIKON D800&quot;,&quot;caption&quot;:&quot;&quot;,&quot;created_timestamp&quot;:&quot;1414857208&quot;,&quot;copyright&quot;:&quot;&quot;,&quot;focal_length&quot;:&quot;24&quot;,&quot;iso&quot;:&quot;160&quot;,&quot;shutter_speed&quot;:&quot;0.00625&quot;,&quot;title&quot;:&quot;&quot;,&quot;orientation&quot;:&quot;0&quot;}\" data-image-title=\"TOM_8924-2\" data-image-description=\"\" data-medium-file=\"https:\/\/i0.wp.com\/alpimages.ch\/wp-content\/uploads\/2018\/11\/TOM_8924-2.jpg?fit=300%2C200&#038;ssl=1\" data-large-file=\"https:\/\/i0.wp.com\/alpimages.ch\/wp-content\/uploads\/2018\/11\/TOM_8924-2.jpg?fit=680%2C454&#038;ssl=1\" src=\"https:\/\/i0.wp.com\/alpimages.ch\/wp-content\/uploads\/2018\/11\/TOM_8924-2.jpg?w=336&#038;h=224&#038;ssl=1\" srcset=\"https:\/\/i0.wp.com\/alpimages.ch\/wp-content\/uploads\/2018\/11\/TOM_8924-2.jpg?w=3543&amp;ssl=1 3543w, https:\/\/i0.wp.com\/alpimages.ch\/wp-content\/uploads\/2018\/11\/TOM_8924-2.jpg?resize=150%2C100&amp;ssl=1 150w, https:\/\/i0.wp.com\/alpimages.ch\/wp-content\/uploads\/2018\/11\/TOM_8924-2.jpg?resize=300%2C200&amp;ssl=1 300w, https:\/\/i0.wp.com\/alpimages.ch\/wp-content\/uploads\/2018\/11\/TOM_8924-2.jpg?resize=768%2C513&amp;ssl=1 768w, https:\/\/i0.wp.com\/alpimages.ch\/wp-content\/uploads\/2018\/11\/TOM_8924-2.jpg?resize=1024%2C684&amp;ssl=1 1024w, https:\/\/i0.wp.com\/alpimages.ch\/wp-content\/uploads\/2018\/11\/TOM_8924-2.jpg?resize=317%2C212&amp;ssl=1 317w, https:\/\/i0.wp.com\/alpimages.ch\/wp-content\/uploads\/2018\/11\/TOM_8924-2.jpg?w=1360&amp;ssl=1 1360w, https:\/\/i0.wp.com\/alpimages.ch\/wp-content\/uploads\/2018\/11\/TOM_8924-2.jpg?w=2040&amp;ssl=1 2040w\" width=\"336\" height=\"224\" loading=\"lazy\" data-original-width=\"336\" data-original-height=\"224\" itemprop=\"http:\/\/schema.org\/image\" title=\"TOM_8924-2\" alt=\"TOM_8924-2\" style=\"width: 336px; height: 224px;\" \/> <\/a> <\/div> <\/div> <!-- close group --> <div class=\"gallery-group images-1\" style=\"width: 340px; height: 228px;\" data-original-width=\"340\" data-original-height=\"228\" > <div class=\"tiled-gallery-item tiled-gallery-item-large\" itemprop=\"associatedMedia\" itemscope itemtype=\"http:\/\/schema.org\/ImageObject\"> <a href=\"https:\/\/alpimages.ch\/en\/paysages\/alpimagesverbier-ch-thomas-roulin-5408\/\" border=\"0\" itemprop=\"url\"> <meta itemprop=\"width\" content=\"336\"> <meta itemprop=\"height\" content=\"224\"> <img decoding=\"async\" class=\"\" data-attachment-id=\"1821\" data-orig-file=\"https:\/\/alpimages.ch\/wp-content\/uploads\/2018\/11\/alpimages@verbier.ch-Thomas-Roulin-5408.jpg\" data-orig-size=\"9000,6007\" data-comments-opened=\"\" data-image-meta=\"{&quot;aperture&quot;:&quot;9&quot;,&quot;credit&quot;:&quot;&quot;,&quot;camera&quot;:&quot;NIKON D810&quot;,&quot;caption&quot;:&quot;&quot;,&quot;created_timestamp&quot;:&quot;1487589106&quot;,&quot;copyright&quot;:&quot;&quot;,&quot;focal_length&quot;:&quot;58&quot;,&quot;iso&quot;:&quot;320&quot;,&quot;shutter_speed&quot;:&quot;0.0015625&quot;,&quot;title&quot;:&quot;&quot;,&quot;orientation&quot;:&quot;0&quot;}\" data-image-title=\"alpimages@verbier.ch Thomas Roulin-5408\" data-image-description=\"\" data-medium-file=\"https:\/\/i0.wp.com\/alpimages.ch\/wp-content\/uploads\/2018\/11\/alpimages%40verbier.ch-Thomas-Roulin-5408.jpg?fit=300%2C200&#038;ssl=1\" data-large-file=\"https:\/\/i0.wp.com\/alpimages.ch\/wp-content\/uploads\/2018\/11\/alpimages%40verbier.ch-Thomas-Roulin-5408.jpg?fit=680%2C454&#038;ssl=1\" src=\"https:\/\/i0.wp.com\/alpimages.ch\/wp-content\/uploads\/2018\/11\/alpimages%40verbier.ch-Thomas-Roulin-5408.jpg?w=336&#038;h=224&#038;ssl=1\" width=\"336\" height=\"224\" loading=\"lazy\" data-original-width=\"336\" data-original-height=\"224\" itemprop=\"http:\/\/schema.org\/image\" title=\"alpimages@verbier.ch Thomas Roulin-5408\" alt=\"alpimages@verbier.ch Thomas Roulin-5408\" style=\"width: 336px; height: 224px;\" \/> <\/a> <\/div> <\/div> <!-- close group --> <\/div> <!-- close row --> <div class=\"gallery-row\" style=\"width: 680px; height: 304px;\" data-original-width=\"680\" data-original-height=\"304\" > <div class=\"gallery-group images-1\" style=\"width: 454px; height: 304px;\" data-original-width=\"454\" data-original-height=\"304\" > <div class=\"tiled-gallery-item tiled-gallery-item-large\" itemprop=\"associatedMedia\" itemscope itemtype=\"http:\/\/schema.org\/ImageObject\"> <a href=\"https:\/\/alpimages.ch\/en\/photographie-sport\/tom_3790-3\/\" border=\"0\" itemprop=\"url\"> <meta itemprop=\"width\" content=\"450\"> <meta itemprop=\"height\" content=\"300\"> <img decoding=\"async\" class=\"\" data-attachment-id=\"1046\" data-orig-file=\"https:\/\/alpimages.ch\/wp-content\/uploads\/2017\/12\/tom_3790-3.jpg\" data-orig-size=\"7360,4912\" data-comments-opened=\"\" data-image-meta=\"{&quot;aperture&quot;:&quot;0&quot;,&quot;credit&quot;:&quot;&quot;,&quot;camera&quot;:&quot;&quot;,&quot;caption&quot;:&quot;&quot;,&quot;created_timestamp&quot;:&quot;0&quot;,&quot;copyright&quot;:&quot;&quot;,&quot;focal_length&quot;:&quot;0&quot;,&quot;iso&quot;:&quot;0&quot;,&quot;shutter_speed&quot;:&quot;0&quot;,&quot;title&quot;:&quot;&quot;,&quot;orientation&quot;:&quot;0&quot;}\" data-image-title=\"TOM_3790-3\" data-image-description=\"\" data-medium-file=\"https:\/\/i0.wp.com\/alpimages.ch\/wp-content\/uploads\/2017\/12\/tom_3790-3.jpg?fit=300%2C200&#038;ssl=1\" data-large-file=\"https:\/\/i0.wp.com\/alpimages.ch\/wp-content\/uploads\/2017\/12\/tom_3790-3.jpg?fit=680%2C454&#038;ssl=1\" src=\"https:\/\/i0.wp.com\/alpimages.ch\/wp-content\/uploads\/2017\/12\/tom_3790-3.jpg?w=450&#038;h=300&#038;ssl=1\" width=\"450\" height=\"300\" loading=\"lazy\" data-original-width=\"450\" data-original-height=\"300\" itemprop=\"http:\/\/schema.org\/image\" title=\"TOM_3790-3\" alt=\"TOM_3790-3\" style=\"width: 450px; height: 300px;\" \/> <\/a> <\/div> <\/div> <!-- close group --> <div class=\"gallery-group images-2\" style=\"width: 226px; height: 304px;\" data-original-width=\"226\" data-original-height=\"304\" > <div class=\"tiled-gallery-item tiled-gallery-item-small\" itemprop=\"associatedMedia\" itemscope itemtype=\"http:\/\/schema.org\/ImageObject\"> <a href=\"https:\/\/alpimages.ch\/en\/paysages\/tom_3268-8\/\" border=\"0\" itemprop=\"url\"> <meta itemprop=\"width\" content=\"222\"> <meta itemprop=\"height\" content=\"148\"> <img decoding=\"async\" class=\"\" data-attachment-id=\"1824\" data-orig-file=\"https:\/\/alpimages.ch\/wp-content\/uploads\/2018\/11\/TOM_3268-8.jpg\" data-orig-size=\"7360,4912\" data-comments-opened=\"\" data-image-meta=\"{&quot;aperture&quot;:&quot;13&quot;,&quot;credit&quot;:&quot;&quot;,&quot;camera&quot;:&quot;NIKON D800&quot;,&quot;caption&quot;:&quot;&quot;,&quot;created_timestamp&quot;:&quot;1425552724&quot;,&quot;copyright&quot;:&quot;&quot;,&quot;focal_length&quot;:&quot;125&quot;,&quot;iso&quot;:&quot;100&quot;,&quot;shutter_speed&quot;:&quot;0.008&quot;,&quot;title&quot;:&quot;&quot;,&quot;orientation&quot;:&quot;0&quot;}\" data-image-title=\"TOM_3268-8\" data-image-description=\"\" data-medium-file=\"https:\/\/i0.wp.com\/alpimages.ch\/wp-content\/uploads\/2018\/11\/TOM_3268-8.jpg?fit=300%2C200&#038;ssl=1\" data-large-file=\"https:\/\/i0.wp.com\/alpimages.ch\/wp-content\/uploads\/2018\/11\/TOM_3268-8.jpg?fit=680%2C454&#038;ssl=1\" src=\"https:\/\/i0.wp.com\/alpimages.ch\/wp-content\/uploads\/2018\/11\/TOM_3268-8.jpg?w=222&#038;h=148&#038;ssl=1\" srcset=\"https:\/\/i0.wp.com\/alpimages.ch\/wp-content\/uploads\/2018\/11\/TOM_3268-8.jpg?w=7360&amp;ssl=1 7360w, https:\/\/i0.wp.com\/alpimages.ch\/wp-content\/uploads\/2018\/11\/TOM_3268-8.jpg?resize=150%2C100&amp;ssl=1 150w, https:\/\/i0.wp.com\/alpimages.ch\/wp-content\/uploads\/2018\/11\/TOM_3268-8.jpg?resize=300%2C200&amp;ssl=1 300w, https:\/\/i0.wp.com\/alpimages.ch\/wp-content\/uploads\/2018\/11\/TOM_3268-8.jpg?resize=768%2C513&amp;ssl=1 768w, https:\/\/i0.wp.com\/alpimages.ch\/wp-content\/uploads\/2018\/11\/TOM_3268-8.jpg?resize=1024%2C683&amp;ssl=1 1024w, https:\/\/i0.wp.com\/alpimages.ch\/wp-content\/uploads\/2018\/11\/TOM_3268-8.jpg?resize=317%2C212&amp;ssl=1 317w, https:\/\/i0.wp.com\/alpimages.ch\/wp-content\/uploads\/2018\/11\/TOM_3268-8.jpg?w=1360&amp;ssl=1 1360w, https:\/\/i0.wp.com\/alpimages.ch\/wp-content\/uploads\/2018\/11\/TOM_3268-8.jpg?w=2040&amp;ssl=1 2040w\" width=\"222\" height=\"148\" loading=\"lazy\" data-original-width=\"222\" data-original-height=\"148\" itemprop=\"http:\/\/schema.org\/image\" title=\"TOM_3268-8\" alt=\"TOM_3268-8\" style=\"width: 222px; height: 148px;\" \/> <\/a> <\/div> <div class=\"tiled-gallery-item tiled-gallery-item-small\" itemprop=\"associatedMedia\" itemscope itemtype=\"http:\/\/schema.org\/ImageObject\"> <a href=\"https:\/\/alpimages.ch\/en\/photographie-sport\/thomasroulin_alpimages-238\/\" border=\"0\" itemprop=\"url\"> <meta itemprop=\"width\" content=\"222\"> <meta itemprop=\"height\" content=\"148\"> <img decoding=\"async\" class=\"\" data-attachment-id=\"1039\" data-orig-file=\"https:\/\/alpimages.ch\/wp-content\/uploads\/2017\/12\/thomasroulin_alpimages-238.jpg\" data-orig-size=\"9000,6007\" data-comments-opened=\"\" data-image-meta=\"{&quot;aperture&quot;:&quot;8&quot;,&quot;credit&quot;:&quot;&quot;,&quot;camera&quot;:&quot;NIKON D800&quot;,&quot;caption&quot;:&quot;&quot;,&quot;created_timestamp&quot;:&quot;1467231140&quot;,&quot;copyright&quot;:&quot;&quot;,&quot;focal_length&quot;:&quot;27&quot;,&quot;iso&quot;:&quot;500&quot;,&quot;shutter_speed&quot;:&quot;0.01&quot;,&quot;title&quot;:&quot;&quot;,&quot;orientation&quot;:&quot;0&quot;}\" data-image-title=\"ThomasRoulin_ALPIMAGES-238\" data-image-description=\"\" data-medium-file=\"https:\/\/i0.wp.com\/alpimages.ch\/wp-content\/uploads\/2017\/12\/thomasroulin_alpimages-238.jpg?fit=300%2C200&#038;ssl=1\" data-large-file=\"https:\/\/i0.wp.com\/alpimages.ch\/wp-content\/uploads\/2017\/12\/thomasroulin_alpimages-238.jpg?fit=680%2C454&#038;ssl=1\" src=\"https:\/\/i0.wp.com\/alpimages.ch\/wp-content\/uploads\/2017\/12\/thomasroulin_alpimages-238.jpg?w=222&#038;h=148&#038;ssl=1\" width=\"222\" height=\"148\" loading=\"lazy\" data-original-width=\"222\" data-original-height=\"148\" itemprop=\"http:\/\/schema.org\/image\" title=\"ThomasRoulin_ALPIMAGES-238\" alt=\"ThomasRoulin_ALPIMAGES-238\" style=\"width: 222px; height: 148px;\" \/> <\/a> <\/div> <\/div> <!-- close group --> <\/div> <!-- close row --> <\/div>\n<h6><em>Toutes les images ici pr\u00e9sent\u00e9es sont la propri\u00e9t\u00e9 d\u2019Alpimages et prot\u00e9g\u00e9es par la loi n\u00b092-597 du 1er juillet 1992 sur le code de la propri\u00e9t\u00e9 intellectuelle.<\/em><\/h6>\n\n\n<p><\/p>","protected":false},"excerpt":{"rendered":"<p>Pour d\u00e9couvrir Verbier sous tous ses angles, venez nous rencontrer et admirer notre album des panorama de Verbier. Nous pouvons effectuer des tirages aux tailles de votre choix sur papier mat ou satin\u00e9. Nos panoramas sont \u00e9galement disponibles \u00e0 la vente, sur commande, par t\u00e9l\u00e9phone ou par email. Contactez-nous au +41 27 771 7722 ou [&hellip;]<\/p>\n","protected":false},"author":1,"featured_media":0,"parent":0,"menu_order":6,"comment_status":"closed","ping_status":"closed","template":"page-full-width.php","meta":{"ngg_post_thumbnail":0,"footnotes":""},"tags":[409752032],"class_list":["post-23","page","type-page","status-publish","hentry","tag-paysage"],"yoast_head":"<!-- This site is optimized with the Yoast SEO plugin v27.4 - https:\/\/yoast.com\/product\/yoast-seo-wordpress\/ -->\n<title>Paysages - Photographes professionnels - Galerie photos &amp; affiches - Verbier<\/title>\n<meta name=\"robots\" content=\"index, follow, max-snippet:-1, max-image-preview:large, max-video-preview:-1\" \/>\n<link rel=\"canonical\" href=\"https:\/\/alpimages.ch\/en\/paysages\/\" \/>\n<meta property=\"og:locale\" content=\"en_US\" \/>\n<meta property=\"og:type\" content=\"article\" \/>\n<meta property=\"og:title\" content=\"Paysages - Photographes professionnels - Galerie photos &amp; affiches - Verbier\" \/>\n<meta property=\"og:description\" content=\"Pour d\u00e9couvrir Verbier sous tous ses angles, venez nous rencontrer et admirer notre album des panorama de Verbier. Nous pouvons effectuer des tirages aux tailles de votre choix sur papier mat ou satin\u00e9. Nos panoramas sont \u00e9galement disponibles \u00e0 la vente, sur commande, par t\u00e9l\u00e9phone ou par email. Contactez-nous au +41 27 771 7722 ou [&hellip;]\" \/>\n<meta property=\"og:url\" content=\"https:\/\/alpimages.ch\/en\/paysages\/\" \/>\n<meta property=\"og:site_name\" content=\"Photographes professionnels - Galerie photos &amp; affiches - Verbier\" \/>\n<meta property=\"article:modified_time\" content=\"2026-04-02T15:16:14+00:00\" \/>\n<meta property=\"og:image\" content=\"https:\/\/i0.wp.com\/alpimages.ch\/wp-content\/uploads\/2026\/04\/1-copie.jpg?w=354&#038;h=236&#038;ssl=1\" \/>\n<meta name=\"twitter:card\" content=\"summary_large_image\" \/>\n<meta name=\"twitter:label1\" content=\"Est. reading time\" \/>\n\t<meta name=\"twitter:data1\" content=\"1 minute\" \/>\n<script type=\"application\/ld+json\" class=\"yoast-schema-graph\">{\"@context\":\"https:\\\/\\\/schema.org\",\"@graph\":[{\"@type\":\"WebPage\",\"@id\":\"https:\\\/\\\/alpimages.ch\\\/paysages\\\/\",\"url\":\"https:\\\/\\\/alpimages.ch\\\/paysages\\\/\",\"name\":\"Paysages - Photographes professionnels - Galerie photos &amp; affiches - Verbier\",\"isPartOf\":{\"@id\":\"https:\\\/\\\/alpimages.ch\\\/#website\"},\"datePublished\":\"2015-03-10T11:15:52+00:00\",\"dateModified\":\"2026-04-02T15:16:14+00:00\",\"breadcrumb\":{\"@id\":\"https:\\\/\\\/alpimages.ch\\\/paysages\\\/#breadcrumb\"},\"inLanguage\":\"en-US\",\"potentialAction\":[{\"@type\":\"ReadAction\",\"target\":[\"https:\\\/\\\/alpimages.ch\\\/paysages\\\/\"]}]},{\"@type\":\"BreadcrumbList\",\"@id\":\"https:\\\/\\\/alpimages.ch\\\/paysages\\\/#breadcrumb\",\"itemListElement\":[{\"@type\":\"ListItem\",\"position\":1,\"name\":\"Accueil\",\"item\":\"https:\\\/\\\/alpimages.ch\\\/\"},{\"@type\":\"ListItem\",\"position\":2,\"name\":\"Paysages\"}]},{\"@type\":\"WebSite\",\"@id\":\"https:\\\/\\\/alpimages.ch\\\/#website\",\"url\":\"https:\\\/\\\/alpimages.ch\\\/\",\"name\":\"Photographes professionnels - Galerie photos &amp; affiches - Verbier\",\"description\":\"Photographes professionnels bas\u00e9s \u00e0 Verbier, nous offrons diff\u00e9rents services comme l&#039;impression photo, l&#039;encadrement, la vente d&#039;affiches et de posters et l&#039;organisation d&#039;\u00e9v\u00e8nements priv\u00e9s.\",\"potentialAction\":[{\"@type\":\"SearchAction\",\"target\":{\"@type\":\"EntryPoint\",\"urlTemplate\":\"https:\\\/\\\/alpimages.ch\\\/?s={search_term_string}\"},\"query-input\":{\"@type\":\"PropertyValueSpecification\",\"valueRequired\":true,\"valueName\":\"search_term_string\"}}],\"inLanguage\":\"en-US\"}]}<\/script>\n<!-- \/ Yoast SEO plugin. -->","yoast_head_json":{"title":"Paysages - Photographes professionnels - Galerie photos &amp; affiches - Verbier","robots":{"index":"index","follow":"follow","max-snippet":"max-snippet:-1","max-image-preview":"max-image-preview:large","max-video-preview":"max-video-preview:-1"},"canonical":"https:\/\/alpimages.ch\/en\/paysages\/","og_locale":"en_US","og_type":"article","og_title":"Paysages - Photographes professionnels - Galerie photos &amp; affiches - Verbier","og_description":"Pour d\u00e9couvrir Verbier sous tous ses angles, venez nous rencontrer et admirer notre album des panorama de Verbier. Nous pouvons effectuer des tirages aux tailles de votre choix sur papier mat ou satin\u00e9. Nos panoramas sont \u00e9galement disponibles \u00e0 la vente, sur commande, par t\u00e9l\u00e9phone ou par email. Contactez-nous au +41 27 771 7722 ou [&hellip;]","og_url":"https:\/\/alpimages.ch\/en\/paysages\/","og_site_name":"Photographes professionnels - Galerie photos &amp; affiches - Verbier","article_modified_time":"2026-04-02T15:16:14+00:00","og_image":[{"url":"https:\/\/i0.wp.com\/alpimages.ch\/wp-content\/uploads\/2026\/04\/1-copie.jpg?w=354&#038;h=236&#038;ssl=1","type":"","width":"","height":""}],"twitter_card":"summary_large_image","twitter_misc":{"Est. reading time":"1 minute"},"schema":{"@context":"https:\/\/schema.org","@graph":[{"@type":"WebPage","@id":"https:\/\/alpimages.ch\/paysages\/","url":"https:\/\/alpimages.ch\/paysages\/","name":"Paysages - Photographes professionnels - Galerie photos &amp; affiches - Verbier","isPartOf":{"@id":"https:\/\/alpimages.ch\/#website"},"datePublished":"2015-03-10T11:15:52+00:00","dateModified":"2026-04-02T15:16:14+00:00","breadcrumb":{"@id":"https:\/\/alpimages.ch\/paysages\/#breadcrumb"},"inLanguage":"en-US","potentialAction":[{"@type":"ReadAction","target":["https:\/\/alpimages.ch\/paysages\/"]}]},{"@type":"BreadcrumbList","@id":"https:\/\/alpimages.ch\/paysages\/#breadcrumb","itemListElement":[{"@type":"ListItem","position":1,"name":"Accueil","item":"https:\/\/alpimages.ch\/"},{"@type":"ListItem","position":2,"name":"Paysages"}]},{"@type":"WebSite","@id":"https:\/\/alpimages.ch\/#website","url":"https:\/\/alpimages.ch\/","name":"Photographes professionnels - Galerie photos &amp; affiches - Verbier","description":"Photographes professionnels bas\u00e9s \u00e0 Verbier, nous offrons diff\u00e9rents services comme l&#039;impression photo, l&#039;encadrement, la vente d&#039;affiches et de posters et l&#039;organisation d&#039;\u00e9v\u00e8nements priv\u00e9s.","potentialAction":[{"@type":"SearchAction","target":{"@type":"EntryPoint","urlTemplate":"https:\/\/alpimages.ch\/?s={search_term_string}"},"query-input":{"@type":"PropertyValueSpecification","valueRequired":true,"valueName":"search_term_string"}}],"inLanguage":"en-US"}]}},"jetpack_sharing_enabled":true,"jetpack_shortlink":"https:\/\/wp.me\/P5FEld-n","jetpack_likes_enabled":true,"_links":{"self":[{"href":"https:\/\/alpimages.ch\/en\/wp-json\/wp\/v2\/pages\/23","targetHints":{"allow":["GET"]}}],"collection":[{"href":"https:\/\/alpimages.ch\/en\/wp-json\/wp\/v2\/pages"}],"about":[{"href":"https:\/\/alpimages.ch\/en\/wp-json\/wp\/v2\/types\/page"}],"author":[{"embeddable":true,"href":"https:\/\/alpimages.ch\/en\/wp-json\/wp\/v2\/users\/1"}],"replies":[{"embeddable":true,"href":"https:\/\/alpimages.ch\/en\/wp-json\/wp\/v2\/comments?post=23"}],"version-history":[{"count":44,"href":"https:\/\/alpimages.ch\/en\/wp-json\/wp\/v2\/pages\/23\/revisions"}],"predecessor-version":[{"id":15022,"href":"https:\/\/alpimages.ch\/en\/wp-json\/wp\/v2\/pages\/23\/revisions\/15022"}],"wp:attachment":[{"href":"https:\/\/alpimages.ch\/en\/wp-json\/wp\/v2\/media?parent=23"}],"wp:term":[{"taxonomy":"post_tag","embeddable":true,"href":"https:\/\/alpimages.ch\/en\/wp-json\/wp\/v2\/tags?post=23"}],"curies":[{"name":"wp","href":"https:\/\/api.w.org\/{rel}","templated":true}]}}