{"id":29,"date":"2015-03-10T11:20:14","date_gmt":"2015-03-10T11:20:14","guid":{"rendered":"https:\/\/alpimages.ch\/?page_id=29"},"modified":"2026-02-05T12:16:34","modified_gmt":"2026-02-05T12:16:34","slug":"contact","status":"publish","type":"page","link":"https:\/\/alpimages.ch\/en\/contact\/","title":{"rendered":"Contact"},"content":{"rendered":"\n<figure class=\"wp-block-gallery has-nested-images columns-default is-cropped wp-block-gallery-1 is-layout-flex wp-block-gallery-is-layout-flex\"><\/figure>\n\n\n\n<p>Une question, un projet, une demande particuli\u00e8re ?<br>Passez-nous voir \u00e0 la boutique ou laissez-nous un message. Par t\u00e9l\u00e9phone au +41 27 771 77 22 ou par email \u00e0 <a href=\"mailto:alpimages@verbier.ch\" target=\"_blank\" rel=\"noopener\">alpimages@verbier.ch<\/a> C&rsquo;est toujours un plaisir d\u2019\u00e9changer avec vous et de r\u00e9pondre \u00e0 vos demandes. <\/p>\n\n\n\n<figure class=\"wp-block-image size-large\"><img data-recalc-dims=\"1\" loading=\"lazy\" decoding=\"async\" width=\"680\" height=\"329\" data-attachment-id=\"14767\" data-permalink=\"https:\/\/alpimages.ch\/en\/contact\/galeriealpimagesplanlarge-7\/\" data-orig-file=\"https:\/\/i0.wp.com\/alpimages.ch\/wp-content\/uploads\/2026\/02\/GalerieAlpimagesPLANLARGE-7.jpg?fit=3543%2C1712&amp;ssl=1\" data-orig-size=\"3543,1712\" data-comments-opened=\"0\" data-image-meta=\"{&quot;aperture&quot;:&quot;0&quot;,&quot;credit&quot;:&quot;&quot;,&quot;camera&quot;:&quot;&quot;,&quot;caption&quot;:&quot;&quot;,&quot;created_timestamp&quot;:&quot;0&quot;,&quot;copyright&quot;:&quot;&quot;,&quot;focal_length&quot;:&quot;0&quot;,&quot;iso&quot;:&quot;0&quot;,&quot;shutter_speed&quot;:&quot;0&quot;,&quot;title&quot;:&quot;&quot;,&quot;orientation&quot;:&quot;0&quot;}\" data-image-title=\"GalerieAlpimagesPLANLARGE-7\" data-image-description=\"\" data-image-caption=\"\" data-large-file=\"https:\/\/i0.wp.com\/alpimages.ch\/wp-content\/uploads\/2026\/02\/GalerieAlpimagesPLANLARGE-7.jpg?fit=680%2C329&amp;ssl=1\" src=\"https:\/\/i0.wp.com\/alpimages.ch\/wp-content\/uploads\/2026\/02\/GalerieAlpimagesPLANLARGE-7.jpg?resize=680%2C329&#038;ssl=1\" alt=\"galerie Alpimages Verbier\" class=\"wp-image-14767\" srcset=\"https:\/\/i0.wp.com\/alpimages.ch\/wp-content\/uploads\/2026\/02\/GalerieAlpimagesPLANLARGE-7.jpg?resize=1024%2C495&amp;ssl=1 1024w, https:\/\/i0.wp.com\/alpimages.ch\/wp-content\/uploads\/2026\/02\/GalerieAlpimagesPLANLARGE-7.jpg?resize=300%2C145&amp;ssl=1 300w, https:\/\/i0.wp.com\/alpimages.ch\/wp-content\/uploads\/2026\/02\/GalerieAlpimagesPLANLARGE-7.jpg?resize=150%2C72&amp;ssl=1 150w, https:\/\/i0.wp.com\/alpimages.ch\/wp-content\/uploads\/2026\/02\/GalerieAlpimagesPLANLARGE-7.jpg?resize=768%2C371&amp;ssl=1 768w, https:\/\/i0.wp.com\/alpimages.ch\/wp-content\/uploads\/2026\/02\/GalerieAlpimagesPLANLARGE-7.jpg?resize=1536%2C742&amp;ssl=1 1536w, https:\/\/i0.wp.com\/alpimages.ch\/wp-content\/uploads\/2026\/02\/GalerieAlpimagesPLANLARGE-7.jpg?resize=2048%2C990&amp;ssl=1 2048w, https:\/\/i0.wp.com\/alpimages.ch\/wp-content\/uploads\/2026\/02\/GalerieAlpimagesPLANLARGE-7.jpg?resize=18%2C9&amp;ssl=1 18w, https:\/\/i0.wp.com\/alpimages.ch\/wp-content\/uploads\/2026\/02\/GalerieAlpimagesPLANLARGE-7.jpg?resize=317%2C153&amp;ssl=1 317w, https:\/\/i0.wp.com\/alpimages.ch\/wp-content\/uploads\/2026\/02\/GalerieAlpimagesPLANLARGE-7.jpg?resize=1200%2C580&amp;ssl=1 1200w, https:\/\/i0.wp.com\/alpimages.ch\/wp-content\/uploads\/2026\/02\/GalerieAlpimagesPLANLARGE-7.jpg?w=1360&amp;ssl=1 1360w\" sizes=\"auto, (max-width: 680px) 100vw, 680px\" \/><\/figure>\n\n\n\n<p><br>Nous sommes ouverts tous les jours durant la saison d&rsquo;hiver et la saison d&rsquo;\u00e9t\u00e9. <\/p>\n\n\n\n<p>Hiver : De 9h30 \u00e0 12h30 et de 14h30 \u00e0 19h00<br>Et\u00e9 : De 9h30 \u00e0 12h30 et de 14h30 \u00e0 18h30<\/p>\n\n\n<div class=\"wp-block-image\">\n<figure class=\"alignleft\"><img data-recalc-dims=\"1\" loading=\"lazy\" decoding=\"async\" width=\"680\" height=\"214\" data-attachment-id=\"615\" data-permalink=\"https:\/\/alpimages.ch\/en\/contact\/alpimages-map-2\/\" data-orig-file=\"https:\/\/i0.wp.com\/alpimages.ch\/wp-content\/uploads\/2015\/03\/alpimages-map1.jpg?fit=1361%2C429&amp;ssl=1\" data-orig-size=\"1361,429\" data-comments-opened=\"0\" data-image-meta=\"{&quot;aperture&quot;:&quot;0&quot;,&quot;credit&quot;:&quot;&quot;,&quot;camera&quot;:&quot;&quot;,&quot;caption&quot;:&quot;&quot;,&quot;created_timestamp&quot;:&quot;0&quot;,&quot;copyright&quot;:&quot;&quot;,&quot;focal_length&quot;:&quot;0&quot;,&quot;iso&quot;:&quot;0&quot;,&quot;shutter_speed&quot;:&quot;0&quot;,&quot;title&quot;:&quot;&quot;,&quot;orientation&quot;:&quot;1&quot;}\" data-image-title=\"Alpimages Map\" data-image-description=\"\" data-image-caption=\"\" data-large-file=\"https:\/\/i0.wp.com\/alpimages.ch\/wp-content\/uploads\/2015\/03\/alpimages-map1.jpg?fit=680%2C214&amp;ssl=1\" src=\"https:\/\/i0.wp.com\/alpimages.ch\/wp-content\/uploads\/2015\/03\/alpimages-map1.jpg?resize=680%2C214&#038;ssl=1\" alt=\"Alpimages Map\" class=\"wp-image-615\"\/><\/figure>\n<\/div>\n\n\n<p><\/p>\n\n\n\n<p><\/p>\n\n\n<div data-test='contact-form'\n\t\t\tid='contact-form-29'\n\t\t\tclass='jetpack-contact-form-container '\n\t\t\tdata-wp-interactive='jetpack\/form' data-wp-context='{\"formId\":\"29\",\"formHash\":\"9f09aad6aef4565b57abf30ffb23095b9bc178e0\",\"showErrors\":false,\"errors\":[],\"fields\":[],\"isMultiStep\":false,\"useAjax\":false,\"submissionData\":null,\"formattedSubmissionData\":[],\"submissionSuccess\":false,\"submissionError\":null,\"elementId\":\"jp-form-9f09aad6aef4565b57abf30ffb23095b9bc178e0\",\"isSingleInputForm\":false,\"isForcedHorizontal\":false}'\n\t\t\tdata-wp-watch--scroll-to-wrapper=\"callbacks.scrollToWrapper\"\n\t\t>\n<div class=\"contact-form-submission contact-form-ajax-submission\" data-wp-bind--aria-hidden=\"state.isSuccessMessageAriaHidden\" data-wp-class--submission-success=\"context.submissionSuccess\" id=\"contact-form-success-9f09aad6aef4565b57abf30ffb23095b9bc178e0\" tabindex=\"-1\" aria-labelledby=\"contact-form-success-header-9f09aad6aef4565b57abf30ffb23095b9bc178e0\"><p class=\"go-back-message\"><a class=\"link\" role=\"button\" tabindex=\"0\" data-wp-on--click=\"actions.goBack\" href=\"\/en\/wp-json\/wp\/v2\/pages\/29\">\u2190 Back<\/a><\/p><h4 data-wp-bind--aria-hidden=\"state.isSuccessMessageAriaHidden\" id=\"contact-form-success-header-9f09aad6aef4565b57abf30ffb23095b9bc178e0\">Thank you for your response. \u2728<\/h4>\n\n<template data-wp-each--submission=\"context.formattedSubmissionData\">\n\t\t\t\t\t<div class=\"jetpack_forms_contact-form-success-summary\">\n\t\t\t\t\t\t<div class=\"field-name-wrapper\">\n\t\t\t\t\t\t\t<div class=\"field-type-icon\" data-wp-watch=\"callbacks.watchFieldTypeIcon\"><\/div>\n\t\t\t\t\t\t\t<div class=\"field-name\" data-wp-text=\"context.submission.label\" data-wp-bind--hidden=\"!context.submission.label\"><\/div>\n\t\t\t\t\t\t<\/div>\n\t\t\t\t\t\t<div class=\"field-value\" data-wp-text=\"context.submission.value\" data-wp-bind--hidden=\"!context.submission.showPlainValue\"><\/div>\n\t\t\t\t\t\t<a class=\"field-url\" data-wp-bind--href=\"context.submission.url\" data-wp-text=\"context.submission.value\" data-wp-bind--hidden=\"!context.submission.url\" target=\"_blank\" rel=\"noopener noreferrer\"><\/a>\n\t\t\t\t\t\t<div class=\"field-rating\" data-wp-bind--hidden=\"!context.submission.rating\" data-wp-watch=\"callbacks.watchRatingIcons\"><\/div>\n\t\t\t\t\t\t<div class=\"field-images\" data-wp-bind--hidden=\"!context.submission.images\">\n\t\t\t\t\t\t\t<template data-wp-each--image=\"context.submission.images\">\n\t\t\t\t\t\t\t\t<div class=\"field-image-option\" data-wp-class--is-empty=\"!context.image.src\">\n\t\t\t\t\t\t\t\t\t<figure class=\"field-image-option__image\" data-wp-class--is-empty=\"!context.image.src\">\n\t\t\t\t\t\t\t\t\t\t<img data-wp-bind--src=\"context.image.src\" data-wp-bind--hidden=\"!context.image.src\" \/>\n\t\t\t\t\t\t\t\t\t\t<img decoding=\"async\" src=\"data:image\/gif;base64,R0lGODlhAQABAAD\/ACwAAAAAAQABAAACADs=\" data-wp-bind--hidden=\"context.image.src\" \/>\n\t\t\t\t\t\t\t\t\t<\/figure>\n\t\t\t\t\t\t\t\t\t<div class=\"field-image-option__label-wrapper\">\n\t\t\t\t\t\t\t\t\t\t<span class=\"field-image-option__label-code\" data-wp-text=\"context.image.letterCode\"><\/span>\n\t\t\t\t\t\t\t\t\t\t<span class=\"field-image-option__label\" data-wp-text=\"context.image.label\" data-wp-bind--hidden=\"!context.image.label\"><\/span>\n\t\t\t\t\t\t\t\t\t<\/div>\n\t\t\t\t\t\t\t\t<\/div>\n\t\t\t\t\t\t\t<\/template>\n\t\t\t\t\t\t<\/div>\n\t\t\t\t\t\t<div class=\"field-files\" data-wp-bind--hidden=\"!context.submission.files\">\n\t\t\t\t\t\t\t<template data-wp-each--file=\"context.submission.files\">\n\t\t\t\t\t\t\t\t<div class=\"field-file\">\n\t\t\t\t\t\t\t\t\t<div class=\"field-file__thumbnail\" data-wp-style--background-image=\"context.file.previewUrl\" data-wp-style--mask-image=\"context.file.iconUrl\" data-wp-bind--hidden=\"!context.file.hasPreview\"><\/div>\n\t\t\t\t\t\t\t\t\t<svg class=\"field-file__icon\" data-wp-bind--hidden=\"context.file.hasPreview\" width=\"20\" height=\"20\" viewBox=\"0 0 24 24\" fill=\"none\" xmlns=\"http:\/\/www.w3.org\/2000\/svg\" aria-hidden=\"true\">\n\t\t\t\t\t\t\t\t\t\t<path d=\"M14 2H6C4.9 2 4 2.9 4 4V20C4 21.1 4.89 22 5.99 22H18C19.1 22 20 21.1 20 20V8L14 2ZM18 20H6V4H13V9H18V20Z\" fill=\"currentColor\"\/>\n\t\t\t\t\t\t\t\t\t<\/svg>\n\t\t\t\t\t\t\t\t\t<span class=\"field-file__name\" data-wp-text=\"context.file.name\"><\/span>\n\t\t\t\t\t\t\t\t\t<span class=\"field-file__size\" data-wp-text=\"context.file.size\"><\/span>\n\t\t\t\t\t\t\t\t<\/div>\n\t\t\t\t\t\t\t<\/template>\n\t\t\t\t\t\t<\/div>\n\t\t\t\t\t<\/div>\n\t\t\t\t<\/template><\/div><form action='https:\/\/alpimages.ch\/en\/contact\/'\n\t\t\t\tid='jp-form-9f09aad6aef4565b57abf30ffb23095b9bc178e0'\n\t\t\t\tmethod='post'\n\t\t\t\tclass='contact-form commentsblock jetpack-contact-form__form has-no-jetpack-form-layout' aria-label=\"Contact\"\n\t\t\t\tdata-wp-on--submit=\"actions.onFormSubmit\"\n\t\t\t\tdata-wp-on--reset=\"actions.onFormReset\"\n\t\t\t\tdata-wp-class--submission-success=\"context.submissionSuccess\"\n\t\t\t\tdata-wp-class--is-first-step=\"state.isFirstStep\"\n\t\t\t\tdata-wp-class--is-last-step=\"state.isLastStep\"\n\t\t\t\tdata-wp-class--is-ajax-form=\"context.useAjax\"\n\t\t\t\tnovalidate >\n<input type='hidden' name='jetpack_contact_form_jwt' value='eyJ0eXAiOiJKV1QiLCJhbGciOiJIUzI1NiJ9.eyJlbmNyeXB0ZWRfYXR0cmlidXRlcyI6ImZ5ZzJlemJmYzJRTWJVS3BlbjlqQlFxVWR6YWpMQjdaNmltSGdmMXNoZFlXR1BKSEJBNERJUGFMTXAvOVlEbHNvRWQ2SWppbFdjek9qUUJaWHkybXNwOXBJa1A0eUxDUjlDdm40QTFuQThvZjlETzF2NXRZWHp2dTgxUWhPYWtXdWVSZitnZ3BBVWdYQnVrVHVDazVTZVNMcmFPRFNiMzFjcEdFdkpRWXVZaVU5dzBIejc4YzRpQnhRckhlU3dBY2dPK2ZaMnlmQjlqenNuNEVESC9iRGRtamgzUVkySWxHMFlKY2JsK2NmckkrcWNva3FtMEJJbTFxZ0tNNktWRzZ5ZU5kTVZ3QXFrQlhmM1VITzVUZWFudTdwVmFyeE12K3o4MG5xMEJvZTltK09BTnJIUUNvSklBZm9uMXJqdVkxaXpOOEZTLytQTnNWNEczd0RvZUFxNGF2MHJNd3YrK2dxVlVrRS85YlFuZUd5cDM3Q05YVW5JcC82RU1hUU1zNGlUUXc3VGw2ZU9lMGhkMGVUUmg2d3lIUXF4SzVOaVJQL0ZicGhQem9CQ1lSQ2tLZ0trR0Vhb1F5aVZVVS9TUzVqOEVaRmE3NjlzL3lVVXIveEhTSzJqRkdJL09iU3hzVWRMdGJPNHVTTllCbFZKYVRLUHNGaVhINHBUS2sxRy9TK2dkVjNtMzVWaDY0a1NwY1UyNnBnZnRuNmxzbFdsV0hZcGQ3cHZ0WkhDTTNKL1YwTW5qSndpeXhSUHlSaWJUWUo0cUtvN1dVWEd1UkdwVFhMT3FvZHcvQzNXeXJtSndJWlBVYmZuQWJpS1p4eHVjNmZ4T3VXWDF5YURvbFlMcCsrRS83eDZaSG1DV2N2cjVRRkdsbzMva1JNRHF6Zlk2Tk5VMVNkamRPSTFWSnpBQnJPNDVmZ0N0U2ZEZXJsMXdtbStmZnpqRW9tUnBXQks5UHVFMWFEaDgvRDBRd0htdkVqSXpmemdxMGFHTHVzbmN1NnAxZ2ovTzIzcVptbEtBbWFFZWp3TkUzYjBnV1luZ3NLS21CSDRTL090SC9wbVI1QVJhWENvTWdzeFoyRTQyemgrY01QelZ0WnBYZmJyR2ZyTm9MWUNTK2pwOWJtWkpMM1hBQ3Q5VUV3c1Z2STBCN3Z2ajl3aUQ1a3dXUFQrekRNTE9WNnZ2OXQ3UEx5aG5Sd1FsUUhHMEYvdXVyQkp5cUJaMXVIR3dxSVNCaWt2Nm9oZWp3L2FxZHNSRmFCa1dIaFA3bGRYUnc1YVFreWZpR2xDZHZ1QTVod05nPSIsImNvbnRlbnQiOiJbY29udGFjdC1maWVsZCBsYWJlbD0nTmFtZScgdHlwZT0nbmFtZScgcmVxdWlyZWQ9JzEnL11bY29udGFjdC1maWVsZCBsYWJlbD0nRW1haWwnIHR5cGU9J2VtYWlsJyByZXF1aXJlZD0nMScvXVtjb250YWN0LWZpZWxkIGxhYmVsPSdDb250YWN0IE51bWJlcicgdHlwZT0ndGV4dCcvXVtjb250YWN0LWZpZWxkIGxhYmVsPSdDb21tZW50JyB0eXBlPSd0ZXh0YXJlYScgcmVxdWlyZWQ9JzEnL10iLCJoYXNoIjoiOWYwOWFhZDZhZWY0NTY1YjU3YWJmMzBmZmIyMzA5NWI5YmMxNzhlMCIsInNvdXJjZSI6eyJlbnRyeV90aXRsZSI6IkNvbnRhY3QiLCJlbnRyeV9wYWdlIjoxLCJzb3VyY2VfaWQiOjI5LCJzb3VyY2VfdHlwZSI6InNpbmdsZSIsInJlcXVlc3RfdXJsIjoiaHR0cHM6Ly9hbHBpbWFnZXMuY2gvZW4vd3AtanNvbi93cC92Mi9wYWdlcy8yOSJ9LCJ2ZXJzaW9uIjoyLCJjaXBoZXIiOiJhZXMtMjU2LWdjbSJ9.l3nnt-217TvFt8ztYBELoOoikjE3PHMyNI8Unn_zn-Q' \/>\n\n<div style=\"\"  data-wp-interactive=\"jetpack\/form\" data-wp-context='{\"fieldId\":\"g29-name\",\"fieldType\":\"name\",\"fieldLabel\":\"Name\",\"fieldValue\":\"\",\"fieldPlaceholder\":\"\",\"fieldIsRequired\":\"1\",\"fieldErrorMessage\":\"\",\"fieldExtra\":[],\"formHash\":\"9f09aad6aef4565b57abf30ffb23095b9bc178e0\"}'  class='grunion-field-name-wrap grunion-field-wrap'  data-wp-init='callbacks.initializeField' data-wp-on--jetpack-form-reset='callbacks.initializeField' >\n<label\n\t\t\t\tfor='g29-name' class=\"grunion-field-label name\" >Name<span class=\"grunion-label-required\" aria-hidden=\"true\">(required)<\/span><\/label>\n<input\n\t\t\t\t\ttype='text'\n\t\t\t\t\tname='g29-name'\n\t\t\t\t\tid='g29-name'\n\t\t\t\t\tvalue=''\n\n\t\t\t\t\tdata-wp-bind--aria-invalid='state.fieldAriaInvalid'\n\t\t\t\t\tdata-wp-bind--value='state.getFieldValue'\n\t\t\t\t\taria-describedby='g29-name-text-error-message'\n\t\t\t\t\tdata-wp-on--input='actions.onFieldChange'\n\t\t\t\t\tdata-wp-on--blur='actions.onFieldBlur'\n\t\t\t\t\tdata-wp-class--has-value='state.hasFieldValue'\n\n\t\t\t\t\tclass='name  grunion-field' \n\t\t\t\t\trequired='true' aria-required='true'  \/>\n \n\t\t\t<div id=\"g29-name-text-error\" class=\"contact-form__input-error\" data-wp-class--has-errors=\"state.fieldHasErrors\">\n\t\t\t\t<span class=\"contact-form__warning-icon\" aria-hidden=\"true\">\n\t\t\t\t\t<svg width=\"16\" height=\"16\" viewBox=\"0 0 16 16\" fill=\"none\" xmlns=\"http:\/\/www.w3.org\/2000\/svg\">\n\t\t\t\t\t\t<path d=\"M8.50015 11.6402H7.50015V10.6402H8.50015V11.6402Z\" \/>\n\t\t\t\t\t\t<path d=\"M7.50015 9.64018H8.50015V6.30684H7.50015V9.64018Z\" \/>\n\t\t\t\t\t\t<path fill-rule=\"evenodd\" clip-rule=\"evenodd\" d=\"M6.98331 3.0947C7.42933 2.30177 8.57096 2.30177 9.01698 3.09469L13.8771 11.7349C14.3145 12.5126 13.7525 13.4735 12.8602 13.4735H3.14004C2.24774 13.4735 1.68575 12.5126 2.12321 11.7349L6.98331 3.0947ZM8.14541 3.58496C8.08169 3.47168 7.9186 3.47168 7.85488 3.58496L2.99478 12.2251C2.93229 12.3362 3.01257 12.4735 3.14004 12.4735H12.8602C12.9877 12.4735 13.068 12.3362 13.0055 12.2251L8.14541 3.58496Z\" \/>\n\t\t\t\t\t<\/svg>\n\t\t\t\t<\/span>\n\t\t\t\t<span data-wp-text=\"state.errorMessage\" id=\"g29-name-text-error-message\"><\/span>\n\t\t\t<\/div> \n\t<\/div>\n\n<div style=\"\"  data-wp-interactive=\"jetpack\/form\" data-wp-context='{\"fieldId\":\"g29-email\",\"fieldType\":\"email\",\"fieldLabel\":\"Email\",\"fieldValue\":\"\",\"fieldPlaceholder\":\"\",\"fieldIsRequired\":\"1\",\"fieldErrorMessage\":\"\",\"fieldExtra\":[],\"formHash\":\"9f09aad6aef4565b57abf30ffb23095b9bc178e0\"}'  class='grunion-field-email-wrap grunion-field-wrap'  data-wp-init='callbacks.initializeField' data-wp-on--jetpack-form-reset='callbacks.initializeField' >\n<label\n\t\t\t\tfor='g29-email' class=\"grunion-field-label email\" >Email<span class=\"grunion-label-required\" aria-hidden=\"true\">(required)<\/span><\/label>\n<input\n\t\t\t\t\ttype='email'\n\t\t\t\t\tname='g29-email'\n\t\t\t\t\tid='g29-email'\n\t\t\t\t\tvalue=''\n\n\t\t\t\t\tdata-wp-bind--aria-invalid='state.fieldAriaInvalid'\n\t\t\t\t\tdata-wp-bind--value='state.getFieldValue'\n\t\t\t\t\taria-describedby='g29-email-email-error-message'\n\t\t\t\t\tdata-wp-on--input='actions.onFieldChange'\n\t\t\t\t\tdata-wp-on--blur='actions.onFieldBlur'\n\t\t\t\t\tdata-wp-class--has-value='state.hasFieldValue'\n\n\t\t\t\t\tclass='email  grunion-field' \n\t\t\t\t\trequired='true' aria-required='true'  \/>\n \n\t\t\t<div id=\"g29-email-email-error\" class=\"contact-form__input-error\" data-wp-class--has-errors=\"state.fieldHasErrors\">\n\t\t\t\t<span class=\"contact-form__warning-icon\" aria-hidden=\"true\">\n\t\t\t\t\t<svg width=\"16\" height=\"16\" viewBox=\"0 0 16 16\" fill=\"none\" xmlns=\"http:\/\/www.w3.org\/2000\/svg\">\n\t\t\t\t\t\t<path d=\"M8.50015 11.6402H7.50015V10.6402H8.50015V11.6402Z\" \/>\n\t\t\t\t\t\t<path d=\"M7.50015 9.64018H8.50015V6.30684H7.50015V9.64018Z\" \/>\n\t\t\t\t\t\t<path fill-rule=\"evenodd\" clip-rule=\"evenodd\" d=\"M6.98331 3.0947C7.42933 2.30177 8.57096 2.30177 9.01698 3.09469L13.8771 11.7349C14.3145 12.5126 13.7525 13.4735 12.8602 13.4735H3.14004C2.24774 13.4735 1.68575 12.5126 2.12321 11.7349L6.98331 3.0947ZM8.14541 3.58496C8.08169 3.47168 7.9186 3.47168 7.85488 3.58496L2.99478 12.2251C2.93229 12.3362 3.01257 12.4735 3.14004 12.4735H12.8602C12.9877 12.4735 13.068 12.3362 13.0055 12.2251L8.14541 3.58496Z\" \/>\n\t\t\t\t\t<\/svg>\n\t\t\t\t<\/span>\n\t\t\t\t<span data-wp-text=\"state.errorMessage\" id=\"g29-email-email-error-message\"><\/span>\n\t\t\t<\/div> \n\t<\/div>\n\n<div style=\"\"  data-wp-interactive=\"jetpack\/form\" data-wp-context='{\"fieldId\":\"g29-contactnumber\",\"fieldType\":\"text\",\"fieldLabel\":\"Contact Number\",\"fieldValue\":\"\",\"fieldPlaceholder\":\"\",\"fieldIsRequired\":\"\",\"fieldErrorMessage\":\"\",\"fieldExtra\":[],\"formHash\":\"9f09aad6aef4565b57abf30ffb23095b9bc178e0\"}'  class='grunion-field-text-wrap grunion-field-wrap'  data-wp-init='callbacks.initializeField' data-wp-on--jetpack-form-reset='callbacks.initializeField' >\n<label\n\t\t\t\tfor='g29-contactnumber' class=\"grunion-field-label text\" >Contact Number<\/label>\n<input\n\t\t\t\t\ttype='text'\n\t\t\t\t\tname='g29-contactnumber'\n\t\t\t\t\tid='g29-contactnumber'\n\t\t\t\t\tvalue=''\n\n\t\t\t\t\tdata-wp-bind--aria-invalid='state.fieldAriaInvalid'\n\t\t\t\t\tdata-wp-bind--value='state.getFieldValue'\n\t\t\t\t\taria-describedby='g29-contactnumber-text-error-message'\n\t\t\t\t\tdata-wp-on--input='actions.onFieldChange'\n\t\t\t\t\tdata-wp-on--blur='actions.onFieldBlur'\n\t\t\t\t\tdata-wp-class--has-value='state.hasFieldValue'\n\n\t\t\t\t\tclass='text  grunion-field' \n\t\t\t\t\t \/>\n \n\t\t\t<div id=\"g29-contactnumber-text-error\" class=\"contact-form__input-error\" data-wp-class--has-errors=\"state.fieldHasErrors\">\n\t\t\t\t<span class=\"contact-form__warning-icon\" aria-hidden=\"true\">\n\t\t\t\t\t<svg width=\"16\" height=\"16\" viewBox=\"0 0 16 16\" fill=\"none\" xmlns=\"http:\/\/www.w3.org\/2000\/svg\">\n\t\t\t\t\t\t<path d=\"M8.50015 11.6402H7.50015V10.6402H8.50015V11.6402Z\" \/>\n\t\t\t\t\t\t<path d=\"M7.50015 9.64018H8.50015V6.30684H7.50015V9.64018Z\" \/>\n\t\t\t\t\t\t<path fill-rule=\"evenodd\" clip-rule=\"evenodd\" d=\"M6.98331 3.0947C7.42933 2.30177 8.57096 2.30177 9.01698 3.09469L13.8771 11.7349C14.3145 12.5126 13.7525 13.4735 12.8602 13.4735H3.14004C2.24774 13.4735 1.68575 12.5126 2.12321 11.7349L6.98331 3.0947ZM8.14541 3.58496C8.08169 3.47168 7.9186 3.47168 7.85488 3.58496L2.99478 12.2251C2.93229 12.3362 3.01257 12.4735 3.14004 12.4735H12.8602C12.9877 12.4735 13.068 12.3362 13.0055 12.2251L8.14541 3.58496Z\" \/>\n\t\t\t\t\t<\/svg>\n\t\t\t\t<\/span>\n\t\t\t\t<span data-wp-text=\"state.errorMessage\" id=\"g29-contactnumber-text-error-message\"><\/span>\n\t\t\t<\/div> \n\t<\/div>\n\n<div style=\"\"  data-wp-interactive=\"jetpack\/form\" data-wp-context='{\"fieldId\":\"g29-comment\",\"fieldType\":\"textarea\",\"fieldLabel\":\"Comment\",\"fieldValue\":\"\",\"fieldPlaceholder\":\"\",\"fieldIsRequired\":\"1\",\"fieldErrorMessage\":\"\",\"fieldExtra\":[],\"formHash\":\"9f09aad6aef4565b57abf30ffb23095b9bc178e0\"}'  class='grunion-field-textarea-wrap grunion-field-wrap'  data-wp-init='callbacks.initializeField' data-wp-on--jetpack-form-reset='callbacks.initializeField' >\n<label\n\t\t\t\tfor='contact-form-comment-g29-comment' class=\"grunion-field-label textarea\" >Comment<span class=\"grunion-label-required\" aria-hidden=\"true\">(required)<\/span><\/label>\n<textarea\n\t\t                style=''\n\t\t                name='g29-comment'\n\t\t                id='contact-form-comment-g29-comment'\n\t\t                rows='20'\n\t\t\t\t\t\tdata-wp-text='state.getFieldValue'\n\t\t\t\t\t\tdata-wp-on--input='actions.onFieldChange'\n\t\t\t\t\t\tdata-wp-on--blur='actions.onFieldBlur'\n\t\t\t\t\t\tdata-wp-class--has-value='state.hasFieldValue'\n\t\t\t\t\t\taria-describedby='g29-comment-textarea-error-message'\n\t\t\t\t\t\tdata-wp-bind--aria-invalid='state.fieldAriaInvalid'\n\t\t\t\t\t\tclass='textarea  grunion-field'  required aria-required='true'><\/textarea>\n \n\t\t\t<div id=\"g29-comment-textarea-error\" class=\"contact-form__input-error\" data-wp-class--has-errors=\"state.fieldHasErrors\">\n\t\t\t\t<span class=\"contact-form__warning-icon\" aria-hidden=\"true\">\n\t\t\t\t\t<svg width=\"16\" height=\"16\" viewBox=\"0 0 16 16\" fill=\"none\" xmlns=\"http:\/\/www.w3.org\/2000\/svg\">\n\t\t\t\t\t\t<path d=\"M8.50015 11.6402H7.50015V10.6402H8.50015V11.6402Z\" \/>\n\t\t\t\t\t\t<path d=\"M7.50015 9.64018H8.50015V6.30684H7.50015V9.64018Z\" \/>\n\t\t\t\t\t\t<path fill-rule=\"evenodd\" clip-rule=\"evenodd\" d=\"M6.98331 3.0947C7.42933 2.30177 8.57096 2.30177 9.01698 3.09469L13.8771 11.7349C14.3145 12.5126 13.7525 13.4735 12.8602 13.4735H3.14004C2.24774 13.4735 1.68575 12.5126 2.12321 11.7349L6.98331 3.0947ZM8.14541 3.58496C8.08169 3.47168 7.9186 3.47168 7.85488 3.58496L2.99478 12.2251C2.93229 12.3362 3.01257 12.4735 3.14004 12.4735H12.8602C12.9877 12.4735 13.068 12.3362 13.0055 12.2251L8.14541 3.58496Z\" \/>\n\t\t\t\t\t<\/svg>\n\t\t\t\t<\/span>\n\t\t\t\t<span data-wp-text=\"state.errorMessage\" id=\"g29-comment-textarea-error-message\"><\/span>\n\t\t\t<\/div>\n\t<\/div>\n\t<p class='contact-submit'>\n<div class=\"contact-form__error\" data-wp-class--show-errors=\"state.showFormErrors\"><span class=\"contact-form__warning-icon\" aria-hidden=\"true\"><i><\/i><\/span><span class=\"contact-form__error-message\" tabindex=\"-1\" data-wp-watch=\"callbacks.focusOnValidationError\" data-wp-text=\"state.getFormErrorMessage\"><\/span><ul aria-label=\"Form errors\">\n\t\t\t\t<template data-wp-each=\"state.getErrorList\" data-wp-key=\"context.item.id\">\n\t\t\t\t\t<li><a data-wp-bind--href=\"context.item.anchor\" data-wp-on--click=\"actions.scrollIntoView\" data-wp-text=\"context.item.label\"><\/a><\/li>\n\t\t\t\t<\/template>\n\t\t\t\t<\/ul><\/div><div class=\"contact-form__error\" data-wp-class--show-errors=\"state.showSubmissionError\" data-wp-text=\"context.submissionError\" tabindex=\"-1\" data-wp-watch=\"callbacks.focusOnSubmissionError\"><\/div>\t\t<button type='submit' class='pushbutton-wide'>Submit<\/button>\t\t<input type='hidden' name='contact-form-id' value='29' \/>\n\t\t<input type='hidden' name='action' value='grunion-contact-form' \/>\n\t\t<input type='hidden' name='contact-form-hash' value='9f09aad6aef4565b57abf30ffb23095b9bc178e0' \/>\n\t<\/p>\n<p style=\"display: none !important;\" class=\"akismet-fields-container\" data-prefix=\"ak_\"><label>&#916;<textarea name=\"ak_hp_textarea\" cols=\"45\" rows=\"8\" maxlength=\"100\"><\/textarea><\/label><input type=\"hidden\" id=\"ak_js_1\" name=\"ak_js\" value=\"169\"\/><script type=\"text\/javascript\">\n\/* <![CDATA[ *\/\ndocument.getElementById( \"ak_js_1\" ).setAttribute( \"value\", ( new Date() ).getTime() );\n\/* ]]> *\/\n<\/script>\n<\/p><\/form>\n<\/div>\n\n\n\n<p><\/p>\n","protected":false},"excerpt":{"rendered":"<p>Une question, un projet, une demande particuli\u00e8re ?Passez-nous voir \u00e0 la boutique ou laissez-nous un message. Par t\u00e9l\u00e9phone au +41 27 771 77 22 ou par email \u00e0 alpimages@verbier.ch C&rsquo;est toujours un plaisir d\u2019\u00e9changer avec vous et de r\u00e9pondre \u00e0 vos demandes. Nous sommes ouverts tous les jours durant la saison d&rsquo;hiver et la saison [&hellip;]<\/p>\n","protected":false},"author":1,"featured_media":0,"parent":0,"menu_order":9,"comment_status":"closed","ping_status":"closed","template":"page-full-width.php","meta":{"ngg_post_thumbnail":0,"footnotes":""},"tags":[],"class_list":["post-29","page","type-page","status-publish","hentry"],"yoast_head":"<!-- This site is optimized with the Yoast SEO plugin v27.4 - https:\/\/yoast.com\/product\/yoast-seo-wordpress\/ -->\n<title>Contact - Photographes professionnels - Galerie photos &amp; affiches - Verbier<\/title>\n<meta name=\"description\" content=\"Contactez-nous pour toutes vos demandes photos : impression, \u00e9v\u00e8nements, teambuilding, vid\u00e9o, par email ou t\u00e9l\u00e9phone.\" \/>\n<meta name=\"robots\" content=\"index, follow, max-snippet:-1, max-image-preview:large, max-video-preview:-1\" \/>\n<link rel=\"canonical\" href=\"https:\/\/alpimages.ch\/en\/contact\/\" \/>\n<meta property=\"og:locale\" content=\"en_US\" \/>\n<meta property=\"og:type\" content=\"article\" \/>\n<meta property=\"og:title\" content=\"Contact - Photographes professionnels - Galerie photos &amp; affiches - Verbier\" \/>\n<meta property=\"og:description\" content=\"Contactez-nous pour toutes vos demandes photos : impression, \u00e9v\u00e8nements, teambuilding, vid\u00e9o, par email ou t\u00e9l\u00e9phone.\" \/>\n<meta property=\"og:url\" content=\"https:\/\/alpimages.ch\/en\/contact\/\" \/>\n<meta property=\"og:site_name\" content=\"Photographes professionnels - Galerie photos &amp; affiches - Verbier\" \/>\n<meta property=\"article:modified_time\" content=\"2026-02-05T12:16:34+00:00\" \/>\n<meta property=\"og:image\" content=\"https:\/\/alpimages.ch\/wp-content\/uploads\/2026\/02\/GalerieAlpimagesPLANLARGE-7-1024x495.jpg\" \/>\n<meta name=\"twitter:card\" content=\"summary_large_image\" \/>\n<meta name=\"twitter:label1\" content=\"Est. reading time\" \/>\n\t<meta name=\"twitter:data1\" content=\"1 minute\" \/>\n<script type=\"application\/ld+json\" class=\"yoast-schema-graph\">{\"@context\":\"https:\\\/\\\/schema.org\",\"@graph\":[{\"@type\":\"WebPage\",\"@id\":\"https:\\\/\\\/alpimages.ch\\\/contact\\\/\",\"url\":\"https:\\\/\\\/alpimages.ch\\\/contact\\\/\",\"name\":\"Contact - Photographes professionnels - Galerie photos &amp; affiches - Verbier\",\"isPartOf\":{\"@id\":\"https:\\\/\\\/alpimages.ch\\\/#website\"},\"primaryImageOfPage\":{\"@id\":\"https:\\\/\\\/alpimages.ch\\\/contact\\\/#primaryimage\"},\"image\":{\"@id\":\"https:\\\/\\\/alpimages.ch\\\/contact\\\/#primaryimage\"},\"thumbnailUrl\":\"https:\\\/\\\/alpimages.ch\\\/wp-content\\\/uploads\\\/2026\\\/02\\\/GalerieAlpimagesPLANLARGE-7-1024x495.jpg\",\"datePublished\":\"2015-03-10T11:20:14+00:00\",\"dateModified\":\"2026-02-05T12:16:34+00:00\",\"description\":\"Contactez-nous pour toutes vos demandes photos : impression, \u00e9v\u00e8nements, teambuilding, vid\u00e9o, par email ou t\u00e9l\u00e9phone.\",\"breadcrumb\":{\"@id\":\"https:\\\/\\\/alpimages.ch\\\/contact\\\/#breadcrumb\"},\"inLanguage\":\"en-US\",\"potentialAction\":[{\"@type\":\"ReadAction\",\"target\":[\"https:\\\/\\\/alpimages.ch\\\/contact\\\/\"]}]},{\"@type\":\"ImageObject\",\"inLanguage\":\"en-US\",\"@id\":\"https:\\\/\\\/alpimages.ch\\\/contact\\\/#primaryimage\",\"url\":\"https:\\\/\\\/alpimages.ch\\\/wp-content\\\/uploads\\\/2026\\\/02\\\/GalerieAlpimagesPLANLARGE-7-1024x495.jpg\",\"contentUrl\":\"https:\\\/\\\/alpimages.ch\\\/wp-content\\\/uploads\\\/2026\\\/02\\\/GalerieAlpimagesPLANLARGE-7-1024x495.jpg\"},{\"@type\":\"BreadcrumbList\",\"@id\":\"https:\\\/\\\/alpimages.ch\\\/contact\\\/#breadcrumb\",\"itemListElement\":[{\"@type\":\"ListItem\",\"position\":1,\"name\":\"Accueil\",\"item\":\"https:\\\/\\\/alpimages.ch\\\/\"},{\"@type\":\"ListItem\",\"position\":2,\"name\":\"Contact\"}]},{\"@type\":\"WebSite\",\"@id\":\"https:\\\/\\\/alpimages.ch\\\/#website\",\"url\":\"https:\\\/\\\/alpimages.ch\\\/\",\"name\":\"Photographes professionnels - Galerie photos &amp; affiches - Verbier\",\"description\":\"Photographes professionnels bas\u00e9s \u00e0 Verbier, nous offrons diff\u00e9rents services comme l&#039;impression photo, l&#039;encadrement, la vente d&#039;affiches et de posters et l&#039;organisation d&#039;\u00e9v\u00e8nements priv\u00e9s.\",\"potentialAction\":[{\"@type\":\"SearchAction\",\"target\":{\"@type\":\"EntryPoint\",\"urlTemplate\":\"https:\\\/\\\/alpimages.ch\\\/?s={search_term_string}\"},\"query-input\":{\"@type\":\"PropertyValueSpecification\",\"valueRequired\":true,\"valueName\":\"search_term_string\"}}],\"inLanguage\":\"en-US\"}]}<\/script>\n<!-- \/ Yoast SEO plugin. -->","yoast_head_json":{"title":"Contact - Photographes professionnels - Galerie photos &amp; affiches - Verbier","description":"Contactez-nous pour toutes vos demandes photos : impression, \u00e9v\u00e8nements, teambuilding, vid\u00e9o, par email ou t\u00e9l\u00e9phone.","robots":{"index":"index","follow":"follow","max-snippet":"max-snippet:-1","max-image-preview":"max-image-preview:large","max-video-preview":"max-video-preview:-1"},"canonical":"https:\/\/alpimages.ch\/en\/contact\/","og_locale":"en_US","og_type":"article","og_title":"Contact - Photographes professionnels - Galerie photos &amp; affiches - Verbier","og_description":"Contactez-nous pour toutes vos demandes photos : impression, \u00e9v\u00e8nements, teambuilding, vid\u00e9o, par email ou t\u00e9l\u00e9phone.","og_url":"https:\/\/alpimages.ch\/en\/contact\/","og_site_name":"Photographes professionnels - Galerie photos &amp; affiches - Verbier","article_modified_time":"2026-02-05T12:16:34+00:00","og_image":[{"url":"https:\/\/alpimages.ch\/wp-content\/uploads\/2026\/02\/GalerieAlpimagesPLANLARGE-7-1024x495.jpg","type":"","width":"","height":""}],"twitter_card":"summary_large_image","twitter_misc":{"Est. reading time":"1 minute"},"schema":{"@context":"https:\/\/schema.org","@graph":[{"@type":"WebPage","@id":"https:\/\/alpimages.ch\/contact\/","url":"https:\/\/alpimages.ch\/contact\/","name":"Contact - Photographes professionnels - Galerie photos &amp; affiches - Verbier","isPartOf":{"@id":"https:\/\/alpimages.ch\/#website"},"primaryImageOfPage":{"@id":"https:\/\/alpimages.ch\/contact\/#primaryimage"},"image":{"@id":"https:\/\/alpimages.ch\/contact\/#primaryimage"},"thumbnailUrl":"https:\/\/alpimages.ch\/wp-content\/uploads\/2026\/02\/GalerieAlpimagesPLANLARGE-7-1024x495.jpg","datePublished":"2015-03-10T11:20:14+00:00","dateModified":"2026-02-05T12:16:34+00:00","description":"Contactez-nous pour toutes vos demandes photos : impression, \u00e9v\u00e8nements, teambuilding, vid\u00e9o, par email ou t\u00e9l\u00e9phone.","breadcrumb":{"@id":"https:\/\/alpimages.ch\/contact\/#breadcrumb"},"inLanguage":"en-US","potentialAction":[{"@type":"ReadAction","target":["https:\/\/alpimages.ch\/contact\/"]}]},{"@type":"ImageObject","inLanguage":"en-US","@id":"https:\/\/alpimages.ch\/contact\/#primaryimage","url":"https:\/\/alpimages.ch\/wp-content\/uploads\/2026\/02\/GalerieAlpimagesPLANLARGE-7-1024x495.jpg","contentUrl":"https:\/\/alpimages.ch\/wp-content\/uploads\/2026\/02\/GalerieAlpimagesPLANLARGE-7-1024x495.jpg"},{"@type":"BreadcrumbList","@id":"https:\/\/alpimages.ch\/contact\/#breadcrumb","itemListElement":[{"@type":"ListItem","position":1,"name":"Accueil","item":"https:\/\/alpimages.ch\/"},{"@type":"ListItem","position":2,"name":"Contact"}]},{"@type":"WebSite","@id":"https:\/\/alpimages.ch\/#website","url":"https:\/\/alpimages.ch\/","name":"Photographes professionnels - Galerie photos &amp; affiches - Verbier","description":"Photographes professionnels bas\u00e9s \u00e0 Verbier, nous offrons diff\u00e9rents services comme l&#039;impression photo, l&#039;encadrement, la vente d&#039;affiches et de posters et l&#039;organisation d&#039;\u00e9v\u00e8nements priv\u00e9s.","potentialAction":[{"@type":"SearchAction","target":{"@type":"EntryPoint","urlTemplate":"https:\/\/alpimages.ch\/?s={search_term_string}"},"query-input":{"@type":"PropertyValueSpecification","valueRequired":true,"valueName":"search_term_string"}}],"inLanguage":"en-US"}]}},"jetpack_sharing_enabled":true,"jetpack_shortlink":"https:\/\/wp.me\/P5FEld-t","jetpack_likes_enabled":true,"_links":{"self":[{"href":"https:\/\/alpimages.ch\/en\/wp-json\/wp\/v2\/pages\/29","targetHints":{"allow":["GET"]}}],"collection":[{"href":"https:\/\/alpimages.ch\/en\/wp-json\/wp\/v2\/pages"}],"about":[{"href":"https:\/\/alpimages.ch\/en\/wp-json\/wp\/v2\/types\/page"}],"author":[{"embeddable":true,"href":"https:\/\/alpimages.ch\/en\/wp-json\/wp\/v2\/users\/1"}],"replies":[{"embeddable":true,"href":"https:\/\/alpimages.ch\/en\/wp-json\/wp\/v2\/comments?post=29"}],"version-history":[{"count":22,"href":"https:\/\/alpimages.ch\/en\/wp-json\/wp\/v2\/pages\/29\/revisions"}],"predecessor-version":[{"id":14772,"href":"https:\/\/alpimages.ch\/en\/wp-json\/wp\/v2\/pages\/29\/revisions\/14772"}],"wp:attachment":[{"href":"https:\/\/alpimages.ch\/en\/wp-json\/wp\/v2\/media?parent=29"}],"wp:term":[{"taxonomy":"post_tag","embeddable":true,"href":"https:\/\/alpimages.ch\/en\/wp-json\/wp\/v2\/tags?post=29"}],"curies":[{"name":"wp","href":"https:\/\/api.w.org\/{rel}","templated":true}]}}