{"id":40,"date":"2015-03-21T10:17:29","date_gmt":"2015-03-21T10:17:29","guid":{"rendered":"https:\/\/alpimages.ch\/?page_id=40"},"modified":"2026-04-02T14:42:25","modified_gmt":"2026-04-02T14:42:25","slug":"portraits-photo","status":"publish","type":"page","link":"https:\/\/alpimages.ch\/en\/portraits\/portraits-photo\/","title":{"rendered":"Portraits"},"content":{"rendered":"<p>Des anniversaires aux c\u00e9r\u00e9monies en passant par votre premi\u00e8re descente sur les pistes, les moments en famille et entre amis sont pr\u00e9cieux et m\u00e9ritent que l&rsquo;on s&rsquo;en souvienne. Un s\u00e9jour \u00e0 Verbier est propice \u00e0 la r\u00e9alisation de portraits familiaux que vous pourrez garder ou offrir. C&rsquo;est aussi l&rsquo;occasion d&rsquo;immortaliser vos exploits sportifs et vos exp\u00e9riences in\u00e9dites.&nbsp;<\/p>\n<p>Nos tirages photos sur papier respectent les principes de tirage d&rsquo;autrefois (tirage argentique) et vous garantissent des souvenirs de qualit\u00e9 \u00e0 vie. Nous tirons vos photos dans diff\u00e9rents formats et vous pouvez \u00e9galement cr\u00e9er vos propres <a href=\"https:\/\/alpimages.ch\/en\/la-galerie-du-poster\/encadrements\/\" target=\"_blank\" rel=\"noopener\">encadrements<\/a>.&nbsp;<\/p>\n<p>Retrouvez-nous dans la montagne en famille, en couple ou entre amis, toute la saison d&rsquo;hiver et d&rsquo;\u00e9t\u00e9, ou \u00e0 notre magasin pour plus d&rsquo;information. Nos clients nous font confiance pour leurs s\u00e9ances photo, comme cela peut se ressentir dans nos prises de vue.<\/p>\n<p>Pour organiser une s\u00e9ance photo, vous pouvez nous contacter par t\u00e9l\u00e9phone au +41 27 771 7722 ou par email \u00e0&nbsp;alpimages@verbier.ch Nous vous offrons votre premi\u00e8re exp\u00e9rience, n&rsquo;attendez plus.<\/p>\n<div class=\"tiled-gallery type-rectangular tiled-gallery-unresized\" data-original-width=\"680\" data-carousel-extra='{&quot;blog_id&quot;:1,&quot;permalink&quot;:&quot;https:\\\/\\\/alpimages.ch\\\/en\\\/portraits\\\/portraits-photo\\\/&quot;,&quot;likes_blog_id&quot;:83808203}' itemscope itemtype=\"http:\/\/schema.org\/ImageGallery\" > <div class=\"gallery-row\" style=\"width: 680px; height: 314px;\" data-original-width=\"680\" data-original-height=\"314\" > <div class=\"gallery-group images-1\" style=\"width: 469px; height: 314px;\" data-original-width=\"469\" data-original-height=\"314\" > <div class=\"tiled-gallery-item tiled-gallery-item-large\" itemprop=\"associatedMedia\" itemscope itemtype=\"http:\/\/schema.org\/ImageObject\"> <a href=\"https:\/\/alpimages.ch\/en\/portraits\/portraits-photo\/tom_2299\/\" border=\"0\" itemprop=\"url\"> <meta itemprop=\"width\" content=\"465\"> <meta itemprop=\"height\" content=\"310\"> <img decoding=\"async\" class=\"\" data-attachment-id=\"9482\" data-orig-file=\"https:\/\/alpimages.ch\/wp-content\/uploads\/2021\/03\/TOM_2299.jpg\" data-orig-size=\"7360,4912\" data-comments-opened=\"\" data-image-meta=\"{&quot;aperture&quot;:&quot;7.1&quot;,&quot;credit&quot;:&quot;&quot;,&quot;camera&quot;:&quot;NIKON D810&quot;,&quot;caption&quot;:&quot;&quot;,&quot;created_timestamp&quot;:&quot;1613838825&quot;,&quot;copyright&quot;:&quot;&quot;,&quot;focal_length&quot;:&quot;120&quot;,&quot;iso&quot;:&quot;125&quot;,&quot;shutter_speed&quot;:&quot;0.005&quot;,&quot;title&quot;:&quot;&quot;,&quot;orientation&quot;:&quot;0&quot;}\" data-image-title=\"TOM_2299\" data-image-description=\"\" data-medium-file=\"https:\/\/i0.wp.com\/alpimages.ch\/wp-content\/uploads\/2021\/03\/TOM_2299.jpg?fit=300%2C200&#038;ssl=1\" data-large-file=\"https:\/\/i0.wp.com\/alpimages.ch\/wp-content\/uploads\/2021\/03\/TOM_2299.jpg?fit=680%2C454&#038;ssl=1\" src=\"https:\/\/i0.wp.com\/alpimages.ch\/wp-content\/uploads\/2021\/03\/TOM_2299.jpg?w=465&#038;h=310&#038;ssl=1\" srcset=\"https:\/\/i0.wp.com\/alpimages.ch\/wp-content\/uploads\/2021\/03\/TOM_2299.jpg?w=7360&amp;ssl=1 7360w, https:\/\/i0.wp.com\/alpimages.ch\/wp-content\/uploads\/2021\/03\/TOM_2299.jpg?resize=300%2C200&amp;ssl=1 300w, https:\/\/i0.wp.com\/alpimages.ch\/wp-content\/uploads\/2021\/03\/TOM_2299.jpg?resize=1024%2C683&amp;ssl=1 1024w, https:\/\/i0.wp.com\/alpimages.ch\/wp-content\/uploads\/2021\/03\/TOM_2299.jpg?resize=150%2C100&amp;ssl=1 150w, https:\/\/i0.wp.com\/alpimages.ch\/wp-content\/uploads\/2021\/03\/TOM_2299.jpg?resize=768%2C513&amp;ssl=1 768w, https:\/\/i0.wp.com\/alpimages.ch\/wp-content\/uploads\/2021\/03\/TOM_2299.jpg?resize=1536%2C1025&amp;ssl=1 1536w, https:\/\/i0.wp.com\/alpimages.ch\/wp-content\/uploads\/2021\/03\/TOM_2299.jpg?resize=2048%2C1367&amp;ssl=1 2048w, https:\/\/i0.wp.com\/alpimages.ch\/wp-content\/uploads\/2021\/03\/TOM_2299.jpg?resize=16%2C12&amp;ssl=1 16w, https:\/\/i0.wp.com\/alpimages.ch\/wp-content\/uploads\/2021\/03\/TOM_2299.jpg?resize=317%2C212&amp;ssl=1 317w, https:\/\/i0.wp.com\/alpimages.ch\/wp-content\/uploads\/2021\/03\/TOM_2299.jpg?w=1360&amp;ssl=1 1360w\" width=\"465\" height=\"310\" loading=\"lazy\" data-original-width=\"465\" data-original-height=\"310\" itemprop=\"http:\/\/schema.org\/image\" title=\"TOM_2299\" alt=\"TOM_2299\" style=\"width: 465px; height: 310px;\" \/> <\/a> <\/div> <\/div> <!-- close group --> <div class=\"gallery-group images-1\" style=\"width: 211px; height: 314px;\" data-original-width=\"211\" data-original-height=\"314\" > <div class=\"tiled-gallery-item tiled-gallery-item-small\" itemprop=\"associatedMedia\" itemscope itemtype=\"http:\/\/schema.org\/ImageObject\"> <a href=\"https:\/\/alpimages.ch\/en\/portraits\/portraits-photo\/grosessetatianaalpimages-78-2\/\" border=\"0\" itemprop=\"url\"> <meta itemprop=\"width\" content=\"207\"> <meta itemprop=\"height\" content=\"310\"> <img decoding=\"async\" class=\"\" data-attachment-id=\"14753\" data-orig-file=\"https:\/\/alpimages.ch\/wp-content\/uploads\/2026\/02\/GrosesseTatiana\u00a9Alpimages-78-2.jpg\" data-orig-size=\"3651,5477\" data-comments-opened=\"\" data-image-meta=\"{&quot;aperture&quot;:&quot;0&quot;,&quot;credit&quot;:&quot;&quot;,&quot;camera&quot;:&quot;&quot;,&quot;caption&quot;:&quot;&quot;,&quot;created_timestamp&quot;:&quot;0&quot;,&quot;copyright&quot;:&quot;&quot;,&quot;focal_length&quot;:&quot;0&quot;,&quot;iso&quot;:&quot;0&quot;,&quot;shutter_speed&quot;:&quot;0&quot;,&quot;title&quot;:&quot;&quot;,&quot;orientation&quot;:&quot;0&quot;}\" data-image-title=\"GrosesseTatiana\u00a9Alpimages-78-2\" data-image-description=\"\" data-medium-file=\"https:\/\/i0.wp.com\/alpimages.ch\/wp-content\/uploads\/2026\/02\/GrosesseTatiana%C2%A9Alpimages-78-2.jpg?fit=200%2C300&#038;ssl=1\" data-large-file=\"https:\/\/i0.wp.com\/alpimages.ch\/wp-content\/uploads\/2026\/02\/GrosesseTatiana%C2%A9Alpimages-78-2.jpg?fit=680%2C1020&#038;ssl=1\" src=\"https:\/\/i0.wp.com\/alpimages.ch\/wp-content\/uploads\/2026\/02\/GrosesseTatiana%C2%A9Alpimages-78-2.jpg?w=207&#038;h=310&#038;ssl=1\" width=\"207\" height=\"310\" loading=\"lazy\" data-original-width=\"207\" data-original-height=\"310\" itemprop=\"http:\/\/schema.org\/image\" title=\"GrosesseTatiana\u00a9Alpimages-78-2\" alt=\"GrosesseTatiana\u00a9Alpimages-78-2\" style=\"width: 207px; height: 310px;\" \/> <\/a> <\/div> <\/div> <!-- close group --> <\/div> <!-- close row --> <div class=\"gallery-row\" style=\"width: 680px; height: 315px;\" data-original-width=\"680\" data-original-height=\"315\" > <div class=\"gallery-group images-2\" style=\"width: 234px; height: 315px;\" data-original-width=\"234\" data-original-height=\"315\" > <div class=\"tiled-gallery-item tiled-gallery-item-small\" itemprop=\"associatedMedia\" itemscope itemtype=\"http:\/\/schema.org\/ImageObject\"> <a href=\"https:\/\/alpimages.ch\/en\/portraits\/portraits-photo\/ashleywalkeralpimages-172\/\" border=\"0\" itemprop=\"url\"> <meta itemprop=\"width\" content=\"230\"> <meta itemprop=\"height\" content=\"153\"> <img decoding=\"async\" class=\"\" data-attachment-id=\"13658\" data-orig-file=\"https:\/\/alpimages.ch\/wp-content\/uploads\/2025\/05\/AshleyWalker\u00a9Alpimages-172.jpg\" data-orig-size=\"4724,3149\" data-comments-opened=\"\" data-image-meta=\"{&quot;aperture&quot;:&quot;5.6&quot;,&quot;credit&quot;:&quot;&quot;,&quot;camera&quot;:&quot;NIKON Z 9&quot;,&quot;caption&quot;:&quot;&quot;,&quot;created_timestamp&quot;:&quot;1733649431&quot;,&quot;copyright&quot;:&quot;&quot;,&quot;focal_length&quot;:&quot;85&quot;,&quot;iso&quot;:&quot;800&quot;,&quot;shutter_speed&quot;:&quot;0.001&quot;,&quot;title&quot;:&quot;&quot;,&quot;orientation&quot;:&quot;0&quot;}\" data-image-title=\"AshleyWalker\u00a9Alpimages-172\" data-image-description=\"\" data-medium-file=\"https:\/\/i0.wp.com\/alpimages.ch\/wp-content\/uploads\/2025\/05\/AshleyWalker%C2%A9Alpimages-172.jpg?fit=300%2C200&#038;ssl=1\" data-large-file=\"https:\/\/i0.wp.com\/alpimages.ch\/wp-content\/uploads\/2025\/05\/AshleyWalker%C2%A9Alpimages-172.jpg?fit=680%2C454&#038;ssl=1\" src=\"https:\/\/i0.wp.com\/alpimages.ch\/wp-content\/uploads\/2025\/05\/AshleyWalker%C2%A9Alpimages-172.jpg?w=230&#038;h=153&#038;ssl=1\" width=\"230\" height=\"153\" loading=\"lazy\" data-original-width=\"230\" data-original-height=\"153\" itemprop=\"http:\/\/schema.org\/image\" title=\"AshleyWalker\u00a9Alpimages-172\" alt=\"AshleyWalker\u00a9Alpimages-172\" style=\"width: 230px; height: 153px;\" \/> <\/a> <\/div> <div class=\"tiled-gallery-item tiled-gallery-item-small\" itemprop=\"associatedMedia\" itemscope itemtype=\"http:\/\/schema.org\/ImageObject\"> <a href=\"https:\/\/alpimages.ch\/en\/portraits\/anniversaires-et-ceremonies\/thomas-roulin-alpimagesverbier-ch-5-sur-79\/\" border=\"0\" itemprop=\"url\"> <meta itemprop=\"width\" content=\"230\"> <meta itemprop=\"height\" content=\"154\"> <img decoding=\"async\" class=\"\" data-attachment-id=\"337\" data-orig-file=\"https:\/\/alpimages.ch\/wp-content\/uploads\/2015\/03\/thomas-roulin-alpimagesverbier-ch-5-sur-79.jpg\" data-orig-size=\"7072,4720\" data-comments-opened=\"\" data-image-meta=\"{&quot;aperture&quot;:&quot;9&quot;,&quot;credit&quot;:&quot;&quot;,&quot;camera&quot;:&quot;NIKON D800&quot;,&quot;caption&quot;:&quot;&quot;,&quot;created_timestamp&quot;:&quot;1410602382&quot;,&quot;copyright&quot;:&quot;&quot;,&quot;focal_length&quot;:&quot;29&quot;,&quot;iso&quot;:&quot;200&quot;,&quot;shutter_speed&quot;:&quot;0.00625&quot;,&quot;title&quot;:&quot;&quot;,&quot;orientation&quot;:&quot;0&quot;}\" data-image-title=\"Thomas Roulin-Alpimages@verbier.ch (5 sur 79)\" data-image-description=\"\" data-medium-file=\"https:\/\/i0.wp.com\/alpimages.ch\/wp-content\/uploads\/2015\/03\/thomas-roulin-alpimagesverbier-ch-5-sur-79.jpg?fit=300%2C200&#038;ssl=1\" data-large-file=\"https:\/\/i0.wp.com\/alpimages.ch\/wp-content\/uploads\/2015\/03\/thomas-roulin-alpimagesverbier-ch-5-sur-79.jpg?fit=680%2C454&#038;ssl=1\" src=\"https:\/\/i0.wp.com\/alpimages.ch\/wp-content\/uploads\/2015\/03\/thomas-roulin-alpimagesverbier-ch-5-sur-79.jpg?w=230&#038;h=154&#038;ssl=1\" width=\"230\" height=\"154\" loading=\"lazy\" data-original-width=\"230\" data-original-height=\"154\" itemprop=\"http:\/\/schema.org\/image\" title=\"Thomas Roulin-Alpimages@verbier.ch (5 sur 79)\" alt=\"Thomas Roulin-Alpimages@verbier.ch (5 sur 79)\" style=\"width: 230px; height: 154px;\" \/> <\/a> <\/div> <\/div> <!-- close group --> <div class=\"gallery-group images-1\" style=\"width: 212px; height: 315px;\" data-original-width=\"212\" data-original-height=\"315\" > <div class=\"tiled-gallery-item tiled-gallery-item-small\" itemprop=\"associatedMedia\" itemscope itemtype=\"http:\/\/schema.org\/ImageObject\"> <a href=\"https:\/\/alpimages.ch\/en\/portraits\/portraits-photo\/_tom5576-2\/\" border=\"0\" itemprop=\"url\"> <meta itemprop=\"width\" content=\"208\"> <meta itemprop=\"height\" content=\"311\"> <img decoding=\"async\" class=\"\" data-attachment-id=\"11497\" data-orig-file=\"https:\/\/alpimages.ch\/wp-content\/uploads\/2023\/12\/TOM5576-1.jpg\" data-orig-size=\"4268,6402\" data-comments-opened=\"\" data-image-meta=\"{&quot;aperture&quot;:&quot;5.6&quot;,&quot;credit&quot;:&quot;&quot;,&quot;camera&quot;:&quot;NIKON D850&quot;,&quot;caption&quot;:&quot;&quot;,&quot;created_timestamp&quot;:&quot;1660153006&quot;,&quot;copyright&quot;:&quot;&quot;,&quot;focal_length&quot;:&quot;50&quot;,&quot;iso&quot;:&quot;250&quot;,&quot;shutter_speed&quot;:&quot;0.003125&quot;,&quot;title&quot;:&quot;&quot;,&quot;orientation&quot;:&quot;0&quot;}\" data-image-title=\"_TOM5576\" data-image-description=\"\" data-medium-file=\"https:\/\/i0.wp.com\/alpimages.ch\/wp-content\/uploads\/2023\/12\/TOM5576-1.jpg?fit=200%2C300&#038;ssl=1\" data-large-file=\"https:\/\/i0.wp.com\/alpimages.ch\/wp-content\/uploads\/2023\/12\/TOM5576-1.jpg?fit=680%2C1020&#038;ssl=1\" src=\"https:\/\/i0.wp.com\/alpimages.ch\/wp-content\/uploads\/2023\/12\/TOM5576-1.jpg?w=208&#038;h=311&#038;ssl=1\" srcset=\"https:\/\/i0.wp.com\/alpimages.ch\/wp-content\/uploads\/2023\/12\/TOM5576-1.jpg?w=4268&amp;ssl=1 4268w, https:\/\/i0.wp.com\/alpimages.ch\/wp-content\/uploads\/2023\/12\/TOM5576-1.jpg?resize=200%2C300&amp;ssl=1 200w, https:\/\/i0.wp.com\/alpimages.ch\/wp-content\/uploads\/2023\/12\/TOM5576-1.jpg?resize=683%2C1024&amp;ssl=1 683w, https:\/\/i0.wp.com\/alpimages.ch\/wp-content\/uploads\/2023\/12\/TOM5576-1.jpg?resize=100%2C150&amp;ssl=1 100w, https:\/\/i0.wp.com\/alpimages.ch\/wp-content\/uploads\/2023\/12\/TOM5576-1.jpg?resize=768%2C1152&amp;ssl=1 768w, https:\/\/i0.wp.com\/alpimages.ch\/wp-content\/uploads\/2023\/12\/TOM5576-1.jpg?resize=1024%2C1536&amp;ssl=1 1024w, https:\/\/i0.wp.com\/alpimages.ch\/wp-content\/uploads\/2023\/12\/TOM5576-1.jpg?resize=1365%2C2048&amp;ssl=1 1365w, https:\/\/i0.wp.com\/alpimages.ch\/wp-content\/uploads\/2023\/12\/TOM5576-1.jpg?resize=8%2C12&amp;ssl=1 8w, https:\/\/i0.wp.com\/alpimages.ch\/wp-content\/uploads\/2023\/12\/TOM5576-1.jpg?resize=317%2C476&amp;ssl=1 317w, https:\/\/i0.wp.com\/alpimages.ch\/wp-content\/uploads\/2023\/12\/TOM5576-1.jpg?w=2040&amp;ssl=1 2040w\" width=\"208\" height=\"311\" loading=\"lazy\" data-original-width=\"208\" data-original-height=\"311\" itemprop=\"http:\/\/schema.org\/image\" title=\"_TOM5576\" alt=\"_TOM5576\" style=\"width: 208px; height: 311px;\" \/> <\/a> <\/div> <\/div> <!-- close group --> <div class=\"gallery-group images-2\" style=\"width: 234px; height: 315px;\" data-original-width=\"234\" data-original-height=\"315\" > <div class=\"tiled-gallery-item tiled-gallery-item-small\" itemprop=\"associatedMedia\" itemscope itemtype=\"http:\/\/schema.org\/ImageObject\"> <a href=\"https:\/\/alpimages.ch\/en\/photographie-sport\/tom_1173\/\" border=\"0\" itemprop=\"url\"> <meta itemprop=\"width\" content=\"230\"> <meta itemprop=\"height\" content=\"154\"> <img decoding=\"async\" class=\"\" data-attachment-id=\"1041\" data-orig-file=\"https:\/\/alpimages.ch\/wp-content\/uploads\/2017\/12\/tom_1173.jpg\" data-orig-size=\"7360,4912\" data-comments-opened=\"\" data-image-meta=\"{&quot;aperture&quot;:&quot;5&quot;,&quot;credit&quot;:&quot;&quot;,&quot;camera&quot;:&quot;NIKON D800&quot;,&quot;caption&quot;:&quot;&quot;,&quot;created_timestamp&quot;:&quot;1501590385&quot;,&quot;copyright&quot;:&quot;&quot;,&quot;focal_length&quot;:&quot;86&quot;,&quot;iso&quot;:&quot;500&quot;,&quot;shutter_speed&quot;:&quot;0.002&quot;,&quot;title&quot;:&quot;&quot;,&quot;orientation&quot;:&quot;0&quot;}\" data-image-title=\"TOM_1173\" data-image-description=\"\" data-medium-file=\"https:\/\/i0.wp.com\/alpimages.ch\/wp-content\/uploads\/2017\/12\/tom_1173.jpg?fit=300%2C200&#038;ssl=1\" data-large-file=\"https:\/\/i0.wp.com\/alpimages.ch\/wp-content\/uploads\/2017\/12\/tom_1173.jpg?fit=680%2C454&#038;ssl=1\" src=\"https:\/\/i0.wp.com\/alpimages.ch\/wp-content\/uploads\/2017\/12\/tom_1173.jpg?w=230&#038;h=154&#038;ssl=1\" width=\"230\" height=\"154\" loading=\"lazy\" data-original-width=\"230\" data-original-height=\"154\" itemprop=\"http:\/\/schema.org\/image\" title=\"TOM_1173\" alt=\"TOM_1173\" style=\"width: 230px; height: 154px;\" \/> <\/a> <\/div> <div class=\"tiled-gallery-item tiled-gallery-item-small\" itemprop=\"associatedMedia\" itemscope itemtype=\"http:\/\/schema.org\/ImageObject\"> <a href=\"https:\/\/alpimages.ch\/en\/portraits\/portraits-photo\/dsc_5895-copie\/\" border=\"0\" itemprop=\"url\"> <meta itemprop=\"width\" content=\"230\"> <meta itemprop=\"height\" content=\"153\"> <img decoding=\"async\" class=\"\" data-attachment-id=\"13659\" data-orig-file=\"https:\/\/alpimages.ch\/wp-content\/uploads\/2025\/05\/DSC_5895-copie.jpg\" data-orig-size=\"3543,2362\" data-comments-opened=\"\" data-image-meta=\"{&quot;aperture&quot;:&quot;7.1&quot;,&quot;credit&quot;:&quot;&quot;,&quot;camera&quot;:&quot;NIKON Z 9&quot;,&quot;caption&quot;:&quot;&quot;,&quot;created_timestamp&quot;:&quot;1712909873&quot;,&quot;copyright&quot;:&quot;&quot;,&quot;focal_length&quot;:&quot;14&quot;,&quot;iso&quot;:&quot;64&quot;,&quot;shutter_speed&quot;:&quot;0.008&quot;,&quot;title&quot;:&quot;&quot;,&quot;orientation&quot;:&quot;0&quot;}\" data-image-title=\"DSC_5895 copie\" data-image-description=\"\" data-medium-file=\"https:\/\/i0.wp.com\/alpimages.ch\/wp-content\/uploads\/2025\/05\/DSC_5895-copie.jpg?fit=300%2C200&#038;ssl=1\" data-large-file=\"https:\/\/i0.wp.com\/alpimages.ch\/wp-content\/uploads\/2025\/05\/DSC_5895-copie.jpg?fit=680%2C454&#038;ssl=1\" src=\"https:\/\/i0.wp.com\/alpimages.ch\/wp-content\/uploads\/2025\/05\/DSC_5895-copie.jpg?w=230&#038;h=153&#038;ssl=1\" srcset=\"https:\/\/i0.wp.com\/alpimages.ch\/wp-content\/uploads\/2025\/05\/DSC_5895-copie.jpg?w=3543&amp;ssl=1 3543w, https:\/\/i0.wp.com\/alpimages.ch\/wp-content\/uploads\/2025\/05\/DSC_5895-copie.jpg?resize=300%2C200&amp;ssl=1 300w, https:\/\/i0.wp.com\/alpimages.ch\/wp-content\/uploads\/2025\/05\/DSC_5895-copie.jpg?resize=1024%2C683&amp;ssl=1 1024w, https:\/\/i0.wp.com\/alpimages.ch\/wp-content\/uploads\/2025\/05\/DSC_5895-copie.jpg?resize=150%2C100&amp;ssl=1 150w, https:\/\/i0.wp.com\/alpimages.ch\/wp-content\/uploads\/2025\/05\/DSC_5895-copie.jpg?resize=768%2C512&amp;ssl=1 768w, https:\/\/i0.wp.com\/alpimages.ch\/wp-content\/uploads\/2025\/05\/DSC_5895-copie.jpg?resize=1536%2C1024&amp;ssl=1 1536w, https:\/\/i0.wp.com\/alpimages.ch\/wp-content\/uploads\/2025\/05\/DSC_5895-copie.jpg?resize=2048%2C1365&amp;ssl=1 2048w, https:\/\/i0.wp.com\/alpimages.ch\/wp-content\/uploads\/2025\/05\/DSC_5895-copie.jpg?resize=18%2C12&amp;ssl=1 18w, https:\/\/i0.wp.com\/alpimages.ch\/wp-content\/uploads\/2025\/05\/DSC_5895-copie.jpg?resize=317%2C211&amp;ssl=1 317w, https:\/\/i0.wp.com\/alpimages.ch\/wp-content\/uploads\/2025\/05\/DSC_5895-copie.jpg?w=1360&amp;ssl=1 1360w\" width=\"230\" height=\"153\" loading=\"lazy\" data-original-width=\"230\" data-original-height=\"153\" itemprop=\"http:\/\/schema.org\/image\" title=\"DSC_5895 copie\" alt=\"DSC_5895 copie\" style=\"width: 230px; height: 153px;\" \/> <\/a> <\/div> <\/div> <!-- close group --> <\/div> <!-- close row --> <div class=\"gallery-row\" style=\"width: 680px; height: 290px;\" data-original-width=\"680\" data-original-height=\"290\" > <div class=\"gallery-group images-1\" style=\"width: 233px; height: 290px;\" data-original-width=\"233\" data-original-height=\"290\" > <div class=\"tiled-gallery-item tiled-gallery-item-small\" itemprop=\"associatedMedia\" itemscope itemtype=\"http:\/\/schema.org\/ImageObject\"> <a href=\"https:\/\/alpimages.ch\/en\/portraits\/portraits-photo\/perfectmomentverbieralpimages-307\/\" border=\"0\" itemprop=\"url\"> <meta itemprop=\"width\" content=\"229\"> <meta itemprop=\"height\" content=\"286\"> <img decoding=\"async\" class=\"\" data-attachment-id=\"14752\" data-orig-file=\"https:\/\/alpimages.ch\/wp-content\/uploads\/2026\/02\/PerfectMomentVerbier\u00a9Alpimages-307.jpg\" data-orig-size=\"3794,4743\" data-comments-opened=\"\" data-image-meta=\"{&quot;aperture&quot;:&quot;0&quot;,&quot;credit&quot;:&quot;&quot;,&quot;camera&quot;:&quot;&quot;,&quot;caption&quot;:&quot;&quot;,&quot;created_timestamp&quot;:&quot;0&quot;,&quot;copyright&quot;:&quot;&quot;,&quot;focal_length&quot;:&quot;0&quot;,&quot;iso&quot;:&quot;0&quot;,&quot;shutter_speed&quot;:&quot;0&quot;,&quot;title&quot;:&quot;&quot;,&quot;orientation&quot;:&quot;1&quot;}\" data-image-title=\"PerfectMomentVerbier\u00a9Alpimages-307\" data-image-description=\"\" data-medium-file=\"https:\/\/i0.wp.com\/alpimages.ch\/wp-content\/uploads\/2026\/02\/PerfectMomentVerbier%C2%A9Alpimages-307.jpg?fit=240%2C300&#038;ssl=1\" data-large-file=\"https:\/\/i0.wp.com\/alpimages.ch\/wp-content\/uploads\/2026\/02\/PerfectMomentVerbier%C2%A9Alpimages-307.jpg?fit=680%2C850&#038;ssl=1\" src=\"https:\/\/i0.wp.com\/alpimages.ch\/wp-content\/uploads\/2026\/02\/PerfectMomentVerbier%C2%A9Alpimages-307.jpg?w=229&#038;h=286&#038;ssl=1\" width=\"229\" height=\"286\" loading=\"lazy\" data-original-width=\"229\" data-original-height=\"286\" itemprop=\"http:\/\/schema.org\/image\" title=\"PerfectMomentVerbier\u00a9Alpimages-307\" alt=\"PerfectMomentVerbier\u00a9Alpimages-307\" style=\"width: 229px; height: 286px;\" \/> <\/a> <\/div> <\/div> <!-- close group --> <div class=\"gallery-group images-2\" style=\"width: 215px; height: 290px;\" data-original-width=\"215\" data-original-height=\"290\" > <div class=\"tiled-gallery-item tiled-gallery-item-small\" itemprop=\"associatedMedia\" itemscope itemtype=\"http:\/\/schema.org\/ImageObject\"> <a href=\"https:\/\/alpimages.ch\/en\/portraits\/portraits-photo\/dsc_4596\/\" border=\"0\" itemprop=\"url\"> <meta itemprop=\"width\" content=\"211\"> <meta itemprop=\"height\" content=\"141\"> <img decoding=\"async\" class=\"\" data-attachment-id=\"7572\" data-orig-file=\"https:\/\/alpimages.ch\/wp-content\/uploads\/2020\/04\/DSC_4596.jpg\" data-orig-size=\"3543,2365\" data-comments-opened=\"\" data-image-meta=\"{&quot;aperture&quot;:&quot;5.6&quot;,&quot;credit&quot;:&quot;&quot;,&quot;camera&quot;:&quot;NIKON D810&quot;,&quot;caption&quot;:&quot;&quot;,&quot;created_timestamp&quot;:&quot;1576672218&quot;,&quot;copyright&quot;:&quot;&quot;,&quot;focal_length&quot;:&quot;44&quot;,&quot;iso&quot;:&quot;250&quot;,&quot;shutter_speed&quot;:&quot;0.01&quot;,&quot;title&quot;:&quot;&quot;,&quot;orientation&quot;:&quot;0&quot;}\" data-image-title=\"DSC_4596\" data-image-description=\"\" data-medium-file=\"https:\/\/i0.wp.com\/alpimages.ch\/wp-content\/uploads\/2020\/04\/DSC_4596.jpg?fit=300%2C200&#038;ssl=1\" data-large-file=\"https:\/\/i0.wp.com\/alpimages.ch\/wp-content\/uploads\/2020\/04\/DSC_4596.jpg?fit=680%2C454&#038;ssl=1\" src=\"https:\/\/i0.wp.com\/alpimages.ch\/wp-content\/uploads\/2020\/04\/DSC_4596.jpg?w=211&#038;h=141&#038;ssl=1\" srcset=\"https:\/\/i0.wp.com\/alpimages.ch\/wp-content\/uploads\/2020\/04\/DSC_4596.jpg?w=3543&amp;ssl=1 3543w, https:\/\/i0.wp.com\/alpimages.ch\/wp-content\/uploads\/2020\/04\/DSC_4596.jpg?resize=300%2C200&amp;ssl=1 300w, https:\/\/i0.wp.com\/alpimages.ch\/wp-content\/uploads\/2020\/04\/DSC_4596.jpg?resize=1024%2C684&amp;ssl=1 1024w, https:\/\/i0.wp.com\/alpimages.ch\/wp-content\/uploads\/2020\/04\/DSC_4596.jpg?resize=150%2C100&amp;ssl=1 150w, https:\/\/i0.wp.com\/alpimages.ch\/wp-content\/uploads\/2020\/04\/DSC_4596.jpg?resize=768%2C513&amp;ssl=1 768w, https:\/\/i0.wp.com\/alpimages.ch\/wp-content\/uploads\/2020\/04\/DSC_4596.jpg?resize=1536%2C1025&amp;ssl=1 1536w, https:\/\/i0.wp.com\/alpimages.ch\/wp-content\/uploads\/2020\/04\/DSC_4596.jpg?resize=2048%2C1367&amp;ssl=1 2048w, https:\/\/i0.wp.com\/alpimages.ch\/wp-content\/uploads\/2020\/04\/DSC_4596.jpg?resize=317%2C212&amp;ssl=1 317w, https:\/\/i0.wp.com\/alpimages.ch\/wp-content\/uploads\/2020\/04\/DSC_4596.jpg?w=1360&amp;ssl=1 1360w\" width=\"211\" height=\"141\" loading=\"lazy\" data-original-width=\"211\" data-original-height=\"141\" itemprop=\"http:\/\/schema.org\/image\" title=\"DSC_4596\" alt=\"DSC_4596\" style=\"width: 211px; height: 141px;\" \/> <\/a> <\/div> <div class=\"tiled-gallery-item tiled-gallery-item-small\" itemprop=\"associatedMedia\" itemscope itemtype=\"http:\/\/schema.org\/ImageObject\"> <a href=\"https:\/\/alpimages.ch\/en\/portraits\/portraits-photo\/_tom8159\/\" border=\"0\" itemprop=\"url\"> <meta itemprop=\"width\" content=\"211\"> <meta itemprop=\"height\" content=\"141\"> <img decoding=\"async\" class=\"\" data-attachment-id=\"7562\" data-orig-file=\"https:\/\/alpimages.ch\/wp-content\/uploads\/2020\/04\/TOM8159.jpg\" data-orig-size=\"6000,4004\" data-comments-opened=\"\" data-image-meta=\"{&quot;aperture&quot;:&quot;0&quot;,&quot;credit&quot;:&quot;&quot;,&quot;camera&quot;:&quot;&quot;,&quot;caption&quot;:&quot;&quot;,&quot;created_timestamp&quot;:&quot;0&quot;,&quot;copyright&quot;:&quot;&quot;,&quot;focal_length&quot;:&quot;0&quot;,&quot;iso&quot;:&quot;0&quot;,&quot;shutter_speed&quot;:&quot;0&quot;,&quot;title&quot;:&quot;&quot;,&quot;orientation&quot;:&quot;0&quot;}\" data-image-title=\"_TOM8159\" data-image-description=\"\" data-medium-file=\"https:\/\/i0.wp.com\/alpimages.ch\/wp-content\/uploads\/2020\/04\/TOM8159.jpg?fit=300%2C200&#038;ssl=1\" data-large-file=\"https:\/\/i0.wp.com\/alpimages.ch\/wp-content\/uploads\/2020\/04\/TOM8159.jpg?fit=680%2C454&#038;ssl=1\" src=\"https:\/\/i0.wp.com\/alpimages.ch\/wp-content\/uploads\/2020\/04\/TOM8159.jpg?w=211&#038;h=141&#038;ssl=1\" srcset=\"https:\/\/i0.wp.com\/alpimages.ch\/wp-content\/uploads\/2020\/04\/TOM8159.jpg?w=6000&amp;ssl=1 6000w, https:\/\/i0.wp.com\/alpimages.ch\/wp-content\/uploads\/2020\/04\/TOM8159.jpg?resize=300%2C200&amp;ssl=1 300w, https:\/\/i0.wp.com\/alpimages.ch\/wp-content\/uploads\/2020\/04\/TOM8159.jpg?resize=1024%2C683&amp;ssl=1 1024w, https:\/\/i0.wp.com\/alpimages.ch\/wp-content\/uploads\/2020\/04\/TOM8159.jpg?resize=150%2C100&amp;ssl=1 150w, https:\/\/i0.wp.com\/alpimages.ch\/wp-content\/uploads\/2020\/04\/TOM8159.jpg?resize=768%2C513&amp;ssl=1 768w, https:\/\/i0.wp.com\/alpimages.ch\/wp-content\/uploads\/2020\/04\/TOM8159.jpg?resize=1536%2C1025&amp;ssl=1 1536w, https:\/\/i0.wp.com\/alpimages.ch\/wp-content\/uploads\/2020\/04\/TOM8159.jpg?resize=2048%2C1367&amp;ssl=1 2048w, https:\/\/i0.wp.com\/alpimages.ch\/wp-content\/uploads\/2020\/04\/TOM8159.jpg?resize=317%2C212&amp;ssl=1 317w, https:\/\/i0.wp.com\/alpimages.ch\/wp-content\/uploads\/2020\/04\/TOM8159.jpg?w=1360&amp;ssl=1 1360w\" width=\"211\" height=\"141\" loading=\"lazy\" data-original-width=\"211\" data-original-height=\"141\" itemprop=\"http:\/\/schema.org\/image\" title=\"_TOM8159\" alt=\"_TOM8159\" style=\"width: 211px; height: 141px;\" \/> <\/a> <\/div> <\/div> <!-- close group --> <div class=\"gallery-group images-1\" style=\"width: 232px; height: 290px;\" data-original-width=\"232\" data-original-height=\"290\" > <div class=\"tiled-gallery-item tiled-gallery-item-small\" itemprop=\"associatedMedia\" itemscope itemtype=\"http:\/\/schema.org\/ImageObject\"> <a href=\"https:\/\/alpimages.ch\/en\/portraits\/portraits-photo\/perfectmomentverbieralpimages-155\/\" border=\"0\" itemprop=\"url\"> <meta itemprop=\"width\" content=\"228\"> <meta itemprop=\"height\" content=\"286\"> <img decoding=\"async\" class=\"\" data-attachment-id=\"14758\" data-orig-file=\"https:\/\/alpimages.ch\/wp-content\/uploads\/2026\/02\/PerfectMomentVerbier\u00a9Alpimages-155.jpg\" data-orig-size=\"3794,4743\" data-comments-opened=\"\" data-image-meta=\"{&quot;aperture&quot;:&quot;0&quot;,&quot;credit&quot;:&quot;&quot;,&quot;camera&quot;:&quot;&quot;,&quot;caption&quot;:&quot;&quot;,&quot;created_timestamp&quot;:&quot;0&quot;,&quot;copyright&quot;:&quot;&quot;,&quot;focal_length&quot;:&quot;0&quot;,&quot;iso&quot;:&quot;0&quot;,&quot;shutter_speed&quot;:&quot;0&quot;,&quot;title&quot;:&quot;&quot;,&quot;orientation&quot;:&quot;1&quot;}\" data-image-title=\"PerfectMomentVerbier\u00a9Alpimages-155\" data-image-description=\"\" data-medium-file=\"https:\/\/i0.wp.com\/alpimages.ch\/wp-content\/uploads\/2026\/02\/PerfectMomentVerbier%C2%A9Alpimages-155.jpg?fit=240%2C300&#038;ssl=1\" data-large-file=\"https:\/\/i0.wp.com\/alpimages.ch\/wp-content\/uploads\/2026\/02\/PerfectMomentVerbier%C2%A9Alpimages-155.jpg?fit=680%2C850&#038;ssl=1\" src=\"https:\/\/i0.wp.com\/alpimages.ch\/wp-content\/uploads\/2026\/02\/PerfectMomentVerbier%C2%A9Alpimages-155.jpg?w=228&#038;h=286&#038;ssl=1\" width=\"228\" height=\"286\" loading=\"lazy\" data-original-width=\"228\" data-original-height=\"286\" itemprop=\"http:\/\/schema.org\/image\" title=\"PerfectMomentVerbier\u00a9Alpimages-155\" alt=\"PerfectMomentVerbier\u00a9Alpimages-155\" style=\"width: 228px; height: 286px;\" \/> <\/a> <\/div> <\/div> <!-- close group --> <\/div> <!-- close row --> <div class=\"gallery-row\" style=\"width: 680px; height: 481px;\" data-original-width=\"680\" data-original-height=\"481\" > <div class=\"gallery-group images-2\" style=\"width: 358px; height: 481px;\" data-original-width=\"358\" data-original-height=\"481\" > <div class=\"tiled-gallery-item tiled-gallery-item-large\" itemprop=\"associatedMedia\" itemscope itemtype=\"http:\/\/schema.org\/ImageObject\"> <a href=\"https:\/\/alpimages.ch\/en\/portraits\/portraits-photo\/tom_8563\/\" border=\"0\" itemprop=\"url\"> <meta itemprop=\"width\" content=\"354\"> <meta itemprop=\"height\" content=\"236\"> <img decoding=\"async\" class=\"\" data-attachment-id=\"7446\" data-orig-file=\"https:\/\/alpimages.ch\/wp-content\/uploads\/2020\/04\/TOM_8563.jpg\" data-orig-size=\"9000,6007\" data-comments-opened=\"\" data-image-meta=\"{&quot;aperture&quot;:&quot;5.6&quot;,&quot;credit&quot;:&quot;&quot;,&quot;camera&quot;:&quot;NIKON D810&quot;,&quot;caption&quot;:&quot;&quot;,&quot;created_timestamp&quot;:&quot;1552412074&quot;,&quot;copyright&quot;:&quot;&quot;,&quot;focal_length&quot;:&quot;70&quot;,&quot;iso&quot;:&quot;125&quot;,&quot;shutter_speed&quot;:&quot;0.01&quot;,&quot;title&quot;:&quot;&quot;,&quot;orientation&quot;:&quot;0&quot;}\" data-image-title=\"TOM_8563\" data-image-description=\"\" data-medium-file=\"https:\/\/i0.wp.com\/alpimages.ch\/wp-content\/uploads\/2020\/04\/TOM_8563.jpg?fit=300%2C200&#038;ssl=1\" data-large-file=\"https:\/\/i0.wp.com\/alpimages.ch\/wp-content\/uploads\/2020\/04\/TOM_8563.jpg?fit=680%2C454&#038;ssl=1\" src=\"https:\/\/i0.wp.com\/alpimages.ch\/wp-content\/uploads\/2020\/04\/TOM_8563.jpg?w=354&#038;h=236&#038;ssl=1\" srcset=\"https:\/\/i0.wp.com\/alpimages.ch\/wp-content\/uploads\/2020\/04\/TOM_8563.jpg?w=9000&amp;ssl=1 9000w, https:\/\/i0.wp.com\/alpimages.ch\/wp-content\/uploads\/2020\/04\/TOM_8563.jpg?resize=300%2C200&amp;ssl=1 300w, https:\/\/i0.wp.com\/alpimages.ch\/wp-content\/uploads\/2020\/04\/TOM_8563.jpg?resize=1024%2C683&amp;ssl=1 1024w, https:\/\/i0.wp.com\/alpimages.ch\/wp-content\/uploads\/2020\/04\/TOM_8563.jpg?resize=150%2C100&amp;ssl=1 150w, https:\/\/i0.wp.com\/alpimages.ch\/wp-content\/uploads\/2020\/04\/TOM_8563.jpg?resize=768%2C513&amp;ssl=1 768w, https:\/\/i0.wp.com\/alpimages.ch\/wp-content\/uploads\/2020\/04\/TOM_8563.jpg?resize=1536%2C1025&amp;ssl=1 1536w, https:\/\/i0.wp.com\/alpimages.ch\/wp-content\/uploads\/2020\/04\/TOM_8563.jpg?resize=2048%2C1367&amp;ssl=1 2048w, https:\/\/i0.wp.com\/alpimages.ch\/wp-content\/uploads\/2020\/04\/TOM_8563.jpg?resize=317%2C212&amp;ssl=1 317w, https:\/\/i0.wp.com\/alpimages.ch\/wp-content\/uploads\/2020\/04\/TOM_8563.jpg?w=1360&amp;ssl=1 1360w\" width=\"354\" height=\"236\" loading=\"lazy\" data-original-width=\"354\" data-original-height=\"236\" itemprop=\"http:\/\/schema.org\/image\" title=\"TOM_8563\" alt=\"TOM_8563\" style=\"width: 354px; height: 236px;\" \/> <\/a> <\/div> <div class=\"tiled-gallery-item tiled-gallery-item-large\" itemprop=\"associatedMedia\" itemscope itemtype=\"http:\/\/schema.org\/ImageObject\"> <a href=\"https:\/\/alpimages.ch\/en\/photographie-sport\/tom_6757-copy\/\" border=\"0\" itemprop=\"url\"> <meta itemprop=\"width\" content=\"354\"> <meta itemprop=\"height\" content=\"237\"> <img decoding=\"async\" class=\"\" data-attachment-id=\"1050\" data-orig-file=\"https:\/\/alpimages.ch\/wp-content\/uploads\/2017\/12\/tom_6757-copy.jpg\" data-orig-size=\"2953,1971\" data-comments-opened=\"\" data-image-meta=\"{&quot;aperture&quot;:&quot;4&quot;,&quot;credit&quot;:&quot;&quot;,&quot;camera&quot;:&quot;NIKON D800&quot;,&quot;caption&quot;:&quot;&quot;,&quot;created_timestamp&quot;:&quot;1469362954&quot;,&quot;copyright&quot;:&quot;&quot;,&quot;focal_length&quot;:&quot;120&quot;,&quot;iso&quot;:&quot;400&quot;,&quot;shutter_speed&quot;:&quot;0.0015625&quot;,&quot;title&quot;:&quot;&quot;,&quot;orientation&quot;:&quot;1&quot;}\" data-image-title=\"TOM_6757 copy\" data-image-description=\"\" data-medium-file=\"https:\/\/i0.wp.com\/alpimages.ch\/wp-content\/uploads\/2017\/12\/tom_6757-copy.jpg?fit=300%2C200&#038;ssl=1\" data-large-file=\"https:\/\/i0.wp.com\/alpimages.ch\/wp-content\/uploads\/2017\/12\/tom_6757-copy.jpg?fit=680%2C454&#038;ssl=1\" src=\"https:\/\/i0.wp.com\/alpimages.ch\/wp-content\/uploads\/2017\/12\/tom_6757-copy.jpg?w=354&#038;h=237&#038;ssl=1\" width=\"354\" height=\"237\" loading=\"lazy\" data-original-width=\"354\" data-original-height=\"237\" itemprop=\"http:\/\/schema.org\/image\" title=\"TOM_6757 copy\" alt=\"TOM_6757 copy\" style=\"width: 354px; height: 237px;\" \/> <\/a> <\/div> <\/div> <!-- close group --> <div class=\"gallery-group images-1\" style=\"width: 322px; height: 481px;\" data-original-width=\"322\" data-original-height=\"481\" > <div class=\"tiled-gallery-item tiled-gallery-item-large\" itemprop=\"associatedMedia\" itemscope itemtype=\"http:\/\/schema.org\/ImageObject\"> <a href=\"https:\/\/alpimages.ch\/en\/portraits\/portraits-photo\/ced_3320\/\" border=\"0\" itemprop=\"url\"> <meta itemprop=\"width\" content=\"318\"> <meta itemprop=\"height\" content=\"477\"> <img decoding=\"async\" class=\"\" data-attachment-id=\"7569\" data-orig-file=\"https:\/\/alpimages.ch\/wp-content\/uploads\/2020\/04\/CED_3320.jpg\" data-orig-size=\"2362,3543\" data-comments-opened=\"\" data-image-meta=\"{&quot;aperture&quot;:&quot;7.1&quot;,&quot;credit&quot;:&quot;CEDRIC DEBRAIS CD PHT}&quot;,&quot;camera&quot;:&quot;NIKON D750&quot;,&quot;caption&quot;:&quot;&quot;,&quot;created_timestamp&quot;:&quot;1578239949&quot;,&quot;copyright&quot;:&quot;C.D PHTO _ _99&quot;,&quot;focal_length&quot;:&quot;105&quot;,&quot;iso&quot;:&quot;400&quot;,&quot;shutter_speed&quot;:&quot;0.00125&quot;,&quot;title&quot;:&quot;&quot;,&quot;orientation&quot;:&quot;1&quot;}\" data-image-title=\"CED_3320\" data-image-description=\"\" data-medium-file=\"https:\/\/i0.wp.com\/alpimages.ch\/wp-content\/uploads\/2020\/04\/CED_3320.jpg?fit=200%2C300&#038;ssl=1\" data-large-file=\"https:\/\/i0.wp.com\/alpimages.ch\/wp-content\/uploads\/2020\/04\/CED_3320.jpg?fit=680%2C1020&#038;ssl=1\" src=\"https:\/\/i0.wp.com\/alpimages.ch\/wp-content\/uploads\/2020\/04\/CED_3320.jpg?w=318&#038;h=477&#038;ssl=1\" srcset=\"https:\/\/i0.wp.com\/alpimages.ch\/wp-content\/uploads\/2020\/04\/CED_3320.jpg?w=2362&amp;ssl=1 2362w, https:\/\/i0.wp.com\/alpimages.ch\/wp-content\/uploads\/2020\/04\/CED_3320.jpg?resize=200%2C300&amp;ssl=1 200w, https:\/\/i0.wp.com\/alpimages.ch\/wp-content\/uploads\/2020\/04\/CED_3320.jpg?resize=683%2C1024&amp;ssl=1 683w, https:\/\/i0.wp.com\/alpimages.ch\/wp-content\/uploads\/2020\/04\/CED_3320.jpg?resize=100%2C150&amp;ssl=1 100w, https:\/\/i0.wp.com\/alpimages.ch\/wp-content\/uploads\/2020\/04\/CED_3320.jpg?resize=768%2C1152&amp;ssl=1 768w, https:\/\/i0.wp.com\/alpimages.ch\/wp-content\/uploads\/2020\/04\/CED_3320.jpg?resize=1024%2C1536&amp;ssl=1 1024w, https:\/\/i0.wp.com\/alpimages.ch\/wp-content\/uploads\/2020\/04\/CED_3320.jpg?resize=1365%2C2048&amp;ssl=1 1365w, https:\/\/i0.wp.com\/alpimages.ch\/wp-content\/uploads\/2020\/04\/CED_3320.jpg?resize=317%2C476&amp;ssl=1 317w, https:\/\/i0.wp.com\/alpimages.ch\/wp-content\/uploads\/2020\/04\/CED_3320.jpg?w=2040&amp;ssl=1 2040w\" width=\"318\" height=\"477\" loading=\"lazy\" data-original-width=\"318\" data-original-height=\"477\" itemprop=\"http:\/\/schema.org\/image\" title=\"CED_3320\" alt=\"CED_3320\" style=\"width: 318px; height: 477px;\" \/> <\/a> <\/div> <\/div> <!-- close group --> <\/div> <!-- close row --> <div class=\"gallery-row\" style=\"width: 680px; height: 304px;\" data-original-width=\"680\" data-original-height=\"304\" > <div class=\"gallery-group images-1\" style=\"width: 454px; height: 304px;\" data-original-width=\"454\" data-original-height=\"304\" > <div class=\"tiled-gallery-item tiled-gallery-item-large\" itemprop=\"associatedMedia\" itemscope itemtype=\"http:\/\/schema.org\/ImageObject\"> <a href=\"https:\/\/alpimages.ch\/en\/photographie-sport\/alpimages-thomas-roulin-6526\/\" border=\"0\" itemprop=\"url\"> <meta itemprop=\"width\" content=\"450\"> <meta itemprop=\"height\" content=\"300\"> <img decoding=\"async\" class=\"\" data-attachment-id=\"1020\" data-orig-file=\"https:\/\/alpimages.ch\/wp-content\/uploads\/2017\/12\/alpimages-thomas-roulin-6526.jpg\" data-orig-size=\"6889,4598\" data-comments-opened=\"\" data-image-meta=\"{&quot;aperture&quot;:&quot;4&quot;,&quot;credit&quot;:&quot;&quot;,&quot;camera&quot;:&quot;NIKON D810&quot;,&quot;caption&quot;:&quot;&quot;,&quot;created_timestamp&quot;:&quot;1491321277&quot;,&quot;copyright&quot;:&quot;&quot;,&quot;focal_length&quot;:&quot;50&quot;,&quot;iso&quot;:&quot;640&quot;,&quot;shutter_speed&quot;:&quot;0.003125&quot;,&quot;title&quot;:&quot;&quot;,&quot;orientation&quot;:&quot;0&quot;}\" data-image-title=\"Alpimages-Thomas Roulin-6526\" data-image-description=\"\" data-medium-file=\"https:\/\/i0.wp.com\/alpimages.ch\/wp-content\/uploads\/2017\/12\/alpimages-thomas-roulin-6526.jpg?fit=300%2C200&#038;ssl=1\" data-large-file=\"https:\/\/i0.wp.com\/alpimages.ch\/wp-content\/uploads\/2017\/12\/alpimages-thomas-roulin-6526.jpg?fit=680%2C454&#038;ssl=1\" src=\"https:\/\/i0.wp.com\/alpimages.ch\/wp-content\/uploads\/2017\/12\/alpimages-thomas-roulin-6526.jpg?w=450&#038;h=300&#038;ssl=1\" width=\"450\" height=\"300\" loading=\"lazy\" data-original-width=\"450\" data-original-height=\"300\" itemprop=\"http:\/\/schema.org\/image\" title=\"Alpimages-Thomas Roulin-6526\" alt=\"Alpimages-Thomas Roulin-6526\" style=\"width: 450px; height: 300px;\" \/> <\/a> <\/div> <\/div> <!-- close group --> <div class=\"gallery-group images-2\" style=\"width: 226px; height: 304px;\" data-original-width=\"226\" data-original-height=\"304\" > <div class=\"tiled-gallery-item tiled-gallery-item-small\" itemprop=\"associatedMedia\" itemscope itemtype=\"http:\/\/schema.org\/ImageObject\"> <a href=\"https:\/\/alpimages.ch\/en\/photographie-sport\/tom_4853-copy\/\" border=\"0\" itemprop=\"url\"> <meta itemprop=\"width\" content=\"222\"> <meta itemprop=\"height\" content=\"148\"> <img decoding=\"async\" class=\"\" data-attachment-id=\"1048\" data-orig-file=\"https:\/\/alpimages.ch\/wp-content\/uploads\/2017\/12\/tom_4853-copy.jpg\" data-orig-size=\"3543,2365\" data-comments-opened=\"\" data-image-meta=\"{&quot;aperture&quot;:&quot;8&quot;,&quot;credit&quot;:&quot;&quot;,&quot;camera&quot;:&quot;NIKON D800&quot;,&quot;caption&quot;:&quot;&quot;,&quot;created_timestamp&quot;:&quot;1471280264&quot;,&quot;copyright&quot;:&quot;&quot;,&quot;focal_length&quot;:&quot;70&quot;,&quot;iso&quot;:&quot;125&quot;,&quot;shutter_speed&quot;:&quot;0.005&quot;,&quot;title&quot;:&quot;&quot;,&quot;orientation&quot;:&quot;1&quot;}\" data-image-title=\"TOM_4853 copy\" data-image-description=\"\" data-medium-file=\"https:\/\/i0.wp.com\/alpimages.ch\/wp-content\/uploads\/2017\/12\/tom_4853-copy.jpg?fit=300%2C200&#038;ssl=1\" data-large-file=\"https:\/\/i0.wp.com\/alpimages.ch\/wp-content\/uploads\/2017\/12\/tom_4853-copy.jpg?fit=680%2C454&#038;ssl=1\" src=\"https:\/\/i0.wp.com\/alpimages.ch\/wp-content\/uploads\/2017\/12\/tom_4853-copy.jpg?w=222&#038;h=148&#038;ssl=1\" width=\"222\" height=\"148\" loading=\"lazy\" data-original-width=\"222\" data-original-height=\"148\" itemprop=\"http:\/\/schema.org\/image\" title=\"TOM_4853 copy\" alt=\"TOM_4853 copy\" style=\"width: 222px; height: 148px;\" \/> <\/a> <\/div> <div class=\"tiled-gallery-item tiled-gallery-item-small\" itemprop=\"associatedMedia\" itemscope itemtype=\"http:\/\/schema.org\/ImageObject\"> <a href=\"https:\/\/alpimages.ch\/en\/photographie-sport\/tom_6826\/\" border=\"0\" itemprop=\"url\"> <meta itemprop=\"width\" content=\"222\"> <meta itemprop=\"height\" content=\"148\"> <img decoding=\"async\" class=\"\" data-attachment-id=\"1052\" data-orig-file=\"https:\/\/alpimages.ch\/wp-content\/uploads\/2017\/12\/tom_6826.jpg\" data-orig-size=\"9000,6007\" data-comments-opened=\"\" data-image-meta=\"{&quot;aperture&quot;:&quot;4&quot;,&quot;credit&quot;:&quot;&quot;,&quot;camera&quot;:&quot;NIKON D800&quot;,&quot;caption&quot;:&quot;&quot;,&quot;created_timestamp&quot;:&quot;1503238326&quot;,&quot;copyright&quot;:&quot;&quot;,&quot;focal_length&quot;:&quot;120&quot;,&quot;iso&quot;:&quot;500&quot;,&quot;shutter_speed&quot;:&quot;0.003125&quot;,&quot;title&quot;:&quot;&quot;,&quot;orientation&quot;:&quot;0&quot;}\" data-image-title=\"TOM_6826\" data-image-description=\"\" data-medium-file=\"https:\/\/i0.wp.com\/alpimages.ch\/wp-content\/uploads\/2017\/12\/tom_6826.jpg?fit=300%2C200&#038;ssl=1\" data-large-file=\"https:\/\/i0.wp.com\/alpimages.ch\/wp-content\/uploads\/2017\/12\/tom_6826.jpg?fit=680%2C454&#038;ssl=1\" src=\"https:\/\/i0.wp.com\/alpimages.ch\/wp-content\/uploads\/2017\/12\/tom_6826.jpg?w=222&#038;h=148&#038;ssl=1\" width=\"222\" height=\"148\" loading=\"lazy\" data-original-width=\"222\" data-original-height=\"148\" itemprop=\"http:\/\/schema.org\/image\" title=\"TOM_6826\" alt=\"TOM_6826\" style=\"width: 222px; height: 148px;\" \/> <\/a> <\/div> <\/div> <!-- close group --> <\/div> <!-- close row --> <div class=\"gallery-row\" style=\"width: 680px; height: 242px;\" data-original-width=\"680\" data-original-height=\"242\" > <div class=\"gallery-group images-1\" style=\"width: 361px; height: 242px;\" data-original-width=\"361\" data-original-height=\"242\" > <div class=\"tiled-gallery-item tiled-gallery-item-large\" itemprop=\"associatedMedia\" itemscope itemtype=\"http:\/\/schema.org\/ImageObject\"> <a href=\"https:\/\/alpimages.ch\/en\/tom_9484\/\" border=\"0\" itemprop=\"url\"> <meta itemprop=\"width\" content=\"357\"> <meta itemprop=\"height\" content=\"238\"> <img decoding=\"async\" class=\"\" data-attachment-id=\"239\" data-orig-file=\"https:\/\/alpimages.ch\/wp-content\/uploads\/2015\/10\/tom_9484.jpg\" data-orig-size=\"5520,3680\" data-comments-opened=\"\" data-image-meta=\"{&quot;aperture&quot;:&quot;8&quot;,&quot;credit&quot;:&quot;&quot;,&quot;camera&quot;:&quot;NIKON D800&quot;,&quot;caption&quot;:&quot;&quot;,&quot;created_timestamp&quot;:&quot;1428848580&quot;,&quot;copyright&quot;:&quot;&quot;,&quot;focal_length&quot;:&quot;98&quot;,&quot;iso&quot;:&quot;400&quot;,&quot;shutter_speed&quot;:&quot;0.00125&quot;,&quot;title&quot;:&quot;&quot;,&quot;orientation&quot;:&quot;1&quot;}\" data-image-title=\"\" data-image-description=\"\" data-medium-file=\"https:\/\/i0.wp.com\/alpimages.ch\/wp-content\/uploads\/2015\/10\/tom_9484.jpg?fit=300%2C200&#038;ssl=1\" data-large-file=\"https:\/\/i0.wp.com\/alpimages.ch\/wp-content\/uploads\/2015\/10\/tom_9484.jpg?fit=680%2C453&#038;ssl=1\" src=\"https:\/\/i0.wp.com\/alpimages.ch\/wp-content\/uploads\/2015\/10\/tom_9484.jpg?w=357&#038;h=238&#038;ssl=1\" width=\"357\" height=\"238\" loading=\"lazy\" data-original-width=\"357\" data-original-height=\"238\" itemprop=\"http:\/\/schema.org\/image\" title=\"\" alt=\"\" style=\"width: 357px; height: 238px;\" \/> <\/a> <\/div> <\/div> <!-- close group --> <div class=\"gallery-group images-1\" style=\"width: 319px; height: 242px;\" data-original-width=\"319\" data-original-height=\"242\" > <div class=\"tiled-gallery-item tiled-gallery-item-large\" itemprop=\"associatedMedia\" itemscope itemtype=\"http:\/\/schema.org\/ImageObject\"> <a href=\"https:\/\/alpimages.ch\/en\/portraits\/portraits-photo\/alpimagesthomas-roulin-0692\/\" border=\"0\" itemprop=\"url\"> <meta itemprop=\"width\" content=\"315\"> <meta itemprop=\"height\" content=\"238\"> <img decoding=\"async\" class=\"\" data-attachment-id=\"827\" data-orig-file=\"https:\/\/alpimages.ch\/wp-content\/uploads\/2015\/03\/alpimagesc2a9thomas-roulin-0692.jpg\" data-orig-size=\"5092,3852\" data-comments-opened=\"\" data-image-meta=\"{&quot;aperture&quot;:&quot;5&quot;,&quot;credit&quot;:&quot;&quot;,&quot;camera&quot;:&quot;NIKON D800&quot;,&quot;caption&quot;:&quot;&quot;,&quot;created_timestamp&quot;:&quot;1456506850&quot;,&quot;copyright&quot;:&quot;&quot;,&quot;focal_length&quot;:&quot;36&quot;,&quot;iso&quot;:&quot;640&quot;,&quot;shutter_speed&quot;:&quot;0.00625&quot;,&quot;title&quot;:&quot;&quot;,&quot;orientation&quot;:&quot;0&quot;}\" data-image-title=\"Alpimages\u00a9Thomas Roulin-0692\" data-image-description=\"\" data-medium-file=\"https:\/\/i0.wp.com\/alpimages.ch\/wp-content\/uploads\/2015\/03\/alpimagesc2a9thomas-roulin-0692.jpg?fit=300%2C227&#038;ssl=1\" data-large-file=\"https:\/\/i0.wp.com\/alpimages.ch\/wp-content\/uploads\/2015\/03\/alpimagesc2a9thomas-roulin-0692.jpg?fit=680%2C514&#038;ssl=1\" src=\"https:\/\/i0.wp.com\/alpimages.ch\/wp-content\/uploads\/2015\/03\/alpimagesc2a9thomas-roulin-0692.jpg?w=315&#038;h=238&#038;ssl=1\" width=\"315\" height=\"238\" loading=\"lazy\" data-original-width=\"315\" data-original-height=\"238\" itemprop=\"http:\/\/schema.org\/image\" title=\"Alpimages\u00a9Thomas Roulin-0692\" alt=\"Alpimages\u00a9Thomas Roulin-0692\" style=\"width: 315px; height: 238px;\" \/> <\/a> <\/div> <\/div> <!-- close group --> <\/div> <!-- close row --> <div class=\"gallery-row\" style=\"width: 680px; height: 583px;\" data-original-width=\"680\" data-original-height=\"583\" > <div class=\"gallery-group images-1\" style=\"width: 391px; height: 583px;\" data-original-width=\"391\" data-original-height=\"583\" > <div class=\"tiled-gallery-item tiled-gallery-item-large\" itemprop=\"associatedMedia\" itemscope itemtype=\"http:\/\/schema.org\/ImageObject\"> <a href=\"https:\/\/alpimages.ch\/en\/photographie-sport\/alpimagesthomasroulin-24\/\" border=\"0\" itemprop=\"url\"> <meta itemprop=\"width\" content=\"387\"> <meta itemprop=\"height\" content=\"579\"> <img decoding=\"async\" class=\"\" data-attachment-id=\"1029\" data-orig-file=\"https:\/\/alpimages.ch\/wp-content\/uploads\/2017\/12\/alpimagesc2a9thomasroulin-24.jpg\" data-orig-size=\"6007,9000\" data-comments-opened=\"\" data-image-meta=\"{&quot;aperture&quot;:&quot;4&quot;,&quot;credit&quot;:&quot;&quot;,&quot;camera&quot;:&quot;NIKON D810&quot;,&quot;caption&quot;:&quot;&quot;,&quot;created_timestamp&quot;:&quot;1470324910&quot;,&quot;copyright&quot;:&quot;&quot;,&quot;focal_length&quot;:&quot;50&quot;,&quot;iso&quot;:&quot;200&quot;,&quot;shutter_speed&quot;:&quot;0.016666666666667&quot;,&quot;title&quot;:&quot;&quot;,&quot;orientation&quot;:&quot;0&quot;}\" data-image-title=\"Alpimages\u00a9ThomasRoulin-24\" data-image-description=\"\" data-medium-file=\"https:\/\/i0.wp.com\/alpimages.ch\/wp-content\/uploads\/2017\/12\/alpimagesc2a9thomasroulin-24.jpg?fit=200%2C300&#038;ssl=1\" data-large-file=\"https:\/\/i0.wp.com\/alpimages.ch\/wp-content\/uploads\/2017\/12\/alpimagesc2a9thomasroulin-24.jpg?fit=680%2C1019&#038;ssl=1\" src=\"https:\/\/i0.wp.com\/alpimages.ch\/wp-content\/uploads\/2017\/12\/alpimagesc2a9thomasroulin-24.jpg?w=387&#038;h=579&#038;ssl=1\" width=\"387\" height=\"579\" loading=\"lazy\" data-original-width=\"387\" data-original-height=\"579\" itemprop=\"http:\/\/schema.org\/image\" title=\"Alpimages\u00a9ThomasRoulin-24\" alt=\"Alpimages\u00a9ThomasRoulin-24\" style=\"width: 387px; height: 579px;\" \/> <\/a> <\/div> <\/div> <!-- close group --> <div class=\"gallery-group images-3\" style=\"width: 289px; height: 583px;\" data-original-width=\"289\" data-original-height=\"583\" > <div class=\"tiled-gallery-item tiled-gallery-item-large\" itemprop=\"associatedMedia\" itemscope itemtype=\"http:\/\/schema.org\/ImageObject\"> <a href=\"https:\/\/alpimages.ch\/en\/portraits\/portraits-photo\/michaud-alpimagesthomas-roulin-8255\/\" border=\"0\" itemprop=\"url\"> <meta itemprop=\"width\" content=\"285\"> <meta itemprop=\"height\" content=\"190\"> <img decoding=\"async\" class=\"\" data-attachment-id=\"829\" data-orig-file=\"https:\/\/alpimages.ch\/wp-content\/uploads\/2015\/03\/michaud-alpimagesc2a9thomas-roulin-8255.jpg\" data-orig-size=\"9000,6007\" data-comments-opened=\"\" data-image-meta=\"{&quot;aperture&quot;:&quot;8&quot;,&quot;credit&quot;:&quot;&quot;,&quot;camera&quot;:&quot;NIKON D800&quot;,&quot;caption&quot;:&quot;&quot;,&quot;created_timestamp&quot;:&quot;1460292879&quot;,&quot;copyright&quot;:&quot;&quot;,&quot;focal_length&quot;:&quot;29&quot;,&quot;iso&quot;:&quot;100&quot;,&quot;shutter_speed&quot;:&quot;0.00625&quot;,&quot;title&quot;:&quot;&quot;,&quot;orientation&quot;:&quot;0&quot;}\" data-image-title=\"Michaud-Alpimages\u00a9Thomas Roulin-8255\" data-image-description=\"\" data-medium-file=\"https:\/\/i0.wp.com\/alpimages.ch\/wp-content\/uploads\/2015\/03\/michaud-alpimagesc2a9thomas-roulin-8255.jpg?fit=300%2C200&#038;ssl=1\" data-large-file=\"https:\/\/i0.wp.com\/alpimages.ch\/wp-content\/uploads\/2015\/03\/michaud-alpimagesc2a9thomas-roulin-8255.jpg?fit=680%2C454&#038;ssl=1\" src=\"https:\/\/i0.wp.com\/alpimages.ch\/wp-content\/uploads\/2015\/03\/michaud-alpimagesc2a9thomas-roulin-8255.jpg?w=285&#038;h=190&#038;ssl=1\" width=\"285\" height=\"190\" loading=\"lazy\" data-original-width=\"285\" data-original-height=\"190\" itemprop=\"http:\/\/schema.org\/image\" title=\"Michaud-Alpimages\u00a9Thomas Roulin-8255\" alt=\"Michaud-Alpimages\u00a9Thomas Roulin-8255\" style=\"width: 285px; height: 190px;\" \/> <\/a> <\/div> <div class=\"tiled-gallery-item tiled-gallery-item-large\" itemprop=\"associatedMedia\" itemscope itemtype=\"http:\/\/schema.org\/ImageObject\"> <a href=\"https:\/\/alpimages.ch\/en\/portraits\/portraits-photo\/_tom8261-2\/\" border=\"0\" itemprop=\"url\"> <meta itemprop=\"width\" content=\"285\"> <meta itemprop=\"height\" content=\"190\"> <img decoding=\"async\" class=\"\" data-attachment-id=\"11496\" data-orig-file=\"https:\/\/alpimages.ch\/wp-content\/uploads\/2023\/12\/TOM8261-1.jpg\" data-orig-size=\"9000,6000\" data-comments-opened=\"\" data-image-meta=\"{&quot;aperture&quot;:&quot;2.2&quot;,&quot;credit&quot;:&quot;&quot;,&quot;camera&quot;:&quot;NIKON D850&quot;,&quot;caption&quot;:&quot;&quot;,&quot;created_timestamp&quot;:&quot;1657785850&quot;,&quot;copyright&quot;:&quot;&quot;,&quot;focal_length&quot;:&quot;50&quot;,&quot;iso&quot;:&quot;500&quot;,&quot;shutter_speed&quot;:&quot;0.004&quot;,&quot;title&quot;:&quot;&quot;,&quot;orientation&quot;:&quot;0&quot;}\" data-image-title=\"_TOM8261\" data-image-description=\"\" data-medium-file=\"https:\/\/i0.wp.com\/alpimages.ch\/wp-content\/uploads\/2023\/12\/TOM8261-1.jpg?fit=300%2C200&#038;ssl=1\" data-large-file=\"https:\/\/i0.wp.com\/alpimages.ch\/wp-content\/uploads\/2023\/12\/TOM8261-1.jpg?fit=680%2C454&#038;ssl=1\" src=\"https:\/\/i0.wp.com\/alpimages.ch\/wp-content\/uploads\/2023\/12\/TOM8261-1.jpg?w=285&#038;h=190&#038;ssl=1\" srcset=\"https:\/\/i0.wp.com\/alpimages.ch\/wp-content\/uploads\/2023\/12\/TOM8261-1.jpg?w=9000&amp;ssl=1 9000w, https:\/\/i0.wp.com\/alpimages.ch\/wp-content\/uploads\/2023\/12\/TOM8261-1.jpg?resize=300%2C200&amp;ssl=1 300w, https:\/\/i0.wp.com\/alpimages.ch\/wp-content\/uploads\/2023\/12\/TOM8261-1.jpg?resize=1024%2C683&amp;ssl=1 1024w, https:\/\/i0.wp.com\/alpimages.ch\/wp-content\/uploads\/2023\/12\/TOM8261-1.jpg?resize=150%2C100&amp;ssl=1 150w, https:\/\/i0.wp.com\/alpimages.ch\/wp-content\/uploads\/2023\/12\/TOM8261-1.jpg?resize=768%2C512&amp;ssl=1 768w, https:\/\/i0.wp.com\/alpimages.ch\/wp-content\/uploads\/2023\/12\/TOM8261-1.jpg?resize=1536%2C1024&amp;ssl=1 1536w, https:\/\/i0.wp.com\/alpimages.ch\/wp-content\/uploads\/2023\/12\/TOM8261-1.jpg?resize=2048%2C1365&amp;ssl=1 2048w, https:\/\/i0.wp.com\/alpimages.ch\/wp-content\/uploads\/2023\/12\/TOM8261-1.jpg?resize=18%2C12&amp;ssl=1 18w, https:\/\/i0.wp.com\/alpimages.ch\/wp-content\/uploads\/2023\/12\/TOM8261-1.jpg?resize=317%2C211&amp;ssl=1 317w, https:\/\/i0.wp.com\/alpimages.ch\/wp-content\/uploads\/2023\/12\/TOM8261-1.jpg?w=1360&amp;ssl=1 1360w\" width=\"285\" height=\"190\" loading=\"lazy\" data-original-width=\"285\" data-original-height=\"190\" itemprop=\"http:\/\/schema.org\/image\" title=\"_TOM8261\" alt=\"_TOM8261\" style=\"width: 285px; height: 190px;\" \/> <\/a> <\/div> <div class=\"tiled-gallery-item tiled-gallery-item-large\" itemprop=\"associatedMedia\" itemscope itemtype=\"http:\/\/schema.org\/ImageObject\"> <a href=\"https:\/\/alpimages.ch\/en\/portraits\/portraits-photo\/alpimagesverbier-ch-7199-copie-3\/\" border=\"0\" itemprop=\"url\"> <meta itemprop=\"width\" content=\"285\"> <meta itemprop=\"height\" content=\"191\"> <img decoding=\"async\" class=\"\" data-attachment-id=\"7563\" data-orig-file=\"https:\/\/alpimages.ch\/wp-content\/uploads\/2020\/04\/alpimages@verbier.ch-7199-copie.jpg\" data-orig-size=\"6000,4005\" data-comments-opened=\"\" data-image-meta=\"{&quot;aperture&quot;:&quot;5.6&quot;,&quot;credit&quot;:&quot;CEDRIC DEBRAIS CD PHT}&quot;,&quot;camera&quot;:&quot;NIKON D750&quot;,&quot;caption&quot;:&quot;&quot;,&quot;created_timestamp&quot;:&quot;1546172266&quot;,&quot;copyright&quot;:&quot;C.D PHTO _ _99&quot;,&quot;focal_length&quot;:&quot;85&quot;,&quot;iso&quot;:&quot;200&quot;,&quot;shutter_speed&quot;:&quot;0.0005&quot;,&quot;title&quot;:&quot;&quot;,&quot;orientation&quot;:&quot;1&quot;}\" data-image-title=\"alpimages@verbier.ch-7199 copie\" data-image-description=\"\" data-medium-file=\"https:\/\/i0.wp.com\/alpimages.ch\/wp-content\/uploads\/2020\/04\/alpimages%40verbier.ch-7199-copie.jpg?fit=300%2C200&#038;ssl=1\" data-large-file=\"https:\/\/i0.wp.com\/alpimages.ch\/wp-content\/uploads\/2020\/04\/alpimages%40verbier.ch-7199-copie.jpg?fit=680%2C454&#038;ssl=1\" src=\"https:\/\/i0.wp.com\/alpimages.ch\/wp-content\/uploads\/2020\/04\/alpimages%40verbier.ch-7199-copie.jpg?w=285&#038;h=191&#038;ssl=1\" width=\"285\" height=\"191\" loading=\"lazy\" data-original-width=\"285\" data-original-height=\"191\" itemprop=\"http:\/\/schema.org\/image\" title=\"alpimages@verbier.ch-7199 copie\" alt=\"alpimages@verbier.ch-7199 copie\" style=\"width: 285px; height: 191px;\" \/> <\/a> <\/div> <\/div> <!-- close group --> <\/div> <!-- close row --> <div class=\"gallery-row\" style=\"width: 680px; height: 315px;\" data-original-width=\"680\" data-original-height=\"315\" > <div class=\"gallery-group images-2\" style=\"width: 234px; height: 315px;\" data-original-width=\"234\" data-original-height=\"315\" > <div class=\"tiled-gallery-item tiled-gallery-item-small\" itemprop=\"associatedMedia\" itemscope itemtype=\"http:\/\/schema.org\/ImageObject\"> <a href=\"https:\/\/alpimages.ch\/en\/photographie-sport\/alpimages-thomas-roulin-5003\/\" border=\"0\" itemprop=\"url\"> <meta itemprop=\"width\" content=\"230\"> <meta itemprop=\"height\" content=\"154\"> <img decoding=\"async\" class=\"\" data-attachment-id=\"1018\" data-orig-file=\"https:\/\/alpimages.ch\/wp-content\/uploads\/2017\/12\/alpimages-thomas-roulin-5003.jpg\" data-orig-size=\"9000,6007\" data-comments-opened=\"\" data-image-meta=\"{&quot;aperture&quot;:&quot;4.5&quot;,&quot;credit&quot;:&quot;&quot;,&quot;camera&quot;:&quot;NIKON D800&quot;,&quot;caption&quot;:&quot;&quot;,&quot;created_timestamp&quot;:&quot;1502975303&quot;,&quot;copyright&quot;:&quot;&quot;,&quot;focal_length&quot;:&quot;105&quot;,&quot;iso&quot;:&quot;400&quot;,&quot;shutter_speed&quot;:&quot;0.004&quot;,&quot;title&quot;:&quot;&quot;,&quot;orientation&quot;:&quot;0&quot;}\" data-image-title=\"ALPIMAGES-Thomas Roulin-5003\" data-image-description=\"\" data-medium-file=\"https:\/\/i0.wp.com\/alpimages.ch\/wp-content\/uploads\/2017\/12\/alpimages-thomas-roulin-5003.jpg?fit=300%2C200&#038;ssl=1\" data-large-file=\"https:\/\/i0.wp.com\/alpimages.ch\/wp-content\/uploads\/2017\/12\/alpimages-thomas-roulin-5003.jpg?fit=680%2C454&#038;ssl=1\" src=\"https:\/\/i0.wp.com\/alpimages.ch\/wp-content\/uploads\/2017\/12\/alpimages-thomas-roulin-5003.jpg?w=230&#038;h=154&#038;ssl=1\" width=\"230\" height=\"154\" loading=\"lazy\" data-original-width=\"230\" data-original-height=\"154\" itemprop=\"http:\/\/schema.org\/image\" title=\"ALPIMAGES-Thomas Roulin-5003\" alt=\"ALPIMAGES-Thomas Roulin-5003\" style=\"width: 230px; height: 154px;\" \/> <\/a> <\/div> <div class=\"tiled-gallery-item tiled-gallery-item-small\" itemprop=\"associatedMedia\" itemscope itemtype=\"http:\/\/schema.org\/ImageObject\"> <a href=\"https:\/\/alpimages.ch\/en\/portraits\/portraits-photo\/tom_1244\/\" border=\"0\" itemprop=\"url\"> <meta itemprop=\"width\" content=\"230\"> <meta itemprop=\"height\" content=\"153\"> <img decoding=\"async\" class=\"\" data-attachment-id=\"830\" data-orig-file=\"https:\/\/alpimages.ch\/wp-content\/uploads\/2015\/03\/tom_1244.jpg\" data-orig-size=\"6521,4352\" data-comments-opened=\"\" data-image-meta=\"{&quot;aperture&quot;:&quot;5.6&quot;,&quot;credit&quot;:&quot;&quot;,&quot;camera&quot;:&quot;NIKON D800&quot;,&quot;caption&quot;:&quot;&quot;,&quot;created_timestamp&quot;:&quot;1460904509&quot;,&quot;copyright&quot;:&quot;&quot;,&quot;focal_length&quot;:&quot;70&quot;,&quot;iso&quot;:&quot;640&quot;,&quot;shutter_speed&quot;:&quot;0.00625&quot;,&quot;title&quot;:&quot;&quot;,&quot;orientation&quot;:&quot;0&quot;}\" data-image-title=\"TOM_1244\" data-image-description=\"\" data-medium-file=\"https:\/\/i0.wp.com\/alpimages.ch\/wp-content\/uploads\/2015\/03\/tom_1244.jpg?fit=300%2C200&#038;ssl=1\" data-large-file=\"https:\/\/i0.wp.com\/alpimages.ch\/wp-content\/uploads\/2015\/03\/tom_1244.jpg?fit=680%2C454&#038;ssl=1\" src=\"https:\/\/i0.wp.com\/alpimages.ch\/wp-content\/uploads\/2015\/03\/tom_1244.jpg?w=230&#038;h=153&#038;ssl=1\" width=\"230\" height=\"153\" loading=\"lazy\" data-original-width=\"230\" data-original-height=\"153\" itemprop=\"http:\/\/schema.org\/image\" title=\"TOM_1244\" alt=\"TOM_1244\" style=\"width: 230px; height: 153px;\" \/> <\/a> <\/div> <\/div> <!-- close group --> <div class=\"gallery-group images-1\" style=\"width: 212px; height: 315px;\" data-original-width=\"212\" data-original-height=\"315\" > <div class=\"tiled-gallery-item tiled-gallery-item-small\" itemprop=\"associatedMedia\" itemscope itemtype=\"http:\/\/schema.org\/ImageObject\"> <a href=\"https:\/\/alpimages.ch\/en\/portraits\/portraits-photo\/alpimagesthomas-roulin-3-3\/\" border=\"0\" itemprop=\"url\"> <meta itemprop=\"width\" content=\"208\"> <meta itemprop=\"height\" content=\"311\"> <img decoding=\"async\" class=\"\" data-attachment-id=\"1090\" data-orig-file=\"https:\/\/alpimages.ch\/wp-content\/uploads\/2017\/12\/alpimagesc2a9thomas-roulin-3.jpg\" data-orig-size=\"4912,7360\" data-comments-opened=\"\" data-image-meta=\"{&quot;aperture&quot;:&quot;2.8&quot;,&quot;credit&quot;:&quot;&quot;,&quot;camera&quot;:&quot;NIKON D800&quot;,&quot;caption&quot;:&quot;&quot;,&quot;created_timestamp&quot;:&quot;1458767515&quot;,&quot;copyright&quot;:&quot;&quot;,&quot;focal_length&quot;:&quot;50&quot;,&quot;iso&quot;:&quot;800&quot;,&quot;shutter_speed&quot;:&quot;0.02&quot;,&quot;title&quot;:&quot;&quot;,&quot;orientation&quot;:&quot;0&quot;}\" data-image-title=\"Alpimages\u00a9Thomas Roulin&amp;#8211;3\" data-image-description=\"\" data-medium-file=\"https:\/\/i0.wp.com\/alpimages.ch\/wp-content\/uploads\/2017\/12\/alpimagesc2a9thomas-roulin-3.jpg?fit=200%2C300&#038;ssl=1\" data-large-file=\"https:\/\/i0.wp.com\/alpimages.ch\/wp-content\/uploads\/2017\/12\/alpimagesc2a9thomas-roulin-3.jpg?fit=680%2C1019&#038;ssl=1\" src=\"https:\/\/i0.wp.com\/alpimages.ch\/wp-content\/uploads\/2017\/12\/alpimagesc2a9thomas-roulin-3.jpg?w=208&#038;h=311&#038;ssl=1\" width=\"208\" height=\"311\" loading=\"lazy\" data-original-width=\"208\" data-original-height=\"311\" itemprop=\"http:\/\/schema.org\/image\" title=\"Alpimages\u00a9Thomas Roulin--3\" alt=\"Alpimages\u00a9Thomas Roulin--3\" style=\"width: 208px; height: 311px;\" \/> <\/a> <\/div> <\/div> <!-- close group --> <div class=\"gallery-group images-2\" style=\"width: 234px; height: 315px;\" data-original-width=\"234\" data-original-height=\"315\" > <div class=\"tiled-gallery-item tiled-gallery-item-small\" itemprop=\"associatedMedia\" itemscope itemtype=\"http:\/\/schema.org\/ImageObject\"> <a href=\"https:\/\/alpimages.ch\/en\/portraits\/portraits-photo\/dsc_5546\/\" border=\"0\" itemprop=\"url\"> <meta itemprop=\"width\" content=\"230\"> <meta itemprop=\"height\" content=\"154\"> <img decoding=\"async\" class=\"\" data-attachment-id=\"11505\" data-orig-file=\"https:\/\/alpimages.ch\/wp-content\/uploads\/2023\/12\/DSC_5546.jpg\" data-orig-size=\"1772,1183\" data-comments-opened=\"\" data-image-meta=\"{&quot;aperture&quot;:&quot;3.5&quot;,&quot;credit&quot;:&quot;&quot;,&quot;camera&quot;:&quot;NIKON D810&quot;,&quot;caption&quot;:&quot;&quot;,&quot;created_timestamp&quot;:&quot;1641557887&quot;,&quot;copyright&quot;:&quot;&quot;,&quot;focal_length&quot;:&quot;75&quot;,&quot;iso&quot;:&quot;125&quot;,&quot;shutter_speed&quot;:&quot;0.0008&quot;,&quot;title&quot;:&quot;&quot;,&quot;orientation&quot;:&quot;0&quot;}\" data-image-title=\"DSC_5546\" data-image-description=\"\" data-medium-file=\"https:\/\/i0.wp.com\/alpimages.ch\/wp-content\/uploads\/2023\/12\/DSC_5546.jpg?fit=300%2C200&#038;ssl=1\" data-large-file=\"https:\/\/i0.wp.com\/alpimages.ch\/wp-content\/uploads\/2023\/12\/DSC_5546.jpg?fit=680%2C454&#038;ssl=1\" src=\"https:\/\/i0.wp.com\/alpimages.ch\/wp-content\/uploads\/2023\/12\/DSC_5546.jpg?w=230&#038;h=154&#038;ssl=1\" srcset=\"https:\/\/i0.wp.com\/alpimages.ch\/wp-content\/uploads\/2023\/12\/DSC_5546.jpg?w=1772&amp;ssl=1 1772w, https:\/\/i0.wp.com\/alpimages.ch\/wp-content\/uploads\/2023\/12\/DSC_5546.jpg?resize=300%2C200&amp;ssl=1 300w, https:\/\/i0.wp.com\/alpimages.ch\/wp-content\/uploads\/2023\/12\/DSC_5546.jpg?resize=1024%2C684&amp;ssl=1 1024w, https:\/\/i0.wp.com\/alpimages.ch\/wp-content\/uploads\/2023\/12\/DSC_5546.jpg?resize=150%2C100&amp;ssl=1 150w, https:\/\/i0.wp.com\/alpimages.ch\/wp-content\/uploads\/2023\/12\/DSC_5546.jpg?resize=768%2C513&amp;ssl=1 768w, https:\/\/i0.wp.com\/alpimages.ch\/wp-content\/uploads\/2023\/12\/DSC_5546.jpg?resize=1536%2C1025&amp;ssl=1 1536w, https:\/\/i0.wp.com\/alpimages.ch\/wp-content\/uploads\/2023\/12\/DSC_5546.jpg?resize=18%2C12&amp;ssl=1 18w, https:\/\/i0.wp.com\/alpimages.ch\/wp-content\/uploads\/2023\/12\/DSC_5546.jpg?resize=317%2C212&amp;ssl=1 317w, https:\/\/i0.wp.com\/alpimages.ch\/wp-content\/uploads\/2023\/12\/DSC_5546.jpg?w=1360&amp;ssl=1 1360w\" width=\"230\" height=\"154\" loading=\"lazy\" data-original-width=\"230\" data-original-height=\"154\" itemprop=\"http:\/\/schema.org\/image\" title=\"DSC_5546\" alt=\"DSC_5546\" style=\"width: 230px; height: 154px;\" \/> <\/a> <\/div> <div class=\"tiled-gallery-item tiled-gallery-item-small\" itemprop=\"associatedMedia\" itemscope itemtype=\"http:\/\/schema.org\/ImageObject\"> <a href=\"https:\/\/alpimages.ch\/en\/photographie-sport\/alpimages-thomas-roulin-4841\/\" border=\"0\" itemprop=\"url\"> <meta itemprop=\"width\" content=\"230\"> <meta itemprop=\"height\" content=\"153\"> <img decoding=\"async\" class=\"\" data-attachment-id=\"1017\" data-orig-file=\"https:\/\/alpimages.ch\/wp-content\/uploads\/2017\/12\/alpimages-thomas-roulin-4841.jpg\" data-orig-size=\"9000,6000\" data-comments-opened=\"\" data-image-meta=\"{&quot;aperture&quot;:&quot;8&quot;,&quot;credit&quot;:&quot;P A B&quot;,&quot;camera&quot;:&quot;Canon EOS 5D Mark III&quot;,&quot;caption&quot;:&quot;&quot;,&quot;created_timestamp&quot;:&quot;1503925041&quot;,&quot;copyright&quot;:&quot;Barraud&quot;,&quot;focal_length&quot;:&quot;90&quot;,&quot;iso&quot;:&quot;640&quot;,&quot;shutter_speed&quot;:&quot;0.001&quot;,&quot;title&quot;:&quot;&quot;,&quot;orientation&quot;:&quot;0&quot;}\" data-image-title=\"ALPIMAGES-Thomas Roulin-4841\" data-image-description=\"\" data-medium-file=\"https:\/\/i0.wp.com\/alpimages.ch\/wp-content\/uploads\/2017\/12\/alpimages-thomas-roulin-4841.jpg?fit=300%2C200&#038;ssl=1\" data-large-file=\"https:\/\/i0.wp.com\/alpimages.ch\/wp-content\/uploads\/2017\/12\/alpimages-thomas-roulin-4841.jpg?fit=680%2C453&#038;ssl=1\" src=\"https:\/\/i0.wp.com\/alpimages.ch\/wp-content\/uploads\/2017\/12\/alpimages-thomas-roulin-4841.jpg?w=230&#038;h=153&#038;ssl=1\" width=\"230\" height=\"153\" loading=\"lazy\" data-original-width=\"230\" data-original-height=\"153\" itemprop=\"http:\/\/schema.org\/image\" title=\"ALPIMAGES-Thomas Roulin-4841\" alt=\"ALPIMAGES-Thomas Roulin-4841\" style=\"width: 230px; height: 153px;\" \/> <\/a> <\/div> <\/div> <!-- close group --> <\/div> <!-- close row --> <div class=\"gallery-row\" style=\"width: 680px; height: 481px;\" data-original-width=\"680\" data-original-height=\"481\" > <div class=\"gallery-group images-2\" style=\"width: 358px; height: 481px;\" data-original-width=\"358\" data-original-height=\"481\" > <div class=\"tiled-gallery-item tiled-gallery-item-large\" itemprop=\"associatedMedia\" itemscope itemtype=\"http:\/\/schema.org\/ImageObject\"> <a href=\"https:\/\/alpimages.ch\/en\/photographie-sport\/alpimagesthomas-roulin-4760\/\" border=\"0\" itemprop=\"url\"> <meta itemprop=\"width\" content=\"354\"> <meta itemprop=\"height\" content=\"236\"> <img decoding=\"async\" class=\"\" data-attachment-id=\"1026\" data-orig-file=\"https:\/\/alpimages.ch\/wp-content\/uploads\/2017\/12\/alpimagesc2a9thomas-roulin-4760.jpg\" data-orig-size=\"4500,3003\" data-comments-opened=\"\" data-image-meta=\"{&quot;aperture&quot;:&quot;5&quot;,&quot;credit&quot;:&quot;&quot;,&quot;camera&quot;:&quot;NIKON D810&quot;,&quot;caption&quot;:&quot;&quot;,&quot;created_timestamp&quot;:&quot;1479825898&quot;,&quot;copyright&quot;:&quot;&quot;,&quot;focal_length&quot;:&quot;70&quot;,&quot;iso&quot;:&quot;250&quot;,&quot;shutter_speed&quot;:&quot;0.005&quot;,&quot;title&quot;:&quot;&quot;,&quot;orientation&quot;:&quot;0&quot;}\" data-image-title=\"Alpimages\u00a9Thomas Roulin&amp;#8211;4760\" data-image-description=\"\" data-medium-file=\"https:\/\/i0.wp.com\/alpimages.ch\/wp-content\/uploads\/2017\/12\/alpimagesc2a9thomas-roulin-4760.jpg?fit=300%2C200&#038;ssl=1\" data-large-file=\"https:\/\/i0.wp.com\/alpimages.ch\/wp-content\/uploads\/2017\/12\/alpimagesc2a9thomas-roulin-4760.jpg?fit=680%2C454&#038;ssl=1\" src=\"https:\/\/i0.wp.com\/alpimages.ch\/wp-content\/uploads\/2017\/12\/alpimagesc2a9thomas-roulin-4760.jpg?w=354&#038;h=236&#038;ssl=1\" width=\"354\" height=\"236\" loading=\"lazy\" data-original-width=\"354\" data-original-height=\"236\" itemprop=\"http:\/\/schema.org\/image\" title=\"Alpimages\u00a9Thomas Roulin--4760\" alt=\"Alpimages\u00a9Thomas Roulin--4760\" style=\"width: 354px; height: 236px;\" \/> <\/a> <\/div> <div class=\"tiled-gallery-item tiled-gallery-item-large\" itemprop=\"associatedMedia\" itemscope itemtype=\"http:\/\/schema.org\/ImageObject\"> <a href=\"https:\/\/alpimages.ch\/en\/portraits\/portraits-photo\/alpimages-thomas-roulin-7017-2\/\" border=\"0\" itemprop=\"url\"> <meta itemprop=\"width\" content=\"354\"> <meta itemprop=\"height\" content=\"237\"> <img decoding=\"async\" class=\"\" data-attachment-id=\"1769\" data-orig-file=\"https:\/\/alpimages.ch\/wp-content\/uploads\/2018\/11\/Alpimages-Thomas-Roulin-7017.jpg\" data-orig-size=\"3543,2365\" data-comments-opened=\"\" data-image-meta=\"{&quot;aperture&quot;:&quot;5.6&quot;,&quot;credit&quot;:&quot;&quot;,&quot;camera&quot;:&quot;NIKON D800&quot;,&quot;caption&quot;:&quot;&quot;,&quot;created_timestamp&quot;:&quot;1500558533&quot;,&quot;copyright&quot;:&quot;&quot;,&quot;focal_length&quot;:&quot;55&quot;,&quot;iso&quot;:&quot;400&quot;,&quot;shutter_speed&quot;:&quot;0.0025&quot;,&quot;title&quot;:&quot;&quot;,&quot;orientation&quot;:&quot;0&quot;}\" data-image-title=\"Alpimages Thomas Roulin-7017\" data-image-description=\"\" data-medium-file=\"https:\/\/i0.wp.com\/alpimages.ch\/wp-content\/uploads\/2018\/11\/Alpimages-Thomas-Roulin-7017.jpg?fit=300%2C200&#038;ssl=1\" data-large-file=\"https:\/\/i0.wp.com\/alpimages.ch\/wp-content\/uploads\/2018\/11\/Alpimages-Thomas-Roulin-7017.jpg?fit=680%2C454&#038;ssl=1\" src=\"https:\/\/i0.wp.com\/alpimages.ch\/wp-content\/uploads\/2018\/11\/Alpimages-Thomas-Roulin-7017.jpg?w=354&#038;h=237&#038;ssl=1\" srcset=\"https:\/\/i0.wp.com\/alpimages.ch\/wp-content\/uploads\/2018\/11\/Alpimages-Thomas-Roulin-7017.jpg?w=3543&amp;ssl=1 3543w, https:\/\/i0.wp.com\/alpimages.ch\/wp-content\/uploads\/2018\/11\/Alpimages-Thomas-Roulin-7017.jpg?resize=150%2C100&amp;ssl=1 150w, https:\/\/i0.wp.com\/alpimages.ch\/wp-content\/uploads\/2018\/11\/Alpimages-Thomas-Roulin-7017.jpg?resize=300%2C200&amp;ssl=1 300w, https:\/\/i0.wp.com\/alpimages.ch\/wp-content\/uploads\/2018\/11\/Alpimages-Thomas-Roulin-7017.jpg?resize=768%2C513&amp;ssl=1 768w, https:\/\/i0.wp.com\/alpimages.ch\/wp-content\/uploads\/2018\/11\/Alpimages-Thomas-Roulin-7017.jpg?resize=1024%2C684&amp;ssl=1 1024w, https:\/\/i0.wp.com\/alpimages.ch\/wp-content\/uploads\/2018\/11\/Alpimages-Thomas-Roulin-7017.jpg?resize=317%2C212&amp;ssl=1 317w, https:\/\/i0.wp.com\/alpimages.ch\/wp-content\/uploads\/2018\/11\/Alpimages-Thomas-Roulin-7017.jpg?w=1360&amp;ssl=1 1360w, https:\/\/i0.wp.com\/alpimages.ch\/wp-content\/uploads\/2018\/11\/Alpimages-Thomas-Roulin-7017.jpg?w=2040&amp;ssl=1 2040w\" width=\"354\" height=\"237\" loading=\"lazy\" data-original-width=\"354\" data-original-height=\"237\" itemprop=\"http:\/\/schema.org\/image\" title=\"Alpimages Thomas Roulin-7017\" alt=\"Alpimages Thomas Roulin-7017\" style=\"width: 354px; height: 237px;\" \/> <\/a> <\/div> <\/div> <!-- close group --> <div class=\"gallery-group images-1\" style=\"width: 322px; height: 481px;\" data-original-width=\"322\" data-original-height=\"481\" > <div class=\"tiled-gallery-item tiled-gallery-item-large\" itemprop=\"associatedMedia\" itemscope itemtype=\"http:\/\/schema.org\/ImageObject\"> <a href=\"https:\/\/alpimages.ch\/en\/portraits\/portraits-photo\/alpimages-thomas-roulin-1697\/\" border=\"0\" itemprop=\"url\"> <meta itemprop=\"width\" content=\"318\"> <meta itemprop=\"height\" content=\"477\"> <img decoding=\"async\" class=\"\" data-attachment-id=\"1772\" data-orig-file=\"https:\/\/alpimages.ch\/wp-content\/uploads\/2018\/11\/Alpimages-Thomas-Roulin-1697.jpg\" data-orig-size=\"3003,4500\" data-comments-opened=\"\" data-image-meta=\"{&quot;aperture&quot;:&quot;6.3&quot;,&quot;credit&quot;:&quot;&quot;,&quot;camera&quot;:&quot;NIKON D800&quot;,&quot;caption&quot;:&quot;&quot;,&quot;created_timestamp&quot;:&quot;1531056534&quot;,&quot;copyright&quot;:&quot;&quot;,&quot;focal_length&quot;:&quot;95&quot;,&quot;iso&quot;:&quot;320&quot;,&quot;shutter_speed&quot;:&quot;0.002&quot;,&quot;title&quot;:&quot;&quot;,&quot;orientation&quot;:&quot;0&quot;}\" data-image-title=\"Alpimages- Thomas Roulin-1697\" data-image-description=\"\" data-medium-file=\"https:\/\/i0.wp.com\/alpimages.ch\/wp-content\/uploads\/2018\/11\/Alpimages-Thomas-Roulin-1697.jpg?fit=200%2C300&#038;ssl=1\" data-large-file=\"https:\/\/i0.wp.com\/alpimages.ch\/wp-content\/uploads\/2018\/11\/Alpimages-Thomas-Roulin-1697.jpg?fit=680%2C1020&#038;ssl=1\" src=\"https:\/\/i0.wp.com\/alpimages.ch\/wp-content\/uploads\/2018\/11\/Alpimages-Thomas-Roulin-1697.jpg?w=318&#038;h=477&#038;ssl=1\" srcset=\"https:\/\/i0.wp.com\/alpimages.ch\/wp-content\/uploads\/2018\/11\/Alpimages-Thomas-Roulin-1697.jpg?w=3003&amp;ssl=1 3003w, https:\/\/i0.wp.com\/alpimages.ch\/wp-content\/uploads\/2018\/11\/Alpimages-Thomas-Roulin-1697.jpg?resize=100%2C150&amp;ssl=1 100w, https:\/\/i0.wp.com\/alpimages.ch\/wp-content\/uploads\/2018\/11\/Alpimages-Thomas-Roulin-1697.jpg?resize=200%2C300&amp;ssl=1 200w, https:\/\/i0.wp.com\/alpimages.ch\/wp-content\/uploads\/2018\/11\/Alpimages-Thomas-Roulin-1697.jpg?resize=768%2C1151&amp;ssl=1 768w, https:\/\/i0.wp.com\/alpimages.ch\/wp-content\/uploads\/2018\/11\/Alpimages-Thomas-Roulin-1697.jpg?resize=683%2C1024&amp;ssl=1 683w, https:\/\/i0.wp.com\/alpimages.ch\/wp-content\/uploads\/2018\/11\/Alpimages-Thomas-Roulin-1697.jpg?resize=317%2C475&amp;ssl=1 317w, https:\/\/i0.wp.com\/alpimages.ch\/wp-content\/uploads\/2018\/11\/Alpimages-Thomas-Roulin-1697.jpg?w=1360&amp;ssl=1 1360w, https:\/\/i0.wp.com\/alpimages.ch\/wp-content\/uploads\/2018\/11\/Alpimages-Thomas-Roulin-1697.jpg?w=2040&amp;ssl=1 2040w\" width=\"318\" height=\"477\" loading=\"lazy\" data-original-width=\"318\" data-original-height=\"477\" itemprop=\"http:\/\/schema.org\/image\" title=\"Alpimages- Thomas Roulin-1697\" alt=\"Alpimages- Thomas Roulin-1697\" style=\"width: 318px; height: 477px;\" \/> <\/a> <\/div> <\/div> <!-- close group --> <\/div> <!-- close row --> <div class=\"gallery-row\" style=\"width: 680px; height: 304px;\" data-original-width=\"680\" data-original-height=\"304\" > <div class=\"gallery-group images-1\" style=\"width: 454px; height: 304px;\" data-original-width=\"454\" data-original-height=\"304\" > <div class=\"tiled-gallery-item tiled-gallery-item-large\" itemprop=\"associatedMedia\" itemscope itemtype=\"http:\/\/schema.org\/ImageObject\"> <a href=\"https:\/\/alpimages.ch\/en\/portraits\/portraits-photo\/alpimages-thomas-3173\/\" border=\"0\" itemprop=\"url\"> <meta itemprop=\"width\" content=\"450\"> <meta itemprop=\"height\" content=\"300\"> <img decoding=\"async\" class=\"\" data-attachment-id=\"1774\" data-orig-file=\"https:\/\/alpimages.ch\/wp-content\/uploads\/2018\/11\/ALPIMAGES-Thomas-\u00a9-3173.jpg\" data-orig-size=\"9000,6007\" data-comments-opened=\"\" data-image-meta=\"{&quot;aperture&quot;:&quot;4&quot;,&quot;credit&quot;:&quot;&quot;,&quot;camera&quot;:&quot;NIKON D810&quot;,&quot;caption&quot;:&quot;&quot;,&quot;created_timestamp&quot;:&quot;1514910762&quot;,&quot;copyright&quot;:&quot;&quot;,&quot;focal_length&quot;:&quot;86&quot;,&quot;iso&quot;:&quot;500&quot;,&quot;shutter_speed&quot;:&quot;0.00625&quot;,&quot;title&quot;:&quot;&quot;,&quot;orientation&quot;:&quot;0&quot;}\" data-image-title=\"ALPIMAGES-Thomas-\u00a9-3173\" data-image-description=\"\" data-medium-file=\"https:\/\/i0.wp.com\/alpimages.ch\/wp-content\/uploads\/2018\/11\/ALPIMAGES-Thomas-%C2%A9-3173.jpg?fit=300%2C200&#038;ssl=1\" data-large-file=\"https:\/\/i0.wp.com\/alpimages.ch\/wp-content\/uploads\/2018\/11\/ALPIMAGES-Thomas-%C2%A9-3173.jpg?fit=680%2C454&#038;ssl=1\" src=\"https:\/\/i0.wp.com\/alpimages.ch\/wp-content\/uploads\/2018\/11\/ALPIMAGES-Thomas-%C2%A9-3173.jpg?w=450&#038;h=300&#038;ssl=1\" width=\"450\" height=\"300\" loading=\"lazy\" data-original-width=\"450\" data-original-height=\"300\" itemprop=\"http:\/\/schema.org\/image\" title=\"ALPIMAGES-Thomas-\u00a9-3173\" alt=\"ALPIMAGES-Thomas-\u00a9-3173\" style=\"width: 450px; height: 300px;\" \/> <\/a> <\/div> <\/div> <!-- close group --> <div class=\"gallery-group images-2\" style=\"width: 226px; height: 304px;\" data-original-width=\"226\" data-original-height=\"304\" > <div class=\"tiled-gallery-item tiled-gallery-item-small\" itemprop=\"associatedMedia\" itemscope itemtype=\"http:\/\/schema.org\/ImageObject\"> <a href=\"https:\/\/alpimages.ch\/en\/portraits\/portraits-photo\/dsc_1999\/\" border=\"0\" itemprop=\"url\"> <meta itemprop=\"width\" content=\"222\"> <meta itemprop=\"height\" content=\"148\"> <img decoding=\"async\" class=\"\" data-attachment-id=\"1778\" data-orig-file=\"https:\/\/alpimages.ch\/wp-content\/uploads\/2018\/11\/DSC_1999.jpg\" data-orig-size=\"2400,1602\" data-comments-opened=\"\" data-image-meta=\"{&quot;aperture&quot;:&quot;6.3&quot;,&quot;credit&quot;:&quot;&quot;,&quot;camera&quot;:&quot;NIKON D810&quot;,&quot;caption&quot;:&quot;&quot;,&quot;created_timestamp&quot;:&quot;1534844349&quot;,&quot;copyright&quot;:&quot;&quot;,&quot;focal_length&quot;:&quot;120&quot;,&quot;iso&quot;:&quot;320&quot;,&quot;shutter_speed&quot;:&quot;0.0015625&quot;,&quot;title&quot;:&quot;&quot;,&quot;orientation&quot;:&quot;0&quot;}\" data-image-title=\"DSC_1999\" data-image-description=\"\" data-medium-file=\"https:\/\/i0.wp.com\/alpimages.ch\/wp-content\/uploads\/2018\/11\/DSC_1999.jpg?fit=300%2C200&#038;ssl=1\" data-large-file=\"https:\/\/i0.wp.com\/alpimages.ch\/wp-content\/uploads\/2018\/11\/DSC_1999.jpg?fit=680%2C454&#038;ssl=1\" src=\"https:\/\/i0.wp.com\/alpimages.ch\/wp-content\/uploads\/2018\/11\/DSC_1999.jpg?w=222&#038;h=148&#038;ssl=1\" srcset=\"https:\/\/i0.wp.com\/alpimages.ch\/wp-content\/uploads\/2018\/11\/DSC_1999.jpg?w=2400&amp;ssl=1 2400w, https:\/\/i0.wp.com\/alpimages.ch\/wp-content\/uploads\/2018\/11\/DSC_1999.jpg?resize=150%2C100&amp;ssl=1 150w, https:\/\/i0.wp.com\/alpimages.ch\/wp-content\/uploads\/2018\/11\/DSC_1999.jpg?resize=300%2C200&amp;ssl=1 300w, https:\/\/i0.wp.com\/alpimages.ch\/wp-content\/uploads\/2018\/11\/DSC_1999.jpg?resize=768%2C513&amp;ssl=1 768w, https:\/\/i0.wp.com\/alpimages.ch\/wp-content\/uploads\/2018\/11\/DSC_1999.jpg?resize=1024%2C684&amp;ssl=1 1024w, https:\/\/i0.wp.com\/alpimages.ch\/wp-content\/uploads\/2018\/11\/DSC_1999.jpg?resize=317%2C212&amp;ssl=1 317w, https:\/\/i0.wp.com\/alpimages.ch\/wp-content\/uploads\/2018\/11\/DSC_1999.jpg?w=1360&amp;ssl=1 1360w, https:\/\/i0.wp.com\/alpimages.ch\/wp-content\/uploads\/2018\/11\/DSC_1999.jpg?w=2040&amp;ssl=1 2040w\" width=\"222\" height=\"148\" loading=\"lazy\" data-original-width=\"222\" data-original-height=\"148\" itemprop=\"http:\/\/schema.org\/image\" title=\"DSC_1999\" alt=\"DSC_1999\" style=\"width: 222px; height: 148px;\" \/> <\/a> <\/div> <div class=\"tiled-gallery-item tiled-gallery-item-small\" itemprop=\"associatedMedia\" itemscope itemtype=\"http:\/\/schema.org\/ImageObject\"> <a href=\"https:\/\/alpimages.ch\/en\/portraits\/portraits-photo\/alpimagesthomas-roulin-8193-2\/\" border=\"0\" itemprop=\"url\"> <meta itemprop=\"width\" content=\"222\"> <meta itemprop=\"height\" content=\"148\"> <img decoding=\"async\" class=\"\" data-attachment-id=\"7566\" data-orig-file=\"https:\/\/alpimages.ch\/wp-content\/uploads\/2020\/04\/Alpimages\u00a9Thomas-Roulin-8193.jpg\" data-orig-size=\"9000,5990\" data-comments-opened=\"\" data-image-meta=\"{&quot;aperture&quot;:&quot;3.5&quot;,&quot;credit&quot;:&quot;&quot;,&quot;camera&quot;:&quot;NIKON D4&quot;,&quot;caption&quot;:&quot;&quot;,&quot;created_timestamp&quot;:&quot;1463563740&quot;,&quot;copyright&quot;:&quot;&quot;,&quot;focal_length&quot;:&quot;300&quot;,&quot;iso&quot;:&quot;400&quot;,&quot;shutter_speed&quot;:&quot;0.00125&quot;,&quot;title&quot;:&quot;&quot;,&quot;orientation&quot;:&quot;0&quot;}\" data-image-title=\"Alpimages\u00a9Thomas Roulin-8193\" data-image-description=\"\" data-medium-file=\"https:\/\/i0.wp.com\/alpimages.ch\/wp-content\/uploads\/2020\/04\/Alpimages%C2%A9Thomas-Roulin-8193.jpg?fit=300%2C200&#038;ssl=1\" data-large-file=\"https:\/\/i0.wp.com\/alpimages.ch\/wp-content\/uploads\/2020\/04\/Alpimages%C2%A9Thomas-Roulin-8193.jpg?fit=680%2C453&#038;ssl=1\" src=\"https:\/\/i0.wp.com\/alpimages.ch\/wp-content\/uploads\/2020\/04\/Alpimages%C2%A9Thomas-Roulin-8193.jpg?w=222&#038;h=148&#038;ssl=1\" width=\"222\" height=\"148\" loading=\"lazy\" data-original-width=\"222\" data-original-height=\"148\" itemprop=\"http:\/\/schema.org\/image\" title=\"Alpimages\u00a9Thomas Roulin-8193\" alt=\"Alpimages\u00a9Thomas Roulin-8193\" style=\"width: 222px; height: 148px;\" \/> <\/a> <\/div> <\/div> <!-- close group --> <\/div> <!-- close row --> <div class=\"gallery-row\" style=\"width: 680px; height: 228px;\" data-original-width=\"680\" data-original-height=\"228\" > <div class=\"gallery-group images-1\" style=\"width: 340px; height: 228px;\" data-original-width=\"340\" data-original-height=\"228\" > <div class=\"tiled-gallery-item tiled-gallery-item-large\" itemprop=\"associatedMedia\" itemscope itemtype=\"http:\/\/schema.org\/ImageObject\"> <a href=\"https:\/\/alpimages.ch\/en\/portraits\/portraits-photo\/ashleywalkeralpimages-147\/\" border=\"0\" itemprop=\"url\"> <meta itemprop=\"width\" content=\"336\"> <meta itemprop=\"height\" content=\"224\"> <img decoding=\"async\" class=\"\" data-attachment-id=\"13660\" data-orig-file=\"https:\/\/alpimages.ch\/wp-content\/uploads\/2025\/05\/AshleyWalker\u00a9Alpimages-147.jpg\" data-orig-size=\"4724,3149\" data-comments-opened=\"\" data-image-meta=\"{&quot;aperture&quot;:&quot;6.3&quot;,&quot;credit&quot;:&quot;&quot;,&quot;camera&quot;:&quot;NIKON Z 9&quot;,&quot;caption&quot;:&quot;&quot;,&quot;created_timestamp&quot;:&quot;1733648723&quot;,&quot;copyright&quot;:&quot;&quot;,&quot;focal_length&quot;:&quot;85&quot;,&quot;iso&quot;:&quot;800&quot;,&quot;shutter_speed&quot;:&quot;0.001&quot;,&quot;title&quot;:&quot;&quot;,&quot;orientation&quot;:&quot;0&quot;}\" data-image-title=\"AshleyWalker\u00a9Alpimages-147\" data-image-description=\"\" data-medium-file=\"https:\/\/i0.wp.com\/alpimages.ch\/wp-content\/uploads\/2025\/05\/AshleyWalker%C2%A9Alpimages-147.jpg?fit=300%2C200&#038;ssl=1\" data-large-file=\"https:\/\/i0.wp.com\/alpimages.ch\/wp-content\/uploads\/2025\/05\/AshleyWalker%C2%A9Alpimages-147.jpg?fit=680%2C454&#038;ssl=1\" src=\"https:\/\/i0.wp.com\/alpimages.ch\/wp-content\/uploads\/2025\/05\/AshleyWalker%C2%A9Alpimages-147.jpg?w=336&#038;h=224&#038;ssl=1\" width=\"336\" height=\"224\" loading=\"lazy\" data-original-width=\"336\" data-original-height=\"224\" itemprop=\"http:\/\/schema.org\/image\" title=\"AshleyWalker\u00a9Alpimages-147\" alt=\"AshleyWalker\u00a9Alpimages-147\" style=\"width: 336px; height: 224px;\" \/> <\/a> <\/div> <\/div> <!-- close group --> <div class=\"gallery-group images-1\" style=\"width: 340px; height: 228px;\" data-original-width=\"340\" data-original-height=\"228\" > <div class=\"tiled-gallery-item tiled-gallery-item-large\" itemprop=\"associatedMedia\" itemscope itemtype=\"http:\/\/schema.org\/ImageObject\"> <a href=\"https:\/\/alpimages.ch\/en\/portraits\/portraits-photo\/_tom2563\/\" border=\"0\" itemprop=\"url\"> <meta itemprop=\"width\" content=\"336\"> <meta itemprop=\"height\" content=\"224\"> <img decoding=\"async\" class=\"\" data-attachment-id=\"7561\" data-orig-file=\"https:\/\/alpimages.ch\/wp-content\/uploads\/2020\/04\/TOM2563.jpg\" data-orig-size=\"7360,4912\" data-comments-opened=\"\" data-image-meta=\"{&quot;aperture&quot;:&quot;8&quot;,&quot;credit&quot;:&quot;&quot;,&quot;camera&quot;:&quot;NIKON D810&quot;,&quot;caption&quot;:&quot;&quot;,&quot;created_timestamp&quot;:&quot;1565541302&quot;,&quot;copyright&quot;:&quot;&quot;,&quot;focal_length&quot;:&quot;70&quot;,&quot;iso&quot;:&quot;320&quot;,&quot;shutter_speed&quot;:&quot;0.004&quot;,&quot;title&quot;:&quot;&quot;,&quot;orientation&quot;:&quot;1&quot;}\" data-image-title=\"_TOM2563\" data-image-description=\"\" data-medium-file=\"https:\/\/i0.wp.com\/alpimages.ch\/wp-content\/uploads\/2020\/04\/TOM2563.jpg?fit=300%2C200&#038;ssl=1\" data-large-file=\"https:\/\/i0.wp.com\/alpimages.ch\/wp-content\/uploads\/2020\/04\/TOM2563.jpg?fit=680%2C454&#038;ssl=1\" src=\"https:\/\/i0.wp.com\/alpimages.ch\/wp-content\/uploads\/2020\/04\/TOM2563.jpg?w=336&#038;h=224&#038;ssl=1\" srcset=\"https:\/\/i0.wp.com\/alpimages.ch\/wp-content\/uploads\/2020\/04\/TOM2563.jpg?w=7360&amp;ssl=1 7360w, https:\/\/i0.wp.com\/alpimages.ch\/wp-content\/uploads\/2020\/04\/TOM2563.jpg?resize=300%2C200&amp;ssl=1 300w, https:\/\/i0.wp.com\/alpimages.ch\/wp-content\/uploads\/2020\/04\/TOM2563.jpg?resize=1024%2C683&amp;ssl=1 1024w, https:\/\/i0.wp.com\/alpimages.ch\/wp-content\/uploads\/2020\/04\/TOM2563.jpg?resize=150%2C100&amp;ssl=1 150w, https:\/\/i0.wp.com\/alpimages.ch\/wp-content\/uploads\/2020\/04\/TOM2563.jpg?resize=768%2C513&amp;ssl=1 768w, https:\/\/i0.wp.com\/alpimages.ch\/wp-content\/uploads\/2020\/04\/TOM2563.jpg?resize=1536%2C1025&amp;ssl=1 1536w, https:\/\/i0.wp.com\/alpimages.ch\/wp-content\/uploads\/2020\/04\/TOM2563.jpg?resize=2048%2C1367&amp;ssl=1 2048w, https:\/\/i0.wp.com\/alpimages.ch\/wp-content\/uploads\/2020\/04\/TOM2563.jpg?resize=317%2C212&amp;ssl=1 317w, https:\/\/i0.wp.com\/alpimages.ch\/wp-content\/uploads\/2020\/04\/TOM2563.jpg?w=1360&amp;ssl=1 1360w\" width=\"336\" height=\"224\" loading=\"lazy\" data-original-width=\"336\" data-original-height=\"224\" itemprop=\"http:\/\/schema.org\/image\" title=\"_TOM2563\" alt=\"_TOM2563\" style=\"width: 336px; height: 224px;\" \/> <\/a> <\/div> <\/div> <!-- close group --> <\/div> <!-- close row --> <div class=\"gallery-row\" style=\"width: 680px; height: 583px;\" data-original-width=\"680\" data-original-height=\"583\" > <div class=\"gallery-group images-3\" style=\"width: 289px; height: 583px;\" data-original-width=\"289\" data-original-height=\"583\" > <div class=\"tiled-gallery-item tiled-gallery-item-large\" itemprop=\"associatedMedia\" itemscope itemtype=\"http:\/\/schema.org\/ImageObject\"> <a href=\"https:\/\/alpimages.ch\/en\/portraits\/portraits-photo\/alpimages-thomas-8030\/\" border=\"0\" itemprop=\"url\"> <meta itemprop=\"width\" content=\"285\"> <meta itemprop=\"height\" content=\"190\"> <img decoding=\"async\" class=\"\" data-attachment-id=\"1776\" data-orig-file=\"https:\/\/alpimages.ch\/wp-content\/uploads\/2018\/11\/ALPIMAGES-Thomas-\u00a9-8030.jpg\" data-orig-size=\"3543,2364\" data-comments-opened=\"\" data-image-meta=\"{&quot;aperture&quot;:&quot;5.6&quot;,&quot;credit&quot;:&quot;&quot;,&quot;camera&quot;:&quot;NIKON D810&quot;,&quot;caption&quot;:&quot;&quot;,&quot;created_timestamp&quot;:&quot;1514133166&quot;,&quot;copyright&quot;:&quot;&quot;,&quot;focal_length&quot;:&quot;52&quot;,&quot;iso&quot;:&quot;250&quot;,&quot;shutter_speed&quot;:&quot;0.01&quot;,&quot;title&quot;:&quot;&quot;,&quot;orientation&quot;:&quot;0&quot;}\" data-image-title=\"ALPIMAGES-Thomas-\u00a9-8030\" data-image-description=\"\" data-medium-file=\"https:\/\/i0.wp.com\/alpimages.ch\/wp-content\/uploads\/2018\/11\/ALPIMAGES-Thomas-%C2%A9-8030.jpg?fit=300%2C200&#038;ssl=1\" data-large-file=\"https:\/\/i0.wp.com\/alpimages.ch\/wp-content\/uploads\/2018\/11\/ALPIMAGES-Thomas-%C2%A9-8030.jpg?fit=680%2C454&#038;ssl=1\" src=\"https:\/\/i0.wp.com\/alpimages.ch\/wp-content\/uploads\/2018\/11\/ALPIMAGES-Thomas-%C2%A9-8030.jpg?w=285&#038;h=190&#038;ssl=1\" width=\"285\" height=\"190\" loading=\"lazy\" data-original-width=\"285\" data-original-height=\"190\" itemprop=\"http:\/\/schema.org\/image\" title=\"ALPIMAGES-Thomas-\u00a9-8030\" alt=\"ALPIMAGES-Thomas-\u00a9-8030\" style=\"width: 285px; height: 190px;\" \/> <\/a> <\/div> <div class=\"tiled-gallery-item tiled-gallery-item-large\" itemprop=\"associatedMedia\" itemscope itemtype=\"http:\/\/schema.org\/ImageObject\"> <a href=\"https:\/\/alpimages.ch\/en\/portraits\/portraits-photo\/alpimagesverbier-ch-6378\/\" border=\"0\" itemprop=\"url\"> <meta itemprop=\"width\" content=\"285\"> <meta itemprop=\"height\" content=\"191\"> <img decoding=\"async\" class=\"\" data-attachment-id=\"7439\" data-orig-file=\"https:\/\/alpimages.ch\/wp-content\/uploads\/2020\/04\/\u00a9Alpimages@verbier.ch-6378.jpg\" data-orig-size=\"4500,3003\" data-comments-opened=\"\" data-image-meta=\"{&quot;aperture&quot;:&quot;4.5&quot;,&quot;credit&quot;:&quot;&quot;,&quot;camera&quot;:&quot;NIKON D810&quot;,&quot;caption&quot;:&quot;&quot;,&quot;created_timestamp&quot;:&quot;1568821408&quot;,&quot;copyright&quot;:&quot;&quot;,&quot;focal_length&quot;:&quot;135&quot;,&quot;iso&quot;:&quot;160&quot;,&quot;shutter_speed&quot;:&quot;0.008&quot;,&quot;title&quot;:&quot;&quot;,&quot;orientation&quot;:&quot;0&quot;}\" data-image-title=\"\u00a9Alpimages@verbier.ch-6378\" data-image-description=\"\" data-medium-file=\"https:\/\/i0.wp.com\/alpimages.ch\/wp-content\/uploads\/2020\/04\/%C2%A9Alpimages%40verbier.ch-6378.jpg?fit=300%2C200&#038;ssl=1\" data-large-file=\"https:\/\/i0.wp.com\/alpimages.ch\/wp-content\/uploads\/2020\/04\/%C2%A9Alpimages%40verbier.ch-6378.jpg?fit=680%2C454&#038;ssl=1\" src=\"https:\/\/i0.wp.com\/alpimages.ch\/wp-content\/uploads\/2020\/04\/%C2%A9Alpimages%40verbier.ch-6378.jpg?w=285&#038;h=191&#038;ssl=1\" width=\"285\" height=\"191\" loading=\"lazy\" data-original-width=\"285\" data-original-height=\"191\" itemprop=\"http:\/\/schema.org\/image\" title=\"\u00a9Alpimages@verbier.ch-6378\" alt=\"\u00a9Alpimages@verbier.ch-6378\" style=\"width: 285px; height: 191px;\" \/> <\/a> <\/div> <div class=\"tiled-gallery-item tiled-gallery-item-large\" itemprop=\"associatedMedia\" itemscope itemtype=\"http:\/\/schema.org\/ImageObject\"> <a href=\"https:\/\/alpimages.ch\/en\/portraits\/portraits-photo\/_tom3714-2\/\" border=\"0\" itemprop=\"url\"> <meta itemprop=\"width\" content=\"285\"> <meta itemprop=\"height\" content=\"190\"> <img decoding=\"async\" class=\"\" data-attachment-id=\"11499\" data-orig-file=\"https:\/\/alpimages.ch\/wp-content\/uploads\/2023\/12\/TOM3714-1.jpg\" data-orig-size=\"1772,1181\" data-comments-opened=\"\" data-image-meta=\"{&quot;aperture&quot;:&quot;0&quot;,&quot;credit&quot;:&quot;&quot;,&quot;camera&quot;:&quot;&quot;,&quot;caption&quot;:&quot;&quot;,&quot;created_timestamp&quot;:&quot;0&quot;,&quot;copyright&quot;:&quot;&quot;,&quot;focal_length&quot;:&quot;0&quot;,&quot;iso&quot;:&quot;0&quot;,&quot;shutter_speed&quot;:&quot;0&quot;,&quot;title&quot;:&quot;&quot;,&quot;orientation&quot;:&quot;0&quot;}\" data-image-title=\"_TOM3714\" data-image-description=\"\" data-medium-file=\"https:\/\/i0.wp.com\/alpimages.ch\/wp-content\/uploads\/2023\/12\/TOM3714-1.jpg?fit=300%2C200&#038;ssl=1\" data-large-file=\"https:\/\/i0.wp.com\/alpimages.ch\/wp-content\/uploads\/2023\/12\/TOM3714-1.jpg?fit=680%2C453&#038;ssl=1\" src=\"https:\/\/i0.wp.com\/alpimages.ch\/wp-content\/uploads\/2023\/12\/TOM3714-1.jpg?w=285&#038;h=190&#038;ssl=1\" srcset=\"https:\/\/i0.wp.com\/alpimages.ch\/wp-content\/uploads\/2023\/12\/TOM3714-1.jpg?w=1772&amp;ssl=1 1772w, https:\/\/i0.wp.com\/alpimages.ch\/wp-content\/uploads\/2023\/12\/TOM3714-1.jpg?resize=300%2C200&amp;ssl=1 300w, https:\/\/i0.wp.com\/alpimages.ch\/wp-content\/uploads\/2023\/12\/TOM3714-1.jpg?resize=1024%2C682&amp;ssl=1 1024w, https:\/\/i0.wp.com\/alpimages.ch\/wp-content\/uploads\/2023\/12\/TOM3714-1.jpg?resize=150%2C100&amp;ssl=1 150w, https:\/\/i0.wp.com\/alpimages.ch\/wp-content\/uploads\/2023\/12\/TOM3714-1.jpg?resize=768%2C512&amp;ssl=1 768w, https:\/\/i0.wp.com\/alpimages.ch\/wp-content\/uploads\/2023\/12\/TOM3714-1.jpg?resize=1536%2C1024&amp;ssl=1 1536w, https:\/\/i0.wp.com\/alpimages.ch\/wp-content\/uploads\/2023\/12\/TOM3714-1.jpg?resize=18%2C12&amp;ssl=1 18w, https:\/\/i0.wp.com\/alpimages.ch\/wp-content\/uploads\/2023\/12\/TOM3714-1.jpg?resize=317%2C211&amp;ssl=1 317w, https:\/\/i0.wp.com\/alpimages.ch\/wp-content\/uploads\/2023\/12\/TOM3714-1.jpg?w=1360&amp;ssl=1 1360w\" width=\"285\" height=\"190\" loading=\"lazy\" data-original-width=\"285\" data-original-height=\"190\" itemprop=\"http:\/\/schema.org\/image\" title=\"_TOM3714\" alt=\"_TOM3714\" style=\"width: 285px; height: 190px;\" \/> <\/a> <\/div> <\/div> <!-- close group --> <div class=\"gallery-group images-1\" style=\"width: 391px; height: 583px;\" data-original-width=\"391\" data-original-height=\"583\" > <div class=\"tiled-gallery-item tiled-gallery-item-large\" itemprop=\"associatedMedia\" itemscope itemtype=\"http:\/\/schema.org\/ImageObject\"> <a href=\"https:\/\/alpimages.ch\/en\/portraits\/portraits-photo\/tom_9084\/\" border=\"0\" itemprop=\"url\"> <meta itemprop=\"width\" content=\"387\"> <meta itemprop=\"height\" content=\"579\"> <img decoding=\"async\" class=\"\" data-attachment-id=\"7449\" data-orig-file=\"https:\/\/alpimages.ch\/wp-content\/uploads\/2020\/04\/TOM_9084.jpg\" data-orig-size=\"4912,7360\" data-comments-opened=\"\" data-image-meta=\"{&quot;aperture&quot;:&quot;5&quot;,&quot;credit&quot;:&quot;&quot;,&quot;camera&quot;:&quot;NIKON D810&quot;,&quot;caption&quot;:&quot;&quot;,&quot;created_timestamp&quot;:&quot;1584122899&quot;,&quot;copyright&quot;:&quot;&quot;,&quot;focal_length&quot;:&quot;105&quot;,&quot;iso&quot;:&quot;64&quot;,&quot;shutter_speed&quot;:&quot;0.00625&quot;,&quot;title&quot;:&quot;&quot;,&quot;orientation&quot;:&quot;0&quot;}\" data-image-title=\"TOM_9084\" data-image-description=\"\" data-medium-file=\"https:\/\/i0.wp.com\/alpimages.ch\/wp-content\/uploads\/2020\/04\/TOM_9084.jpg?fit=200%2C300&#038;ssl=1\" data-large-file=\"https:\/\/i0.wp.com\/alpimages.ch\/wp-content\/uploads\/2020\/04\/TOM_9084.jpg?fit=680%2C1020&#038;ssl=1\" src=\"https:\/\/i0.wp.com\/alpimages.ch\/wp-content\/uploads\/2020\/04\/TOM_9084.jpg?w=387&#038;h=579&#038;ssl=1\" srcset=\"https:\/\/i0.wp.com\/alpimages.ch\/wp-content\/uploads\/2020\/04\/TOM_9084.jpg?w=4912&amp;ssl=1 4912w, https:\/\/i0.wp.com\/alpimages.ch\/wp-content\/uploads\/2020\/04\/TOM_9084.jpg?resize=200%2C300&amp;ssl=1 200w, https:\/\/i0.wp.com\/alpimages.ch\/wp-content\/uploads\/2020\/04\/TOM_9084.jpg?resize=683%2C1024&amp;ssl=1 683w, https:\/\/i0.wp.com\/alpimages.ch\/wp-content\/uploads\/2020\/04\/TOM_9084.jpg?resize=100%2C150&amp;ssl=1 100w, https:\/\/i0.wp.com\/alpimages.ch\/wp-content\/uploads\/2020\/04\/TOM_9084.jpg?resize=768%2C1151&amp;ssl=1 768w, https:\/\/i0.wp.com\/alpimages.ch\/wp-content\/uploads\/2020\/04\/TOM_9084.jpg?resize=1025%2C1536&amp;ssl=1 1025w, https:\/\/i0.wp.com\/alpimages.ch\/wp-content\/uploads\/2020\/04\/TOM_9084.jpg?resize=1367%2C2048&amp;ssl=1 1367w, https:\/\/i0.wp.com\/alpimages.ch\/wp-content\/uploads\/2020\/04\/TOM_9084.jpg?resize=317%2C475&amp;ssl=1 317w, https:\/\/i0.wp.com\/alpimages.ch\/wp-content\/uploads\/2020\/04\/TOM_9084.jpg?w=2040&amp;ssl=1 2040w\" width=\"387\" height=\"579\" loading=\"lazy\" data-original-width=\"387\" data-original-height=\"579\" itemprop=\"http:\/\/schema.org\/image\" title=\"TOM_9084\" alt=\"TOM_9084\" style=\"width: 387px; height: 579px;\" \/> <\/a> <\/div> <\/div> <!-- close group --> <\/div> <!-- close row --> <div class=\"gallery-row\" style=\"width: 680px; height: 467px;\" data-original-width=\"680\" data-original-height=\"467\" > <div class=\"gallery-group images-2\" style=\"width: 348px; height: 467px;\" data-original-width=\"348\" data-original-height=\"467\" > <div class=\"tiled-gallery-item tiled-gallery-item-large\" itemprop=\"associatedMedia\" itemscope itemtype=\"http:\/\/schema.org\/ImageObject\"> <a href=\"https:\/\/alpimages.ch\/en\/portfolio\/services\/kandoalpimages-87\/\" border=\"0\" itemprop=\"url\"> <meta itemprop=\"width\" content=\"344\"> <meta itemprop=\"height\" content=\"230\"> <img decoding=\"async\" class=\"\" data-attachment-id=\"778\" data-orig-file=\"https:\/\/alpimages.ch\/wp-content\/uploads\/2015\/07\/kandoc2a9alpimages-87.jpg\" data-orig-size=\"9000,6007\" data-comments-opened=\"\" data-image-meta=\"{&quot;aperture&quot;:&quot;2.8&quot;,&quot;credit&quot;:&quot;&quot;,&quot;camera&quot;:&quot;NIKON D800&quot;,&quot;caption&quot;:&quot;&quot;,&quot;created_timestamp&quot;:&quot;1457705513&quot;,&quot;copyright&quot;:&quot;&quot;,&quot;focal_length&quot;:&quot;31&quot;,&quot;iso&quot;:&quot;160&quot;,&quot;shutter_speed&quot;:&quot;0.0003125&quot;,&quot;title&quot;:&quot;&quot;,&quot;orientation&quot;:&quot;0&quot;}\" data-image-title=\"Kando\u00a9alpimages-87\" data-image-description=\"\" data-medium-file=\"https:\/\/i0.wp.com\/alpimages.ch\/wp-content\/uploads\/2015\/07\/kandoc2a9alpimages-87.jpg?fit=300%2C200&#038;ssl=1\" data-large-file=\"https:\/\/i0.wp.com\/alpimages.ch\/wp-content\/uploads\/2015\/07\/kandoc2a9alpimages-87.jpg?fit=680%2C454&#038;ssl=1\" src=\"https:\/\/i0.wp.com\/alpimages.ch\/wp-content\/uploads\/2015\/07\/kandoc2a9alpimages-87.jpg?w=344&#038;h=230&#038;ssl=1\" width=\"344\" height=\"230\" loading=\"lazy\" data-original-width=\"344\" data-original-height=\"230\" itemprop=\"http:\/\/schema.org\/image\" title=\"Kando\u00a9alpimages-87\" alt=\"Kando\u00a9alpimages-87\" style=\"width: 344px; height: 230px;\" \/> <\/a> <\/div> <div class=\"tiled-gallery-item tiled-gallery-item-large\" itemprop=\"associatedMedia\" itemscope itemtype=\"http:\/\/schema.org\/ImageObject\"> <a href=\"https:\/\/alpimages.ch\/en\/portraits\/portraits-photo\/_tom5742-2\/\" border=\"0\" itemprop=\"url\"> <meta itemprop=\"width\" content=\"344\"> <meta itemprop=\"height\" content=\"229\"> <img decoding=\"async\" class=\"\" data-attachment-id=\"11501\" data-orig-file=\"https:\/\/alpimages.ch\/wp-content\/uploads\/2023\/12\/TOM5742-1.jpg\" data-orig-size=\"8256,5504\" data-comments-opened=\"\" data-image-meta=\"{&quot;aperture&quot;:&quot;5.6&quot;,&quot;credit&quot;:&quot;&quot;,&quot;camera&quot;:&quot;NIKON D850&quot;,&quot;caption&quot;:&quot;&quot;,&quot;created_timestamp&quot;:&quot;1660154446&quot;,&quot;copyright&quot;:&quot;&quot;,&quot;focal_length&quot;:&quot;50&quot;,&quot;iso&quot;:&quot;1000&quot;,&quot;shutter_speed&quot;:&quot;0.005&quot;,&quot;title&quot;:&quot;&quot;,&quot;orientation&quot;:&quot;0&quot;}\" data-image-title=\"_TOM5742\" data-image-description=\"\" data-medium-file=\"https:\/\/i0.wp.com\/alpimages.ch\/wp-content\/uploads\/2023\/12\/TOM5742-1.jpg?fit=300%2C200&#038;ssl=1\" data-large-file=\"https:\/\/i0.wp.com\/alpimages.ch\/wp-content\/uploads\/2023\/12\/TOM5742-1.jpg?fit=680%2C454&#038;ssl=1\" src=\"https:\/\/i0.wp.com\/alpimages.ch\/wp-content\/uploads\/2023\/12\/TOM5742-1.jpg?w=344&#038;h=229&#038;ssl=1\" srcset=\"https:\/\/i0.wp.com\/alpimages.ch\/wp-content\/uploads\/2023\/12\/TOM5742-1.jpg?w=8256&amp;ssl=1 8256w, https:\/\/i0.wp.com\/alpimages.ch\/wp-content\/uploads\/2023\/12\/TOM5742-1.jpg?resize=300%2C200&amp;ssl=1 300w, https:\/\/i0.wp.com\/alpimages.ch\/wp-content\/uploads\/2023\/12\/TOM5742-1.jpg?resize=1024%2C683&amp;ssl=1 1024w, https:\/\/i0.wp.com\/alpimages.ch\/wp-content\/uploads\/2023\/12\/TOM5742-1.jpg?resize=150%2C100&amp;ssl=1 150w, https:\/\/i0.wp.com\/alpimages.ch\/wp-content\/uploads\/2023\/12\/TOM5742-1.jpg?resize=768%2C512&amp;ssl=1 768w, https:\/\/i0.wp.com\/alpimages.ch\/wp-content\/uploads\/2023\/12\/TOM5742-1.jpg?resize=1536%2C1024&amp;ssl=1 1536w, https:\/\/i0.wp.com\/alpimages.ch\/wp-content\/uploads\/2023\/12\/TOM5742-1.jpg?resize=2048%2C1365&amp;ssl=1 2048w, https:\/\/i0.wp.com\/alpimages.ch\/wp-content\/uploads\/2023\/12\/TOM5742-1.jpg?resize=18%2C12&amp;ssl=1 18w, https:\/\/i0.wp.com\/alpimages.ch\/wp-content\/uploads\/2023\/12\/TOM5742-1.jpg?resize=317%2C211&amp;ssl=1 317w, https:\/\/i0.wp.com\/alpimages.ch\/wp-content\/uploads\/2023\/12\/TOM5742-1.jpg?w=1360&amp;ssl=1 1360w\" width=\"344\" height=\"229\" loading=\"lazy\" data-original-width=\"344\" data-original-height=\"229\" itemprop=\"http:\/\/schema.org\/image\" title=\"_TOM5742\" alt=\"_TOM5742\" style=\"width: 344px; height: 229px;\" \/> <\/a> <\/div> <\/div> <!-- close group --> <div class=\"gallery-group images-1\" style=\"width: 332px; height: 467px;\" data-original-width=\"332\" data-original-height=\"467\" > <div class=\"tiled-gallery-item tiled-gallery-item-large\" itemprop=\"associatedMedia\" itemscope itemtype=\"http:\/\/schema.org\/ImageObject\"> <a href=\"https:\/\/alpimages.ch\/en\/portraits\/portraits-photo\/_tom0127\/\" border=\"0\" itemprop=\"url\"> <meta itemprop=\"width\" content=\"328\"> <meta itemprop=\"height\" content=\"463\"> <img decoding=\"async\" class=\"\" data-attachment-id=\"7559\" data-orig-file=\"https:\/\/alpimages.ch\/wp-content\/uploads\/2020\/04\/TOM0127.jpg\" data-orig-size=\"4912,6931\" data-comments-opened=\"\" data-image-meta=\"{&quot;aperture&quot;:&quot;7.1&quot;,&quot;credit&quot;:&quot;&quot;,&quot;camera&quot;:&quot;NIKON D810&quot;,&quot;caption&quot;:&quot;&quot;,&quot;created_timestamp&quot;:&quot;1564666271&quot;,&quot;copyright&quot;:&quot;&quot;,&quot;focal_length&quot;:&quot;105&quot;,&quot;iso&quot;:&quot;320&quot;,&quot;shutter_speed&quot;:&quot;0.00125&quot;,&quot;title&quot;:&quot;&quot;,&quot;orientation&quot;:&quot;1&quot;}\" data-image-title=\"_TOM0127\" data-image-description=\"\" data-medium-file=\"https:\/\/i0.wp.com\/alpimages.ch\/wp-content\/uploads\/2020\/04\/TOM0127.jpg?fit=213%2C300&#038;ssl=1\" data-large-file=\"https:\/\/i0.wp.com\/alpimages.ch\/wp-content\/uploads\/2020\/04\/TOM0127.jpg?fit=680%2C959&#038;ssl=1\" src=\"https:\/\/i0.wp.com\/alpimages.ch\/wp-content\/uploads\/2020\/04\/TOM0127.jpg?w=328&#038;h=463&#038;ssl=1\" srcset=\"https:\/\/i0.wp.com\/alpimages.ch\/wp-content\/uploads\/2020\/04\/TOM0127.jpg?w=4912&amp;ssl=1 4912w, https:\/\/i0.wp.com\/alpimages.ch\/wp-content\/uploads\/2020\/04\/TOM0127.jpg?resize=213%2C300&amp;ssl=1 213w, https:\/\/i0.wp.com\/alpimages.ch\/wp-content\/uploads\/2020\/04\/TOM0127.jpg?resize=726%2C1024&amp;ssl=1 726w, https:\/\/i0.wp.com\/alpimages.ch\/wp-content\/uploads\/2020\/04\/TOM0127.jpg?resize=106%2C150&amp;ssl=1 106w, https:\/\/i0.wp.com\/alpimages.ch\/wp-content\/uploads\/2020\/04\/TOM0127.jpg?resize=768%2C1084&amp;ssl=1 768w, https:\/\/i0.wp.com\/alpimages.ch\/wp-content\/uploads\/2020\/04\/TOM0127.jpg?resize=1089%2C1536&amp;ssl=1 1089w, https:\/\/i0.wp.com\/alpimages.ch\/wp-content\/uploads\/2020\/04\/TOM0127.jpg?resize=1451%2C2048&amp;ssl=1 1451w, https:\/\/i0.wp.com\/alpimages.ch\/wp-content\/uploads\/2020\/04\/TOM0127.jpg?resize=317%2C447&amp;ssl=1 317w, https:\/\/i0.wp.com\/alpimages.ch\/wp-content\/uploads\/2020\/04\/TOM0127.jpg?w=1360&amp;ssl=1 1360w, https:\/\/i0.wp.com\/alpimages.ch\/wp-content\/uploads\/2020\/04\/TOM0127.jpg?w=2040&amp;ssl=1 2040w\" width=\"328\" height=\"463\" loading=\"lazy\" data-original-width=\"328\" data-original-height=\"463\" itemprop=\"http:\/\/schema.org\/image\" title=\"_TOM0127\" alt=\"_TOM0127\" style=\"width: 328px; height: 463px;\" \/> <\/a> <\/div> <\/div> <!-- close group --> <\/div> <!-- close row --> <div class=\"gallery-row\" style=\"width: 680px; height: 304px;\" data-original-width=\"680\" data-original-height=\"304\" > <div class=\"gallery-group images-1\" style=\"width: 454px; height: 304px;\" data-original-width=\"454\" data-original-height=\"304\" > <div class=\"tiled-gallery-item tiled-gallery-item-large\" itemprop=\"associatedMedia\" itemscope itemtype=\"http:\/\/schema.org\/ImageObject\"> <a href=\"https:\/\/alpimages.ch\/en\/portraits\/portraits-photo\/alpimagesfleurgerritseneddy-6-2\/\" border=\"0\" itemprop=\"url\"> <meta itemprop=\"width\" content=\"450\"> <meta itemprop=\"height\" content=\"300\"> <img decoding=\"async\" class=\"\" data-attachment-id=\"7564\" data-orig-file=\"https:\/\/alpimages.ch\/wp-content\/uploads\/2020\/04\/ALPIMAGES\u00a9FleurGerritsen@Eddy-6-2.jpg\" data-orig-size=\"7360,4912\" data-comments-opened=\"\" data-image-meta=\"{&quot;aperture&quot;:&quot;2.8&quot;,&quot;credit&quot;:&quot;&quot;,&quot;camera&quot;:&quot;NIKON D800&quot;,&quot;caption&quot;:&quot;&quot;,&quot;created_timestamp&quot;:&quot;1499935423&quot;,&quot;copyright&quot;:&quot;&quot;,&quot;focal_length&quot;:&quot;105&quot;,&quot;iso&quot;:&quot;640&quot;,&quot;shutter_speed&quot;:&quot;0.01&quot;,&quot;title&quot;:&quot;&quot;,&quot;orientation&quot;:&quot;0&quot;}\" data-image-title=\"ALPIMAGES\u00a9FleurGerritsen@Eddy-6-2\" data-image-description=\"\" data-medium-file=\"https:\/\/i0.wp.com\/alpimages.ch\/wp-content\/uploads\/2020\/04\/ALPIMAGES%C2%A9FleurGerritsen%40Eddy-6-2.jpg?fit=300%2C200&#038;ssl=1\" data-large-file=\"https:\/\/i0.wp.com\/alpimages.ch\/wp-content\/uploads\/2020\/04\/ALPIMAGES%C2%A9FleurGerritsen%40Eddy-6-2.jpg?fit=680%2C454&#038;ssl=1\" src=\"https:\/\/i0.wp.com\/alpimages.ch\/wp-content\/uploads\/2020\/04\/ALPIMAGES%C2%A9FleurGerritsen%40Eddy-6-2.jpg?w=450&#038;h=300&#038;ssl=1\" width=\"450\" height=\"300\" loading=\"lazy\" data-original-width=\"450\" data-original-height=\"300\" itemprop=\"http:\/\/schema.org\/image\" title=\"ALPIMAGES\u00a9FleurGerritsen@Eddy-6-2\" alt=\"ALPIMAGES\u00a9FleurGerritsen@Eddy-6-2\" style=\"width: 450px; height: 300px;\" \/> <\/a> <\/div> <\/div> <!-- close group --> <div class=\"gallery-group images-2\" style=\"width: 226px; height: 304px;\" data-original-width=\"226\" data-original-height=\"304\" > <div class=\"tiled-gallery-item tiled-gallery-item-small\" itemprop=\"associatedMedia\" itemscope itemtype=\"http:\/\/schema.org\/ImageObject\"> <a href=\"https:\/\/alpimages.ch\/en\/portraits\/portraits-photo\/alpimagesfleurgerritseneddy-23\/\" border=\"0\" itemprop=\"url\"> <meta itemprop=\"width\" content=\"222\"> <meta itemprop=\"height\" content=\"148\"> <img decoding=\"async\" class=\"\" data-attachment-id=\"7565\" data-orig-file=\"https:\/\/alpimages.ch\/wp-content\/uploads\/2020\/04\/ALPIMAGES\u00a9FleurGerritsen@Eddy-23.jpg\" data-orig-size=\"7360,4912\" data-comments-opened=\"\" data-image-meta=\"{&quot;aperture&quot;:&quot;3.2&quot;,&quot;credit&quot;:&quot;&quot;,&quot;camera&quot;:&quot;NIKON D800&quot;,&quot;caption&quot;:&quot;&quot;,&quot;created_timestamp&quot;:&quot;1499937220&quot;,&quot;copyright&quot;:&quot;&quot;,&quot;focal_length&quot;:&quot;70&quot;,&quot;iso&quot;:&quot;200&quot;,&quot;shutter_speed&quot;:&quot;0.0005&quot;,&quot;title&quot;:&quot;&quot;,&quot;orientation&quot;:&quot;0&quot;}\" data-image-title=\"ALPIMAGES\u00a9FleurGerritsen@Eddy-23\" data-image-description=\"\" data-medium-file=\"https:\/\/i0.wp.com\/alpimages.ch\/wp-content\/uploads\/2020\/04\/ALPIMAGES%C2%A9FleurGerritsen%40Eddy-23.jpg?fit=300%2C200&#038;ssl=1\" data-large-file=\"https:\/\/i0.wp.com\/alpimages.ch\/wp-content\/uploads\/2020\/04\/ALPIMAGES%C2%A9FleurGerritsen%40Eddy-23.jpg?fit=680%2C454&#038;ssl=1\" src=\"https:\/\/i0.wp.com\/alpimages.ch\/wp-content\/uploads\/2020\/04\/ALPIMAGES%C2%A9FleurGerritsen%40Eddy-23.jpg?w=222&#038;h=148&#038;ssl=1\" width=\"222\" height=\"148\" loading=\"lazy\" data-original-width=\"222\" data-original-height=\"148\" itemprop=\"http:\/\/schema.org\/image\" title=\"ALPIMAGES\u00a9FleurGerritsen@Eddy-23\" alt=\"ALPIMAGES\u00a9FleurGerritsen@Eddy-23\" style=\"width: 222px; height: 148px;\" \/> <\/a> <\/div> <div class=\"tiled-gallery-item tiled-gallery-item-small\" itemprop=\"associatedMedia\" itemscope itemtype=\"http:\/\/schema.org\/ImageObject\"> <a href=\"https:\/\/alpimages.ch\/en\/portraits\/portraits-photo\/alpimages-50-3\/\" border=\"0\" itemprop=\"url\"> <meta itemprop=\"width\" content=\"222\"> <meta itemprop=\"height\" content=\"148\"> <img decoding=\"async\" class=\"\" data-attachment-id=\"7567\" data-orig-file=\"https:\/\/alpimages.ch\/wp-content\/uploads\/2020\/04\/ALPIMAGES-50.jpg\" data-orig-size=\"7200,4805\" data-comments-opened=\"\" data-image-meta=\"{&quot;aperture&quot;:&quot;8&quot;,&quot;credit&quot;:&quot;&quot;,&quot;camera&quot;:&quot;NIKON D810&quot;,&quot;caption&quot;:&quot;&quot;,&quot;created_timestamp&quot;:&quot;1523087371&quot;,&quot;copyright&quot;:&quot;&quot;,&quot;focal_length&quot;:&quot;66&quot;,&quot;iso&quot;:&quot;250&quot;,&quot;shutter_speed&quot;:&quot;0.001&quot;,&quot;title&quot;:&quot;&quot;,&quot;orientation&quot;:&quot;1&quot;}\" data-image-title=\"ALPIMAGES-50\" data-image-description=\"\" data-medium-file=\"https:\/\/i0.wp.com\/alpimages.ch\/wp-content\/uploads\/2020\/04\/ALPIMAGES-50.jpg?fit=300%2C200&#038;ssl=1\" data-large-file=\"https:\/\/i0.wp.com\/alpimages.ch\/wp-content\/uploads\/2020\/04\/ALPIMAGES-50.jpg?fit=680%2C454&#038;ssl=1\" src=\"https:\/\/i0.wp.com\/alpimages.ch\/wp-content\/uploads\/2020\/04\/ALPIMAGES-50.jpg?w=222&#038;h=148&#038;ssl=1\" srcset=\"https:\/\/i0.wp.com\/alpimages.ch\/wp-content\/uploads\/2020\/04\/ALPIMAGES-50.jpg?w=7200&amp;ssl=1 7200w, https:\/\/i0.wp.com\/alpimages.ch\/wp-content\/uploads\/2020\/04\/ALPIMAGES-50.jpg?resize=300%2C200&amp;ssl=1 300w, https:\/\/i0.wp.com\/alpimages.ch\/wp-content\/uploads\/2020\/04\/ALPIMAGES-50.jpg?resize=1024%2C683&amp;ssl=1 1024w, https:\/\/i0.wp.com\/alpimages.ch\/wp-content\/uploads\/2020\/04\/ALPIMAGES-50.jpg?resize=150%2C100&amp;ssl=1 150w, https:\/\/i0.wp.com\/alpimages.ch\/wp-content\/uploads\/2020\/04\/ALPIMAGES-50.jpg?resize=768%2C513&amp;ssl=1 768w, https:\/\/i0.wp.com\/alpimages.ch\/wp-content\/uploads\/2020\/04\/ALPIMAGES-50.jpg?resize=1536%2C1025&amp;ssl=1 1536w, https:\/\/i0.wp.com\/alpimages.ch\/wp-content\/uploads\/2020\/04\/ALPIMAGES-50.jpg?resize=2048%2C1367&amp;ssl=1 2048w, https:\/\/i0.wp.com\/alpimages.ch\/wp-content\/uploads\/2020\/04\/ALPIMAGES-50.jpg?resize=317%2C212&amp;ssl=1 317w, https:\/\/i0.wp.com\/alpimages.ch\/wp-content\/uploads\/2020\/04\/ALPIMAGES-50.jpg?w=1360&amp;ssl=1 1360w\" width=\"222\" height=\"148\" loading=\"lazy\" data-original-width=\"222\" data-original-height=\"148\" itemprop=\"http:\/\/schema.org\/image\" title=\"ALPIMAGES-50\" alt=\"ALPIMAGES-50\" style=\"width: 222px; height: 148px;\" \/> <\/a> <\/div> <\/div> <!-- close group --> <\/div> <!-- close row --> <div class=\"gallery-row\" style=\"width: 680px; height: 315px;\" data-original-width=\"680\" data-original-height=\"315\" > <div class=\"gallery-group images-2\" style=\"width: 234px; height: 315px;\" data-original-width=\"234\" data-original-height=\"315\" > <div class=\"tiled-gallery-item tiled-gallery-item-small\" itemprop=\"associatedMedia\" itemscope itemtype=\"http:\/\/schema.org\/ImageObject\"> <a href=\"https:\/\/alpimages.ch\/en\/portraits\/portraits-photo\/ben_7737\/\" border=\"0\" itemprop=\"url\"> <meta itemprop=\"width\" content=\"230\"> <meta itemprop=\"height\" content=\"153\"> <img decoding=\"async\" class=\"\" data-attachment-id=\"7568\" data-orig-file=\"https:\/\/alpimages.ch\/wp-content\/uploads\/2020\/04\/BEN_7737.jpg\" data-orig-size=\"5315,3543\" data-comments-opened=\"\" data-image-meta=\"{&quot;aperture&quot;:&quot;5&quot;,&quot;credit&quot;:&quot;&quot;,&quot;camera&quot;:&quot;NIKON D750&quot;,&quot;caption&quot;:&quot;&quot;,&quot;created_timestamp&quot;:&quot;1578845263&quot;,&quot;copyright&quot;:&quot;&quot;,&quot;focal_length&quot;:&quot;86&quot;,&quot;iso&quot;:&quot;200&quot;,&quot;shutter_speed&quot;:&quot;0.0025&quot;,&quot;title&quot;:&quot;&quot;,&quot;orientation&quot;:&quot;1&quot;}\" data-image-title=\"BEN_7737\" data-image-description=\"\" data-medium-file=\"https:\/\/i0.wp.com\/alpimages.ch\/wp-content\/uploads\/2020\/04\/BEN_7737.jpg?fit=300%2C200&#038;ssl=1\" data-large-file=\"https:\/\/i0.wp.com\/alpimages.ch\/wp-content\/uploads\/2020\/04\/BEN_7737.jpg?fit=680%2C454&#038;ssl=1\" src=\"https:\/\/i0.wp.com\/alpimages.ch\/wp-content\/uploads\/2020\/04\/BEN_7737.jpg?w=230&#038;h=153&#038;ssl=1\" srcset=\"https:\/\/i0.wp.com\/alpimages.ch\/wp-content\/uploads\/2020\/04\/BEN_7737.jpg?w=5315&amp;ssl=1 5315w, https:\/\/i0.wp.com\/alpimages.ch\/wp-content\/uploads\/2020\/04\/BEN_7737.jpg?resize=300%2C200&amp;ssl=1 300w, https:\/\/i0.wp.com\/alpimages.ch\/wp-content\/uploads\/2020\/04\/BEN_7737.jpg?resize=1024%2C683&amp;ssl=1 1024w, https:\/\/i0.wp.com\/alpimages.ch\/wp-content\/uploads\/2020\/04\/BEN_7737.jpg?resize=150%2C100&amp;ssl=1 150w, https:\/\/i0.wp.com\/alpimages.ch\/wp-content\/uploads\/2020\/04\/BEN_7737.jpg?resize=768%2C512&amp;ssl=1 768w, https:\/\/i0.wp.com\/alpimages.ch\/wp-content\/uploads\/2020\/04\/BEN_7737.jpg?resize=1536%2C1024&amp;ssl=1 1536w, https:\/\/i0.wp.com\/alpimages.ch\/wp-content\/uploads\/2020\/04\/BEN_7737.jpg?resize=2048%2C1365&amp;ssl=1 2048w, https:\/\/i0.wp.com\/alpimages.ch\/wp-content\/uploads\/2020\/04\/BEN_7737.jpg?resize=317%2C211&amp;ssl=1 317w, https:\/\/i0.wp.com\/alpimages.ch\/wp-content\/uploads\/2020\/04\/BEN_7737.jpg?w=1360&amp;ssl=1 1360w\" width=\"230\" height=\"153\" loading=\"lazy\" data-original-width=\"230\" data-original-height=\"153\" itemprop=\"http:\/\/schema.org\/image\" title=\"BEN_7737\" alt=\"BEN_7737\" style=\"width: 230px; height: 153px;\" \/> <\/a> <\/div> <div class=\"tiled-gallery-item tiled-gallery-item-small\" itemprop=\"associatedMedia\" itemscope itemtype=\"http:\/\/schema.org\/ImageObject\"> <a href=\"https:\/\/alpimages.ch\/en\/portraits\/portraits-photo\/thelodge-alpimages-thomas-roulin-8306\/\" border=\"0\" itemprop=\"url\"> <meta itemprop=\"width\" content=\"230\"> <meta itemprop=\"height\" content=\"154\"> <img decoding=\"async\" class=\"\" data-attachment-id=\"7573\" data-orig-file=\"https:\/\/alpimages.ch\/wp-content\/uploads\/2020\/04\/THELODGE-Alpimages-Thomas-Roulin-8306.jpg\" data-orig-size=\"5315,3547\" data-comments-opened=\"\" data-image-meta=\"{&quot;aperture&quot;:&quot;5.6&quot;,&quot;credit&quot;:&quot;&quot;,&quot;camera&quot;:&quot;NIKON D810&quot;,&quot;caption&quot;:&quot;&quot;,&quot;created_timestamp&quot;:&quot;1575891342&quot;,&quot;copyright&quot;:&quot;&quot;,&quot;focal_length&quot;:&quot;45&quot;,&quot;iso&quot;:&quot;400&quot;,&quot;shutter_speed&quot;:&quot;0.0008&quot;,&quot;title&quot;:&quot;&quot;,&quot;orientation&quot;:&quot;1&quot;}\" data-image-title=\"THELODGE-Alpimages-Thomas Roulin-8306\" data-image-description=\"\" data-medium-file=\"https:\/\/i0.wp.com\/alpimages.ch\/wp-content\/uploads\/2020\/04\/THELODGE-Alpimages-Thomas-Roulin-8306.jpg?fit=300%2C200&#038;ssl=1\" data-large-file=\"https:\/\/i0.wp.com\/alpimages.ch\/wp-content\/uploads\/2020\/04\/THELODGE-Alpimages-Thomas-Roulin-8306.jpg?fit=680%2C454&#038;ssl=1\" src=\"https:\/\/i0.wp.com\/alpimages.ch\/wp-content\/uploads\/2020\/04\/THELODGE-Alpimages-Thomas-Roulin-8306.jpg?w=230&#038;h=154&#038;ssl=1\" srcset=\"https:\/\/i0.wp.com\/alpimages.ch\/wp-content\/uploads\/2020\/04\/THELODGE-Alpimages-Thomas-Roulin-8306.jpg?w=5315&amp;ssl=1 5315w, https:\/\/i0.wp.com\/alpimages.ch\/wp-content\/uploads\/2020\/04\/THELODGE-Alpimages-Thomas-Roulin-8306.jpg?resize=300%2C200&amp;ssl=1 300w, https:\/\/i0.wp.com\/alpimages.ch\/wp-content\/uploads\/2020\/04\/THELODGE-Alpimages-Thomas-Roulin-8306.jpg?resize=1024%2C683&amp;ssl=1 1024w, https:\/\/i0.wp.com\/alpimages.ch\/wp-content\/uploads\/2020\/04\/THELODGE-Alpimages-Thomas-Roulin-8306.jpg?resize=150%2C100&amp;ssl=1 150w, https:\/\/i0.wp.com\/alpimages.ch\/wp-content\/uploads\/2020\/04\/THELODGE-Alpimages-Thomas-Roulin-8306.jpg?resize=768%2C513&amp;ssl=1 768w, https:\/\/i0.wp.com\/alpimages.ch\/wp-content\/uploads\/2020\/04\/THELODGE-Alpimages-Thomas-Roulin-8306.jpg?resize=1536%2C1025&amp;ssl=1 1536w, https:\/\/i0.wp.com\/alpimages.ch\/wp-content\/uploads\/2020\/04\/THELODGE-Alpimages-Thomas-Roulin-8306.jpg?resize=2048%2C1367&amp;ssl=1 2048w, https:\/\/i0.wp.com\/alpimages.ch\/wp-content\/uploads\/2020\/04\/THELODGE-Alpimages-Thomas-Roulin-8306.jpg?resize=317%2C212&amp;ssl=1 317w, https:\/\/i0.wp.com\/alpimages.ch\/wp-content\/uploads\/2020\/04\/THELODGE-Alpimages-Thomas-Roulin-8306.jpg?w=1360&amp;ssl=1 1360w\" width=\"230\" height=\"154\" loading=\"lazy\" data-original-width=\"230\" data-original-height=\"154\" itemprop=\"http:\/\/schema.org\/image\" title=\"THELODGE-Alpimages-Thomas Roulin-8306\" alt=\"THELODGE-Alpimages-Thomas Roulin-8306\" style=\"width: 230px; height: 154px;\" \/> <\/a> <\/div> <\/div> <!-- close group --> <div class=\"gallery-group images-1\" style=\"width: 212px; height: 315px;\" data-original-width=\"212\" data-original-height=\"315\" > <div class=\"tiled-gallery-item tiled-gallery-item-small\" itemprop=\"associatedMedia\" itemscope itemtype=\"http:\/\/schema.org\/ImageObject\"> <a href=\"https:\/\/alpimages.ch\/en\/portraits\/portraits-photo\/tom_5045\/\" border=\"0\" itemprop=\"url\"> <meta itemprop=\"width\" content=\"208\"> <meta itemprop=\"height\" content=\"311\"> <img decoding=\"async\" class=\"\" data-attachment-id=\"7577\" data-orig-file=\"https:\/\/alpimages.ch\/wp-content\/uploads\/2020\/04\/TOM_5045.jpg\" data-orig-size=\"1183,1772\" data-comments-opened=\"\" data-image-meta=\"{&quot;aperture&quot;:&quot;4&quot;,&quot;credit&quot;:&quot;&quot;,&quot;camera&quot;:&quot;NIKON D810&quot;,&quot;caption&quot;:&quot;&quot;,&quot;created_timestamp&quot;:&quot;1551116386&quot;,&quot;copyright&quot;:&quot;&quot;,&quot;focal_length&quot;:&quot;55&quot;,&quot;iso&quot;:&quot;500&quot;,&quot;shutter_speed&quot;:&quot;0.008&quot;,&quot;title&quot;:&quot;&quot;,&quot;orientation&quot;:&quot;0&quot;}\" data-image-title=\"TOM_5045\" data-image-description=\"\" data-medium-file=\"https:\/\/i0.wp.com\/alpimages.ch\/wp-content\/uploads\/2020\/04\/TOM_5045.jpg?fit=200%2C300&#038;ssl=1\" data-large-file=\"https:\/\/i0.wp.com\/alpimages.ch\/wp-content\/uploads\/2020\/04\/TOM_5045.jpg?fit=680%2C1018&#038;ssl=1\" src=\"https:\/\/i0.wp.com\/alpimages.ch\/wp-content\/uploads\/2020\/04\/TOM_5045.jpg?w=208&#038;h=311&#038;ssl=1\" srcset=\"https:\/\/i0.wp.com\/alpimages.ch\/wp-content\/uploads\/2020\/04\/TOM_5045.jpg?w=1183&amp;ssl=1 1183w, https:\/\/i0.wp.com\/alpimages.ch\/wp-content\/uploads\/2020\/04\/TOM_5045.jpg?resize=200%2C300&amp;ssl=1 200w, https:\/\/i0.wp.com\/alpimages.ch\/wp-content\/uploads\/2020\/04\/TOM_5045.jpg?resize=684%2C1024&amp;ssl=1 684w, https:\/\/i0.wp.com\/alpimages.ch\/wp-content\/uploads\/2020\/04\/TOM_5045.jpg?resize=100%2C150&amp;ssl=1 100w, https:\/\/i0.wp.com\/alpimages.ch\/wp-content\/uploads\/2020\/04\/TOM_5045.jpg?resize=768%2C1150&amp;ssl=1 768w, https:\/\/i0.wp.com\/alpimages.ch\/wp-content\/uploads\/2020\/04\/TOM_5045.jpg?resize=1025%2C1536&amp;ssl=1 1025w, https:\/\/i0.wp.com\/alpimages.ch\/wp-content\/uploads\/2020\/04\/TOM_5045.jpg?resize=317%2C475&amp;ssl=1 317w\" width=\"208\" height=\"311\" loading=\"lazy\" data-original-width=\"208\" data-original-height=\"311\" itemprop=\"http:\/\/schema.org\/image\" title=\"TOM_5045\" alt=\"TOM_5045\" style=\"width: 208px; height: 311px;\" \/> <\/a> <\/div> <\/div> <!-- close group --> <div class=\"gallery-group images-2\" style=\"width: 234px; height: 315px;\" data-original-width=\"234\" data-original-height=\"315\" > <div class=\"tiled-gallery-item tiled-gallery-item-small\" itemprop=\"associatedMedia\" itemscope itemtype=\"http:\/\/schema.org\/ImageObject\"> <a href=\"https:\/\/alpimages.ch\/en\/portraits\/portraits-photo\/_tom1002\/\" border=\"0\" itemprop=\"url\"> <meta itemprop=\"width\" content=\"230\"> <meta itemprop=\"height\" content=\"154\"> <img decoding=\"async\" class=\"\" data-attachment-id=\"7438\" data-orig-file=\"https:\/\/alpimages.ch\/wp-content\/uploads\/2020\/04\/TOM1002.jpg\" data-orig-size=\"9000,6007\" data-comments-opened=\"\" data-image-meta=\"{&quot;aperture&quot;:&quot;11&quot;,&quot;credit&quot;:&quot;&quot;,&quot;camera&quot;:&quot;NIKON D810&quot;,&quot;caption&quot;:&quot;&quot;,&quot;created_timestamp&quot;:&quot;1565451739&quot;,&quot;copyright&quot;:&quot;&quot;,&quot;focal_length&quot;:&quot;85&quot;,&quot;iso&quot;:&quot;125&quot;,&quot;shutter_speed&quot;:&quot;0.008&quot;,&quot;title&quot;:&quot;&quot;,&quot;orientation&quot;:&quot;0&quot;}\" data-image-title=\"_TOM1002\" data-image-description=\"\" data-medium-file=\"https:\/\/i0.wp.com\/alpimages.ch\/wp-content\/uploads\/2020\/04\/TOM1002.jpg?fit=300%2C200&#038;ssl=1\" data-large-file=\"https:\/\/i0.wp.com\/alpimages.ch\/wp-content\/uploads\/2020\/04\/TOM1002.jpg?fit=680%2C454&#038;ssl=1\" src=\"https:\/\/i0.wp.com\/alpimages.ch\/wp-content\/uploads\/2020\/04\/TOM1002.jpg?w=230&#038;h=154&#038;ssl=1\" width=\"230\" height=\"154\" loading=\"lazy\" data-original-width=\"230\" data-original-height=\"154\" itemprop=\"http:\/\/schema.org\/image\" title=\"_TOM1002\" alt=\"_TOM1002\" style=\"width: 230px; height: 154px;\" \/> <\/a> <\/div> <div class=\"tiled-gallery-item tiled-gallery-item-small\" itemprop=\"associatedMedia\" itemscope itemtype=\"http:\/\/schema.org\/ImageObject\"> <a href=\"https:\/\/alpimages.ch\/en\/portraits\/portraits-photo\/tom_6969\/\" border=\"0\" itemprop=\"url\"> <meta itemprop=\"width\" content=\"230\"> <meta itemprop=\"height\" content=\"153\"> <img decoding=\"async\" class=\"\" data-attachment-id=\"11506\" data-orig-file=\"https:\/\/alpimages.ch\/wp-content\/uploads\/2023\/12\/TOM_6969.jpg\" data-orig-size=\"5568,3712\" data-comments-opened=\"\" data-image-meta=\"{&quot;aperture&quot;:&quot;8&quot;,&quot;credit&quot;:&quot;&quot;,&quot;camera&quot;:&quot;NIKON D5&quot;,&quot;caption&quot;:&quot;&quot;,&quot;created_timestamp&quot;:&quot;1691923464&quot;,&quot;copyright&quot;:&quot;&quot;,&quot;focal_length&quot;:&quot;92&quot;,&quot;iso&quot;:&quot;250&quot;,&quot;shutter_speed&quot;:&quot;0.005&quot;,&quot;title&quot;:&quot;&quot;,&quot;orientation&quot;:&quot;0&quot;}\" data-image-title=\"TOM_6969\" data-image-description=\"\" data-medium-file=\"https:\/\/i0.wp.com\/alpimages.ch\/wp-content\/uploads\/2023\/12\/TOM_6969.jpg?fit=300%2C200&#038;ssl=1\" data-large-file=\"https:\/\/i0.wp.com\/alpimages.ch\/wp-content\/uploads\/2023\/12\/TOM_6969.jpg?fit=680%2C454&#038;ssl=1\" src=\"https:\/\/i0.wp.com\/alpimages.ch\/wp-content\/uploads\/2023\/12\/TOM_6969.jpg?w=230&#038;h=153&#038;ssl=1\" srcset=\"https:\/\/i0.wp.com\/alpimages.ch\/wp-content\/uploads\/2023\/12\/TOM_6969.jpg?w=5568&amp;ssl=1 5568w, https:\/\/i0.wp.com\/alpimages.ch\/wp-content\/uploads\/2023\/12\/TOM_6969.jpg?resize=300%2C200&amp;ssl=1 300w, https:\/\/i0.wp.com\/alpimages.ch\/wp-content\/uploads\/2023\/12\/TOM_6969.jpg?resize=1024%2C683&amp;ssl=1 1024w, https:\/\/i0.wp.com\/alpimages.ch\/wp-content\/uploads\/2023\/12\/TOM_6969.jpg?resize=150%2C100&amp;ssl=1 150w, https:\/\/i0.wp.com\/alpimages.ch\/wp-content\/uploads\/2023\/12\/TOM_6969.jpg?resize=768%2C512&amp;ssl=1 768w, https:\/\/i0.wp.com\/alpimages.ch\/wp-content\/uploads\/2023\/12\/TOM_6969.jpg?resize=1536%2C1024&amp;ssl=1 1536w, https:\/\/i0.wp.com\/alpimages.ch\/wp-content\/uploads\/2023\/12\/TOM_6969.jpg?resize=2048%2C1365&amp;ssl=1 2048w, https:\/\/i0.wp.com\/alpimages.ch\/wp-content\/uploads\/2023\/12\/TOM_6969.jpg?resize=18%2C12&amp;ssl=1 18w, https:\/\/i0.wp.com\/alpimages.ch\/wp-content\/uploads\/2023\/12\/TOM_6969.jpg?resize=317%2C211&amp;ssl=1 317w, https:\/\/i0.wp.com\/alpimages.ch\/wp-content\/uploads\/2023\/12\/TOM_6969.jpg?w=1360&amp;ssl=1 1360w\" width=\"230\" height=\"153\" loading=\"lazy\" data-original-width=\"230\" data-original-height=\"153\" itemprop=\"http:\/\/schema.org\/image\" title=\"TOM_6969\" alt=\"TOM_6969\" style=\"width: 230px; height: 153px;\" \/> <\/a> <\/div> <\/div> <!-- close group --> <\/div> <!-- close row --> <div class=\"gallery-row\" style=\"width: 680px; height: 228px;\" data-original-width=\"680\" data-original-height=\"228\" > <div class=\"gallery-group images-1\" style=\"width: 340px; height: 228px;\" data-original-width=\"340\" data-original-height=\"228\" > <div class=\"tiled-gallery-item tiled-gallery-item-large\" itemprop=\"associatedMedia\" itemscope itemtype=\"http:\/\/schema.org\/ImageObject\"> <a href=\"https:\/\/alpimages.ch\/en\/portraits\/portraits-photo\/tina-roy-alpimagesverbier-ch-1784-3\/\" border=\"0\" itemprop=\"url\"> <meta itemprop=\"width\" content=\"336\"> <meta itemprop=\"height\" content=\"224\"> <img decoding=\"async\" class=\"\" data-attachment-id=\"7574\" data-orig-file=\"https:\/\/alpimages.ch\/wp-content\/uploads\/2020\/04\/Tina-Roy-Alpimages@verbier.ch-1784.jpg\" data-orig-size=\"3543,2365\" data-comments-opened=\"\" data-image-meta=\"{&quot;aperture&quot;:&quot;8&quot;,&quot;credit&quot;:&quot;&quot;,&quot;camera&quot;:&quot;NIKON D810&quot;,&quot;caption&quot;:&quot;&quot;,&quot;created_timestamp&quot;:&quot;1550675551&quot;,&quot;copyright&quot;:&quot;&quot;,&quot;focal_length&quot;:&quot;85&quot;,&quot;iso&quot;:&quot;400&quot;,&quot;shutter_speed&quot;:&quot;0.0025&quot;,&quot;title&quot;:&quot;&quot;,&quot;orientation&quot;:&quot;0&quot;}\" data-image-title=\"Tina-Roy-Alpimages@verbier.ch-1784\" data-image-description=\"\" data-medium-file=\"https:\/\/i0.wp.com\/alpimages.ch\/wp-content\/uploads\/2020\/04\/Tina-Roy-Alpimages%40verbier.ch-1784.jpg?fit=300%2C200&#038;ssl=1\" data-large-file=\"https:\/\/i0.wp.com\/alpimages.ch\/wp-content\/uploads\/2020\/04\/Tina-Roy-Alpimages%40verbier.ch-1784.jpg?fit=680%2C454&#038;ssl=1\" src=\"https:\/\/i0.wp.com\/alpimages.ch\/wp-content\/uploads\/2020\/04\/Tina-Roy-Alpimages%40verbier.ch-1784.jpg?w=336&#038;h=224&#038;ssl=1\" width=\"336\" height=\"224\" loading=\"lazy\" data-original-width=\"336\" data-original-height=\"224\" itemprop=\"http:\/\/schema.org\/image\" title=\"Tina-Roy-Alpimages@verbier.ch-1784\" alt=\"Tina-Roy-Alpimages@verbier.ch-1784\" style=\"width: 336px; height: 224px;\" \/> <\/a> <\/div> <\/div> <!-- close group --> <div class=\"gallery-group images-1\" style=\"width: 340px; height: 228px;\" data-original-width=\"340\" data-original-height=\"228\" > <div class=\"tiled-gallery-item tiled-gallery-item-large\" itemprop=\"associatedMedia\" itemscope itemtype=\"http:\/\/schema.org\/ImageObject\"> <a href=\"https:\/\/alpimages.ch\/en\/portraits\/portraits-photo\/tom_1529-modifier\/\" border=\"0\" itemprop=\"url\"> <meta itemprop=\"width\" content=\"336\"> <meta itemprop=\"height\" content=\"224\"> <img decoding=\"async\" class=\"\" data-attachment-id=\"7575\" data-orig-file=\"https:\/\/alpimages.ch\/wp-content\/uploads\/2020\/04\/TOM_1529-Modifier.jpg\" data-orig-size=\"4724,3153\" data-comments-opened=\"\" data-image-meta=\"{&quot;aperture&quot;:&quot;5&quot;,&quot;credit&quot;:&quot;&quot;,&quot;camera&quot;:&quot;NIKON D810&quot;,&quot;caption&quot;:&quot;&quot;,&quot;created_timestamp&quot;:&quot;1577891631&quot;,&quot;copyright&quot;:&quot;by#cups&quot;,&quot;focal_length&quot;:&quot;100&quot;,&quot;iso&quot;:&quot;125&quot;,&quot;shutter_speed&quot;:&quot;0.0025&quot;,&quot;title&quot;:&quot;&quot;,&quot;orientation&quot;:&quot;1&quot;}\" data-image-title=\"TOM_1529-Modifier\" data-image-description=\"\" data-medium-file=\"https:\/\/i0.wp.com\/alpimages.ch\/wp-content\/uploads\/2020\/04\/TOM_1529-Modifier.jpg?fit=300%2C200&#038;ssl=1\" data-large-file=\"https:\/\/i0.wp.com\/alpimages.ch\/wp-content\/uploads\/2020\/04\/TOM_1529-Modifier.jpg?fit=680%2C454&#038;ssl=1\" src=\"https:\/\/i0.wp.com\/alpimages.ch\/wp-content\/uploads\/2020\/04\/TOM_1529-Modifier.jpg?w=336&#038;h=224&#038;ssl=1\" srcset=\"https:\/\/i0.wp.com\/alpimages.ch\/wp-content\/uploads\/2020\/04\/TOM_1529-Modifier.jpg?w=4724&amp;ssl=1 4724w, https:\/\/i0.wp.com\/alpimages.ch\/wp-content\/uploads\/2020\/04\/TOM_1529-Modifier.jpg?resize=300%2C200&amp;ssl=1 300w, https:\/\/i0.wp.com\/alpimages.ch\/wp-content\/uploads\/2020\/04\/TOM_1529-Modifier.jpg?resize=1024%2C683&amp;ssl=1 1024w, https:\/\/i0.wp.com\/alpimages.ch\/wp-content\/uploads\/2020\/04\/TOM_1529-Modifier.jpg?resize=150%2C100&amp;ssl=1 150w, https:\/\/i0.wp.com\/alpimages.ch\/wp-content\/uploads\/2020\/04\/TOM_1529-Modifier.jpg?resize=768%2C513&amp;ssl=1 768w, https:\/\/i0.wp.com\/alpimages.ch\/wp-content\/uploads\/2020\/04\/TOM_1529-Modifier.jpg?resize=1536%2C1025&amp;ssl=1 1536w, https:\/\/i0.wp.com\/alpimages.ch\/wp-content\/uploads\/2020\/04\/TOM_1529-Modifier.jpg?resize=2048%2C1367&amp;ssl=1 2048w, https:\/\/i0.wp.com\/alpimages.ch\/wp-content\/uploads\/2020\/04\/TOM_1529-Modifier.jpg?resize=317%2C212&amp;ssl=1 317w, https:\/\/i0.wp.com\/alpimages.ch\/wp-content\/uploads\/2020\/04\/TOM_1529-Modifier.jpg?w=1360&amp;ssl=1 1360w\" width=\"336\" height=\"224\" loading=\"lazy\" data-original-width=\"336\" data-original-height=\"224\" itemprop=\"http:\/\/schema.org\/image\" title=\"TOM_1529-Modifier\" alt=\"TOM_1529-Modifier\" style=\"width: 336px; height: 224px;\" \/> <\/a> <\/div> <\/div> <!-- close group --> <\/div> <!-- close row --> <div class=\"gallery-row\" style=\"width: 680px; height: 474px;\" data-original-width=\"680\" data-original-height=\"474\" > <div class=\"gallery-group images-2\" style=\"width: 362px; height: 474px;\" data-original-width=\"362\" data-original-height=\"474\" > <div class=\"tiled-gallery-item tiled-gallery-item-large\" itemprop=\"associatedMedia\" itemscope itemtype=\"http:\/\/schema.org\/ImageObject\"> <a href=\"https:\/\/alpimages.ch\/en\/portraits\/portraits-photo\/naefprestigealpimages-thomasroulin-22\/\" border=\"0\" itemprop=\"url\"> <meta itemprop=\"width\" content=\"358\"> <meta itemprop=\"height\" content=\"239\"> <img decoding=\"async\" class=\"\" data-attachment-id=\"11507\" data-orig-file=\"https:\/\/alpimages.ch\/wp-content\/uploads\/2023\/12\/Naefprestige\u00a9Alpimages-ThomasRoulin-22.jpg\" data-orig-size=\"5196,3464\" data-comments-opened=\"\" data-image-meta=\"{&quot;aperture&quot;:&quot;6.3&quot;,&quot;credit&quot;:&quot;&quot;,&quot;camera&quot;:&quot;NIKON D850&quot;,&quot;caption&quot;:&quot;&quot;,&quot;created_timestamp&quot;:&quot;1662039047&quot;,&quot;copyright&quot;:&quot;&quot;,&quot;focal_length&quot;:&quot;35&quot;,&quot;iso&quot;:&quot;400&quot;,&quot;shutter_speed&quot;:&quot;0.008&quot;,&quot;title&quot;:&quot;&quot;,&quot;orientation&quot;:&quot;0&quot;}\" data-image-title=\"Naefprestige\u00a9Alpimages-ThomasRoulin-22\" data-image-description=\"\" data-medium-file=\"https:\/\/i0.wp.com\/alpimages.ch\/wp-content\/uploads\/2023\/12\/Naefprestige%C2%A9Alpimages-ThomasRoulin-22.jpg?fit=300%2C200&#038;ssl=1\" data-large-file=\"https:\/\/i0.wp.com\/alpimages.ch\/wp-content\/uploads\/2023\/12\/Naefprestige%C2%A9Alpimages-ThomasRoulin-22.jpg?fit=680%2C454&#038;ssl=1\" src=\"https:\/\/i0.wp.com\/alpimages.ch\/wp-content\/uploads\/2023\/12\/Naefprestige%C2%A9Alpimages-ThomasRoulin-22.jpg?w=358&#038;h=239&#038;ssl=1\" width=\"358\" height=\"239\" loading=\"lazy\" data-original-width=\"358\" data-original-height=\"239\" itemprop=\"http:\/\/schema.org\/image\" title=\"Naefprestige\u00a9Alpimages-ThomasRoulin-22\" alt=\"Naefprestige\u00a9Alpimages-ThomasRoulin-22\" style=\"width: 358px; height: 239px;\" \/> <\/a> <\/div> <div class=\"tiled-gallery-item tiled-gallery-item-large\" itemprop=\"associatedMedia\" itemscope itemtype=\"http:\/\/schema.org\/ImageObject\"> <a href=\"https:\/\/alpimages.ch\/en\/portfolio\/services\/michaud-alpimagesthomas-roulin-8400-2\/\" border=\"0\" itemprop=\"url\"> <meta itemprop=\"width\" content=\"358\"> <meta itemprop=\"height\" content=\"227\"> <img decoding=\"async\" class=\"\" data-attachment-id=\"776\" data-orig-file=\"https:\/\/alpimages.ch\/wp-content\/uploads\/2015\/07\/michaud-alpimagesc2a9thomas-roulin-8400-2.jpg\" data-orig-size=\"9000,5714\" data-comments-opened=\"\" data-image-meta=\"{&quot;aperture&quot;:&quot;8&quot;,&quot;credit&quot;:&quot;&quot;,&quot;camera&quot;:&quot;NIKON D800&quot;,&quot;caption&quot;:&quot;&quot;,&quot;created_timestamp&quot;:&quot;1460293946&quot;,&quot;copyright&quot;:&quot;&quot;,&quot;focal_length&quot;:&quot;28&quot;,&quot;iso&quot;:&quot;160&quot;,&quot;shutter_speed&quot;:&quot;0.0015625&quot;,&quot;title&quot;:&quot;&quot;,&quot;orientation&quot;:&quot;0&quot;}\" data-image-title=\"Michaud-Alpimages\u00a9Thomas Roulin-8400-2\" data-image-description=\"\" data-medium-file=\"https:\/\/i0.wp.com\/alpimages.ch\/wp-content\/uploads\/2015\/07\/michaud-alpimagesc2a9thomas-roulin-8400-2.jpg?fit=300%2C190&#038;ssl=1\" data-large-file=\"https:\/\/i0.wp.com\/alpimages.ch\/wp-content\/uploads\/2015\/07\/michaud-alpimagesc2a9thomas-roulin-8400-2.jpg?fit=680%2C432&#038;ssl=1\" src=\"https:\/\/i0.wp.com\/alpimages.ch\/wp-content\/uploads\/2015\/07\/michaud-alpimagesc2a9thomas-roulin-8400-2.jpg?w=358&#038;h=227&#038;ssl=1\" width=\"358\" height=\"227\" loading=\"lazy\" data-original-width=\"358\" data-original-height=\"227\" itemprop=\"http:\/\/schema.org\/image\" title=\"Michaud-Alpimages\u00a9Thomas Roulin-8400-2\" alt=\"Michaud-Alpimages\u00a9Thomas Roulin-8400-2\" style=\"width: 358px; height: 227px;\" \/> <\/a> <\/div> <\/div> <!-- close group --> <div class=\"gallery-group images-1\" style=\"width: 318px; height: 474px;\" data-original-width=\"318\" data-original-height=\"474\" > <div class=\"tiled-gallery-item tiled-gallery-item-large\" itemprop=\"associatedMedia\" itemscope itemtype=\"http:\/\/schema.org\/ImageObject\"> <a href=\"https:\/\/alpimages.ch\/en\/portfolio\/services\/alpimages-thomas-roulin-9463\/\" border=\"0\" itemprop=\"url\"> <meta itemprop=\"width\" content=\"314\"> <meta itemprop=\"height\" content=\"470\"> <img decoding=\"async\" class=\"\" data-attachment-id=\"775\" data-orig-file=\"https:\/\/alpimages.ch\/wp-content\/uploads\/2015\/07\/c2a9alpimages-thomas-roulin-9463.jpg\" data-orig-size=\"788,1181\" data-comments-opened=\"\" data-image-meta=\"{&quot;aperture&quot;:&quot;4.5&quot;,&quot;credit&quot;:&quot;&quot;,&quot;camera&quot;:&quot;NIKON D800&quot;,&quot;caption&quot;:&quot;&quot;,&quot;created_timestamp&quot;:&quot;1451494651&quot;,&quot;copyright&quot;:&quot;&quot;,&quot;focal_length&quot;:&quot;24&quot;,&quot;iso&quot;:&quot;200&quot;,&quot;shutter_speed&quot;:&quot;0.025&quot;,&quot;title&quot;:&quot;&quot;,&quot;orientation&quot;:&quot;1&quot;}\" data-image-title=\"\u00a9Alpimages-Thomas Roulin-9463\" data-image-description=\"\" data-medium-file=\"https:\/\/i0.wp.com\/alpimages.ch\/wp-content\/uploads\/2015\/07\/c2a9alpimages-thomas-roulin-9463.jpg?fit=200%2C300&#038;ssl=1\" data-large-file=\"https:\/\/i0.wp.com\/alpimages.ch\/wp-content\/uploads\/2015\/07\/c2a9alpimages-thomas-roulin-9463.jpg?fit=680%2C1019&#038;ssl=1\" src=\"https:\/\/i0.wp.com\/alpimages.ch\/wp-content\/uploads\/2015\/07\/c2a9alpimages-thomas-roulin-9463.jpg?w=314&#038;h=470&#038;ssl=1\" width=\"314\" height=\"470\" loading=\"lazy\" data-original-width=\"314\" data-original-height=\"470\" itemprop=\"http:\/\/schema.org\/image\" title=\"\u00a9Alpimages-Thomas Roulin-9463\" alt=\"\u00a9Alpimages-Thomas Roulin-9463\" style=\"width: 314px; height: 470px;\" \/> <\/a> <\/div> <\/div> <!-- close group --> <\/div> <!-- close row --> <div class=\"gallery-row\" style=\"width: 680px; height: 180px;\" data-original-width=\"680\" data-original-height=\"180\" > <div class=\"gallery-group images-1\" style=\"width: 267px; height: 180px;\" data-original-width=\"267\" data-original-height=\"180\" > <div class=\"tiled-gallery-item tiled-gallery-item-large\" itemprop=\"associatedMedia\" itemscope itemtype=\"http:\/\/schema.org\/ImageObject\"> <a href=\"https:\/\/alpimages.ch\/en\/portfolio\/services\/margoagnesfleurgerritsen-alpimages-23-2\/\" border=\"0\" itemprop=\"url\"> <meta itemprop=\"width\" content=\"263\"> <meta itemprop=\"height\" content=\"176\"> <img decoding=\"async\" class=\"\" data-attachment-id=\"7776\" data-orig-file=\"https:\/\/alpimages.ch\/wp-content\/uploads\/2015\/07\/MargoAgnes\u00a9FleurGerritsen-Alpimages-23-1.jpg\" data-orig-size=\"1500,1001\" data-comments-opened=\"\" data-image-meta=\"{&quot;aperture&quot;:&quot;0&quot;,&quot;credit&quot;:&quot;&quot;,&quot;camera&quot;:&quot;&quot;,&quot;caption&quot;:&quot;&quot;,&quot;created_timestamp&quot;:&quot;0&quot;,&quot;copyright&quot;:&quot;&quot;,&quot;focal_length&quot;:&quot;0&quot;,&quot;iso&quot;:&quot;0&quot;,&quot;shutter_speed&quot;:&quot;0&quot;,&quot;title&quot;:&quot;&quot;,&quot;orientation&quot;:&quot;0&quot;}\" data-image-title=\"Margo&amp;#038;Agnes\u00a9FleurGerritsen-Alpimages-23\" data-image-description=\"\" data-medium-file=\"https:\/\/i0.wp.com\/alpimages.ch\/wp-content\/uploads\/2015\/07\/MargoAgnes%C2%A9FleurGerritsen-Alpimages-23-1.jpg?fit=300%2C200&#038;ssl=1\" data-large-file=\"https:\/\/i0.wp.com\/alpimages.ch\/wp-content\/uploads\/2015\/07\/MargoAgnes%C2%A9FleurGerritsen-Alpimages-23-1.jpg?fit=680%2C454&#038;ssl=1\" src=\"https:\/\/i0.wp.com\/alpimages.ch\/wp-content\/uploads\/2015\/07\/MargoAgnes%C2%A9FleurGerritsen-Alpimages-23-1.jpg?w=263&#038;h=176&#038;ssl=1\" width=\"263\" height=\"176\" loading=\"lazy\" data-original-width=\"263\" data-original-height=\"176\" itemprop=\"http:\/\/schema.org\/image\" title=\"Margo&amp;Agnes\u00a9FleurGerritsen-Alpimages-23\" alt=\"Margo&amp;Agnes\u00a9FleurGerritsen-Alpimages-23\" style=\"width: 263px; height: 176px;\" \/> <\/a> <\/div> <\/div> <!-- close group --> <div class=\"gallery-group images-1\" style=\"width: 146px; height: 180px;\" data-original-width=\"146\" data-original-height=\"180\" > <div class=\"tiled-gallery-item tiled-gallery-item-small\" itemprop=\"associatedMedia\" itemscope itemtype=\"http:\/\/schema.org\/ImageObject\"> <a href=\"https:\/\/alpimages.ch\/en\/portraits\/portraits-photo\/_tom4165-2\/\" border=\"0\" itemprop=\"url\"> <meta itemprop=\"width\" content=\"142\"> <meta itemprop=\"height\" content=\"176\"> <img decoding=\"async\" class=\"\" data-attachment-id=\"11500\" data-orig-file=\"https:\/\/alpimages.ch\/wp-content\/uploads\/2023\/12\/TOM4165-1.jpg\" data-orig-size=\"2850,3543\" data-comments-opened=\"\" data-image-meta=\"{&quot;aperture&quot;:&quot;5&quot;,&quot;credit&quot;:&quot;&quot;,&quot;camera&quot;:&quot;NIKON D850&quot;,&quot;caption&quot;:&quot;&quot;,&quot;created_timestamp&quot;:&quot;1639234385&quot;,&quot;copyright&quot;:&quot;&quot;,&quot;focal_length&quot;:&quot;92&quot;,&quot;iso&quot;:&quot;800&quot;,&quot;shutter_speed&quot;:&quot;0.003125&quot;,&quot;title&quot;:&quot;&quot;,&quot;orientation&quot;:&quot;0&quot;}\" data-image-title=\"_TOM4165\" data-image-description=\"\" data-medium-file=\"https:\/\/i0.wp.com\/alpimages.ch\/wp-content\/uploads\/2023\/12\/TOM4165-1.jpg?fit=241%2C300&#038;ssl=1\" data-large-file=\"https:\/\/i0.wp.com\/alpimages.ch\/wp-content\/uploads\/2023\/12\/TOM4165-1.jpg?fit=680%2C845&#038;ssl=1\" src=\"https:\/\/i0.wp.com\/alpimages.ch\/wp-content\/uploads\/2023\/12\/TOM4165-1.jpg?w=142&#038;h=176&#038;ssl=1\" srcset=\"https:\/\/i0.wp.com\/alpimages.ch\/wp-content\/uploads\/2023\/12\/TOM4165-1.jpg?w=2850&amp;ssl=1 2850w, https:\/\/i0.wp.com\/alpimages.ch\/wp-content\/uploads\/2023\/12\/TOM4165-1.jpg?resize=241%2C300&amp;ssl=1 241w, https:\/\/i0.wp.com\/alpimages.ch\/wp-content\/uploads\/2023\/12\/TOM4165-1.jpg?resize=824%2C1024&amp;ssl=1 824w, https:\/\/i0.wp.com\/alpimages.ch\/wp-content\/uploads\/2023\/12\/TOM4165-1.jpg?resize=121%2C150&amp;ssl=1 121w, https:\/\/i0.wp.com\/alpimages.ch\/wp-content\/uploads\/2023\/12\/TOM4165-1.jpg?resize=768%2C955&amp;ssl=1 768w, https:\/\/i0.wp.com\/alpimages.ch\/wp-content\/uploads\/2023\/12\/TOM4165-1.jpg?resize=1236%2C1536&amp;ssl=1 1236w, https:\/\/i0.wp.com\/alpimages.ch\/wp-content\/uploads\/2023\/12\/TOM4165-1.jpg?resize=1647%2C2048&amp;ssl=1 1647w, https:\/\/i0.wp.com\/alpimages.ch\/wp-content\/uploads\/2023\/12\/TOM4165-1.jpg?resize=10%2C12&amp;ssl=1 10w, https:\/\/i0.wp.com\/alpimages.ch\/wp-content\/uploads\/2023\/12\/TOM4165-1.jpg?resize=317%2C394&amp;ssl=1 317w, https:\/\/i0.wp.com\/alpimages.ch\/wp-content\/uploads\/2023\/12\/TOM4165-1.jpg?w=1360&amp;ssl=1 1360w, https:\/\/i0.wp.com\/alpimages.ch\/wp-content\/uploads\/2023\/12\/TOM4165-1.jpg?w=2040&amp;ssl=1 2040w\" width=\"142\" height=\"176\" loading=\"lazy\" data-original-width=\"142\" data-original-height=\"176\" itemprop=\"http:\/\/schema.org\/image\" title=\"_TOM4165\" alt=\"_TOM4165\" style=\"width: 142px; height: 176px;\" \/> <\/a> <\/div> <\/div> <!-- close group --> <div class=\"gallery-group images-1\" style=\"width: 267px; height: 180px;\" data-original-width=\"267\" data-original-height=\"180\" > <div class=\"tiled-gallery-item tiled-gallery-item-large\" itemprop=\"associatedMedia\" itemscope itemtype=\"http:\/\/schema.org\/ImageObject\"> <a href=\"https:\/\/alpimages.ch\/en\/portfolio\/services\/margoagnesfleurgerritsen-alpimages-71-2-2\/\" border=\"0\" itemprop=\"url\"> <meta itemprop=\"width\" content=\"263\"> <meta itemprop=\"height\" content=\"176\"> <img decoding=\"async\" class=\"\" data-attachment-id=\"7777\" data-orig-file=\"https:\/\/alpimages.ch\/wp-content\/uploads\/2015\/07\/MargoAgnes\u00a9FleurGerritsen-Alpimages-71-2-1.jpg\" data-orig-size=\"1500,1001\" data-comments-opened=\"\" data-image-meta=\"{&quot;aperture&quot;:&quot;0&quot;,&quot;credit&quot;:&quot;&quot;,&quot;camera&quot;:&quot;&quot;,&quot;caption&quot;:&quot;&quot;,&quot;created_timestamp&quot;:&quot;0&quot;,&quot;copyright&quot;:&quot;&quot;,&quot;focal_length&quot;:&quot;0&quot;,&quot;iso&quot;:&quot;0&quot;,&quot;shutter_speed&quot;:&quot;0&quot;,&quot;title&quot;:&quot;&quot;,&quot;orientation&quot;:&quot;0&quot;}\" data-image-title=\"Margo&amp;#038;Agnes\u00a9FleurGerritsen-Alpimages-71-2\" data-image-description=\"\" data-medium-file=\"https:\/\/i0.wp.com\/alpimages.ch\/wp-content\/uploads\/2015\/07\/MargoAgnes%C2%A9FleurGerritsen-Alpimages-71-2-1.jpg?fit=300%2C200&#038;ssl=1\" data-large-file=\"https:\/\/i0.wp.com\/alpimages.ch\/wp-content\/uploads\/2015\/07\/MargoAgnes%C2%A9FleurGerritsen-Alpimages-71-2-1.jpg?fit=680%2C454&#038;ssl=1\" src=\"https:\/\/i0.wp.com\/alpimages.ch\/wp-content\/uploads\/2015\/07\/MargoAgnes%C2%A9FleurGerritsen-Alpimages-71-2-1.jpg?w=263&#038;h=176&#038;ssl=1\" width=\"263\" height=\"176\" loading=\"lazy\" data-original-width=\"263\" data-original-height=\"176\" itemprop=\"http:\/\/schema.org\/image\" title=\"Margo&amp;Agnes\u00a9FleurGerritsen-Alpimages-71-2\" alt=\"Margo&amp;Agnes\u00a9FleurGerritsen-Alpimages-71-2\" style=\"width: 263px; height: 176px;\" \/> <\/a> <\/div> <\/div> <!-- close group --> <\/div> <!-- close row --> <div class=\"gallery-row\" style=\"width: 680px; height: 194px;\" data-original-width=\"680\" data-original-height=\"194\" > <div class=\"gallery-group images-1\" style=\"width: 131px; height: 194px;\" data-original-width=\"131\" data-original-height=\"194\" > <div class=\"tiled-gallery-item tiled-gallery-item-small\" itemprop=\"associatedMedia\" itemscope itemtype=\"http:\/\/schema.org\/ImageObject\"> <a href=\"https:\/\/alpimages.ch\/en\/portraits\/portraits-photo\/alpimages-tom-6180-2\/\" border=\"0\" itemprop=\"url\"> <meta itemprop=\"width\" content=\"127\"> <meta itemprop=\"height\" content=\"190\"> <img decoding=\"async\" class=\"\" data-attachment-id=\"7842\" data-orig-file=\"https:\/\/alpimages.ch\/wp-content\/uploads\/2020\/05\/Alpimages-Tom-6180.jpg\" data-orig-size=\"2365,3543\" data-comments-opened=\"\" data-image-meta=\"{&quot;aperture&quot;:&quot;0&quot;,&quot;credit&quot;:&quot;&quot;,&quot;camera&quot;:&quot;&quot;,&quot;caption&quot;:&quot;&quot;,&quot;created_timestamp&quot;:&quot;0&quot;,&quot;copyright&quot;:&quot;by#cups&quot;,&quot;focal_length&quot;:&quot;0&quot;,&quot;iso&quot;:&quot;0&quot;,&quot;shutter_speed&quot;:&quot;0&quot;,&quot;title&quot;:&quot;&quot;,&quot;orientation&quot;:&quot;0&quot;}\" data-image-title=\"Alpimages-Tom-6180\" data-image-description=\"\" data-medium-file=\"https:\/\/i0.wp.com\/alpimages.ch\/wp-content\/uploads\/2020\/05\/Alpimages-Tom-6180.jpg?fit=200%2C300&#038;ssl=1\" data-large-file=\"https:\/\/i0.wp.com\/alpimages.ch\/wp-content\/uploads\/2020\/05\/Alpimages-Tom-6180.jpg?fit=680%2C1018&#038;ssl=1\" src=\"https:\/\/i0.wp.com\/alpimages.ch\/wp-content\/uploads\/2020\/05\/Alpimages-Tom-6180.jpg?w=127&#038;h=190&#038;ssl=1\" srcset=\"https:\/\/i0.wp.com\/alpimages.ch\/wp-content\/uploads\/2020\/05\/Alpimages-Tom-6180.jpg?w=2365&amp;ssl=1 2365w, https:\/\/i0.wp.com\/alpimages.ch\/wp-content\/uploads\/2020\/05\/Alpimages-Tom-6180.jpg?resize=200%2C300&amp;ssl=1 200w, https:\/\/i0.wp.com\/alpimages.ch\/wp-content\/uploads\/2020\/05\/Alpimages-Tom-6180.jpg?resize=684%2C1024&amp;ssl=1 684w, https:\/\/i0.wp.com\/alpimages.ch\/wp-content\/uploads\/2020\/05\/Alpimages-Tom-6180.jpg?resize=100%2C150&amp;ssl=1 100w, https:\/\/i0.wp.com\/alpimages.ch\/wp-content\/uploads\/2020\/05\/Alpimages-Tom-6180.jpg?resize=768%2C1151&amp;ssl=1 768w, https:\/\/i0.wp.com\/alpimages.ch\/wp-content\/uploads\/2020\/05\/Alpimages-Tom-6180.jpg?resize=1025%2C1536&amp;ssl=1 1025w, https:\/\/i0.wp.com\/alpimages.ch\/wp-content\/uploads\/2020\/05\/Alpimages-Tom-6180.jpg?resize=1367%2C2048&amp;ssl=1 1367w, https:\/\/i0.wp.com\/alpimages.ch\/wp-content\/uploads\/2020\/05\/Alpimages-Tom-6180.jpg?resize=317%2C475&amp;ssl=1 317w, https:\/\/i0.wp.com\/alpimages.ch\/wp-content\/uploads\/2020\/05\/Alpimages-Tom-6180.jpg?w=2040&amp;ssl=1 2040w\" width=\"127\" height=\"190\" loading=\"lazy\" data-original-width=\"127\" data-original-height=\"190\" itemprop=\"http:\/\/schema.org\/image\" title=\"Alpimages-Tom-6180\" alt=\"Alpimages-Tom-6180\" style=\"width: 127px; height: 190px;\" \/> <\/a> <\/div> <\/div> <!-- close group --> <div class=\"gallery-group images-1\" style=\"width: 131px; height: 194px;\" data-original-width=\"131\" data-original-height=\"194\" > <div class=\"tiled-gallery-item tiled-gallery-item-small\" itemprop=\"associatedMedia\" itemscope itemtype=\"http:\/\/schema.org\/ImageObject\"> <a href=\"https:\/\/alpimages.ch\/en\/portfolio\/services\/tom_0383-2\/\" border=\"0\" itemprop=\"url\"> <meta itemprop=\"width\" content=\"127\"> <meta itemprop=\"height\" content=\"190\"> <img decoding=\"async\" class=\"\" data-attachment-id=\"7778\" data-orig-file=\"https:\/\/alpimages.ch\/wp-content\/uploads\/2015\/07\/TOM_0383-1.jpg\" data-orig-size=\"1183,1772\" data-comments-opened=\"\" data-image-meta=\"{&quot;aperture&quot;:&quot;0&quot;,&quot;credit&quot;:&quot;&quot;,&quot;camera&quot;:&quot;&quot;,&quot;caption&quot;:&quot;&quot;,&quot;created_timestamp&quot;:&quot;0&quot;,&quot;copyright&quot;:&quot;&quot;,&quot;focal_length&quot;:&quot;0&quot;,&quot;iso&quot;:&quot;0&quot;,&quot;shutter_speed&quot;:&quot;0&quot;,&quot;title&quot;:&quot;&quot;,&quot;orientation&quot;:&quot;0&quot;}\" data-image-title=\"TOM_0383\" data-image-description=\"\" data-medium-file=\"https:\/\/i0.wp.com\/alpimages.ch\/wp-content\/uploads\/2015\/07\/TOM_0383-1.jpg?fit=200%2C300&#038;ssl=1\" data-large-file=\"https:\/\/i0.wp.com\/alpimages.ch\/wp-content\/uploads\/2015\/07\/TOM_0383-1.jpg?fit=680%2C1018&#038;ssl=1\" src=\"https:\/\/i0.wp.com\/alpimages.ch\/wp-content\/uploads\/2015\/07\/TOM_0383-1.jpg?w=127&#038;h=190&#038;ssl=1\" srcset=\"https:\/\/i0.wp.com\/alpimages.ch\/wp-content\/uploads\/2015\/07\/TOM_0383-1.jpg?w=1183&amp;ssl=1 1183w, https:\/\/i0.wp.com\/alpimages.ch\/wp-content\/uploads\/2015\/07\/TOM_0383-1.jpg?resize=200%2C300&amp;ssl=1 200w, https:\/\/i0.wp.com\/alpimages.ch\/wp-content\/uploads\/2015\/07\/TOM_0383-1.jpg?resize=684%2C1024&amp;ssl=1 684w, https:\/\/i0.wp.com\/alpimages.ch\/wp-content\/uploads\/2015\/07\/TOM_0383-1.jpg?resize=100%2C150&amp;ssl=1 100w, https:\/\/i0.wp.com\/alpimages.ch\/wp-content\/uploads\/2015\/07\/TOM_0383-1.jpg?resize=768%2C1150&amp;ssl=1 768w, https:\/\/i0.wp.com\/alpimages.ch\/wp-content\/uploads\/2015\/07\/TOM_0383-1.jpg?resize=1025%2C1536&amp;ssl=1 1025w, https:\/\/i0.wp.com\/alpimages.ch\/wp-content\/uploads\/2015\/07\/TOM_0383-1.jpg?resize=317%2C475&amp;ssl=1 317w\" width=\"127\" height=\"190\" loading=\"lazy\" data-original-width=\"127\" data-original-height=\"190\" itemprop=\"http:\/\/schema.org\/image\" title=\"TOM_0383\" alt=\"TOM_0383\" style=\"width: 127px; height: 190px;\" \/> <\/a> <\/div> <\/div> <!-- close group --> <div class=\"gallery-group images-1\" style=\"width: 288px; height: 194px;\" data-original-width=\"288\" data-original-height=\"194\" > <div class=\"tiled-gallery-item tiled-gallery-item-large\" itemprop=\"associatedMedia\" itemscope itemtype=\"http:\/\/schema.org\/ImageObject\"> <a href=\"https:\/\/alpimages.ch\/en\/portraits\/portraits-photo\/dsc_4183\/\" border=\"0\" itemprop=\"url\"> <meta itemprop=\"width\" content=\"284\"> <meta itemprop=\"height\" content=\"190\"> <img decoding=\"async\" class=\"\" data-attachment-id=\"11509\" data-orig-file=\"https:\/\/alpimages.ch\/wp-content\/uploads\/2023\/12\/DSC_4183.jpg\" data-orig-size=\"7360,4912\" data-comments-opened=\"\" data-image-meta=\"{&quot;aperture&quot;:&quot;5.6&quot;,&quot;credit&quot;:&quot;&quot;,&quot;camera&quot;:&quot;NIKON D810&quot;,&quot;caption&quot;:&quot;&quot;,&quot;created_timestamp&quot;:&quot;1640962777&quot;,&quot;copyright&quot;:&quot;&quot;,&quot;focal_length&quot;:&quot;70&quot;,&quot;iso&quot;:&quot;320&quot;,&quot;shutter_speed&quot;:&quot;0.003125&quot;,&quot;title&quot;:&quot;&quot;,&quot;orientation&quot;:&quot;0&quot;}\" data-image-title=\"DSC_4183\" data-image-description=\"\" data-medium-file=\"https:\/\/i0.wp.com\/alpimages.ch\/wp-content\/uploads\/2023\/12\/DSC_4183.jpg?fit=300%2C200&#038;ssl=1\" data-large-file=\"https:\/\/i0.wp.com\/alpimages.ch\/wp-content\/uploads\/2023\/12\/DSC_4183.jpg?fit=680%2C454&#038;ssl=1\" src=\"https:\/\/i0.wp.com\/alpimages.ch\/wp-content\/uploads\/2023\/12\/DSC_4183.jpg?w=284&#038;h=190&#038;ssl=1\" srcset=\"https:\/\/i0.wp.com\/alpimages.ch\/wp-content\/uploads\/2023\/12\/DSC_4183.jpg?w=7360&amp;ssl=1 7360w, https:\/\/i0.wp.com\/alpimages.ch\/wp-content\/uploads\/2023\/12\/DSC_4183.jpg?resize=300%2C200&amp;ssl=1 300w, https:\/\/i0.wp.com\/alpimages.ch\/wp-content\/uploads\/2023\/12\/DSC_4183.jpg?resize=1024%2C683&amp;ssl=1 1024w, https:\/\/i0.wp.com\/alpimages.ch\/wp-content\/uploads\/2023\/12\/DSC_4183.jpg?resize=150%2C100&amp;ssl=1 150w, https:\/\/i0.wp.com\/alpimages.ch\/wp-content\/uploads\/2023\/12\/DSC_4183.jpg?resize=768%2C513&amp;ssl=1 768w, https:\/\/i0.wp.com\/alpimages.ch\/wp-content\/uploads\/2023\/12\/DSC_4183.jpg?resize=1536%2C1025&amp;ssl=1 1536w, https:\/\/i0.wp.com\/alpimages.ch\/wp-content\/uploads\/2023\/12\/DSC_4183.jpg?resize=2048%2C1367&amp;ssl=1 2048w, https:\/\/i0.wp.com\/alpimages.ch\/wp-content\/uploads\/2023\/12\/DSC_4183.jpg?resize=18%2C12&amp;ssl=1 18w, https:\/\/i0.wp.com\/alpimages.ch\/wp-content\/uploads\/2023\/12\/DSC_4183.jpg?resize=317%2C212&amp;ssl=1 317w, https:\/\/i0.wp.com\/alpimages.ch\/wp-content\/uploads\/2023\/12\/DSC_4183.jpg?w=1360&amp;ssl=1 1360w\" width=\"284\" height=\"190\" loading=\"lazy\" data-original-width=\"284\" data-original-height=\"190\" itemprop=\"http:\/\/schema.org\/image\" title=\"DSC_4183\" alt=\"DSC_4183\" style=\"width: 284px; height: 190px;\" \/> <\/a> <\/div> <\/div> <!-- close group --> <div class=\"gallery-group images-1\" style=\"width: 130px; height: 194px;\" data-original-width=\"130\" data-original-height=\"194\" > <div class=\"tiled-gallery-item tiled-gallery-item-small\" itemprop=\"associatedMedia\" itemscope itemtype=\"http:\/\/schema.org\/ImageObject\"> <a href=\"https:\/\/alpimages.ch\/en\/portraits\/portraits-photo\/_tom4944\/\" border=\"0\" itemprop=\"url\"> <meta itemprop=\"width\" content=\"126\"> <meta itemprop=\"height\" content=\"190\"> <img decoding=\"async\" class=\"\" data-attachment-id=\"11510\" data-orig-file=\"https:\/\/alpimages.ch\/wp-content\/uploads\/2023\/12\/TOM4944.jpg\" data-orig-size=\"1181,1772\" data-comments-opened=\"\" data-image-meta=\"{&quot;aperture&quot;:&quot;5&quot;,&quot;credit&quot;:&quot;&quot;,&quot;camera&quot;:&quot;NIKON D850&quot;,&quot;caption&quot;:&quot;&quot;,&quot;created_timestamp&quot;:&quot;1640168350&quot;,&quot;copyright&quot;:&quot;&quot;,&quot;focal_length&quot;:&quot;105&quot;,&quot;iso&quot;:&quot;125&quot;,&quot;shutter_speed&quot;:&quot;0.0005&quot;,&quot;title&quot;:&quot;&quot;,&quot;orientation&quot;:&quot;0&quot;}\" data-image-title=\"_TOM4944\" data-image-description=\"\" data-medium-file=\"https:\/\/i0.wp.com\/alpimages.ch\/wp-content\/uploads\/2023\/12\/TOM4944.jpg?fit=200%2C300&#038;ssl=1\" data-large-file=\"https:\/\/i0.wp.com\/alpimages.ch\/wp-content\/uploads\/2023\/12\/TOM4944.jpg?fit=680%2C1021&#038;ssl=1\" src=\"https:\/\/i0.wp.com\/alpimages.ch\/wp-content\/uploads\/2023\/12\/TOM4944.jpg?w=126&#038;h=190&#038;ssl=1\" srcset=\"https:\/\/i0.wp.com\/alpimages.ch\/wp-content\/uploads\/2023\/12\/TOM4944.jpg?w=1181&amp;ssl=1 1181w, https:\/\/i0.wp.com\/alpimages.ch\/wp-content\/uploads\/2023\/12\/TOM4944.jpg?resize=200%2C300&amp;ssl=1 200w, https:\/\/i0.wp.com\/alpimages.ch\/wp-content\/uploads\/2023\/12\/TOM4944.jpg?resize=682%2C1024&amp;ssl=1 682w, https:\/\/i0.wp.com\/alpimages.ch\/wp-content\/uploads\/2023\/12\/TOM4944.jpg?resize=100%2C150&amp;ssl=1 100w, https:\/\/i0.wp.com\/alpimages.ch\/wp-content\/uploads\/2023\/12\/TOM4944.jpg?resize=768%2C1152&amp;ssl=1 768w, https:\/\/i0.wp.com\/alpimages.ch\/wp-content\/uploads\/2023\/12\/TOM4944.jpg?resize=1024%2C1536&amp;ssl=1 1024w, https:\/\/i0.wp.com\/alpimages.ch\/wp-content\/uploads\/2023\/12\/TOM4944.jpg?resize=8%2C12&amp;ssl=1 8w, https:\/\/i0.wp.com\/alpimages.ch\/wp-content\/uploads\/2023\/12\/TOM4944.jpg?resize=317%2C476&amp;ssl=1 317w\" width=\"126\" height=\"190\" loading=\"lazy\" data-original-width=\"126\" data-original-height=\"190\" itemprop=\"http:\/\/schema.org\/image\" title=\"_TOM4944\" alt=\"_TOM4944\" style=\"width: 126px; height: 190px;\" \/> <\/a> <\/div> <\/div> <!-- close group --> <\/div> <!-- close row --> <div class=\"gallery-row\" style=\"width: 680px; height: 314px;\" data-original-width=\"680\" data-original-height=\"314\" > <div class=\"gallery-group images-1\" style=\"width: 211px; height: 314px;\" data-original-width=\"211\" data-original-height=\"314\" > <div class=\"tiled-gallery-item tiled-gallery-item-small\" itemprop=\"associatedMedia\" itemscope itemtype=\"http:\/\/schema.org\/ImageObject\"> <a href=\"https:\/\/alpimages.ch\/en\/portraits\/portraits-photo\/_tom2673\/\" border=\"0\" itemprop=\"url\"> <meta itemprop=\"width\" content=\"207\"> <meta itemprop=\"height\" content=\"310\"> <img decoding=\"async\" class=\"\" data-attachment-id=\"11486\" data-orig-file=\"https:\/\/alpimages.ch\/wp-content\/uploads\/2023\/12\/TOM2673.jpg\" data-orig-size=\"2362,3543\" data-comments-opened=\"\" data-image-meta=\"{&quot;aperture&quot;:&quot;4&quot;,&quot;credit&quot;:&quot;&quot;,&quot;camera&quot;:&quot;NIKON D850&quot;,&quot;caption&quot;:&quot;&quot;,&quot;created_timestamp&quot;:&quot;1691833402&quot;,&quot;copyright&quot;:&quot;&quot;,&quot;focal_length&quot;:&quot;60&quot;,&quot;iso&quot;:&quot;200&quot;,&quot;shutter_speed&quot;:&quot;0.008&quot;,&quot;title&quot;:&quot;&quot;,&quot;orientation&quot;:&quot;0&quot;}\" data-image-title=\"_TOM2673\" data-image-description=\"&lt;p&gt;portrait alpimages&lt;\/p&gt; \" data-medium-file=\"https:\/\/i0.wp.com\/alpimages.ch\/wp-content\/uploads\/2023\/12\/TOM2673.jpg?fit=200%2C300&#038;ssl=1\" data-large-file=\"https:\/\/i0.wp.com\/alpimages.ch\/wp-content\/uploads\/2023\/12\/TOM2673.jpg?fit=680%2C1020&#038;ssl=1\" src=\"https:\/\/i0.wp.com\/alpimages.ch\/wp-content\/uploads\/2023\/12\/TOM2673.jpg?w=207&#038;h=310&#038;ssl=1\" srcset=\"https:\/\/i0.wp.com\/alpimages.ch\/wp-content\/uploads\/2023\/12\/TOM2673.jpg?w=2362&amp;ssl=1 2362w, https:\/\/i0.wp.com\/alpimages.ch\/wp-content\/uploads\/2023\/12\/TOM2673.jpg?resize=200%2C300&amp;ssl=1 200w, https:\/\/i0.wp.com\/alpimages.ch\/wp-content\/uploads\/2023\/12\/TOM2673.jpg?resize=683%2C1024&amp;ssl=1 683w, https:\/\/i0.wp.com\/alpimages.ch\/wp-content\/uploads\/2023\/12\/TOM2673.jpg?resize=100%2C150&amp;ssl=1 100w, https:\/\/i0.wp.com\/alpimages.ch\/wp-content\/uploads\/2023\/12\/TOM2673.jpg?resize=768%2C1152&amp;ssl=1 768w, https:\/\/i0.wp.com\/alpimages.ch\/wp-content\/uploads\/2023\/12\/TOM2673.jpg?resize=1024%2C1536&amp;ssl=1 1024w, https:\/\/i0.wp.com\/alpimages.ch\/wp-content\/uploads\/2023\/12\/TOM2673.jpg?resize=1365%2C2048&amp;ssl=1 1365w, https:\/\/i0.wp.com\/alpimages.ch\/wp-content\/uploads\/2023\/12\/TOM2673.jpg?resize=8%2C12&amp;ssl=1 8w, https:\/\/i0.wp.com\/alpimages.ch\/wp-content\/uploads\/2023\/12\/TOM2673.jpg?resize=317%2C476&amp;ssl=1 317w, https:\/\/i0.wp.com\/alpimages.ch\/wp-content\/uploads\/2023\/12\/TOM2673.jpg?w=2040&amp;ssl=1 2040w\" width=\"207\" height=\"310\" loading=\"lazy\" data-original-width=\"207\" data-original-height=\"310\" itemprop=\"http:\/\/schema.org\/image\" title=\"_TOM2673\" alt=\"portrait alpimages\" style=\"width: 207px; height: 310px;\" \/> <\/a> <\/div> <\/div> <!-- close group --> <div class=\"gallery-group images-1\" style=\"width: 469px; height: 314px;\" data-original-width=\"469\" data-original-height=\"314\" > <div class=\"tiled-gallery-item tiled-gallery-item-large\" itemprop=\"associatedMedia\" itemscope itemtype=\"http:\/\/schema.org\/ImageObject\"> <a href=\"https:\/\/alpimages.ch\/en\/portraits\/portraits-photo\/20220208-1033-7728-msky\/\" border=\"0\" itemprop=\"url\"> <meta itemprop=\"width\" content=\"465\"> <meta itemprop=\"height\" content=\"310\"> <img decoding=\"async\" class=\"\" data-attachment-id=\"11504\" data-orig-file=\"https:\/\/alpimages.ch\/wp-content\/uploads\/2023\/12\/20220208-1033-7728-MSKY.jpg\" data-orig-size=\"5693,3795\" data-comments-opened=\"\" data-image-meta=\"{&quot;aperture&quot;:&quot;5.6&quot;,&quot;credit&quot;:&quot;MELODY*SKY&quot;,&quot;camera&quot;:&quot;Canon EOS 5D Mark IV&quot;,&quot;caption&quot;:&quot;&quot;,&quot;created_timestamp&quot;:&quot;1644309216&quot;,&quot;copyright&quot;:&quot;Photo:www.melodysky.com&quot;,&quot;focal_length&quot;:&quot;39&quot;,&quot;iso&quot;:&quot;200&quot;,&quot;shutter_speed&quot;:&quot;0.0015625&quot;,&quot;title&quot;:&quot;&quot;,&quot;orientation&quot;:&quot;0&quot;}\" data-image-title=\"20220208-1033-7728-MSKY\" data-image-description=\"\" data-medium-file=\"https:\/\/i0.wp.com\/alpimages.ch\/wp-content\/uploads\/2023\/12\/20220208-1033-7728-MSKY.jpg?fit=300%2C200&#038;ssl=1\" data-large-file=\"https:\/\/i0.wp.com\/alpimages.ch\/wp-content\/uploads\/2023\/12\/20220208-1033-7728-MSKY.jpg?fit=680%2C454&#038;ssl=1\" src=\"https:\/\/i0.wp.com\/alpimages.ch\/wp-content\/uploads\/2023\/12\/20220208-1033-7728-MSKY.jpg?w=465&#038;h=310&#038;ssl=1\" srcset=\"https:\/\/i0.wp.com\/alpimages.ch\/wp-content\/uploads\/2023\/12\/20220208-1033-7728-MSKY.jpg?w=5693&amp;ssl=1 5693w, https:\/\/i0.wp.com\/alpimages.ch\/wp-content\/uploads\/2023\/12\/20220208-1033-7728-MSKY.jpg?resize=300%2C200&amp;ssl=1 300w, https:\/\/i0.wp.com\/alpimages.ch\/wp-content\/uploads\/2023\/12\/20220208-1033-7728-MSKY.jpg?resize=1024%2C683&amp;ssl=1 1024w, https:\/\/i0.wp.com\/alpimages.ch\/wp-content\/uploads\/2023\/12\/20220208-1033-7728-MSKY.jpg?resize=150%2C100&amp;ssl=1 150w, https:\/\/i0.wp.com\/alpimages.ch\/wp-content\/uploads\/2023\/12\/20220208-1033-7728-MSKY.jpg?resize=768%2C512&amp;ssl=1 768w, https:\/\/i0.wp.com\/alpimages.ch\/wp-content\/uploads\/2023\/12\/20220208-1033-7728-MSKY.jpg?resize=1536%2C1024&amp;ssl=1 1536w, https:\/\/i0.wp.com\/alpimages.ch\/wp-content\/uploads\/2023\/12\/20220208-1033-7728-MSKY.jpg?resize=2048%2C1365&amp;ssl=1 2048w, https:\/\/i0.wp.com\/alpimages.ch\/wp-content\/uploads\/2023\/12\/20220208-1033-7728-MSKY.jpg?resize=18%2C12&amp;ssl=1 18w, https:\/\/i0.wp.com\/alpimages.ch\/wp-content\/uploads\/2023\/12\/20220208-1033-7728-MSKY.jpg?resize=317%2C211&amp;ssl=1 317w, https:\/\/i0.wp.com\/alpimages.ch\/wp-content\/uploads\/2023\/12\/20220208-1033-7728-MSKY.jpg?w=1360&amp;ssl=1 1360w\" width=\"465\" height=\"310\" loading=\"lazy\" data-original-width=\"465\" data-original-height=\"310\" itemprop=\"http:\/\/schema.org\/image\" title=\"20220208-1033-7728-MSKY\" alt=\"20220208-1033-7728-MSKY\" style=\"width: 465px; height: 310px;\" \/> <\/a> <\/div> <\/div> <!-- close group --> <\/div> <!-- close row --> <\/div>\n<h6>&nbsp;<\/h6>\n<h6>&nbsp;<\/h6>\n\n\n<p><\/p>","protected":false},"excerpt":{"rendered":"<p>Des anniversaires aux c\u00e9r\u00e9monies en passant par votre premi\u00e8re descente sur les pistes, les moments en famille et entre amis sont pr\u00e9cieux et m\u00e9ritent que l&rsquo;on s&rsquo;en souvienne. Un s\u00e9jour \u00e0 Verbier est propice \u00e0 la r\u00e9alisation de portraits familiaux que vous pourrez garder ou offrir. C&rsquo;est aussi l&rsquo;occasion d&rsquo;immortaliser vos exploits sportifs et vos [&hellip;]<\/p>\n","protected":false},"author":1,"featured_media":0,"parent":18,"menu_order":0,"comment_status":"closed","ping_status":"closed","template":"page-full-width.php","meta":{"ngg_post_thumbnail":0,"footnotes":""},"tags":[108257,409752030,3154,1774082],"class_list":["post-40","page","type-page","status-publish","hentry","tag-mariage","tag-portraits","tag-posters","tag-verbier"],"yoast_head":"<!-- This site is optimized with the Yoast SEO plugin v27.4 - https:\/\/yoast.com\/product\/yoast-seo-wordpress\/ -->\n<title>Portraits - Photographes professionnels - Galerie photos &amp; affiches - Verbier<\/title>\n<meta name=\"description\" content=\"R\u00e9alisez vos portraits de famille \u00e0 Verbier pour garder de merveilleux souvenirs et immortalisez vos \u00e9v\u00e8nements en groupe et entre amis.\" \/>\n<meta name=\"robots\" content=\"index, follow, max-snippet:-1, max-image-preview:large, max-video-preview:-1\" \/>\n<link rel=\"canonical\" href=\"https:\/\/alpimages.ch\/en\/portraits\/portraits-photo\/\" \/>\n<meta property=\"og:locale\" content=\"en_US\" \/>\n<meta property=\"og:type\" content=\"article\" \/>\n<meta property=\"og:title\" content=\"Portraits - Photographes professionnels - Galerie photos &amp; affiches - Verbier\" \/>\n<meta property=\"og:description\" content=\"R\u00e9alisez vos portraits de famille \u00e0 Verbier pour garder de merveilleux souvenirs et immortalisez vos \u00e9v\u00e8nements en groupe et entre amis.\" \/>\n<meta property=\"og:url\" content=\"https:\/\/alpimages.ch\/en\/portraits\/portraits-photo\/\" \/>\n<meta property=\"og:site_name\" content=\"Photographes professionnels - Galerie photos &amp; affiches - Verbier\" \/>\n<meta property=\"article:modified_time\" content=\"2026-04-02T14:42:25+00:00\" \/>\n<meta property=\"og:image\" content=\"https:\/\/i0.wp.com\/alpimages.ch\/wp-content\/uploads\/2021\/03\/TOM_2299.jpg?w=465&#038;h=310&#038;ssl=1\" \/>\n<meta name=\"twitter:card\" content=\"summary_large_image\" \/>\n<meta name=\"twitter:label1\" content=\"Est. reading time\" \/>\n\t<meta name=\"twitter:data1\" content=\"1 minute\" \/>\n<script type=\"application\/ld+json\" class=\"yoast-schema-graph\">{\"@context\":\"https:\\\/\\\/schema.org\",\"@graph\":[{\"@type\":\"WebPage\",\"@id\":\"https:\\\/\\\/alpimages.ch\\\/portraits\\\/portraits-photo\\\/\",\"url\":\"https:\\\/\\\/alpimages.ch\\\/portraits\\\/portraits-photo\\\/\",\"name\":\"Portraits - Photographes professionnels - Galerie photos &amp; affiches - Verbier\",\"isPartOf\":{\"@id\":\"https:\\\/\\\/alpimages.ch\\\/#website\"},\"datePublished\":\"2015-03-21T10:17:29+00:00\",\"dateModified\":\"2026-04-02T14:42:25+00:00\",\"description\":\"R\u00e9alisez vos portraits de famille \u00e0 Verbier pour garder de merveilleux souvenirs et immortalisez vos \u00e9v\u00e8nements en groupe et entre amis.\",\"breadcrumb\":{\"@id\":\"https:\\\/\\\/alpimages.ch\\\/portraits\\\/portraits-photo\\\/#breadcrumb\"},\"inLanguage\":\"en-US\",\"potentialAction\":[{\"@type\":\"ReadAction\",\"target\":[\"https:\\\/\\\/alpimages.ch\\\/portraits\\\/portraits-photo\\\/\"]}]},{\"@type\":\"BreadcrumbList\",\"@id\":\"https:\\\/\\\/alpimages.ch\\\/portraits\\\/portraits-photo\\\/#breadcrumb\",\"itemListElement\":[{\"@type\":\"ListItem\",\"position\":1,\"name\":\"Accueil\",\"item\":\"https:\\\/\\\/alpimages.ch\\\/\"},{\"@type\":\"ListItem\",\"position\":2,\"name\":\"Portfolio portraits\",\"item\":\"https:\\\/\\\/alpimages.ch\\\/portraits\\\/\"},{\"@type\":\"ListItem\",\"position\":3,\"name\":\"Portraits\"}]},{\"@type\":\"WebSite\",\"@id\":\"https:\\\/\\\/alpimages.ch\\\/#website\",\"url\":\"https:\\\/\\\/alpimages.ch\\\/\",\"name\":\"Photographes professionnels - Galerie photos &amp; affiches - Verbier\",\"description\":\"Photographes professionnels bas\u00e9s \u00e0 Verbier, nous offrons diff\u00e9rents services comme l&#039;impression photo, l&#039;encadrement, la vente d&#039;affiches et de posters et l&#039;organisation d&#039;\u00e9v\u00e8nements priv\u00e9s.\",\"potentialAction\":[{\"@type\":\"SearchAction\",\"target\":{\"@type\":\"EntryPoint\",\"urlTemplate\":\"https:\\\/\\\/alpimages.ch\\\/?s={search_term_string}\"},\"query-input\":{\"@type\":\"PropertyValueSpecification\",\"valueRequired\":true,\"valueName\":\"search_term_string\"}}],\"inLanguage\":\"en-US\"}]}<\/script>\n<!-- \/ Yoast SEO plugin. -->","yoast_head_json":{"title":"Portraits - Photographes professionnels - Galerie photos &amp; affiches - Verbier","description":"R\u00e9alisez vos portraits de famille \u00e0 Verbier pour garder de merveilleux souvenirs et immortalisez vos \u00e9v\u00e8nements en groupe et entre amis.","robots":{"index":"index","follow":"follow","max-snippet":"max-snippet:-1","max-image-preview":"max-image-preview:large","max-video-preview":"max-video-preview:-1"},"canonical":"https:\/\/alpimages.ch\/en\/portraits\/portraits-photo\/","og_locale":"en_US","og_type":"article","og_title":"Portraits - Photographes professionnels - Galerie photos &amp; affiches - Verbier","og_description":"R\u00e9alisez vos portraits de famille \u00e0 Verbier pour garder de merveilleux souvenirs et immortalisez vos \u00e9v\u00e8nements en groupe et entre amis.","og_url":"https:\/\/alpimages.ch\/en\/portraits\/portraits-photo\/","og_site_name":"Photographes professionnels - Galerie photos &amp; affiches - Verbier","article_modified_time":"2026-04-02T14:42:25+00:00","og_image":[{"url":"https:\/\/i0.wp.com\/alpimages.ch\/wp-content\/uploads\/2021\/03\/TOM_2299.jpg?w=465&#038;h=310&#038;ssl=1","type":"","width":"","height":""}],"twitter_card":"summary_large_image","twitter_misc":{"Est. reading time":"1 minute"},"schema":{"@context":"https:\/\/schema.org","@graph":[{"@type":"WebPage","@id":"https:\/\/alpimages.ch\/portraits\/portraits-photo\/","url":"https:\/\/alpimages.ch\/portraits\/portraits-photo\/","name":"Portraits - Photographes professionnels - Galerie photos &amp; affiches - Verbier","isPartOf":{"@id":"https:\/\/alpimages.ch\/#website"},"datePublished":"2015-03-21T10:17:29+00:00","dateModified":"2026-04-02T14:42:25+00:00","description":"R\u00e9alisez vos portraits de famille \u00e0 Verbier pour garder de merveilleux souvenirs et immortalisez vos \u00e9v\u00e8nements en groupe et entre amis.","breadcrumb":{"@id":"https:\/\/alpimages.ch\/portraits\/portraits-photo\/#breadcrumb"},"inLanguage":"en-US","potentialAction":[{"@type":"ReadAction","target":["https:\/\/alpimages.ch\/portraits\/portraits-photo\/"]}]},{"@type":"BreadcrumbList","@id":"https:\/\/alpimages.ch\/portraits\/portraits-photo\/#breadcrumb","itemListElement":[{"@type":"ListItem","position":1,"name":"Accueil","item":"https:\/\/alpimages.ch\/"},{"@type":"ListItem","position":2,"name":"Portfolio portraits","item":"https:\/\/alpimages.ch\/portraits\/"},{"@type":"ListItem","position":3,"name":"Portraits"}]},{"@type":"WebSite","@id":"https:\/\/alpimages.ch\/#website","url":"https:\/\/alpimages.ch\/","name":"Photographes professionnels - Galerie photos &amp; affiches - Verbier","description":"Photographes professionnels bas\u00e9s \u00e0 Verbier, nous offrons diff\u00e9rents services comme l&#039;impression photo, l&#039;encadrement, la vente d&#039;affiches et de posters et l&#039;organisation d&#039;\u00e9v\u00e8nements priv\u00e9s.","potentialAction":[{"@type":"SearchAction","target":{"@type":"EntryPoint","urlTemplate":"https:\/\/alpimages.ch\/?s={search_term_string}"},"query-input":{"@type":"PropertyValueSpecification","valueRequired":true,"valueName":"search_term_string"}}],"inLanguage":"en-US"}]}},"jetpack_sharing_enabled":true,"jetpack_shortlink":"https:\/\/wp.me\/P5FEld-E","jetpack_likes_enabled":true,"_links":{"self":[{"href":"https:\/\/alpimages.ch\/en\/wp-json\/wp\/v2\/pages\/40","targetHints":{"allow":["GET"]}}],"collection":[{"href":"https:\/\/alpimages.ch\/en\/wp-json\/wp\/v2\/pages"}],"about":[{"href":"https:\/\/alpimages.ch\/en\/wp-json\/wp\/v2\/types\/page"}],"author":[{"embeddable":true,"href":"https:\/\/alpimages.ch\/en\/wp-json\/wp\/v2\/users\/1"}],"replies":[{"embeddable":true,"href":"https:\/\/alpimages.ch\/en\/wp-json\/wp\/v2\/comments?post=40"}],"version-history":[{"count":57,"href":"https:\/\/alpimages.ch\/en\/wp-json\/wp\/v2\/pages\/40\/revisions"}],"predecessor-version":[{"id":14759,"href":"https:\/\/alpimages.ch\/en\/wp-json\/wp\/v2\/pages\/40\/revisions\/14759"}],"up":[{"embeddable":true,"href":"https:\/\/alpimages.ch\/en\/wp-json\/wp\/v2\/pages\/18"}],"wp:attachment":[{"href":"https:\/\/alpimages.ch\/en\/wp-json\/wp\/v2\/media?parent=40"}],"wp:term":[{"taxonomy":"post_tag","embeddable":true,"href":"https:\/\/alpimages.ch\/en\/wp-json\/wp\/v2\/tags?post=40"}],"curies":[{"name":"wp","href":"https:\/\/api.w.org\/{rel}","templated":true}]}}