{"id":42,"date":"2015-03-21T10:18:36","date_gmt":"2015-03-21T10:18:36","guid":{"rendered":"https:\/\/alpimages.ch\/?page_id=42"},"modified":"2026-02-04T15:30:51","modified_gmt":"2026-02-04T15:30:51","slug":"anniversaires-et-ceremonies","status":"publish","type":"page","link":"https:\/\/alpimages.ch\/en\/portraits\/anniversaires-et-ceremonies\/","title":{"rendered":"Anniversaires &#038; c\u00e9r\u00e9monies"},"content":{"rendered":"<p>Une f\u00eate entre amis, un anniversaire \u00e0 c\u00e9l\u00e9brer, un mariage \u00e0 ne jamais oublier, immortalisez vos souvenirs en photo.<\/p>\n<p>Vous organisez un \u00e9v\u00e9nement et souhaitez faire appel \u00e0 un photographe professionnel pour r\u00e9aliser des photos de qualit\u00e9 ? Alpimages participe \u00e0 la r\u00e9ussite de vos \u00e9v\u00e8nements, vous permettant de garder de beaux souvenirs. Nous vous envoyons vos photos afin que vous puissiez les afficher, les partager ou les mettre sur un site internet.<\/p>\n<p>Rendez-vous au magasin pour plus d&rsquo;information ou appelez&nbsp;le&nbsp;+41 27 771 7722&nbsp;pour planifier vos prochains \u00e9v\u00e8nements.<\/p>\n<div class=\"tiled-gallery type-rectangular tiled-gallery-unresized\" data-original-width=\"680\" data-carousel-extra='{&quot;blog_id&quot;:1,&quot;permalink&quot;:&quot;https:\\\/\\\/alpimages.ch\\\/en\\\/portraits\\\/anniversaires-et-ceremonies\\\/&quot;,&quot;likes_blog_id&quot;:83808203}' itemscope itemtype=\"http:\/\/schema.org\/ImageGallery\" > <div class=\"gallery-row\" style=\"width: 680px; height: 304px;\" data-original-width=\"680\" data-original-height=\"304\" > <div class=\"gallery-group images-1\" style=\"width: 454px; height: 304px;\" data-original-width=\"454\" data-original-height=\"304\" > <div class=\"tiled-gallery-item tiled-gallery-item-large\" itemprop=\"associatedMedia\" itemscope itemtype=\"http:\/\/schema.org\/ImageObject\"> <a href=\"https:\/\/alpimages.ch\/en\/portraits\/anniversaires-et-ceremonies\/alpimages-baptemealexis-113-2\/\" border=\"0\" itemprop=\"url\"> <meta itemprop=\"width\" content=\"450\"> <meta itemprop=\"height\" content=\"300\"> <img decoding=\"async\" class=\"\" data-attachment-id=\"511\" data-orig-file=\"https:\/\/alpimages.ch\/wp-content\/uploads\/2015\/03\/alpimages-baptemealexis-113-2.jpg\" data-orig-size=\"3543,2365\" data-comments-opened=\"\" data-image-meta=\"{&quot;aperture&quot;:&quot;0&quot;,&quot;credit&quot;:&quot;&quot;,&quot;camera&quot;:&quot;&quot;,&quot;caption&quot;:&quot;&quot;,&quot;created_timestamp&quot;:&quot;0&quot;,&quot;copyright&quot;:&quot;&quot;,&quot;focal_length&quot;:&quot;0&quot;,&quot;iso&quot;:&quot;0&quot;,&quot;shutter_speed&quot;:&quot;0&quot;,&quot;title&quot;:&quot;&quot;,&quot;orientation&quot;:&quot;0&quot;}\" data-image-title=\"\" data-image-description=\"\" data-medium-file=\"https:\/\/i0.wp.com\/alpimages.ch\/wp-content\/uploads\/2015\/03\/alpimages-baptemealexis-113-2.jpg?fit=300%2C200&#038;ssl=1\" data-large-file=\"https:\/\/i0.wp.com\/alpimages.ch\/wp-content\/uploads\/2015\/03\/alpimages-baptemealexis-113-2.jpg?fit=680%2C454&#038;ssl=1\" src=\"https:\/\/i0.wp.com\/alpimages.ch\/wp-content\/uploads\/2015\/03\/alpimages-baptemealexis-113-2.jpg?w=450&#038;h=300&#038;ssl=1\" width=\"450\" height=\"300\" loading=\"lazy\" data-original-width=\"450\" data-original-height=\"300\" itemprop=\"http:\/\/schema.org\/image\" title=\"\" alt=\"\" style=\"width: 450px; height: 300px;\" \/> <\/a> <\/div> <\/div> <!-- close group --> <div class=\"gallery-group images-2\" style=\"width: 226px; height: 304px;\" data-original-width=\"226\" data-original-height=\"304\" > <div class=\"tiled-gallery-item tiled-gallery-item-small\" itemprop=\"associatedMedia\" itemscope itemtype=\"http:\/\/schema.org\/ImageObject\"> <a href=\"https:\/\/alpimages.ch\/en\/portraits\/anniversaires-et-ceremonies\/alpimagesverbier-8732-2\/\" border=\"0\" itemprop=\"url\"> <meta itemprop=\"width\" content=\"222\"> <meta itemprop=\"height\" content=\"148\"> <img decoding=\"async\" class=\"\" data-attachment-id=\"14748\" data-orig-file=\"https:\/\/alpimages.ch\/wp-content\/uploads\/2026\/02\/AlpimagesVerbier-8732-1.jpg\" data-orig-size=\"3543,2362\" data-comments-opened=\"\" data-image-meta=\"{&quot;aperture&quot;:&quot;6.3&quot;,&quot;credit&quot;:&quot;&quot;,&quot;camera&quot;:&quot;NIKON Z6_3&quot;,&quot;caption&quot;:&quot;&quot;,&quot;created_timestamp&quot;:&quot;1769862625&quot;,&quot;copyright&quot;:&quot;&quot;,&quot;focal_length&quot;:&quot;73&quot;,&quot;iso&quot;:&quot;500&quot;,&quot;shutter_speed&quot;:&quot;0.000625&quot;,&quot;title&quot;:&quot;&quot;,&quot;orientation&quot;:&quot;0&quot;}\" data-image-title=\"AlpimagesVerbier-8732\" data-image-description=\"\" data-medium-file=\"https:\/\/i0.wp.com\/alpimages.ch\/wp-content\/uploads\/2026\/02\/AlpimagesVerbier-8732-1.jpg?fit=300%2C200&#038;ssl=1\" data-large-file=\"https:\/\/i0.wp.com\/alpimages.ch\/wp-content\/uploads\/2026\/02\/AlpimagesVerbier-8732-1.jpg?fit=680%2C454&#038;ssl=1\" src=\"https:\/\/i0.wp.com\/alpimages.ch\/wp-content\/uploads\/2026\/02\/AlpimagesVerbier-8732-1.jpg?w=222&#038;h=148&#038;ssl=1\" srcset=\"https:\/\/i0.wp.com\/alpimages.ch\/wp-content\/uploads\/2026\/02\/AlpimagesVerbier-8732-1.jpg?w=3543&amp;ssl=1 3543w, https:\/\/i0.wp.com\/alpimages.ch\/wp-content\/uploads\/2026\/02\/AlpimagesVerbier-8732-1.jpg?resize=300%2C200&amp;ssl=1 300w, https:\/\/i0.wp.com\/alpimages.ch\/wp-content\/uploads\/2026\/02\/AlpimagesVerbier-8732-1.jpg?resize=1024%2C683&amp;ssl=1 1024w, https:\/\/i0.wp.com\/alpimages.ch\/wp-content\/uploads\/2026\/02\/AlpimagesVerbier-8732-1.jpg?resize=150%2C100&amp;ssl=1 150w, https:\/\/i0.wp.com\/alpimages.ch\/wp-content\/uploads\/2026\/02\/AlpimagesVerbier-8732-1.jpg?resize=768%2C512&amp;ssl=1 768w, https:\/\/i0.wp.com\/alpimages.ch\/wp-content\/uploads\/2026\/02\/AlpimagesVerbier-8732-1.jpg?resize=1536%2C1024&amp;ssl=1 1536w, https:\/\/i0.wp.com\/alpimages.ch\/wp-content\/uploads\/2026\/02\/AlpimagesVerbier-8732-1.jpg?resize=2048%2C1365&amp;ssl=1 2048w, https:\/\/i0.wp.com\/alpimages.ch\/wp-content\/uploads\/2026\/02\/AlpimagesVerbier-8732-1.jpg?resize=18%2C12&amp;ssl=1 18w, https:\/\/i0.wp.com\/alpimages.ch\/wp-content\/uploads\/2026\/02\/AlpimagesVerbier-8732-1.jpg?resize=317%2C211&amp;ssl=1 317w, https:\/\/i0.wp.com\/alpimages.ch\/wp-content\/uploads\/2026\/02\/AlpimagesVerbier-8732-1.jpg?w=1360&amp;ssl=1 1360w\" width=\"222\" height=\"148\" loading=\"lazy\" data-original-width=\"222\" data-original-height=\"148\" itemprop=\"http:\/\/schema.org\/image\" title=\"AlpimagesVerbier-8732\" alt=\"AlpimagesVerbier-8732\" style=\"width: 222px; height: 148px;\" \/> <\/a> <\/div> <div class=\"tiled-gallery-item tiled-gallery-item-small\" itemprop=\"associatedMedia\" itemscope itemtype=\"http:\/\/schema.org\/ImageObject\"> <a href=\"https:\/\/alpimages.ch\/en\/portraits\/anniversaires-et-ceremonies\/annivictoria_samedialpimages-91\/\" border=\"0\" itemprop=\"url\"> <meta itemprop=\"width\" content=\"222\"> <meta itemprop=\"height\" content=\"148\"> <img decoding=\"async\" class=\"\" data-attachment-id=\"11449\" data-orig-file=\"https:\/\/alpimages.ch\/wp-content\/uploads\/2023\/12\/ANNIVICTORIA_SAMEDI\u00a9ALPIMAGES-91.jpg\" data-orig-size=\"2362,1576\" data-comments-opened=\"\" data-image-meta=\"{&quot;aperture&quot;:&quot;5&quot;,&quot;credit&quot;:&quot;&quot;,&quot;camera&quot;:&quot;NIKON D810&quot;,&quot;caption&quot;:&quot;&quot;,&quot;created_timestamp&quot;:&quot;1547318689&quot;,&quot;copyright&quot;:&quot;&quot;,&quot;focal_length&quot;:&quot;24&quot;,&quot;iso&quot;:&quot;640&quot;,&quot;shutter_speed&quot;:&quot;0.02&quot;,&quot;title&quot;:&quot;&quot;,&quot;orientation&quot;:&quot;0&quot;}\" data-image-title=\"ANNIVICTORIA_SAMEDI\u00a9ALPIMAGES-91\" data-image-description=\"&lt;p&gt;anniversaire photo de alpimages a verbier&lt;\/p&gt; \" data-medium-file=\"https:\/\/i0.wp.com\/alpimages.ch\/wp-content\/uploads\/2023\/12\/ANNIVICTORIA_SAMEDI%C2%A9ALPIMAGES-91.jpg?fit=300%2C200&#038;ssl=1\" data-large-file=\"https:\/\/i0.wp.com\/alpimages.ch\/wp-content\/uploads\/2023\/12\/ANNIVICTORIA_SAMEDI%C2%A9ALPIMAGES-91.jpg?fit=680%2C454&#038;ssl=1\" src=\"https:\/\/i0.wp.com\/alpimages.ch\/wp-content\/uploads\/2023\/12\/ANNIVICTORIA_SAMEDI%C2%A9ALPIMAGES-91.jpg?w=222&#038;h=148&#038;ssl=1\" width=\"222\" height=\"148\" loading=\"lazy\" data-original-width=\"222\" data-original-height=\"148\" itemprop=\"http:\/\/schema.org\/image\" title=\"ANNIVICTORIA_SAMEDI\u00a9ALPIMAGES-91\" alt=\"anniversaire photo verbier\" style=\"width: 222px; height: 148px;\" \/> <\/a> <\/div> <\/div> <!-- close group --> <\/div> <!-- close row --> <div class=\"gallery-row\" style=\"width: 680px; height: 311px;\" data-original-width=\"680\" data-original-height=\"311\" > <div class=\"gallery-group images-2\" style=\"width: 231px; height: 311px;\" data-original-width=\"231\" data-original-height=\"311\" > <div class=\"tiled-gallery-item tiled-gallery-item-small\" itemprop=\"associatedMedia\" itemscope itemtype=\"http:\/\/schema.org\/ImageObject\"> <a href=\"https:\/\/alpimages.ch\/en\/portraits\/anniversaires-et-ceremonies\/alpimages-baptemealexis-100\/\" border=\"0\" itemprop=\"url\"> <meta itemprop=\"width\" content=\"227\"> <meta itemprop=\"height\" content=\"152\"> <img decoding=\"async\" class=\"\" data-attachment-id=\"510\" data-orig-file=\"https:\/\/alpimages.ch\/wp-content\/uploads\/2015\/03\/alpimages-baptemealexis-100.jpg\" data-orig-size=\"3543,2365\" data-comments-opened=\"\" data-image-meta=\"{&quot;aperture&quot;:&quot;0&quot;,&quot;credit&quot;:&quot;&quot;,&quot;camera&quot;:&quot;&quot;,&quot;caption&quot;:&quot;&quot;,&quot;created_timestamp&quot;:&quot;0&quot;,&quot;copyright&quot;:&quot;&quot;,&quot;focal_length&quot;:&quot;0&quot;,&quot;iso&quot;:&quot;0&quot;,&quot;shutter_speed&quot;:&quot;0&quot;,&quot;title&quot;:&quot;&quot;,&quot;orientation&quot;:&quot;0&quot;}\" data-image-title=\"\" data-image-description=\"\" data-medium-file=\"https:\/\/i0.wp.com\/alpimages.ch\/wp-content\/uploads\/2015\/03\/alpimages-baptemealexis-100.jpg?fit=300%2C200&#038;ssl=1\" data-large-file=\"https:\/\/i0.wp.com\/alpimages.ch\/wp-content\/uploads\/2015\/03\/alpimages-baptemealexis-100.jpg?fit=680%2C454&#038;ssl=1\" src=\"https:\/\/i0.wp.com\/alpimages.ch\/wp-content\/uploads\/2015\/03\/alpimages-baptemealexis-100.jpg?w=227&#038;h=152&#038;ssl=1\" width=\"227\" height=\"152\" loading=\"lazy\" data-original-width=\"227\" data-original-height=\"152\" itemprop=\"http:\/\/schema.org\/image\" title=\"\" alt=\"\" style=\"width: 227px; height: 152px;\" \/> <\/a> <\/div> <div class=\"tiled-gallery-item tiled-gallery-item-small\" itemprop=\"associatedMedia\" itemscope itemtype=\"http:\/\/schema.org\/ImageObject\"> <a href=\"https:\/\/alpimages.ch\/en\/portraits\/anniversaires-et-ceremonies\/penny-birthday-alpimages-183\/\" border=\"0\" itemprop=\"url\"> <meta itemprop=\"width\" content=\"227\"> <meta itemprop=\"height\" content=\"151\"> <img decoding=\"async\" class=\"\" data-attachment-id=\"516\" data-orig-file=\"https:\/\/alpimages.ch\/wp-content\/uploads\/2015\/03\/penny-birthday-alpimages-183.jpg\" data-orig-size=\"3543,2365\" data-comments-opened=\"\" data-image-meta=\"{&quot;aperture&quot;:&quot;0&quot;,&quot;credit&quot;:&quot;&quot;,&quot;camera&quot;:&quot;&quot;,&quot;caption&quot;:&quot;&quot;,&quot;created_timestamp&quot;:&quot;0&quot;,&quot;copyright&quot;:&quot;&quot;,&quot;focal_length&quot;:&quot;0&quot;,&quot;iso&quot;:&quot;0&quot;,&quot;shutter_speed&quot;:&quot;0&quot;,&quot;title&quot;:&quot;&quot;,&quot;orientation&quot;:&quot;0&quot;}\" data-image-title=\"\" data-image-description=\"\" data-medium-file=\"https:\/\/i0.wp.com\/alpimages.ch\/wp-content\/uploads\/2015\/03\/penny-birthday-alpimages-183.jpg?fit=300%2C200&#038;ssl=1\" data-large-file=\"https:\/\/i0.wp.com\/alpimages.ch\/wp-content\/uploads\/2015\/03\/penny-birthday-alpimages-183.jpg?fit=680%2C454&#038;ssl=1\" src=\"https:\/\/i0.wp.com\/alpimages.ch\/wp-content\/uploads\/2015\/03\/penny-birthday-alpimages-183.jpg?w=227&#038;h=151&#038;ssl=1\" width=\"227\" height=\"151\" loading=\"lazy\" data-original-width=\"227\" data-original-height=\"151\" itemprop=\"http:\/\/schema.org\/image\" title=\"\" alt=\"\" style=\"width: 227px; height: 151px;\" \/> <\/a> <\/div> <\/div> <!-- close group --> <div class=\"gallery-group images-1\" style=\"width: 449px; height: 311px;\" data-original-width=\"449\" data-original-height=\"311\" > <div class=\"tiled-gallery-item tiled-gallery-item-large\" itemprop=\"associatedMedia\" itemscope itemtype=\"http:\/\/schema.org\/ImageObject\"> <a href=\"https:\/\/alpimages.ch\/en\/portraits\/anniversaires-et-ceremonies\/tom_0096-3\/\" border=\"0\" itemprop=\"url\"> <meta itemprop=\"width\" content=\"445\"> <meta itemprop=\"height\" content=\"307\"> <img decoding=\"async\" class=\"\" data-attachment-id=\"328\" data-orig-file=\"https:\/\/alpimages.ch\/wp-content\/uploads\/2015\/03\/tom_0096-3.jpg\" data-orig-size=\"3543,2443\" data-comments-opened=\"\" data-image-meta=\"{&quot;aperture&quot;:&quot;5&quot;,&quot;credit&quot;:&quot;&quot;,&quot;camera&quot;:&quot;NIKON D3&quot;,&quot;caption&quot;:&quot;&quot;,&quot;created_timestamp&quot;:&quot;1329013185&quot;,&quot;copyright&quot;:&quot;&quot;,&quot;focal_length&quot;:&quot;28&quot;,&quot;iso&quot;:&quot;1250&quot;,&quot;shutter_speed&quot;:&quot;0.4&quot;,&quot;title&quot;:&quot;&quot;,&quot;orientation&quot;:&quot;0&quot;}\" data-image-title=\"\" data-image-description=\"&lt;p&gt;anniversaire photo par Alpimages Verbier&lt;\/p&gt; \" data-medium-file=\"https:\/\/i0.wp.com\/alpimages.ch\/wp-content\/uploads\/2015\/03\/tom_0096-3.jpg?fit=300%2C207&#038;ssl=1\" data-large-file=\"https:\/\/i0.wp.com\/alpimages.ch\/wp-content\/uploads\/2015\/03\/tom_0096-3.jpg?fit=680%2C469&#038;ssl=1\" src=\"https:\/\/i0.wp.com\/alpimages.ch\/wp-content\/uploads\/2015\/03\/tom_0096-3.jpg?w=445&#038;h=307&#038;ssl=1\" width=\"445\" height=\"307\" loading=\"lazy\" data-original-width=\"445\" data-original-height=\"307\" itemprop=\"http:\/\/schema.org\/image\" title=\"\" alt=\"anniversaire photo par Alpimages Verbier\" style=\"width: 445px; height: 307px;\" \/> <\/a> <\/div> <\/div> <!-- close group --> <\/div> <!-- close row --> <div class=\"gallery-row\" style=\"width: 680px; height: 228px;\" data-original-width=\"680\" data-original-height=\"228\" > <div class=\"gallery-group images-1\" style=\"width: 340px; height: 228px;\" data-original-width=\"340\" data-original-height=\"228\" > <div class=\"tiled-gallery-item tiled-gallery-item-large\" itemprop=\"associatedMedia\" itemscope itemtype=\"http:\/\/schema.org\/ImageObject\"> <a href=\"https:\/\/alpimages.ch\/en\/corporate\/evenements-et-team-building\/itgirl2018alpimages-35\/\" border=\"0\" itemprop=\"url\"> <meta itemprop=\"width\" content=\"336\"> <meta itemprop=\"height\" content=\"224\"> <img decoding=\"async\" class=\"\" data-attachment-id=\"7554\" data-orig-file=\"https:\/\/alpimages.ch\/wp-content\/uploads\/2020\/04\/ITGIRL2018\u00a9Alpimages-35.jpg\" data-orig-size=\"4134,2759\" data-comments-opened=\"\" data-image-meta=\"{&quot;aperture&quot;:&quot;1.8&quot;,&quot;credit&quot;:&quot;&quot;,&quot;camera&quot;:&quot;NIKON D810&quot;,&quot;caption&quot;:&quot;&quot;,&quot;created_timestamp&quot;:&quot;1517096080&quot;,&quot;copyright&quot;:&quot;&quot;,&quot;focal_length&quot;:&quot;35&quot;,&quot;iso&quot;:&quot;1250&quot;,&quot;shutter_speed&quot;:&quot;0.016666666666667&quot;,&quot;title&quot;:&quot;&quot;,&quot;orientation&quot;:&quot;0&quot;}\" data-image-title=\"ITGIRL2018\u00a9Alpimages-35\" data-image-description=\"\" data-medium-file=\"https:\/\/i0.wp.com\/alpimages.ch\/wp-content\/uploads\/2020\/04\/ITGIRL2018%C2%A9Alpimages-35.jpg?fit=300%2C200&#038;ssl=1\" data-large-file=\"https:\/\/i0.wp.com\/alpimages.ch\/wp-content\/uploads\/2020\/04\/ITGIRL2018%C2%A9Alpimages-35.jpg?fit=680%2C454&#038;ssl=1\" src=\"https:\/\/i0.wp.com\/alpimages.ch\/wp-content\/uploads\/2020\/04\/ITGIRL2018%C2%A9Alpimages-35.jpg?w=336&#038;h=224&#038;ssl=1\" width=\"336\" height=\"224\" loading=\"lazy\" data-original-width=\"336\" data-original-height=\"224\" itemprop=\"http:\/\/schema.org\/image\" title=\"ITGIRL2018\u00a9Alpimages-35\" alt=\"ITGIRL2018\u00a9Alpimages-35\" style=\"width: 336px; height: 224px;\" \/> <\/a> <\/div> <\/div> <!-- close group --> <div class=\"gallery-group images-1\" style=\"width: 340px; height: 228px;\" data-original-width=\"340\" data-original-height=\"228\" > <div class=\"tiled-gallery-item tiled-gallery-item-large\" itemprop=\"associatedMedia\" itemscope itemtype=\"http:\/\/schema.org\/ImageObject\"> <a href=\"https:\/\/alpimages.ch\/en\/portraits\/anniversaires-et-ceremonies\/annivictoria_samedialpimages-280\/\" border=\"0\" itemprop=\"url\"> <meta itemprop=\"width\" content=\"336\"> <meta itemprop=\"height\" content=\"224\"> <img decoding=\"async\" class=\"\" data-attachment-id=\"11483\" data-orig-file=\"https:\/\/alpimages.ch\/wp-content\/uploads\/2023\/12\/ANNIVICTORIA_SAMEDI\u00a9ALPIMAGES-280.jpg\" data-orig-size=\"2362,1576\" data-comments-opened=\"\" data-image-meta=\"{&quot;aperture&quot;:&quot;2&quot;,&quot;credit&quot;:&quot;&quot;,&quot;camera&quot;:&quot;NIKON D810&quot;,&quot;caption&quot;:&quot;&quot;,&quot;created_timestamp&quot;:&quot;1547330599&quot;,&quot;copyright&quot;:&quot;&quot;,&quot;focal_length&quot;:&quot;35&quot;,&quot;iso&quot;:&quot;2000&quot;,&quot;shutter_speed&quot;:&quot;0.008&quot;,&quot;title&quot;:&quot;&quot;,&quot;orientation&quot;:&quot;0&quot;}\" data-image-title=\"ANNIVICTORIA_SAMEDI\u00a9ALPIMAGES-280\" data-image-description=\"&lt;p&gt;anniversaire photo par Alpimages Verbier&lt;\/p&gt; \" data-medium-file=\"https:\/\/i0.wp.com\/alpimages.ch\/wp-content\/uploads\/2023\/12\/ANNIVICTORIA_SAMEDI%C2%A9ALPIMAGES-280.jpg?fit=300%2C200&#038;ssl=1\" data-large-file=\"https:\/\/i0.wp.com\/alpimages.ch\/wp-content\/uploads\/2023\/12\/ANNIVICTORIA_SAMEDI%C2%A9ALPIMAGES-280.jpg?fit=680%2C454&#038;ssl=1\" src=\"https:\/\/i0.wp.com\/alpimages.ch\/wp-content\/uploads\/2023\/12\/ANNIVICTORIA_SAMEDI%C2%A9ALPIMAGES-280.jpg?w=336&#038;h=224&#038;ssl=1\" width=\"336\" height=\"224\" loading=\"lazy\" data-original-width=\"336\" data-original-height=\"224\" itemprop=\"http:\/\/schema.org\/image\" title=\"ANNIVICTORIA_SAMEDI\u00a9ALPIMAGES-280\" alt=\"anniversaire photo par Alpimages Verbier\" style=\"width: 336px; height: 224px;\" \/> <\/a> <\/div> <\/div> <!-- close group --> <\/div> <!-- close row --> <div class=\"gallery-row\" style=\"width: 680px; height: 228px;\" data-original-width=\"680\" data-original-height=\"228\" > <div class=\"gallery-group images-1\" style=\"width: 340px; height: 228px;\" data-original-width=\"340\" data-original-height=\"228\" > <div class=\"tiled-gallery-item tiled-gallery-item-large\" itemprop=\"associatedMedia\" itemscope itemtype=\"http:\/\/schema.org\/ImageObject\"> <a href=\"https:\/\/alpimages.ch\/en\/portraits\/anniversaires-et-ceremonies\/penny-birthday-alpimages-166\/\" border=\"0\" itemprop=\"url\"> <meta itemprop=\"width\" content=\"336\"> <meta itemprop=\"height\" content=\"224\"> <img decoding=\"async\" class=\"\" data-attachment-id=\"515\" data-orig-file=\"https:\/\/alpimages.ch\/wp-content\/uploads\/2015\/03\/penny-birthday-alpimages-166.jpg\" data-orig-size=\"3543,2365\" data-comments-opened=\"\" data-image-meta=\"{&quot;aperture&quot;:&quot;0&quot;,&quot;credit&quot;:&quot;&quot;,&quot;camera&quot;:&quot;&quot;,&quot;caption&quot;:&quot;&quot;,&quot;created_timestamp&quot;:&quot;0&quot;,&quot;copyright&quot;:&quot;&quot;,&quot;focal_length&quot;:&quot;0&quot;,&quot;iso&quot;:&quot;0&quot;,&quot;shutter_speed&quot;:&quot;0&quot;,&quot;title&quot;:&quot;&quot;,&quot;orientation&quot;:&quot;0&quot;}\" data-image-title=\"\" data-image-description=\"&lt;p&gt;anniversaire photo par Alpimages Verbier&lt;\/p&gt; \" data-medium-file=\"https:\/\/i0.wp.com\/alpimages.ch\/wp-content\/uploads\/2015\/03\/penny-birthday-alpimages-166.jpg?fit=300%2C200&#038;ssl=1\" data-large-file=\"https:\/\/i0.wp.com\/alpimages.ch\/wp-content\/uploads\/2015\/03\/penny-birthday-alpimages-166.jpg?fit=680%2C454&#038;ssl=1\" src=\"https:\/\/i0.wp.com\/alpimages.ch\/wp-content\/uploads\/2015\/03\/penny-birthday-alpimages-166.jpg?w=336&#038;h=224&#038;ssl=1\" width=\"336\" height=\"224\" loading=\"lazy\" data-original-width=\"336\" data-original-height=\"224\" itemprop=\"http:\/\/schema.org\/image\" title=\"\" alt=\"anniversaire photo par Alpimages Verbier\" style=\"width: 336px; height: 224px;\" \/> <\/a> <\/div> <\/div> <!-- close group --> <div class=\"gallery-group images-1\" style=\"width: 340px; height: 228px;\" data-original-width=\"340\" data-original-height=\"228\" > <div class=\"tiled-gallery-item tiled-gallery-item-large\" itemprop=\"associatedMedia\" itemscope itemtype=\"http:\/\/schema.org\/ImageObject\"> <a href=\"https:\/\/alpimages.ch\/en\/portraits\/anniversaires-et-ceremonies\/alpimages-baptemealexis-176\/\" border=\"0\" itemprop=\"url\"> <meta itemprop=\"width\" content=\"336\"> <meta itemprop=\"height\" content=\"224\"> <img decoding=\"async\" class=\"\" data-attachment-id=\"513\" data-orig-file=\"https:\/\/alpimages.ch\/wp-content\/uploads\/2015\/03\/alpimages-baptemealexis-176.jpg\" data-orig-size=\"3543,2365\" data-comments-opened=\"\" data-image-meta=\"{&quot;aperture&quot;:&quot;0&quot;,&quot;credit&quot;:&quot;&quot;,&quot;camera&quot;:&quot;&quot;,&quot;caption&quot;:&quot;&quot;,&quot;created_timestamp&quot;:&quot;0&quot;,&quot;copyright&quot;:&quot;&quot;,&quot;focal_length&quot;:&quot;0&quot;,&quot;iso&quot;:&quot;0&quot;,&quot;shutter_speed&quot;:&quot;0&quot;,&quot;title&quot;:&quot;&quot;,&quot;orientation&quot;:&quot;0&quot;}\" data-image-title=\"\" data-image-description=\"\" data-medium-file=\"https:\/\/i0.wp.com\/alpimages.ch\/wp-content\/uploads\/2015\/03\/alpimages-baptemealexis-176.jpg?fit=300%2C200&#038;ssl=1\" data-large-file=\"https:\/\/i0.wp.com\/alpimages.ch\/wp-content\/uploads\/2015\/03\/alpimages-baptemealexis-176.jpg?fit=680%2C454&#038;ssl=1\" src=\"https:\/\/i0.wp.com\/alpimages.ch\/wp-content\/uploads\/2015\/03\/alpimages-baptemealexis-176.jpg?w=336&#038;h=224&#038;ssl=1\" width=\"336\" height=\"224\" loading=\"lazy\" data-original-width=\"336\" data-original-height=\"224\" itemprop=\"http:\/\/schema.org\/image\" title=\"\" alt=\"\" style=\"width: 336px; height: 224px;\" \/> <\/a> <\/div> <\/div> <!-- close group --> <\/div> <!-- close row --> <div class=\"gallery-row\" style=\"width: 680px; height: 338px;\" data-original-width=\"680\" data-original-height=\"338\" > <div class=\"gallery-group images-1\" style=\"width: 227px; height: 338px;\" data-original-width=\"227\" data-original-height=\"338\" > <div class=\"tiled-gallery-item tiled-gallery-item-small\" itemprop=\"associatedMedia\" itemscope itemtype=\"http:\/\/schema.org\/ImageObject\"> <a href=\"https:\/\/alpimages.ch\/en\/portraits\/anniversaires-et-ceremonies\/annivictoria_vendredialpimages-127\/\" border=\"0\" itemprop=\"url\"> <meta itemprop=\"width\" content=\"223\"> <meta itemprop=\"height\" content=\"334\"> <img decoding=\"async\" class=\"\" data-attachment-id=\"11484\" data-orig-file=\"https:\/\/alpimages.ch\/wp-content\/uploads\/2023\/12\/ANNIVICTORIA_VENDREDI\u00a9ALPIMAGES-127.jpg\" data-orig-size=\"1576,2362\" data-comments-opened=\"\" data-image-meta=\"{&quot;aperture&quot;:&quot;2.8&quot;,&quot;credit&quot;:&quot;&quot;,&quot;camera&quot;:&quot;NIKON D810&quot;,&quot;caption&quot;:&quot;&quot;,&quot;created_timestamp&quot;:&quot;1547225523&quot;,&quot;copyright&quot;:&quot;&quot;,&quot;focal_length&quot;:&quot;35&quot;,&quot;iso&quot;:&quot;250&quot;,&quot;shutter_speed&quot;:&quot;0.01&quot;,&quot;title&quot;:&quot;&quot;,&quot;orientation&quot;:&quot;0&quot;}\" data-image-title=\"ANNIVICTORIA_VENDREDI\u00a9ALPIMAGES-127\" data-image-description=\"&lt;p&gt;anniveanniversaire photo par Alpimages &lt;\/p&gt; \" data-medium-file=\"https:\/\/i0.wp.com\/alpimages.ch\/wp-content\/uploads\/2023\/12\/ANNIVICTORIA_VENDREDI%C2%A9ALPIMAGES-127.jpg?fit=200%2C300&#038;ssl=1\" data-large-file=\"https:\/\/i0.wp.com\/alpimages.ch\/wp-content\/uploads\/2023\/12\/ANNIVICTORIA_VENDREDI%C2%A9ALPIMAGES-127.jpg?fit=680%2C1020&#038;ssl=1\" src=\"https:\/\/i0.wp.com\/alpimages.ch\/wp-content\/uploads\/2023\/12\/ANNIVICTORIA_VENDREDI%C2%A9ALPIMAGES-127.jpg?w=223&#038;h=334&#038;ssl=1\" width=\"223\" height=\"334\" loading=\"lazy\" data-original-width=\"223\" data-original-height=\"334\" itemprop=\"http:\/\/schema.org\/image\" title=\"ANNIVICTORIA_VENDREDI\u00a9ALPIMAGES-127\" alt=\"anniversaire photo par Alpimages Verbier\" style=\"width: 223px; height: 334px;\" \/> <\/a> <\/div> <\/div> <!-- close group --> <div class=\"gallery-group images-1\" style=\"width: 227px; height: 338px;\" data-original-width=\"227\" data-original-height=\"338\" > <div class=\"tiled-gallery-item tiled-gallery-item-small\" itemprop=\"associatedMedia\" itemscope itemtype=\"http:\/\/schema.org\/ImageObject\"> <a href=\"https:\/\/alpimages.ch\/en\/portraits\/anniversaires-et-ceremonies\/penny-birthday-alpimages-22\/\" border=\"0\" itemprop=\"url\"> <meta itemprop=\"width\" content=\"223\"> <meta itemprop=\"height\" content=\"334\"> <img decoding=\"async\" class=\"\" data-attachment-id=\"514\" data-orig-file=\"https:\/\/alpimages.ch\/wp-content\/uploads\/2015\/03\/penny-birthday-alpimages-22.jpg\" data-orig-size=\"2365,3543\" data-comments-opened=\"\" data-image-meta=\"{&quot;aperture&quot;:&quot;0&quot;,&quot;credit&quot;:&quot;&quot;,&quot;camera&quot;:&quot;&quot;,&quot;caption&quot;:&quot;&quot;,&quot;created_timestamp&quot;:&quot;0&quot;,&quot;copyright&quot;:&quot;&quot;,&quot;focal_length&quot;:&quot;0&quot;,&quot;iso&quot;:&quot;0&quot;,&quot;shutter_speed&quot;:&quot;0&quot;,&quot;title&quot;:&quot;&quot;,&quot;orientation&quot;:&quot;0&quot;}\" data-image-title=\"\" data-image-description=\"\" data-medium-file=\"https:\/\/i0.wp.com\/alpimages.ch\/wp-content\/uploads\/2015\/03\/penny-birthday-alpimages-22.jpg?fit=200%2C300&#038;ssl=1\" data-large-file=\"https:\/\/i0.wp.com\/alpimages.ch\/wp-content\/uploads\/2015\/03\/penny-birthday-alpimages-22.jpg?fit=680%2C1019&#038;ssl=1\" src=\"https:\/\/i0.wp.com\/alpimages.ch\/wp-content\/uploads\/2015\/03\/penny-birthday-alpimages-22.jpg?w=223&#038;h=334&#038;ssl=1\" width=\"223\" height=\"334\" loading=\"lazy\" data-original-width=\"223\" data-original-height=\"334\" itemprop=\"http:\/\/schema.org\/image\" title=\"\" alt=\"\" style=\"width: 223px; height: 334px;\" \/> <\/a> <\/div> <\/div> <!-- close group --> <div class=\"gallery-group images-1\" style=\"width: 226px; height: 338px;\" data-original-width=\"226\" data-original-height=\"338\" > <div class=\"tiled-gallery-item tiled-gallery-item-small\" itemprop=\"associatedMedia\" itemscope itemtype=\"http:\/\/schema.org\/ImageObject\"> <a href=\"https:\/\/alpimages.ch\/en\/bdaysara-alpimages-134\/\" border=\"0\" itemprop=\"url\"> <meta itemprop=\"width\" content=\"222\"> <meta itemprop=\"height\" content=\"334\"> <img decoding=\"async\" class=\"\" data-attachment-id=\"379\" data-orig-file=\"https:\/\/alpimages.ch\/wp-content\/uploads\/2015\/11\/bdaysara-alpimages-134.jpg\" data-orig-size=\"3151,4724\" data-comments-opened=\"\" data-image-meta=\"{&quot;aperture&quot;:&quot;4.5&quot;,&quot;credit&quot;:&quot;&quot;,&quot;camera&quot;:&quot;NIKON D800&quot;,&quot;caption&quot;:&quot;&quot;,&quot;created_timestamp&quot;:&quot;1426979475&quot;,&quot;copyright&quot;:&quot;&quot;,&quot;focal_length&quot;:&quot;24&quot;,&quot;iso&quot;:&quot;1000&quot;,&quot;shutter_speed&quot;:&quot;0.1&quot;,&quot;title&quot;:&quot;&quot;,&quot;orientation&quot;:&quot;0&quot;}\" data-image-title=\"\" data-image-description=\"\" data-medium-file=\"https:\/\/i0.wp.com\/alpimages.ch\/wp-content\/uploads\/2015\/11\/bdaysara-alpimages-134.jpg?fit=200%2C300&#038;ssl=1\" data-large-file=\"https:\/\/i0.wp.com\/alpimages.ch\/wp-content\/uploads\/2015\/11\/bdaysara-alpimages-134.jpg?fit=680%2C1019&#038;ssl=1\" src=\"https:\/\/i0.wp.com\/alpimages.ch\/wp-content\/uploads\/2015\/11\/bdaysara-alpimages-134.jpg?w=222&#038;h=334&#038;ssl=1\" width=\"222\" height=\"334\" loading=\"lazy\" data-original-width=\"222\" data-original-height=\"334\" itemprop=\"http:\/\/schema.org\/image\" title=\"\" alt=\"\" style=\"width: 222px; height: 334px;\" \/> <\/a> <\/div> <\/div> <!-- close group --> <\/div> <!-- close row --> <div class=\"gallery-row\" style=\"width: 680px; height: 584px;\" data-original-width=\"680\" data-original-height=\"584\" > <div class=\"gallery-group images-3\" style=\"width: 290px; height: 584px;\" data-original-width=\"290\" data-original-height=\"584\" > <div class=\"tiled-gallery-item tiled-gallery-item-large\" itemprop=\"associatedMedia\" itemscope itemtype=\"http:\/\/schema.org\/ImageObject\"> <a href=\"https:\/\/alpimages.ch\/en\/corporate\/evenements-et-team-building\/concordia2019alpimages-48\/\" border=\"0\" itemprop=\"url\"> <meta itemprop=\"width\" content=\"286\"> <meta itemprop=\"height\" content=\"191\"> <img decoding=\"async\" class=\"\" data-attachment-id=\"7549\" data-orig-file=\"https:\/\/alpimages.ch\/wp-content\/uploads\/2020\/04\/CONCORDIA2019\u00a9ALPIMAGES-48.jpg\" data-orig-size=\"7360,4912\" data-comments-opened=\"\" data-image-meta=\"{&quot;aperture&quot;:&quot;3.5&quot;,&quot;credit&quot;:&quot;&quot;,&quot;camera&quot;:&quot;NIKON D800&quot;,&quot;caption&quot;:&quot;&quot;,&quot;created_timestamp&quot;:&quot;1554583732&quot;,&quot;copyright&quot;:&quot;&quot;,&quot;focal_length&quot;:&quot;50&quot;,&quot;iso&quot;:&quot;800&quot;,&quot;shutter_speed&quot;:&quot;0.0125&quot;,&quot;title&quot;:&quot;&quot;,&quot;orientation&quot;:&quot;0&quot;}\" data-image-title=\"CONCORDIA2019\u00a9ALPIMAGES-48\" data-image-description=\"\" data-medium-file=\"https:\/\/i0.wp.com\/alpimages.ch\/wp-content\/uploads\/2020\/04\/CONCORDIA2019%C2%A9ALPIMAGES-48.jpg?fit=300%2C200&#038;ssl=1\" data-large-file=\"https:\/\/i0.wp.com\/alpimages.ch\/wp-content\/uploads\/2020\/04\/CONCORDIA2019%C2%A9ALPIMAGES-48.jpg?fit=680%2C454&#038;ssl=1\" src=\"https:\/\/i0.wp.com\/alpimages.ch\/wp-content\/uploads\/2020\/04\/CONCORDIA2019%C2%A9ALPIMAGES-48.jpg?w=286&#038;h=191&#038;ssl=1\" width=\"286\" height=\"191\" loading=\"lazy\" data-original-width=\"286\" data-original-height=\"191\" itemprop=\"http:\/\/schema.org\/image\" title=\"CONCORDIA2019\u00a9ALPIMAGES-48\" alt=\"CONCORDIA2019\u00a9ALPIMAGES-48\" style=\"width: 286px; height: 191px;\" \/> <\/a> <\/div> <div class=\"tiled-gallery-item tiled-gallery-item-large\" itemprop=\"associatedMedia\" itemscope itemtype=\"http:\/\/schema.org\/ImageObject\"> <a href=\"https:\/\/alpimages.ch\/en\/portraits\/anniversaires-et-ceremonies\/fab_0232\/\" border=\"0\" itemprop=\"url\"> <meta itemprop=\"width\" content=\"286\"> <meta itemprop=\"height\" content=\"190\"> <img decoding=\"async\" class=\"\" data-attachment-id=\"327\" data-orig-file=\"https:\/\/alpimages.ch\/wp-content\/uploads\/2015\/03\/fab_0232.jpg\" data-orig-size=\"3543,2358\" data-comments-opened=\"\" data-image-meta=\"{&quot;aperture&quot;:&quot;1.4&quot;,&quot;credit&quot;:&quot;MAJID\\\/BOUKAMEL&quot;,&quot;camera&quot;:&quot;NIKON D700&quot;,&quot;caption&quot;:&quot;&quot;,&quot;created_timestamp&quot;:&quot;1365248674&quot;,&quot;copyright&quot;:&quot;ALPIMAGES-VERBIER&quot;,&quot;focal_length&quot;:&quot;85&quot;,&quot;iso&quot;:&quot;400&quot;,&quot;shutter_speed&quot;:&quot;0.00025&quot;,&quot;title&quot;:&quot;&quot;,&quot;orientation&quot;:&quot;0&quot;}\" data-image-title=\"\" data-image-description=\"\" data-medium-file=\"https:\/\/i0.wp.com\/alpimages.ch\/wp-content\/uploads\/2015\/03\/fab_0232.jpg?fit=300%2C200&#038;ssl=1\" data-large-file=\"https:\/\/i0.wp.com\/alpimages.ch\/wp-content\/uploads\/2015\/03\/fab_0232.jpg?fit=680%2C453&#038;ssl=1\" src=\"https:\/\/i0.wp.com\/alpimages.ch\/wp-content\/uploads\/2015\/03\/fab_0232.jpg?w=286&#038;h=190&#038;ssl=1\" width=\"286\" height=\"190\" loading=\"lazy\" data-original-width=\"286\" data-original-height=\"190\" itemprop=\"http:\/\/schema.org\/image\" title=\"\" alt=\"\" style=\"width: 286px; height: 190px;\" \/> <\/a> <\/div> <div class=\"tiled-gallery-item tiled-gallery-item-large\" itemprop=\"associatedMedia\" itemscope itemtype=\"http:\/\/schema.org\/ImageObject\"> <a href=\"https:\/\/alpimages.ch\/en\/portraits\/anniversaires-et-ceremonies\/alpimagesthomas-roulin-0860-2\/\" border=\"0\" itemprop=\"url\"> <meta itemprop=\"width\" content=\"286\"> <meta itemprop=\"height\" content=\"191\"> <img decoding=\"async\" class=\"\" data-attachment-id=\"787\" data-orig-file=\"https:\/\/alpimages.ch\/wp-content\/uploads\/2015\/03\/alpimagesc2a9thomas-roulin-0860.jpg\" data-orig-size=\"9000,6007\" data-comments-opened=\"\" data-image-meta=\"{&quot;aperture&quot;:&quot;4.5&quot;,&quot;credit&quot;:&quot;&quot;,&quot;camera&quot;:&quot;NIKON D800&quot;,&quot;caption&quot;:&quot;&quot;,&quot;created_timestamp&quot;:&quot;1456534921&quot;,&quot;copyright&quot;:&quot;&quot;,&quot;focal_length&quot;:&quot;16&quot;,&quot;iso&quot;:&quot;640&quot;,&quot;shutter_speed&quot;:&quot;0.04&quot;,&quot;title&quot;:&quot;&quot;,&quot;orientation&quot;:&quot;1&quot;}\" data-image-title=\"Alpimages\u00a9Thomas Roulin-0860\" data-image-description=\"\" data-medium-file=\"https:\/\/i0.wp.com\/alpimages.ch\/wp-content\/uploads\/2015\/03\/alpimagesc2a9thomas-roulin-0860.jpg?fit=300%2C200&#038;ssl=1\" data-large-file=\"https:\/\/i0.wp.com\/alpimages.ch\/wp-content\/uploads\/2015\/03\/alpimagesc2a9thomas-roulin-0860.jpg?fit=680%2C454&#038;ssl=1\" src=\"https:\/\/i0.wp.com\/alpimages.ch\/wp-content\/uploads\/2015\/03\/alpimagesc2a9thomas-roulin-0860.jpg?w=286&#038;h=191&#038;ssl=1\" width=\"286\" height=\"191\" loading=\"lazy\" data-original-width=\"286\" data-original-height=\"191\" itemprop=\"http:\/\/schema.org\/image\" title=\"Alpimages\u00a9Thomas Roulin-0860\" alt=\"Alpimages\u00a9Thomas Roulin-0860\" style=\"width: 286px; height: 191px;\" \/> <\/a> <\/div> <\/div> <!-- close group --> <div class=\"gallery-group images-1\" style=\"width: 390px; height: 584px;\" data-original-width=\"390\" data-original-height=\"584\" > <div class=\"tiled-gallery-item tiled-gallery-item-large\" itemprop=\"associatedMedia\" itemscope itemtype=\"http:\/\/schema.org\/ImageObject\"> <a href=\"https:\/\/alpimages.ch\/en\/portraits\/anniversaires-et-ceremonies\/maj_4302-2\/\" border=\"0\" itemprop=\"url\"> <meta itemprop=\"width\" content=\"386\"> <meta itemprop=\"height\" content=\"580\"> <img decoding=\"async\" class=\"\" data-attachment-id=\"788\" data-orig-file=\"https:\/\/alpimages.ch\/wp-content\/uploads\/2015\/03\/maj_4302.jpg\" data-orig-size=\"2120,3184\" data-comments-opened=\"\" data-image-meta=\"{&quot;aperture&quot;:&quot;5.6&quot;,&quot;credit&quot;:&quot;MAJID\\\/BOUKAMEL&quot;,&quot;camera&quot;:&quot;NIKON D700&quot;,&quot;caption&quot;:&quot;&quot;,&quot;created_timestamp&quot;:&quot;1325379938&quot;,&quot;copyright&quot;:&quot;ALPIMAGES-VERBIER&quot;,&quot;focal_length&quot;:&quot;28&quot;,&quot;iso&quot;:&quot;800&quot;,&quot;shutter_speed&quot;:&quot;0.066666666666667&quot;,&quot;title&quot;:&quot;&quot;,&quot;orientation&quot;:&quot;1&quot;}\" data-image-title=\"MAJ_4302\" data-image-description=\"\" data-medium-file=\"https:\/\/i0.wp.com\/alpimages.ch\/wp-content\/uploads\/2015\/03\/maj_4302.jpg?fit=200%2C300&#038;ssl=1\" data-large-file=\"https:\/\/i0.wp.com\/alpimages.ch\/wp-content\/uploads\/2015\/03\/maj_4302.jpg?fit=680%2C1021&#038;ssl=1\" src=\"https:\/\/i0.wp.com\/alpimages.ch\/wp-content\/uploads\/2015\/03\/maj_4302.jpg?w=386&#038;h=580&#038;ssl=1\" width=\"386\" height=\"580\" loading=\"lazy\" data-original-width=\"386\" data-original-height=\"580\" itemprop=\"http:\/\/schema.org\/image\" title=\"MAJ_4302\" alt=\"MAJ_4302\" style=\"width: 386px; height: 580px;\" \/> <\/a> <\/div> <\/div> <!-- close group --> <\/div> <!-- close row --> <div class=\"gallery-row\" style=\"width: 680px; height: 228px;\" data-original-width=\"680\" data-original-height=\"228\" > <div class=\"gallery-group images-1\" style=\"width: 340px; height: 228px;\" data-original-width=\"340\" data-original-height=\"228\" > <div class=\"tiled-gallery-item tiled-gallery-item-large\" itemprop=\"associatedMedia\" itemscope itemtype=\"http:\/\/schema.org\/ImageObject\"> <a href=\"https:\/\/alpimages.ch\/en\/photographie-sport\/fairytaleballalpimages-by-fleurgerritsen-363\/\" border=\"0\" itemprop=\"url\"> <meta itemprop=\"width\" content=\"336\"> <meta itemprop=\"height\" content=\"224\"> <img decoding=\"async\" class=\"\" data-attachment-id=\"1034\" data-orig-file=\"https:\/\/alpimages.ch\/wp-content\/uploads\/2017\/12\/fairytaleballc2a9alpimages-by-fleurgerritsen-363.jpg\" data-orig-size=\"6798,4537\" data-comments-opened=\"\" data-image-meta=\"{&quot;aperture&quot;:&quot;5.6&quot;,&quot;credit&quot;:&quot;&quot;,&quot;camera&quot;:&quot;NIKON D800&quot;,&quot;caption&quot;:&quot;&quot;,&quot;created_timestamp&quot;:&quot;1491686431&quot;,&quot;copyright&quot;:&quot;&quot;,&quot;focal_length&quot;:&quot;24&quot;,&quot;iso&quot;:&quot;800&quot;,&quot;shutter_speed&quot;:&quot;0.016666666666667&quot;,&quot;title&quot;:&quot;&quot;,&quot;orientation&quot;:&quot;0&quot;}\" data-image-title=\"FairytaleBall\u00a9Alpimages-by-FleurGerritsen-363\" data-image-description=\"\" data-medium-file=\"https:\/\/i0.wp.com\/alpimages.ch\/wp-content\/uploads\/2017\/12\/fairytaleballc2a9alpimages-by-fleurgerritsen-363.jpg?fit=300%2C200&#038;ssl=1\" data-large-file=\"https:\/\/i0.wp.com\/alpimages.ch\/wp-content\/uploads\/2017\/12\/fairytaleballc2a9alpimages-by-fleurgerritsen-363.jpg?fit=680%2C454&#038;ssl=1\" src=\"https:\/\/i0.wp.com\/alpimages.ch\/wp-content\/uploads\/2017\/12\/fairytaleballc2a9alpimages-by-fleurgerritsen-363.jpg?w=336&#038;h=224&#038;ssl=1\" width=\"336\" height=\"224\" loading=\"lazy\" data-original-width=\"336\" data-original-height=\"224\" itemprop=\"http:\/\/schema.org\/image\" title=\"FairytaleBall\u00a9Alpimages-by-FleurGerritsen-363\" alt=\"FairytaleBall\u00a9Alpimages-by-FleurGerritsen-363\" style=\"width: 336px; height: 224px;\" \/> <\/a> <\/div> <\/div> <!-- close group --> <div class=\"gallery-group images-1\" style=\"width: 340px; height: 228px;\" data-original-width=\"340\" data-original-height=\"228\" > <div class=\"tiled-gallery-item tiled-gallery-item-large\" itemprop=\"associatedMedia\" itemscope itemtype=\"http:\/\/schema.org\/ImageObject\"> <a href=\"https:\/\/alpimages.ch\/en\/portraits\/anniversaires-et-ceremonies\/alpimagesverbier-9068-2\/\" border=\"0\" itemprop=\"url\"> <meta itemprop=\"width\" content=\"336\"> <meta itemprop=\"height\" content=\"224\"> <img decoding=\"async\" class=\"\" data-attachment-id=\"14749\" data-orig-file=\"https:\/\/alpimages.ch\/wp-content\/uploads\/2026\/02\/AlpimagesVerbier-9068-1.jpg\" data-orig-size=\"3543,2362\" data-comments-opened=\"\" data-image-meta=\"{&quot;aperture&quot;:&quot;8&quot;,&quot;credit&quot;:&quot;&quot;,&quot;camera&quot;:&quot;NIKON Z6_3&quot;,&quot;caption&quot;:&quot;&quot;,&quot;created_timestamp&quot;:&quot;1769863941&quot;,&quot;copyright&quot;:&quot;&quot;,&quot;focal_length&quot;:&quot;52&quot;,&quot;iso&quot;:&quot;320&quot;,&quot;shutter_speed&quot;:&quot;0.00125&quot;,&quot;title&quot;:&quot;&quot;,&quot;orientation&quot;:&quot;0&quot;}\" data-image-title=\"AlpimagesVerbier-9068\" data-image-description=\"\" data-medium-file=\"https:\/\/i0.wp.com\/alpimages.ch\/wp-content\/uploads\/2026\/02\/AlpimagesVerbier-9068-1.jpg?fit=300%2C200&#038;ssl=1\" data-large-file=\"https:\/\/i0.wp.com\/alpimages.ch\/wp-content\/uploads\/2026\/02\/AlpimagesVerbier-9068-1.jpg?fit=680%2C454&#038;ssl=1\" src=\"https:\/\/i0.wp.com\/alpimages.ch\/wp-content\/uploads\/2026\/02\/AlpimagesVerbier-9068-1.jpg?w=336&#038;h=224&#038;ssl=1\" srcset=\"https:\/\/i0.wp.com\/alpimages.ch\/wp-content\/uploads\/2026\/02\/AlpimagesVerbier-9068-1.jpg?w=3543&amp;ssl=1 3543w, https:\/\/i0.wp.com\/alpimages.ch\/wp-content\/uploads\/2026\/02\/AlpimagesVerbier-9068-1.jpg?resize=300%2C200&amp;ssl=1 300w, https:\/\/i0.wp.com\/alpimages.ch\/wp-content\/uploads\/2026\/02\/AlpimagesVerbier-9068-1.jpg?resize=1024%2C683&amp;ssl=1 1024w, https:\/\/i0.wp.com\/alpimages.ch\/wp-content\/uploads\/2026\/02\/AlpimagesVerbier-9068-1.jpg?resize=150%2C100&amp;ssl=1 150w, https:\/\/i0.wp.com\/alpimages.ch\/wp-content\/uploads\/2026\/02\/AlpimagesVerbier-9068-1.jpg?resize=768%2C512&amp;ssl=1 768w, https:\/\/i0.wp.com\/alpimages.ch\/wp-content\/uploads\/2026\/02\/AlpimagesVerbier-9068-1.jpg?resize=1536%2C1024&amp;ssl=1 1536w, https:\/\/i0.wp.com\/alpimages.ch\/wp-content\/uploads\/2026\/02\/AlpimagesVerbier-9068-1.jpg?resize=2048%2C1365&amp;ssl=1 2048w, https:\/\/i0.wp.com\/alpimages.ch\/wp-content\/uploads\/2026\/02\/AlpimagesVerbier-9068-1.jpg?resize=18%2C12&amp;ssl=1 18w, https:\/\/i0.wp.com\/alpimages.ch\/wp-content\/uploads\/2026\/02\/AlpimagesVerbier-9068-1.jpg?resize=317%2C211&amp;ssl=1 317w, https:\/\/i0.wp.com\/alpimages.ch\/wp-content\/uploads\/2026\/02\/AlpimagesVerbier-9068-1.jpg?w=1360&amp;ssl=1 1360w\" width=\"336\" height=\"224\" loading=\"lazy\" data-original-width=\"336\" data-original-height=\"224\" itemprop=\"http:\/\/schema.org\/image\" title=\"AlpimagesVerbier-9068\" alt=\"AlpimagesVerbier-9068\" style=\"width: 336px; height: 224px;\" \/> <\/a> <\/div> <\/div> <!-- close group --> <\/div> <!-- close row --> <\/div>\n<h6>&nbsp;<\/h6>","protected":false},"excerpt":{"rendered":"<p>Une f\u00eate entre amis, un anniversaire \u00e0 c\u00e9l\u00e9brer, un mariage \u00e0 ne jamais oublier, immortalisez vos souvenirs en photo. Vous organisez un \u00e9v\u00e9nement et souhaitez faire appel \u00e0 un photographe professionnel pour r\u00e9aliser des photos de qualit\u00e9 ? Alpimages participe \u00e0 la r\u00e9ussite de vos \u00e9v\u00e8nements, vous permettant de garder de beaux souvenirs. Nous vous [&hellip;]<\/p>\n","protected":false},"author":1,"featured_media":0,"parent":18,"menu_order":0,"comment_status":"closed","ping_status":"open","template":"page-full-width.php","meta":{"ngg_post_thumbnail":0,"footnotes":""},"tags":[],"class_list":["post-42","page","type-page","status-publish","hentry"],"yoast_head":"<!-- This site is optimized with the Yoast SEO plugin v27.4 - https:\/\/yoast.com\/product\/yoast-seo-wordpress\/ -->\n<title>Anniversaires &amp; c\u00e9r\u00e9monies - Photographes professionnels - Galerie photos &amp; affiches - Verbier<\/title>\n<meta name=\"description\" content=\"Immortalisez vos \u00e9v\u00e8nements avec des photos de qualit\u00e9s. Anniversaires, c\u00e9r\u00e9monies, \u00e9v\u00e8nements d&#039;entreprise, etc.\" \/>\n<meta name=\"robots\" content=\"index, follow, max-snippet:-1, max-image-preview:large, max-video-preview:-1\" \/>\n<link rel=\"canonical\" href=\"https:\/\/alpimages.ch\/en\/portraits\/anniversaires-et-ceremonies\/\" \/>\n<meta property=\"og:locale\" content=\"en_US\" \/>\n<meta property=\"og:type\" content=\"article\" \/>\n<meta property=\"og:title\" content=\"Anniversaires &amp; c\u00e9r\u00e9monies - Photographes professionnels - Galerie photos &amp; affiches - Verbier\" \/>\n<meta property=\"og:description\" content=\"Immortalisez vos \u00e9v\u00e8nements avec des photos de qualit\u00e9s. Anniversaires, c\u00e9r\u00e9monies, \u00e9v\u00e8nements d&#039;entreprise, etc.\" \/>\n<meta property=\"og:url\" content=\"https:\/\/alpimages.ch\/en\/portraits\/anniversaires-et-ceremonies\/\" \/>\n<meta property=\"og:site_name\" content=\"Photographes professionnels - Galerie photos &amp; affiches - Verbier\" \/>\n<meta property=\"article:modified_time\" content=\"2026-02-04T15:30:51+00:00\" \/>\n<meta property=\"og:image\" content=\"https:\/\/i0.wp.com\/alpimages.ch\/wp-content\/uploads\/2015\/03\/alpimages-baptemealexis-113-2.jpg?w=450&#038;h=300&#038;ssl=1\" \/>\n<meta name=\"twitter:card\" content=\"summary_large_image\" \/>\n<meta name=\"twitter:label1\" content=\"Est. reading time\" \/>\n\t<meta name=\"twitter:data1\" content=\"1 minute\" \/>\n<script type=\"application\/ld+json\" class=\"yoast-schema-graph\">{\"@context\":\"https:\\\/\\\/schema.org\",\"@graph\":[{\"@type\":\"WebPage\",\"@id\":\"https:\\\/\\\/alpimages.ch\\\/portraits\\\/anniversaires-et-ceremonies\\\/\",\"url\":\"https:\\\/\\\/alpimages.ch\\\/portraits\\\/anniversaires-et-ceremonies\\\/\",\"name\":\"Anniversaires & c\u00e9r\u00e9monies - Photographes professionnels - Galerie photos &amp; affiches - Verbier\",\"isPartOf\":{\"@id\":\"https:\\\/\\\/alpimages.ch\\\/#website\"},\"datePublished\":\"2015-03-21T10:18:36+00:00\",\"dateModified\":\"2026-02-04T15:30:51+00:00\",\"description\":\"Immortalisez vos \u00e9v\u00e8nements avec des photos de qualit\u00e9s. Anniversaires, c\u00e9r\u00e9monies, \u00e9v\u00e8nements d'entreprise, etc.\",\"breadcrumb\":{\"@id\":\"https:\\\/\\\/alpimages.ch\\\/portraits\\\/anniversaires-et-ceremonies\\\/#breadcrumb\"},\"inLanguage\":\"en-US\",\"potentialAction\":[{\"@type\":\"ReadAction\",\"target\":[\"https:\\\/\\\/alpimages.ch\\\/portraits\\\/anniversaires-et-ceremonies\\\/\"]}]},{\"@type\":\"BreadcrumbList\",\"@id\":\"https:\\\/\\\/alpimages.ch\\\/portraits\\\/anniversaires-et-ceremonies\\\/#breadcrumb\",\"itemListElement\":[{\"@type\":\"ListItem\",\"position\":1,\"name\":\"Accueil\",\"item\":\"https:\\\/\\\/alpimages.ch\\\/\"},{\"@type\":\"ListItem\",\"position\":2,\"name\":\"Portfolio portraits\",\"item\":\"https:\\\/\\\/alpimages.ch\\\/portraits\\\/\"},{\"@type\":\"ListItem\",\"position\":3,\"name\":\"Anniversaires &#038; c\u00e9r\u00e9monies\"}]},{\"@type\":\"WebSite\",\"@id\":\"https:\\\/\\\/alpimages.ch\\\/#website\",\"url\":\"https:\\\/\\\/alpimages.ch\\\/\",\"name\":\"Photographes professionnels - Galerie photos &amp; affiches - Verbier\",\"description\":\"Photographes professionnels bas\u00e9s \u00e0 Verbier, nous offrons diff\u00e9rents services comme l&#039;impression photo, l&#039;encadrement, la vente d&#039;affiches et de posters et l&#039;organisation d&#039;\u00e9v\u00e8nements priv\u00e9s.\",\"potentialAction\":[{\"@type\":\"SearchAction\",\"target\":{\"@type\":\"EntryPoint\",\"urlTemplate\":\"https:\\\/\\\/alpimages.ch\\\/?s={search_term_string}\"},\"query-input\":{\"@type\":\"PropertyValueSpecification\",\"valueRequired\":true,\"valueName\":\"search_term_string\"}}],\"inLanguage\":\"en-US\"}]}<\/script>\n<!-- \/ Yoast SEO plugin. -->","yoast_head_json":{"title":"Anniversaires & c\u00e9r\u00e9monies - Photographes professionnels - Galerie photos &amp; affiches - Verbier","description":"Immortalisez vos \u00e9v\u00e8nements avec des photos de qualit\u00e9s. Anniversaires, c\u00e9r\u00e9monies, \u00e9v\u00e8nements d'entreprise, etc.","robots":{"index":"index","follow":"follow","max-snippet":"max-snippet:-1","max-image-preview":"max-image-preview:large","max-video-preview":"max-video-preview:-1"},"canonical":"https:\/\/alpimages.ch\/en\/portraits\/anniversaires-et-ceremonies\/","og_locale":"en_US","og_type":"article","og_title":"Anniversaires & c\u00e9r\u00e9monies - Photographes professionnels - Galerie photos &amp; affiches - Verbier","og_description":"Immortalisez vos \u00e9v\u00e8nements avec des photos de qualit\u00e9s. Anniversaires, c\u00e9r\u00e9monies, \u00e9v\u00e8nements d'entreprise, etc.","og_url":"https:\/\/alpimages.ch\/en\/portraits\/anniversaires-et-ceremonies\/","og_site_name":"Photographes professionnels - Galerie photos &amp; affiches - Verbier","article_modified_time":"2026-02-04T15:30:51+00:00","og_image":[{"url":"https:\/\/i0.wp.com\/alpimages.ch\/wp-content\/uploads\/2015\/03\/alpimages-baptemealexis-113-2.jpg?w=450&#038;h=300&#038;ssl=1","type":"","width":"","height":""}],"twitter_card":"summary_large_image","twitter_misc":{"Est. reading time":"1 minute"},"schema":{"@context":"https:\/\/schema.org","@graph":[{"@type":"WebPage","@id":"https:\/\/alpimages.ch\/portraits\/anniversaires-et-ceremonies\/","url":"https:\/\/alpimages.ch\/portraits\/anniversaires-et-ceremonies\/","name":"Anniversaires & c\u00e9r\u00e9monies - Photographes professionnels - Galerie photos &amp; affiches - Verbier","isPartOf":{"@id":"https:\/\/alpimages.ch\/#website"},"datePublished":"2015-03-21T10:18:36+00:00","dateModified":"2026-02-04T15:30:51+00:00","description":"Immortalisez vos \u00e9v\u00e8nements avec des photos de qualit\u00e9s. Anniversaires, c\u00e9r\u00e9monies, \u00e9v\u00e8nements d'entreprise, etc.","breadcrumb":{"@id":"https:\/\/alpimages.ch\/portraits\/anniversaires-et-ceremonies\/#breadcrumb"},"inLanguage":"en-US","potentialAction":[{"@type":"ReadAction","target":["https:\/\/alpimages.ch\/portraits\/anniversaires-et-ceremonies\/"]}]},{"@type":"BreadcrumbList","@id":"https:\/\/alpimages.ch\/portraits\/anniversaires-et-ceremonies\/#breadcrumb","itemListElement":[{"@type":"ListItem","position":1,"name":"Accueil","item":"https:\/\/alpimages.ch\/"},{"@type":"ListItem","position":2,"name":"Portfolio portraits","item":"https:\/\/alpimages.ch\/portraits\/"},{"@type":"ListItem","position":3,"name":"Anniversaires &#038; c\u00e9r\u00e9monies"}]},{"@type":"WebSite","@id":"https:\/\/alpimages.ch\/#website","url":"https:\/\/alpimages.ch\/","name":"Photographes professionnels - Galerie photos &amp; affiches - Verbier","description":"Photographes professionnels bas\u00e9s \u00e0 Verbier, nous offrons diff\u00e9rents services comme l&#039;impression photo, l&#039;encadrement, la vente d&#039;affiches et de posters et l&#039;organisation d&#039;\u00e9v\u00e8nements priv\u00e9s.","potentialAction":[{"@type":"SearchAction","target":{"@type":"EntryPoint","urlTemplate":"https:\/\/alpimages.ch\/?s={search_term_string}"},"query-input":{"@type":"PropertyValueSpecification","valueRequired":true,"valueName":"search_term_string"}}],"inLanguage":"en-US"}]}},"jetpack_sharing_enabled":true,"jetpack_shortlink":"https:\/\/wp.me\/P5FEld-G","jetpack_likes_enabled":true,"_links":{"self":[{"href":"https:\/\/alpimages.ch\/en\/wp-json\/wp\/v2\/pages\/42","targetHints":{"allow":["GET"]}}],"collection":[{"href":"https:\/\/alpimages.ch\/en\/wp-json\/wp\/v2\/pages"}],"about":[{"href":"https:\/\/alpimages.ch\/en\/wp-json\/wp\/v2\/types\/page"}],"author":[{"embeddable":true,"href":"https:\/\/alpimages.ch\/en\/wp-json\/wp\/v2\/users\/1"}],"replies":[{"embeddable":true,"href":"https:\/\/alpimages.ch\/en\/wp-json\/wp\/v2\/comments?post=42"}],"version-history":[{"count":25,"href":"https:\/\/alpimages.ch\/en\/wp-json\/wp\/v2\/pages\/42\/revisions"}],"predecessor-version":[{"id":14751,"href":"https:\/\/alpimages.ch\/en\/wp-json\/wp\/v2\/pages\/42\/revisions\/14751"}],"up":[{"embeddable":true,"href":"https:\/\/alpimages.ch\/en\/wp-json\/wp\/v2\/pages\/18"}],"wp:attachment":[{"href":"https:\/\/alpimages.ch\/en\/wp-json\/wp\/v2\/media?parent=42"}],"wp:term":[{"taxonomy":"post_tag","embeddable":true,"href":"https:\/\/alpimages.ch\/en\/wp-json\/wp\/v2\/tags?post=42"}],"curies":[{"name":"wp","href":"https:\/\/api.w.org\/{rel}","templated":true}]}}