{"id":447,"date":"2015-11-03T14:36:21","date_gmt":"2015-11-03T14:36:21","guid":{"rendered":"https:\/\/alpimages.ch\/?page_id=447"},"modified":"2026-03-18T21:35:21","modified_gmt":"2026-03-18T21:35:21","slug":"culinaire","status":"publish","type":"page","link":"https:\/\/alpimages.ch\/en\/corporate\/culinaire\/","title":{"rendered":"Culinary"},"content":{"rendered":"<p>Sublimez vos r\u00e9alisations culinaires et mettez en avant votre entreprise gr\u00e2ce \u00e0 des photos de qualit\u00e9. Nos photographes professionnels et passionn\u00e9s vous accompagnent dans la r\u00e9alisation de vos photos. Chaque projet est unique, tout comme votre \u00e9tablissement, qu\u2019il s\u2019agisse d\u2019un restaurant, d\u2019un h\u00f4tel ou d\u2019un caf\u00e9. Nous souhaitons transmettre votre vision et vos objectifs en apprenant \u00e0 conna\u00eetre votre \u00e9tablissement, vos cr\u00e9ations culinaires et l&rsquo;atmosph\u00e8re que vous souhaitez transmettre.<\/p>\n<p>Pour organiser un shooting culinaire, contactez nous par t\u00e9l\u00e9phone +41 27 771 7722 ou par email \u00e0\u00a0<a href=\"mailto:alpimages@verbier.ch\">alpimages@verbier.ch<\/a><\/p>\n<div class=\"tiled-gallery type-rectangular tiled-gallery-unresized\" data-original-width=\"680\" data-carousel-extra='{&quot;blog_id&quot;:1,&quot;permalink&quot;:&quot;https:\\\/\\\/alpimages.ch\\\/en\\\/corporate\\\/culinaire\\\/&quot;,&quot;likes_blog_id&quot;:83808203}' itemscope itemtype=\"http:\/\/schema.org\/ImageGallery\" > <div class=\"gallery-row\" style=\"width: 680px; height: 299px;\" data-original-width=\"680\" data-original-height=\"299\" > <div class=\"gallery-group images-1\" style=\"width: 447px; height: 299px;\" data-original-width=\"447\" data-original-height=\"299\" > <div class=\"tiled-gallery-item tiled-gallery-item-large\" itemprop=\"associatedMedia\" itemscope itemtype=\"http:\/\/schema.org\/ImageObject\"> <a href=\"https:\/\/alpimages.ch\/en\/corporate\/culinaire\/laterrasseblonde-alpimagesverbier-98\/\" border=\"0\" itemprop=\"url\"> <meta itemprop=\"width\" content=\"443\"> <meta itemprop=\"height\" content=\"295\"> <img decoding=\"async\" class=\"\" data-attachment-id=\"13641\" data-orig-file=\"https:\/\/alpimages.ch\/wp-content\/uploads\/2025\/05\/LaTerrasseBlonde-AlpimagesVerbier-98.jpg\" data-orig-size=\"3543,2362\" data-comments-opened=\"\" data-image-meta=\"{&quot;aperture&quot;:&quot;0&quot;,&quot;credit&quot;:&quot;&quot;,&quot;camera&quot;:&quot;&quot;,&quot;caption&quot;:&quot;&quot;,&quot;created_timestamp&quot;:&quot;0&quot;,&quot;copyright&quot;:&quot;&quot;,&quot;focal_length&quot;:&quot;0&quot;,&quot;iso&quot;:&quot;0&quot;,&quot;shutter_speed&quot;:&quot;0&quot;,&quot;title&quot;:&quot;&quot;,&quot;orientation&quot;:&quot;0&quot;}\" data-image-title=\"LaTerrasseBlonde-AlpimagesVerbier-98\" data-image-description=\"\" data-medium-file=\"https:\/\/i0.wp.com\/alpimages.ch\/wp-content\/uploads\/2025\/05\/LaTerrasseBlonde-AlpimagesVerbier-98.jpg?fit=300%2C200&#038;ssl=1\" data-large-file=\"https:\/\/i0.wp.com\/alpimages.ch\/wp-content\/uploads\/2025\/05\/LaTerrasseBlonde-AlpimagesVerbier-98.jpg?fit=680%2C454&#038;ssl=1\" src=\"https:\/\/i0.wp.com\/alpimages.ch\/wp-content\/uploads\/2025\/05\/LaTerrasseBlonde-AlpimagesVerbier-98.jpg?w=443&#038;h=295&#038;ssl=1\" srcset=\"https:\/\/i0.wp.com\/alpimages.ch\/wp-content\/uploads\/2025\/05\/LaTerrasseBlonde-AlpimagesVerbier-98.jpg?w=3543&amp;ssl=1 3543w, https:\/\/i0.wp.com\/alpimages.ch\/wp-content\/uploads\/2025\/05\/LaTerrasseBlonde-AlpimagesVerbier-98.jpg?resize=300%2C200&amp;ssl=1 300w, https:\/\/i0.wp.com\/alpimages.ch\/wp-content\/uploads\/2025\/05\/LaTerrasseBlonde-AlpimagesVerbier-98.jpg?resize=1024%2C683&amp;ssl=1 1024w, https:\/\/i0.wp.com\/alpimages.ch\/wp-content\/uploads\/2025\/05\/LaTerrasseBlonde-AlpimagesVerbier-98.jpg?resize=150%2C100&amp;ssl=1 150w, https:\/\/i0.wp.com\/alpimages.ch\/wp-content\/uploads\/2025\/05\/LaTerrasseBlonde-AlpimagesVerbier-98.jpg?resize=768%2C512&amp;ssl=1 768w, https:\/\/i0.wp.com\/alpimages.ch\/wp-content\/uploads\/2025\/05\/LaTerrasseBlonde-AlpimagesVerbier-98.jpg?resize=1536%2C1024&amp;ssl=1 1536w, https:\/\/i0.wp.com\/alpimages.ch\/wp-content\/uploads\/2025\/05\/LaTerrasseBlonde-AlpimagesVerbier-98.jpg?resize=2048%2C1365&amp;ssl=1 2048w, https:\/\/i0.wp.com\/alpimages.ch\/wp-content\/uploads\/2025\/05\/LaTerrasseBlonde-AlpimagesVerbier-98.jpg?resize=18%2C12&amp;ssl=1 18w, https:\/\/i0.wp.com\/alpimages.ch\/wp-content\/uploads\/2025\/05\/LaTerrasseBlonde-AlpimagesVerbier-98.jpg?resize=317%2C211&amp;ssl=1 317w, https:\/\/i0.wp.com\/alpimages.ch\/wp-content\/uploads\/2025\/05\/LaTerrasseBlonde-AlpimagesVerbier-98.jpg?w=1360&amp;ssl=1 1360w\" width=\"443\" height=\"295\" loading=\"lazy\" data-original-width=\"443\" data-original-height=\"295\" itemprop=\"http:\/\/schema.org\/image\" title=\"LaTerrasseBlonde-AlpimagesVerbier-98\" alt=\"LaTerrasseBlonde-AlpimagesVerbier-98\" style=\"width: 443px; height: 295px;\" \/> <\/a> <\/div> <\/div> <!-- close group --> <div class=\"gallery-group images-1\" style=\"width: 233px; height: 299px;\" data-original-width=\"233\" data-original-height=\"299\" > <div class=\"tiled-gallery-item tiled-gallery-item-small\" itemprop=\"associatedMedia\" itemscope itemtype=\"http:\/\/schema.org\/ImageObject\"> <a href=\"https:\/\/alpimages.ch\/en\/photographie-sport\/alpimages_thomas-roulin-3893\/\" border=\"0\" itemprop=\"url\"> <meta itemprop=\"width\" content=\"229\"> <meta itemprop=\"height\" content=\"295\"> <img decoding=\"async\" class=\"\" data-attachment-id=\"1009\" data-orig-file=\"https:\/\/alpimages.ch\/wp-content\/uploads\/2017\/12\/c2a9alpimages_thomas-roulin-3893.jpg\" data-orig-size=\"2745,3543\" data-comments-opened=\"\" data-image-meta=\"{&quot;aperture&quot;:&quot;4&quot;,&quot;credit&quot;:&quot;&quot;,&quot;camera&quot;:&quot;NIKON D810&quot;,&quot;caption&quot;:&quot;&quot;,&quot;created_timestamp&quot;:&quot;1484933702&quot;,&quot;copyright&quot;:&quot;&quot;,&quot;focal_length&quot;:&quot;50&quot;,&quot;iso&quot;:&quot;80&quot;,&quot;shutter_speed&quot;:&quot;0.066666666666667&quot;,&quot;title&quot;:&quot;&quot;,&quot;orientation&quot;:&quot;0&quot;}\" data-image-title=\"\u00a9Alpimages_Thomas Roulin-3893\" data-image-description=\"\" data-medium-file=\"https:\/\/i0.wp.com\/alpimages.ch\/wp-content\/uploads\/2017\/12\/c2a9alpimages_thomas-roulin-3893.jpg?fit=232%2C300&#038;ssl=1\" data-large-file=\"https:\/\/i0.wp.com\/alpimages.ch\/wp-content\/uploads\/2017\/12\/c2a9alpimages_thomas-roulin-3893.jpg?fit=680%2C878&#038;ssl=1\" src=\"https:\/\/i0.wp.com\/alpimages.ch\/wp-content\/uploads\/2017\/12\/c2a9alpimages_thomas-roulin-3893.jpg?w=229&#038;h=295&#038;ssl=1\" width=\"229\" height=\"295\" loading=\"lazy\" data-original-width=\"229\" data-original-height=\"295\" itemprop=\"http:\/\/schema.org\/image\" title=\"\u00a9Alpimages_Thomas Roulin-3893\" alt=\"\u00a9Alpimages_Thomas Roulin-3893\" style=\"width: 229px; height: 295px;\" \/> <\/a> <\/div> <\/div> <!-- close group --> <\/div> <!-- close row --> <div class=\"gallery-row\" style=\"width: 680px; height: 314px;\" data-original-width=\"680\" data-original-height=\"314\" > <div class=\"gallery-group images-1\" style=\"width: 469px; height: 314px;\" data-original-width=\"469\" data-original-height=\"314\" > <div class=\"tiled-gallery-item tiled-gallery-item-large\" itemprop=\"associatedMedia\" itemscope itemtype=\"http:\/\/schema.org\/ImageObject\"> <a href=\"https:\/\/alpimages.ch\/en\/corporate\/culinaire\/tom_4041\/\" border=\"0\" itemprop=\"url\"> <meta itemprop=\"width\" content=\"465\"> <meta itemprop=\"height\" content=\"310\"> <img decoding=\"async\" class=\"\" data-attachment-id=\"419\" data-orig-file=\"https:\/\/alpimages.ch\/wp-content\/uploads\/2015\/11\/tom_4041.jpg\" data-orig-size=\"3543,2365\" data-comments-opened=\"\" data-image-meta=\"{&quot;aperture&quot;:&quot;0&quot;,&quot;credit&quot;:&quot;&quot;,&quot;camera&quot;:&quot;&quot;,&quot;caption&quot;:&quot;&quot;,&quot;created_timestamp&quot;:&quot;0&quot;,&quot;copyright&quot;:&quot;&quot;,&quot;focal_length&quot;:&quot;0&quot;,&quot;iso&quot;:&quot;0&quot;,&quot;shutter_speed&quot;:&quot;0&quot;,&quot;title&quot;:&quot;&quot;,&quot;orientation&quot;:&quot;0&quot;}\" data-image-title=\"TOM_4041\" data-image-description=\"\" data-medium-file=\"https:\/\/i0.wp.com\/alpimages.ch\/wp-content\/uploads\/2015\/11\/tom_4041.jpg?fit=300%2C200&#038;ssl=1\" data-large-file=\"https:\/\/i0.wp.com\/alpimages.ch\/wp-content\/uploads\/2015\/11\/tom_4041.jpg?fit=680%2C454&#038;ssl=1\" src=\"https:\/\/i0.wp.com\/alpimages.ch\/wp-content\/uploads\/2015\/11\/tom_4041.jpg?w=465&#038;h=310&#038;ssl=1\" width=\"465\" height=\"310\" loading=\"lazy\" data-original-width=\"465\" data-original-height=\"310\" itemprop=\"http:\/\/schema.org\/image\" title=\"TOM_4041\" alt=\"TOM_4041\" style=\"width: 465px; height: 310px;\" \/> <\/a> <\/div> <\/div> <!-- close group --> <div class=\"gallery-group images-1\" style=\"width: 211px; height: 314px;\" data-original-width=\"211\" data-original-height=\"314\" > <div class=\"tiled-gallery-item tiled-gallery-item-small\" itemprop=\"associatedMedia\" itemscope itemtype=\"http:\/\/schema.org\/ImageObject\"> <a href=\"https:\/\/alpimages.ch\/en\/corporate\/culinaire\/rougeculinairalpimages-fg-52\/\" border=\"0\" itemprop=\"url\"> <meta itemprop=\"width\" content=\"207\"> <meta itemprop=\"height\" content=\"310\"> <img decoding=\"async\" class=\"\" data-attachment-id=\"7413\" data-orig-file=\"https:\/\/alpimages.ch\/wp-content\/uploads\/2020\/04\/RougeCulinair\u00a9ALPIMAGES-FG-52.jpg\" data-orig-size=\"1183,1772\" data-comments-opened=\"\" data-image-meta=\"{&quot;aperture&quot;:&quot;0&quot;,&quot;credit&quot;:&quot;&quot;,&quot;camera&quot;:&quot;&quot;,&quot;caption&quot;:&quot;&quot;,&quot;created_timestamp&quot;:&quot;0&quot;,&quot;copyright&quot;:&quot;&quot;,&quot;focal_length&quot;:&quot;0&quot;,&quot;iso&quot;:&quot;0&quot;,&quot;shutter_speed&quot;:&quot;0&quot;,&quot;title&quot;:&quot;&quot;,&quot;orientation&quot;:&quot;0&quot;}\" data-image-title=\"RougeCulinair\u00a9ALPIMAGES-FG-52\" data-image-description=\"\" data-medium-file=\"https:\/\/i0.wp.com\/alpimages.ch\/wp-content\/uploads\/2020\/04\/RougeCulinair%C2%A9ALPIMAGES-FG-52.jpg?fit=200%2C300&#038;ssl=1\" data-large-file=\"https:\/\/i0.wp.com\/alpimages.ch\/wp-content\/uploads\/2020\/04\/RougeCulinair%C2%A9ALPIMAGES-FG-52.jpg?fit=680%2C1018&#038;ssl=1\" src=\"https:\/\/i0.wp.com\/alpimages.ch\/wp-content\/uploads\/2020\/04\/RougeCulinair%C2%A9ALPIMAGES-FG-52.jpg?w=207&#038;h=310&#038;ssl=1\" width=\"207\" height=\"310\" loading=\"lazy\" data-original-width=\"207\" data-original-height=\"310\" itemprop=\"http:\/\/schema.org\/image\" title=\"RougeCulinair\u00a9ALPIMAGES-FG-52\" alt=\"RougeCulinair\u00a9ALPIMAGES-FG-52\" style=\"width: 207px; height: 310px;\" \/> <\/a> <\/div> <\/div> <!-- close group --> <\/div> <!-- close row --> <div class=\"gallery-row\" style=\"width: 680px; height: 194px;\" data-original-width=\"680\" data-original-height=\"194\" > <div class=\"gallery-group images-1\" style=\"width: 288px; height: 194px;\" data-original-width=\"288\" data-original-height=\"194\" > <div class=\"tiled-gallery-item tiled-gallery-item-large\" itemprop=\"associatedMedia\" itemscope itemtype=\"http:\/\/schema.org\/ImageObject\"> <a href=\"https:\/\/alpimages.ch\/en\/corporate\/culinaire\/rougeculinairalpimages-fg-64\/\" border=\"0\" itemprop=\"url\"> <meta itemprop=\"width\" content=\"284\"> <meta itemprop=\"height\" content=\"190\"> <img decoding=\"async\" class=\"\" data-attachment-id=\"7414\" data-orig-file=\"https:\/\/alpimages.ch\/wp-content\/uploads\/2020\/04\/RougeCulinair\u00a9ALPIMAGES-FG-64.jpg\" data-orig-size=\"1772,1183\" data-comments-opened=\"\" data-image-meta=\"{&quot;aperture&quot;:&quot;0&quot;,&quot;credit&quot;:&quot;&quot;,&quot;camera&quot;:&quot;&quot;,&quot;caption&quot;:&quot;&quot;,&quot;created_timestamp&quot;:&quot;0&quot;,&quot;copyright&quot;:&quot;&quot;,&quot;focal_length&quot;:&quot;0&quot;,&quot;iso&quot;:&quot;0&quot;,&quot;shutter_speed&quot;:&quot;0&quot;,&quot;title&quot;:&quot;&quot;,&quot;orientation&quot;:&quot;0&quot;}\" data-image-title=\"RougeCulinair\u00a9ALPIMAGES-FG-64\" data-image-description=\"\" data-medium-file=\"https:\/\/i0.wp.com\/alpimages.ch\/wp-content\/uploads\/2020\/04\/RougeCulinair%C2%A9ALPIMAGES-FG-64.jpg?fit=300%2C200&#038;ssl=1\" data-large-file=\"https:\/\/i0.wp.com\/alpimages.ch\/wp-content\/uploads\/2020\/04\/RougeCulinair%C2%A9ALPIMAGES-FG-64.jpg?fit=680%2C454&#038;ssl=1\" src=\"https:\/\/i0.wp.com\/alpimages.ch\/wp-content\/uploads\/2020\/04\/RougeCulinair%C2%A9ALPIMAGES-FG-64.jpg?w=284&#038;h=190&#038;ssl=1\" width=\"284\" height=\"190\" loading=\"lazy\" data-original-width=\"284\" data-original-height=\"190\" itemprop=\"http:\/\/schema.org\/image\" title=\"RougeCulinair\u00a9ALPIMAGES-FG-64\" alt=\"RougeCulinair\u00a9ALPIMAGES-FG-64\" style=\"width: 284px; height: 190px;\" \/> <\/a> <\/div> <\/div> <!-- close group --> <div class=\"gallery-group images-1\" style=\"width: 131px; height: 194px;\" data-original-width=\"131\" data-original-height=\"194\" > <div class=\"tiled-gallery-item tiled-gallery-item-small\" itemprop=\"associatedMedia\" itemscope itemtype=\"http:\/\/schema.org\/ImageObject\"> <a href=\"https:\/\/alpimages.ch\/en\/corporate\/culinaire\/laterrasseblonde-alpimagesverbier-150\/\" border=\"0\" itemprop=\"url\"> <meta itemprop=\"width\" content=\"127\"> <meta itemprop=\"height\" content=\"190\"> <img decoding=\"async\" class=\"\" data-attachment-id=\"13642\" data-orig-file=\"https:\/\/alpimages.ch\/wp-content\/uploads\/2025\/05\/LaTerrasseBlonde-AlpimagesVerbier-150.jpg\" data-orig-size=\"2362,3543\" data-comments-opened=\"\" data-image-meta=\"{&quot;aperture&quot;:&quot;0&quot;,&quot;credit&quot;:&quot;&quot;,&quot;camera&quot;:&quot;&quot;,&quot;caption&quot;:&quot;&quot;,&quot;created_timestamp&quot;:&quot;0&quot;,&quot;copyright&quot;:&quot;&quot;,&quot;focal_length&quot;:&quot;0&quot;,&quot;iso&quot;:&quot;0&quot;,&quot;shutter_speed&quot;:&quot;0&quot;,&quot;title&quot;:&quot;&quot;,&quot;orientation&quot;:&quot;0&quot;}\" data-image-title=\"LaTerrasseBlonde-AlpimagesVerbier-150\" data-image-description=\"\" data-medium-file=\"https:\/\/i0.wp.com\/alpimages.ch\/wp-content\/uploads\/2025\/05\/LaTerrasseBlonde-AlpimagesVerbier-150.jpg?fit=200%2C300&#038;ssl=1\" data-large-file=\"https:\/\/i0.wp.com\/alpimages.ch\/wp-content\/uploads\/2025\/05\/LaTerrasseBlonde-AlpimagesVerbier-150.jpg?fit=680%2C1020&#038;ssl=1\" src=\"https:\/\/i0.wp.com\/alpimages.ch\/wp-content\/uploads\/2025\/05\/LaTerrasseBlonde-AlpimagesVerbier-150.jpg?w=127&#038;h=190&#038;ssl=1\" srcset=\"https:\/\/i0.wp.com\/alpimages.ch\/wp-content\/uploads\/2025\/05\/LaTerrasseBlonde-AlpimagesVerbier-150.jpg?w=2362&amp;ssl=1 2362w, https:\/\/i0.wp.com\/alpimages.ch\/wp-content\/uploads\/2025\/05\/LaTerrasseBlonde-AlpimagesVerbier-150.jpg?resize=200%2C300&amp;ssl=1 200w, https:\/\/i0.wp.com\/alpimages.ch\/wp-content\/uploads\/2025\/05\/LaTerrasseBlonde-AlpimagesVerbier-150.jpg?resize=683%2C1024&amp;ssl=1 683w, https:\/\/i0.wp.com\/alpimages.ch\/wp-content\/uploads\/2025\/05\/LaTerrasseBlonde-AlpimagesVerbier-150.jpg?resize=100%2C150&amp;ssl=1 100w, https:\/\/i0.wp.com\/alpimages.ch\/wp-content\/uploads\/2025\/05\/LaTerrasseBlonde-AlpimagesVerbier-150.jpg?resize=768%2C1152&amp;ssl=1 768w, https:\/\/i0.wp.com\/alpimages.ch\/wp-content\/uploads\/2025\/05\/LaTerrasseBlonde-AlpimagesVerbier-150.jpg?resize=1024%2C1536&amp;ssl=1 1024w, https:\/\/i0.wp.com\/alpimages.ch\/wp-content\/uploads\/2025\/05\/LaTerrasseBlonde-AlpimagesVerbier-150.jpg?resize=1365%2C2048&amp;ssl=1 1365w, https:\/\/i0.wp.com\/alpimages.ch\/wp-content\/uploads\/2025\/05\/LaTerrasseBlonde-AlpimagesVerbier-150.jpg?resize=8%2C12&amp;ssl=1 8w, https:\/\/i0.wp.com\/alpimages.ch\/wp-content\/uploads\/2025\/05\/LaTerrasseBlonde-AlpimagesVerbier-150.jpg?resize=317%2C476&amp;ssl=1 317w, https:\/\/i0.wp.com\/alpimages.ch\/wp-content\/uploads\/2025\/05\/LaTerrasseBlonde-AlpimagesVerbier-150.jpg?w=2040&amp;ssl=1 2040w\" width=\"127\" height=\"190\" loading=\"lazy\" data-original-width=\"127\" data-original-height=\"190\" itemprop=\"http:\/\/schema.org\/image\" title=\"LaTerrasseBlonde-AlpimagesVerbier-150\" alt=\"LaTerrasseBlonde-AlpimagesVerbier-150\" style=\"width: 127px; height: 190px;\" \/> <\/a> <\/div> <\/div> <!-- close group --> <div class=\"gallery-group images-1\" style=\"width: 130px; height: 194px;\" data-original-width=\"130\" data-original-height=\"194\" > <div class=\"tiled-gallery-item tiled-gallery-item-small\" itemprop=\"associatedMedia\" itemscope itemtype=\"http:\/\/schema.org\/ImageObject\"> <a href=\"https:\/\/alpimages.ch\/en\/corporate\/culinaire\/lerouge-food2025alpimages-70\/\" border=\"0\" itemprop=\"url\"> <meta itemprop=\"width\" content=\"126\"> <meta itemprop=\"height\" content=\"190\"> <img decoding=\"async\" class=\"\" data-attachment-id=\"13644\" data-orig-file=\"https:\/\/alpimages.ch\/wp-content\/uploads\/2025\/05\/lerouge-food2025\u00a9Alpimages-70.jpg\" data-orig-size=\"2362,3543\" data-comments-opened=\"\" data-image-meta=\"{&quot;aperture&quot;:&quot;2.5&quot;,&quot;credit&quot;:&quot;&quot;,&quot;camera&quot;:&quot;NIKON Z 9&quot;,&quot;caption&quot;:&quot;&quot;,&quot;created_timestamp&quot;:&quot;1733742231&quot;,&quot;copyright&quot;:&quot;&quot;,&quot;focal_length&quot;:&quot;85&quot;,&quot;iso&quot;:&quot;800&quot;,&quot;shutter_speed&quot;:&quot;0.002&quot;,&quot;title&quot;:&quot;&quot;,&quot;orientation&quot;:&quot;0&quot;}\" data-image-title=\"lerouge-food2025\u00a9Alpimages-70\" data-image-description=\"\" data-medium-file=\"https:\/\/i0.wp.com\/alpimages.ch\/wp-content\/uploads\/2025\/05\/lerouge-food2025%C2%A9Alpimages-70.jpg?fit=200%2C300&#038;ssl=1\" data-large-file=\"https:\/\/i0.wp.com\/alpimages.ch\/wp-content\/uploads\/2025\/05\/lerouge-food2025%C2%A9Alpimages-70.jpg?fit=680%2C1020&#038;ssl=1\" src=\"https:\/\/i0.wp.com\/alpimages.ch\/wp-content\/uploads\/2025\/05\/lerouge-food2025%C2%A9Alpimages-70.jpg?w=126&#038;h=190&#038;ssl=1\" width=\"126\" height=\"190\" loading=\"lazy\" data-original-width=\"126\" data-original-height=\"190\" itemprop=\"http:\/\/schema.org\/image\" title=\"lerouge-food2025\u00a9Alpimages-70\" alt=\"lerouge-food2025\u00a9Alpimages-70\" style=\"width: 126px; height: 190px;\" \/> <\/a> <\/div> <\/div> <!-- close group --> <div class=\"gallery-group images-1\" style=\"width: 131px; height: 194px;\" data-original-width=\"131\" data-original-height=\"194\" > <div class=\"tiled-gallery-item tiled-gallery-item-small\" itemprop=\"associatedMedia\" itemscope itemtype=\"http:\/\/schema.org\/ImageObject\"> <a href=\"https:\/\/alpimages.ch\/en\/corporate\/culinaire\/rougeculinairalpimages-fg-90\/\" border=\"0\" itemprop=\"url\"> <meta itemprop=\"width\" content=\"127\"> <meta itemprop=\"height\" content=\"190\"> <img decoding=\"async\" class=\"\" data-attachment-id=\"7415\" data-orig-file=\"https:\/\/alpimages.ch\/wp-content\/uploads\/2020\/04\/RougeCulinair\u00a9ALPIMAGES-FG-90.jpg\" data-orig-size=\"1183,1772\" data-comments-opened=\"\" data-image-meta=\"{&quot;aperture&quot;:&quot;0&quot;,&quot;credit&quot;:&quot;&quot;,&quot;camera&quot;:&quot;&quot;,&quot;caption&quot;:&quot;&quot;,&quot;created_timestamp&quot;:&quot;0&quot;,&quot;copyright&quot;:&quot;&quot;,&quot;focal_length&quot;:&quot;0&quot;,&quot;iso&quot;:&quot;0&quot;,&quot;shutter_speed&quot;:&quot;0&quot;,&quot;title&quot;:&quot;&quot;,&quot;orientation&quot;:&quot;0&quot;}\" data-image-title=\"RougeCulinair\u00a9ALPIMAGES-FG-90\" data-image-description=\"\" data-medium-file=\"https:\/\/i0.wp.com\/alpimages.ch\/wp-content\/uploads\/2020\/04\/RougeCulinair%C2%A9ALPIMAGES-FG-90.jpg?fit=200%2C300&#038;ssl=1\" data-large-file=\"https:\/\/i0.wp.com\/alpimages.ch\/wp-content\/uploads\/2020\/04\/RougeCulinair%C2%A9ALPIMAGES-FG-90.jpg?fit=680%2C1018&#038;ssl=1\" src=\"https:\/\/i0.wp.com\/alpimages.ch\/wp-content\/uploads\/2020\/04\/RougeCulinair%C2%A9ALPIMAGES-FG-90.jpg?w=127&#038;h=190&#038;ssl=1\" width=\"127\" height=\"190\" loading=\"lazy\" data-original-width=\"127\" data-original-height=\"190\" itemprop=\"http:\/\/schema.org\/image\" title=\"RougeCulinair\u00a9ALPIMAGES-FG-90\" alt=\"RougeCulinair\u00a9ALPIMAGES-FG-90\" style=\"width: 127px; height: 190px;\" \/> <\/a> <\/div> <\/div> <!-- close group --> <\/div> <!-- close row --> <div class=\"gallery-row\" style=\"width: 680px; height: 340px;\" data-original-width=\"680\" data-original-height=\"340\" > <div class=\"gallery-group images-1\" style=\"width: 452px; height: 340px;\" data-original-width=\"452\" data-original-height=\"340\" > <div class=\"tiled-gallery-item tiled-gallery-item-large\" itemprop=\"associatedMedia\" itemscope itemtype=\"http:\/\/schema.org\/ImageObject\"> <a href=\"https:\/\/alpimages.ch\/en\/corporate\/culinaire\/marco-bassi-lacilane-verbier-foudimages-009\/\" border=\"0\" itemprop=\"url\"> <meta itemprop=\"width\" content=\"448\"> <meta itemprop=\"height\" content=\"336\"> <img decoding=\"async\" class=\"\" data-attachment-id=\"14755\" data-orig-file=\"https:\/\/alpimages.ch\/wp-content\/uploads\/2026\/02\/marco-bassi-lacilane-verbier-foudimages-009.jpg\" data-orig-size=\"4848,3636\" data-comments-opened=\"\" data-image-meta=\"{&quot;aperture&quot;:&quot;3.5&quot;,&quot;credit&quot;:&quot;&quot;,&quot;camera&quot;:&quot;NIKON Z 8&quot;,&quot;caption&quot;:&quot;&quot;,&quot;created_timestamp&quot;:&quot;1765811181&quot;,&quot;copyright&quot;:&quot;&quot;,&quot;focal_length&quot;:&quot;105&quot;,&quot;iso&quot;:&quot;320&quot;,&quot;shutter_speed&quot;:&quot;0.008&quot;,&quot;title&quot;:&quot;&quot;,&quot;orientation&quot;:&quot;1&quot;}\" data-image-title=\"marco-bassi-lacilane-verbier-foudimages-009\" data-image-description=\"\" data-medium-file=\"https:\/\/i0.wp.com\/alpimages.ch\/wp-content\/uploads\/2026\/02\/marco-bassi-lacilane-verbier-foudimages-009.jpg?fit=300%2C225&#038;ssl=1\" data-large-file=\"https:\/\/i0.wp.com\/alpimages.ch\/wp-content\/uploads\/2026\/02\/marco-bassi-lacilane-verbier-foudimages-009.jpg?fit=680%2C510&#038;ssl=1\" src=\"https:\/\/i0.wp.com\/alpimages.ch\/wp-content\/uploads\/2026\/02\/marco-bassi-lacilane-verbier-foudimages-009.jpg?w=448&#038;h=336&#038;ssl=1\" srcset=\"https:\/\/i0.wp.com\/alpimages.ch\/wp-content\/uploads\/2026\/02\/marco-bassi-lacilane-verbier-foudimages-009.jpg?w=4848&amp;ssl=1 4848w, https:\/\/i0.wp.com\/alpimages.ch\/wp-content\/uploads\/2026\/02\/marco-bassi-lacilane-verbier-foudimages-009.jpg?resize=300%2C225&amp;ssl=1 300w, https:\/\/i0.wp.com\/alpimages.ch\/wp-content\/uploads\/2026\/02\/marco-bassi-lacilane-verbier-foudimages-009.jpg?resize=1024%2C768&amp;ssl=1 1024w, https:\/\/i0.wp.com\/alpimages.ch\/wp-content\/uploads\/2026\/02\/marco-bassi-lacilane-verbier-foudimages-009.jpg?resize=150%2C113&amp;ssl=1 150w, https:\/\/i0.wp.com\/alpimages.ch\/wp-content\/uploads\/2026\/02\/marco-bassi-lacilane-verbier-foudimages-009.jpg?resize=768%2C576&amp;ssl=1 768w, https:\/\/i0.wp.com\/alpimages.ch\/wp-content\/uploads\/2026\/02\/marco-bassi-lacilane-verbier-foudimages-009.jpg?resize=1536%2C1152&amp;ssl=1 1536w, https:\/\/i0.wp.com\/alpimages.ch\/wp-content\/uploads\/2026\/02\/marco-bassi-lacilane-verbier-foudimages-009.jpg?resize=2048%2C1536&amp;ssl=1 2048w, https:\/\/i0.wp.com\/alpimages.ch\/wp-content\/uploads\/2026\/02\/marco-bassi-lacilane-verbier-foudimages-009.jpg?resize=16%2C12&amp;ssl=1 16w, https:\/\/i0.wp.com\/alpimages.ch\/wp-content\/uploads\/2026\/02\/marco-bassi-lacilane-verbier-foudimages-009.jpg?resize=317%2C238&amp;ssl=1 317w, https:\/\/i0.wp.com\/alpimages.ch\/wp-content\/uploads\/2026\/02\/marco-bassi-lacilane-verbier-foudimages-009.jpg?w=1360&amp;ssl=1 1360w\" width=\"448\" height=\"336\" loading=\"lazy\" data-original-width=\"448\" data-original-height=\"336\" itemprop=\"http:\/\/schema.org\/image\" title=\"marco-bassi-lacilane-verbier-foudimages-009\" alt=\"marco-bassi-lacilane-verbier-foudimages-009\" style=\"width: 448px; height: 336px;\" \/> <\/a> <\/div> <\/div> <!-- close group --> <div class=\"gallery-group images-1\" style=\"width: 228px; height: 340px;\" data-original-width=\"228\" data-original-height=\"340\" > <div class=\"tiled-gallery-item tiled-gallery-item-small\" itemprop=\"associatedMedia\" itemscope itemtype=\"http:\/\/schema.org\/ImageObject\"> <a href=\"https:\/\/alpimages.ch\/en\/corporate\/culinaire\/thomas-roulin-alpimages-58\/\" border=\"0\" itemprop=\"url\"> <meta itemprop=\"width\" content=\"224\"> <meta itemprop=\"height\" content=\"336\"> <img decoding=\"async\" class=\"\" data-attachment-id=\"408\" data-orig-file=\"https:\/\/alpimages.ch\/wp-content\/uploads\/2015\/11\/c2a9thomas-roulin-alpimages-58.jpg\" data-orig-size=\"2365,3543\" data-comments-opened=\"\" data-image-meta=\"{&quot;aperture&quot;:&quot;10&quot;,&quot;credit&quot;:&quot;&quot;,&quot;camera&quot;:&quot;NIKON D800&quot;,&quot;caption&quot;:&quot;&quot;,&quot;created_timestamp&quot;:&quot;1418905675&quot;,&quot;copyright&quot;:&quot;&quot;,&quot;focal_length&quot;:&quot;60&quot;,&quot;iso&quot;:&quot;400&quot;,&quot;shutter_speed&quot;:&quot;0.016666666666667&quot;,&quot;title&quot;:&quot;&quot;,&quot;orientation&quot;:&quot;0&quot;}\" data-image-title=\"\u00a9Thomas Roulin-Alpimages.-58\" data-image-description=\"\" data-medium-file=\"https:\/\/i0.wp.com\/alpimages.ch\/wp-content\/uploads\/2015\/11\/c2a9thomas-roulin-alpimages-58.jpg?fit=200%2C300&#038;ssl=1\" data-large-file=\"https:\/\/i0.wp.com\/alpimages.ch\/wp-content\/uploads\/2015\/11\/c2a9thomas-roulin-alpimages-58.jpg?fit=680%2C1019&#038;ssl=1\" src=\"https:\/\/i0.wp.com\/alpimages.ch\/wp-content\/uploads\/2015\/11\/c2a9thomas-roulin-alpimages-58.jpg?w=224&#038;h=336&#038;ssl=1\" width=\"224\" height=\"336\" loading=\"lazy\" data-original-width=\"224\" data-original-height=\"336\" itemprop=\"http:\/\/schema.org\/image\" title=\"\u00a9Thomas Roulin-Alpimages.-58\" alt=\"\u00a9Thomas Roulin-Alpimages.-58\" style=\"width: 224px; height: 336px;\" \/> <\/a> <\/div> <\/div> <!-- close group --> <\/div> <!-- close row --> <div class=\"gallery-row\" style=\"width: 680px; height: 203px;\" data-original-width=\"680\" data-original-height=\"203\" > <div class=\"gallery-group images-1\" style=\"width: 269px; height: 203px;\" data-original-width=\"269\" data-original-height=\"203\" > <div class=\"tiled-gallery-item tiled-gallery-item-large\" itemprop=\"associatedMedia\" itemscope itemtype=\"http:\/\/schema.org\/ImageObject\"> <a href=\"https:\/\/alpimages.ch\/en\/corporate\/culinaire\/marco-bassi-lacilane-verbier-foudimages-022\/\" border=\"0\" itemprop=\"url\"> <meta itemprop=\"width\" content=\"265\"> <meta itemprop=\"height\" content=\"199\"> <img decoding=\"async\" class=\"\" data-attachment-id=\"14760\" data-orig-file=\"https:\/\/alpimages.ch\/wp-content\/uploads\/2026\/02\/marco-bassi-lacilane-verbier-foudimages-022.jpg\" data-orig-size=\"4812,3610\" data-comments-opened=\"\" data-image-meta=\"{&quot;aperture&quot;:&quot;11&quot;,&quot;credit&quot;:&quot;&quot;,&quot;camera&quot;:&quot;NIKON Z 8&quot;,&quot;caption&quot;:&quot;&quot;,&quot;created_timestamp&quot;:&quot;1765809832&quot;,&quot;copyright&quot;:&quot;&quot;,&quot;focal_length&quot;:&quot;50&quot;,&quot;iso&quot;:&quot;100&quot;,&quot;shutter_speed&quot;:&quot;0.01&quot;,&quot;title&quot;:&quot;&quot;,&quot;orientation&quot;:&quot;1&quot;}\" data-image-title=\"marco-bassi-lacilane-verbier-foudimages-022\" data-image-description=\"\" data-medium-file=\"https:\/\/i0.wp.com\/alpimages.ch\/wp-content\/uploads\/2026\/02\/marco-bassi-lacilane-verbier-foudimages-022.jpg?fit=300%2C225&#038;ssl=1\" data-large-file=\"https:\/\/i0.wp.com\/alpimages.ch\/wp-content\/uploads\/2026\/02\/marco-bassi-lacilane-verbier-foudimages-022.jpg?fit=680%2C510&#038;ssl=1\" src=\"https:\/\/i0.wp.com\/alpimages.ch\/wp-content\/uploads\/2026\/02\/marco-bassi-lacilane-verbier-foudimages-022.jpg?w=265&#038;h=199&#038;ssl=1\" srcset=\"https:\/\/i0.wp.com\/alpimages.ch\/wp-content\/uploads\/2026\/02\/marco-bassi-lacilane-verbier-foudimages-022.jpg?w=4812&amp;ssl=1 4812w, https:\/\/i0.wp.com\/alpimages.ch\/wp-content\/uploads\/2026\/02\/marco-bassi-lacilane-verbier-foudimages-022.jpg?resize=300%2C225&amp;ssl=1 300w, https:\/\/i0.wp.com\/alpimages.ch\/wp-content\/uploads\/2026\/02\/marco-bassi-lacilane-verbier-foudimages-022.jpg?resize=1024%2C768&amp;ssl=1 1024w, https:\/\/i0.wp.com\/alpimages.ch\/wp-content\/uploads\/2026\/02\/marco-bassi-lacilane-verbier-foudimages-022.jpg?resize=150%2C113&amp;ssl=1 150w, https:\/\/i0.wp.com\/alpimages.ch\/wp-content\/uploads\/2026\/02\/marco-bassi-lacilane-verbier-foudimages-022.jpg?resize=768%2C576&amp;ssl=1 768w, https:\/\/i0.wp.com\/alpimages.ch\/wp-content\/uploads\/2026\/02\/marco-bassi-lacilane-verbier-foudimages-022.jpg?resize=1536%2C1152&amp;ssl=1 1536w, https:\/\/i0.wp.com\/alpimages.ch\/wp-content\/uploads\/2026\/02\/marco-bassi-lacilane-verbier-foudimages-022.jpg?resize=2048%2C1536&amp;ssl=1 2048w, https:\/\/i0.wp.com\/alpimages.ch\/wp-content\/uploads\/2026\/02\/marco-bassi-lacilane-verbier-foudimages-022.jpg?resize=16%2C12&amp;ssl=1 16w, https:\/\/i0.wp.com\/alpimages.ch\/wp-content\/uploads\/2026\/02\/marco-bassi-lacilane-verbier-foudimages-022.jpg?resize=317%2C238&amp;ssl=1 317w, https:\/\/i0.wp.com\/alpimages.ch\/wp-content\/uploads\/2026\/02\/marco-bassi-lacilane-verbier-foudimages-022.jpg?w=1360&amp;ssl=1 1360w\" width=\"265\" height=\"199\" loading=\"lazy\" data-original-width=\"265\" data-original-height=\"199\" itemprop=\"http:\/\/schema.org\/image\" title=\"marco-bassi-lacilane-verbier-foudimages-022\" alt=\"marco-bassi-lacilane-verbier-foudimages-022\" style=\"width: 265px; height: 199px;\" \/> <\/a> <\/div> <\/div> <!-- close group --> <div class=\"gallery-group images-1\" style=\"width: 137px; height: 203px;\" data-original-width=\"137\" data-original-height=\"203\" > <div class=\"tiled-gallery-item tiled-gallery-item-small\" itemprop=\"associatedMedia\" itemscope itemtype=\"http:\/\/schema.org\/ImageObject\"> <a href=\"https:\/\/alpimages.ch\/en\/corporate\/culinaire\/ecurie-photoshoot-alpimages-3546\/\" border=\"0\" itemprop=\"url\"> <meta itemprop=\"width\" content=\"133\"> <meta itemprop=\"height\" content=\"199\"> <img decoding=\"async\" class=\"\" data-attachment-id=\"13645\" data-orig-file=\"https:\/\/alpimages.ch\/wp-content\/uploads\/2025\/05\/Ecurie-Photoshoot-\u00a9alpimages-3546.jpg\" data-orig-size=\"2362,3543\" data-comments-opened=\"\" data-image-meta=\"{&quot;aperture&quot;:&quot;2.8&quot;,&quot;credit&quot;:&quot;&quot;,&quot;camera&quot;:&quot;NIKON Z 9&quot;,&quot;caption&quot;:&quot;&quot;,&quot;created_timestamp&quot;:&quot;1730809780&quot;,&quot;copyright&quot;:&quot;&quot;,&quot;focal_length&quot;:&quot;70&quot;,&quot;iso&quot;:&quot;500&quot;,&quot;shutter_speed&quot;:&quot;0.005&quot;,&quot;title&quot;:&quot;&quot;,&quot;orientation&quot;:&quot;0&quot;}\" data-image-title=\"Ecurie- Photoshoot \u00a9alpimages-3546\" data-image-description=\"\" data-medium-file=\"https:\/\/i0.wp.com\/alpimages.ch\/wp-content\/uploads\/2025\/05\/Ecurie-Photoshoot-%C2%A9alpimages-3546.jpg?fit=200%2C300&#038;ssl=1\" data-large-file=\"https:\/\/i0.wp.com\/alpimages.ch\/wp-content\/uploads\/2025\/05\/Ecurie-Photoshoot-%C2%A9alpimages-3546.jpg?fit=680%2C1020&#038;ssl=1\" src=\"https:\/\/i0.wp.com\/alpimages.ch\/wp-content\/uploads\/2025\/05\/Ecurie-Photoshoot-%C2%A9alpimages-3546.jpg?w=133&#038;h=199&#038;ssl=1\" width=\"133\" height=\"199\" loading=\"lazy\" data-original-width=\"133\" data-original-height=\"199\" itemprop=\"http:\/\/schema.org\/image\" title=\"Ecurie- Photoshoot \u00a9alpimages-3546\" alt=\"Ecurie- Photoshoot \u00a9alpimages-3546\" style=\"width: 133px; height: 199px;\" \/> <\/a> <\/div> <\/div> <!-- close group --> <div class=\"gallery-group images-1\" style=\"width: 137px; height: 203px;\" data-original-width=\"137\" data-original-height=\"203\" > <div class=\"tiled-gallery-item tiled-gallery-item-small\" itemprop=\"associatedMedia\" itemscope itemtype=\"http:\/\/schema.org\/ImageObject\"> <a href=\"https:\/\/alpimages.ch\/en\/corporate\/culinaire\/rougeculinairalpimages-fg-128\/\" border=\"0\" itemprop=\"url\"> <meta itemprop=\"width\" content=\"133\"> <meta itemprop=\"height\" content=\"199\"> <img decoding=\"async\" class=\"\" data-attachment-id=\"7417\" data-orig-file=\"https:\/\/alpimages.ch\/wp-content\/uploads\/2020\/04\/RougeCulinair\u00a9ALPIMAGES-FG-128.jpg\" data-orig-size=\"1183,1772\" data-comments-opened=\"\" data-image-meta=\"{&quot;aperture&quot;:&quot;0&quot;,&quot;credit&quot;:&quot;&quot;,&quot;camera&quot;:&quot;&quot;,&quot;caption&quot;:&quot;&quot;,&quot;created_timestamp&quot;:&quot;0&quot;,&quot;copyright&quot;:&quot;&quot;,&quot;focal_length&quot;:&quot;0&quot;,&quot;iso&quot;:&quot;0&quot;,&quot;shutter_speed&quot;:&quot;0&quot;,&quot;title&quot;:&quot;&quot;,&quot;orientation&quot;:&quot;0&quot;}\" data-image-title=\"RougeCulinair\u00a9ALPIMAGES-FG-128\" data-image-description=\"\" data-medium-file=\"https:\/\/i0.wp.com\/alpimages.ch\/wp-content\/uploads\/2020\/04\/RougeCulinair%C2%A9ALPIMAGES-FG-128.jpg?fit=200%2C300&#038;ssl=1\" data-large-file=\"https:\/\/i0.wp.com\/alpimages.ch\/wp-content\/uploads\/2020\/04\/RougeCulinair%C2%A9ALPIMAGES-FG-128.jpg?fit=680%2C1018&#038;ssl=1\" src=\"https:\/\/i0.wp.com\/alpimages.ch\/wp-content\/uploads\/2020\/04\/RougeCulinair%C2%A9ALPIMAGES-FG-128.jpg?w=133&#038;h=199&#038;ssl=1\" width=\"133\" height=\"199\" loading=\"lazy\" data-original-width=\"133\" data-original-height=\"199\" itemprop=\"http:\/\/schema.org\/image\" title=\"RougeCulinair\u00a9ALPIMAGES-FG-128\" alt=\"RougeCulinair\u00a9ALPIMAGES-FG-128\" style=\"width: 133px; height: 199px;\" \/> <\/a> <\/div> <\/div> <!-- close group --> <div class=\"gallery-group images-1\" style=\"width: 137px; height: 203px;\" data-original-width=\"137\" data-original-height=\"203\" > <div class=\"tiled-gallery-item tiled-gallery-item-small\" itemprop=\"associatedMedia\" itemscope itemtype=\"http:\/\/schema.org\/ImageObject\"> <a href=\"https:\/\/alpimages.ch\/en\/corporate\/culinaire\/viemontange-foodalpimages-0875\/\" border=\"0\" itemprop=\"url\"> <meta itemprop=\"width\" content=\"133\"> <meta itemprop=\"height\" content=\"199\"> <img decoding=\"async\" class=\"\" data-attachment-id=\"7419\" data-orig-file=\"https:\/\/alpimages.ch\/wp-content\/uploads\/2020\/04\/VIEMONTANGE-FOOD\u00a9Alpimages-0875.jpg\" data-orig-size=\"3153,4724\" data-comments-opened=\"\" data-image-meta=\"{&quot;aperture&quot;:&quot;0&quot;,&quot;credit&quot;:&quot;&quot;,&quot;camera&quot;:&quot;&quot;,&quot;caption&quot;:&quot;&quot;,&quot;created_timestamp&quot;:&quot;0&quot;,&quot;copyright&quot;:&quot;by#cups&quot;,&quot;focal_length&quot;:&quot;0&quot;,&quot;iso&quot;:&quot;0&quot;,&quot;shutter_speed&quot;:&quot;0&quot;,&quot;title&quot;:&quot;&quot;,&quot;orientation&quot;:&quot;1&quot;}\" data-image-title=\"VIEMONTANGE-FOOD\u00a9Alpimages-0875\" data-image-description=\"\" data-medium-file=\"https:\/\/i0.wp.com\/alpimages.ch\/wp-content\/uploads\/2020\/04\/VIEMONTANGE-FOOD%C2%A9Alpimages-0875.jpg?fit=200%2C300&#038;ssl=1\" data-large-file=\"https:\/\/i0.wp.com\/alpimages.ch\/wp-content\/uploads\/2020\/04\/VIEMONTANGE-FOOD%C2%A9Alpimages-0875.jpg?fit=680%2C1020&#038;ssl=1\" src=\"https:\/\/i0.wp.com\/alpimages.ch\/wp-content\/uploads\/2020\/04\/VIEMONTANGE-FOOD%C2%A9Alpimages-0875.jpg?w=133&#038;h=199&#038;ssl=1\" width=\"133\" height=\"199\" loading=\"lazy\" data-original-width=\"133\" data-original-height=\"199\" itemprop=\"http:\/\/schema.org\/image\" title=\"VIEMONTANGE-FOOD\u00a9Alpimages-0875\" alt=\"VIEMONTANGE-FOOD\u00a9Alpimages-0875\" style=\"width: 133px; height: 199px;\" \/> <\/a> <\/div> <\/div> <!-- close group --> <\/div> <!-- close row --> <div class=\"gallery-row\" style=\"width: 680px; height: 326px;\" data-original-width=\"680\" data-original-height=\"326\" > <div class=\"gallery-group images-1\" style=\"width: 219px; height: 326px;\" data-original-width=\"219\" data-original-height=\"326\" > <div class=\"tiled-gallery-item tiled-gallery-item-small\" itemprop=\"associatedMedia\" itemscope itemtype=\"http:\/\/schema.org\/ImageObject\"> <a href=\"https:\/\/alpimages.ch\/en\/corporate\/culinaire\/tom_1792\/\" border=\"0\" itemprop=\"url\"> <meta itemprop=\"width\" content=\"215\"> <meta itemprop=\"height\" content=\"322\"> <img decoding=\"async\" class=\"\" data-attachment-id=\"416\" data-orig-file=\"https:\/\/alpimages.ch\/wp-content\/uploads\/2015\/11\/tom_1792.jpg\" data-orig-size=\"3153,4724\" data-comments-opened=\"\" data-image-meta=\"{&quot;aperture&quot;:&quot;0&quot;,&quot;credit&quot;:&quot;&quot;,&quot;camera&quot;:&quot;&quot;,&quot;caption&quot;:&quot;&quot;,&quot;created_timestamp&quot;:&quot;0&quot;,&quot;copyright&quot;:&quot;&quot;,&quot;focal_length&quot;:&quot;0&quot;,&quot;iso&quot;:&quot;0&quot;,&quot;shutter_speed&quot;:&quot;0&quot;,&quot;title&quot;:&quot;&quot;,&quot;orientation&quot;:&quot;0&quot;}\" data-image-title=\"TOM_1792\" data-image-description=\"\" data-medium-file=\"https:\/\/i0.wp.com\/alpimages.ch\/wp-content\/uploads\/2015\/11\/tom_1792.jpg?fit=200%2C300&#038;ssl=1\" data-large-file=\"https:\/\/i0.wp.com\/alpimages.ch\/wp-content\/uploads\/2015\/11\/tom_1792.jpg?fit=680%2C1019&#038;ssl=1\" src=\"https:\/\/i0.wp.com\/alpimages.ch\/wp-content\/uploads\/2015\/11\/tom_1792.jpg?w=215&#038;h=322&#038;ssl=1\" width=\"215\" height=\"322\" loading=\"lazy\" data-original-width=\"215\" data-original-height=\"322\" itemprop=\"http:\/\/schema.org\/image\" title=\"TOM_1792\" alt=\"TOM_1792\" style=\"width: 215px; height: 322px;\" \/> <\/a> <\/div> <\/div> <!-- close group --> <div class=\"gallery-group images-2\" style=\"width: 242px; height: 326px;\" data-original-width=\"242\" data-original-height=\"326\" > <div class=\"tiled-gallery-item tiled-gallery-item-small\" itemprop=\"associatedMedia\" itemscope itemtype=\"http:\/\/schema.org\/ImageObject\"> <a href=\"https:\/\/alpimages.ch\/en\/corporate\/culinaire\/tom_5329\/\" border=\"0\" itemprop=\"url\"> <meta itemprop=\"width\" content=\"238\"> <meta itemprop=\"height\" content=\"159\"> <img decoding=\"async\" class=\"\" data-attachment-id=\"421\" data-orig-file=\"https:\/\/alpimages.ch\/wp-content\/uploads\/2015\/11\/tom_5329.jpg\" data-orig-size=\"3543,2365\" data-comments-opened=\"\" data-image-meta=\"{&quot;aperture&quot;:&quot;0&quot;,&quot;credit&quot;:&quot;&quot;,&quot;camera&quot;:&quot;&quot;,&quot;caption&quot;:&quot;&quot;,&quot;created_timestamp&quot;:&quot;0&quot;,&quot;copyright&quot;:&quot;&quot;,&quot;focal_length&quot;:&quot;0&quot;,&quot;iso&quot;:&quot;0&quot;,&quot;shutter_speed&quot;:&quot;0&quot;,&quot;title&quot;:&quot;&quot;,&quot;orientation&quot;:&quot;0&quot;}\" data-image-title=\"TOM_5329\" data-image-description=\"\" data-medium-file=\"https:\/\/i0.wp.com\/alpimages.ch\/wp-content\/uploads\/2015\/11\/tom_5329.jpg?fit=300%2C200&#038;ssl=1\" data-large-file=\"https:\/\/i0.wp.com\/alpimages.ch\/wp-content\/uploads\/2015\/11\/tom_5329.jpg?fit=680%2C454&#038;ssl=1\" src=\"https:\/\/i0.wp.com\/alpimages.ch\/wp-content\/uploads\/2015\/11\/tom_5329.jpg?w=238&#038;h=159&#038;ssl=1\" width=\"238\" height=\"159\" loading=\"lazy\" data-original-width=\"238\" data-original-height=\"159\" itemprop=\"http:\/\/schema.org\/image\" title=\"TOM_5329\" alt=\"TOM_5329\" style=\"width: 238px; height: 159px;\" \/> <\/a> <\/div> <div class=\"tiled-gallery-item tiled-gallery-item-small\" itemprop=\"associatedMedia\" itemscope itemtype=\"http:\/\/schema.org\/ImageObject\"> <a href=\"https:\/\/alpimages.ch\/en\/corporate\/culinaire\/thomas-roulin-alpimages-51\/\" border=\"0\" itemprop=\"url\"> <meta itemprop=\"width\" content=\"238\"> <meta itemprop=\"height\" content=\"159\"> <img decoding=\"async\" class=\"\" data-attachment-id=\"407\" data-orig-file=\"https:\/\/alpimages.ch\/wp-content\/uploads\/2015\/11\/c2a9thomas-roulin-alpimages-51.jpg\" data-orig-size=\"3543,2365\" data-comments-opened=\"\" data-image-meta=\"{&quot;aperture&quot;:&quot;5&quot;,&quot;credit&quot;:&quot;&quot;,&quot;camera&quot;:&quot;NIKON D800&quot;,&quot;caption&quot;:&quot;&quot;,&quot;created_timestamp&quot;:&quot;1418927508&quot;,&quot;copyright&quot;:&quot;&quot;,&quot;focal_length&quot;:&quot;24&quot;,&quot;iso&quot;:&quot;250&quot;,&quot;shutter_speed&quot;:&quot;0.0125&quot;,&quot;title&quot;:&quot;&quot;,&quot;orientation&quot;:&quot;0&quot;}\" data-image-title=\"\u00a9Thomas Roulin-Alpimages.-51\" data-image-description=\"\" data-medium-file=\"https:\/\/i0.wp.com\/alpimages.ch\/wp-content\/uploads\/2015\/11\/c2a9thomas-roulin-alpimages-51.jpg?fit=300%2C200&#038;ssl=1\" data-large-file=\"https:\/\/i0.wp.com\/alpimages.ch\/wp-content\/uploads\/2015\/11\/c2a9thomas-roulin-alpimages-51.jpg?fit=680%2C454&#038;ssl=1\" src=\"https:\/\/i0.wp.com\/alpimages.ch\/wp-content\/uploads\/2015\/11\/c2a9thomas-roulin-alpimages-51.jpg?w=238&#038;h=159&#038;ssl=1\" width=\"238\" height=\"159\" loading=\"lazy\" data-original-width=\"238\" data-original-height=\"159\" itemprop=\"http:\/\/schema.org\/image\" title=\"\u00a9Thomas Roulin-Alpimages.-51\" alt=\"\u00a9Thomas Roulin-Alpimages.-51\" style=\"width: 238px; height: 159px;\" \/> <\/a> <\/div> <\/div> <!-- close group --> <div class=\"gallery-group images-1\" style=\"width: 219px; height: 326px;\" data-original-width=\"219\" data-original-height=\"326\" > <div class=\"tiled-gallery-item tiled-gallery-item-small\" itemprop=\"associatedMedia\" itemscope itemtype=\"http:\/\/schema.org\/ImageObject\"> <a href=\"https:\/\/alpimages.ch\/en\/corporate\/culinaire\/tom_1771\/\" border=\"0\" itemprop=\"url\"> <meta itemprop=\"width\" content=\"215\"> <meta itemprop=\"height\" content=\"322\"> <img decoding=\"async\" class=\"\" data-attachment-id=\"415\" data-orig-file=\"https:\/\/alpimages.ch\/wp-content\/uploads\/2015\/11\/tom_1771.jpg\" data-orig-size=\"3153,4724\" data-comments-opened=\"\" data-image-meta=\"{&quot;aperture&quot;:&quot;0&quot;,&quot;credit&quot;:&quot;&quot;,&quot;camera&quot;:&quot;&quot;,&quot;caption&quot;:&quot;&quot;,&quot;created_timestamp&quot;:&quot;0&quot;,&quot;copyright&quot;:&quot;&quot;,&quot;focal_length&quot;:&quot;0&quot;,&quot;iso&quot;:&quot;0&quot;,&quot;shutter_speed&quot;:&quot;0&quot;,&quot;title&quot;:&quot;&quot;,&quot;orientation&quot;:&quot;0&quot;}\" data-image-title=\"TOM_1771\" data-image-description=\"\" data-medium-file=\"https:\/\/i0.wp.com\/alpimages.ch\/wp-content\/uploads\/2015\/11\/tom_1771.jpg?fit=200%2C300&#038;ssl=1\" data-large-file=\"https:\/\/i0.wp.com\/alpimages.ch\/wp-content\/uploads\/2015\/11\/tom_1771.jpg?fit=680%2C1019&#038;ssl=1\" src=\"https:\/\/i0.wp.com\/alpimages.ch\/wp-content\/uploads\/2015\/11\/tom_1771.jpg?w=215&#038;h=322&#038;ssl=1\" width=\"215\" height=\"322\" loading=\"lazy\" data-original-width=\"215\" data-original-height=\"322\" itemprop=\"http:\/\/schema.org\/image\" title=\"TOM_1771\" alt=\"TOM_1771\" style=\"width: 215px; height: 322px;\" \/> <\/a> <\/div> <\/div> <!-- close group --> <\/div> <!-- close row --> <div class=\"gallery-row\" style=\"width: 680px; height: 480px;\" data-original-width=\"680\" data-original-height=\"480\" > <div class=\"gallery-group images-2\" style=\"width: 358px; height: 480px;\" data-original-width=\"358\" data-original-height=\"480\" > <div class=\"tiled-gallery-item tiled-gallery-item-large\" itemprop=\"associatedMedia\" itemscope itemtype=\"http:\/\/schema.org\/ImageObject\"> <a href=\"https:\/\/alpimages.ch\/en\/corporate\/culinaire\/laterrasseblonde-alpimagesverbier-206\/\" border=\"0\" itemprop=\"url\"> <meta itemprop=\"width\" content=\"354\"> <meta itemprop=\"height\" content=\"236\"> <img decoding=\"async\" class=\"\" data-attachment-id=\"13643\" data-orig-file=\"https:\/\/alpimages.ch\/wp-content\/uploads\/2025\/05\/LaTerrasseBlonde-AlpimagesVerbier-206.jpg\" data-orig-size=\"3543,2362\" data-comments-opened=\"\" data-image-meta=\"{&quot;aperture&quot;:&quot;0&quot;,&quot;credit&quot;:&quot;&quot;,&quot;camera&quot;:&quot;&quot;,&quot;caption&quot;:&quot;&quot;,&quot;created_timestamp&quot;:&quot;0&quot;,&quot;copyright&quot;:&quot;&quot;,&quot;focal_length&quot;:&quot;0&quot;,&quot;iso&quot;:&quot;0&quot;,&quot;shutter_speed&quot;:&quot;0&quot;,&quot;title&quot;:&quot;&quot;,&quot;orientation&quot;:&quot;0&quot;}\" data-image-title=\"LaTerrasseBlonde-AlpimagesVerbier-206\" data-image-description=\"\" data-medium-file=\"https:\/\/i0.wp.com\/alpimages.ch\/wp-content\/uploads\/2025\/05\/LaTerrasseBlonde-AlpimagesVerbier-206.jpg?fit=300%2C200&#038;ssl=1\" data-large-file=\"https:\/\/i0.wp.com\/alpimages.ch\/wp-content\/uploads\/2025\/05\/LaTerrasseBlonde-AlpimagesVerbier-206.jpg?fit=680%2C454&#038;ssl=1\" src=\"https:\/\/i0.wp.com\/alpimages.ch\/wp-content\/uploads\/2025\/05\/LaTerrasseBlonde-AlpimagesVerbier-206.jpg?w=354&#038;h=236&#038;ssl=1\" srcset=\"https:\/\/i0.wp.com\/alpimages.ch\/wp-content\/uploads\/2025\/05\/LaTerrasseBlonde-AlpimagesVerbier-206.jpg?w=3543&amp;ssl=1 3543w, https:\/\/i0.wp.com\/alpimages.ch\/wp-content\/uploads\/2025\/05\/LaTerrasseBlonde-AlpimagesVerbier-206.jpg?resize=300%2C200&amp;ssl=1 300w, https:\/\/i0.wp.com\/alpimages.ch\/wp-content\/uploads\/2025\/05\/LaTerrasseBlonde-AlpimagesVerbier-206.jpg?resize=1024%2C683&amp;ssl=1 1024w, https:\/\/i0.wp.com\/alpimages.ch\/wp-content\/uploads\/2025\/05\/LaTerrasseBlonde-AlpimagesVerbier-206.jpg?resize=150%2C100&amp;ssl=1 150w, https:\/\/i0.wp.com\/alpimages.ch\/wp-content\/uploads\/2025\/05\/LaTerrasseBlonde-AlpimagesVerbier-206.jpg?resize=768%2C512&amp;ssl=1 768w, https:\/\/i0.wp.com\/alpimages.ch\/wp-content\/uploads\/2025\/05\/LaTerrasseBlonde-AlpimagesVerbier-206.jpg?resize=1536%2C1024&amp;ssl=1 1536w, https:\/\/i0.wp.com\/alpimages.ch\/wp-content\/uploads\/2025\/05\/LaTerrasseBlonde-AlpimagesVerbier-206.jpg?resize=2048%2C1365&amp;ssl=1 2048w, https:\/\/i0.wp.com\/alpimages.ch\/wp-content\/uploads\/2025\/05\/LaTerrasseBlonde-AlpimagesVerbier-206.jpg?resize=18%2C12&amp;ssl=1 18w, https:\/\/i0.wp.com\/alpimages.ch\/wp-content\/uploads\/2025\/05\/LaTerrasseBlonde-AlpimagesVerbier-206.jpg?resize=317%2C211&amp;ssl=1 317w, https:\/\/i0.wp.com\/alpimages.ch\/wp-content\/uploads\/2025\/05\/LaTerrasseBlonde-AlpimagesVerbier-206.jpg?w=1360&amp;ssl=1 1360w\" width=\"354\" height=\"236\" loading=\"lazy\" data-original-width=\"354\" data-original-height=\"236\" itemprop=\"http:\/\/schema.org\/image\" title=\"LaTerrasseBlonde-AlpimagesVerbier-206\" alt=\"LaTerrasseBlonde-AlpimagesVerbier-206\" style=\"width: 354px; height: 236px;\" \/> <\/a> <\/div> <div class=\"tiled-gallery-item tiled-gallery-item-large\" itemprop=\"associatedMedia\" itemscope itemtype=\"http:\/\/schema.org\/ImageObject\"> <a href=\"https:\/\/alpimages.ch\/en\/corporate\/culinaire\/lanonnaalpimages-fg-86\/\" border=\"0\" itemprop=\"url\"> <meta itemprop=\"width\" content=\"354\"> <meta itemprop=\"height\" content=\"236\"> <img decoding=\"async\" class=\"\" data-attachment-id=\"14924\" data-orig-file=\"https:\/\/alpimages.ch\/wp-content\/uploads\/2026\/03\/LaNonna\u00a9Alpimages-FG-86.jpg\" data-orig-size=\"2953,1971\" data-comments-opened=\"\" data-image-meta=\"{&quot;aperture&quot;:&quot;3.5&quot;,&quot;credit&quot;:&quot;&quot;,&quot;camera&quot;:&quot;NIKON D810&quot;,&quot;caption&quot;:&quot;&quot;,&quot;created_timestamp&quot;:&quot;1607622840&quot;,&quot;copyright&quot;:&quot;&quot;,&quot;focal_length&quot;:&quot;50&quot;,&quot;iso&quot;:&quot;800&quot;,&quot;shutter_speed&quot;:&quot;0.01&quot;,&quot;title&quot;:&quot;&quot;,&quot;orientation&quot;:&quot;0&quot;}\" data-image-title=\"LaNonna\u00a9Alpimages-FG-86\" data-image-description=\"\" data-medium-file=\"https:\/\/i0.wp.com\/alpimages.ch\/wp-content\/uploads\/2026\/03\/LaNonna%C2%A9Alpimages-FG-86.jpg?fit=300%2C200&#038;ssl=1\" data-large-file=\"https:\/\/i0.wp.com\/alpimages.ch\/wp-content\/uploads\/2026\/03\/LaNonna%C2%A9Alpimages-FG-86.jpg?fit=680%2C454&#038;ssl=1\" src=\"https:\/\/i0.wp.com\/alpimages.ch\/wp-content\/uploads\/2026\/03\/LaNonna%C2%A9Alpimages-FG-86.jpg?w=354&#038;h=236&#038;ssl=1\" width=\"354\" height=\"236\" loading=\"lazy\" data-original-width=\"354\" data-original-height=\"236\" itemprop=\"http:\/\/schema.org\/image\" title=\"LaNonna\u00a9Alpimages-FG-86\" alt=\"LaNonna\u00a9Alpimages-FG-86\" style=\"width: 354px; height: 236px;\" \/> <\/a> <\/div> <\/div> <!-- close group --> <div class=\"gallery-group images-1\" style=\"width: 322px; height: 480px;\" data-original-width=\"322\" data-original-height=\"480\" > <div class=\"tiled-gallery-item tiled-gallery-item-large\" itemprop=\"associatedMedia\" itemscope itemtype=\"http:\/\/schema.org\/ImageObject\"> <a href=\"https:\/\/alpimages.ch\/en\/corporate\/culinaire\/rougeculinairalpimages-fg-97\/\" border=\"0\" itemprop=\"url\"> <meta itemprop=\"width\" content=\"318\"> <meta itemprop=\"height\" content=\"476\"> <img decoding=\"async\" class=\"\" data-attachment-id=\"7416\" data-orig-file=\"https:\/\/alpimages.ch\/wp-content\/uploads\/2020\/04\/RougeCulinair\u00a9ALPIMAGES-FG-97.jpg\" data-orig-size=\"1183,1772\" data-comments-opened=\"\" data-image-meta=\"{&quot;aperture&quot;:&quot;0&quot;,&quot;credit&quot;:&quot;&quot;,&quot;camera&quot;:&quot;&quot;,&quot;caption&quot;:&quot;&quot;,&quot;created_timestamp&quot;:&quot;0&quot;,&quot;copyright&quot;:&quot;&quot;,&quot;focal_length&quot;:&quot;0&quot;,&quot;iso&quot;:&quot;0&quot;,&quot;shutter_speed&quot;:&quot;0&quot;,&quot;title&quot;:&quot;&quot;,&quot;orientation&quot;:&quot;0&quot;}\" data-image-title=\"RougeCulinair\u00a9ALPIMAGES-FG-97\" data-image-description=\"\" data-medium-file=\"https:\/\/i0.wp.com\/alpimages.ch\/wp-content\/uploads\/2020\/04\/RougeCulinair%C2%A9ALPIMAGES-FG-97.jpg?fit=200%2C300&#038;ssl=1\" data-large-file=\"https:\/\/i0.wp.com\/alpimages.ch\/wp-content\/uploads\/2020\/04\/RougeCulinair%C2%A9ALPIMAGES-FG-97.jpg?fit=680%2C1018&#038;ssl=1\" src=\"https:\/\/i0.wp.com\/alpimages.ch\/wp-content\/uploads\/2020\/04\/RougeCulinair%C2%A9ALPIMAGES-FG-97.jpg?w=318&#038;h=476&#038;ssl=1\" width=\"318\" height=\"476\" loading=\"lazy\" data-original-width=\"318\" data-original-height=\"476\" itemprop=\"http:\/\/schema.org\/image\" title=\"RougeCulinair\u00a9ALPIMAGES-FG-97\" alt=\"RougeCulinair\u00a9ALPIMAGES-FG-97\" style=\"width: 318px; height: 476px;\" \/> <\/a> <\/div> <\/div> <!-- close group --> <\/div> <!-- close row --> <div class=\"gallery-row\" style=\"width: 680px; height: 508px;\" data-original-width=\"680\" data-original-height=\"508\" > <div class=\"gallery-group images-1\" style=\"width: 340px; height: 508px;\" data-original-width=\"340\" data-original-height=\"508\" > <div class=\"tiled-gallery-item tiled-gallery-item-large\" itemprop=\"associatedMedia\" itemscope itemtype=\"http:\/\/schema.org\/ImageObject\"> <a href=\"https:\/\/alpimages.ch\/en\/corporate\/culinaire\/dsc_3323\/\" border=\"0\" itemprop=\"url\"> <meta itemprop=\"width\" content=\"336\"> <meta itemprop=\"height\" content=\"504\"> <img decoding=\"async\" class=\"\" data-attachment-id=\"1854\" data-orig-file=\"https:\/\/alpimages.ch\/wp-content\/uploads\/2018\/11\/DSC_3323.jpg\" data-orig-size=\"2002,3000\" data-comments-opened=\"\" data-image-meta=\"{&quot;aperture&quot;:&quot;10&quot;,&quot;credit&quot;:&quot;&quot;,&quot;camera&quot;:&quot;NIKON D810&quot;,&quot;caption&quot;:&quot;&quot;,&quot;created_timestamp&quot;:&quot;1477590054&quot;,&quot;copyright&quot;:&quot;&quot;,&quot;focal_length&quot;:&quot;60&quot;,&quot;iso&quot;:&quot;200&quot;,&quot;shutter_speed&quot;:&quot;0.076923076923077&quot;,&quot;title&quot;:&quot;&quot;,&quot;orientation&quot;:&quot;0&quot;}\" data-image-title=\"DSC_3323\" data-image-description=\"\" data-medium-file=\"https:\/\/i0.wp.com\/alpimages.ch\/wp-content\/uploads\/2018\/11\/DSC_3323.jpg?fit=200%2C300&#038;ssl=1\" data-large-file=\"https:\/\/i0.wp.com\/alpimages.ch\/wp-content\/uploads\/2018\/11\/DSC_3323.jpg?fit=680%2C1020&#038;ssl=1\" src=\"https:\/\/i0.wp.com\/alpimages.ch\/wp-content\/uploads\/2018\/11\/DSC_3323.jpg?w=336&#038;h=504&#038;ssl=1\" srcset=\"https:\/\/i0.wp.com\/alpimages.ch\/wp-content\/uploads\/2018\/11\/DSC_3323.jpg?w=2002&amp;ssl=1 2002w, https:\/\/i0.wp.com\/alpimages.ch\/wp-content\/uploads\/2018\/11\/DSC_3323.jpg?resize=100%2C150&amp;ssl=1 100w, https:\/\/i0.wp.com\/alpimages.ch\/wp-content\/uploads\/2018\/11\/DSC_3323.jpg?resize=200%2C300&amp;ssl=1 200w, https:\/\/i0.wp.com\/alpimages.ch\/wp-content\/uploads\/2018\/11\/DSC_3323.jpg?resize=768%2C1151&amp;ssl=1 768w, https:\/\/i0.wp.com\/alpimages.ch\/wp-content\/uploads\/2018\/11\/DSC_3323.jpg?resize=683%2C1024&amp;ssl=1 683w, https:\/\/i0.wp.com\/alpimages.ch\/wp-content\/uploads\/2018\/11\/DSC_3323.jpg?resize=317%2C475&amp;ssl=1 317w, https:\/\/i0.wp.com\/alpimages.ch\/wp-content\/uploads\/2018\/11\/DSC_3323.jpg?w=1360&amp;ssl=1 1360w\" width=\"336\" height=\"504\" loading=\"lazy\" data-original-width=\"336\" data-original-height=\"504\" itemprop=\"http:\/\/schema.org\/image\" title=\"DSC_3323\" alt=\"DSC_3323\" style=\"width: 336px; height: 504px;\" \/> <\/a> <\/div> <\/div> <!-- close group --> <div class=\"gallery-group images-1\" style=\"width: 340px; height: 508px;\" data-original-width=\"340\" data-original-height=\"508\" > <div class=\"tiled-gallery-item tiled-gallery-item-large\" itemprop=\"associatedMedia\" itemscope itemtype=\"http:\/\/schema.org\/ImageObject\"> <a href=\"https:\/\/alpimages.ch\/en\/corporate\/culinaire\/20110218-tom_0265\/\" border=\"0\" itemprop=\"url\"> <meta itemprop=\"width\" content=\"336\"> <meta itemprop=\"height\" content=\"504\"> <img decoding=\"async\" class=\"\" data-attachment-id=\"409\" data-orig-file=\"https:\/\/alpimages.ch\/wp-content\/uploads\/2015\/11\/20110218-tom_0265.jpg\" data-orig-size=\"2358,3543\" data-comments-opened=\"\" data-image-meta=\"{&quot;aperture&quot;:&quot;8&quot;,&quot;credit&quot;:&quot;THOMAS ROULIN&quot;,&quot;camera&quot;:&quot;NIKON D3&quot;,&quot;caption&quot;:&quot;&quot;,&quot;created_timestamp&quot;:&quot;1298051747&quot;,&quot;copyright&quot;:&quot;ALL RESERVEDD@D&quot;,&quot;focal_length&quot;:&quot;60&quot;,&quot;iso&quot;:&quot;1000&quot;,&quot;shutter_speed&quot;:&quot;0.0125&quot;,&quot;title&quot;:&quot;&quot;,&quot;orientation&quot;:&quot;0&quot;}\" data-image-title=\"20110218-TOM_0265\" data-image-description=\"\" data-medium-file=\"https:\/\/i0.wp.com\/alpimages.ch\/wp-content\/uploads\/2015\/11\/20110218-tom_0265.jpg?fit=200%2C300&#038;ssl=1\" data-large-file=\"https:\/\/i0.wp.com\/alpimages.ch\/wp-content\/uploads\/2015\/11\/20110218-tom_0265.jpg?fit=680%2C1022&#038;ssl=1\" src=\"https:\/\/i0.wp.com\/alpimages.ch\/wp-content\/uploads\/2015\/11\/20110218-tom_0265.jpg?w=336&#038;h=504&#038;ssl=1\" width=\"336\" height=\"504\" loading=\"lazy\" data-original-width=\"336\" data-original-height=\"504\" itemprop=\"http:\/\/schema.org\/image\" title=\"20110218-TOM_0265\" alt=\"20110218-TOM_0265\" style=\"width: 336px; height: 504px;\" \/> <\/a> <\/div> <\/div> <!-- close group --> <\/div> <!-- close row --> <div class=\"gallery-row\" style=\"width: 680px; height: 228px;\" data-original-width=\"680\" data-original-height=\"228\" > <div class=\"gallery-group images-1\" style=\"width: 340px; height: 228px;\" data-original-width=\"340\" data-original-height=\"228\" > <div class=\"tiled-gallery-item tiled-gallery-item-large\" itemprop=\"associatedMedia\" itemscope itemtype=\"http:\/\/schema.org\/ImageObject\"> <a href=\"https:\/\/alpimages.ch\/en\/corporate\/culinaire\/tom_1318\/\" border=\"0\" itemprop=\"url\"> <meta itemprop=\"width\" content=\"336\"> <meta itemprop=\"height\" content=\"224\"> <img decoding=\"async\" class=\"\" data-attachment-id=\"412\" data-orig-file=\"https:\/\/alpimages.ch\/wp-content\/uploads\/2015\/11\/tom_1318.jpg\" data-orig-size=\"4724,3153\" data-comments-opened=\"\" data-image-meta=\"{&quot;aperture&quot;:&quot;0&quot;,&quot;credit&quot;:&quot;&quot;,&quot;camera&quot;:&quot;&quot;,&quot;caption&quot;:&quot;&quot;,&quot;created_timestamp&quot;:&quot;0&quot;,&quot;copyright&quot;:&quot;&quot;,&quot;focal_length&quot;:&quot;0&quot;,&quot;iso&quot;:&quot;0&quot;,&quot;shutter_speed&quot;:&quot;0&quot;,&quot;title&quot;:&quot;&quot;,&quot;orientation&quot;:&quot;0&quot;}\" data-image-title=\"TOM_1318\" data-image-description=\"\" data-medium-file=\"https:\/\/i0.wp.com\/alpimages.ch\/wp-content\/uploads\/2015\/11\/tom_1318.jpg?fit=300%2C200&#038;ssl=1\" data-large-file=\"https:\/\/i0.wp.com\/alpimages.ch\/wp-content\/uploads\/2015\/11\/tom_1318.jpg?fit=680%2C454&#038;ssl=1\" src=\"https:\/\/i0.wp.com\/alpimages.ch\/wp-content\/uploads\/2015\/11\/tom_1318.jpg?w=336&#038;h=224&#038;ssl=1\" width=\"336\" height=\"224\" loading=\"lazy\" data-original-width=\"336\" data-original-height=\"224\" itemprop=\"http:\/\/schema.org\/image\" title=\"TOM_1318\" alt=\"TOM_1318\" style=\"width: 336px; height: 224px;\" \/> <\/a> <\/div> <\/div> <!-- close group --> <div class=\"gallery-group images-1\" style=\"width: 340px; height: 228px;\" data-original-width=\"340\" data-original-height=\"228\" > <div class=\"tiled-gallery-item tiled-gallery-item-large\" itemprop=\"associatedMedia\" itemscope itemtype=\"http:\/\/schema.org\/ImageObject\"> <a href=\"https:\/\/alpimages.ch\/en\/gourmetfestival-chefannesophie-62\/\" border=\"0\" itemprop=\"url\"> <meta itemprop=\"width\" content=\"336\"> <meta itemprop=\"height\" content=\"224\"> <img decoding=\"async\" class=\"\" data-attachment-id=\"388\" data-orig-file=\"https:\/\/alpimages.ch\/wp-content\/uploads\/2015\/11\/gourmetfestival-chefannesophie-62.jpg\" data-orig-size=\"3543,2362\" data-comments-opened=\"\" data-image-meta=\"{&quot;aperture&quot;:&quot;2.5&quot;,&quot;credit&quot;:&quot;&quot;,&quot;camera&quot;:&quot;Canon EOS 5D Mark II&quot;,&quot;caption&quot;:&quot;&quot;,&quot;created_timestamp&quot;:&quot;1397339139&quot;,&quot;copyright&quot;:&quot;&quot;,&quot;focal_length&quot;:&quot;50&quot;,&quot;iso&quot;:&quot;1250&quot;,&quot;shutter_speed&quot;:&quot;0.002&quot;,&quot;title&quot;:&quot;&quot;,&quot;orientation&quot;:&quot;0&quot;}\" data-image-title=\"GourmetFestival-ChefAnneSophie 62\" data-image-description=\"\" data-medium-file=\"https:\/\/i0.wp.com\/alpimages.ch\/wp-content\/uploads\/2015\/11\/gourmetfestival-chefannesophie-62.jpg?fit=300%2C200&#038;ssl=1\" data-large-file=\"https:\/\/i0.wp.com\/alpimages.ch\/wp-content\/uploads\/2015\/11\/gourmetfestival-chefannesophie-62.jpg?fit=680%2C453&#038;ssl=1\" src=\"https:\/\/i0.wp.com\/alpimages.ch\/wp-content\/uploads\/2015\/11\/gourmetfestival-chefannesophie-62.jpg?w=336&#038;h=224&#038;ssl=1\" width=\"336\" height=\"224\" loading=\"lazy\" data-original-width=\"336\" data-original-height=\"224\" itemprop=\"http:\/\/schema.org\/image\" title=\"GourmetFestival-ChefAnneSophie 62\" alt=\"GourmetFestival-ChefAnneSophie 62\" style=\"width: 336px; height: 224px;\" \/> <\/a> <\/div> <\/div> <!-- close group --> <\/div> <!-- close row --> <div class=\"gallery-row\" style=\"width: 680px; height: 508px;\" data-original-width=\"680\" data-original-height=\"508\" > <div class=\"gallery-group images-1\" style=\"width: 340px; height: 508px;\" data-original-width=\"340\" data-original-height=\"508\" > <div class=\"tiled-gallery-item tiled-gallery-item-large\" itemprop=\"associatedMedia\" itemscope itemtype=\"http:\/\/schema.org\/ImageObject\"> <a href=\"https:\/\/alpimages.ch\/en\/corporate\/culinaire\/frenchiealpimagesverbier-ch-2015\/\" border=\"0\" itemprop=\"url\"> <meta itemprop=\"width\" content=\"336\"> <meta itemprop=\"height\" content=\"504\"> <img decoding=\"async\" class=\"\" data-attachment-id=\"13648\" data-orig-file=\"https:\/\/alpimages.ch\/wp-content\/uploads\/2025\/05\/Frenchie\u00a9Alpimagesverbier.ch-2015.jpg\" data-orig-size=\"2362,3543\" data-comments-opened=\"\" data-image-meta=\"{&quot;aperture&quot;:&quot;2.8&quot;,&quot;credit&quot;:&quot;&quot;,&quot;camera&quot;:&quot;NIKON Z6_3&quot;,&quot;caption&quot;:&quot;&quot;,&quot;created_timestamp&quot;:&quot;1736886402&quot;,&quot;copyright&quot;:&quot;&quot;,&quot;focal_length&quot;:&quot;70&quot;,&quot;iso&quot;:&quot;80&quot;,&quot;shutter_speed&quot;:&quot;0.076923076923077&quot;,&quot;title&quot;:&quot;&quot;,&quot;orientation&quot;:&quot;0&quot;}\" data-image-title=\"Frenchie\u00a9Alpimagesverbier.ch-2015\" data-image-description=\"\" data-medium-file=\"https:\/\/i0.wp.com\/alpimages.ch\/wp-content\/uploads\/2025\/05\/Frenchie%C2%A9Alpimagesverbier.ch-2015.jpg?fit=200%2C300&#038;ssl=1\" data-large-file=\"https:\/\/i0.wp.com\/alpimages.ch\/wp-content\/uploads\/2025\/05\/Frenchie%C2%A9Alpimagesverbier.ch-2015.jpg?fit=680%2C1020&#038;ssl=1\" src=\"https:\/\/i0.wp.com\/alpimages.ch\/wp-content\/uploads\/2025\/05\/Frenchie%C2%A9Alpimagesverbier.ch-2015.jpg?w=336&#038;h=504&#038;ssl=1\" width=\"336\" height=\"504\" loading=\"lazy\" data-original-width=\"336\" data-original-height=\"504\" itemprop=\"http:\/\/schema.org\/image\" title=\"Frenchie\u00a9Alpimagesverbier.ch-2015\" alt=\"Frenchie\u00a9Alpimagesverbier.ch-2015\" style=\"width: 336px; height: 504px;\" \/> <\/a> <\/div> <\/div> <!-- close group --> <div class=\"gallery-group images-1\" style=\"width: 340px; height: 508px;\" data-original-width=\"340\" data-original-height=\"508\" > <div class=\"tiled-gallery-item tiled-gallery-item-large\" itemprop=\"associatedMedia\" itemscope itemtype=\"http:\/\/schema.org\/ImageObject\"> <a href=\"https:\/\/alpimages.ch\/en\/corporate\/culinaire\/thomas-roulin-alpimages-16\/\" border=\"0\" itemprop=\"url\"> <meta itemprop=\"width\" content=\"336\"> <meta itemprop=\"height\" content=\"504\"> <img decoding=\"async\" class=\"\" data-attachment-id=\"405\" data-orig-file=\"https:\/\/alpimages.ch\/wp-content\/uploads\/2015\/11\/c2a9thomas-roulin-alpimages-16.jpg\" data-orig-size=\"2365,3543\" data-comments-opened=\"\" data-image-meta=\"{&quot;aperture&quot;:&quot;5&quot;,&quot;credit&quot;:&quot;&quot;,&quot;camera&quot;:&quot;NIKON D800&quot;,&quot;caption&quot;:&quot;&quot;,&quot;created_timestamp&quot;:&quot;1418924939&quot;,&quot;copyright&quot;:&quot;&quot;,&quot;focal_length&quot;:&quot;60&quot;,&quot;iso&quot;:&quot;100&quot;,&quot;shutter_speed&quot;:&quot;0.008&quot;,&quot;title&quot;:&quot;&quot;,&quot;orientation&quot;:&quot;0&quot;}\" data-image-title=\"\u00a9Thomas Roulin-Alpimages.-16\" data-image-description=\"\" data-medium-file=\"https:\/\/i0.wp.com\/alpimages.ch\/wp-content\/uploads\/2015\/11\/c2a9thomas-roulin-alpimages-16.jpg?fit=200%2C300&#038;ssl=1\" data-large-file=\"https:\/\/i0.wp.com\/alpimages.ch\/wp-content\/uploads\/2015\/11\/c2a9thomas-roulin-alpimages-16.jpg?fit=680%2C1019&#038;ssl=1\" src=\"https:\/\/i0.wp.com\/alpimages.ch\/wp-content\/uploads\/2015\/11\/c2a9thomas-roulin-alpimages-16.jpg?w=336&#038;h=504&#038;ssl=1\" width=\"336\" height=\"504\" loading=\"lazy\" data-original-width=\"336\" data-original-height=\"504\" itemprop=\"http:\/\/schema.org\/image\" title=\"\u00a9Thomas Roulin-Alpimages.-16\" alt=\"\u00a9Thomas Roulin-Alpimages.-16\" style=\"width: 336px; height: 504px;\" \/> <\/a> <\/div> <\/div> <!-- close group --> <\/div> <!-- close row --> <div class=\"gallery-row\" style=\"width: 680px; height: 297px;\" data-original-width=\"680\" data-original-height=\"297\" > <div class=\"gallery-group images-1\" style=\"width: 480px; height: 297px;\" data-original-width=\"480\" data-original-height=\"297\" > <div class=\"tiled-gallery-item tiled-gallery-item-large\" itemprop=\"associatedMedia\" itemscope itemtype=\"http:\/\/schema.org\/ImageObject\"> <a href=\"https:\/\/alpimages.ch\/en\/corporate\/culinaire\/alpimages-thomas-5783\/\" border=\"0\" itemprop=\"url\"> <meta itemprop=\"width\" content=\"476\"> <meta itemprop=\"height\" content=\"293\"> <img decoding=\"async\" class=\"\" data-attachment-id=\"1089\" data-orig-file=\"https:\/\/alpimages.ch\/wp-content\/uploads\/2017\/12\/alpimages-thomas-c2a9-5783.jpg\" data-orig-size=\"9000,5544\" data-comments-opened=\"\" data-image-meta=\"{&quot;aperture&quot;:&quot;9&quot;,&quot;credit&quot;:&quot;&quot;,&quot;camera&quot;:&quot;NIKON D810&quot;,&quot;caption&quot;:&quot;&quot;,&quot;created_timestamp&quot;:&quot;1513183407&quot;,&quot;copyright&quot;:&quot;&quot;,&quot;focal_length&quot;:&quot;105&quot;,&quot;iso&quot;:&quot;80&quot;,&quot;shutter_speed&quot;:&quot;0.01&quot;,&quot;title&quot;:&quot;&quot;,&quot;orientation&quot;:&quot;0&quot;}\" data-image-title=\"ALPIMAGES-Thomas-\u00a9-5783\" data-image-description=\"\" data-medium-file=\"https:\/\/i0.wp.com\/alpimages.ch\/wp-content\/uploads\/2017\/12\/alpimages-thomas-c2a9-5783.jpg?fit=300%2C185&#038;ssl=1\" data-large-file=\"https:\/\/i0.wp.com\/alpimages.ch\/wp-content\/uploads\/2017\/12\/alpimages-thomas-c2a9-5783.jpg?fit=680%2C419&#038;ssl=1\" src=\"https:\/\/i0.wp.com\/alpimages.ch\/wp-content\/uploads\/2017\/12\/alpimages-thomas-c2a9-5783.jpg?w=476&#038;h=293&#038;ssl=1\" width=\"476\" height=\"293\" loading=\"lazy\" data-original-width=\"476\" data-original-height=\"293\" itemprop=\"http:\/\/schema.org\/image\" title=\"ALPIMAGES-Thomas-\u00a9-5783\" alt=\"ALPIMAGES-Thomas-\u00a9-5783\" style=\"width: 476px; height: 293px;\" \/> <\/a> <\/div> <\/div> <!-- close group --> <div class=\"gallery-group images-1\" style=\"width: 200px; height: 297px;\" data-original-width=\"200\" data-original-height=\"297\" > <div class=\"tiled-gallery-item tiled-gallery-item-small\" itemprop=\"associatedMedia\" itemscope itemtype=\"http:\/\/schema.org\/ImageObject\"> <a href=\"https:\/\/alpimages.ch\/en\/corporate\/culinaire\/lanonnaalpimages-fg-22\/\" border=\"0\" itemprop=\"url\"> <meta itemprop=\"width\" content=\"196\"> <meta itemprop=\"height\" content=\"293\"> <img decoding=\"async\" class=\"\" data-attachment-id=\"14922\" data-orig-file=\"https:\/\/alpimages.ch\/wp-content\/uploads\/2026\/03\/LaNonna\u00a9Alpimages-FG-22.jpg\" data-orig-size=\"1971,2953\" data-comments-opened=\"\" data-image-meta=\"{&quot;aperture&quot;:&quot;5&quot;,&quot;credit&quot;:&quot;&quot;,&quot;camera&quot;:&quot;NIKON D810&quot;,&quot;caption&quot;:&quot;&quot;,&quot;created_timestamp&quot;:&quot;1607605921&quot;,&quot;copyright&quot;:&quot;&quot;,&quot;focal_length&quot;:&quot;105&quot;,&quot;iso&quot;:&quot;400&quot;,&quot;shutter_speed&quot;:&quot;0.001&quot;,&quot;title&quot;:&quot;&quot;,&quot;orientation&quot;:&quot;0&quot;}\" data-image-title=\"LaNonna\u00a9Alpimages-FG-22\" data-image-description=\"\" data-medium-file=\"https:\/\/i0.wp.com\/alpimages.ch\/wp-content\/uploads\/2026\/03\/LaNonna%C2%A9Alpimages-FG-22.jpg?fit=200%2C300&#038;ssl=1\" data-large-file=\"https:\/\/i0.wp.com\/alpimages.ch\/wp-content\/uploads\/2026\/03\/LaNonna%C2%A9Alpimages-FG-22.jpg?fit=680%2C1020&#038;ssl=1\" src=\"https:\/\/i0.wp.com\/alpimages.ch\/wp-content\/uploads\/2026\/03\/LaNonna%C2%A9Alpimages-FG-22.jpg?w=196&#038;h=293&#038;ssl=1\" width=\"196\" height=\"293\" loading=\"lazy\" data-original-width=\"196\" data-original-height=\"293\" itemprop=\"http:\/\/schema.org\/image\" title=\"LaNonna\u00a9Alpimages-FG-22\" alt=\"LaNonna\u00a9Alpimages-FG-22\" style=\"width: 196px; height: 293px;\" \/> <\/a> <\/div> <\/div> <!-- close group --> <\/div> <!-- close row --> <div class=\"gallery-row\" style=\"width: 680px; height: 194px;\" data-original-width=\"680\" data-original-height=\"194\" > <div class=\"gallery-group images-1\" style=\"width: 288px; height: 194px;\" data-original-width=\"288\" data-original-height=\"194\" > <div class=\"tiled-gallery-item tiled-gallery-item-large\" itemprop=\"associatedMedia\" itemscope itemtype=\"http:\/\/schema.org\/ImageObject\"> <a href=\"https:\/\/alpimages.ch\/en\/portfolio\/corporate\/_tom4835\/\" border=\"0\" itemprop=\"url\"> <meta itemprop=\"width\" content=\"284\"> <meta itemprop=\"height\" content=\"190\"> <img decoding=\"async\" class=\"\" data-attachment-id=\"7393\" data-orig-file=\"https:\/\/alpimages.ch\/wp-content\/uploads\/2015\/11\/TOM4835.jpg\" data-orig-size=\"2953,1971\" data-comments-opened=\"\" data-image-meta=\"{&quot;aperture&quot;:&quot;0&quot;,&quot;credit&quot;:&quot;&quot;,&quot;camera&quot;:&quot;&quot;,&quot;caption&quot;:&quot;&quot;,&quot;created_timestamp&quot;:&quot;0&quot;,&quot;copyright&quot;:&quot;&quot;,&quot;focal_length&quot;:&quot;0&quot;,&quot;iso&quot;:&quot;0&quot;,&quot;shutter_speed&quot;:&quot;0&quot;,&quot;title&quot;:&quot;&quot;,&quot;orientation&quot;:&quot;0&quot;}\" data-image-title=\"_TOM4835\" data-image-description=\"\" data-medium-file=\"https:\/\/i0.wp.com\/alpimages.ch\/wp-content\/uploads\/2015\/11\/TOM4835.jpg?fit=300%2C200&#038;ssl=1\" data-large-file=\"https:\/\/i0.wp.com\/alpimages.ch\/wp-content\/uploads\/2015\/11\/TOM4835.jpg?fit=680%2C454&#038;ssl=1\" src=\"https:\/\/i0.wp.com\/alpimages.ch\/wp-content\/uploads\/2015\/11\/TOM4835.jpg?w=284&#038;h=190&#038;ssl=1\" srcset=\"https:\/\/i0.wp.com\/alpimages.ch\/wp-content\/uploads\/2015\/11\/TOM4835.jpg?w=2953&amp;ssl=1 2953w, https:\/\/i0.wp.com\/alpimages.ch\/wp-content\/uploads\/2015\/11\/TOM4835.jpg?resize=300%2C200&amp;ssl=1 300w, https:\/\/i0.wp.com\/alpimages.ch\/wp-content\/uploads\/2015\/11\/TOM4835.jpg?resize=1024%2C683&amp;ssl=1 1024w, https:\/\/i0.wp.com\/alpimages.ch\/wp-content\/uploads\/2015\/11\/TOM4835.jpg?resize=150%2C100&amp;ssl=1 150w, https:\/\/i0.wp.com\/alpimages.ch\/wp-content\/uploads\/2015\/11\/TOM4835.jpg?resize=768%2C513&amp;ssl=1 768w, https:\/\/i0.wp.com\/alpimages.ch\/wp-content\/uploads\/2015\/11\/TOM4835.jpg?resize=1536%2C1025&amp;ssl=1 1536w, https:\/\/i0.wp.com\/alpimages.ch\/wp-content\/uploads\/2015\/11\/TOM4835.jpg?resize=2048%2C1367&amp;ssl=1 2048w, https:\/\/i0.wp.com\/alpimages.ch\/wp-content\/uploads\/2015\/11\/TOM4835.jpg?resize=317%2C212&amp;ssl=1 317w, https:\/\/i0.wp.com\/alpimages.ch\/wp-content\/uploads\/2015\/11\/TOM4835.jpg?w=1360&amp;ssl=1 1360w\" width=\"284\" height=\"190\" loading=\"lazy\" data-original-width=\"284\" data-original-height=\"190\" itemprop=\"http:\/\/schema.org\/image\" title=\"_TOM4835\" alt=\"_TOM4835\" style=\"width: 284px; height: 190px;\" \/> <\/a> <\/div> <\/div> <!-- close group --> <div class=\"gallery-group images-1\" style=\"width: 131px; height: 194px;\" data-original-width=\"131\" data-original-height=\"194\" > <div class=\"tiled-gallery-item tiled-gallery-item-small\" itemprop=\"associatedMedia\" itemscope itemtype=\"http:\/\/schema.org\/ImageObject\"> <a href=\"https:\/\/alpimages.ch\/en\/corporate\/culinaire\/viemontange-foodalpimages-0773\/\" border=\"0\" itemprop=\"url\"> <meta itemprop=\"width\" content=\"127\"> <meta itemprop=\"height\" content=\"190\"> <img decoding=\"async\" class=\"\" data-attachment-id=\"7418\" data-orig-file=\"https:\/\/alpimages.ch\/wp-content\/uploads\/2020\/04\/VIEMONTANGE-FOOD\u00a9Alpimages-0773.jpg\" data-orig-size=\"3153,4724\" data-comments-opened=\"\" data-image-meta=\"{&quot;aperture&quot;:&quot;0&quot;,&quot;credit&quot;:&quot;&quot;,&quot;camera&quot;:&quot;&quot;,&quot;caption&quot;:&quot;&quot;,&quot;created_timestamp&quot;:&quot;0&quot;,&quot;copyright&quot;:&quot;by#cups&quot;,&quot;focal_length&quot;:&quot;0&quot;,&quot;iso&quot;:&quot;0&quot;,&quot;shutter_speed&quot;:&quot;0&quot;,&quot;title&quot;:&quot;&quot;,&quot;orientation&quot;:&quot;1&quot;}\" data-image-title=\"VIEMONTANGE-FOOD\u00a9Alpimages-0773\" data-image-description=\"\" data-medium-file=\"https:\/\/i0.wp.com\/alpimages.ch\/wp-content\/uploads\/2020\/04\/VIEMONTANGE-FOOD%C2%A9Alpimages-0773.jpg?fit=200%2C300&#038;ssl=1\" data-large-file=\"https:\/\/i0.wp.com\/alpimages.ch\/wp-content\/uploads\/2020\/04\/VIEMONTANGE-FOOD%C2%A9Alpimages-0773.jpg?fit=680%2C1020&#038;ssl=1\" src=\"https:\/\/i0.wp.com\/alpimages.ch\/wp-content\/uploads\/2020\/04\/VIEMONTANGE-FOOD%C2%A9Alpimages-0773.jpg?w=127&#038;h=190&#038;ssl=1\" width=\"127\" height=\"190\" loading=\"lazy\" data-original-width=\"127\" data-original-height=\"190\" itemprop=\"http:\/\/schema.org\/image\" title=\"VIEMONTANGE-FOOD\u00a9Alpimages-0773\" alt=\"VIEMONTANGE-FOOD\u00a9Alpimages-0773\" style=\"width: 127px; height: 190px;\" \/> <\/a> <\/div> <\/div> <!-- close group --> <div class=\"gallery-group images-1\" style=\"width: 131px; height: 194px;\" data-original-width=\"131\" data-original-height=\"194\" > <div class=\"tiled-gallery-item tiled-gallery-item-small\" itemprop=\"associatedMedia\" itemscope itemtype=\"http:\/\/schema.org\/ImageObject\"> <a href=\"https:\/\/alpimages.ch\/en\/corporate\/culinaire\/ecurie2025alpimages-25\/\" border=\"0\" itemprop=\"url\"> <meta itemprop=\"width\" content=\"127\"> <meta itemprop=\"height\" content=\"190\"> <img decoding=\"async\" class=\"\" data-attachment-id=\"13649\" data-orig-file=\"https:\/\/alpimages.ch\/wp-content\/uploads\/2025\/05\/ECURIE2025\u00a9Alpimages-25.jpg\" data-orig-size=\"2362,3543\" data-comments-opened=\"\" data-image-meta=\"{&quot;aperture&quot;:&quot;0&quot;,&quot;credit&quot;:&quot;&quot;,&quot;camera&quot;:&quot;&quot;,&quot;caption&quot;:&quot;&quot;,&quot;created_timestamp&quot;:&quot;0&quot;,&quot;copyright&quot;:&quot;&quot;,&quot;focal_length&quot;:&quot;0&quot;,&quot;iso&quot;:&quot;0&quot;,&quot;shutter_speed&quot;:&quot;0&quot;,&quot;title&quot;:&quot;&quot;,&quot;orientation&quot;:&quot;0&quot;}\" data-image-title=\"ECURIE2025\u00a9Alpimages-25\" data-image-description=\"\" data-medium-file=\"https:\/\/i0.wp.com\/alpimages.ch\/wp-content\/uploads\/2025\/05\/ECURIE2025%C2%A9Alpimages-25.jpg?fit=200%2C300&#038;ssl=1\" data-large-file=\"https:\/\/i0.wp.com\/alpimages.ch\/wp-content\/uploads\/2025\/05\/ECURIE2025%C2%A9Alpimages-25.jpg?fit=680%2C1020&#038;ssl=1\" src=\"https:\/\/i0.wp.com\/alpimages.ch\/wp-content\/uploads\/2025\/05\/ECURIE2025%C2%A9Alpimages-25.jpg?w=127&#038;h=190&#038;ssl=1\" width=\"127\" height=\"190\" loading=\"lazy\" data-original-width=\"127\" data-original-height=\"190\" itemprop=\"http:\/\/schema.org\/image\" title=\"ECURIE2025\u00a9Alpimages-25\" alt=\"ECURIE2025\u00a9Alpimages-25\" style=\"width: 127px; height: 190px;\" \/> <\/a> <\/div> <\/div> <!-- close group --> <div class=\"gallery-group images-1\" style=\"width: 130px; height: 194px;\" data-original-width=\"130\" data-original-height=\"194\" > <div class=\"tiled-gallery-item tiled-gallery-item-small\" itemprop=\"associatedMedia\" itemscope itemtype=\"http:\/\/schema.org\/ImageObject\"> <a href=\"https:\/\/alpimages.ch\/en\/corporate\/culinaire\/ecurie-photoshoot-alpimages-5208\/\" border=\"0\" itemprop=\"url\"> <meta itemprop=\"width\" content=\"126\"> <meta itemprop=\"height\" content=\"190\"> <img decoding=\"async\" class=\"\" data-attachment-id=\"13646\" data-orig-file=\"https:\/\/alpimages.ch\/wp-content\/uploads\/2025\/05\/Ecurie-Photoshoot-\u00a9alpimages-5208.jpg\" data-orig-size=\"2362,3543\" data-comments-opened=\"\" data-image-meta=\"{&quot;aperture&quot;:&quot;2.8&quot;,&quot;credit&quot;:&quot;&quot;,&quot;camera&quot;:&quot;NIKON Z6_3&quot;,&quot;caption&quot;:&quot;&quot;,&quot;created_timestamp&quot;:&quot;1730816503&quot;,&quot;copyright&quot;:&quot;&quot;,&quot;focal_length&quot;:&quot;85&quot;,&quot;iso&quot;:&quot;500&quot;,&quot;shutter_speed&quot;:&quot;0.004&quot;,&quot;title&quot;:&quot;&quot;,&quot;orientation&quot;:&quot;0&quot;}\" data-image-title=\"Ecurie- Photoshoot \u00a9alpimages-5208\" data-image-description=\"\" data-medium-file=\"https:\/\/i0.wp.com\/alpimages.ch\/wp-content\/uploads\/2025\/05\/Ecurie-Photoshoot-%C2%A9alpimages-5208.jpg?fit=200%2C300&#038;ssl=1\" data-large-file=\"https:\/\/i0.wp.com\/alpimages.ch\/wp-content\/uploads\/2025\/05\/Ecurie-Photoshoot-%C2%A9alpimages-5208.jpg?fit=680%2C1020&#038;ssl=1\" src=\"https:\/\/i0.wp.com\/alpimages.ch\/wp-content\/uploads\/2025\/05\/Ecurie-Photoshoot-%C2%A9alpimages-5208.jpg?w=126&#038;h=190&#038;ssl=1\" width=\"126\" height=\"190\" loading=\"lazy\" data-original-width=\"126\" data-original-height=\"190\" itemprop=\"http:\/\/schema.org\/image\" title=\"Ecurie- Photoshoot \u00a9alpimages-5208\" alt=\"Ecurie- Photoshoot \u00a9alpimages-5208\" style=\"width: 126px; height: 190px;\" \/> <\/a> <\/div> <\/div> <!-- close group --> <\/div> <!-- close row --> <div class=\"gallery-row\" style=\"width: 680px; height: 508px;\" data-original-width=\"680\" data-original-height=\"508\" > <div class=\"gallery-group images-1\" style=\"width: 340px; height: 508px;\" data-original-width=\"340\" data-original-height=\"508\" > <div class=\"tiled-gallery-item tiled-gallery-item-large\" itemprop=\"associatedMedia\" itemscope itemtype=\"http:\/\/schema.org\/ImageObject\"> <a href=\"https:\/\/alpimages.ch\/en\/corporate\/culinaire\/lanonnaalpimages-fg-84\/\" border=\"0\" itemprop=\"url\"> <meta itemprop=\"width\" content=\"336\"> <meta itemprop=\"height\" content=\"504\"> <img decoding=\"async\" class=\"\" data-attachment-id=\"14923\" data-orig-file=\"https:\/\/alpimages.ch\/wp-content\/uploads\/2026\/03\/LaNonna\u00a9Alpimages-FG-84.jpg\" data-orig-size=\"1971,2953\" data-comments-opened=\"\" data-image-meta=\"{&quot;aperture&quot;:&quot;3.5&quot;,&quot;credit&quot;:&quot;&quot;,&quot;camera&quot;:&quot;NIKON D810&quot;,&quot;caption&quot;:&quot;&quot;,&quot;created_timestamp&quot;:&quot;1607622591&quot;,&quot;copyright&quot;:&quot;&quot;,&quot;focal_length&quot;:&quot;50&quot;,&quot;iso&quot;:&quot;800&quot;,&quot;shutter_speed&quot;:&quot;0.008&quot;,&quot;title&quot;:&quot;&quot;,&quot;orientation&quot;:&quot;0&quot;}\" data-image-title=\"LaNonna\u00a9Alpimages-FG-84\" data-image-description=\"\" data-medium-file=\"https:\/\/i0.wp.com\/alpimages.ch\/wp-content\/uploads\/2026\/03\/LaNonna%C2%A9Alpimages-FG-84.jpg?fit=200%2C300&#038;ssl=1\" data-large-file=\"https:\/\/i0.wp.com\/alpimages.ch\/wp-content\/uploads\/2026\/03\/LaNonna%C2%A9Alpimages-FG-84.jpg?fit=680%2C1020&#038;ssl=1\" src=\"https:\/\/i0.wp.com\/alpimages.ch\/wp-content\/uploads\/2026\/03\/LaNonna%C2%A9Alpimages-FG-84.jpg?w=336&#038;h=504&#038;ssl=1\" width=\"336\" height=\"504\" loading=\"lazy\" data-original-width=\"336\" data-original-height=\"504\" itemprop=\"http:\/\/schema.org\/image\" title=\"LaNonna\u00a9Alpimages-FG-84\" alt=\"LaNonna\u00a9Alpimages-FG-84\" style=\"width: 336px; height: 504px;\" \/> <\/a> <\/div> <\/div> <!-- close group --> <div class=\"gallery-group images-1\" style=\"width: 340px; height: 508px;\" data-original-width=\"340\" data-original-height=\"508\" > <div class=\"tiled-gallery-item tiled-gallery-item-large\" itemprop=\"associatedMedia\" itemscope itemtype=\"http:\/\/schema.org\/ImageObject\"> <a href=\"https:\/\/alpimages.ch\/en\/corporate\/culinaire\/laterrasseblonde-alpimagesverbier-89\/\" border=\"0\" itemprop=\"url\"> <meta itemprop=\"width\" content=\"336\"> <meta itemprop=\"height\" content=\"504\"> <img decoding=\"async\" class=\"\" data-attachment-id=\"13640\" data-orig-file=\"https:\/\/alpimages.ch\/wp-content\/uploads\/2025\/05\/LaTerrasseBlonde-AlpimagesVerbier-89.jpg\" data-orig-size=\"2362,3543\" data-comments-opened=\"\" data-image-meta=\"{&quot;aperture&quot;:&quot;0&quot;,&quot;credit&quot;:&quot;&quot;,&quot;camera&quot;:&quot;&quot;,&quot;caption&quot;:&quot;&quot;,&quot;created_timestamp&quot;:&quot;0&quot;,&quot;copyright&quot;:&quot;&quot;,&quot;focal_length&quot;:&quot;0&quot;,&quot;iso&quot;:&quot;0&quot;,&quot;shutter_speed&quot;:&quot;0&quot;,&quot;title&quot;:&quot;&quot;,&quot;orientation&quot;:&quot;0&quot;}\" data-image-title=\"LaTerrasseBlonde-AlpimagesVerbier-89\" data-image-description=\"\" data-medium-file=\"https:\/\/i0.wp.com\/alpimages.ch\/wp-content\/uploads\/2025\/05\/LaTerrasseBlonde-AlpimagesVerbier-89.jpg?fit=200%2C300&#038;ssl=1\" data-large-file=\"https:\/\/i0.wp.com\/alpimages.ch\/wp-content\/uploads\/2025\/05\/LaTerrasseBlonde-AlpimagesVerbier-89.jpg?fit=680%2C1020&#038;ssl=1\" src=\"https:\/\/i0.wp.com\/alpimages.ch\/wp-content\/uploads\/2025\/05\/LaTerrasseBlonde-AlpimagesVerbier-89.jpg?w=336&#038;h=504&#038;ssl=1\" srcset=\"https:\/\/i0.wp.com\/alpimages.ch\/wp-content\/uploads\/2025\/05\/LaTerrasseBlonde-AlpimagesVerbier-89.jpg?w=2362&amp;ssl=1 2362w, https:\/\/i0.wp.com\/alpimages.ch\/wp-content\/uploads\/2025\/05\/LaTerrasseBlonde-AlpimagesVerbier-89.jpg?resize=200%2C300&amp;ssl=1 200w, https:\/\/i0.wp.com\/alpimages.ch\/wp-content\/uploads\/2025\/05\/LaTerrasseBlonde-AlpimagesVerbier-89.jpg?resize=683%2C1024&amp;ssl=1 683w, https:\/\/i0.wp.com\/alpimages.ch\/wp-content\/uploads\/2025\/05\/LaTerrasseBlonde-AlpimagesVerbier-89.jpg?resize=100%2C150&amp;ssl=1 100w, https:\/\/i0.wp.com\/alpimages.ch\/wp-content\/uploads\/2025\/05\/LaTerrasseBlonde-AlpimagesVerbier-89.jpg?resize=768%2C1152&amp;ssl=1 768w, https:\/\/i0.wp.com\/alpimages.ch\/wp-content\/uploads\/2025\/05\/LaTerrasseBlonde-AlpimagesVerbier-89.jpg?resize=1024%2C1536&amp;ssl=1 1024w, https:\/\/i0.wp.com\/alpimages.ch\/wp-content\/uploads\/2025\/05\/LaTerrasseBlonde-AlpimagesVerbier-89.jpg?resize=1365%2C2048&amp;ssl=1 1365w, https:\/\/i0.wp.com\/alpimages.ch\/wp-content\/uploads\/2025\/05\/LaTerrasseBlonde-AlpimagesVerbier-89.jpg?resize=8%2C12&amp;ssl=1 8w, https:\/\/i0.wp.com\/alpimages.ch\/wp-content\/uploads\/2025\/05\/LaTerrasseBlonde-AlpimagesVerbier-89.jpg?resize=317%2C476&amp;ssl=1 317w, https:\/\/i0.wp.com\/alpimages.ch\/wp-content\/uploads\/2025\/05\/LaTerrasseBlonde-AlpimagesVerbier-89.jpg?w=2040&amp;ssl=1 2040w\" width=\"336\" height=\"504\" loading=\"lazy\" data-original-width=\"336\" data-original-height=\"504\" itemprop=\"http:\/\/schema.org\/image\" title=\"LaTerrasseBlonde-AlpimagesVerbier-89\" alt=\"LaTerrasseBlonde-AlpimagesVerbier-89\" style=\"width: 336px; height: 504px;\" \/> <\/a> <\/div> <\/div> <!-- close group --> <\/div> <!-- close row --> <\/div>\n<h6><em>\u00a0<\/em><\/h6>\n\n\n<p><\/p>","protected":false},"excerpt":{"rendered":"<p>Sublimez vos r\u00e9alisations culinaires et mettez en avant votre entreprise gr\u00e2ce \u00e0 des photos de qualit\u00e9. Nos photographes professionnels et passionn\u00e9s vous accompagnent dans la r\u00e9alisation de vos photos. Chaque projet est unique, tout comme votre \u00e9tablissement, qu\u2019il s\u2019agisse d\u2019un restaurant, d\u2019un h\u00f4tel ou d\u2019un caf\u00e9. Nous souhaitons transmettre votre vision et vos objectifs en [&hellip;]<\/p>\n","protected":false},"author":1,"featured_media":0,"parent":20,"menu_order":0,"comment_status":"closed","ping_status":"closed","template":"page-full-width.php","meta":{"ngg_post_thumbnail":0,"footnotes":""},"tags":[],"class_list":["post-447","page","type-page","status-publish","hentry"],"yoast_head":"<!-- This site is optimized with the Yoast SEO plugin v27.4 - https:\/\/yoast.com\/product\/yoast-seo-wordpress\/ -->\n<title>Culinaire - Photographes professionnels - Galerie photos &amp; affiches - Verbier<\/title>\n<meta name=\"description\" content=\"Photographie culinaire pour restaurants, h\u00f4tels et caf\u00e9s. Photographes professionnels pour des photos de vos plats de qualit\u00e9.\" \/>\n<meta name=\"robots\" content=\"index, follow, max-snippet:-1, max-image-preview:large, max-video-preview:-1\" \/>\n<link rel=\"canonical\" href=\"https:\/\/alpimages.ch\/en\/corporate\/culinaire\/\" \/>\n<meta property=\"og:locale\" content=\"en_US\" \/>\n<meta property=\"og:type\" content=\"article\" \/>\n<meta property=\"og:title\" content=\"Culinaire - Photographes professionnels - Galerie photos &amp; affiches - Verbier\" \/>\n<meta property=\"og:description\" content=\"Photographie culinaire pour restaurants, h\u00f4tels et caf\u00e9s. Photographes professionnels pour des photos de vos plats de qualit\u00e9.\" \/>\n<meta property=\"og:url\" content=\"https:\/\/alpimages.ch\/en\/corporate\/culinaire\/\" \/>\n<meta property=\"og:site_name\" content=\"Photographes professionnels - Galerie photos &amp; affiches - Verbier\" \/>\n<meta property=\"article:modified_time\" content=\"2026-03-18T21:35:21+00:00\" \/>\n<meta property=\"og:image\" content=\"https:\/\/i0.wp.com\/alpimages.ch\/wp-content\/uploads\/2017\/12\/c2a9alpimages_thomas-roulin-3893.jpg?w=237&#038;h=306&#038;ssl=1\" \/>\n<meta name=\"twitter:card\" content=\"summary_large_image\" \/>\n<meta name=\"twitter:label1\" content=\"Est. reading time\" \/>\n\t<meta name=\"twitter:data1\" content=\"1 minute\" \/>\n<script type=\"application\/ld+json\" class=\"yoast-schema-graph\">{\"@context\":\"https:\\\/\\\/schema.org\",\"@graph\":[{\"@type\":\"WebPage\",\"@id\":\"https:\\\/\\\/alpimages.ch\\\/corporate\\\/culinaire\\\/\",\"url\":\"https:\\\/\\\/alpimages.ch\\\/corporate\\\/culinaire\\\/\",\"name\":\"Culinaire - Photographes professionnels - Galerie photos &amp; affiches - Verbier\",\"isPartOf\":{\"@id\":\"https:\\\/\\\/alpimages.ch\\\/#website\"},\"datePublished\":\"2015-11-03T14:36:21+00:00\",\"dateModified\":\"2026-03-18T21:35:21+00:00\",\"description\":\"Photographie culinaire pour restaurants, h\u00f4tels et caf\u00e9s. Photographes professionnels pour des photos de vos plats de qualit\u00e9.\",\"breadcrumb\":{\"@id\":\"https:\\\/\\\/alpimages.ch\\\/corporate\\\/culinaire\\\/#breadcrumb\"},\"inLanguage\":\"en-US\",\"potentialAction\":[{\"@type\":\"ReadAction\",\"target\":[\"https:\\\/\\\/alpimages.ch\\\/corporate\\\/culinaire\\\/\"]}]},{\"@type\":\"BreadcrumbList\",\"@id\":\"https:\\\/\\\/alpimages.ch\\\/corporate\\\/culinaire\\\/#breadcrumb\",\"itemListElement\":[{\"@type\":\"ListItem\",\"position\":1,\"name\":\"Accueil\",\"item\":\"https:\\\/\\\/alpimages.ch\\\/\"},{\"@type\":\"ListItem\",\"position\":2,\"name\":\"Corporate\",\"item\":\"https:\\\/\\\/alpimages.ch\\\/corporate\\\/\"},{\"@type\":\"ListItem\",\"position\":3,\"name\":\"Culinaire\"}]},{\"@type\":\"WebSite\",\"@id\":\"https:\\\/\\\/alpimages.ch\\\/#website\",\"url\":\"https:\\\/\\\/alpimages.ch\\\/\",\"name\":\"Photographes professionnels - Galerie photos &amp; affiches - Verbier\",\"description\":\"Photographes professionnels bas\u00e9s \u00e0 Verbier, nous offrons diff\u00e9rents services comme l&#039;impression photo, l&#039;encadrement, la vente d&#039;affiches et de posters et l&#039;organisation d&#039;\u00e9v\u00e8nements priv\u00e9s.\",\"potentialAction\":[{\"@type\":\"SearchAction\",\"target\":{\"@type\":\"EntryPoint\",\"urlTemplate\":\"https:\\\/\\\/alpimages.ch\\\/?s={search_term_string}\"},\"query-input\":{\"@type\":\"PropertyValueSpecification\",\"valueRequired\":true,\"valueName\":\"search_term_string\"}}],\"inLanguage\":\"en-US\"}]}<\/script>\n<!-- \/ Yoast SEO plugin. -->","yoast_head_json":{"title":"Culinaire - Photographes professionnels - Galerie photos &amp; affiches - Verbier","description":"Photographie culinaire pour restaurants, h\u00f4tels et caf\u00e9s. Photographes professionnels pour des photos de vos plats de qualit\u00e9.","robots":{"index":"index","follow":"follow","max-snippet":"max-snippet:-1","max-image-preview":"max-image-preview:large","max-video-preview":"max-video-preview:-1"},"canonical":"https:\/\/alpimages.ch\/en\/corporate\/culinaire\/","og_locale":"en_US","og_type":"article","og_title":"Culinaire - Photographes professionnels - Galerie photos &amp; affiches - Verbier","og_description":"Photographie culinaire pour restaurants, h\u00f4tels et caf\u00e9s. Photographes professionnels pour des photos de vos plats de qualit\u00e9.","og_url":"https:\/\/alpimages.ch\/en\/corporate\/culinaire\/","og_site_name":"Photographes professionnels - Galerie photos &amp; affiches - Verbier","article_modified_time":"2026-03-18T21:35:21+00:00","og_image":[{"url":"https:\/\/i0.wp.com\/alpimages.ch\/wp-content\/uploads\/2017\/12\/c2a9alpimages_thomas-roulin-3893.jpg?w=237&#038;h=306&#038;ssl=1","type":"","width":"","height":""}],"twitter_card":"summary_large_image","twitter_misc":{"Est. reading time":"1 minute"},"schema":{"@context":"https:\/\/schema.org","@graph":[{"@type":"WebPage","@id":"https:\/\/alpimages.ch\/corporate\/culinaire\/","url":"https:\/\/alpimages.ch\/corporate\/culinaire\/","name":"Culinaire - Photographes professionnels - Galerie photos &amp; affiches - Verbier","isPartOf":{"@id":"https:\/\/alpimages.ch\/#website"},"datePublished":"2015-11-03T14:36:21+00:00","dateModified":"2026-03-18T21:35:21+00:00","description":"Photographie culinaire pour restaurants, h\u00f4tels et caf\u00e9s. Photographes professionnels pour des photos de vos plats de qualit\u00e9.","breadcrumb":{"@id":"https:\/\/alpimages.ch\/corporate\/culinaire\/#breadcrumb"},"inLanguage":"en-US","potentialAction":[{"@type":"ReadAction","target":["https:\/\/alpimages.ch\/corporate\/culinaire\/"]}]},{"@type":"BreadcrumbList","@id":"https:\/\/alpimages.ch\/corporate\/culinaire\/#breadcrumb","itemListElement":[{"@type":"ListItem","position":1,"name":"Accueil","item":"https:\/\/alpimages.ch\/"},{"@type":"ListItem","position":2,"name":"Corporate","item":"https:\/\/alpimages.ch\/corporate\/"},{"@type":"ListItem","position":3,"name":"Culinaire"}]},{"@type":"WebSite","@id":"https:\/\/alpimages.ch\/#website","url":"https:\/\/alpimages.ch\/","name":"Photographes professionnels - Galerie photos &amp; affiches - Verbier","description":"Photographes professionnels bas\u00e9s \u00e0 Verbier, nous offrons diff\u00e9rents services comme l&#039;impression photo, l&#039;encadrement, la vente d&#039;affiches et de posters et l&#039;organisation d&#039;\u00e9v\u00e8nements priv\u00e9s.","potentialAction":[{"@type":"SearchAction","target":{"@type":"EntryPoint","urlTemplate":"https:\/\/alpimages.ch\/?s={search_term_string}"},"query-input":{"@type":"PropertyValueSpecification","valueRequired":true,"valueName":"search_term_string"}}],"inLanguage":"en-US"}]}},"jetpack_sharing_enabled":true,"jetpack_shortlink":"https:\/\/wp.me\/P5FEld-7d","jetpack_likes_enabled":true,"_links":{"self":[{"href":"https:\/\/alpimages.ch\/en\/wp-json\/wp\/v2\/pages\/447","targetHints":{"allow":["GET"]}}],"collection":[{"href":"https:\/\/alpimages.ch\/en\/wp-json\/wp\/v2\/pages"}],"about":[{"href":"https:\/\/alpimages.ch\/en\/wp-json\/wp\/v2\/types\/page"}],"author":[{"embeddable":true,"href":"https:\/\/alpimages.ch\/en\/wp-json\/wp\/v2\/users\/1"}],"replies":[{"embeddable":true,"href":"https:\/\/alpimages.ch\/en\/wp-json\/wp\/v2\/comments?post=447"}],"version-history":[{"count":31,"href":"https:\/\/alpimages.ch\/en\/wp-json\/wp\/v2\/pages\/447\/revisions"}],"predecessor-version":[{"id":14966,"href":"https:\/\/alpimages.ch\/en\/wp-json\/wp\/v2\/pages\/447\/revisions\/14966"}],"up":[{"embeddable":true,"href":"https:\/\/alpimages.ch\/en\/wp-json\/wp\/v2\/pages\/20"}],"wp:attachment":[{"href":"https:\/\/alpimages.ch\/en\/wp-json\/wp\/v2\/media?parent=447"}],"wp:term":[{"taxonomy":"post_tag","embeddable":true,"href":"https:\/\/alpimages.ch\/en\/wp-json\/wp\/v2\/tags?post=447"}],"curies":[{"name":"wp","href":"https:\/\/api.w.org\/{rel}","templated":true}]}}