{"id":61,"date":"2015-03-21T10:26:43","date_gmt":"2015-03-21T10:26:43","guid":{"rendered":"https:\/\/alpimages.ch\/?page_id=61"},"modified":"2026-03-13T19:38:03","modified_gmt":"2026-03-13T19:38:03","slug":"encadrements","status":"publish","type":"page","link":"https:\/\/alpimages.ch\/en\/la-galerie-du-poster\/encadrements\/","title":{"rendered":"Frames"},"content":{"rendered":"<p>Alpimages propose \u00e0 la fois des encadrements traditionnels&nbsp;en bois,&nbsp;en provenance du Valais, et des encadrements sous plexiglass dont les tailles varient de 18x24cm \u00e0 30x90cm. Nous proposons \u00e9galement des cadres grands formats et des formats sur mesure.&nbsp;Nos encadrements garantiront une protection efficace \u00e0 vos images sur le long terme.<\/p>\n\n\n<div class=\"tiled-gallery type-rectangular tiled-gallery-unresized\" data-original-width=\"680\" data-carousel-extra='{&quot;blog_id&quot;:1,&quot;permalink&quot;:&quot;https:\\\/\\\/alpimages.ch\\\/en\\\/la-galerie-du-poster\\\/encadrements\\\/&quot;,&quot;likes_blog_id&quot;:83808203}' itemscope itemtype=\"http:\/\/schema.org\/ImageGallery\" > <div class=\"gallery-row\" style=\"width: 680px; height: 619px;\" data-original-width=\"680\" data-original-height=\"619\" > <div class=\"gallery-group images-3\" style=\"width: 264px; height: 619px;\" data-original-width=\"264\" data-original-height=\"619\" > <div class=\"tiled-gallery-item tiled-gallery-item-large\" itemprop=\"associatedMedia\" itemscope itemtype=\"http:\/\/schema.org\/ImageObject\"> <a href=\"https:\/\/alpimages.ch\/en\/la-galerie-du-poster\/encadrements\/_tom0091\/\" border=\"0\" itemprop=\"url\"> <meta itemprop=\"width\" content=\"260\"> <meta itemprop=\"height\" content=\"173\"> <img decoding=\"async\" class=\"\" data-attachment-id=\"14785\" data-orig-file=\"https:\/\/alpimages.ch\/wp-content\/uploads\/2026\/02\/TOM0091.jpg\" data-orig-size=\"3543,2362\" data-comments-opened=\"\" data-image-meta=\"{&quot;aperture&quot;:&quot;3.2&quot;,&quot;credit&quot;:&quot;&quot;,&quot;camera&quot;:&quot;NIKON D850&quot;,&quot;caption&quot;:&quot;&quot;,&quot;created_timestamp&quot;:&quot;1681113441&quot;,&quot;copyright&quot;:&quot;&quot;,&quot;focal_length&quot;:&quot;31&quot;,&quot;iso&quot;:&quot;640&quot;,&quot;shutter_speed&quot;:&quot;0.016666666666667&quot;,&quot;title&quot;:&quot;&quot;,&quot;orientation&quot;:&quot;0&quot;}\" data-image-title=\"_TOM0091\" data-image-description=\"\" data-medium-file=\"https:\/\/i0.wp.com\/alpimages.ch\/wp-content\/uploads\/2026\/02\/TOM0091.jpg?fit=300%2C200&#038;ssl=1\" data-large-file=\"https:\/\/i0.wp.com\/alpimages.ch\/wp-content\/uploads\/2026\/02\/TOM0091.jpg?fit=680%2C454&#038;ssl=1\" src=\"https:\/\/i0.wp.com\/alpimages.ch\/wp-content\/uploads\/2026\/02\/TOM0091.jpg?w=260&#038;h=173&#038;ssl=1\" srcset=\"https:\/\/i0.wp.com\/alpimages.ch\/wp-content\/uploads\/2026\/02\/TOM0091.jpg?w=3543&amp;ssl=1 3543w, https:\/\/i0.wp.com\/alpimages.ch\/wp-content\/uploads\/2026\/02\/TOM0091.jpg?resize=300%2C200&amp;ssl=1 300w, https:\/\/i0.wp.com\/alpimages.ch\/wp-content\/uploads\/2026\/02\/TOM0091.jpg?resize=1024%2C683&amp;ssl=1 1024w, https:\/\/i0.wp.com\/alpimages.ch\/wp-content\/uploads\/2026\/02\/TOM0091.jpg?resize=150%2C100&amp;ssl=1 150w, https:\/\/i0.wp.com\/alpimages.ch\/wp-content\/uploads\/2026\/02\/TOM0091.jpg?resize=768%2C512&amp;ssl=1 768w, https:\/\/i0.wp.com\/alpimages.ch\/wp-content\/uploads\/2026\/02\/TOM0091.jpg?resize=1536%2C1024&amp;ssl=1 1536w, https:\/\/i0.wp.com\/alpimages.ch\/wp-content\/uploads\/2026\/02\/TOM0091.jpg?resize=2048%2C1365&amp;ssl=1 2048w, https:\/\/i0.wp.com\/alpimages.ch\/wp-content\/uploads\/2026\/02\/TOM0091.jpg?resize=18%2C12&amp;ssl=1 18w, https:\/\/i0.wp.com\/alpimages.ch\/wp-content\/uploads\/2026\/02\/TOM0091.jpg?resize=317%2C211&amp;ssl=1 317w, https:\/\/i0.wp.com\/alpimages.ch\/wp-content\/uploads\/2026\/02\/TOM0091.jpg?w=1360&amp;ssl=1 1360w\" width=\"260\" height=\"173\" loading=\"lazy\" data-original-width=\"260\" data-original-height=\"173\" itemprop=\"http:\/\/schema.org\/image\" title=\"_TOM0091\" alt=\"_TOM0091\" style=\"width: 260px; height: 173px;\" \/> <\/a> <\/div> <div class=\"tiled-gallery-item tiled-gallery-item-large\" itemprop=\"associatedMedia\" itemscope itemtype=\"http:\/\/schema.org\/ImageObject\"> <a href=\"https:\/\/alpimages.ch\/en\/la-galerie-du-poster\/encadrements\/tom_4041-2\/\" border=\"0\" itemprop=\"url\"> <meta itemprop=\"width\" content=\"260\"> <meta itemprop=\"height\" content=\"260\"> <img decoding=\"async\" class=\"\" data-attachment-id=\"9469\" data-orig-file=\"https:\/\/alpimages.ch\/wp-content\/uploads\/2021\/03\/TOM_4041.jpg\" data-orig-size=\"3543,3543\" data-comments-opened=\"\" data-image-meta=\"{&quot;aperture&quot;:&quot;2&quot;,&quot;credit&quot;:&quot;&quot;,&quot;camera&quot;:&quot;NIKON D810&quot;,&quot;caption&quot;:&quot;&quot;,&quot;created_timestamp&quot;:&quot;1614860429&quot;,&quot;copyright&quot;:&quot;&quot;,&quot;focal_length&quot;:&quot;35&quot;,&quot;iso&quot;:&quot;400&quot;,&quot;shutter_speed&quot;:&quot;0.00625&quot;,&quot;title&quot;:&quot;&quot;,&quot;orientation&quot;:&quot;0&quot;}\" data-image-title=\"TOM_4041\" data-image-description=\"\" data-medium-file=\"https:\/\/i0.wp.com\/alpimages.ch\/wp-content\/uploads\/2021\/03\/TOM_4041.jpg?fit=300%2C300&#038;ssl=1\" data-large-file=\"https:\/\/i0.wp.com\/alpimages.ch\/wp-content\/uploads\/2021\/03\/TOM_4041.jpg?fit=680%2C680&#038;ssl=1\" src=\"https:\/\/i0.wp.com\/alpimages.ch\/wp-content\/uploads\/2021\/03\/TOM_4041.jpg?w=260&#038;h=260&#038;crop=1&#038;ssl=1\" srcset=\"https:\/\/i0.wp.com\/alpimages.ch\/wp-content\/uploads\/2021\/03\/TOM_4041.jpg?w=3543&amp;ssl=1 3543w, https:\/\/i0.wp.com\/alpimages.ch\/wp-content\/uploads\/2021\/03\/TOM_4041.jpg?resize=300%2C300&amp;ssl=1 300w, https:\/\/i0.wp.com\/alpimages.ch\/wp-content\/uploads\/2021\/03\/TOM_4041.jpg?resize=1024%2C1024&amp;ssl=1 1024w, https:\/\/i0.wp.com\/alpimages.ch\/wp-content\/uploads\/2021\/03\/TOM_4041.jpg?resize=150%2C150&amp;ssl=1 150w, https:\/\/i0.wp.com\/alpimages.ch\/wp-content\/uploads\/2021\/03\/TOM_4041.jpg?resize=768%2C768&amp;ssl=1 768w, https:\/\/i0.wp.com\/alpimages.ch\/wp-content\/uploads\/2021\/03\/TOM_4041.jpg?resize=1536%2C1536&amp;ssl=1 1536w, https:\/\/i0.wp.com\/alpimages.ch\/wp-content\/uploads\/2021\/03\/TOM_4041.jpg?resize=2048%2C2048&amp;ssl=1 2048w, https:\/\/i0.wp.com\/alpimages.ch\/wp-content\/uploads\/2021\/03\/TOM_4041.jpg?resize=12%2C12&amp;ssl=1 12w, https:\/\/i0.wp.com\/alpimages.ch\/wp-content\/uploads\/2021\/03\/TOM_4041.jpg?resize=100%2C100&amp;ssl=1 100w, https:\/\/i0.wp.com\/alpimages.ch\/wp-content\/uploads\/2021\/03\/TOM_4041.jpg?resize=317%2C317&amp;ssl=1 317w, https:\/\/i0.wp.com\/alpimages.ch\/wp-content\/uploads\/2021\/03\/TOM_4041.jpg?resize=190%2C190&amp;ssl=1 190w, https:\/\/i0.wp.com\/alpimages.ch\/wp-content\/uploads\/2021\/03\/TOM_4041.jpg?resize=50%2C50&amp;ssl=1 50w, https:\/\/i0.wp.com\/alpimages.ch\/wp-content\/uploads\/2021\/03\/TOM_4041.jpg?w=1360&amp;ssl=1 1360w\" width=\"260\" height=\"260\" loading=\"lazy\" data-original-width=\"260\" data-original-height=\"260\" itemprop=\"http:\/\/schema.org\/image\" title=\"TOM_4041\" alt=\"TOM_4041\" style=\"width: 260px; height: 260px;\" \/> <\/a> <\/div> <div class=\"tiled-gallery-item tiled-gallery-item-large\" itemprop=\"associatedMedia\" itemscope itemtype=\"http:\/\/schema.org\/ImageObject\"> <a href=\"https:\/\/alpimages.ch\/en\/la-galerie-du-poster\/encadrements\/tom_1106\/\" border=\"0\" itemprop=\"url\"> <meta itemprop=\"width\" content=\"260\"> <meta itemprop=\"height\" content=\"174\"> <img decoding=\"async\" class=\"\" data-attachment-id=\"9357\" data-orig-file=\"https:\/\/alpimages.ch\/wp-content\/uploads\/2021\/03\/TOM_1106.jpg\" data-orig-size=\"1772,1183\" data-comments-opened=\"\" data-image-meta=\"{&quot;aperture&quot;:&quot;0&quot;,&quot;credit&quot;:&quot;&quot;,&quot;camera&quot;:&quot;&quot;,&quot;caption&quot;:&quot;&quot;,&quot;created_timestamp&quot;:&quot;0&quot;,&quot;copyright&quot;:&quot;&quot;,&quot;focal_length&quot;:&quot;0&quot;,&quot;iso&quot;:&quot;0&quot;,&quot;shutter_speed&quot;:&quot;0&quot;,&quot;title&quot;:&quot;&quot;,&quot;orientation&quot;:&quot;0&quot;}\" data-image-title=\"TOM_1106\" data-image-description=\"\" data-medium-file=\"https:\/\/i0.wp.com\/alpimages.ch\/wp-content\/uploads\/2021\/03\/TOM_1106.jpg?fit=300%2C200&#038;ssl=1\" data-large-file=\"https:\/\/i0.wp.com\/alpimages.ch\/wp-content\/uploads\/2021\/03\/TOM_1106.jpg?fit=680%2C454&#038;ssl=1\" src=\"https:\/\/i0.wp.com\/alpimages.ch\/wp-content\/uploads\/2021\/03\/TOM_1106.jpg?w=260&#038;h=174&#038;ssl=1\" srcset=\"https:\/\/i0.wp.com\/alpimages.ch\/wp-content\/uploads\/2021\/03\/TOM_1106.jpg?w=1772&amp;ssl=1 1772w, https:\/\/i0.wp.com\/alpimages.ch\/wp-content\/uploads\/2021\/03\/TOM_1106.jpg?resize=300%2C200&amp;ssl=1 300w, https:\/\/i0.wp.com\/alpimages.ch\/wp-content\/uploads\/2021\/03\/TOM_1106.jpg?resize=1024%2C684&amp;ssl=1 1024w, https:\/\/i0.wp.com\/alpimages.ch\/wp-content\/uploads\/2021\/03\/TOM_1106.jpg?resize=150%2C100&amp;ssl=1 150w, https:\/\/i0.wp.com\/alpimages.ch\/wp-content\/uploads\/2021\/03\/TOM_1106.jpg?resize=768%2C513&amp;ssl=1 768w, https:\/\/i0.wp.com\/alpimages.ch\/wp-content\/uploads\/2021\/03\/TOM_1106.jpg?resize=1536%2C1025&amp;ssl=1 1536w, https:\/\/i0.wp.com\/alpimages.ch\/wp-content\/uploads\/2021\/03\/TOM_1106.jpg?resize=16%2C12&amp;ssl=1 16w, https:\/\/i0.wp.com\/alpimages.ch\/wp-content\/uploads\/2021\/03\/TOM_1106.jpg?resize=317%2C212&amp;ssl=1 317w, https:\/\/i0.wp.com\/alpimages.ch\/wp-content\/uploads\/2021\/03\/TOM_1106.jpg?w=1360&amp;ssl=1 1360w\" width=\"260\" height=\"174\" loading=\"lazy\" data-original-width=\"260\" data-original-height=\"174\" itemprop=\"http:\/\/schema.org\/image\" title=\"TOM_1106\" alt=\"TOM_1106\" style=\"width: 260px; height: 174px;\" \/> <\/a> <\/div> <\/div> <!-- close group --> <div class=\"gallery-group images-1\" style=\"width: 416px; height: 619px;\" data-original-width=\"416\" data-original-height=\"619\" > <div class=\"tiled-gallery-item tiled-gallery-item-large\" itemprop=\"associatedMedia\" itemscope itemtype=\"http:\/\/schema.org\/ImageObject\"> <a href=\"https:\/\/alpimages.ch\/en\/la-galerie-du-poster\/encadrements\/galeriealpimages-7\/\" border=\"0\" itemprop=\"url\"> <meta itemprop=\"width\" content=\"412\"> <meta itemprop=\"height\" content=\"615\"> <img decoding=\"async\" class=\"\" data-attachment-id=\"14729\" data-orig-file=\"https:\/\/alpimages.ch\/wp-content\/uploads\/2026\/02\/GalerieAlpimages-7.jpg\" data-orig-size=\"2375,3543\" data-comments-opened=\"\" data-image-meta=\"{&quot;aperture&quot;:&quot;0&quot;,&quot;credit&quot;:&quot;&quot;,&quot;camera&quot;:&quot;&quot;,&quot;caption&quot;:&quot;&quot;,&quot;created_timestamp&quot;:&quot;0&quot;,&quot;copyright&quot;:&quot;&quot;,&quot;focal_length&quot;:&quot;0&quot;,&quot;iso&quot;:&quot;0&quot;,&quot;shutter_speed&quot;:&quot;0&quot;,&quot;title&quot;:&quot;&quot;,&quot;orientation&quot;:&quot;0&quot;}\" data-image-title=\"GalerieAlpimages-7\" data-image-description=\"\" data-medium-file=\"https:\/\/i0.wp.com\/alpimages.ch\/wp-content\/uploads\/2026\/02\/GalerieAlpimages-7.jpg?fit=201%2C300&#038;ssl=1\" data-large-file=\"https:\/\/i0.wp.com\/alpimages.ch\/wp-content\/uploads\/2026\/02\/GalerieAlpimages-7.jpg?fit=680%2C1015&#038;ssl=1\" src=\"https:\/\/i0.wp.com\/alpimages.ch\/wp-content\/uploads\/2026\/02\/GalerieAlpimages-7.jpg?w=412&#038;h=615&#038;ssl=1\" srcset=\"https:\/\/i0.wp.com\/alpimages.ch\/wp-content\/uploads\/2026\/02\/GalerieAlpimages-7.jpg?w=2375&amp;ssl=1 2375w, https:\/\/i0.wp.com\/alpimages.ch\/wp-content\/uploads\/2026\/02\/GalerieAlpimages-7.jpg?resize=201%2C300&amp;ssl=1 201w, https:\/\/i0.wp.com\/alpimages.ch\/wp-content\/uploads\/2026\/02\/GalerieAlpimages-7.jpg?resize=686%2C1024&amp;ssl=1 686w, https:\/\/i0.wp.com\/alpimages.ch\/wp-content\/uploads\/2026\/02\/GalerieAlpimages-7.jpg?resize=101%2C150&amp;ssl=1 101w, https:\/\/i0.wp.com\/alpimages.ch\/wp-content\/uploads\/2026\/02\/GalerieAlpimages-7.jpg?resize=768%2C1146&amp;ssl=1 768w, https:\/\/i0.wp.com\/alpimages.ch\/wp-content\/uploads\/2026\/02\/GalerieAlpimages-7.jpg?resize=1030%2C1536&amp;ssl=1 1030w, https:\/\/i0.wp.com\/alpimages.ch\/wp-content\/uploads\/2026\/02\/GalerieAlpimages-7.jpg?resize=1373%2C2048&amp;ssl=1 1373w, https:\/\/i0.wp.com\/alpimages.ch\/wp-content\/uploads\/2026\/02\/GalerieAlpimages-7.jpg?resize=8%2C12&amp;ssl=1 8w, https:\/\/i0.wp.com\/alpimages.ch\/wp-content\/uploads\/2026\/02\/GalerieAlpimages-7.jpg?resize=317%2C473&amp;ssl=1 317w, https:\/\/i0.wp.com\/alpimages.ch\/wp-content\/uploads\/2026\/02\/GalerieAlpimages-7.jpg?w=2040&amp;ssl=1 2040w\" width=\"412\" height=\"615\" loading=\"lazy\" data-original-width=\"412\" data-original-height=\"615\" itemprop=\"http:\/\/schema.org\/image\" title=\"GalerieAlpimages-7\" alt=\"GalerieAlpimages-7\" style=\"width: 412px; height: 615px;\" \/> <\/a> <\/div> <\/div> <!-- close group --> <\/div> <!-- close row --> <div class=\"gallery-row\" style=\"width: 680px; height: 194px;\" data-original-width=\"680\" data-original-height=\"194\" > <div class=\"gallery-group images-1\" style=\"width: 131px; height: 194px;\" data-original-width=\"131\" data-original-height=\"194\" > <div class=\"tiled-gallery-item tiled-gallery-item-small\" itemprop=\"associatedMedia\" itemscope itemtype=\"http:\/\/schema.org\/ImageObject\"> <a href=\"https:\/\/alpimages.ch\/en\/la-galerie-du-poster\/encadrements\/tom_1234\/\" border=\"0\" itemprop=\"url\"> <meta itemprop=\"width\" content=\"127\"> <meta itemprop=\"height\" content=\"190\"> <img decoding=\"async\" class=\"\" data-attachment-id=\"9358\" data-orig-file=\"https:\/\/alpimages.ch\/wp-content\/uploads\/2021\/03\/TOM_1234.jpg\" data-orig-size=\"1183,1772\" data-comments-opened=\"\" data-image-meta=\"{&quot;aperture&quot;:&quot;0&quot;,&quot;credit&quot;:&quot;&quot;,&quot;camera&quot;:&quot;&quot;,&quot;caption&quot;:&quot;&quot;,&quot;created_timestamp&quot;:&quot;0&quot;,&quot;copyright&quot;:&quot;&quot;,&quot;focal_length&quot;:&quot;0&quot;,&quot;iso&quot;:&quot;0&quot;,&quot;shutter_speed&quot;:&quot;0&quot;,&quot;title&quot;:&quot;&quot;,&quot;orientation&quot;:&quot;0&quot;}\" data-image-title=\"TOM_1234\" data-image-description=\"\" data-medium-file=\"https:\/\/i0.wp.com\/alpimages.ch\/wp-content\/uploads\/2021\/03\/TOM_1234.jpg?fit=200%2C300&#038;ssl=1\" data-large-file=\"https:\/\/i0.wp.com\/alpimages.ch\/wp-content\/uploads\/2021\/03\/TOM_1234.jpg?fit=680%2C1018&#038;ssl=1\" src=\"https:\/\/i0.wp.com\/alpimages.ch\/wp-content\/uploads\/2021\/03\/TOM_1234.jpg?w=127&#038;h=190&#038;ssl=1\" srcset=\"https:\/\/i0.wp.com\/alpimages.ch\/wp-content\/uploads\/2021\/03\/TOM_1234.jpg?w=1183&amp;ssl=1 1183w, https:\/\/i0.wp.com\/alpimages.ch\/wp-content\/uploads\/2021\/03\/TOM_1234.jpg?resize=200%2C300&amp;ssl=1 200w, https:\/\/i0.wp.com\/alpimages.ch\/wp-content\/uploads\/2021\/03\/TOM_1234.jpg?resize=684%2C1024&amp;ssl=1 684w, https:\/\/i0.wp.com\/alpimages.ch\/wp-content\/uploads\/2021\/03\/TOM_1234.jpg?resize=100%2C150&amp;ssl=1 100w, https:\/\/i0.wp.com\/alpimages.ch\/wp-content\/uploads\/2021\/03\/TOM_1234.jpg?resize=768%2C1150&amp;ssl=1 768w, https:\/\/i0.wp.com\/alpimages.ch\/wp-content\/uploads\/2021\/03\/TOM_1234.jpg?resize=1025%2C1536&amp;ssl=1 1025w, https:\/\/i0.wp.com\/alpimages.ch\/wp-content\/uploads\/2021\/03\/TOM_1234.jpg?resize=8%2C12&amp;ssl=1 8w, https:\/\/i0.wp.com\/alpimages.ch\/wp-content\/uploads\/2021\/03\/TOM_1234.jpg?resize=317%2C475&amp;ssl=1 317w\" width=\"127\" height=\"190\" loading=\"lazy\" data-original-width=\"127\" data-original-height=\"190\" itemprop=\"http:\/\/schema.org\/image\" title=\"TOM_1234\" alt=\"TOM_1234\" style=\"width: 127px; height: 190px;\" \/> <\/a> <\/div> <\/div> <!-- close group --> <div class=\"gallery-group images-1\" style=\"width: 130px; height: 194px;\" data-original-width=\"130\" data-original-height=\"194\" > <div class=\"tiled-gallery-item tiled-gallery-item-small\" itemprop=\"associatedMedia\" itemscope itemtype=\"http:\/\/schema.org\/ImageObject\"> <a href=\"https:\/\/alpimages.ch\/en\/la-galerie-du-poster\/encadrements\/_tom0063\/\" border=\"0\" itemprop=\"url\"> <meta itemprop=\"width\" content=\"126\"> <meta itemprop=\"height\" content=\"190\"> <img decoding=\"async\" class=\"\" data-attachment-id=\"14784\" data-orig-file=\"https:\/\/alpimages.ch\/wp-content\/uploads\/2026\/02\/TOM0063.jpg\" data-orig-size=\"2362,3543\" data-comments-opened=\"\" data-image-meta=\"{&quot;aperture&quot;:&quot;2.8&quot;,&quot;credit&quot;:&quot;&quot;,&quot;camera&quot;:&quot;NIKON D850&quot;,&quot;caption&quot;:&quot;&quot;,&quot;created_timestamp&quot;:&quot;1681112821&quot;,&quot;copyright&quot;:&quot;&quot;,&quot;focal_length&quot;:&quot;52&quot;,&quot;iso&quot;:&quot;640&quot;,&quot;shutter_speed&quot;:&quot;0.016666666666667&quot;,&quot;title&quot;:&quot;&quot;,&quot;orientation&quot;:&quot;0&quot;}\" data-image-title=\"_TOM0063\" data-image-description=\"\" data-medium-file=\"https:\/\/i0.wp.com\/alpimages.ch\/wp-content\/uploads\/2026\/02\/TOM0063.jpg?fit=200%2C300&#038;ssl=1\" data-large-file=\"https:\/\/i0.wp.com\/alpimages.ch\/wp-content\/uploads\/2026\/02\/TOM0063.jpg?fit=680%2C1020&#038;ssl=1\" src=\"https:\/\/i0.wp.com\/alpimages.ch\/wp-content\/uploads\/2026\/02\/TOM0063.jpg?w=126&#038;h=190&#038;ssl=1\" srcset=\"https:\/\/i0.wp.com\/alpimages.ch\/wp-content\/uploads\/2026\/02\/TOM0063.jpg?w=2362&amp;ssl=1 2362w, https:\/\/i0.wp.com\/alpimages.ch\/wp-content\/uploads\/2026\/02\/TOM0063.jpg?resize=200%2C300&amp;ssl=1 200w, https:\/\/i0.wp.com\/alpimages.ch\/wp-content\/uploads\/2026\/02\/TOM0063.jpg?resize=683%2C1024&amp;ssl=1 683w, https:\/\/i0.wp.com\/alpimages.ch\/wp-content\/uploads\/2026\/02\/TOM0063.jpg?resize=100%2C150&amp;ssl=1 100w, https:\/\/i0.wp.com\/alpimages.ch\/wp-content\/uploads\/2026\/02\/TOM0063.jpg?resize=768%2C1152&amp;ssl=1 768w, https:\/\/i0.wp.com\/alpimages.ch\/wp-content\/uploads\/2026\/02\/TOM0063.jpg?resize=1024%2C1536&amp;ssl=1 1024w, https:\/\/i0.wp.com\/alpimages.ch\/wp-content\/uploads\/2026\/02\/TOM0063.jpg?resize=1365%2C2048&amp;ssl=1 1365w, https:\/\/i0.wp.com\/alpimages.ch\/wp-content\/uploads\/2026\/02\/TOM0063.jpg?resize=8%2C12&amp;ssl=1 8w, https:\/\/i0.wp.com\/alpimages.ch\/wp-content\/uploads\/2026\/02\/TOM0063.jpg?resize=317%2C476&amp;ssl=1 317w, https:\/\/i0.wp.com\/alpimages.ch\/wp-content\/uploads\/2026\/02\/TOM0063.jpg?w=2040&amp;ssl=1 2040w\" width=\"126\" height=\"190\" loading=\"lazy\" data-original-width=\"126\" data-original-height=\"190\" itemprop=\"http:\/\/schema.org\/image\" title=\"_TOM0063\" alt=\"_TOM0063\" style=\"width: 126px; height: 190px;\" \/> <\/a> <\/div> <\/div> <!-- close group --> <div class=\"gallery-group images-1\" style=\"width: 288px; height: 194px;\" data-original-width=\"288\" data-original-height=\"194\" > <div class=\"tiled-gallery-item tiled-gallery-item-large\" itemprop=\"associatedMedia\" itemscope itemtype=\"http:\/\/schema.org\/ImageObject\"> <a href=\"https:\/\/alpimages.ch\/en\/la-galerie-du-poster\/encadrements\/tom_1909\/\" border=\"0\" itemprop=\"url\"> <meta itemprop=\"width\" content=\"284\"> <meta itemprop=\"height\" content=\"190\"> <img decoding=\"async\" class=\"\" data-attachment-id=\"1852\" data-orig-file=\"https:\/\/alpimages.ch\/wp-content\/uploads\/2018\/11\/TOM_1909.jpg\" data-orig-size=\"1766,1179\" data-comments-opened=\"\" data-image-meta=\"{&quot;aperture&quot;:&quot;5.6&quot;,&quot;credit&quot;:&quot;&quot;,&quot;camera&quot;:&quot;NIKON D810&quot;,&quot;caption&quot;:&quot;&quot;,&quot;created_timestamp&quot;:&quot;1520420387&quot;,&quot;copyright&quot;:&quot;&quot;,&quot;focal_length&quot;:&quot;105&quot;,&quot;iso&quot;:&quot;800&quot;,&quot;shutter_speed&quot;:&quot;0.0125&quot;,&quot;title&quot;:&quot;&quot;,&quot;orientation&quot;:&quot;1&quot;}\" data-image-title=\"TOM_1909\" data-image-description=\"\" data-medium-file=\"https:\/\/i0.wp.com\/alpimages.ch\/wp-content\/uploads\/2018\/11\/TOM_1909.jpg?fit=300%2C200&#038;ssl=1\" data-large-file=\"https:\/\/i0.wp.com\/alpimages.ch\/wp-content\/uploads\/2018\/11\/TOM_1909.jpg?fit=680%2C454&#038;ssl=1\" src=\"https:\/\/i0.wp.com\/alpimages.ch\/wp-content\/uploads\/2018\/11\/TOM_1909.jpg?w=284&#038;h=190&#038;ssl=1\" srcset=\"https:\/\/i0.wp.com\/alpimages.ch\/wp-content\/uploads\/2018\/11\/TOM_1909.jpg?w=1766&amp;ssl=1 1766w, https:\/\/i0.wp.com\/alpimages.ch\/wp-content\/uploads\/2018\/11\/TOM_1909.jpg?resize=150%2C100&amp;ssl=1 150w, https:\/\/i0.wp.com\/alpimages.ch\/wp-content\/uploads\/2018\/11\/TOM_1909.jpg?resize=300%2C200&amp;ssl=1 300w, https:\/\/i0.wp.com\/alpimages.ch\/wp-content\/uploads\/2018\/11\/TOM_1909.jpg?resize=768%2C513&amp;ssl=1 768w, https:\/\/i0.wp.com\/alpimages.ch\/wp-content\/uploads\/2018\/11\/TOM_1909.jpg?resize=1024%2C684&amp;ssl=1 1024w, https:\/\/i0.wp.com\/alpimages.ch\/wp-content\/uploads\/2018\/11\/TOM_1909.jpg?resize=317%2C212&amp;ssl=1 317w, https:\/\/i0.wp.com\/alpimages.ch\/wp-content\/uploads\/2018\/11\/TOM_1909.jpg?w=1360&amp;ssl=1 1360w\" width=\"284\" height=\"190\" loading=\"lazy\" data-original-width=\"284\" data-original-height=\"190\" itemprop=\"http:\/\/schema.org\/image\" title=\"TOM_1909\" alt=\"TOM_1909\" style=\"width: 284px; height: 190px;\" \/> <\/a> <\/div> <\/div> <!-- close group --> <div class=\"gallery-group images-1\" style=\"width: 131px; height: 194px;\" data-original-width=\"131\" data-original-height=\"194\" > <div class=\"tiled-gallery-item tiled-gallery-item-small\" itemprop=\"associatedMedia\" itemscope itemtype=\"http:\/\/schema.org\/ImageObject\"> <a href=\"https:\/\/alpimages.ch\/en\/la-galerie-du-poster\/encadrements\/alpimages-7528\/\" border=\"0\" itemprop=\"url\"> <meta itemprop=\"width\" content=\"127\"> <meta itemprop=\"height\" content=\"190\"> <img decoding=\"async\" class=\"\" data-attachment-id=\"9353\" data-orig-file=\"https:\/\/alpimages.ch\/wp-content\/uploads\/2021\/03\/\u00a9Alpimages-7528.jpg\" data-orig-size=\"2365,3543\" data-comments-opened=\"\" data-image-meta=\"{&quot;aperture&quot;:&quot;2.5&quot;,&quot;credit&quot;:&quot;&quot;,&quot;camera&quot;:&quot;NIKON D810&quot;,&quot;caption&quot;:&quot;&quot;,&quot;created_timestamp&quot;:&quot;1608371901&quot;,&quot;copyright&quot;:&quot;&quot;,&quot;focal_length&quot;:&quot;50&quot;,&quot;iso&quot;:&quot;320&quot;,&quot;shutter_speed&quot;:&quot;0.016666666666667&quot;,&quot;title&quot;:&quot;&quot;,&quot;orientation&quot;:&quot;0&quot;}\" data-image-title=\"\u00a9Alpimages&amp;#8211;7528\" data-image-description=\"\" data-medium-file=\"https:\/\/i0.wp.com\/alpimages.ch\/wp-content\/uploads\/2021\/03\/%C2%A9Alpimages-7528.jpg?fit=200%2C300&#038;ssl=1\" data-large-file=\"https:\/\/i0.wp.com\/alpimages.ch\/wp-content\/uploads\/2021\/03\/%C2%A9Alpimages-7528.jpg?fit=680%2C1018&#038;ssl=1\" src=\"https:\/\/i0.wp.com\/alpimages.ch\/wp-content\/uploads\/2021\/03\/%C2%A9Alpimages-7528.jpg?w=127&#038;h=190&#038;ssl=1\" width=\"127\" height=\"190\" loading=\"lazy\" data-original-width=\"127\" data-original-height=\"190\" itemprop=\"http:\/\/schema.org\/image\" title=\"\u00a9Alpimages--7528\" alt=\"\u00a9Alpimages--7528\" style=\"width: 127px; height: 190px;\" \/> <\/a> <\/div> <\/div> <!-- close group --> <\/div> <!-- close row --> <div class=\"gallery-row\" style=\"width: 680px; height: 314px;\" data-original-width=\"680\" data-original-height=\"314\" > <div class=\"gallery-group images-1\" style=\"width: 469px; height: 314px;\" data-original-width=\"469\" data-original-height=\"314\" > <div class=\"tiled-gallery-item tiled-gallery-item-large\" itemprop=\"associatedMedia\" itemscope itemtype=\"http:\/\/schema.org\/ImageObject\"> <a href=\"https:\/\/alpimages.ch\/en\/la-galerie-du-poster\/encadrements\/tom_1901\/\" border=\"0\" itemprop=\"url\"> <meta itemprop=\"width\" content=\"465\"> <meta itemprop=\"height\" content=\"310\"> <img decoding=\"async\" class=\"\" data-attachment-id=\"1851\" data-orig-file=\"https:\/\/alpimages.ch\/wp-content\/uploads\/2018\/11\/TOM_1901.jpg\" data-orig-size=\"1766,1179\" data-comments-opened=\"\" data-image-meta=\"{&quot;aperture&quot;:&quot;5.6&quot;,&quot;credit&quot;:&quot;&quot;,&quot;camera&quot;:&quot;NIKON D810&quot;,&quot;caption&quot;:&quot;&quot;,&quot;created_timestamp&quot;:&quot;1520420166&quot;,&quot;copyright&quot;:&quot;&quot;,&quot;focal_length&quot;:&quot;105&quot;,&quot;iso&quot;:&quot;800&quot;,&quot;shutter_speed&quot;:&quot;0.01&quot;,&quot;title&quot;:&quot;&quot;,&quot;orientation&quot;:&quot;1&quot;}\" data-image-title=\"TOM_1901\" data-image-description=\"\" data-medium-file=\"https:\/\/i0.wp.com\/alpimages.ch\/wp-content\/uploads\/2018\/11\/TOM_1901.jpg?fit=300%2C200&#038;ssl=1\" data-large-file=\"https:\/\/i0.wp.com\/alpimages.ch\/wp-content\/uploads\/2018\/11\/TOM_1901.jpg?fit=680%2C454&#038;ssl=1\" src=\"https:\/\/i0.wp.com\/alpimages.ch\/wp-content\/uploads\/2018\/11\/TOM_1901.jpg?w=465&#038;h=310&#038;ssl=1\" srcset=\"https:\/\/i0.wp.com\/alpimages.ch\/wp-content\/uploads\/2018\/11\/TOM_1901.jpg?w=1766&amp;ssl=1 1766w, https:\/\/i0.wp.com\/alpimages.ch\/wp-content\/uploads\/2018\/11\/TOM_1901.jpg?resize=150%2C100&amp;ssl=1 150w, https:\/\/i0.wp.com\/alpimages.ch\/wp-content\/uploads\/2018\/11\/TOM_1901.jpg?resize=300%2C200&amp;ssl=1 300w, https:\/\/i0.wp.com\/alpimages.ch\/wp-content\/uploads\/2018\/11\/TOM_1901.jpg?resize=768%2C513&amp;ssl=1 768w, https:\/\/i0.wp.com\/alpimages.ch\/wp-content\/uploads\/2018\/11\/TOM_1901.jpg?resize=1024%2C684&amp;ssl=1 1024w, https:\/\/i0.wp.com\/alpimages.ch\/wp-content\/uploads\/2018\/11\/TOM_1901.jpg?resize=317%2C212&amp;ssl=1 317w, https:\/\/i0.wp.com\/alpimages.ch\/wp-content\/uploads\/2018\/11\/TOM_1901.jpg?w=1360&amp;ssl=1 1360w\" width=\"465\" height=\"310\" loading=\"lazy\" data-original-width=\"465\" data-original-height=\"310\" itemprop=\"http:\/\/schema.org\/image\" title=\"TOM_1901\" alt=\"TOM_1901\" style=\"width: 465px; height: 310px;\" \/> <\/a> <\/div> <\/div> <!-- close group --> <div class=\"gallery-group images-1\" style=\"width: 211px; height: 314px;\" data-original-width=\"211\" data-original-height=\"314\" > <div class=\"tiled-gallery-item tiled-gallery-item-small\" itemprop=\"associatedMedia\" itemscope itemtype=\"http:\/\/schema.org\/ImageObject\"> <a href=\"https:\/\/alpimages.ch\/en\/la-galerie-du-poster\/encadrements\/tom_1104\/\" border=\"0\" itemprop=\"url\"> <meta itemprop=\"width\" content=\"207\"> <meta itemprop=\"height\" content=\"310\"> <img decoding=\"async\" class=\"\" data-attachment-id=\"9355\" data-orig-file=\"https:\/\/alpimages.ch\/wp-content\/uploads\/2021\/03\/TOM_1104.jpg\" data-orig-size=\"1183,1772\" data-comments-opened=\"\" data-image-meta=\"{&quot;aperture&quot;:&quot;0&quot;,&quot;credit&quot;:&quot;&quot;,&quot;camera&quot;:&quot;&quot;,&quot;caption&quot;:&quot;&quot;,&quot;created_timestamp&quot;:&quot;0&quot;,&quot;copyright&quot;:&quot;&quot;,&quot;focal_length&quot;:&quot;0&quot;,&quot;iso&quot;:&quot;0&quot;,&quot;shutter_speed&quot;:&quot;0&quot;,&quot;title&quot;:&quot;&quot;,&quot;orientation&quot;:&quot;0&quot;}\" data-image-title=\"TOM_1104\" data-image-description=\"\" data-medium-file=\"https:\/\/i0.wp.com\/alpimages.ch\/wp-content\/uploads\/2021\/03\/TOM_1104.jpg?fit=200%2C300&#038;ssl=1\" data-large-file=\"https:\/\/i0.wp.com\/alpimages.ch\/wp-content\/uploads\/2021\/03\/TOM_1104.jpg?fit=680%2C1018&#038;ssl=1\" src=\"https:\/\/i0.wp.com\/alpimages.ch\/wp-content\/uploads\/2021\/03\/TOM_1104.jpg?w=207&#038;h=310&#038;ssl=1\" srcset=\"https:\/\/i0.wp.com\/alpimages.ch\/wp-content\/uploads\/2021\/03\/TOM_1104.jpg?w=1183&amp;ssl=1 1183w, https:\/\/i0.wp.com\/alpimages.ch\/wp-content\/uploads\/2021\/03\/TOM_1104.jpg?resize=200%2C300&amp;ssl=1 200w, https:\/\/i0.wp.com\/alpimages.ch\/wp-content\/uploads\/2021\/03\/TOM_1104.jpg?resize=684%2C1024&amp;ssl=1 684w, https:\/\/i0.wp.com\/alpimages.ch\/wp-content\/uploads\/2021\/03\/TOM_1104.jpg?resize=100%2C150&amp;ssl=1 100w, https:\/\/i0.wp.com\/alpimages.ch\/wp-content\/uploads\/2021\/03\/TOM_1104.jpg?resize=768%2C1150&amp;ssl=1 768w, https:\/\/i0.wp.com\/alpimages.ch\/wp-content\/uploads\/2021\/03\/TOM_1104.jpg?resize=1025%2C1536&amp;ssl=1 1025w, https:\/\/i0.wp.com\/alpimages.ch\/wp-content\/uploads\/2021\/03\/TOM_1104.jpg?resize=8%2C12&amp;ssl=1 8w, https:\/\/i0.wp.com\/alpimages.ch\/wp-content\/uploads\/2021\/03\/TOM_1104.jpg?resize=317%2C475&amp;ssl=1 317w\" width=\"207\" height=\"310\" loading=\"lazy\" data-original-width=\"207\" data-original-height=\"310\" itemprop=\"http:\/\/schema.org\/image\" title=\"TOM_1104\" alt=\"TOM_1104\" style=\"width: 207px; height: 310px;\" \/> <\/a> <\/div> <\/div> <!-- close group --> <\/div> <!-- close row --> <div class=\"gallery-row\" style=\"width: 680px; height: 225px;\" data-original-width=\"680\" data-original-height=\"225\" > <div class=\"gallery-group images-1\" style=\"width: 151px; height: 225px;\" data-original-width=\"151\" data-original-height=\"225\" > <div class=\"tiled-gallery-item tiled-gallery-item-small\" itemprop=\"associatedMedia\" itemscope itemtype=\"http:\/\/schema.org\/ImageObject\"> <a href=\"https:\/\/alpimages.ch\/en\/la-galerie-du-poster\/encadrements\/tom_6455\/\" border=\"0\" itemprop=\"url\"> <meta itemprop=\"width\" content=\"147\"> <meta itemprop=\"height\" content=\"221\"> <img decoding=\"async\" class=\"\" data-attachment-id=\"9360\" data-orig-file=\"https:\/\/alpimages.ch\/wp-content\/uploads\/2021\/03\/TOM_6455.jpg\" data-orig-size=\"788,1181\" data-comments-opened=\"\" data-image-meta=\"{&quot;aperture&quot;:&quot;0&quot;,&quot;credit&quot;:&quot;&quot;,&quot;camera&quot;:&quot;&quot;,&quot;caption&quot;:&quot;&quot;,&quot;created_timestamp&quot;:&quot;0&quot;,&quot;copyright&quot;:&quot;&quot;,&quot;focal_length&quot;:&quot;0&quot;,&quot;iso&quot;:&quot;0&quot;,&quot;shutter_speed&quot;:&quot;0&quot;,&quot;title&quot;:&quot;&quot;,&quot;orientation&quot;:&quot;0&quot;}\" data-image-title=\"TOM_6455\" data-image-description=\"\" data-medium-file=\"https:\/\/i0.wp.com\/alpimages.ch\/wp-content\/uploads\/2021\/03\/TOM_6455.jpg?fit=200%2C300&#038;ssl=1\" data-large-file=\"https:\/\/i0.wp.com\/alpimages.ch\/wp-content\/uploads\/2021\/03\/TOM_6455.jpg?fit=680%2C1020&#038;ssl=1\" src=\"https:\/\/i0.wp.com\/alpimages.ch\/wp-content\/uploads\/2021\/03\/TOM_6455.jpg?w=147&#038;h=221&#038;ssl=1\" srcset=\"https:\/\/i0.wp.com\/alpimages.ch\/wp-content\/uploads\/2021\/03\/TOM_6455.jpg?w=788&amp;ssl=1 788w, https:\/\/i0.wp.com\/alpimages.ch\/wp-content\/uploads\/2021\/03\/TOM_6455.jpg?resize=200%2C300&amp;ssl=1 200w, https:\/\/i0.wp.com\/alpimages.ch\/wp-content\/uploads\/2021\/03\/TOM_6455.jpg?resize=683%2C1024&amp;ssl=1 683w, https:\/\/i0.wp.com\/alpimages.ch\/wp-content\/uploads\/2021\/03\/TOM_6455.jpg?resize=100%2C150&amp;ssl=1 100w, https:\/\/i0.wp.com\/alpimages.ch\/wp-content\/uploads\/2021\/03\/TOM_6455.jpg?resize=768%2C1151&amp;ssl=1 768w, https:\/\/i0.wp.com\/alpimages.ch\/wp-content\/uploads\/2021\/03\/TOM_6455.jpg?resize=8%2C12&amp;ssl=1 8w, https:\/\/i0.wp.com\/alpimages.ch\/wp-content\/uploads\/2021\/03\/TOM_6455.jpg?resize=317%2C475&amp;ssl=1 317w\" width=\"147\" height=\"221\" loading=\"lazy\" data-original-width=\"147\" data-original-height=\"221\" itemprop=\"http:\/\/schema.org\/image\" title=\"TOM_6455\" alt=\"TOM_6455\" style=\"width: 147px; height: 221px;\" \/> <\/a> <\/div> <\/div> <!-- close group --> <div class=\"gallery-group images-1\" style=\"width: 152px; height: 225px;\" data-original-width=\"152\" data-original-height=\"225\" > <div class=\"tiled-gallery-item tiled-gallery-item-small\" itemprop=\"associatedMedia\" itemscope itemtype=\"http:\/\/schema.org\/ImageObject\"> <a href=\"https:\/\/alpimages.ch\/en\/la-galerie-du-poster\/encadrements\/tom_1287\/\" border=\"0\" itemprop=\"url\"> <meta itemprop=\"width\" content=\"148\"> <meta itemprop=\"height\" content=\"221\"> <img decoding=\"async\" class=\"\" data-attachment-id=\"9359\" data-orig-file=\"https:\/\/alpimages.ch\/wp-content\/uploads\/2021\/03\/TOM_1287.jpg\" data-orig-size=\"1183,1772\" data-comments-opened=\"\" data-image-meta=\"{&quot;aperture&quot;:&quot;0&quot;,&quot;credit&quot;:&quot;&quot;,&quot;camera&quot;:&quot;&quot;,&quot;caption&quot;:&quot;&quot;,&quot;created_timestamp&quot;:&quot;0&quot;,&quot;copyright&quot;:&quot;&quot;,&quot;focal_length&quot;:&quot;0&quot;,&quot;iso&quot;:&quot;0&quot;,&quot;shutter_speed&quot;:&quot;0&quot;,&quot;title&quot;:&quot;&quot;,&quot;orientation&quot;:&quot;0&quot;}\" data-image-title=\"TOM_1287\" data-image-description=\"\" data-medium-file=\"https:\/\/i0.wp.com\/alpimages.ch\/wp-content\/uploads\/2021\/03\/TOM_1287.jpg?fit=200%2C300&#038;ssl=1\" data-large-file=\"https:\/\/i0.wp.com\/alpimages.ch\/wp-content\/uploads\/2021\/03\/TOM_1287.jpg?fit=680%2C1018&#038;ssl=1\" src=\"https:\/\/i0.wp.com\/alpimages.ch\/wp-content\/uploads\/2021\/03\/TOM_1287.jpg?w=148&#038;h=221&#038;ssl=1\" srcset=\"https:\/\/i0.wp.com\/alpimages.ch\/wp-content\/uploads\/2021\/03\/TOM_1287.jpg?w=1183&amp;ssl=1 1183w, https:\/\/i0.wp.com\/alpimages.ch\/wp-content\/uploads\/2021\/03\/TOM_1287.jpg?resize=200%2C300&amp;ssl=1 200w, https:\/\/i0.wp.com\/alpimages.ch\/wp-content\/uploads\/2021\/03\/TOM_1287.jpg?resize=684%2C1024&amp;ssl=1 684w, https:\/\/i0.wp.com\/alpimages.ch\/wp-content\/uploads\/2021\/03\/TOM_1287.jpg?resize=100%2C150&amp;ssl=1 100w, https:\/\/i0.wp.com\/alpimages.ch\/wp-content\/uploads\/2021\/03\/TOM_1287.jpg?resize=768%2C1150&amp;ssl=1 768w, https:\/\/i0.wp.com\/alpimages.ch\/wp-content\/uploads\/2021\/03\/TOM_1287.jpg?resize=1025%2C1536&amp;ssl=1 1025w, https:\/\/i0.wp.com\/alpimages.ch\/wp-content\/uploads\/2021\/03\/TOM_1287.jpg?resize=8%2C12&amp;ssl=1 8w, https:\/\/i0.wp.com\/alpimages.ch\/wp-content\/uploads\/2021\/03\/TOM_1287.jpg?resize=317%2C475&amp;ssl=1 317w\" width=\"148\" height=\"221\" loading=\"lazy\" data-original-width=\"148\" data-original-height=\"221\" itemprop=\"http:\/\/schema.org\/image\" title=\"TOM_1287\" alt=\"TOM_1287\" style=\"width: 148px; height: 221px;\" \/> <\/a> <\/div> <\/div> <!-- close group --> <div class=\"gallery-group images-1\" style=\"width: 225px; height: 225px;\" data-original-width=\"225\" data-original-height=\"225\" > <div class=\"tiled-gallery-item tiled-gallery-item-small\" itemprop=\"associatedMedia\" itemscope itemtype=\"http:\/\/schema.org\/ImageObject\"> <a href=\"https:\/\/alpimages.ch\/en\/la-galerie-du-poster\/encadrements\/tom_4042\/\" border=\"0\" itemprop=\"url\"> <meta itemprop=\"width\" content=\"221\"> <meta itemprop=\"height\" content=\"221\"> <img decoding=\"async\" class=\"\" data-attachment-id=\"9470\" data-orig-file=\"https:\/\/alpimages.ch\/wp-content\/uploads\/2021\/03\/TOM_4042.jpg\" data-orig-size=\"3543,3543\" data-comments-opened=\"\" data-image-meta=\"{&quot;aperture&quot;:&quot;2&quot;,&quot;credit&quot;:&quot;&quot;,&quot;camera&quot;:&quot;NIKON D810&quot;,&quot;caption&quot;:&quot;&quot;,&quot;created_timestamp&quot;:&quot;1614860503&quot;,&quot;copyright&quot;:&quot;&quot;,&quot;focal_length&quot;:&quot;35&quot;,&quot;iso&quot;:&quot;400&quot;,&quot;shutter_speed&quot;:&quot;0.003125&quot;,&quot;title&quot;:&quot;&quot;,&quot;orientation&quot;:&quot;0&quot;}\" data-image-title=\"TOM_4042\" data-image-description=\"\" data-medium-file=\"https:\/\/i0.wp.com\/alpimages.ch\/wp-content\/uploads\/2021\/03\/TOM_4042.jpg?fit=300%2C300&#038;ssl=1\" data-large-file=\"https:\/\/i0.wp.com\/alpimages.ch\/wp-content\/uploads\/2021\/03\/TOM_4042.jpg?fit=680%2C680&#038;ssl=1\" src=\"https:\/\/i0.wp.com\/alpimages.ch\/wp-content\/uploads\/2021\/03\/TOM_4042.jpg?w=221&#038;h=221&#038;crop=1&#038;ssl=1\" srcset=\"https:\/\/i0.wp.com\/alpimages.ch\/wp-content\/uploads\/2021\/03\/TOM_4042.jpg?w=3543&amp;ssl=1 3543w, https:\/\/i0.wp.com\/alpimages.ch\/wp-content\/uploads\/2021\/03\/TOM_4042.jpg?resize=300%2C300&amp;ssl=1 300w, https:\/\/i0.wp.com\/alpimages.ch\/wp-content\/uploads\/2021\/03\/TOM_4042.jpg?resize=1024%2C1024&amp;ssl=1 1024w, https:\/\/i0.wp.com\/alpimages.ch\/wp-content\/uploads\/2021\/03\/TOM_4042.jpg?resize=150%2C150&amp;ssl=1 150w, https:\/\/i0.wp.com\/alpimages.ch\/wp-content\/uploads\/2021\/03\/TOM_4042.jpg?resize=768%2C768&amp;ssl=1 768w, https:\/\/i0.wp.com\/alpimages.ch\/wp-content\/uploads\/2021\/03\/TOM_4042.jpg?resize=1536%2C1536&amp;ssl=1 1536w, https:\/\/i0.wp.com\/alpimages.ch\/wp-content\/uploads\/2021\/03\/TOM_4042.jpg?resize=2048%2C2048&amp;ssl=1 2048w, https:\/\/i0.wp.com\/alpimages.ch\/wp-content\/uploads\/2021\/03\/TOM_4042.jpg?resize=12%2C12&amp;ssl=1 12w, https:\/\/i0.wp.com\/alpimages.ch\/wp-content\/uploads\/2021\/03\/TOM_4042.jpg?resize=100%2C100&amp;ssl=1 100w, https:\/\/i0.wp.com\/alpimages.ch\/wp-content\/uploads\/2021\/03\/TOM_4042.jpg?resize=317%2C317&amp;ssl=1 317w, https:\/\/i0.wp.com\/alpimages.ch\/wp-content\/uploads\/2021\/03\/TOM_4042.jpg?resize=190%2C190&amp;ssl=1 190w, https:\/\/i0.wp.com\/alpimages.ch\/wp-content\/uploads\/2021\/03\/TOM_4042.jpg?resize=50%2C50&amp;ssl=1 50w, https:\/\/i0.wp.com\/alpimages.ch\/wp-content\/uploads\/2021\/03\/TOM_4042.jpg?w=1360&amp;ssl=1 1360w\" width=\"221\" height=\"221\" loading=\"lazy\" data-original-width=\"221\" data-original-height=\"221\" itemprop=\"http:\/\/schema.org\/image\" title=\"TOM_4042\" alt=\"TOM_4042\" style=\"width: 221px; height: 221px;\" \/> <\/a> <\/div> <\/div> <!-- close group --> <div class=\"gallery-group images-1\" style=\"width: 152px; height: 225px;\" data-original-width=\"152\" data-original-height=\"225\" > <div class=\"tiled-gallery-item tiled-gallery-item-small\" itemprop=\"associatedMedia\" itemscope itemtype=\"http:\/\/schema.org\/ImageObject\"> <a href=\"https:\/\/alpimages.ch\/en\/la-galerie-du-poster\/encadrements\/tom_1097\/\" border=\"0\" itemprop=\"url\"> <meta itemprop=\"width\" content=\"148\"> <meta itemprop=\"height\" content=\"221\"> <img decoding=\"async\" class=\"\" data-attachment-id=\"9354\" data-orig-file=\"https:\/\/alpimages.ch\/wp-content\/uploads\/2021\/03\/TOM_1097.jpg\" data-orig-size=\"1183,1772\" data-comments-opened=\"\" data-image-meta=\"{&quot;aperture&quot;:&quot;0&quot;,&quot;credit&quot;:&quot;&quot;,&quot;camera&quot;:&quot;&quot;,&quot;caption&quot;:&quot;&quot;,&quot;created_timestamp&quot;:&quot;0&quot;,&quot;copyright&quot;:&quot;&quot;,&quot;focal_length&quot;:&quot;0&quot;,&quot;iso&quot;:&quot;0&quot;,&quot;shutter_speed&quot;:&quot;0&quot;,&quot;title&quot;:&quot;&quot;,&quot;orientation&quot;:&quot;0&quot;}\" data-image-title=\"TOM_1097\" data-image-description=\"\" data-medium-file=\"https:\/\/i0.wp.com\/alpimages.ch\/wp-content\/uploads\/2021\/03\/TOM_1097.jpg?fit=200%2C300&#038;ssl=1\" data-large-file=\"https:\/\/i0.wp.com\/alpimages.ch\/wp-content\/uploads\/2021\/03\/TOM_1097.jpg?fit=680%2C1018&#038;ssl=1\" src=\"https:\/\/i0.wp.com\/alpimages.ch\/wp-content\/uploads\/2021\/03\/TOM_1097.jpg?w=148&#038;h=221&#038;ssl=1\" srcset=\"https:\/\/i0.wp.com\/alpimages.ch\/wp-content\/uploads\/2021\/03\/TOM_1097.jpg?w=1183&amp;ssl=1 1183w, https:\/\/i0.wp.com\/alpimages.ch\/wp-content\/uploads\/2021\/03\/TOM_1097.jpg?resize=200%2C300&amp;ssl=1 200w, https:\/\/i0.wp.com\/alpimages.ch\/wp-content\/uploads\/2021\/03\/TOM_1097.jpg?resize=684%2C1024&amp;ssl=1 684w, https:\/\/i0.wp.com\/alpimages.ch\/wp-content\/uploads\/2021\/03\/TOM_1097.jpg?resize=100%2C150&amp;ssl=1 100w, https:\/\/i0.wp.com\/alpimages.ch\/wp-content\/uploads\/2021\/03\/TOM_1097.jpg?resize=768%2C1150&amp;ssl=1 768w, https:\/\/i0.wp.com\/alpimages.ch\/wp-content\/uploads\/2021\/03\/TOM_1097.jpg?resize=1025%2C1536&amp;ssl=1 1025w, https:\/\/i0.wp.com\/alpimages.ch\/wp-content\/uploads\/2021\/03\/TOM_1097.jpg?resize=8%2C12&amp;ssl=1 8w, https:\/\/i0.wp.com\/alpimages.ch\/wp-content\/uploads\/2021\/03\/TOM_1097.jpg?resize=317%2C475&amp;ssl=1 317w\" width=\"148\" height=\"221\" loading=\"lazy\" data-original-width=\"148\" data-original-height=\"221\" itemprop=\"http:\/\/schema.org\/image\" title=\"TOM_1097\" alt=\"TOM_1097\" style=\"width: 148px; height: 221px;\" \/> <\/a> <\/div> <\/div> <!-- close group --> <\/div> <!-- close row --> <div class=\"gallery-row\" style=\"width: 680px; height: 314px;\" data-original-width=\"680\" data-original-height=\"314\" > <div class=\"gallery-group images-1\" style=\"width: 211px; height: 314px;\" data-original-width=\"211\" data-original-height=\"314\" > <div class=\"tiled-gallery-item tiled-gallery-item-small\" itemprop=\"associatedMedia\" itemscope itemtype=\"http:\/\/schema.org\/ImageObject\"> <a href=\"https:\/\/alpimages.ch\/en\/la-galerie-du-poster\/encadrements\/tom_1105\/\" border=\"0\" itemprop=\"url\"> <meta itemprop=\"width\" content=\"207\"> <meta itemprop=\"height\" content=\"310\"> <img decoding=\"async\" class=\"\" data-attachment-id=\"9356\" data-orig-file=\"https:\/\/alpimages.ch\/wp-content\/uploads\/2021\/03\/TOM_1105.jpg\" data-orig-size=\"1183,1772\" data-comments-opened=\"\" data-image-meta=\"{&quot;aperture&quot;:&quot;0&quot;,&quot;credit&quot;:&quot;&quot;,&quot;camera&quot;:&quot;&quot;,&quot;caption&quot;:&quot;&quot;,&quot;created_timestamp&quot;:&quot;0&quot;,&quot;copyright&quot;:&quot;&quot;,&quot;focal_length&quot;:&quot;0&quot;,&quot;iso&quot;:&quot;0&quot;,&quot;shutter_speed&quot;:&quot;0&quot;,&quot;title&quot;:&quot;&quot;,&quot;orientation&quot;:&quot;0&quot;}\" data-image-title=\"TOM_1105\" data-image-description=\"\" data-medium-file=\"https:\/\/i0.wp.com\/alpimages.ch\/wp-content\/uploads\/2021\/03\/TOM_1105.jpg?fit=200%2C300&#038;ssl=1\" data-large-file=\"https:\/\/i0.wp.com\/alpimages.ch\/wp-content\/uploads\/2021\/03\/TOM_1105.jpg?fit=680%2C1018&#038;ssl=1\" src=\"https:\/\/i0.wp.com\/alpimages.ch\/wp-content\/uploads\/2021\/03\/TOM_1105.jpg?w=207&#038;h=310&#038;ssl=1\" srcset=\"https:\/\/i0.wp.com\/alpimages.ch\/wp-content\/uploads\/2021\/03\/TOM_1105.jpg?w=1183&amp;ssl=1 1183w, https:\/\/i0.wp.com\/alpimages.ch\/wp-content\/uploads\/2021\/03\/TOM_1105.jpg?resize=200%2C300&amp;ssl=1 200w, https:\/\/i0.wp.com\/alpimages.ch\/wp-content\/uploads\/2021\/03\/TOM_1105.jpg?resize=684%2C1024&amp;ssl=1 684w, https:\/\/i0.wp.com\/alpimages.ch\/wp-content\/uploads\/2021\/03\/TOM_1105.jpg?resize=100%2C150&amp;ssl=1 100w, https:\/\/i0.wp.com\/alpimages.ch\/wp-content\/uploads\/2021\/03\/TOM_1105.jpg?resize=768%2C1150&amp;ssl=1 768w, https:\/\/i0.wp.com\/alpimages.ch\/wp-content\/uploads\/2021\/03\/TOM_1105.jpg?resize=1025%2C1536&amp;ssl=1 1025w, https:\/\/i0.wp.com\/alpimages.ch\/wp-content\/uploads\/2021\/03\/TOM_1105.jpg?resize=8%2C12&amp;ssl=1 8w, https:\/\/i0.wp.com\/alpimages.ch\/wp-content\/uploads\/2021\/03\/TOM_1105.jpg?resize=317%2C475&amp;ssl=1 317w\" width=\"207\" height=\"310\" loading=\"lazy\" data-original-width=\"207\" data-original-height=\"310\" itemprop=\"http:\/\/schema.org\/image\" title=\"TOM_1105\" alt=\"TOM_1105\" style=\"width: 207px; height: 310px;\" \/> <\/a> <\/div> <\/div> <!-- close group --> <div class=\"gallery-group images-1\" style=\"width: 469px; height: 314px;\" data-original-width=\"469\" data-original-height=\"314\" > <div class=\"tiled-gallery-item tiled-gallery-item-large\" itemprop=\"associatedMedia\" itemscope itemtype=\"http:\/\/schema.org\/ImageObject\"> <a href=\"https:\/\/alpimages.ch\/en\/la-galerie-du-poster\/encadrements\/_tom1931\/\" border=\"0\" itemprop=\"url\"> <meta itemprop=\"width\" content=\"465\"> <meta itemprop=\"height\" content=\"310\"> <img decoding=\"async\" class=\"\" data-attachment-id=\"14728\" data-orig-file=\"https:\/\/alpimages.ch\/wp-content\/uploads\/2026\/02\/TOM1931.jpg\" data-orig-size=\"3543,2362\" data-comments-opened=\"\" data-image-meta=\"{&quot;aperture&quot;:&quot;2.8&quot;,&quot;credit&quot;:&quot;&quot;,&quot;camera&quot;:&quot;NIKON D850&quot;,&quot;caption&quot;:&quot;&quot;,&quot;created_timestamp&quot;:&quot;1673083716&quot;,&quot;copyright&quot;:&quot;&quot;,&quot;focal_length&quot;:&quot;35&quot;,&quot;iso&quot;:&quot;1600&quot;,&quot;shutter_speed&quot;:&quot;0.00625&quot;,&quot;title&quot;:&quot;&quot;,&quot;orientation&quot;:&quot;0&quot;}\" data-image-title=\"_TOM1931\" data-image-description=\"&lt;p&gt;verbier alpimages photo&lt;\/p&gt; \" data-medium-file=\"https:\/\/i0.wp.com\/alpimages.ch\/wp-content\/uploads\/2026\/02\/TOM1931.jpg?fit=300%2C200&#038;ssl=1\" data-large-file=\"https:\/\/i0.wp.com\/alpimages.ch\/wp-content\/uploads\/2026\/02\/TOM1931.jpg?fit=680%2C454&#038;ssl=1\" src=\"https:\/\/i0.wp.com\/alpimages.ch\/wp-content\/uploads\/2026\/02\/TOM1931.jpg?w=465&#038;h=310&#038;ssl=1\" srcset=\"https:\/\/i0.wp.com\/alpimages.ch\/wp-content\/uploads\/2026\/02\/TOM1931.jpg?w=3543&amp;ssl=1 3543w, https:\/\/i0.wp.com\/alpimages.ch\/wp-content\/uploads\/2026\/02\/TOM1931.jpg?resize=300%2C200&amp;ssl=1 300w, https:\/\/i0.wp.com\/alpimages.ch\/wp-content\/uploads\/2026\/02\/TOM1931.jpg?resize=1024%2C683&amp;ssl=1 1024w, https:\/\/i0.wp.com\/alpimages.ch\/wp-content\/uploads\/2026\/02\/TOM1931.jpg?resize=150%2C100&amp;ssl=1 150w, https:\/\/i0.wp.com\/alpimages.ch\/wp-content\/uploads\/2026\/02\/TOM1931.jpg?resize=768%2C512&amp;ssl=1 768w, https:\/\/i0.wp.com\/alpimages.ch\/wp-content\/uploads\/2026\/02\/TOM1931.jpg?resize=1536%2C1024&amp;ssl=1 1536w, https:\/\/i0.wp.com\/alpimages.ch\/wp-content\/uploads\/2026\/02\/TOM1931.jpg?resize=2048%2C1365&amp;ssl=1 2048w, https:\/\/i0.wp.com\/alpimages.ch\/wp-content\/uploads\/2026\/02\/TOM1931.jpg?resize=18%2C12&amp;ssl=1 18w, https:\/\/i0.wp.com\/alpimages.ch\/wp-content\/uploads\/2026\/02\/TOM1931.jpg?resize=317%2C211&amp;ssl=1 317w, https:\/\/i0.wp.com\/alpimages.ch\/wp-content\/uploads\/2026\/02\/TOM1931.jpg?w=1360&amp;ssl=1 1360w\" width=\"465\" height=\"310\" loading=\"lazy\" data-original-width=\"465\" data-original-height=\"310\" itemprop=\"http:\/\/schema.org\/image\" title=\"_TOM1931\" alt=\"verbier alpimages photo\" style=\"width: 465px; height: 310px;\" \/> <\/a> <\/div> <\/div> <!-- close group --> <\/div> <!-- close row --> <div class=\"gallery-row\" style=\"width: 680px; height: 1018px;\" data-original-width=\"680\" data-original-height=\"1018\" > <div class=\"gallery-group images-1\" style=\"width: 680px; height: 1018px;\" data-original-width=\"680\" data-original-height=\"1018\" > <div class=\"tiled-gallery-item tiled-gallery-item-large\" itemprop=\"associatedMedia\" itemscope itemtype=\"http:\/\/schema.org\/ImageObject\"> <a href=\"https:\/\/alpimages.ch\/en\/la-galerie-du-poster\/encadrements\/_tom1864\/\" border=\"0\" itemprop=\"url\"> <meta itemprop=\"width\" content=\"676\"> <meta itemprop=\"height\" content=\"1014\"> <img decoding=\"async\" class=\"\" data-attachment-id=\"14726\" data-orig-file=\"https:\/\/alpimages.ch\/wp-content\/uploads\/2026\/02\/TOM1864.jpg\" data-orig-size=\"2362,3543\" data-comments-opened=\"\" data-image-meta=\"{&quot;aperture&quot;:&quot;2.8&quot;,&quot;credit&quot;:&quot;&quot;,&quot;camera&quot;:&quot;NIKON D850&quot;,&quot;caption&quot;:&quot;&quot;,&quot;created_timestamp&quot;:&quot;1673083467&quot;,&quot;copyright&quot;:&quot;&quot;,&quot;focal_length&quot;:&quot;58&quot;,&quot;iso&quot;:&quot;1600&quot;,&quot;shutter_speed&quot;:&quot;0.00625&quot;,&quot;title&quot;:&quot;&quot;,&quot;orientation&quot;:&quot;0&quot;}\" data-image-title=\"_TOM1864\" data-image-description=\"\" data-medium-file=\"https:\/\/i0.wp.com\/alpimages.ch\/wp-content\/uploads\/2026\/02\/TOM1864.jpg?fit=200%2C300&#038;ssl=1\" data-large-file=\"https:\/\/i0.wp.com\/alpimages.ch\/wp-content\/uploads\/2026\/02\/TOM1864.jpg?fit=680%2C1020&#038;ssl=1\" src=\"https:\/\/i0.wp.com\/alpimages.ch\/wp-content\/uploads\/2026\/02\/TOM1864.jpg?w=676&#038;h=1014&#038;ssl=1\" srcset=\"https:\/\/i0.wp.com\/alpimages.ch\/wp-content\/uploads\/2026\/02\/TOM1864.jpg?w=2362&amp;ssl=1 2362w, https:\/\/i0.wp.com\/alpimages.ch\/wp-content\/uploads\/2026\/02\/TOM1864.jpg?resize=200%2C300&amp;ssl=1 200w, https:\/\/i0.wp.com\/alpimages.ch\/wp-content\/uploads\/2026\/02\/TOM1864.jpg?resize=683%2C1024&amp;ssl=1 683w, https:\/\/i0.wp.com\/alpimages.ch\/wp-content\/uploads\/2026\/02\/TOM1864.jpg?resize=100%2C150&amp;ssl=1 100w, https:\/\/i0.wp.com\/alpimages.ch\/wp-content\/uploads\/2026\/02\/TOM1864.jpg?resize=768%2C1152&amp;ssl=1 768w, https:\/\/i0.wp.com\/alpimages.ch\/wp-content\/uploads\/2026\/02\/TOM1864.jpg?resize=1024%2C1536&amp;ssl=1 1024w, https:\/\/i0.wp.com\/alpimages.ch\/wp-content\/uploads\/2026\/02\/TOM1864.jpg?resize=1365%2C2048&amp;ssl=1 1365w, https:\/\/i0.wp.com\/alpimages.ch\/wp-content\/uploads\/2026\/02\/TOM1864.jpg?resize=8%2C12&amp;ssl=1 8w, https:\/\/i0.wp.com\/alpimages.ch\/wp-content\/uploads\/2026\/02\/TOM1864.jpg?resize=317%2C476&amp;ssl=1 317w, https:\/\/i0.wp.com\/alpimages.ch\/wp-content\/uploads\/2026\/02\/TOM1864.jpg?w=2040&amp;ssl=1 2040w\" width=\"676\" height=\"1014\" loading=\"lazy\" data-original-width=\"676\" data-original-height=\"1014\" itemprop=\"http:\/\/schema.org\/image\" title=\"_TOM1864\" alt=\"_TOM1864\" style=\"width: 676px; height: 1014px;\" \/> <\/a> <\/div> <\/div> <!-- close group --> <\/div> <!-- close row --> <\/div>\n<p>Pour des tirages sur mesure ou des demandes particuli\u00e8res, contactez-nous au +41 27 771 7722 ou envoyez un email \u00e0\u00a0<a href=\"mailto:alpimages@verbier.ch\">alpimages@verbier.ch<\/a><\/p>","protected":false},"excerpt":{"rendered":"<p>Alpimages propose \u00e0 la fois des encadrements traditionnels&nbsp;en bois,&nbsp;en provenance du Valais, et des encadrements sous plexiglass dont les tailles varient de 18x24cm \u00e0 30x90cm. Nous proposons \u00e9galement des cadres grands formats et des formats sur mesure.&nbsp;Nos encadrements garantiront une protection efficace \u00e0 vos images sur le long terme. Pour des tirages sur mesure ou [&hellip;]<\/p>\n","protected":false},"author":1,"featured_media":0,"parent":27,"menu_order":0,"comment_status":"closed","ping_status":"closed","template":"page-full-width.php","meta":{"ngg_post_thumbnail":0,"footnotes":""},"tags":[],"class_list":["post-61","page","type-page","status-publish","hentry"],"yoast_head":"<!-- This site is optimized with the Yoast SEO plugin v27.4 - https:\/\/yoast.com\/product\/yoast-seo-wordpress\/ -->\n<title>Encadrements - Photographes professionnels - Galerie photos &amp; affiches - Verbier<\/title>\n<meta name=\"description\" content=\"Alpimages propose des encadrements pour vos photos et illustrations traditionnels en bois et des encadrements sous plexiglass.\" \/>\n<meta name=\"robots\" content=\"index, follow, max-snippet:-1, max-image-preview:large, max-video-preview:-1\" \/>\n<link rel=\"canonical\" href=\"https:\/\/alpimages.ch\/en\/la-galerie-du-poster\/encadrements\/\" \/>\n<meta property=\"og:locale\" content=\"en_US\" \/>\n<meta property=\"og:type\" content=\"article\" \/>\n<meta property=\"og:title\" content=\"Encadrements - Photographes professionnels - Galerie photos &amp; affiches - Verbier\" \/>\n<meta property=\"og:description\" content=\"Alpimages propose des encadrements pour vos photos et illustrations traditionnels en bois et des encadrements sous plexiglass.\" \/>\n<meta property=\"og:url\" content=\"https:\/\/alpimages.ch\/en\/la-galerie-du-poster\/encadrements\/\" \/>\n<meta property=\"og:site_name\" content=\"Photographes professionnels - Galerie photos &amp; affiches - Verbier\" \/>\n<meta property=\"article:modified_time\" content=\"2026-03-13T19:38:03+00:00\" \/>\n<meta property=\"og:image\" content=\"https:\/\/i0.wp.com\/alpimages.ch\/wp-content\/uploads\/2021\/03\/TOM_1287.jpg?w=158&#038;h=236&#038;ssl=1\" \/>\n<meta name=\"twitter:card\" content=\"summary_large_image\" \/>\n<meta name=\"twitter:label1\" content=\"Est. reading time\" \/>\n\t<meta name=\"twitter:data1\" content=\"1 minute\" \/>\n<script type=\"application\/ld+json\" class=\"yoast-schema-graph\">{\"@context\":\"https:\\\/\\\/schema.org\",\"@graph\":[{\"@type\":\"WebPage\",\"@id\":\"https:\\\/\\\/alpimages.ch\\\/la-galerie-du-poster\\\/encadrements\\\/\",\"url\":\"https:\\\/\\\/alpimages.ch\\\/la-galerie-du-poster\\\/encadrements\\\/\",\"name\":\"Encadrements - Photographes professionnels - Galerie photos &amp; affiches - Verbier\",\"isPartOf\":{\"@id\":\"https:\\\/\\\/alpimages.ch\\\/#website\"},\"datePublished\":\"2015-03-21T10:26:43+00:00\",\"dateModified\":\"2026-03-13T19:38:03+00:00\",\"description\":\"Alpimages propose des encadrements pour vos photos et illustrations traditionnels en bois et des encadrements sous plexiglass.\",\"breadcrumb\":{\"@id\":\"https:\\\/\\\/alpimages.ch\\\/la-galerie-du-poster\\\/encadrements\\\/#breadcrumb\"},\"inLanguage\":\"en-US\",\"potentialAction\":[{\"@type\":\"ReadAction\",\"target\":[\"https:\\\/\\\/alpimages.ch\\\/la-galerie-du-poster\\\/encadrements\\\/\"]}]},{\"@type\":\"BreadcrumbList\",\"@id\":\"https:\\\/\\\/alpimages.ch\\\/la-galerie-du-poster\\\/encadrements\\\/#breadcrumb\",\"itemListElement\":[{\"@type\":\"ListItem\",\"position\":1,\"name\":\"Accueil\",\"item\":\"https:\\\/\\\/alpimages.ch\\\/\"},{\"@type\":\"ListItem\",\"position\":2,\"name\":\"La Galerie du Poster\",\"item\":\"https:\\\/\\\/alpimages.ch\\\/la-galerie-du-poster\\\/\"},{\"@type\":\"ListItem\",\"position\":3,\"name\":\"Encadrements\"}]},{\"@type\":\"WebSite\",\"@id\":\"https:\\\/\\\/alpimages.ch\\\/#website\",\"url\":\"https:\\\/\\\/alpimages.ch\\\/\",\"name\":\"Photographes professionnels - Galerie photos &amp; affiches - Verbier\",\"description\":\"Photographes professionnels bas\u00e9s \u00e0 Verbier, nous offrons diff\u00e9rents services comme l&#039;impression photo, l&#039;encadrement, la vente d&#039;affiches et de posters et l&#039;organisation d&#039;\u00e9v\u00e8nements priv\u00e9s.\",\"potentialAction\":[{\"@type\":\"SearchAction\",\"target\":{\"@type\":\"EntryPoint\",\"urlTemplate\":\"https:\\\/\\\/alpimages.ch\\\/?s={search_term_string}\"},\"query-input\":{\"@type\":\"PropertyValueSpecification\",\"valueRequired\":true,\"valueName\":\"search_term_string\"}}],\"inLanguage\":\"en-US\"}]}<\/script>\n<!-- \/ Yoast SEO plugin. -->","yoast_head_json":{"title":"Encadrements - Photographes professionnels - Galerie photos &amp; affiches - Verbier","description":"Alpimages propose des encadrements pour vos photos et illustrations traditionnels en bois et des encadrements sous plexiglass.","robots":{"index":"index","follow":"follow","max-snippet":"max-snippet:-1","max-image-preview":"max-image-preview:large","max-video-preview":"max-video-preview:-1"},"canonical":"https:\/\/alpimages.ch\/en\/la-galerie-du-poster\/encadrements\/","og_locale":"en_US","og_type":"article","og_title":"Encadrements - Photographes professionnels - Galerie photos &amp; affiches - Verbier","og_description":"Alpimages propose des encadrements pour vos photos et illustrations traditionnels en bois et des encadrements sous plexiglass.","og_url":"https:\/\/alpimages.ch\/en\/la-galerie-du-poster\/encadrements\/","og_site_name":"Photographes professionnels - Galerie photos &amp; affiches - Verbier","article_modified_time":"2026-03-13T19:38:03+00:00","og_image":[{"url":"https:\/\/i0.wp.com\/alpimages.ch\/wp-content\/uploads\/2021\/03\/TOM_1287.jpg?w=158&#038;h=236&#038;ssl=1","type":"","width":"","height":""}],"twitter_card":"summary_large_image","twitter_misc":{"Est. reading time":"1 minute"},"schema":{"@context":"https:\/\/schema.org","@graph":[{"@type":"WebPage","@id":"https:\/\/alpimages.ch\/la-galerie-du-poster\/encadrements\/","url":"https:\/\/alpimages.ch\/la-galerie-du-poster\/encadrements\/","name":"Encadrements - Photographes professionnels - Galerie photos &amp; affiches - Verbier","isPartOf":{"@id":"https:\/\/alpimages.ch\/#website"},"datePublished":"2015-03-21T10:26:43+00:00","dateModified":"2026-03-13T19:38:03+00:00","description":"Alpimages propose des encadrements pour vos photos et illustrations traditionnels en bois et des encadrements sous plexiglass.","breadcrumb":{"@id":"https:\/\/alpimages.ch\/la-galerie-du-poster\/encadrements\/#breadcrumb"},"inLanguage":"en-US","potentialAction":[{"@type":"ReadAction","target":["https:\/\/alpimages.ch\/la-galerie-du-poster\/encadrements\/"]}]},{"@type":"BreadcrumbList","@id":"https:\/\/alpimages.ch\/la-galerie-du-poster\/encadrements\/#breadcrumb","itemListElement":[{"@type":"ListItem","position":1,"name":"Accueil","item":"https:\/\/alpimages.ch\/"},{"@type":"ListItem","position":2,"name":"La Galerie du Poster","item":"https:\/\/alpimages.ch\/la-galerie-du-poster\/"},{"@type":"ListItem","position":3,"name":"Encadrements"}]},{"@type":"WebSite","@id":"https:\/\/alpimages.ch\/#website","url":"https:\/\/alpimages.ch\/","name":"Photographes professionnels - Galerie photos &amp; affiches - Verbier","description":"Photographes professionnels bas\u00e9s \u00e0 Verbier, nous offrons diff\u00e9rents services comme l&#039;impression photo, l&#039;encadrement, la vente d&#039;affiches et de posters et l&#039;organisation d&#039;\u00e9v\u00e8nements priv\u00e9s.","potentialAction":[{"@type":"SearchAction","target":{"@type":"EntryPoint","urlTemplate":"https:\/\/alpimages.ch\/?s={search_term_string}"},"query-input":{"@type":"PropertyValueSpecification","valueRequired":true,"valueName":"search_term_string"}}],"inLanguage":"en-US"}]}},"jetpack_sharing_enabled":true,"jetpack_shortlink":"https:\/\/wp.me\/P5FEld-Z","jetpack_likes_enabled":true,"_links":{"self":[{"href":"https:\/\/alpimages.ch\/en\/wp-json\/wp\/v2\/pages\/61","targetHints":{"allow":["GET"]}}],"collection":[{"href":"https:\/\/alpimages.ch\/en\/wp-json\/wp\/v2\/pages"}],"about":[{"href":"https:\/\/alpimages.ch\/en\/wp-json\/wp\/v2\/types\/page"}],"author":[{"embeddable":true,"href":"https:\/\/alpimages.ch\/en\/wp-json\/wp\/v2\/users\/1"}],"replies":[{"embeddable":true,"href":"https:\/\/alpimages.ch\/en\/wp-json\/wp\/v2\/comments?post=61"}],"version-history":[{"count":18,"href":"https:\/\/alpimages.ch\/en\/wp-json\/wp\/v2\/pages\/61\/revisions"}],"predecessor-version":[{"id":14926,"href":"https:\/\/alpimages.ch\/en\/wp-json\/wp\/v2\/pages\/61\/revisions\/14926"}],"up":[{"embeddable":true,"href":"https:\/\/alpimages.ch\/en\/wp-json\/wp\/v2\/pages\/27"}],"wp:attachment":[{"href":"https:\/\/alpimages.ch\/en\/wp-json\/wp\/v2\/media?parent=61"}],"wp:term":[{"taxonomy":"post_tag","embeddable":true,"href":"https:\/\/alpimages.ch\/en\/wp-json\/wp\/v2\/tags?post=61"}],"curies":[{"name":"wp","href":"https:\/\/api.w.org\/{rel}","templated":true}]}}