{"id":66,"date":"2015-03-21T10:27:50","date_gmt":"2015-03-21T10:27:50","guid":{"rendered":"https:\/\/alpimages.ch\/?page_id=66"},"modified":"2026-03-13T19:35:24","modified_gmt":"2026-03-13T19:35:24","slug":"affiches-posters","status":"publish","type":"page","link":"https:\/\/alpimages.ch\/en\/la-galerie-du-poster\/affiches-posters\/","title":{"rendered":"Affiches &amp; Posters"},"content":{"rendered":"<p>Depuis 2018, Alpimages a \u00e9largi son offre en introduisant au sein du magasin une galerie d&rsquo;affiches et de posters en s\u00e9rie limit\u00e9e. Nous collaborons avec de nombreux artistes, illustrateurs, dessinateurs et peintres afin de vous proposer une d\u00e9coration murale dans l&rsquo;essence de Verbier.<\/p>\n<p>Venez d\u00e9couvrir notre gamme d&rsquo;affiches et de posters qui refl\u00e8tent la beaut\u00e9 et la magie de Verbier, tous les jours de la saison d&rsquo;hiver et d&rsquo;\u00e9t\u00e9.<\/p>\n<p>Pour plus d&rsquo;information, vous pouvez aussi nous contacter au +41 27 771 7722 ou nous envoyer un email \u00e0 <a href=\"mailto:alpimages@verbier.ch\">alpimages@verbier.ch<\/a><\/p>\n\n\n<h2 class=\"wp-block-heading\"><\/h2>\n\n\n\n<div class=\"wp-block-group is-nowrap is-layout-flex wp-container-core-group-is-layout-ad2f72ca wp-block-group-is-layout-flex\">\n<div class=\"wp-block-jetpack-tiled-gallery aligncenter is-style-rectangular\"><div class=\"\"><div class=\"tiled-gallery__gallery\"><div class=\"tiled-gallery__row\"><div class=\"tiled-gallery__col\" style=\"flex-basis:33.33333%\"><figure class=\"tiled-gallery__item\"><img decoding=\"async\" data-attachment-id=\"14721\" data-permalink=\"https:\/\/alpimages.ch\/en\/la-galerie-du-poster\/affiches-posters\/galeriealpimages-47\/\" data-orig-file=\"https:\/\/i0.wp.com\/alpimages.ch\/wp-content\/uploads\/2026\/02\/GalerieAlpimages-47.jpg?fit=2362%2C3543&amp;ssl=1\" data-orig-size=\"2362,3543\" data-comments-opened=\"0\" data-image-meta=\"{&quot;aperture&quot;:&quot;0&quot;,&quot;credit&quot;:&quot;&quot;,&quot;camera&quot;:&quot;&quot;,&quot;caption&quot;:&quot;&quot;,&quot;created_timestamp&quot;:&quot;0&quot;,&quot;copyright&quot;:&quot;&quot;,&quot;focal_length&quot;:&quot;0&quot;,&quot;iso&quot;:&quot;0&quot;,&quot;shutter_speed&quot;:&quot;0&quot;,&quot;title&quot;:&quot;&quot;,&quot;orientation&quot;:&quot;0&quot;}\" data-image-title=\"GalerieAlpimages-47\" data-image-description=\"\" data-image-caption=\"\" data-large-file=\"https:\/\/i0.wp.com\/alpimages.ch\/wp-content\/uploads\/2026\/02\/GalerieAlpimages-47.jpg?fit=680%2C1020&amp;ssl=1\" role=\"button\" tabindex=\"0\" aria-label=\"Open image 1 of 32 in full-screen\" srcset=\"https:\/\/i0.wp.com\/alpimages.ch\/wp-content\/uploads\/2026\/02\/GalerieAlpimages-47-683x1024.jpg?strip=info&#038;w=600&#038;ssl=1 600w,https:\/\/i0.wp.com\/alpimages.ch\/wp-content\/uploads\/2026\/02\/GalerieAlpimages-47-683x1024.jpg?strip=info&#038;w=900&#038;ssl=1 900w,https:\/\/i0.wp.com\/alpimages.ch\/wp-content\/uploads\/2026\/02\/GalerieAlpimages-47-683x1024.jpg?strip=info&#038;w=1200&#038;ssl=1 1200w,https:\/\/i0.wp.com\/alpimages.ch\/wp-content\/uploads\/2026\/02\/GalerieAlpimages-47-683x1024.jpg?strip=info&#038;w=1500&#038;ssl=1 1500w,https:\/\/i0.wp.com\/alpimages.ch\/wp-content\/uploads\/2026\/02\/GalerieAlpimages-47-683x1024.jpg?strip=info&#038;w=1800&#038;ssl=1 1800w,https:\/\/i0.wp.com\/alpimages.ch\/wp-content\/uploads\/2026\/02\/GalerieAlpimages-47-683x1024.jpg?strip=info&#038;w=2000&#038;ssl=1 2000w\" alt=\"\" data-height=\"3543\" data-id=\"14721\" data-link=\"https:\/\/alpimages.ch\/la-galerie-du-poster\/affiches-posters\/galeriealpimages-47\/\" data-url=\"https:\/\/alpimages.ch\/wp-content\/uploads\/2026\/02\/GalerieAlpimages-47-683x1024.jpg\" data-width=\"2362\" src=\"https:\/\/i0.wp.com\/alpimages.ch\/wp-content\/uploads\/2026\/02\/GalerieAlpimages-47-683x1024.jpg?ssl=1\" data-amp-layout=\"responsive\"\/><\/figure><\/div><div class=\"tiled-gallery__col\" style=\"flex-basis:33.33333%\"><figure class=\"tiled-gallery__item\"><img decoding=\"async\" data-attachment-id=\"14720\" data-permalink=\"https:\/\/alpimages.ch\/en\/la-galerie-du-poster\/affiches-posters\/galeriealpimages-39\/\" data-orig-file=\"https:\/\/i0.wp.com\/alpimages.ch\/wp-content\/uploads\/2026\/02\/GalerieAlpimages-39.jpg?fit=2362%2C3543&amp;ssl=1\" data-orig-size=\"2362,3543\" data-comments-opened=\"0\" data-image-meta=\"{&quot;aperture&quot;:&quot;0&quot;,&quot;credit&quot;:&quot;&quot;,&quot;camera&quot;:&quot;&quot;,&quot;caption&quot;:&quot;&quot;,&quot;created_timestamp&quot;:&quot;0&quot;,&quot;copyright&quot;:&quot;&quot;,&quot;focal_length&quot;:&quot;0&quot;,&quot;iso&quot;:&quot;0&quot;,&quot;shutter_speed&quot;:&quot;0&quot;,&quot;title&quot;:&quot;&quot;,&quot;orientation&quot;:&quot;0&quot;}\" data-image-title=\"GalerieAlpimages-39\" data-image-description=\"\" data-image-caption=\"\" data-large-file=\"https:\/\/i0.wp.com\/alpimages.ch\/wp-content\/uploads\/2026\/02\/GalerieAlpimages-39.jpg?fit=680%2C1020&amp;ssl=1\" role=\"button\" tabindex=\"0\" aria-label=\"Open image 2 of 32 in full-screen\" srcset=\"https:\/\/i0.wp.com\/alpimages.ch\/wp-content\/uploads\/2026\/02\/GalerieAlpimages-39-683x1024.jpg?strip=info&#038;w=600&#038;ssl=1 600w,https:\/\/i0.wp.com\/alpimages.ch\/wp-content\/uploads\/2026\/02\/GalerieAlpimages-39-683x1024.jpg?strip=info&#038;w=900&#038;ssl=1 900w,https:\/\/i0.wp.com\/alpimages.ch\/wp-content\/uploads\/2026\/02\/GalerieAlpimages-39-683x1024.jpg?strip=info&#038;w=1200&#038;ssl=1 1200w,https:\/\/i0.wp.com\/alpimages.ch\/wp-content\/uploads\/2026\/02\/GalerieAlpimages-39-683x1024.jpg?strip=info&#038;w=1500&#038;ssl=1 1500w,https:\/\/i0.wp.com\/alpimages.ch\/wp-content\/uploads\/2026\/02\/GalerieAlpimages-39-683x1024.jpg?strip=info&#038;w=1800&#038;ssl=1 1800w,https:\/\/i0.wp.com\/alpimages.ch\/wp-content\/uploads\/2026\/02\/GalerieAlpimages-39-683x1024.jpg?strip=info&#038;w=2000&#038;ssl=1 2000w\" alt=\"\" data-height=\"3543\" data-id=\"14720\" data-link=\"https:\/\/alpimages.ch\/la-galerie-du-poster\/affiches-posters\/galeriealpimages-39\/\" data-url=\"https:\/\/alpimages.ch\/wp-content\/uploads\/2026\/02\/GalerieAlpimages-39-683x1024.jpg\" data-width=\"2362\" src=\"https:\/\/i0.wp.com\/alpimages.ch\/wp-content\/uploads\/2026\/02\/GalerieAlpimages-39-683x1024.jpg?ssl=1\" data-amp-layout=\"responsive\"\/><\/figure><\/div><div class=\"tiled-gallery__col\" style=\"flex-basis:33.33333%\"><figure class=\"tiled-gallery__item\"><img decoding=\"async\" data-attachment-id=\"14318\" data-permalink=\"https:\/\/alpimages.ch\/en\/la-galerie-du-poster\/affiches-posters\/%ef%b8%8falpimagesverbier-2523\/\" data-orig-file=\"https:\/\/i0.wp.com\/alpimages.ch\/wp-content\/uploads\/2025\/08\/%C2%A9%EF%B8%8FAlpimagesVerbier-2523.jpg?fit=2362%2C3543&amp;ssl=1\" data-orig-size=\"2362,3543\" data-comments-opened=\"0\" data-image-meta=\"{&quot;aperture&quot;:&quot;3.2&quot;,&quot;credit&quot;:&quot;&quot;,&quot;camera&quot;:&quot;NIKON Z 8&quot;,&quot;caption&quot;:&quot;&quot;,&quot;created_timestamp&quot;:&quot;1732978700&quot;,&quot;copyright&quot;:&quot;&quot;,&quot;focal_length&quot;:&quot;45&quot;,&quot;iso&quot;:&quot;1250&quot;,&quot;shutter_speed&quot;:&quot;0.005&quot;,&quot;title&quot;:&quot;&quot;,&quot;orientation&quot;:&quot;0&quot;}\" data-image-title=\"\u00a9\ufe0fAlpimagesVerbier-2523\" data-image-description=\"\" data-image-caption=\"\" data-large-file=\"https:\/\/i0.wp.com\/alpimages.ch\/wp-content\/uploads\/2025\/08\/%C2%A9%EF%B8%8FAlpimagesVerbier-2523.jpg?fit=680%2C1020&amp;ssl=1\" role=\"button\" tabindex=\"0\" aria-label=\"Open image 3 of 32 in full-screen\" srcset=\"https:\/\/i0.wp.com\/alpimages.ch\/wp-content\/uploads\/2025\/08\/%C2%A9%EF%B8%8FAlpimagesVerbier-2523-683x1024.jpg?strip=info&#038;w=600&#038;ssl=1 600w,https:\/\/i0.wp.com\/alpimages.ch\/wp-content\/uploads\/2025\/08\/%C2%A9%EF%B8%8FAlpimagesVerbier-2523-683x1024.jpg?strip=info&#038;w=900&#038;ssl=1 900w,https:\/\/i0.wp.com\/alpimages.ch\/wp-content\/uploads\/2025\/08\/%C2%A9%EF%B8%8FAlpimagesVerbier-2523-683x1024.jpg?strip=info&#038;w=1200&#038;ssl=1 1200w,https:\/\/i0.wp.com\/alpimages.ch\/wp-content\/uploads\/2025\/08\/%C2%A9%EF%B8%8FAlpimagesVerbier-2523-683x1024.jpg?strip=info&#038;w=1500&#038;ssl=1 1500w,https:\/\/i0.wp.com\/alpimages.ch\/wp-content\/uploads\/2025\/08\/%C2%A9%EF%B8%8FAlpimagesVerbier-2523-683x1024.jpg?strip=info&#038;w=1800&#038;ssl=1 1800w,https:\/\/i0.wp.com\/alpimages.ch\/wp-content\/uploads\/2025\/08\/%C2%A9%EF%B8%8FAlpimagesVerbier-2523-683x1024.jpg?strip=info&#038;w=2000&#038;ssl=1 2000w\" alt=\"\" data-height=\"3543\" data-id=\"14318\" data-link=\"https:\/\/alpimages.ch\/la-galerie-du-poster\/affiches-posters\/%ef%b8%8falpimagesverbier-2523\/\" data-url=\"https:\/\/alpimages.ch\/wp-content\/uploads\/2025\/08\/\u00a9\ufe0fAlpimagesVerbier-2523-683x1024.jpg\" data-width=\"2362\" src=\"https:\/\/i0.wp.com\/alpimages.ch\/wp-content\/uploads\/2025\/08\/%C2%A9%EF%B8%8FAlpimagesVerbier-2523-683x1024.jpg?ssl=1\" data-amp-layout=\"responsive\"\/><\/figure><\/div><\/div><div class=\"tiled-gallery__row\"><div class=\"tiled-gallery__col\" style=\"flex-basis:73.84609%\"><figure class=\"tiled-gallery__item\"><img decoding=\"async\" data-attachment-id=\"14790\" data-permalink=\"https:\/\/alpimages.ch\/en\/la-galerie-du-poster\/affiches-posters\/galeriealpimagesplanlarge-6\/\" data-orig-file=\"https:\/\/i0.wp.com\/alpimages.ch\/wp-content\/uploads\/2026\/02\/GalerieAlpimagesPLANLARGE-6.jpg?fit=3543%2C1875&amp;ssl=1\" data-orig-size=\"3543,1875\" data-comments-opened=\"0\" data-image-meta=\"{&quot;aperture&quot;:&quot;0&quot;,&quot;credit&quot;:&quot;&quot;,&quot;camera&quot;:&quot;&quot;,&quot;caption&quot;:&quot;&quot;,&quot;created_timestamp&quot;:&quot;0&quot;,&quot;copyright&quot;:&quot;&quot;,&quot;focal_length&quot;:&quot;0&quot;,&quot;iso&quot;:&quot;0&quot;,&quot;shutter_speed&quot;:&quot;0&quot;,&quot;title&quot;:&quot;&quot;,&quot;orientation&quot;:&quot;0&quot;}\" data-image-title=\"GalerieAlpimagesPLANLARGE-6\" data-image-description=\"\" data-image-caption=\"\" data-large-file=\"https:\/\/i0.wp.com\/alpimages.ch\/wp-content\/uploads\/2026\/02\/GalerieAlpimagesPLANLARGE-6.jpg?fit=680%2C360&amp;ssl=1\" role=\"button\" tabindex=\"0\" aria-label=\"Open image 4 of 32 in full-screen\" srcset=\"https:\/\/i0.wp.com\/alpimages.ch\/wp-content\/uploads\/2026\/02\/GalerieAlpimagesPLANLARGE-6-1024x542.jpg?strip=info&#038;w=600&#038;ssl=1 600w,https:\/\/i0.wp.com\/alpimages.ch\/wp-content\/uploads\/2026\/02\/GalerieAlpimagesPLANLARGE-6-1024x542.jpg?strip=info&#038;w=900&#038;ssl=1 900w,https:\/\/i0.wp.com\/alpimages.ch\/wp-content\/uploads\/2026\/02\/GalerieAlpimagesPLANLARGE-6-1024x542.jpg?strip=info&#038;w=1200&#038;ssl=1 1200w,https:\/\/i0.wp.com\/alpimages.ch\/wp-content\/uploads\/2026\/02\/GalerieAlpimagesPLANLARGE-6-1024x542.jpg?strip=info&#038;w=1500&#038;ssl=1 1500w,https:\/\/i0.wp.com\/alpimages.ch\/wp-content\/uploads\/2026\/02\/GalerieAlpimagesPLANLARGE-6-1024x542.jpg?strip=info&#038;w=1800&#038;ssl=1 1800w,https:\/\/i0.wp.com\/alpimages.ch\/wp-content\/uploads\/2026\/02\/GalerieAlpimagesPLANLARGE-6-1024x542.jpg?strip=info&#038;w=2000&#038;ssl=1 2000w\" alt=\"\" data-height=\"1875\" data-id=\"14790\" data-link=\"https:\/\/alpimages.ch\/la-galerie-du-poster\/affiches-posters\/galeriealpimagesplanlarge-6\/\" data-url=\"https:\/\/alpimages.ch\/wp-content\/uploads\/2026\/02\/GalerieAlpimagesPLANLARGE-6-1024x542.jpg\" data-width=\"3543\" src=\"https:\/\/i0.wp.com\/alpimages.ch\/wp-content\/uploads\/2026\/02\/GalerieAlpimagesPLANLARGE-6-1024x542.jpg?ssl=1\" data-amp-layout=\"responsive\"\/><\/figure><\/div><div class=\"tiled-gallery__col\" style=\"flex-basis:26.15391%\"><figure class=\"tiled-gallery__item\"><img decoding=\"async\" data-attachment-id=\"14920\" data-permalink=\"https:\/\/alpimages.ch\/en\/la-galerie-du-poster\/affiches-posters\/_tom3772-3\/\" data-orig-file=\"https:\/\/i0.wp.com\/alpimages.ch\/wp-content\/uploads\/2026\/03\/TOM3772-2.jpg?fit=2362%2C3543&amp;ssl=1\" data-orig-size=\"2362,3543\" data-comments-opened=\"0\" data-image-meta=\"{&quot;aperture&quot;:&quot;2.8&quot;,&quot;credit&quot;:&quot;&quot;,&quot;camera&quot;:&quot;NIKON Z6_3&quot;,&quot;caption&quot;:&quot;&quot;,&quot;created_timestamp&quot;:&quot;1772221653&quot;,&quot;copyright&quot;:&quot;&quot;,&quot;focal_length&quot;:&quot;61&quot;,&quot;iso&quot;:&quot;1250&quot;,&quot;shutter_speed&quot;:&quot;0.0125&quot;,&quot;title&quot;:&quot;&quot;,&quot;orientation&quot;:&quot;0&quot;}\" data-image-title=\"_TOM3772\" data-image-description=\"\" data-image-caption=\"\" data-large-file=\"https:\/\/i0.wp.com\/alpimages.ch\/wp-content\/uploads\/2026\/03\/TOM3772-2.jpg?fit=680%2C1020&amp;ssl=1\" role=\"button\" tabindex=\"0\" aria-label=\"Open image 5 of 32 in full-screen\" srcset=\"https:\/\/i0.wp.com\/alpimages.ch\/wp-content\/uploads\/2026\/03\/TOM3772-2-683x1024.jpg?strip=info&#038;w=600&#038;ssl=1 600w,https:\/\/i0.wp.com\/alpimages.ch\/wp-content\/uploads\/2026\/03\/TOM3772-2-683x1024.jpg?strip=info&#038;w=900&#038;ssl=1 900w,https:\/\/i0.wp.com\/alpimages.ch\/wp-content\/uploads\/2026\/03\/TOM3772-2-683x1024.jpg?strip=info&#038;w=1200&#038;ssl=1 1200w,https:\/\/i0.wp.com\/alpimages.ch\/wp-content\/uploads\/2026\/03\/TOM3772-2-683x1024.jpg?strip=info&#038;w=1500&#038;ssl=1 1500w,https:\/\/i0.wp.com\/alpimages.ch\/wp-content\/uploads\/2026\/03\/TOM3772-2-683x1024.jpg?strip=info&#038;w=1800&#038;ssl=1 1800w,https:\/\/i0.wp.com\/alpimages.ch\/wp-content\/uploads\/2026\/03\/TOM3772-2-683x1024.jpg?strip=info&#038;w=2000&#038;ssl=1 2000w\" alt=\"\" data-height=\"3543\" data-id=\"14920\" data-link=\"https:\/\/alpimages.ch\/la-galerie-du-poster\/affiches-posters\/_tom3772-3\/\" data-url=\"https:\/\/alpimages.ch\/wp-content\/uploads\/2026\/03\/TOM3772-2-683x1024.jpg\" data-width=\"2362\" src=\"https:\/\/i0.wp.com\/alpimages.ch\/wp-content\/uploads\/2026\/03\/TOM3772-2-683x1024.jpg?ssl=1\" data-amp-layout=\"responsive\"\/><\/figure><\/div><\/div><div class=\"tiled-gallery__row\"><div class=\"tiled-gallery__col\" style=\"flex-basis:27.26313%\"><figure class=\"tiled-gallery__item\"><img decoding=\"async\" data-attachment-id=\"14845\" data-permalink=\"https:\/\/alpimages.ch\/en\/la-galerie-du-poster\/affiches-posters\/alpimages-4761\/\" data-orig-file=\"https:\/\/i0.wp.com\/alpimages.ch\/wp-content\/uploads\/2026\/02\/%C2%A9Alpimages-4761.jpg?fit=2657%2C3543&amp;ssl=1\" data-orig-size=\"2657,3543\" data-comments-opened=\"0\" data-image-meta=\"{&quot;aperture&quot;:&quot;0&quot;,&quot;credit&quot;:&quot;&quot;,&quot;camera&quot;:&quot;&quot;,&quot;caption&quot;:&quot;&quot;,&quot;created_timestamp&quot;:&quot;0&quot;,&quot;copyright&quot;:&quot;&quot;,&quot;focal_length&quot;:&quot;0&quot;,&quot;iso&quot;:&quot;0&quot;,&quot;shutter_speed&quot;:&quot;0&quot;,&quot;title&quot;:&quot;&quot;,&quot;orientation&quot;:&quot;0&quot;}\" data-image-title=\"\u00a9Alpimages-4761\" data-image-description=\"\" data-image-caption=\"\" data-large-file=\"https:\/\/i0.wp.com\/alpimages.ch\/wp-content\/uploads\/2026\/02\/%C2%A9Alpimages-4761.jpg?fit=680%2C907&amp;ssl=1\" role=\"button\" tabindex=\"0\" aria-label=\"Open image 6 of 32 in full-screen\" srcset=\"https:\/\/i0.wp.com\/alpimages.ch\/wp-content\/uploads\/2026\/02\/%C2%A9Alpimages-4761-768x1024.jpg?strip=info&#038;w=600&#038;ssl=1 600w,https:\/\/i0.wp.com\/alpimages.ch\/wp-content\/uploads\/2026\/02\/%C2%A9Alpimages-4761-768x1024.jpg?strip=info&#038;w=900&#038;ssl=1 900w,https:\/\/i0.wp.com\/alpimages.ch\/wp-content\/uploads\/2026\/02\/%C2%A9Alpimages-4761-768x1024.jpg?strip=info&#038;w=1200&#038;ssl=1 1200w,https:\/\/i0.wp.com\/alpimages.ch\/wp-content\/uploads\/2026\/02\/%C2%A9Alpimages-4761-768x1024.jpg?strip=info&#038;w=1500&#038;ssl=1 1500w,https:\/\/i0.wp.com\/alpimages.ch\/wp-content\/uploads\/2026\/02\/%C2%A9Alpimages-4761-768x1024.jpg?strip=info&#038;w=1800&#038;ssl=1 1800w,https:\/\/i0.wp.com\/alpimages.ch\/wp-content\/uploads\/2026\/02\/%C2%A9Alpimages-4761-768x1024.jpg?strip=info&#038;w=2000&#038;ssl=1 2000w\" alt=\"\" data-height=\"3543\" data-id=\"14845\" data-link=\"https:\/\/alpimages.ch\/la-galerie-du-poster\/affiches-posters\/alpimages-4761\/\" data-url=\"https:\/\/alpimages.ch\/wp-content\/uploads\/2026\/02\/\u00a9Alpimages-4761-768x1024.jpg\" data-width=\"2657\" src=\"https:\/\/i0.wp.com\/alpimages.ch\/wp-content\/uploads\/2026\/02\/%C2%A9Alpimages-4761-768x1024.jpg?ssl=1\" data-amp-layout=\"responsive\"\/><\/figure><\/div><div class=\"tiled-gallery__col\" style=\"flex-basis:24.24562%\"><figure class=\"tiled-gallery__item\"><img decoding=\"async\" data-attachment-id=\"13637\" data-permalink=\"https:\/\/alpimages.ch\/en\/la-galerie-du-poster\/affiches-posters\/_tom2853\/\" data-orig-file=\"https:\/\/i0.wp.com\/alpimages.ch\/wp-content\/uploads\/2025\/05\/TOM2853.jpg?fit=2362%2C3543&amp;ssl=1\" data-orig-size=\"2362,3543\" data-comments-opened=\"0\" data-image-meta=\"{&quot;aperture&quot;:&quot;2.2&quot;,&quot;credit&quot;:&quot;&quot;,&quot;camera&quot;:&quot;NIKON D850&quot;,&quot;caption&quot;:&quot;&quot;,&quot;created_timestamp&quot;:&quot;1722420265&quot;,&quot;copyright&quot;:&quot;&quot;,&quot;focal_length&quot;:&quot;105&quot;,&quot;iso&quot;:&quot;800&quot;,&quot;shutter_speed&quot;:&quot;0.0025&quot;,&quot;title&quot;:&quot;&quot;,&quot;orientation&quot;:&quot;0&quot;}\" data-image-title=\"_TOM2853\" data-image-description=\"\" data-image-caption=\"\" data-large-file=\"https:\/\/i0.wp.com\/alpimages.ch\/wp-content\/uploads\/2025\/05\/TOM2853.jpg?fit=680%2C1020&amp;ssl=1\" role=\"button\" tabindex=\"0\" aria-label=\"Open image 7 of 32 in full-screen\" srcset=\"https:\/\/i0.wp.com\/alpimages.ch\/wp-content\/uploads\/2025\/05\/TOM2853-683x1024.jpg?strip=info&#038;w=600&#038;ssl=1 600w,https:\/\/i0.wp.com\/alpimages.ch\/wp-content\/uploads\/2025\/05\/TOM2853-683x1024.jpg?strip=info&#038;w=900&#038;ssl=1 900w,https:\/\/i0.wp.com\/alpimages.ch\/wp-content\/uploads\/2025\/05\/TOM2853-683x1024.jpg?strip=info&#038;w=1200&#038;ssl=1 1200w,https:\/\/i0.wp.com\/alpimages.ch\/wp-content\/uploads\/2025\/05\/TOM2853-683x1024.jpg?strip=info&#038;w=1500&#038;ssl=1 1500w,https:\/\/i0.wp.com\/alpimages.ch\/wp-content\/uploads\/2025\/05\/TOM2853-683x1024.jpg?strip=info&#038;w=1800&#038;ssl=1 1800w,https:\/\/i0.wp.com\/alpimages.ch\/wp-content\/uploads\/2025\/05\/TOM2853-683x1024.jpg?strip=info&#038;w=2000&#038;ssl=1 2000w\" alt=\"\" data-height=\"3543\" data-id=\"13637\" data-link=\"https:\/\/alpimages.ch\/la-galerie-du-poster\/affiches-posters\/_tom2853\/\" data-url=\"https:\/\/alpimages.ch\/wp-content\/uploads\/2025\/05\/TOM2853-683x1024.jpg\" data-width=\"2362\" src=\"https:\/\/i0.wp.com\/alpimages.ch\/wp-content\/uploads\/2025\/05\/TOM2853-683x1024.jpg?ssl=1\" data-amp-layout=\"responsive\"\/><\/figure><\/div><div class=\"tiled-gallery__col\" style=\"flex-basis:24.24562%\"><figure class=\"tiled-gallery__item\"><img decoding=\"async\" data-attachment-id=\"14713\" data-permalink=\"https:\/\/alpimages.ch\/en\/la-galerie-du-poster\/affiches-posters\/galeriealpimages-3\/\" data-orig-file=\"https:\/\/i0.wp.com\/alpimages.ch\/wp-content\/uploads\/2026\/02\/GalerieAlpimages-3.jpg?fit=2362%2C3543&amp;ssl=1\" data-orig-size=\"2362,3543\" data-comments-opened=\"0\" data-image-meta=\"{&quot;aperture&quot;:&quot;0&quot;,&quot;credit&quot;:&quot;&quot;,&quot;camera&quot;:&quot;&quot;,&quot;caption&quot;:&quot;&quot;,&quot;created_timestamp&quot;:&quot;0&quot;,&quot;copyright&quot;:&quot;&quot;,&quot;focal_length&quot;:&quot;0&quot;,&quot;iso&quot;:&quot;0&quot;,&quot;shutter_speed&quot;:&quot;0&quot;,&quot;title&quot;:&quot;&quot;,&quot;orientation&quot;:&quot;0&quot;}\" data-image-title=\"GalerieAlpimages-3\" data-image-description=\"\" data-image-caption=\"\" data-large-file=\"https:\/\/i0.wp.com\/alpimages.ch\/wp-content\/uploads\/2026\/02\/GalerieAlpimages-3.jpg?fit=680%2C1020&amp;ssl=1\" role=\"button\" tabindex=\"0\" aria-label=\"Open image 8 of 32 in full-screen\" srcset=\"https:\/\/i0.wp.com\/alpimages.ch\/wp-content\/uploads\/2026\/02\/GalerieAlpimages-3-683x1024.jpg?strip=info&#038;w=600&#038;ssl=1 600w,https:\/\/i0.wp.com\/alpimages.ch\/wp-content\/uploads\/2026\/02\/GalerieAlpimages-3-683x1024.jpg?strip=info&#038;w=900&#038;ssl=1 900w,https:\/\/i0.wp.com\/alpimages.ch\/wp-content\/uploads\/2026\/02\/GalerieAlpimages-3-683x1024.jpg?strip=info&#038;w=1200&#038;ssl=1 1200w,https:\/\/i0.wp.com\/alpimages.ch\/wp-content\/uploads\/2026\/02\/GalerieAlpimages-3-683x1024.jpg?strip=info&#038;w=1500&#038;ssl=1 1500w,https:\/\/i0.wp.com\/alpimages.ch\/wp-content\/uploads\/2026\/02\/GalerieAlpimages-3-683x1024.jpg?strip=info&#038;w=1800&#038;ssl=1 1800w,https:\/\/i0.wp.com\/alpimages.ch\/wp-content\/uploads\/2026\/02\/GalerieAlpimages-3-683x1024.jpg?strip=info&#038;w=2000&#038;ssl=1 2000w\" alt=\"\" data-height=\"3543\" data-id=\"14713\" data-link=\"https:\/\/alpimages.ch\/la-galerie-du-poster\/affiches-posters\/galeriealpimages-3\/\" data-url=\"https:\/\/alpimages.ch\/wp-content\/uploads\/2026\/02\/GalerieAlpimages-3-683x1024.jpg\" data-width=\"2362\" src=\"https:\/\/i0.wp.com\/alpimages.ch\/wp-content\/uploads\/2026\/02\/GalerieAlpimages-3-683x1024.jpg?ssl=1\" data-amp-layout=\"responsive\"\/><\/figure><\/div><div class=\"tiled-gallery__col\" style=\"flex-basis:24.24562%\"><figure class=\"tiled-gallery__item\"><img decoding=\"async\" data-attachment-id=\"14321\" data-permalink=\"https:\/\/alpimages.ch\/en\/la-galerie-du-poster\/affiches-posters\/%ef%b8%8falpimagesverbier-2105\/\" data-orig-file=\"https:\/\/i0.wp.com\/alpimages.ch\/wp-content\/uploads\/2025\/08\/%C2%A9%EF%B8%8FAlpimagesVerbier-2105.jpg?fit=2362%2C3543&amp;ssl=1\" data-orig-size=\"2362,3543\" data-comments-opened=\"0\" data-image-meta=\"{&quot;aperture&quot;:&quot;3.2&quot;,&quot;credit&quot;:&quot;&quot;,&quot;camera&quot;:&quot;NIKON D850&quot;,&quot;caption&quot;:&quot;&quot;,&quot;created_timestamp&quot;:&quot;1691660382&quot;,&quot;copyright&quot;:&quot;&quot;,&quot;focal_length&quot;:&quot;70&quot;,&quot;iso&quot;:&quot;800&quot;,&quot;shutter_speed&quot;:&quot;0.01&quot;,&quot;title&quot;:&quot;&quot;,&quot;orientation&quot;:&quot;0&quot;}\" data-image-title=\"\u00a9\ufe0fAlpimagesVerbier-2105\" data-image-description=\"\" data-image-caption=\"\" data-large-file=\"https:\/\/i0.wp.com\/alpimages.ch\/wp-content\/uploads\/2025\/08\/%C2%A9%EF%B8%8FAlpimagesVerbier-2105.jpg?fit=680%2C1020&amp;ssl=1\" role=\"button\" tabindex=\"0\" aria-label=\"Open image 9 of 32 in full-screen\" srcset=\"https:\/\/i0.wp.com\/alpimages.ch\/wp-content\/uploads\/2025\/08\/%C2%A9%EF%B8%8FAlpimagesVerbier-2105-683x1024.jpg?strip=info&#038;w=600&#038;ssl=1 600w,https:\/\/i0.wp.com\/alpimages.ch\/wp-content\/uploads\/2025\/08\/%C2%A9%EF%B8%8FAlpimagesVerbier-2105-683x1024.jpg?strip=info&#038;w=900&#038;ssl=1 900w,https:\/\/i0.wp.com\/alpimages.ch\/wp-content\/uploads\/2025\/08\/%C2%A9%EF%B8%8FAlpimagesVerbier-2105-683x1024.jpg?strip=info&#038;w=1200&#038;ssl=1 1200w,https:\/\/i0.wp.com\/alpimages.ch\/wp-content\/uploads\/2025\/08\/%C2%A9%EF%B8%8FAlpimagesVerbier-2105-683x1024.jpg?strip=info&#038;w=1500&#038;ssl=1 1500w,https:\/\/i0.wp.com\/alpimages.ch\/wp-content\/uploads\/2025\/08\/%C2%A9%EF%B8%8FAlpimagesVerbier-2105-683x1024.jpg?strip=info&#038;w=1800&#038;ssl=1 1800w,https:\/\/i0.wp.com\/alpimages.ch\/wp-content\/uploads\/2025\/08\/%C2%A9%EF%B8%8FAlpimagesVerbier-2105-683x1024.jpg?strip=info&#038;w=2000&#038;ssl=1 2000w\" alt=\"\" data-height=\"3543\" data-id=\"14321\" data-link=\"https:\/\/alpimages.ch\/la-galerie-du-poster\/affiches-posters\/%ef%b8%8falpimagesverbier-2105\/\" data-url=\"https:\/\/alpimages.ch\/wp-content\/uploads\/2025\/08\/\u00a9\ufe0fAlpimagesVerbier-2105-683x1024.jpg\" data-width=\"2362\" src=\"https:\/\/i0.wp.com\/alpimages.ch\/wp-content\/uploads\/2025\/08\/%C2%A9%EF%B8%8FAlpimagesVerbier-2105-683x1024.jpg?ssl=1\" data-amp-layout=\"responsive\"\/><\/figure><\/div><\/div><div class=\"tiled-gallery__row\"><div class=\"tiled-gallery__col\" style=\"flex-basis:34.45034%\"><figure class=\"tiled-gallery__item\"><img decoding=\"async\" data-attachment-id=\"14714\" data-permalink=\"https:\/\/alpimages.ch\/en\/la-galerie-du-poster\/affiches-posters\/galeriealpimages-6\/\" data-orig-file=\"https:\/\/i0.wp.com\/alpimages.ch\/wp-content\/uploads\/2026\/02\/GalerieAlpimages-6.jpg?fit=2362%2C3543&amp;ssl=1\" data-orig-size=\"2362,3543\" data-comments-opened=\"0\" data-image-meta=\"{&quot;aperture&quot;:&quot;0&quot;,&quot;credit&quot;:&quot;&quot;,&quot;camera&quot;:&quot;&quot;,&quot;caption&quot;:&quot;&quot;,&quot;created_timestamp&quot;:&quot;0&quot;,&quot;copyright&quot;:&quot;&quot;,&quot;focal_length&quot;:&quot;0&quot;,&quot;iso&quot;:&quot;0&quot;,&quot;shutter_speed&quot;:&quot;0&quot;,&quot;title&quot;:&quot;&quot;,&quot;orientation&quot;:&quot;0&quot;}\" data-image-title=\"GalerieAlpimages-6\" data-image-description=\"\" data-image-caption=\"\" data-large-file=\"https:\/\/i0.wp.com\/alpimages.ch\/wp-content\/uploads\/2026\/02\/GalerieAlpimages-6.jpg?fit=680%2C1020&amp;ssl=1\" role=\"button\" tabindex=\"0\" aria-label=\"Open image 10 of 32 in full-screen\" srcset=\"https:\/\/i0.wp.com\/alpimages.ch\/wp-content\/uploads\/2026\/02\/GalerieAlpimages-6-683x1024.jpg?strip=info&#038;w=600&#038;ssl=1 600w,https:\/\/i0.wp.com\/alpimages.ch\/wp-content\/uploads\/2026\/02\/GalerieAlpimages-6-683x1024.jpg?strip=info&#038;w=900&#038;ssl=1 900w,https:\/\/i0.wp.com\/alpimages.ch\/wp-content\/uploads\/2026\/02\/GalerieAlpimages-6-683x1024.jpg?strip=info&#038;w=1200&#038;ssl=1 1200w,https:\/\/i0.wp.com\/alpimages.ch\/wp-content\/uploads\/2026\/02\/GalerieAlpimages-6-683x1024.jpg?strip=info&#038;w=1500&#038;ssl=1 1500w,https:\/\/i0.wp.com\/alpimages.ch\/wp-content\/uploads\/2026\/02\/GalerieAlpimages-6-683x1024.jpg?strip=info&#038;w=1800&#038;ssl=1 1800w,https:\/\/i0.wp.com\/alpimages.ch\/wp-content\/uploads\/2026\/02\/GalerieAlpimages-6-683x1024.jpg?strip=info&#038;w=2000&#038;ssl=1 2000w\" alt=\"\" data-height=\"3543\" data-id=\"14714\" data-link=\"https:\/\/alpimages.ch\/la-galerie-du-poster\/affiches-posters\/galeriealpimages-6\/\" data-url=\"https:\/\/alpimages.ch\/wp-content\/uploads\/2026\/02\/GalerieAlpimages-6-683x1024.jpg\" data-width=\"2362\" src=\"https:\/\/i0.wp.com\/alpimages.ch\/wp-content\/uploads\/2026\/02\/GalerieAlpimages-6-683x1024.jpg?ssl=1\" data-amp-layout=\"responsive\"\/><\/figure><\/div><div class=\"tiled-gallery__col\" style=\"flex-basis:65.54966%\"><figure class=\"tiled-gallery__item\"><img decoding=\"async\" data-attachment-id=\"9264\" data-permalink=\"https:\/\/alpimages.ch\/en\/la-galerie-du-poster\/affiches-posters\/simon-west-2\/\" data-orig-file=\"https:\/\/i0.wp.com\/alpimages.ch\/wp-content\/uploads\/2021\/02\/simon-west-2.jpg?fit=3602%2C2835&amp;ssl=1\" data-orig-size=\"3602,2835\" data-comments-opened=\"0\" data-image-meta=\"{&quot;aperture&quot;:&quot;0&quot;,&quot;credit&quot;:&quot;&quot;,&quot;camera&quot;:&quot;&quot;,&quot;caption&quot;:&quot;&quot;,&quot;created_timestamp&quot;:&quot;0&quot;,&quot;copyright&quot;:&quot;&quot;,&quot;focal_length&quot;:&quot;0&quot;,&quot;iso&quot;:&quot;0&quot;,&quot;shutter_speed&quot;:&quot;0&quot;,&quot;title&quot;:&quot;&quot;,&quot;orientation&quot;:&quot;1&quot;}\" data-image-title=\"simon west 2\" data-image-description=\"\" data-image-caption=\"\" data-large-file=\"https:\/\/i0.wp.com\/alpimages.ch\/wp-content\/uploads\/2021\/02\/simon-west-2.jpg?fit=680%2C535&amp;ssl=1\" role=\"button\" tabindex=\"0\" aria-label=\"Open image 11 of 32 in full-screen\" srcset=\"https:\/\/i0.wp.com\/alpimages.ch\/wp-content\/uploads\/2021\/02\/simon-west-2-1024x806.jpg?strip=info&#038;w=600&#038;ssl=1 600w,https:\/\/i0.wp.com\/alpimages.ch\/wp-content\/uploads\/2021\/02\/simon-west-2-1024x806.jpg?strip=info&#038;w=900&#038;ssl=1 900w,https:\/\/i0.wp.com\/alpimages.ch\/wp-content\/uploads\/2021\/02\/simon-west-2-1024x806.jpg?strip=info&#038;w=1200&#038;ssl=1 1200w,https:\/\/i0.wp.com\/alpimages.ch\/wp-content\/uploads\/2021\/02\/simon-west-2-1024x806.jpg?strip=info&#038;w=1500&#038;ssl=1 1500w,https:\/\/i0.wp.com\/alpimages.ch\/wp-content\/uploads\/2021\/02\/simon-west-2-1024x806.jpg?strip=info&#038;w=1800&#038;ssl=1 1800w,https:\/\/i0.wp.com\/alpimages.ch\/wp-content\/uploads\/2021\/02\/simon-west-2-1024x806.jpg?strip=info&#038;w=2000&#038;ssl=1 2000w\" alt=\"\" data-height=\"2835\" data-id=\"9264\" data-link=\"https:\/\/alpimages.ch\/la-galerie-du-poster\/affiches-posters\/simon-west-2\/\" data-url=\"https:\/\/alpimages.ch\/wp-content\/uploads\/2021\/02\/simon-west-2-1024x806.jpg\" data-width=\"3602\" src=\"https:\/\/i0.wp.com\/alpimages.ch\/wp-content\/uploads\/2021\/02\/simon-west-2-1024x806.jpg?ssl=1\" data-amp-layout=\"responsive\"\/><\/figure><\/div><\/div><div class=\"tiled-gallery__row\"><div class=\"tiled-gallery__col\" style=\"flex-basis:25.28100%\"><figure class=\"tiled-gallery__item\"><img decoding=\"async\" data-attachment-id=\"2562\" data-permalink=\"https:\/\/alpimages.ch\/en\/portfolio\/corporate\/capture-decran-2019-02-24-a-11-44-27\/\" data-orig-file=\"https:\/\/i0.wp.com\/alpimages.ch\/wp-content\/uploads\/2015\/11\/Capture-d%E2%80%99%C3%A9cran-2019-02-24-%C3%A0-11.44.27.png?fit=453%2C643&amp;ssl=1\" data-orig-size=\"453,643\" data-comments-opened=\"0\" data-image-meta=\"{&quot;aperture&quot;:&quot;0&quot;,&quot;credit&quot;:&quot;&quot;,&quot;camera&quot;:&quot;&quot;,&quot;caption&quot;:&quot;&quot;,&quot;created_timestamp&quot;:&quot;0&quot;,&quot;copyright&quot;:&quot;&quot;,&quot;focal_length&quot;:&quot;0&quot;,&quot;iso&quot;:&quot;0&quot;,&quot;shutter_speed&quot;:&quot;0&quot;,&quot;title&quot;:&quot;&quot;,&quot;orientation&quot;:&quot;0&quot;}\" data-image-title=\"VERBIER Alpimages\" data-image-description=\"\" data-image-caption=\"\" data-large-file=\"https:\/\/i0.wp.com\/alpimages.ch\/wp-content\/uploads\/2015\/11\/Capture-d%E2%80%99%C3%A9cran-2019-02-24-%C3%A0-11.44.27.png?fit=453%2C643&amp;ssl=1\" role=\"button\" tabindex=\"0\" aria-label=\"Open image 12 of 32 in full-screen\" srcset=\"https:\/\/i0.wp.com\/alpimages.ch\/wp-content\/uploads\/2015\/11\/Capture-d%E2%80%99%C3%A9cran-2019-02-24-%C3%A0-11.44.27.png?strip=info&#038;w=453&#038;ssl=1 453w\" alt=\"\" data-height=\"643\" data-id=\"2562\" data-link=\"https:\/\/alpimages.ch\/portfolio\/corporate\/capture-decran-2019-02-24-a-11-44-27\/\" data-url=\"https:\/\/alpimages.ch\/wp-content\/uploads\/2015\/11\/Capture-d\u2019\u00e9cran-2019-02-24-\u00e0-11.44.27.png\" data-width=\"453\" src=\"https:\/\/i0.wp.com\/alpimages.ch\/wp-content\/uploads\/2015\/11\/Capture-d%E2%80%99%C3%A9cran-2019-02-24-%C3%A0-11.44.27.png?ssl=1\" data-amp-layout=\"responsive\"\/><\/figure><\/div><div class=\"tiled-gallery__col\" style=\"flex-basis:25.37595%\"><figure class=\"tiled-gallery__item\"><img decoding=\"async\" data-attachment-id=\"2559\" data-permalink=\"https:\/\/alpimages.ch\/en\/portfolio\/corporate\/capture-decran-2019-02-24-a-11-43-39\/\" data-orig-file=\"https:\/\/i0.wp.com\/alpimages.ch\/wp-content\/uploads\/2015\/11\/Capture-d%E2%80%99%C3%A9cran-2019-02-24-%C3%A0-11.43.39.png?fit=454%2C642&amp;ssl=1\" data-orig-size=\"454,642\" data-comments-opened=\"0\" data-image-meta=\"{&quot;aperture&quot;:&quot;0&quot;,&quot;credit&quot;:&quot;&quot;,&quot;camera&quot;:&quot;&quot;,&quot;caption&quot;:&quot;&quot;,&quot;created_timestamp&quot;:&quot;0&quot;,&quot;copyright&quot;:&quot;&quot;,&quot;focal_length&quot;:&quot;0&quot;,&quot;iso&quot;:&quot;0&quot;,&quot;shutter_speed&quot;:&quot;0&quot;,&quot;title&quot;:&quot;&quot;,&quot;orientation&quot;:&quot;0&quot;}\" data-image-title=\"VERBIER Alpimages\" data-image-description=\"\" data-image-caption=\"\" data-large-file=\"https:\/\/i0.wp.com\/alpimages.ch\/wp-content\/uploads\/2015\/11\/Capture-d%E2%80%99%C3%A9cran-2019-02-24-%C3%A0-11.43.39.png?fit=454%2C642&amp;ssl=1\" role=\"button\" tabindex=\"0\" aria-label=\"Open image 13 of 32 in full-screen\" srcset=\"https:\/\/i0.wp.com\/alpimages.ch\/wp-content\/uploads\/2015\/11\/Capture-d%E2%80%99%C3%A9cran-2019-02-24-%C3%A0-11.43.39.png?strip=info&#038;w=454&#038;ssl=1 454w\" alt=\"\" data-height=\"642\" data-id=\"2559\" data-link=\"https:\/\/alpimages.ch\/portfolio\/corporate\/capture-decran-2019-02-24-a-11-43-39\/\" data-url=\"https:\/\/alpimages.ch\/wp-content\/uploads\/2015\/11\/Capture-d\u2019\u00e9cran-2019-02-24-\u00e0-11.43.39.png\" data-width=\"454\" src=\"https:\/\/i0.wp.com\/alpimages.ch\/wp-content\/uploads\/2015\/11\/Capture-d%E2%80%99%C3%A9cran-2019-02-24-%C3%A0-11.43.39.png?ssl=1\" data-amp-layout=\"responsive\"\/><\/figure><\/div><div class=\"tiled-gallery__col\" style=\"flex-basis:25.41540%\"><figure class=\"tiled-gallery__item\"><img decoding=\"async\" data-attachment-id=\"2558\" data-permalink=\"https:\/\/alpimages.ch\/en\/portfolio\/corporate\/capture-decran-2019-02-24-a-11-43-30\/\" data-orig-file=\"https:\/\/i0.wp.com\/alpimages.ch\/wp-content\/uploads\/2015\/11\/Capture-d%E2%80%99%C3%A9cran-2019-02-24-%C3%A0-11.43.30.png?fit=454%2C641&amp;ssl=1\" data-orig-size=\"454,641\" data-comments-opened=\"0\" data-image-meta=\"{&quot;aperture&quot;:&quot;0&quot;,&quot;credit&quot;:&quot;&quot;,&quot;camera&quot;:&quot;&quot;,&quot;caption&quot;:&quot;&quot;,&quot;created_timestamp&quot;:&quot;0&quot;,&quot;copyright&quot;:&quot;&quot;,&quot;focal_length&quot;:&quot;0&quot;,&quot;iso&quot;:&quot;0&quot;,&quot;shutter_speed&quot;:&quot;0&quot;,&quot;title&quot;:&quot;&quot;,&quot;orientation&quot;:&quot;0&quot;}\" data-image-title=\"VERBIER Alpimages\" data-image-description=\"\" data-image-caption=\"\" data-large-file=\"https:\/\/i0.wp.com\/alpimages.ch\/wp-content\/uploads\/2015\/11\/Capture-d%E2%80%99%C3%A9cran-2019-02-24-%C3%A0-11.43.30.png?fit=454%2C641&amp;ssl=1\" role=\"button\" tabindex=\"0\" aria-label=\"Open image 14 of 32 in full-screen\" srcset=\"https:\/\/i0.wp.com\/alpimages.ch\/wp-content\/uploads\/2015\/11\/Capture-d%E2%80%99%C3%A9cran-2019-02-24-%C3%A0-11.43.30.png?strip=info&#038;w=454&#038;ssl=1 454w\" alt=\"\" data-height=\"641\" data-id=\"2558\" data-link=\"https:\/\/alpimages.ch\/portfolio\/corporate\/capture-decran-2019-02-24-a-11-43-30\/\" data-url=\"https:\/\/alpimages.ch\/wp-content\/uploads\/2015\/11\/Capture-d\u2019\u00e9cran-2019-02-24-\u00e0-11.43.30.png\" data-width=\"454\" src=\"https:\/\/i0.wp.com\/alpimages.ch\/wp-content\/uploads\/2015\/11\/Capture-d%E2%80%99%C3%A9cran-2019-02-24-%C3%A0-11.43.30.png?ssl=1\" data-amp-layout=\"responsive\"\/><\/figure><\/div><div class=\"tiled-gallery__col\" style=\"flex-basis:23.92764%\"><figure class=\"tiled-gallery__item\"><img decoding=\"async\" data-attachment-id=\"13625\" data-permalink=\"https:\/\/alpimages.ch\/en\/la-galerie-du-poster\/affiches-posters\/_tom1337\/\" data-orig-file=\"https:\/\/i0.wp.com\/alpimages.ch\/wp-content\/uploads\/2025\/05\/TOM1337.jpg?fit=2362%2C3543&amp;ssl=1\" data-orig-size=\"2362,3543\" data-comments-opened=\"0\" data-image-meta=\"{&quot;aperture&quot;:&quot;5.6&quot;,&quot;credit&quot;:&quot;&quot;,&quot;camera&quot;:&quot;NIKON D850&quot;,&quot;caption&quot;:&quot;&quot;,&quot;created_timestamp&quot;:&quot;1711367311&quot;,&quot;copyright&quot;:&quot;&quot;,&quot;focal_length&quot;:&quot;105&quot;,&quot;iso&quot;:&quot;640&quot;,&quot;shutter_speed&quot;:&quot;0.008&quot;,&quot;title&quot;:&quot;&quot;,&quot;orientation&quot;:&quot;0&quot;}\" data-image-title=\"_TOM1337\" data-image-description=\"\" data-image-caption=\"\" data-large-file=\"https:\/\/i0.wp.com\/alpimages.ch\/wp-content\/uploads\/2025\/05\/TOM1337.jpg?fit=680%2C1020&amp;ssl=1\" role=\"button\" tabindex=\"0\" aria-label=\"Open image 15 of 32 in full-screen\" srcset=\"https:\/\/i0.wp.com\/alpimages.ch\/wp-content\/uploads\/2025\/05\/TOM1337-683x1024.jpg?strip=info&#038;w=600&#038;ssl=1 600w,https:\/\/i0.wp.com\/alpimages.ch\/wp-content\/uploads\/2025\/05\/TOM1337-683x1024.jpg?strip=info&#038;w=900&#038;ssl=1 900w,https:\/\/i0.wp.com\/alpimages.ch\/wp-content\/uploads\/2025\/05\/TOM1337-683x1024.jpg?strip=info&#038;w=1200&#038;ssl=1 1200w,https:\/\/i0.wp.com\/alpimages.ch\/wp-content\/uploads\/2025\/05\/TOM1337-683x1024.jpg?strip=info&#038;w=1500&#038;ssl=1 1500w,https:\/\/i0.wp.com\/alpimages.ch\/wp-content\/uploads\/2025\/05\/TOM1337-683x1024.jpg?strip=info&#038;w=1800&#038;ssl=1 1800w,https:\/\/i0.wp.com\/alpimages.ch\/wp-content\/uploads\/2025\/05\/TOM1337-683x1024.jpg?strip=info&#038;w=2000&#038;ssl=1 2000w\" alt=\"\" data-height=\"3543\" data-id=\"13625\" data-link=\"https:\/\/alpimages.ch\/la-galerie-du-poster\/affiches-posters\/_tom1337\/\" data-url=\"https:\/\/alpimages.ch\/wp-content\/uploads\/2025\/05\/TOM1337-683x1024.jpg\" data-width=\"2362\" src=\"https:\/\/i0.wp.com\/alpimages.ch\/wp-content\/uploads\/2025\/05\/TOM1337-683x1024.jpg?ssl=1\" data-amp-layout=\"responsive\"\/><\/figure><\/div><\/div><div class=\"tiled-gallery__row\"><div class=\"tiled-gallery__col\" style=\"flex-basis:23.99706%\"><figure class=\"tiled-gallery__item\"><img decoding=\"async\" data-attachment-id=\"14719\" data-permalink=\"https:\/\/alpimages.ch\/en\/la-galerie-du-poster\/affiches-posters\/galeriealpimages-18\/\" data-orig-file=\"https:\/\/i0.wp.com\/alpimages.ch\/wp-content\/uploads\/2026\/02\/GalerieAlpimages-18.jpg?fit=2362%2C3543&amp;ssl=1\" data-orig-size=\"2362,3543\" data-comments-opened=\"0\" data-image-meta=\"{&quot;aperture&quot;:&quot;0&quot;,&quot;credit&quot;:&quot;&quot;,&quot;camera&quot;:&quot;&quot;,&quot;caption&quot;:&quot;&quot;,&quot;created_timestamp&quot;:&quot;0&quot;,&quot;copyright&quot;:&quot;&quot;,&quot;focal_length&quot;:&quot;0&quot;,&quot;iso&quot;:&quot;0&quot;,&quot;shutter_speed&quot;:&quot;0&quot;,&quot;title&quot;:&quot;&quot;,&quot;orientation&quot;:&quot;0&quot;}\" data-image-title=\"GalerieAlpimages-18\" data-image-description=\"\" data-image-caption=\"\" data-large-file=\"https:\/\/i0.wp.com\/alpimages.ch\/wp-content\/uploads\/2026\/02\/GalerieAlpimages-18.jpg?fit=680%2C1020&amp;ssl=1\" role=\"button\" tabindex=\"0\" aria-label=\"Open image 16 of 32 in full-screen\" srcset=\"https:\/\/i0.wp.com\/alpimages.ch\/wp-content\/uploads\/2026\/02\/GalerieAlpimages-18-683x1024.jpg?strip=info&#038;w=600&#038;ssl=1 600w,https:\/\/i0.wp.com\/alpimages.ch\/wp-content\/uploads\/2026\/02\/GalerieAlpimages-18-683x1024.jpg?strip=info&#038;w=900&#038;ssl=1 900w,https:\/\/i0.wp.com\/alpimages.ch\/wp-content\/uploads\/2026\/02\/GalerieAlpimages-18-683x1024.jpg?strip=info&#038;w=1200&#038;ssl=1 1200w,https:\/\/i0.wp.com\/alpimages.ch\/wp-content\/uploads\/2026\/02\/GalerieAlpimages-18-683x1024.jpg?strip=info&#038;w=1500&#038;ssl=1 1500w,https:\/\/i0.wp.com\/alpimages.ch\/wp-content\/uploads\/2026\/02\/GalerieAlpimages-18-683x1024.jpg?strip=info&#038;w=1800&#038;ssl=1 1800w,https:\/\/i0.wp.com\/alpimages.ch\/wp-content\/uploads\/2026\/02\/GalerieAlpimages-18-683x1024.jpg?strip=info&#038;w=2000&#038;ssl=1 2000w\" alt=\"\" data-height=\"3543\" data-id=\"14719\" data-link=\"https:\/\/alpimages.ch\/la-galerie-du-poster\/affiches-posters\/galeriealpimages-18\/\" data-url=\"https:\/\/alpimages.ch\/wp-content\/uploads\/2026\/02\/GalerieAlpimages-18-683x1024.jpg\" data-width=\"2362\" src=\"https:\/\/i0.wp.com\/alpimages.ch\/wp-content\/uploads\/2026\/02\/GalerieAlpimages-18-683x1024.jpg?ssl=1\" data-amp-layout=\"responsive\"\/><\/figure><\/div><div class=\"tiled-gallery__col\" style=\"flex-basis:52.00589%\"><figure class=\"tiled-gallery__item\"><img decoding=\"async\" data-attachment-id=\"14779\" data-permalink=\"https:\/\/alpimages.ch\/en\/la-galerie-du-poster\/affiches-posters\/galeriealpimages-14\/\" data-orig-file=\"https:\/\/i0.wp.com\/alpimages.ch\/wp-content\/uploads\/2026\/02\/GalerieAlpimages-14.jpg?fit=3543%2C2446&amp;ssl=1\" data-orig-size=\"3543,2446\" data-comments-opened=\"0\" data-image-meta=\"{&quot;aperture&quot;:&quot;0&quot;,&quot;credit&quot;:&quot;&quot;,&quot;camera&quot;:&quot;&quot;,&quot;caption&quot;:&quot;&quot;,&quot;created_timestamp&quot;:&quot;0&quot;,&quot;copyright&quot;:&quot;&quot;,&quot;focal_length&quot;:&quot;0&quot;,&quot;iso&quot;:&quot;0&quot;,&quot;shutter_speed&quot;:&quot;0&quot;,&quot;title&quot;:&quot;&quot;,&quot;orientation&quot;:&quot;0&quot;}\" data-image-title=\"GalerieAlpimages-14\" data-image-description=\"\" data-image-caption=\"\" data-large-file=\"https:\/\/i0.wp.com\/alpimages.ch\/wp-content\/uploads\/2026\/02\/GalerieAlpimages-14.jpg?fit=680%2C469&amp;ssl=1\" role=\"button\" tabindex=\"0\" aria-label=\"Open image 17 of 32 in full-screen\" srcset=\"https:\/\/i0.wp.com\/alpimages.ch\/wp-content\/uploads\/2026\/02\/GalerieAlpimages-14-1024x707.jpg?strip=info&#038;w=600&#038;ssl=1 600w,https:\/\/i0.wp.com\/alpimages.ch\/wp-content\/uploads\/2026\/02\/GalerieAlpimages-14-1024x707.jpg?strip=info&#038;w=900&#038;ssl=1 900w,https:\/\/i0.wp.com\/alpimages.ch\/wp-content\/uploads\/2026\/02\/GalerieAlpimages-14-1024x707.jpg?strip=info&#038;w=1200&#038;ssl=1 1200w,https:\/\/i0.wp.com\/alpimages.ch\/wp-content\/uploads\/2026\/02\/GalerieAlpimages-14-1024x707.jpg?strip=info&#038;w=1500&#038;ssl=1 1500w,https:\/\/i0.wp.com\/alpimages.ch\/wp-content\/uploads\/2026\/02\/GalerieAlpimages-14-1024x707.jpg?strip=info&#038;w=1800&#038;ssl=1 1800w,https:\/\/i0.wp.com\/alpimages.ch\/wp-content\/uploads\/2026\/02\/GalerieAlpimages-14-1024x707.jpg?strip=info&#038;w=2000&#038;ssl=1 2000w\" alt=\"\" data-height=\"2446\" data-id=\"14779\" data-link=\"https:\/\/alpimages.ch\/la-galerie-du-poster\/affiches-posters\/galeriealpimages-14\/\" data-url=\"https:\/\/alpimages.ch\/wp-content\/uploads\/2026\/02\/GalerieAlpimages-14-1024x707.jpg\" data-width=\"3543\" src=\"https:\/\/i0.wp.com\/alpimages.ch\/wp-content\/uploads\/2026\/02\/GalerieAlpimages-14-1024x707.jpg?ssl=1\" data-amp-layout=\"responsive\"\/><\/figure><\/div><div class=\"tiled-gallery__col\" style=\"flex-basis:23.99706%\"><figure class=\"tiled-gallery__item\"><img decoding=\"async\" data-attachment-id=\"13627\" data-permalink=\"https:\/\/alpimages.ch\/en\/la-galerie-du-poster\/affiches-posters\/_tom1359\/\" data-orig-file=\"https:\/\/i0.wp.com\/alpimages.ch\/wp-content\/uploads\/2025\/05\/TOM1359.jpg?fit=2362%2C3543&amp;ssl=1\" data-orig-size=\"2362,3543\" data-comments-opened=\"0\" data-image-meta=\"{&quot;aperture&quot;:&quot;4&quot;,&quot;credit&quot;:&quot;&quot;,&quot;camera&quot;:&quot;NIKON D850&quot;,&quot;caption&quot;:&quot;&quot;,&quot;created_timestamp&quot;:&quot;1711367566&quot;,&quot;copyright&quot;:&quot;&quot;,&quot;focal_length&quot;:&quot;105&quot;,&quot;iso&quot;:&quot;640&quot;,&quot;shutter_speed&quot;:&quot;0.008&quot;,&quot;title&quot;:&quot;&quot;,&quot;orientation&quot;:&quot;0&quot;}\" data-image-title=\"_TOM1359\" data-image-description=\"\" data-image-caption=\"\" data-large-file=\"https:\/\/i0.wp.com\/alpimages.ch\/wp-content\/uploads\/2025\/05\/TOM1359.jpg?fit=680%2C1020&amp;ssl=1\" role=\"button\" tabindex=\"0\" aria-label=\"Open image 18 of 32 in full-screen\" srcset=\"https:\/\/i0.wp.com\/alpimages.ch\/wp-content\/uploads\/2025\/05\/TOM1359-683x1024.jpg?strip=info&#038;w=600&#038;ssl=1 600w,https:\/\/i0.wp.com\/alpimages.ch\/wp-content\/uploads\/2025\/05\/TOM1359-683x1024.jpg?strip=info&#038;w=900&#038;ssl=1 900w,https:\/\/i0.wp.com\/alpimages.ch\/wp-content\/uploads\/2025\/05\/TOM1359-683x1024.jpg?strip=info&#038;w=1200&#038;ssl=1 1200w,https:\/\/i0.wp.com\/alpimages.ch\/wp-content\/uploads\/2025\/05\/TOM1359-683x1024.jpg?strip=info&#038;w=1500&#038;ssl=1 1500w,https:\/\/i0.wp.com\/alpimages.ch\/wp-content\/uploads\/2025\/05\/TOM1359-683x1024.jpg?strip=info&#038;w=1800&#038;ssl=1 1800w,https:\/\/i0.wp.com\/alpimages.ch\/wp-content\/uploads\/2025\/05\/TOM1359-683x1024.jpg?strip=info&#038;w=2000&#038;ssl=1 2000w\" alt=\"\" data-height=\"3543\" data-id=\"13627\" data-link=\"https:\/\/alpimages.ch\/la-galerie-du-poster\/affiches-posters\/_tom1359\/\" data-url=\"https:\/\/alpimages.ch\/wp-content\/uploads\/2025\/05\/TOM1359-683x1024.jpg\" data-width=\"2362\" src=\"https:\/\/i0.wp.com\/alpimages.ch\/wp-content\/uploads\/2025\/05\/TOM1359-683x1024.jpg?ssl=1\" data-amp-layout=\"responsive\"\/><\/figure><\/div><\/div><div class=\"tiled-gallery__row\"><div class=\"tiled-gallery__col\" style=\"flex-basis:65.18519%\"><figure class=\"tiled-gallery__item\"><img decoding=\"async\" data-attachment-id=\"14319\" data-permalink=\"https:\/\/alpimages.ch\/en\/la-galerie-du-poster\/affiches-posters\/tom_5295\/\" data-orig-file=\"https:\/\/i0.wp.com\/alpimages.ch\/wp-content\/uploads\/2025\/08\/TOM_5295.jpg?fit=3543%2C2834&amp;ssl=1\" data-orig-size=\"3543,2834\" data-comments-opened=\"0\" data-image-meta=\"{&quot;aperture&quot;:&quot;4&quot;,&quot;credit&quot;:&quot;&quot;,&quot;camera&quot;:&quot;NIKON Z 9&quot;,&quot;caption&quot;:&quot;&quot;,&quot;created_timestamp&quot;:&quot;1753364276&quot;,&quot;copyright&quot;:&quot;&quot;,&quot;focal_length&quot;:&quot;35&quot;,&quot;iso&quot;:&quot;1000&quot;,&quot;shutter_speed&quot;:&quot;0.004&quot;,&quot;title&quot;:&quot;&quot;,&quot;orientation&quot;:&quot;0&quot;}\" data-image-title=\"TOM_5295\" data-image-description=\"\" data-image-caption=\"\" data-large-file=\"https:\/\/i0.wp.com\/alpimages.ch\/wp-content\/uploads\/2025\/08\/TOM_5295.jpg?fit=680%2C544&amp;ssl=1\" role=\"button\" tabindex=\"0\" aria-label=\"Open image 19 of 32 in full-screen\" srcset=\"https:\/\/i0.wp.com\/alpimages.ch\/wp-content\/uploads\/2025\/08\/TOM_5295-1024x819.jpg?strip=info&#038;w=600&#038;ssl=1 600w,https:\/\/i0.wp.com\/alpimages.ch\/wp-content\/uploads\/2025\/08\/TOM_5295-1024x819.jpg?strip=info&#038;w=900&#038;ssl=1 900w,https:\/\/i0.wp.com\/alpimages.ch\/wp-content\/uploads\/2025\/08\/TOM_5295-1024x819.jpg?strip=info&#038;w=1200&#038;ssl=1 1200w,https:\/\/i0.wp.com\/alpimages.ch\/wp-content\/uploads\/2025\/08\/TOM_5295-1024x819.jpg?strip=info&#038;w=1500&#038;ssl=1 1500w,https:\/\/i0.wp.com\/alpimages.ch\/wp-content\/uploads\/2025\/08\/TOM_5295-1024x819.jpg?strip=info&#038;w=1800&#038;ssl=1 1800w,https:\/\/i0.wp.com\/alpimages.ch\/wp-content\/uploads\/2025\/08\/TOM_5295-1024x819.jpg?strip=info&#038;w=2000&#038;ssl=1 2000w\" alt=\"\" data-height=\"2834\" data-id=\"14319\" data-link=\"https:\/\/alpimages.ch\/la-galerie-du-poster\/affiches-posters\/tom_5295\/\" data-url=\"https:\/\/alpimages.ch\/wp-content\/uploads\/2025\/08\/TOM_5295-1024x819.jpg\" data-width=\"3543\" src=\"https:\/\/i0.wp.com\/alpimages.ch\/wp-content\/uploads\/2025\/08\/TOM_5295-1024x819.jpg?ssl=1\" data-amp-layout=\"responsive\"\/><\/figure><\/div><div class=\"tiled-gallery__col\" style=\"flex-basis:34.81481%\"><figure class=\"tiled-gallery__item\"><img decoding=\"async\" data-attachment-id=\"14320\" data-permalink=\"https:\/\/alpimages.ch\/en\/la-galerie-du-poster\/affiches-posters\/tom_5309\/\" data-orig-file=\"https:\/\/i0.wp.com\/alpimages.ch\/wp-content\/uploads\/2025\/08\/TOM_5309.jpg?fit=2362%2C3543&amp;ssl=1\" data-orig-size=\"2362,3543\" data-comments-opened=\"0\" data-image-meta=\"{&quot;aperture&quot;:&quot;3.2&quot;,&quot;credit&quot;:&quot;&quot;,&quot;camera&quot;:&quot;NIKON Z 9&quot;,&quot;caption&quot;:&quot;&quot;,&quot;created_timestamp&quot;:&quot;1753364309&quot;,&quot;copyright&quot;:&quot;&quot;,&quot;focal_length&quot;:&quot;35&quot;,&quot;iso&quot;:&quot;1000&quot;,&quot;shutter_speed&quot;:&quot;0.005&quot;,&quot;title&quot;:&quot;&quot;,&quot;orientation&quot;:&quot;0&quot;}\" data-image-title=\"TOM_5309\" data-image-description=\"\" data-image-caption=\"\" data-large-file=\"https:\/\/i0.wp.com\/alpimages.ch\/wp-content\/uploads\/2025\/08\/TOM_5309.jpg?fit=680%2C1020&amp;ssl=1\" role=\"button\" tabindex=\"0\" aria-label=\"Open image 20 of 32 in full-screen\" srcset=\"https:\/\/i0.wp.com\/alpimages.ch\/wp-content\/uploads\/2025\/08\/TOM_5309-683x1024.jpg?strip=info&#038;w=600&#038;ssl=1 600w,https:\/\/i0.wp.com\/alpimages.ch\/wp-content\/uploads\/2025\/08\/TOM_5309-683x1024.jpg?strip=info&#038;w=900&#038;ssl=1 900w,https:\/\/i0.wp.com\/alpimages.ch\/wp-content\/uploads\/2025\/08\/TOM_5309-683x1024.jpg?strip=info&#038;w=1200&#038;ssl=1 1200w,https:\/\/i0.wp.com\/alpimages.ch\/wp-content\/uploads\/2025\/08\/TOM_5309-683x1024.jpg?strip=info&#038;w=1500&#038;ssl=1 1500w,https:\/\/i0.wp.com\/alpimages.ch\/wp-content\/uploads\/2025\/08\/TOM_5309-683x1024.jpg?strip=info&#038;w=1800&#038;ssl=1 1800w,https:\/\/i0.wp.com\/alpimages.ch\/wp-content\/uploads\/2025\/08\/TOM_5309-683x1024.jpg?strip=info&#038;w=2000&#038;ssl=1 2000w\" alt=\"\" data-height=\"3543\" data-id=\"14320\" data-link=\"https:\/\/alpimages.ch\/la-galerie-du-poster\/affiches-posters\/tom_5309\/\" data-url=\"https:\/\/alpimages.ch\/wp-content\/uploads\/2025\/08\/TOM_5309-683x1024.jpg\" data-width=\"2362\" src=\"https:\/\/i0.wp.com\/alpimages.ch\/wp-content\/uploads\/2025\/08\/TOM_5309-683x1024.jpg?ssl=1\" data-amp-layout=\"responsive\"\/><\/figure><\/div><\/div><div class=\"tiled-gallery__row\"><div class=\"tiled-gallery__col\" style=\"flex-basis:66.62324%\"><figure class=\"tiled-gallery__item\"><img decoding=\"async\" data-attachment-id=\"1075\" data-permalink=\"https:\/\/alpimages.ch\/en\/la-galerie-du-poster\/affiches-posters\/mrz-2\/\" data-orig-file=\"https:\/\/i0.wp.com\/alpimages.ch\/wp-content\/uploads\/2017\/12\/mrz.jpg?fit=3543%2C2362&amp;ssl=1\" data-orig-size=\"3543,2362\" data-comments-opened=\"0\" data-image-meta=\"{&quot;aperture&quot;:&quot;0&quot;,&quot;credit&quot;:&quot;&quot;,&quot;camera&quot;:&quot;&quot;,&quot;caption&quot;:&quot;&quot;,&quot;created_timestamp&quot;:&quot;0&quot;,&quot;copyright&quot;:&quot;&quot;,&quot;focal_length&quot;:&quot;0&quot;,&quot;iso&quot;:&quot;0&quot;,&quot;shutter_speed&quot;:&quot;0&quot;,&quot;title&quot;:&quot;&quot;,&quot;orientation&quot;:&quot;1&quot;}\" data-image-title=\"MrZ Valias Wallis\" data-image-description=\"&lt;p&gt;Valias Wallis&lt;\/p&gt;\" data-image-caption=\"&lt;p&gt;Valias Wallis&lt;\/p&gt;\" data-large-file=\"https:\/\/i0.wp.com\/alpimages.ch\/wp-content\/uploads\/2017\/12\/mrz.jpg?fit=680%2C453&amp;ssl=1\" role=\"button\" tabindex=\"0\" aria-label=\"Open image 21 of 32 in full-screen\" srcset=\"https:\/\/i0.wp.com\/alpimages.ch\/wp-content\/uploads\/2017\/12\/mrz.jpg?strip=info&#038;w=600&#038;ssl=1 600w,https:\/\/i0.wp.com\/alpimages.ch\/wp-content\/uploads\/2017\/12\/mrz.jpg?strip=info&#038;w=900&#038;ssl=1 900w,https:\/\/i0.wp.com\/alpimages.ch\/wp-content\/uploads\/2017\/12\/mrz.jpg?strip=info&#038;w=1200&#038;ssl=1 1200w,https:\/\/i0.wp.com\/alpimages.ch\/wp-content\/uploads\/2017\/12\/mrz.jpg?strip=info&#038;w=1500&#038;ssl=1 1500w,https:\/\/i0.wp.com\/alpimages.ch\/wp-content\/uploads\/2017\/12\/mrz.jpg?strip=info&#038;w=1800&#038;ssl=1 1800w,https:\/\/i0.wp.com\/alpimages.ch\/wp-content\/uploads\/2017\/12\/mrz.jpg?strip=info&#038;w=2000&#038;ssl=1 2000w\" alt=\"Valias Wallis\" data-height=\"2362\" data-id=\"1075\" data-link=\"https:\/\/alpimages.ch\/la-galerie-du-poster\/affiches-posters\/mrz-2\/\" data-url=\"https:\/\/alpimages.ch\/wp-content\/uploads\/2017\/12\/mrz.jpg\" data-width=\"3543\" src=\"https:\/\/i0.wp.com\/alpimages.ch\/wp-content\/uploads\/2017\/12\/mrz.jpg?ssl=1\" data-amp-layout=\"responsive\"\/><\/figure><\/div><div class=\"tiled-gallery__col\" style=\"flex-basis:33.37676%\"><figure class=\"tiled-gallery__item\"><img decoding=\"async\" data-attachment-id=\"14837\" data-permalink=\"https:\/\/alpimages.ch\/en\/la-galerie-du-poster\/affiches-posters\/alpimages-4708\/\" data-orig-file=\"https:\/\/i0.wp.com\/alpimages.ch\/wp-content\/uploads\/2026\/02\/%C2%A9Alpimages-4708.jpg?fit=2657%2C3543&amp;ssl=1\" data-orig-size=\"2657,3543\" data-comments-opened=\"0\" data-image-meta=\"{&quot;aperture&quot;:&quot;0&quot;,&quot;credit&quot;:&quot;&quot;,&quot;camera&quot;:&quot;&quot;,&quot;caption&quot;:&quot;&quot;,&quot;created_timestamp&quot;:&quot;0&quot;,&quot;copyright&quot;:&quot;&quot;,&quot;focal_length&quot;:&quot;0&quot;,&quot;iso&quot;:&quot;0&quot;,&quot;shutter_speed&quot;:&quot;0&quot;,&quot;title&quot;:&quot;&quot;,&quot;orientation&quot;:&quot;0&quot;}\" data-image-title=\"\u00a9Alpimages-4708\" data-image-description=\"\" data-image-caption=\"\" data-large-file=\"https:\/\/i0.wp.com\/alpimages.ch\/wp-content\/uploads\/2026\/02\/%C2%A9Alpimages-4708.jpg?fit=680%2C907&amp;ssl=1\" role=\"button\" tabindex=\"0\" aria-label=\"Open image 22 of 32 in full-screen\" srcset=\"https:\/\/i0.wp.com\/alpimages.ch\/wp-content\/uploads\/2026\/02\/%C2%A9Alpimages-4708-768x1024.jpg?strip=info&#038;w=600&#038;ssl=1 600w,https:\/\/i0.wp.com\/alpimages.ch\/wp-content\/uploads\/2026\/02\/%C2%A9Alpimages-4708-768x1024.jpg?strip=info&#038;w=900&#038;ssl=1 900w,https:\/\/i0.wp.com\/alpimages.ch\/wp-content\/uploads\/2026\/02\/%C2%A9Alpimages-4708-768x1024.jpg?strip=info&#038;w=1200&#038;ssl=1 1200w,https:\/\/i0.wp.com\/alpimages.ch\/wp-content\/uploads\/2026\/02\/%C2%A9Alpimages-4708-768x1024.jpg?strip=info&#038;w=1500&#038;ssl=1 1500w,https:\/\/i0.wp.com\/alpimages.ch\/wp-content\/uploads\/2026\/02\/%C2%A9Alpimages-4708-768x1024.jpg?strip=info&#038;w=1800&#038;ssl=1 1800w,https:\/\/i0.wp.com\/alpimages.ch\/wp-content\/uploads\/2026\/02\/%C2%A9Alpimages-4708-768x1024.jpg?strip=info&#038;w=2000&#038;ssl=1 2000w\" alt=\"\" data-height=\"3543\" data-id=\"14837\" data-link=\"https:\/\/alpimages.ch\/la-galerie-du-poster\/affiches-posters\/alpimages-4708\/\" data-url=\"https:\/\/alpimages.ch\/wp-content\/uploads\/2026\/02\/\u00a9Alpimages-4708-768x1024.jpg\" data-width=\"2657\" src=\"https:\/\/i0.wp.com\/alpimages.ch\/wp-content\/uploads\/2026\/02\/%C2%A9Alpimages-4708-768x1024.jpg?ssl=1\" data-amp-layout=\"responsive\"\/><\/figure><\/div><\/div><div class=\"tiled-gallery__row\"><div class=\"tiled-gallery__col\" style=\"flex-basis:49.94720%\"><figure class=\"tiled-gallery__item\"><img decoding=\"async\" data-attachment-id=\"2571\" data-permalink=\"https:\/\/alpimages.ch\/en\/portfolio\/corporate\/paul-turlbi-verbier\/\" data-orig-file=\"https:\/\/i0.wp.com\/alpimages.ch\/wp-content\/uploads\/2015\/11\/Paul-Turlbi-VERBIER.png?fit=448%2C629&amp;ssl=1\" data-orig-size=\"448,629\" data-comments-opened=\"0\" data-image-meta=\"{&quot;aperture&quot;:&quot;0&quot;,&quot;credit&quot;:&quot;&quot;,&quot;camera&quot;:&quot;&quot;,&quot;caption&quot;:&quot;&quot;,&quot;created_timestamp&quot;:&quot;0&quot;,&quot;copyright&quot;:&quot;&quot;,&quot;focal_length&quot;:&quot;0&quot;,&quot;iso&quot;:&quot;0&quot;,&quot;shutter_speed&quot;:&quot;0&quot;,&quot;title&quot;:&quot;&quot;,&quot;orientation&quot;:&quot;0&quot;}\" data-image-title=\"Paul Turlbi VERBIER\" data-image-description=\"\" data-image-caption=\"\" data-large-file=\"https:\/\/i0.wp.com\/alpimages.ch\/wp-content\/uploads\/2015\/11\/Paul-Turlbi-VERBIER.png?fit=448%2C629&amp;ssl=1\" role=\"button\" tabindex=\"0\" aria-label=\"Open image 23 of 32 in full-screen\" srcset=\"https:\/\/i0.wp.com\/alpimages.ch\/wp-content\/uploads\/2015\/11\/Paul-Turlbi-VERBIER.png?strip=info&#038;w=448&#038;ssl=1 448w\" alt=\"\" data-height=\"629\" data-id=\"2571\" data-link=\"https:\/\/alpimages.ch\/portfolio\/corporate\/paul-turlbi-verbier\/\" data-url=\"https:\/\/alpimages.ch\/wp-content\/uploads\/2015\/11\/Paul-Turlbi-VERBIER.png\" data-width=\"448\" src=\"https:\/\/i0.wp.com\/alpimages.ch\/wp-content\/uploads\/2015\/11\/Paul-Turlbi-VERBIER.png?ssl=1\" data-amp-layout=\"responsive\"\/><\/figure><\/div><div class=\"tiled-gallery__col\" style=\"flex-basis:50.05280%\"><figure class=\"tiled-gallery__item\"><img decoding=\"async\" data-attachment-id=\"2573\" data-permalink=\"https:\/\/alpimages.ch\/en\/portfolio\/corporate\/paul-turlbi-verbier-3\/\" data-orig-file=\"https:\/\/i0.wp.com\/alpimages.ch\/wp-content\/uploads\/2015\/11\/Paul-Turlbi-VERBIER-3.jpg?fit=571%2C800&amp;ssl=1\" data-orig-size=\"571,800\" data-comments-opened=\"0\" data-image-meta=\"{&quot;aperture&quot;:&quot;0&quot;,&quot;credit&quot;:&quot;&quot;,&quot;camera&quot;:&quot;&quot;,&quot;caption&quot;:&quot;&quot;,&quot;created_timestamp&quot;:&quot;0&quot;,&quot;copyright&quot;:&quot;&quot;,&quot;focal_length&quot;:&quot;0&quot;,&quot;iso&quot;:&quot;0&quot;,&quot;shutter_speed&quot;:&quot;0&quot;,&quot;title&quot;:&quot;&quot;,&quot;orientation&quot;:&quot;0&quot;}\" data-image-title=\"Paul Turlbi VERBIER 3\" data-image-description=\"\" data-image-caption=\"\" data-large-file=\"https:\/\/i0.wp.com\/alpimages.ch\/wp-content\/uploads\/2015\/11\/Paul-Turlbi-VERBIER-3.jpg?fit=571%2C800&amp;ssl=1\" role=\"button\" tabindex=\"0\" aria-label=\"Open image 24 of 32 in full-screen\" srcset=\"https:\/\/i0.wp.com\/alpimages.ch\/wp-content\/uploads\/2015\/11\/Paul-Turlbi-VERBIER-3.jpg?strip=info&#038;w=571&#038;ssl=1 571w\" alt=\"\" data-height=\"800\" data-id=\"2573\" data-link=\"https:\/\/alpimages.ch\/portfolio\/corporate\/paul-turlbi-verbier-3\/\" data-url=\"https:\/\/alpimages.ch\/wp-content\/uploads\/2015\/11\/Paul-Turlbi-VERBIER-3.jpg\" data-width=\"571\" src=\"https:\/\/i0.wp.com\/alpimages.ch\/wp-content\/uploads\/2015\/11\/Paul-Turlbi-VERBIER-3.jpg?ssl=1\" data-amp-layout=\"responsive\"\/><\/figure><\/div><\/div><div class=\"tiled-gallery__row\"><div class=\"tiled-gallery__col\" style=\"flex-basis:60.10926%\"><figure class=\"tiled-gallery__item\"><img decoding=\"async\" data-attachment-id=\"2572\" data-permalink=\"https:\/\/alpimages.ch\/en\/portfolio\/corporate\/paul-turlbi-verbier-2\/\" data-orig-file=\"https:\/\/i0.wp.com\/alpimages.ch\/wp-content\/uploads\/2015\/11\/Paul-Turlbi-VERBIER-2.jpg?fit=571%2C800&amp;ssl=1\" data-orig-size=\"571,800\" data-comments-opened=\"0\" data-image-meta=\"{&quot;aperture&quot;:&quot;0&quot;,&quot;credit&quot;:&quot;&quot;,&quot;camera&quot;:&quot;&quot;,&quot;caption&quot;:&quot;&quot;,&quot;created_timestamp&quot;:&quot;0&quot;,&quot;copyright&quot;:&quot;&quot;,&quot;focal_length&quot;:&quot;0&quot;,&quot;iso&quot;:&quot;0&quot;,&quot;shutter_speed&quot;:&quot;0&quot;,&quot;title&quot;:&quot;&quot;,&quot;orientation&quot;:&quot;0&quot;}\" data-image-title=\"Paul Turlbi VERBIER 2\" data-image-description=\"\" data-image-caption=\"\" data-large-file=\"https:\/\/i0.wp.com\/alpimages.ch\/wp-content\/uploads\/2015\/11\/Paul-Turlbi-VERBIER-2.jpg?fit=571%2C800&amp;ssl=1\" role=\"button\" tabindex=\"0\" aria-label=\"Open image 25 of 32 in full-screen\" srcset=\"https:\/\/i0.wp.com\/alpimages.ch\/wp-content\/uploads\/2015\/11\/Paul-Turlbi-VERBIER-2.jpg?strip=info&#038;w=571&#038;ssl=1 571w\" alt=\"\" data-height=\"800\" data-id=\"2572\" data-link=\"https:\/\/alpimages.ch\/portfolio\/corporate\/paul-turlbi-verbier-2\/\" data-url=\"https:\/\/alpimages.ch\/wp-content\/uploads\/2015\/11\/Paul-Turlbi-VERBIER-2.jpg\" data-width=\"571\" src=\"https:\/\/i0.wp.com\/alpimages.ch\/wp-content\/uploads\/2015\/11\/Paul-Turlbi-VERBIER-2.jpg?ssl=1\" data-amp-layout=\"responsive\"\/><\/figure><\/div><div class=\"tiled-gallery__col\" style=\"flex-basis:39.89074%\"><figure class=\"tiled-gallery__item\"><img decoding=\"async\" data-attachment-id=\"8575\" data-permalink=\"https:\/\/alpimages.ch\/en\/la-galerie-du-poster\/affiches-posters\/tom_8464\/\" data-orig-file=\"https:\/\/i0.wp.com\/alpimages.ch\/wp-content\/uploads\/2020\/11\/TOM_8464.jpg?fit=1772%2C1183&amp;ssl=1\" data-orig-size=\"1772,1183\" data-comments-opened=\"0\" data-image-meta=\"{&quot;aperture&quot;:&quot;0&quot;,&quot;credit&quot;:&quot;&quot;,&quot;camera&quot;:&quot;&quot;,&quot;caption&quot;:&quot;&quot;,&quot;created_timestamp&quot;:&quot;0&quot;,&quot;copyright&quot;:&quot;&quot;,&quot;focal_length&quot;:&quot;0&quot;,&quot;iso&quot;:&quot;0&quot;,&quot;shutter_speed&quot;:&quot;0&quot;,&quot;title&quot;:&quot;&quot;,&quot;orientation&quot;:&quot;0&quot;}\" data-image-title=\"TOM_8464\" data-image-description=\"\" data-image-caption=\"\" data-large-file=\"https:\/\/i0.wp.com\/alpimages.ch\/wp-content\/uploads\/2020\/11\/TOM_8464.jpg?fit=680%2C454&amp;ssl=1\" role=\"button\" tabindex=\"0\" aria-label=\"Open image 26 of 32 in full-screen\" srcset=\"https:\/\/i0.wp.com\/alpimages.ch\/wp-content\/uploads\/2020\/11\/TOM_8464-1024x684.jpg?strip=info&#038;w=600&#038;ssl=1 600w,https:\/\/i0.wp.com\/alpimages.ch\/wp-content\/uploads\/2020\/11\/TOM_8464-1024x684.jpg?strip=info&#038;w=900&#038;ssl=1 900w,https:\/\/i0.wp.com\/alpimages.ch\/wp-content\/uploads\/2020\/11\/TOM_8464-1024x684.jpg?strip=info&#038;w=1200&#038;ssl=1 1200w,https:\/\/i0.wp.com\/alpimages.ch\/wp-content\/uploads\/2020\/11\/TOM_8464-1024x684.jpg?strip=info&#038;w=1500&#038;ssl=1 1500w,https:\/\/i0.wp.com\/alpimages.ch\/wp-content\/uploads\/2020\/11\/TOM_8464-1024x684.jpg?strip=info&#038;w=1772&#038;ssl=1 1772w\" alt=\"\" data-height=\"1183\" data-id=\"8575\" data-link=\"https:\/\/alpimages.ch\/la-galerie-du-poster\/affiches-posters\/tom_8464\/\" data-url=\"https:\/\/alpimages.ch\/wp-content\/uploads\/2020\/11\/TOM_8464-1024x684.jpg\" data-width=\"1772\" src=\"https:\/\/i0.wp.com\/alpimages.ch\/wp-content\/uploads\/2020\/11\/TOM_8464-1024x684.jpg?ssl=1\" data-amp-layout=\"responsive\"\/><\/figure><figure class=\"tiled-gallery__item\"><img decoding=\"async\" data-attachment-id=\"8573\" data-permalink=\"https:\/\/alpimages.ch\/en\/la-galerie-du-poster\/affiches-posters\/tom_8373-2\/\" data-orig-file=\"https:\/\/i0.wp.com\/alpimages.ch\/wp-content\/uploads\/2020\/11\/TOM_8373-1.jpg?fit=1772%2C1183&amp;ssl=1\" data-orig-size=\"1772,1183\" data-comments-opened=\"0\" data-image-meta=\"{&quot;aperture&quot;:&quot;0&quot;,&quot;credit&quot;:&quot;&quot;,&quot;camera&quot;:&quot;&quot;,&quot;caption&quot;:&quot;&quot;,&quot;created_timestamp&quot;:&quot;0&quot;,&quot;copyright&quot;:&quot;&quot;,&quot;focal_length&quot;:&quot;0&quot;,&quot;iso&quot;:&quot;0&quot;,&quot;shutter_speed&quot;:&quot;0&quot;,&quot;title&quot;:&quot;&quot;,&quot;orientation&quot;:&quot;0&quot;}\" data-image-title=\"TOM_8373\" data-image-description=\"\" data-image-caption=\"\" data-large-file=\"https:\/\/i0.wp.com\/alpimages.ch\/wp-content\/uploads\/2020\/11\/TOM_8373-1.jpg?fit=680%2C454&amp;ssl=1\" role=\"button\" tabindex=\"0\" aria-label=\"Open image 27 of 32 in full-screen\" srcset=\"https:\/\/i0.wp.com\/alpimages.ch\/wp-content\/uploads\/2020\/11\/TOM_8373-1-1024x684.jpg?strip=info&#038;w=600&#038;ssl=1 600w,https:\/\/i0.wp.com\/alpimages.ch\/wp-content\/uploads\/2020\/11\/TOM_8373-1-1024x684.jpg?strip=info&#038;w=900&#038;ssl=1 900w,https:\/\/i0.wp.com\/alpimages.ch\/wp-content\/uploads\/2020\/11\/TOM_8373-1-1024x684.jpg?strip=info&#038;w=1200&#038;ssl=1 1200w,https:\/\/i0.wp.com\/alpimages.ch\/wp-content\/uploads\/2020\/11\/TOM_8373-1-1024x684.jpg?strip=info&#038;w=1500&#038;ssl=1 1500w,https:\/\/i0.wp.com\/alpimages.ch\/wp-content\/uploads\/2020\/11\/TOM_8373-1-1024x684.jpg?strip=info&#038;w=1772&#038;ssl=1 1772w\" alt=\"\" data-height=\"1183\" data-id=\"8573\" data-link=\"https:\/\/alpimages.ch\/la-galerie-du-poster\/affiches-posters\/tom_8373-2\/\" data-url=\"https:\/\/alpimages.ch\/wp-content\/uploads\/2020\/11\/TOM_8373-1-1024x684.jpg\" data-width=\"1772\" src=\"https:\/\/i0.wp.com\/alpimages.ch\/wp-content\/uploads\/2020\/11\/TOM_8373-1-1024x684.jpg?ssl=1\" data-amp-layout=\"responsive\"\/><\/figure><figure class=\"tiled-gallery__item\"><img decoding=\"async\" data-attachment-id=\"8574\" data-permalink=\"https:\/\/alpimages.ch\/en\/la-galerie-du-poster\/affiches-posters\/tom_8376\/\" data-orig-file=\"https:\/\/i0.wp.com\/alpimages.ch\/wp-content\/uploads\/2020\/11\/TOM_8376.jpg?fit=1772%2C1343&amp;ssl=1\" data-orig-size=\"1772,1343\" data-comments-opened=\"0\" data-image-meta=\"{&quot;aperture&quot;:&quot;0&quot;,&quot;credit&quot;:&quot;&quot;,&quot;camera&quot;:&quot;&quot;,&quot;caption&quot;:&quot;&quot;,&quot;created_timestamp&quot;:&quot;0&quot;,&quot;copyright&quot;:&quot;&quot;,&quot;focal_length&quot;:&quot;0&quot;,&quot;iso&quot;:&quot;0&quot;,&quot;shutter_speed&quot;:&quot;0&quot;,&quot;title&quot;:&quot;&quot;,&quot;orientation&quot;:&quot;0&quot;}\" data-image-title=\"TOM_8376\" data-image-description=\"\" data-image-caption=\"\" data-large-file=\"https:\/\/i0.wp.com\/alpimages.ch\/wp-content\/uploads\/2020\/11\/TOM_8376.jpg?fit=680%2C515&amp;ssl=1\" role=\"button\" tabindex=\"0\" aria-label=\"Open image 28 of 32 in full-screen\" srcset=\"https:\/\/i0.wp.com\/alpimages.ch\/wp-content\/uploads\/2020\/11\/TOM_8376-1024x776.jpg?strip=info&#038;w=600&#038;ssl=1 600w,https:\/\/i0.wp.com\/alpimages.ch\/wp-content\/uploads\/2020\/11\/TOM_8376-1024x776.jpg?strip=info&#038;w=900&#038;ssl=1 900w,https:\/\/i0.wp.com\/alpimages.ch\/wp-content\/uploads\/2020\/11\/TOM_8376-1024x776.jpg?strip=info&#038;w=1200&#038;ssl=1 1200w,https:\/\/i0.wp.com\/alpimages.ch\/wp-content\/uploads\/2020\/11\/TOM_8376-1024x776.jpg?strip=info&#038;w=1500&#038;ssl=1 1500w,https:\/\/i0.wp.com\/alpimages.ch\/wp-content\/uploads\/2020\/11\/TOM_8376-1024x776.jpg?strip=info&#038;w=1772&#038;ssl=1 1772w\" alt=\"\" data-height=\"1343\" data-id=\"8574\" data-link=\"https:\/\/alpimages.ch\/la-galerie-du-poster\/affiches-posters\/tom_8376\/\" data-url=\"https:\/\/alpimages.ch\/wp-content\/uploads\/2020\/11\/TOM_8376-1024x776.jpg\" data-width=\"1772\" src=\"https:\/\/i0.wp.com\/alpimages.ch\/wp-content\/uploads\/2020\/11\/TOM_8376-1024x776.jpg?ssl=1\" data-amp-layout=\"responsive\"\/><\/figure><\/div><\/div><div class=\"tiled-gallery__row\"><div class=\"tiled-gallery__col\" style=\"flex-basis:19.09518%\"><figure class=\"tiled-gallery__item\"><img decoding=\"async\" data-attachment-id=\"8613\" data-permalink=\"https:\/\/alpimages.ch\/en\/la-galerie-du-poster\/affiches-posters\/tom_1215-2\/\" data-orig-file=\"https:\/\/i0.wp.com\/alpimages.ch\/wp-content\/uploads\/2020\/11\/TOM_1215-1.jpg?fit=1183%2C1772&amp;ssl=1\" data-orig-size=\"1183,1772\" data-comments-opened=\"0\" data-image-meta=\"{&quot;aperture&quot;:&quot;0&quot;,&quot;credit&quot;:&quot;&quot;,&quot;camera&quot;:&quot;&quot;,&quot;caption&quot;:&quot;&quot;,&quot;created_timestamp&quot;:&quot;0&quot;,&quot;copyright&quot;:&quot;&quot;,&quot;focal_length&quot;:&quot;0&quot;,&quot;iso&quot;:&quot;0&quot;,&quot;shutter_speed&quot;:&quot;0&quot;,&quot;title&quot;:&quot;&quot;,&quot;orientation&quot;:&quot;0&quot;}\" data-image-title=\"TOM_1215\" data-image-description=\"\" data-image-caption=\"\" data-large-file=\"https:\/\/i0.wp.com\/alpimages.ch\/wp-content\/uploads\/2020\/11\/TOM_1215-1.jpg?fit=680%2C1018&amp;ssl=1\" role=\"button\" tabindex=\"0\" aria-label=\"Open image 29 of 32 in full-screen\" srcset=\"https:\/\/i0.wp.com\/alpimages.ch\/wp-content\/uploads\/2020\/11\/TOM_1215-1-684x1024.jpg?strip=info&#038;w=600&#038;ssl=1 600w,https:\/\/i0.wp.com\/alpimages.ch\/wp-content\/uploads\/2020\/11\/TOM_1215-1-684x1024.jpg?strip=info&#038;w=900&#038;ssl=1 900w,https:\/\/i0.wp.com\/alpimages.ch\/wp-content\/uploads\/2020\/11\/TOM_1215-1-684x1024.jpg?strip=info&#038;w=1183&#038;ssl=1 1183w\" alt=\"\" data-height=\"1772\" data-id=\"8613\" data-link=\"https:\/\/alpimages.ch\/la-galerie-du-poster\/affiches-posters\/tom_1215-2\/\" data-url=\"https:\/\/alpimages.ch\/wp-content\/uploads\/2020\/11\/TOM_1215-1-684x1024.jpg\" data-width=\"1183\" src=\"https:\/\/i0.wp.com\/alpimages.ch\/wp-content\/uploads\/2020\/11\/TOM_1215-1-684x1024.jpg?ssl=1\" data-amp-layout=\"responsive\"\/><\/figure><\/div><div class=\"tiled-gallery__col\" style=\"flex-basis:19.09518%\"><figure class=\"tiled-gallery__item\"><img decoding=\"async\" data-attachment-id=\"8609\" data-permalink=\"https:\/\/alpimages.ch\/en\/la-galerie-du-poster\/affiches-posters\/tom_1222\/\" data-orig-file=\"https:\/\/i0.wp.com\/alpimages.ch\/wp-content\/uploads\/2020\/11\/TOM_1222.jpg?fit=1183%2C1772&amp;ssl=1\" data-orig-size=\"1183,1772\" data-comments-opened=\"0\" data-image-meta=\"{&quot;aperture&quot;:&quot;0&quot;,&quot;credit&quot;:&quot;&quot;,&quot;camera&quot;:&quot;&quot;,&quot;caption&quot;:&quot;&quot;,&quot;created_timestamp&quot;:&quot;0&quot;,&quot;copyright&quot;:&quot;&quot;,&quot;focal_length&quot;:&quot;0&quot;,&quot;iso&quot;:&quot;0&quot;,&quot;shutter_speed&quot;:&quot;0&quot;,&quot;title&quot;:&quot;&quot;,&quot;orientation&quot;:&quot;0&quot;}\" data-image-title=\"TOM_1222\" data-image-description=\"\" data-image-caption=\"\" data-large-file=\"https:\/\/i0.wp.com\/alpimages.ch\/wp-content\/uploads\/2020\/11\/TOM_1222.jpg?fit=680%2C1018&amp;ssl=1\" role=\"button\" tabindex=\"0\" aria-label=\"Open image 30 of 32 in full-screen\" srcset=\"https:\/\/i0.wp.com\/alpimages.ch\/wp-content\/uploads\/2020\/11\/TOM_1222-684x1024.jpg?strip=info&#038;w=600&#038;ssl=1 600w,https:\/\/i0.wp.com\/alpimages.ch\/wp-content\/uploads\/2020\/11\/TOM_1222-684x1024.jpg?strip=info&#038;w=900&#038;ssl=1 900w,https:\/\/i0.wp.com\/alpimages.ch\/wp-content\/uploads\/2020\/11\/TOM_1222-684x1024.jpg?strip=info&#038;w=1183&#038;ssl=1 1183w\" alt=\"\" data-height=\"1772\" data-id=\"8609\" data-link=\"https:\/\/alpimages.ch\/la-galerie-du-poster\/affiches-posters\/tom_1222\/\" data-url=\"https:\/\/alpimages.ch\/wp-content\/uploads\/2020\/11\/TOM_1222-684x1024.jpg\" data-width=\"1183\" src=\"https:\/\/i0.wp.com\/alpimages.ch\/wp-content\/uploads\/2020\/11\/TOM_1222-684x1024.jpg?ssl=1\" data-amp-layout=\"responsive\"\/><\/figure><\/div><div class=\"tiled-gallery__col\" style=\"flex-basis:42.71446%\"><figure class=\"tiled-gallery__item\"><img decoding=\"async\" data-attachment-id=\"8570\" data-permalink=\"https:\/\/alpimages.ch\/en\/la-galerie-du-poster\/affiches-posters\/tom_1388\/\" data-orig-file=\"https:\/\/i0.wp.com\/alpimages.ch\/wp-content\/uploads\/2020\/11\/TOM_1388.jpg?fit=3543%2C2365&amp;ssl=1\" data-orig-size=\"3543,2365\" data-comments-opened=\"0\" data-image-meta=\"{&quot;aperture&quot;:&quot;0&quot;,&quot;credit&quot;:&quot;&quot;,&quot;camera&quot;:&quot;&quot;,&quot;caption&quot;:&quot;&quot;,&quot;created_timestamp&quot;:&quot;0&quot;,&quot;copyright&quot;:&quot;&quot;,&quot;focal_length&quot;:&quot;0&quot;,&quot;iso&quot;:&quot;0&quot;,&quot;shutter_speed&quot;:&quot;0&quot;,&quot;title&quot;:&quot;&quot;,&quot;orientation&quot;:&quot;0&quot;}\" data-image-title=\"TOM_1388\" data-image-description=\"\" data-image-caption=\"\" data-large-file=\"https:\/\/i0.wp.com\/alpimages.ch\/wp-content\/uploads\/2020\/11\/TOM_1388.jpg?fit=680%2C454&amp;ssl=1\" role=\"button\" tabindex=\"0\" aria-label=\"Open image 31 of 32 in full-screen\" srcset=\"https:\/\/i0.wp.com\/alpimages.ch\/wp-content\/uploads\/2020\/11\/TOM_1388-1024x684.jpg?strip=info&#038;w=600&#038;ssl=1 600w,https:\/\/i0.wp.com\/alpimages.ch\/wp-content\/uploads\/2020\/11\/TOM_1388-1024x684.jpg?strip=info&#038;w=900&#038;ssl=1 900w,https:\/\/i0.wp.com\/alpimages.ch\/wp-content\/uploads\/2020\/11\/TOM_1388-1024x684.jpg?strip=info&#038;w=1200&#038;ssl=1 1200w,https:\/\/i0.wp.com\/alpimages.ch\/wp-content\/uploads\/2020\/11\/TOM_1388-1024x684.jpg?strip=info&#038;w=1500&#038;ssl=1 1500w,https:\/\/i0.wp.com\/alpimages.ch\/wp-content\/uploads\/2020\/11\/TOM_1388-1024x684.jpg?strip=info&#038;w=1800&#038;ssl=1 1800w,https:\/\/i0.wp.com\/alpimages.ch\/wp-content\/uploads\/2020\/11\/TOM_1388-1024x684.jpg?strip=info&#038;w=2000&#038;ssl=1 2000w\" alt=\"\" data-height=\"2365\" data-id=\"8570\" data-link=\"https:\/\/alpimages.ch\/la-galerie-du-poster\/affiches-posters\/tom_1388\/\" data-url=\"https:\/\/alpimages.ch\/wp-content\/uploads\/2020\/11\/TOM_1388-1024x684.jpg\" data-width=\"3543\" src=\"https:\/\/i0.wp.com\/alpimages.ch\/wp-content\/uploads\/2020\/11\/TOM_1388-1024x684.jpg?ssl=1\" data-amp-layout=\"responsive\"\/><\/figure><\/div><div class=\"tiled-gallery__col\" style=\"flex-basis:19.09518%\"><figure class=\"tiled-gallery__item\"><img decoding=\"async\" data-attachment-id=\"8565\" data-permalink=\"https:\/\/alpimages.ch\/en\/la-galerie-du-poster\/affiches-posters\/tom_1207\/\" data-orig-file=\"https:\/\/i0.wp.com\/alpimages.ch\/wp-content\/uploads\/2020\/11\/TOM_1207.jpg?fit=1183%2C1772&amp;ssl=1\" data-orig-size=\"1183,1772\" data-comments-opened=\"0\" data-image-meta=\"{&quot;aperture&quot;:&quot;0&quot;,&quot;credit&quot;:&quot;&quot;,&quot;camera&quot;:&quot;&quot;,&quot;caption&quot;:&quot;&quot;,&quot;created_timestamp&quot;:&quot;0&quot;,&quot;copyright&quot;:&quot;&quot;,&quot;focal_length&quot;:&quot;0&quot;,&quot;iso&quot;:&quot;0&quot;,&quot;shutter_speed&quot;:&quot;0&quot;,&quot;title&quot;:&quot;&quot;,&quot;orientation&quot;:&quot;0&quot;}\" data-image-title=\"TOM_1207\" data-image-description=\"\" data-image-caption=\"\" data-large-file=\"https:\/\/i0.wp.com\/alpimages.ch\/wp-content\/uploads\/2020\/11\/TOM_1207.jpg?fit=680%2C1018&amp;ssl=1\" role=\"button\" tabindex=\"0\" aria-label=\"Open image 32 of 32 in full-screen\" srcset=\"https:\/\/i0.wp.com\/alpimages.ch\/wp-content\/uploads\/2020\/11\/TOM_1207-684x1024.jpg?strip=info&#038;w=600&#038;ssl=1 600w,https:\/\/i0.wp.com\/alpimages.ch\/wp-content\/uploads\/2020\/11\/TOM_1207-684x1024.jpg?strip=info&#038;w=900&#038;ssl=1 900w,https:\/\/i0.wp.com\/alpimages.ch\/wp-content\/uploads\/2020\/11\/TOM_1207-684x1024.jpg?strip=info&#038;w=1183&#038;ssl=1 1183w\" alt=\"\" data-height=\"1772\" data-id=\"8565\" data-link=\"https:\/\/alpimages.ch\/la-galerie-du-poster\/affiches-posters\/tom_1207\/\" data-url=\"https:\/\/alpimages.ch\/wp-content\/uploads\/2020\/11\/TOM_1207-684x1024.jpg\" data-width=\"1183\" src=\"https:\/\/i0.wp.com\/alpimages.ch\/wp-content\/uploads\/2020\/11\/TOM_1207-684x1024.jpg?ssl=1\" data-amp-layout=\"responsive\"\/><\/figure><\/div><\/div><\/div><\/div><\/div>\n<\/div>\n\n\n\n<p><\/p>","protected":false},"excerpt":{"rendered":"<p>Depuis 2018, Alpimages a \u00e9largi son offre en introduisant au sein du magasin une galerie d&rsquo;affiches et de posters en s\u00e9rie limit\u00e9e. Nous collaborons avec de nombreux artistes, illustrateurs, dessinateurs et peintres afin de vous proposer une d\u00e9coration murale dans l&rsquo;essence de Verbier. Venez d\u00e9couvrir notre gamme d&rsquo;affiches et de posters qui refl\u00e8tent la beaut\u00e9 [&hellip;]<\/p>\n","protected":false},"author":1,"featured_media":0,"parent":27,"menu_order":0,"comment_status":"closed","ping_status":"closed","template":"page-full-width.php","meta":{"ngg_post_thumbnail":0,"footnotes":""},"tags":[563278,1080287,3154,118829,65403,287685,1774082],"class_list":["post-66","page","type-page","status-publish","hentry","tag-cadeaux","tag-lithographie","tag-posters","tag-souvenirs","tag-suisse","tag-surprises","tag-verbier"],"yoast_head":"<!-- This site is optimized with the Yoast SEO plugin v27.4 - https:\/\/yoast.com\/product\/yoast-seo-wordpress\/ -->\n<title>Affiches &amp; Posters - Photographes professionnels - Galerie photos &amp; affiches - Verbier<\/title>\n<meta name=\"description\" content=\"D\u00e9couvrez les affiches illustr\u00e9es et les posters des artistes de Verbier et du Val de Bagnes en vente chez Alpimages.\" \/>\n<meta name=\"robots\" content=\"index, follow, max-snippet:-1, max-image-preview:large, max-video-preview:-1\" \/>\n<link rel=\"canonical\" href=\"https:\/\/alpimages.ch\/en\/la-galerie-du-poster\/affiches-posters\/\" \/>\n<meta property=\"og:locale\" content=\"en_US\" \/>\n<meta property=\"og:type\" content=\"article\" \/>\n<meta property=\"og:title\" content=\"Affiches &amp; Posters - Photographes professionnels - Galerie photos &amp; affiches - Verbier\" \/>\n<meta property=\"og:description\" content=\"D\u00e9couvrez les affiches illustr\u00e9es et les posters des artistes de Verbier et du Val de Bagnes en vente chez Alpimages.\" \/>\n<meta property=\"og:url\" content=\"https:\/\/alpimages.ch\/en\/la-galerie-du-poster\/affiches-posters\/\" \/>\n<meta property=\"og:site_name\" content=\"Photographes professionnels - Galerie photos &amp; affiches - Verbier\" \/>\n<meta property=\"article:modified_time\" content=\"2026-03-13T19:35:24+00:00\" \/>\n<meta property=\"og:image\" content=\"https:\/\/i0.wp.com\/alpimages.ch\/wp-content\/uploads\/2026\/02\/GalerieAlpimages-47-683x1024.jpg?ssl=1\" \/>\n<meta name=\"twitter:card\" content=\"summary_large_image\" \/>\n<meta name=\"twitter:label1\" content=\"Est. reading time\" \/>\n\t<meta name=\"twitter:data1\" content=\"7 minutes\" \/>\n<script type=\"application\/ld+json\" class=\"yoast-schema-graph\">{\"@context\":\"https:\\\/\\\/schema.org\",\"@graph\":[{\"@type\":\"WebPage\",\"@id\":\"https:\\\/\\\/alpimages.ch\\\/la-galerie-du-poster\\\/affiches-posters\\\/\",\"url\":\"https:\\\/\\\/alpimages.ch\\\/la-galerie-du-poster\\\/affiches-posters\\\/\",\"name\":\"Affiches &amp; Posters - Photographes professionnels - Galerie photos &amp; affiches - Verbier\",\"isPartOf\":{\"@id\":\"https:\\\/\\\/alpimages.ch\\\/#website\"},\"primaryImageOfPage\":{\"@id\":\"https:\\\/\\\/alpimages.ch\\\/la-galerie-du-poster\\\/affiches-posters\\\/#primaryimage\"},\"image\":{\"@id\":\"https:\\\/\\\/alpimages.ch\\\/la-galerie-du-poster\\\/affiches-posters\\\/#primaryimage\"},\"thumbnailUrl\":\"https:\\\/\\\/i0.wp.com\\\/alpimages.ch\\\/wp-content\\\/uploads\\\/2026\\\/02\\\/GalerieAlpimages-47-683x1024.jpg?ssl=1\",\"datePublished\":\"2015-03-21T10:27:50+00:00\",\"dateModified\":\"2026-03-13T19:35:24+00:00\",\"description\":\"D\u00e9couvrez les affiches illustr\u00e9es et les posters des artistes de Verbier et du Val de Bagnes en vente chez Alpimages.\",\"breadcrumb\":{\"@id\":\"https:\\\/\\\/alpimages.ch\\\/la-galerie-du-poster\\\/affiches-posters\\\/#breadcrumb\"},\"inLanguage\":\"en-US\",\"potentialAction\":[{\"@type\":\"ReadAction\",\"target\":[\"https:\\\/\\\/alpimages.ch\\\/la-galerie-du-poster\\\/affiches-posters\\\/\"]}]},{\"@type\":\"ImageObject\",\"inLanguage\":\"en-US\",\"@id\":\"https:\\\/\\\/alpimages.ch\\\/la-galerie-du-poster\\\/affiches-posters\\\/#primaryimage\",\"url\":\"https:\\\/\\\/i0.wp.com\\\/alpimages.ch\\\/wp-content\\\/uploads\\\/2026\\\/02\\\/GalerieAlpimages-47-683x1024.jpg?ssl=1\",\"contentUrl\":\"https:\\\/\\\/i0.wp.com\\\/alpimages.ch\\\/wp-content\\\/uploads\\\/2026\\\/02\\\/GalerieAlpimages-47-683x1024.jpg?ssl=1\"},{\"@type\":\"BreadcrumbList\",\"@id\":\"https:\\\/\\\/alpimages.ch\\\/la-galerie-du-poster\\\/affiches-posters\\\/#breadcrumb\",\"itemListElement\":[{\"@type\":\"ListItem\",\"position\":1,\"name\":\"Accueil\",\"item\":\"https:\\\/\\\/alpimages.ch\\\/\"},{\"@type\":\"ListItem\",\"position\":2,\"name\":\"La Galerie du Poster\",\"item\":\"https:\\\/\\\/alpimages.ch\\\/la-galerie-du-poster\\\/\"},{\"@type\":\"ListItem\",\"position\":3,\"name\":\"Affiches &amp; Posters\"}]},{\"@type\":\"WebSite\",\"@id\":\"https:\\\/\\\/alpimages.ch\\\/#website\",\"url\":\"https:\\\/\\\/alpimages.ch\\\/\",\"name\":\"Photographes professionnels - Galerie photos &amp; affiches - Verbier\",\"description\":\"Photographes professionnels bas\u00e9s \u00e0 Verbier, nous offrons diff\u00e9rents services comme l&#039;impression photo, l&#039;encadrement, la vente d&#039;affiches et de posters et l&#039;organisation d&#039;\u00e9v\u00e8nements priv\u00e9s.\",\"potentialAction\":[{\"@type\":\"SearchAction\",\"target\":{\"@type\":\"EntryPoint\",\"urlTemplate\":\"https:\\\/\\\/alpimages.ch\\\/?s={search_term_string}\"},\"query-input\":{\"@type\":\"PropertyValueSpecification\",\"valueRequired\":true,\"valueName\":\"search_term_string\"}}],\"inLanguage\":\"en-US\"}]}<\/script>\n<!-- \/ Yoast SEO plugin. -->","yoast_head_json":{"title":"Affiches &amp; Posters - Photographes professionnels - Galerie photos &amp; affiches - Verbier","description":"D\u00e9couvrez les affiches illustr\u00e9es et les posters des artistes de Verbier et du Val de Bagnes en vente chez Alpimages.","robots":{"index":"index","follow":"follow","max-snippet":"max-snippet:-1","max-image-preview":"max-image-preview:large","max-video-preview":"max-video-preview:-1"},"canonical":"https:\/\/alpimages.ch\/en\/la-galerie-du-poster\/affiches-posters\/","og_locale":"en_US","og_type":"article","og_title":"Affiches &amp; Posters - Photographes professionnels - Galerie photos &amp; affiches - Verbier","og_description":"D\u00e9couvrez les affiches illustr\u00e9es et les posters des artistes de Verbier et du Val de Bagnes en vente chez Alpimages.","og_url":"https:\/\/alpimages.ch\/en\/la-galerie-du-poster\/affiches-posters\/","og_site_name":"Photographes professionnels - Galerie photos &amp; affiches - Verbier","article_modified_time":"2026-03-13T19:35:24+00:00","og_image":[{"url":"https:\/\/i0.wp.com\/alpimages.ch\/wp-content\/uploads\/2026\/02\/GalerieAlpimages-47-683x1024.jpg?ssl=1","type":"","width":"","height":""}],"twitter_card":"summary_large_image","twitter_misc":{"Est. reading time":"7 minutes"},"schema":{"@context":"https:\/\/schema.org","@graph":[{"@type":"WebPage","@id":"https:\/\/alpimages.ch\/la-galerie-du-poster\/affiches-posters\/","url":"https:\/\/alpimages.ch\/la-galerie-du-poster\/affiches-posters\/","name":"Affiches &amp; Posters - Photographes professionnels - Galerie photos &amp; affiches - Verbier","isPartOf":{"@id":"https:\/\/alpimages.ch\/#website"},"primaryImageOfPage":{"@id":"https:\/\/alpimages.ch\/la-galerie-du-poster\/affiches-posters\/#primaryimage"},"image":{"@id":"https:\/\/alpimages.ch\/la-galerie-du-poster\/affiches-posters\/#primaryimage"},"thumbnailUrl":"https:\/\/i0.wp.com\/alpimages.ch\/wp-content\/uploads\/2026\/02\/GalerieAlpimages-47-683x1024.jpg?ssl=1","datePublished":"2015-03-21T10:27:50+00:00","dateModified":"2026-03-13T19:35:24+00:00","description":"D\u00e9couvrez les affiches illustr\u00e9es et les posters des artistes de Verbier et du Val de Bagnes en vente chez Alpimages.","breadcrumb":{"@id":"https:\/\/alpimages.ch\/la-galerie-du-poster\/affiches-posters\/#breadcrumb"},"inLanguage":"en-US","potentialAction":[{"@type":"ReadAction","target":["https:\/\/alpimages.ch\/la-galerie-du-poster\/affiches-posters\/"]}]},{"@type":"ImageObject","inLanguage":"en-US","@id":"https:\/\/alpimages.ch\/la-galerie-du-poster\/affiches-posters\/#primaryimage","url":"https:\/\/i0.wp.com\/alpimages.ch\/wp-content\/uploads\/2026\/02\/GalerieAlpimages-47-683x1024.jpg?ssl=1","contentUrl":"https:\/\/i0.wp.com\/alpimages.ch\/wp-content\/uploads\/2026\/02\/GalerieAlpimages-47-683x1024.jpg?ssl=1"},{"@type":"BreadcrumbList","@id":"https:\/\/alpimages.ch\/la-galerie-du-poster\/affiches-posters\/#breadcrumb","itemListElement":[{"@type":"ListItem","position":1,"name":"Accueil","item":"https:\/\/alpimages.ch\/"},{"@type":"ListItem","position":2,"name":"La Galerie du Poster","item":"https:\/\/alpimages.ch\/la-galerie-du-poster\/"},{"@type":"ListItem","position":3,"name":"Affiches &amp; Posters"}]},{"@type":"WebSite","@id":"https:\/\/alpimages.ch\/#website","url":"https:\/\/alpimages.ch\/","name":"Photographes professionnels - Galerie photos &amp; affiches - Verbier","description":"Photographes professionnels bas\u00e9s \u00e0 Verbier, nous offrons diff\u00e9rents services comme l&#039;impression photo, l&#039;encadrement, la vente d&#039;affiches et de posters et l&#039;organisation d&#039;\u00e9v\u00e8nements priv\u00e9s.","potentialAction":[{"@type":"SearchAction","target":{"@type":"EntryPoint","urlTemplate":"https:\/\/alpimages.ch\/?s={search_term_string}"},"query-input":{"@type":"PropertyValueSpecification","valueRequired":true,"valueName":"search_term_string"}}],"inLanguage":"en-US"}]}},"jetpack_sharing_enabled":true,"jetpack_shortlink":"https:\/\/wp.me\/P5FEld-14","jetpack_likes_enabled":true,"_links":{"self":[{"href":"https:\/\/alpimages.ch\/en\/wp-json\/wp\/v2\/pages\/66","targetHints":{"allow":["GET"]}}],"collection":[{"href":"https:\/\/alpimages.ch\/en\/wp-json\/wp\/v2\/pages"}],"about":[{"href":"https:\/\/alpimages.ch\/en\/wp-json\/wp\/v2\/types\/page"}],"author":[{"embeddable":true,"href":"https:\/\/alpimages.ch\/en\/wp-json\/wp\/v2\/users\/1"}],"replies":[{"embeddable":true,"href":"https:\/\/alpimages.ch\/en\/wp-json\/wp\/v2\/comments?post=66"}],"version-history":[{"count":64,"href":"https:\/\/alpimages.ch\/en\/wp-json\/wp\/v2\/pages\/66\/revisions"}],"predecessor-version":[{"id":14921,"href":"https:\/\/alpimages.ch\/en\/wp-json\/wp\/v2\/pages\/66\/revisions\/14921"}],"up":[{"embeddable":true,"href":"https:\/\/alpimages.ch\/en\/wp-json\/wp\/v2\/pages\/27"}],"wp:attachment":[{"href":"https:\/\/alpimages.ch\/en\/wp-json\/wp\/v2\/media?parent=66"}],"wp:term":[{"taxonomy":"post_tag","embeddable":true,"href":"https:\/\/alpimages.ch\/en\/wp-json\/wp\/v2\/tags?post=66"}],"curies":[{"name":"wp","href":"https:\/\/api.w.org\/{rel}","templated":true}]}}